{"id":34956,"date":"2023-03-08T16:23:23","date_gmt":"2023-03-08T15:23:23","guid":{"rendered":"https:\/\/www.anika-net.de\/event\/egitim-fuari-kariyerinize-baslayin\/"},"modified":"2025-01-14T13:53:49","modified_gmt":"2025-01-14T12:53:49","slug":"egitim-fuari-kariyerinize-baslayin","status":"publish","type":"event","link":"https:\/\/www.anika-net.de\/tr\/event\/egitim-fuari-kariyerinize-baslayin\/","title":{"rendered":"E\u011fi\u00adtim fuar\u0131 \u2014 kari\u00adye\u00adri\u00adni\u00adze ba\u015flay\u0131n"},"content":{"rendered":"<blockquote>\n<h1><span style=\"color: #666699;\"><em>300\u2019den faz\u00adla kat\u0131l\u0131mc\u0131:<\/em><\/span><br>\n<span style=\"color: #666699;\"><em>Say\u0131\u00ads\u0131z olas\u0131l\u0131k!<\/em><\/span><\/h1>\n<\/blockquote>\n<h4>2025 y\u0131l\u0131n\u00adda bir kez daha fark\u00adl\u0131 sek\u00adt\u00f6r\u00adler\u00adden bir\u00ad\u00e7ok hari\u00adka kat\u0131\u00adl\u0131m\u00adc\u0131\u00ady\u0131 a\u011f\u0131rlayaca\u011f\u0131z.<\/h4>\n<h1><span style=\"color: #008080;\">E\u011fi\u00adtim fuar\u0131 \u2014 kari\u00adye\u00adri\u00adni\u00adze ba\u015flay\u0131n<\/span><\/h1>\n<p>Mes\u00adle\u00adki e\u011fi\u00adtim fuar\u0131 <strong>\u201cEins\u00adti\u00adeg Beruf\u201d<\/strong>, mes\u00adle\u00adki e\u011fi\u00adtim i\u00e7in en b\u00fcy\u00fck b\u00f6l\u00adge\u00adsel tica\u00adret fuar\u0131\u00add\u0131r ve her y\u0131l bin\u00adler\u00adce \u00f6\u011fren\u00adci\u00adyi, gen\u00e7 yeti\u015f\u00adki\u00adni ve ebe\u00adveyn\u00adle\u00adri\u00adni Karls\u00adru\u00adhe tica\u00adret fuar\u0131 ala\u00adn\u0131\u00adna \u00e7ek\u00admek\u00adte\u00addir. Karls\u00adru\u00adhe Tek\u00adno\u00adlo\u00adji B\u00f6l\u00adge\u00adsi\u00ad\u2019n\u00adden \u015fir\u00adket\u00adler, okul\u00adlar, \u00fcni\u00adver\u00adsi\u00adte\u00adler ve e\u011fi\u00adtim kurum\u00adla\u00adr\u0131, t\u00fcm sek\u00adt\u00f6r\u00adler\u00adden 200\u2019den faz\u00adla mes\u00adlek ve e\u011fi\u00adtim prog\u00adra\u00adm\u0131 sunmaktad\u0131r.<br>\nKat\u0131\u00adl\u0131m\u00adc\u0131\u00adla\u00adr\u0131n geni\u015f tek\u00adlif yel\u00adpa\u00adze\u00adsi\u00adne ek ola\u00adrak, ziya\u00adret\u00ad\u00e7i\u00adler ayr\u0131\u00adca uygu\u00adla\u00adma port\u00adf\u00f6\u00ady\u00fc kont\u00adro\u00adl\u00fcn\u00adden ve t\u00fcm hedef grup\u00adlar i\u00e7in e\u011flen\u00adce\u00adli sunum\u00adlar\u00addan yararlanabilirler.<\/p>\n<ul>\n<li>Giri\u015f \u00fccret\u00adsiz\u00addir, kay\u0131t gerekmez<\/li>\n<li>Park yeri\u00adni\u00adzi ay\u0131r\u00adt\u0131n <a href=\"https:\/\/www.messe-ticket.de\/KMK\/Parken_Einstieg_Beruf\/Shop?culture=de\" rel=\"noopener\"><strong>onli\u00adne bilet<\/strong><\/a> ve kurtar\u0131n!<\/li>\n<\/ul>\n<h3><a href=\"https:\/\/einstiegberuf.de\/wp-content\/uploads\/2025\/01\/Vortragsprogramm-A3-1.pdf\" rel=\"noopener\">Prog\u00adram<\/a><\/h3>\n","protected":false},"author":12,"featured_media":46366,"template":"","class_list":["post-34956","event","type-event","status-publish","has-post-thumbnail","hentry","event_category-is"],"acf":{"event-recurring":false,"event-category":96,"event-is-language-course":false,"event-recurring-still-active":true,"event-display-details":true,"event-schedules-recurring":null,"event-schedules-calendar":[{"event-calendar-day":"20250118","event-calendar-time":"10:00 - 15:30 ","event-calendar-time-text":""}],"event-is-online":false,"event-online-url":"","event-location-building":"Messe Karlsruhe","event-location-street":"Messeallee 1","event-location-zip":"76287","event-location-city":"Rheinstetten","event-location-contact-person":"","event-location-phone":"0721 174-236","event-location-phone-2":"","event-location-mail":"","event-location-mail-2":"","event-location-website":"https:\/\/einstiegberuf.de\/besucher\/","event-target-group":[{"target-group":"all"}],"event-target-group-comment":"","event-free":true,"event-organiser":[16216,34902,34924],"event-header-copyright-overlay":true,"event-copyright-note-description-end":false},"featured_image_urls_v2":{"full":["https:\/\/www.anika-net.de\/wp-content\/uploads\/2023\/03\/gathered-discussion-scaled.jpg",2560,1707,false],"thumbnail":["https:\/\/www.anika-net.de\/wp-content\/uploads\/2023\/03\/gathered-discussion-150x150.jpg",150,150,true],"medium":["https:\/\/www.anika-net.de\/wp-content\/uploads\/2023\/03\/gathered-discussion-300x200.jpg",300,200,true],"medium_large":["https:\/\/www.anika-net.de\/wp-content\/uploads\/2023\/03\/gathered-discussion-768x512.jpg",640,427,true],"large":["https:\/\/www.anika-net.de\/wp-content\/uploads\/2023\/03\/gathered-discussion-1024x683.jpg",640,427,true],"1536x1536":["https:\/\/www.anika-net.de\/wp-content\/uploads\/2023\/03\/gathered-discussion-1536x1024.jpg",1536,1024,true],"2048x2048":["https:\/\/www.anika-net.de\/wp-content\/uploads\/2023\/03\/gathered-discussion-2048x1365.jpg",2048,1365,true],"event-overview":["https:\/\/www.anika-net.de\/wp-content\/uploads\/2023\/03\/gathered-discussion-960x640.jpg",960,640,true],"event-archive-thumb":["https:\/\/www.anika-net.de\/wp-content\/uploads\/2023\/03\/gathered-discussion-480x320.jpg",480,320,true],"grid-item-thumbnail":["https:\/\/www.anika-net.de\/wp-content\/uploads\/2023\/03\/gathered-discussion-360x200.jpg",360,200,true],"network-partner-icon":["https:\/\/www.anika-net.de\/wp-content\/uploads\/2023\/03\/gathered-discussion-100x100.jpg",100,100,true],"organiser-icon":["https:\/\/www.anika-net.de\/wp-content\/uploads\/2023\/03\/gathered-discussion-200x200.jpg",200,200,true],"gform-image-choice-sm":["https:\/\/www.anika-net.de\/wp-content\/uploads\/2023\/03\/gathered-discussion-scaled.jpg",300,200,false],"gform-image-choice-md":["https:\/\/www.anika-net.de\/wp-content\/uploads\/2023\/03\/gathered-discussion-scaled.jpg",400,267,false],"gform-image-choice-lg":["https:\/\/www.anika-net.de\/wp-content\/uploads\/2023\/03\/gathered-discussion-scaled.jpg",600,400,false]},"post_excerpt_stackable_v2":"<p>300\u2019den faz\u00adla kat\u0131\u00adl\u0131m\u00adc\u0131: Say\u0131\u00ads\u0131z ola\u00ads\u0131\u00adl\u0131k! 2025 y\u0131l\u0131n\u00adda bir kez daha fark\u00adl\u0131 sek\u00adt\u00f6r\u00adler\u00adden bir\u00ad\u00e7ok hari\u00adka kat\u0131\u00adl\u0131m\u00adc\u0131\u00ady\u0131 a\u011f\u0131r\u00adla\u00adya\u00adca\u00ad\u011f\u0131z. E\u011fi\u00adtim fuar\u0131 \u2014 kari\u00adye\u00adri\u00adni\u00adze ba\u015f\u00adla\u00ady\u0131n Mes\u00adle\u00adki e\u011fi\u00adtim fuar\u0131 \u201cEins\u00adti\u00adeg Beruf\u201d, mes\u00adle\u00adki e\u011fi\u00adtim i\u00e7in en b\u00fcy\u00fck b\u00f6l\u00adge\u00adsel tica\u00adret fuar\u0131\u00add\u0131r ve her y\u0131l bin\u00adler\u00adce \u00f6\u011fren\u00adci\u00adyi, gen\u00e7 yeti\u015f\u00adki\u00adni ve ebe\u00adveyn\u00adle\u00adri\u00adni Karls\u00adru\u00adhe tica\u00adret fuar\u0131 ala\u00adn\u0131\u00adna \u00e7ek\u00admek\u00adte\u00addir. Karls\u00adru\u00adhe Tek\u00adno\u00adlo\u00adji B\u00f6l\u00adge\u00adsi\u00ad\u2019n\u00adden \u015fir\u00adket\u00adler, okul\u00adlar, \u00fcni\u00adver\u00adsi\u00adte\u00adler ve e\u011fi\u00adtim kurum\u00adla\u00adr\u0131, t\u00fcm sek\u00adt\u00f6r\u00adler\u00adden 200\u2019den faz\u00adla mes\u00adlek ve e\u011fi\u00adtim prog\u00adra\u00adm\u0131 sun\u00admak\u00adta\u00add\u0131r. Kat\u0131\u00adl\u0131m\u00adc\u0131\u00adla\u00adr\u0131n geni\u015f tek\u00adlif yel\u00adpa\u00adze\u00adsi\u00adne ek ola\u00adrak, ziya\u00adret\u00ad\u00e7i\u00adler ayr\u0131\u00adca uygu\u00adla\u00adma port\u00adf\u00f6\u00ady\u00fc kont\u00adro\u00adl\u00fcn\u00adden ve t\u00fcm hedef grup\u00adlar i\u00e7in e\u011flen\u00adce\u00adli sunum\u00adlar\u00addan yarar\u00adla\u00adna\u00adbi\u00adlir\u00adler. Giri\u015f \u00fccret\u00adsiz\u00addir, kay\u0131t gerek\u00admez Park yeri\u00adni\u00adzi ay\u0131r\u00adt\u0131n onli\u00adne bilet ve kur\u00adta\u00adr\u0131n! Program<\/p>\n","category_list_v2":"","author_info_v2":{"name":"Andrea Ramirez","url":"https:\/\/www.anika-net.de\/tr\/author\/andrea-ramirez\/"},"comments_num_v2":"0 comments","uagb_featured_image_src":{"full":["https:\/\/www.anika-net.de\/wp-content\/uploads\/2023\/03\/gathered-discussion-scaled.jpg",2560,1707,false],"thumbnail":["https:\/\/www.anika-net.de\/wp-content\/uploads\/2023\/03\/gathered-discussion-150x150.jpg",150,150,true],"medium":["https:\/\/www.anika-net.de\/wp-content\/uploads\/2023\/03\/gathered-discussion-300x200.jpg",300,200,true],"medium_large":["https:\/\/www.anika-net.de\/wp-content\/uploads\/2023\/03\/gathered-discussion-768x512.jpg",640,427,true],"large":["https:\/\/www.anika-net.de\/wp-content\/uploads\/2023\/03\/gathered-discussion-1024x683.jpg",640,427,true],"1536x1536":["https:\/\/www.anika-net.de\/wp-content\/uploads\/2023\/03\/gathered-discussion-1536x1024.jpg",1536,1024,true],"2048x2048":["https:\/\/www.anika-net.de\/wp-content\/uploads\/2023\/03\/gathered-discussion-2048x1365.jpg",2048,1365,true],"event-overview":["https:\/\/www.anika-net.de\/wp-content\/uploads\/2023\/03\/gathered-discussion-960x640.jpg",960,640,true],"event-archive-thumb":["https:\/\/www.anika-net.de\/wp-content\/uploads\/2023\/03\/gathered-discussion-480x320.jpg",480,320,true],"grid-item-thumbnail":["https:\/\/www.anika-net.de\/wp-content\/uploads\/2023\/03\/gathered-discussion-360x200.jpg",360,200,true],"network-partner-icon":["https:\/\/www.anika-net.de\/wp-content\/uploads\/2023\/03\/gathered-discussion-100x100.jpg",100,100,true],"organiser-icon":["https:\/\/www.anika-net.de\/wp-content\/uploads\/2023\/03\/gathered-discussion-200x200.jpg",200,200,true],"gform-image-choice-sm":["https:\/\/www.anika-net.de\/wp-content\/uploads\/2023\/03\/gathered-discussion-scaled.jpg",300,200,false],"gform-image-choice-md":["https:\/\/www.anika-net.de\/wp-content\/uploads\/2023\/03\/gathered-discussion-scaled.jpg",400,267,false],"gform-image-choice-lg":["https:\/\/www.anika-net.de\/wp-content\/uploads\/2023\/03\/gathered-discussion-scaled.jpg",600,400,false]},"uagb_author_info":{"display_name":"Andrea Ramirez","author_link":"https:\/\/www.anika-net.de\/tr\/author\/andrea-ramirez\/"},"uagb_comment_info":0,"uagb_excerpt":"300\u2019den faz\u00adla kat\u0131l\u0131mc\u0131: Say\u0131\u00ads\u0131z olas\u0131l\u0131k! 2025 y\u0131l\u0131n\u00adda bir kez daha fark\u00adl\u0131 sek\u00adt\u00f6r\u00adler\u00adden bir\u00ad\u00e7ok hari\u00adka kat\u0131\u00adl\u0131m\u00adc\u0131\u00ady\u0131 a\u011f\u0131rlayaca\u011f\u0131z. E\u011fi\u00adtim fuar\u0131 \u2014 kari\u00adye\u00adri\u00adni\u00adze ba\u015flay\u0131n Mes\u00adle\u00adki e\u011fi\u00adtim fuar\u0131 \u201cEins\u00adti\u00adeg Beruf\u201d, mes\u00adle\u00adki e\u011fi\u00adtim i\u00e7in en&nbsp;daha fazla okuyun","_links":{"self":[{"href":"https:\/\/www.anika-net.de\/tr\/wp-json\/wp\/v2\/event\/34956","targetHints":{"allow":["GET"]}}],"collection":[{"href":"https:\/\/www.anika-net.de\/tr\/wp-json\/wp\/v2\/event"}],"about":[{"href":"https:\/\/www.anika-net.de\/tr\/wp-json\/wp\/v2\/types\/event"}],"author":[{"embeddable":true,"href":"https:\/\/www.anika-net.de\/tr\/wp-json\/wp\/v2\/users\/12"}],"version-history":[{"count":1,"href":"https:\/\/www.anika-net.de\/tr\/wp-json\/wp\/v2\/event\/34956\/revisions"}],"predecessor-version":[{"id":57608,"href":"https:\/\/www.anika-net.de\/tr\/wp-json\/wp\/v2\/event\/34956\/revisions\/57608"}],"acf:post":[{"embeddable":true,"href":"https:\/\/www.anika-net.de\/tr\/wp-json\/wp\/v2\/organiser\/34924"},{"embeddable":true,"href":"https:\/\/www.anika-net.de\/tr\/wp-json\/wp\/v2\/organiser\/34902"},{"embeddable":true,"href":"https:\/\/www.anika-net.de\/tr\/wp-json\/wp\/v2\/organiser\/16216"}],"acf:term":[{"embeddable":true,"taxonomy":"event_category","href":"https:\/\/www.anika-net.de\/tr\/wp-json\/wp\/v2\/event_category\/96"}],"wp:featuredmedia":[{"embeddable":true,"href":"https:\/\/www.anika-net.de\/tr\/wp-json\/wp\/v2\/media\/46366"}],"wp:attachment":[{"href":"https:\/\/www.anika-net.de\/tr\/wp-json\/wp\/v2\/media?parent=34956"}],"curies":[{"name":"wp","href":"https:\/\/api.w.org\/{rel}","templated":true}]}}