{"id":33028,"date":"2023-02-12T15:43:24","date_gmt":"2023-02-12T14:43:24","guid":{"rendered":"https:\/\/www.anika-net.de\/event\/baden-wurttembergdeki-egitim-sistemi-hakkinda-aciklayici-videolar\/"},"modified":"2023-07-10T14:38:59","modified_gmt":"2023-07-10T12:38:59","slug":"baden-wurttembergdeki-egitim-sistemi-hakkinda-aciklayici-videolar","status":"publish","type":"event","link":"https:\/\/www.anika-net.de\/tr\/event\/baden-wurttembergdeki-egitim-sistemi-hakkinda-aciklayici-videolar\/","title":{"rendered":"Baden-W\u00fcrt\u00adtem\u00adber\u00adg\u00ad\u2019\u00adde\u00adki e\u011fi\u00adtim sis\u00adte\u00admi hak\u00adk\u0131n\u00adda a\u00e7\u0131k\u00adla\u00ady\u0131\u00adc\u0131 videolar"},"content":{"rendered":"<p>Elterns\u00adtif\u00adtung Baden-W\u00fcrt\u00adtem\u00adberg, yeni gelen ebe\u00adveyn\u00adle\u00adri des\u00adtek\u00adle\u00admek i\u00e7in Baden-W\u00fcrt\u00adtem\u00adber\u00adg\u00ad\u2019\u00adde\u00adki e\u011fi\u00adtim sis\u00adte\u00admi hak\u00adk\u0131n\u00adda<strong> on iki dil\u00adde<\/strong> a\u00e7\u0131k\u00adla\u00ady\u0131\u00adc\u0131 vide\u00adolar haz\u0131r\u00adla\u00add\u0131. Bu a\u00e7\u0131k\u00adla\u00ady\u0131\u00adc\u0131 vide\u00adolar, Karls\u00adru\u00adhe\u00ad\u2019\u00adye yeni gelen\u00adler i\u00e7in kre\u015f, okul ve top\u00adlum gibi konu\u00adlar\u00adda bil\u00adgi ve oryan\u00adtas\u00adyon sa\u011f\u00adla\u00adma\u00ady\u0131 ama\u00e7lamaktad\u0131r.<\/p>\n<h4>A\u00e7\u0131k\u00adla\u00ady\u0131\u00adc\u0131 vide\u00adolar kim\u00adle\u00adre y\u00f6neliktir?<\/h4>\n<p>Reh\u00adber, ebe\u00adveyn\u00adle\u00adrin yeni evle\u00adrin\u00adde yol\u00adla\u00adr\u0131\u00adn\u0131 bul\u00adma\u00adla\u00adr\u0131\u00adna yar\u00add\u0131m\u00adc\u0131 olur ve enteg\u00adras\u00adyon g\u00f6rev\u00adli\u00adle\u00adri\u00adne, ebe\u00adveyn tem\u00adsil\u00adci\u00adle\u00adri\u00adne, \u00f6\u011fret\u00admen\u00adle\u00adre, ebe\u00adveyn dan\u0131\u015f\u00adman\u00adla\u00adr\u0131\u00adna ve yeni gelen ebe\u00adveyn\u00adler\u00adle ile\u00adti\u00ad\u015fim halin\u00adde olan di\u011fer ki\u015fi\u00adle\u00adre \u00e7e\u015fit\u00adli des\u00adtek se\u00e7e\u00adnek\u00adle\u00adri\u00adni g\u00f6sterir.<\/p>\n<p><a href=\"https:\/\/www.wegweiser-bw.de\/videos\" rel=\"noopener\">A\u00e7\u0131k\u00adla\u00ady\u0131\u00adc\u0131 vide\u00adola\u00adr\u0131 bura\u00adda bulabilirsiniz<\/a><\/p>\n","protected":false},"author":12,"featured_media":32209,"template":"","class_list":["post-33028","event","type-event","status-publish","has-post-thumbnail","hentry","event_category-egitim"],"acf":{"event-recurring":true,"event-category":94,"event-is-language-course":false,"event-recurring-still-active":true,"event-display-details":true,"event-schedules-recurring":null,"event-schedules-calendar":null,"event-is-online":false,"event-online-url":"","event-location-building":"Gemeinn\u00fctzige Elternstiftung Baden-W\u00fcrttemberg ","event-location-street":"Silberburgstr. 158 ","event-location-zip":"70178","event-location-city":"Stuttgart","event-location-contact-person":"","event-location-phone":"0711- 27 34 150","event-location-phone-2":"","event-location-mail":"info@elternstiftung.de","event-location-mail-2":"","event-location-website":"https:\/\/www.wegweiser-bw.de\/videos","event-target-group":[{"target-group":"families"},{"target-group":"parents"}],"event-target-group-comment":"","event-free":true,"event-organiser":[32213],"event-header-copyright-overlay":true,"event-copyright-note-description-end":true},"featured_image_urls_v2":{"full":["https:\/\/www.anika-net.de\/wp-content\/uploads\/2023\/02\/Erklaerfilm-Schulformen-Baden-Wuerttemberg-06-scaled.jpg",2560,1440,false],"thumbnail":["https:\/\/www.anika-net.de\/wp-content\/uploads\/2023\/02\/Erklaerfilm-Schulformen-Baden-Wuerttemberg-06-150x150.jpg",150,150,true],"medium":["https:\/\/www.anika-net.de\/wp-content\/uploads\/2023\/02\/Erklaerfilm-Schulformen-Baden-Wuerttemberg-06-300x169.jpg",300,169,true],"medium_large":["https:\/\/www.anika-net.de\/wp-content\/uploads\/2023\/02\/Erklaerfilm-Schulformen-Baden-Wuerttemberg-06-768x432.jpg",640,360,true],"large":["https:\/\/www.anika-net.de\/wp-content\/uploads\/2023\/02\/Erklaerfilm-Schulformen-Baden-Wuerttemberg-06-1024x576.jpg",640,360,true],"1536x1536":["https:\/\/www.anika-net.de\/wp-content\/uploads\/2023\/02\/Erklaerfilm-Schulformen-Baden-Wuerttemberg-06-1536x864.jpg",1536,864,true],"2048x2048":["https:\/\/www.anika-net.de\/wp-content\/uploads\/2023\/02\/Erklaerfilm-Schulformen-Baden-Wuerttemberg-06-2048x1152.jpg",2048,1152,true],"event-overview":["https:\/\/www.anika-net.de\/wp-content\/uploads\/2023\/02\/Erklaerfilm-Schulformen-Baden-Wuerttemberg-06-960x640.jpg",960,640,true],"event-archive-thumb":["https:\/\/www.anika-net.de\/wp-content\/uploads\/2023\/02\/Erklaerfilm-Schulformen-Baden-Wuerttemberg-06-480x270.jpg",480,270,true],"grid-item-thumbnail":["https:\/\/www.anika-net.de\/wp-content\/uploads\/2023\/02\/Erklaerfilm-Schulformen-Baden-Wuerttemberg-06-360x200.jpg",360,200,true],"network-partner-icon":["https:\/\/www.anika-net.de\/wp-content\/uploads\/2023\/02\/Erklaerfilm-Schulformen-Baden-Wuerttemberg-06-100x100.jpg",100,100,true],"organiser-icon":["https:\/\/www.anika-net.de\/wp-content\/uploads\/2023\/02\/Erklaerfilm-Schulformen-Baden-Wuerttemberg-06-200x200.jpg",200,200,true],"gform-image-choice-sm":["https:\/\/www.anika-net.de\/wp-content\/uploads\/2023\/02\/Erklaerfilm-Schulformen-Baden-Wuerttemberg-06-scaled.jpg",300,169,false],"gform-image-choice-md":["https:\/\/www.anika-net.de\/wp-content\/uploads\/2023\/02\/Erklaerfilm-Schulformen-Baden-Wuerttemberg-06-scaled.jpg",400,225,false],"gform-image-choice-lg":["https:\/\/www.anika-net.de\/wp-content\/uploads\/2023\/02\/Erklaerfilm-Schulformen-Baden-Wuerttemberg-06-scaled.jpg",600,338,false]},"post_excerpt_stackable_v2":"<p>Elterns\u00adtif\u00adtung Baden-W\u00fcr\u00adt\u00ad\u00ad\u00adte\u00adm\u00ad\u00ad\u00adberg, yeni gelen ebe\u00adveyn\u00adle\u00adri des\u00adtek\u00adle\u00admek i\u00e7in Baden-W\u00fcrt\u00adtem\u00adber\u00adg\u00ad\u2019\u00adde\u00adki e\u011fi\u00adtim sis\u00adte\u00admi hak\u00adk\u0131n\u00adda on iki dil\u00adde a\u00e7\u0131k\u00adla\u00ady\u0131\u00adc\u0131 vide\u00adolar haz\u0131r\u00adla\u00add\u0131. Bu a\u00e7\u0131k\u00adla\u00ady\u0131\u00adc\u0131 vide\u00adolar, Karls\u00adru\u00adhe\u00ad\u2019\u00adye yeni gelen\u00adler i\u00e7in kre\u015f, okul ve top\u00adlum gibi konu\u00adlar\u00adda bil\u00adgi ve oryan\u00adtas\u00adyon sa\u011f\u00adla\u00adma\u00ady\u0131 ama\u00e7\u00adla\u00admak\u00adta\u00add\u0131r. A\u00e7\u0131k\u00adla\u00ady\u0131\u00adc\u0131 vide\u00adolar kim\u00adle\u00adre y\u00f6ne\u00adlik\u00adtir? Reh\u00adber, ebe\u00adveyn\u00adle\u00adrin yeni evle\u00adrin\u00adde yol\u00adla\u00adr\u0131\u00adn\u0131 bul\u00adma\u00adla\u00adr\u0131\u00adna yar\u00add\u0131m\u00adc\u0131 olur ve enteg\u00adras\u00adyon g\u00f6rev\u00adli\u00adle\u00adri\u00adne, ebe\u00adveyn tem\u00adsil\u00adci\u00adle\u00adri\u00adne, \u00f6\u011fret\u00admen\u00adle\u00adre, ebe\u00adveyn dan\u0131\u015f\u00adman\u00adla\u00adr\u0131\u00adna ve yeni gelen ebe\u00adveyn\u00adler\u00adle ile\u00adti\u00ad\u015fim halin\u00adde olan di\u011fer ki\u015fi\u00adle\u00adre \u00e7e\u015fit\u00adli des\u00adtek se\u00e7e\u00adnek\u00adle\u00adri\u00adni g\u00f6s\u00adte\u00adrir. A\u00e7\u0131k\u00adla\u00ady\u0131\u00adc\u0131 vide\u00adola\u00adr\u0131 bura\u00adda bulabilirsiniz<\/p>\n","category_list_v2":"","author_info_v2":{"name":"Andrea Ramirez","url":"https:\/\/www.anika-net.de\/tr\/author\/andrea-ramirez\/"},"comments_num_v2":"0 comments","uagb_featured_image_src":{"full":["https:\/\/www.anika-net.de\/wp-content\/uploads\/2023\/02\/Erklaerfilm-Schulformen-Baden-Wuerttemberg-06-scaled.jpg",2560,1440,false],"thumbnail":["https:\/\/www.anika-net.de\/wp-content\/uploads\/2023\/02\/Erklaerfilm-Schulformen-Baden-Wuerttemberg-06-150x150.jpg",150,150,true],"medium":["https:\/\/www.anika-net.de\/wp-content\/uploads\/2023\/02\/Erklaerfilm-Schulformen-Baden-Wuerttemberg-06-300x169.jpg",300,169,true],"medium_large":["https:\/\/www.anika-net.de\/wp-content\/uploads\/2023\/02\/Erklaerfilm-Schulformen-Baden-Wuerttemberg-06-768x432.jpg",640,360,true],"large":["https:\/\/www.anika-net.de\/wp-content\/uploads\/2023\/02\/Erklaerfilm-Schulformen-Baden-Wuerttemberg-06-1024x576.jpg",640,360,true],"1536x1536":["https:\/\/www.anika-net.de\/wp-content\/uploads\/2023\/02\/Erklaerfilm-Schulformen-Baden-Wuerttemberg-06-1536x864.jpg",1536,864,true],"2048x2048":["https:\/\/www.anika-net.de\/wp-content\/uploads\/2023\/02\/Erklaerfilm-Schulformen-Baden-Wuerttemberg-06-2048x1152.jpg",2048,1152,true],"event-overview":["https:\/\/www.anika-net.de\/wp-content\/uploads\/2023\/02\/Erklaerfilm-Schulformen-Baden-Wuerttemberg-06-960x640.jpg",960,640,true],"event-archive-thumb":["https:\/\/www.anika-net.de\/wp-content\/uploads\/2023\/02\/Erklaerfilm-Schulformen-Baden-Wuerttemberg-06-480x270.jpg",480,270,true],"grid-item-thumbnail":["https:\/\/www.anika-net.de\/wp-content\/uploads\/2023\/02\/Erklaerfilm-Schulformen-Baden-Wuerttemberg-06-360x200.jpg",360,200,true],"network-partner-icon":["https:\/\/www.anika-net.de\/wp-content\/uploads\/2023\/02\/Erklaerfilm-Schulformen-Baden-Wuerttemberg-06-100x100.jpg",100,100,true],"organiser-icon":["https:\/\/www.anika-net.de\/wp-content\/uploads\/2023\/02\/Erklaerfilm-Schulformen-Baden-Wuerttemberg-06-200x200.jpg",200,200,true],"gform-image-choice-sm":["https:\/\/www.anika-net.de\/wp-content\/uploads\/2023\/02\/Erklaerfilm-Schulformen-Baden-Wuerttemberg-06-scaled.jpg",300,169,false],"gform-image-choice-md":["https:\/\/www.anika-net.de\/wp-content\/uploads\/2023\/02\/Erklaerfilm-Schulformen-Baden-Wuerttemberg-06-scaled.jpg",400,225,false],"gform-image-choice-lg":["https:\/\/www.anika-net.de\/wp-content\/uploads\/2023\/02\/Erklaerfilm-Schulformen-Baden-Wuerttemberg-06-scaled.jpg",600,338,false]},"uagb_author_info":{"display_name":"Andrea Ramirez","author_link":"https:\/\/www.anika-net.de\/tr\/author\/andrea-ramirez\/"},"uagb_comment_info":0,"uagb_excerpt":"Elterns\u00adtif\u00adtung Baden-W\u00fcrt\u00adtem\u00adberg, yeni gelen ebe\u00adveyn\u00adle\u00adri des\u00adtek\u00adle\u00admek i\u00e7in Baden-W\u00fcrt\u00adtem\u00adber\u00adg\u00ad\u2019\u00adde\u00adki e\u011fi\u00adtim sis\u00adte\u00admi hak\u00adk\u0131n\u00adda on iki dil\u00adde a\u00e7\u0131k\u00adla\u00ady\u0131\u00adc\u0131 vide\u00adolar haz\u0131r\u00adla\u00add\u0131. Bu a\u00e7\u0131k\u00adla\u00ady\u0131\u00adc\u0131 vide\u00adolar, Karls\u00adru\u00adhe\u00ad\u2019\u00adye yeni gelen\u00adler i\u00e7in kre\u015f, okul ve top\u00adlum gibi konu\u00adlar\u00adda&nbsp;daha fazla okuyun","_links":{"self":[{"href":"https:\/\/www.anika-net.de\/tr\/wp-json\/wp\/v2\/event\/33028","targetHints":{"allow":["GET"]}}],"collection":[{"href":"https:\/\/www.anika-net.de\/tr\/wp-json\/wp\/v2\/event"}],"about":[{"href":"https:\/\/www.anika-net.de\/tr\/wp-json\/wp\/v2\/types\/event"}],"author":[{"embeddable":true,"href":"https:\/\/www.anika-net.de\/tr\/wp-json\/wp\/v2\/users\/12"}],"version-history":[{"count":0,"href":"https:\/\/www.anika-net.de\/tr\/wp-json\/wp\/v2\/event\/33028\/revisions"}],"acf:post":[{"embeddable":true,"href":"https:\/\/www.anika-net.de\/tr\/wp-json\/wp\/v2\/organiser\/32213"}],"acf:term":[{"embeddable":true,"taxonomy":"event_category","href":"https:\/\/www.anika-net.de\/tr\/wp-json\/wp\/v2\/event_category\/94"}],"wp:featuredmedia":[{"embeddable":true,"href":"https:\/\/www.anika-net.de\/tr\/wp-json\/wp\/v2\/media\/32209"}],"wp:attachment":[{"href":"https:\/\/www.anika-net.de\/tr\/wp-json\/wp\/v2\/media?parent=33028"}],"curies":[{"name":"wp","href":"https:\/\/api.w.org\/{rel}","templated":true}]}}