{"id":27616,"date":"2022-10-07T11:17:47","date_gmt":"2022-10-07T09:17:47","guid":{"rendered":"https:\/\/www.anika-net.de\/event\/3-forum-sinirlari-asan-afrika-2022\/"},"modified":"2022-10-07T11:17:47","modified_gmt":"2022-10-07T09:17:47","slug":"3-forum-sinirlari-asan-afrika-2022","status":"publish","type":"event","link":"https:\/\/www.anika-net.de\/tr\/event\/3-forum-sinirlari-asan-afrika-2022\/","title":{"rendered":"3. Forum \u201cS\u0131n\u0131r\u00adla\u00adr\u0131 A\u015fan Afri\u00adka\u201d&nbsp;2022"},"content":{"rendered":"<p>3. Forum \u201cAfri\u00adka, Baden-W\u00fcrt\u00adtem\u00adberg, Karlsruhe:<\/p>\n<h2>S\u0131n\u0131r\u00adlar \u00f6te\u00adsi Afri\u00adka&nbsp;2022<\/h2>\n<h4>\u201cAfri\u00adka\u00ad\u2019\u00adya bak\u0131\u015f\u201d \u00e7er\u00e7evesinde<br>\nKonu ba\u015f\u00adl\u0131\u00ad\u011f\u0131: Ulus\u00adla\u00adra\u00adra\u00ads\u0131 ortak\u00adl\u0131k ve dias\u00adpo\u00adra\u00adn\u0131n uzmanl\u0131\u011f\u0131<\/h4>\n<p>\u201cS\u0131n\u0131r\u00adlar \u00f6te\u00adsi Afri\u00adka 2022\u201d foru\u00admu Karls\u00adru\u00adhe\u00ad\u2019\u00adde 3. kez siya\u00adset, i\u015f d\u00fcn\u00adya\u00ads\u0131 ve sivil top\u00adlum\u00addan akt\u00f6r\u00adler* ara\u00ads\u0131n\u00adda fikir al\u0131\u015f\u00adve\u00adri\u00ad\u015fi i\u00e7in bir plat\u00adform sunu\u00adyor. Dias\u00adpo\u00adra\u00addan, STK\u00ad\u2019\u00adlar\u00addan ve i\u015f d\u00fcn\u00adya\u00ads\u0131n\u00addan insan\u00adla\u00adr\u0131n yet\u00adkin\u00adlik\u00adle\u00adriy\u00adle Afri\u00adka, Baden-W\u00fcrt\u00adtem\u00adberg, Karls\u00adru\u00adhe ve \u00e7ev\u00adre\u00adsi ara\u00ads\u0131n\u00adda yeni ba\u015fa\u00adr\u0131\u00adl\u0131 i\u015fbir\u00adli\u00ad\u011fi bi\u00e7im\u00adle\u00adri yarat\u0131lacakt\u0131r.<\/p>\n<p>Ulus\u00adla\u00adra\u00adra\u00ads\u0131 ortak\u00adl\u0131k ve kal\u00adk\u0131n\u00adma i\u015fbir\u00adli\u00ad\u011fin\u00adde dias\u00adpo\u00adra\u00adn\u0131n uzman\u00adl\u0131\u00ad\u011f\u0131 konu\u00adla\u00adr\u0131 kon\u00adfe\u00adrans\u00adlar\u00adda ve tar\u00adt\u0131\u015f\u00adma\u00adlar\u00adda ele al\u0131\u00adna\u00adcak\u00adt\u0131r. Dias\u00adpo\u00adra, STK\u00ad\u2019\u00adlar, siya\u00adset, eko\u00adno\u00admi, bilim ve sivil top\u00adlum\u00addan pay\u00adda\u015f\u00adlar g\u00f6r\u00fc\u015f al\u0131\u015f\u00adve\u00adri\u00ad\u015fin\u00adde bulunacak.<\/p>\n<p>Kay\u00add\u0131\u00adn\u0131\u00adz\u0131 ve kat\u0131\u00adl\u0131\u00adm\u0131\u00adn\u0131\u00adz\u0131 d\u00f6rt g\u00f6z\u00adle bekliyoruz.<\/p>\n<p>Konu ile <strong>kay\u00add\u0131\u00adn\u0131z<\/strong>: \u201cAfri\u00adka\u201d alt\u0131n\u00adda: <strong>info@simama-stehauf.de<\/strong><br>\nveya diji\u00adtal kat\u0131\u00adl\u0131m i\u00e7in \u201cAfri\u00adca digital\u201d<\/p>\n<p><strong>\u0130nd\u00adir<\/strong> <a href=\"https:\/\/www.anika-net.de\/wp-content\/uploads\/2022\/10\/Flyer_Africa_across_boarders_2022_final-1.pdf\">EL \u0130LANI<\/a><\/p>\n<p><strong>\u0130nd\u00adir<\/strong> <a href=\"https:\/\/www.anika-net.de\/wp-content\/uploads\/2022\/10\/Ankuendigung_3.Forum_Africa-across-borders_2022-10-14_KA.pdf\">DUYURU<\/a><\/p>\n","protected":false},"author":12,"featured_media":27560,"template":"","class_list":["post-27616","event","type-event","status-publish","has-post-thumbnail","hentry","event_category-egitim"],"acf":{"event-recurring":false,"event-category":94,"event-is-language-course":false,"event-recurring-still-active":true,"event-display-details":true,"event-schedules-recurring":null,"event-schedules-calendar":[{"event-calendar-day":"20221014","event-calendar-time":"17:00 - 21:30","event-calendar-time-text":""}],"event-is-online":false,"event-online-url":"","event-location-building":"Albert-Schweitzer-Saal","event-location-street":"Reinhold-Frank-Str, 48 a","event-location-zip":"76133","event-location-city":"Karlsruhe","event-location-contact-person":"Sylvia Ciro Holzh\u00e4uer-Ruprecht","event-location-phone":"0160 788 19 41","event-location-phone-2":"","event-location-mail":"info@simama-stehauf.de","event-location-mail-2":"","event-location-website":"https:\/\/simama-stehauf.de\/","event-target-group":[{"target-group":"adults"}],"event-target-group-comment":"","event-free":true,"event-organiser":[27598],"event-header-copyright-overlay":true,"event-copyright-note-description-end":true},"featured_image_urls_v2":{"full":["https:\/\/www.anika-net.de\/wp-content\/uploads\/2022\/10\/Africa-1-scaled.jpg",2560,1707,false],"thumbnail":["https:\/\/www.anika-net.de\/wp-content\/uploads\/2022\/10\/Africa-1-150x150.jpg",150,150,true],"medium":["https:\/\/www.anika-net.de\/wp-content\/uploads\/2022\/10\/Africa-1-300x200.jpg",300,200,true],"medium_large":["https:\/\/www.anika-net.de\/wp-content\/uploads\/2022\/10\/Africa-1-768x512.jpg",640,427,true],"large":["https:\/\/www.anika-net.de\/wp-content\/uploads\/2022\/10\/Africa-1-1024x683.jpg",640,427,true],"1536x1536":["https:\/\/www.anika-net.de\/wp-content\/uploads\/2022\/10\/Africa-1-1536x1024.jpg",1536,1024,true],"2048x2048":["https:\/\/www.anika-net.de\/wp-content\/uploads\/2022\/10\/Africa-1-2048x1365.jpg",2048,1365,true],"event-overview":["https:\/\/www.anika-net.de\/wp-content\/uploads\/2022\/10\/Africa-1-960x640.jpg",960,640,true],"event-archive-thumb":["https:\/\/www.anika-net.de\/wp-content\/uploads\/2022\/10\/Africa-1-480x320.jpg",480,320,true],"grid-item-thumbnail":["https:\/\/www.anika-net.de\/wp-content\/uploads\/2022\/10\/Africa-1-360x200.jpg",360,200,true],"network-partner-icon":["https:\/\/www.anika-net.de\/wp-content\/uploads\/2022\/10\/Africa-1-100x100.jpg",100,100,true],"organiser-icon":["https:\/\/www.anika-net.de\/wp-content\/uploads\/2022\/10\/Africa-1-200x200.jpg",200,200,true],"gform-image-choice-sm":["https:\/\/www.anika-net.de\/wp-content\/uploads\/2022\/10\/Africa-1-scaled.jpg",300,200,false],"gform-image-choice-md":["https:\/\/www.anika-net.de\/wp-content\/uploads\/2022\/10\/Africa-1-scaled.jpg",400,267,false],"gform-image-choice-lg":["https:\/\/www.anika-net.de\/wp-content\/uploads\/2022\/10\/Africa-1-scaled.jpg",600,400,false]},"post_excerpt_stackable_v2":"<p>3. Forum \u201cAfri\u00adka, Baden-W\u00fcr\u00adt\u00ad\u00ad\u00adte\u00adm\u00ad\u00ad\u00adberg, Karls\u00adru\u00adhe: S\u0131n\u0131r\u00adlar \u00f6te\u00adsi Afri\u00adka&nbsp;2022 \u201cAfri\u00adka\u00ad\u2019\u00adya bak\u0131\u015f\u201d \u00e7er\u00ad\u00e7e\u00adve\u00adsin\u00adde Konu ba\u015f\u00adl\u0131\u00ad\u011f\u0131: Ulus\u00adla\u00adra\u00adra\u00ads\u0131 ortak\u00adl\u0131k ve dias\u00adpo\u00adra\u00adn\u0131n uzman\u00adl\u0131\u00ad\u011f\u0131 \u201cS\u0131n\u0131r\u00adlar \u00f6te\u00adsi Afri\u00adka 2022\u201d foru\u00admu Karls\u00adru\u00adhe\u00ad\u2019\u00adde 3. kez siya\u00adset, i\u015f d\u00fcn\u00adya\u00ads\u0131 ve sivil top\u00adlum\u00addan akt\u00f6r\u00adler* ara\u00ads\u0131n\u00adda fikir al\u0131\u015f\u00adve\u00adri\u00ad\u015fi i\u00e7in bir plat\u00adform sunu\u00adyor. Dias\u00adpo\u00adra\u00addan, STK\u00ad\u2019\u00adlar\u00addan ve i\u015f d\u00fcn\u00adya\u00ads\u0131n\u00addan insan\u00adla\u00adr\u0131n yet\u00adkin\u00adlik\u00adle\u00adriy\u00adle Afri\u00adka, Baden-W\u00fcr\u00adt\u00ad\u00ad\u00adte\u00adm\u00ad\u00ad\u00adberg, Karls\u00adru\u00adhe ve \u00e7ev\u00adre\u00adsi ara\u00ads\u0131n\u00adda yeni ba\u015fa\u00adr\u0131\u00adl\u0131 i\u015fbir\u00adli\u00ad\u011fi bi\u00e7im\u00adle\u00adri yara\u00adt\u0131\u00adla\u00adcak\u00adt\u0131r. Ulus\u00adla\u00adra\u00adra\u00ads\u0131 ortak\u00adl\u0131k ve kal\u00adk\u0131n\u00adma i\u015fbir\u00adli\u00ad\u011fin\u00adde dias\u00adpo\u00adra\u00adn\u0131n uzman\u00adl\u0131\u00ad\u011f\u0131 konu\u00adla\u00adr\u0131 kon\u00adfe\u00adrans\u00adlar\u00adda ve tar\u00adt\u0131\u015f\u00adma\u00adlar\u00adda ele al\u0131\u00adna\u00adcak\u00adt\u0131r. Dias\u00adpo\u00adra, STK\u00ad\u2019\u00adlar, siya\u00adset, eko\u00adno\u00admi, bilim ve sivil top\u00adlum\u00addan pay\u00adda\u015f\u00adlar g\u00f6r\u00fc\u015f al\u0131\u015f\u00adve\u00adri\u00ad\u015fin\u00adde bulu\u00adna\u00adcak. Kay\u00add\u0131\u00adn\u0131\u00adz\u0131 ve kat\u0131\u00adl\u0131\u00adm\u0131\u00adn\u0131\u00adz\u0131 d\u00f6rt g\u00f6z\u00adle bek\u00adli\u00adyo\u00adruz. Konu ile kay\u00add\u0131\u00adn\u0131z: \u201cAfri\u00adka\u201d alt\u0131n\u00adda: info@simama-stehauf.de veya diji\u00adtal kat\u0131\u00adl\u0131m i\u00e7in \u201cAfri\u00adca\u2026<\/p>\n","category_list_v2":"","author_info_v2":{"name":"Andrea Ramirez","url":"https:\/\/www.anika-net.de\/tr\/author\/andrea-ramirez\/"},"comments_num_v2":"0 comments","uagb_featured_image_src":{"full":["https:\/\/www.anika-net.de\/wp-content\/uploads\/2022\/10\/Africa-1-scaled.jpg",2560,1707,false],"thumbnail":["https:\/\/www.anika-net.de\/wp-content\/uploads\/2022\/10\/Africa-1-150x150.jpg",150,150,true],"medium":["https:\/\/www.anika-net.de\/wp-content\/uploads\/2022\/10\/Africa-1-300x200.jpg",300,200,true],"medium_large":["https:\/\/www.anika-net.de\/wp-content\/uploads\/2022\/10\/Africa-1-768x512.jpg",640,427,true],"large":["https:\/\/www.anika-net.de\/wp-content\/uploads\/2022\/10\/Africa-1-1024x683.jpg",640,427,true],"1536x1536":["https:\/\/www.anika-net.de\/wp-content\/uploads\/2022\/10\/Africa-1-1536x1024.jpg",1536,1024,true],"2048x2048":["https:\/\/www.anika-net.de\/wp-content\/uploads\/2022\/10\/Africa-1-2048x1365.jpg",2048,1365,true],"event-overview":["https:\/\/www.anika-net.de\/wp-content\/uploads\/2022\/10\/Africa-1-960x640.jpg",960,640,true],"event-archive-thumb":["https:\/\/www.anika-net.de\/wp-content\/uploads\/2022\/10\/Africa-1-480x320.jpg",480,320,true],"grid-item-thumbnail":["https:\/\/www.anika-net.de\/wp-content\/uploads\/2022\/10\/Africa-1-360x200.jpg",360,200,true],"network-partner-icon":["https:\/\/www.anika-net.de\/wp-content\/uploads\/2022\/10\/Africa-1-100x100.jpg",100,100,true],"organiser-icon":["https:\/\/www.anika-net.de\/wp-content\/uploads\/2022\/10\/Africa-1-200x200.jpg",200,200,true],"gform-image-choice-sm":["https:\/\/www.anika-net.de\/wp-content\/uploads\/2022\/10\/Africa-1-scaled.jpg",300,200,false],"gform-image-choice-md":["https:\/\/www.anika-net.de\/wp-content\/uploads\/2022\/10\/Africa-1-scaled.jpg",400,267,false],"gform-image-choice-lg":["https:\/\/www.anika-net.de\/wp-content\/uploads\/2022\/10\/Africa-1-scaled.jpg",600,400,false]},"uagb_author_info":{"display_name":"Andrea Ramirez","author_link":"https:\/\/www.anika-net.de\/tr\/author\/andrea-ramirez\/"},"uagb_comment_info":0,"uagb_excerpt":"3. Forum \u201cAfri\u00adka, Baden-W\u00fcrt\u00adtem\u00adberg, Karlsruhe: S\u0131n\u0131r\u00adlar \u00f6te\u00adsi Afri\u00adka&nbsp;2022 \u201cAfri\u00adka\u00ad\u2019\u00adya bak\u0131\u015f\u201d \u00e7er\u00e7evesinde Konu ba\u015f\u00adl\u0131\u00ad\u011f\u0131: Ulus\u00adla\u00adra\u00adra\u00ads\u0131 ortak\u00adl\u0131k ve dias\u00adpo\u00adra\u00adn\u0131n uzmanl\u0131\u011f\u0131 \u201cS\u0131n\u0131r\u00adlar \u00f6te\u00adsi Afri\u00adka 2022\u201d foru\u00admu Karls\u00adru\u00adhe\u00ad\u2019\u00adde 3. kez siya\u00adset, i\u015f d\u00fcn\u00adya\u00ads\u0131 ve&nbsp;daha fazla okuyun","_links":{"self":[{"href":"https:\/\/www.anika-net.de\/tr\/wp-json\/wp\/v2\/event\/27616","targetHints":{"allow":["GET"]}}],"collection":[{"href":"https:\/\/www.anika-net.de\/tr\/wp-json\/wp\/v2\/event"}],"about":[{"href":"https:\/\/www.anika-net.de\/tr\/wp-json\/wp\/v2\/types\/event"}],"author":[{"embeddable":true,"href":"https:\/\/www.anika-net.de\/tr\/wp-json\/wp\/v2\/users\/12"}],"version-history":[{"count":0,"href":"https:\/\/www.anika-net.de\/tr\/wp-json\/wp\/v2\/event\/27616\/revisions"}],"acf:post":[{"embeddable":true,"href":"https:\/\/www.anika-net.de\/tr\/wp-json\/wp\/v2\/organiser\/27598"}],"acf:term":[{"embeddable":true,"taxonomy":"event_category","href":"https:\/\/www.anika-net.de\/tr\/wp-json\/wp\/v2\/event_category\/94"}],"wp:featuredmedia":[{"embeddable":true,"href":"https:\/\/www.anika-net.de\/tr\/wp-json\/wp\/v2\/media\/27560"}],"wp:attachment":[{"href":"https:\/\/www.anika-net.de\/tr\/wp-json\/wp\/v2\/media?parent=27616"}],"curies":[{"name":"wp","href":"https:\/\/api.w.org\/{rel}","templated":true}]}}