{"id":21126,"date":"2022-05-25T13:53:47","date_gmt":"2022-05-25T11:53:47","guid":{"rendered":"https:\/\/www.anika-net.de\/?post_type=event&#038;p=21126"},"modified":"2023-08-28T12:57:19","modified_gmt":"2023-08-28T10:57:19","slug":"queercafe","status":"publish","type":"event","link":"https:\/\/www.anika-net.de\/tr\/event\/queercafe\/","title":{"rendered":"Karls\u00adru\u00adhe\u00ad\u2019\u00adde queerCaf\u00e9"},"content":{"rendered":"<h3>Karls\u00adru\u00adhe\u00ad\u2019\u00adde queerCaf\u00e9<\/h3>\n<p><strong>Que\u00ader\u00adCa\u00adf\u00e9<\/strong>, <strong>Karls\u00adru\u00adhe\u00ad\u2019\u00adde\u00adki ulus\u00adla\u00adra\u00adra\u00ads\u0131 LGBTIQ birey\u00adler i\u00e7in<\/strong> a\u00e7\u0131k bir bulu\u015f\u00adma yeri\u00addir. Yeni insan\u00adlar\u00adla tan\u0131\u015f\u00adma, fikir al\u0131\u015f\u00adve\u00adri\u00ad\u015fin\u00adde bulun\u00adma ve di\u011fer ulus\u00adla\u00adra\u00adra\u00ads\u0131 que\u00ader\u00ad\u2019\u00adler\u00adle vakit ge\u00e7ir\u00adme f\u0131r\u00adsa\u00adt\u0131 sunu\u00adyor. Bulu\u00ad\u015fu\u00adyo\u00adruz, soh\u00adbet edi\u00adyo\u00adruz, oyun\u00adlar oynu\u00adyo\u00adruz, gezi\u00adle\u00adre \u00e7\u0131k\u0131\u00adyo\u00adruz veya etkin\u00adlik\u00adler d\u00fczen\u00adli\u00adyo\u00adruz. \u0130lg\u00adil\u00aden\u00aden ki\u015fi\u00adler sade\u00adce u\u011fra\u00adya\u00adbi\u00adlir, kay\u0131t gerek\u00adli de\u011fildir.<\/p>\n<p><strong>Top\u00adlan\u00adt\u0131\u00adlar<\/strong> <strong>her ay\u0131n d\u00f6r\u00add\u00fcn\u00adc\u00fc Pazar\u00adte\u00adsi g\u00fcn\u00fc saat 17:00 ile 19:00 ara\u00ads\u0131n\u00adda<\/strong> ger\u00ad\u00e7ek\u00adle\u015f\u00adti\u00adril\u00admek\u00adte\u00addir. ZeSIA tesis\u00adle\u00adrin\u00adde (Sop\u00adhi\u00adenstr. 102, 76135 Karls\u00adru\u00adhe) ger\u00e7ekle\u015ftirilecektir.<\/p>\n<p>El <a href=\"https:\/\/www.anika-net.de\/wp-content\/uploads\/2022\/05\/queerCafe.pdf\">\u0130lan\u0131<\/a> \u0130ndir<\/p>\n","protected":false},"author":12,"featured_media":41190,"template":"","class_list":["post-21126","event","type-event","status-publish","has-post-thumbnail","hentry","event_category-bos-vakit"],"acf":{"event-recurring":true,"event-category":97,"event-is-language-course":false,"event-recurring-still-active":true,"event-display-details":true,"event-schedules-recurring":[{"event-recurring-week-day":"1","event-recurring-time":"","event-recurring-time-text":"Her ay\u0131n d\u00f6rd\u00fcnc\u00fc Pazartesi g\u00fcn\u00fc saat 17:00 - 19:00 aras\u0131  "}],"event-schedules-calendar":null,"event-is-online":false,"event-online-url":"","event-location-building":"ZeSIA ","event-location-street":"Sophienstra\u00dfe 102","event-location-zip":"76135","event-location-city":"Karlsruhe","event-location-contact-person":"Kevin Wolf","event-location-phone":"0721\/35481615","event-location-phone-2":"","event-location-mail":"kevin.wolf@aidshilfe-karlsruhe.de","event-location-mail-2":"","event-location-website":"https:\/\/www.zesia-ka.de\/de\/queercafe-offener-treff-fuer-internationale-queers","event-target-group":[{"target-group":"adults"}],"event-target-group-comment":"Karlsruhe ve \u00e7evresindeki uluslararas\u0131 queer insanlar","event-free":true,"event-organiser":[41222],"event-header-copyright-overlay":true,"event-copyright-note-description-end":true},"featured_image_urls_v2":{"full":["https:\/\/www.anika-net.de\/wp-content\/uploads\/2022\/05\/queerCafe.png",1080,1080,false],"thumbnail":["https:\/\/www.anika-net.de\/wp-content\/uploads\/2022\/05\/queerCafe-150x150.png",150,150,true],"medium":["https:\/\/www.anika-net.de\/wp-content\/uploads\/2022\/05\/queerCafe-300x300.png",300,300,true],"medium_large":["https:\/\/www.anika-net.de\/wp-content\/uploads\/2022\/05\/queerCafe-768x768.png",640,640,true],"large":["https:\/\/www.anika-net.de\/wp-content\/uploads\/2022\/05\/queerCafe-1024x1024.png",640,640,true],"1536x1536":["https:\/\/www.anika-net.de\/wp-content\/uploads\/2022\/05\/queerCafe.png",1080,1080,false],"2048x2048":["https:\/\/www.anika-net.de\/wp-content\/uploads\/2022\/05\/queerCafe.png",1080,1080,false],"event-overview":["https:\/\/www.anika-net.de\/wp-content\/uploads\/2022\/05\/queerCafe-960x640.png",960,640,true],"event-archive-thumb":["https:\/\/www.anika-net.de\/wp-content\/uploads\/2022\/05\/queerCafe-480x480.png",480,480,true],"grid-item-thumbnail":["https:\/\/www.anika-net.de\/wp-content\/uploads\/2022\/05\/queerCafe-360x200.png",360,200,true],"network-partner-icon":["https:\/\/www.anika-net.de\/wp-content\/uploads\/2022\/05\/queerCafe-100x100.png",100,100,true],"organiser-icon":["https:\/\/www.anika-net.de\/wp-content\/uploads\/2022\/05\/queerCafe-200x200.png",200,200,true],"gform-image-choice-sm":["https:\/\/www.anika-net.de\/wp-content\/uploads\/2022\/05\/queerCafe.png",300,300,false],"gform-image-choice-md":["https:\/\/www.anika-net.de\/wp-content\/uploads\/2022\/05\/queerCafe.png",400,400,false],"gform-image-choice-lg":["https:\/\/www.anika-net.de\/wp-content\/uploads\/2022\/05\/queerCafe.png",600,600,false]},"post_excerpt_stackable_v2":"<p>Karls\u00adru\u00adhe\u00ad\u2019\u00adde que\u00ader\u00adCa\u00adf\u00e9 Que\u00ader\u00adCa\u00adf\u00e9, Karls\u00adru\u00adhe\u00ad\u2019\u00adde\u00adki ulus\u00adla\u00adra\u00adra\u00ads\u0131 LGBTIQ birey\u00adler i\u00e7in a\u00e7\u0131k bir bulu\u015f\u00adma yeri\u00addir. Yeni insan\u00adlar\u00adla tan\u0131\u015f\u00adma, fikir al\u0131\u015f\u00adve\u00adri\u00ad\u015fin\u00adde bulun\u00adma ve di\u011fer ulus\u00adla\u00adra\u00adra\u00ads\u0131 que\u00ader\u00ad\u2019\u00adler\u00adle vakit ge\u00e7ir\u00adme f\u0131r\u00adsa\u00adt\u0131 sunu\u00adyor. Bulu\u00ad\u015fu\u00adyo\u00adruz, soh\u00adbet edi\u00adyo\u00adruz, oyun\u00adlar oynu\u00adyo\u00adruz, gezi\u00adle\u00adre \u00e7\u0131k\u0131\u00adyo\u00adruz veya etkin\u00adlik\u00adler d\u00fczen\u00adli\u00adyo\u00adruz. \u0130lg\u00adil\u00aden\u00aden ki\u015fi\u00adler sade\u00adce u\u011fra\u00adya\u00adbi\u00adlir, kay\u0131t gerek\u00adli de\u011fil\u00addir. Top\u00adlan\u00adt\u0131\u00adlar her ay\u0131n d\u00f6r\u00add\u00fcn\u00adc\u00fc Pazar\u00adte\u00adsi g\u00fcn\u00fc saat 17:00 ile 19:00 ara\u00ads\u0131n\u00adda ger\u00ad\u00e7ek\u00adle\u015f\u00adti\u00adril\u00admek\u00adte\u00addir. ZeSIA tesis\u00adle\u00adrin\u00adde (Sop\u00adhi\u00adenstr. 102, 76135 Karls\u00adru\u00adhe) ger\u00ad\u00e7ek\u00adle\u015f\u00adti\u00adri\u00adle\u00adcek\u00adtir. El \u0130lan\u0131&nbsp;\u0130ndir<\/p>\n","category_list_v2":"","author_info_v2":{"name":"Andrea Ramirez","url":"https:\/\/www.anika-net.de\/tr\/author\/andrea-ramirez\/"},"comments_num_v2":"0 comments","uagb_featured_image_src":{"full":["https:\/\/www.anika-net.de\/wp-content\/uploads\/2022\/05\/queerCafe.png",1080,1080,false],"thumbnail":["https:\/\/www.anika-net.de\/wp-content\/uploads\/2022\/05\/queerCafe-150x150.png",150,150,true],"medium":["https:\/\/www.anika-net.de\/wp-content\/uploads\/2022\/05\/queerCafe-300x300.png",300,300,true],"medium_large":["https:\/\/www.anika-net.de\/wp-content\/uploads\/2022\/05\/queerCafe-768x768.png",640,640,true],"large":["https:\/\/www.anika-net.de\/wp-content\/uploads\/2022\/05\/queerCafe-1024x1024.png",640,640,true],"1536x1536":["https:\/\/www.anika-net.de\/wp-content\/uploads\/2022\/05\/queerCafe.png",1080,1080,false],"2048x2048":["https:\/\/www.anika-net.de\/wp-content\/uploads\/2022\/05\/queerCafe.png",1080,1080,false],"event-overview":["https:\/\/www.anika-net.de\/wp-content\/uploads\/2022\/05\/queerCafe-960x640.png",960,640,true],"event-archive-thumb":["https:\/\/www.anika-net.de\/wp-content\/uploads\/2022\/05\/queerCafe-480x480.png",480,480,true],"grid-item-thumbnail":["https:\/\/www.anika-net.de\/wp-content\/uploads\/2022\/05\/queerCafe-360x200.png",360,200,true],"network-partner-icon":["https:\/\/www.anika-net.de\/wp-content\/uploads\/2022\/05\/queerCafe-100x100.png",100,100,true],"organiser-icon":["https:\/\/www.anika-net.de\/wp-content\/uploads\/2022\/05\/queerCafe-200x200.png",200,200,true],"gform-image-choice-sm":["https:\/\/www.anika-net.de\/wp-content\/uploads\/2022\/05\/queerCafe.png",300,300,false],"gform-image-choice-md":["https:\/\/www.anika-net.de\/wp-content\/uploads\/2022\/05\/queerCafe.png",400,400,false],"gform-image-choice-lg":["https:\/\/www.anika-net.de\/wp-content\/uploads\/2022\/05\/queerCafe.png",600,600,false]},"uagb_author_info":{"display_name":"Andrea Ramirez","author_link":"https:\/\/www.anika-net.de\/tr\/author\/andrea-ramirez\/"},"uagb_comment_info":0,"uagb_excerpt":"Karls\u00adru\u00adhe\u00ad\u2019\u00adde queerCaf\u00e9 Que\u00ader\u00adCa\u00adf\u00e9, Karls\u00adru\u00adhe\u00ad\u2019\u00adde\u00adki ulus\u00adla\u00adra\u00adra\u00ads\u0131 LGBTIQ birey\u00adler i\u00e7in a\u00e7\u0131k bir bulu\u015f\u00adma yeri\u00addir. Yeni insan\u00adlar\u00adla tan\u0131\u015f\u00adma, fikir al\u0131\u015f\u00adve\u00adri\u00ad\u015fin\u00adde bulun\u00adma ve di\u011fer ulus\u00adla\u00adra\u00adra\u00ads\u0131 que\u00ader\u00ad\u2019\u00adler\u00adle vakit ge\u00e7ir\u00adme f\u0131r\u00adsa\u00adt\u0131 sunu\u00adyor. Bulu\u00ad\u015fu\u00adyo\u00adruz, soh\u00adbet edi\u00adyo\u00adruz, oyun\u00adlar&nbsp;daha fazla okuyun","_links":{"self":[{"href":"https:\/\/www.anika-net.de\/tr\/wp-json\/wp\/v2\/event\/21126","targetHints":{"allow":["GET"]}}],"collection":[{"href":"https:\/\/www.anika-net.de\/tr\/wp-json\/wp\/v2\/event"}],"about":[{"href":"https:\/\/www.anika-net.de\/tr\/wp-json\/wp\/v2\/types\/event"}],"author":[{"embeddable":true,"href":"https:\/\/www.anika-net.de\/tr\/wp-json\/wp\/v2\/users\/12"}],"version-history":[{"count":0,"href":"https:\/\/www.anika-net.de\/tr\/wp-json\/wp\/v2\/event\/21126\/revisions"}],"acf:post":[{"embeddable":true,"href":"https:\/\/www.anika-net.de\/tr\/wp-json\/wp\/v2\/organiser\/41222"}],"acf:term":[{"embeddable":true,"taxonomy":"event_category","href":"https:\/\/www.anika-net.de\/tr\/wp-json\/wp\/v2\/event_category\/97"}],"wp:featuredmedia":[{"embeddable":true,"href":"https:\/\/www.anika-net.de\/tr\/wp-json\/wp\/v2\/media\/41190"}],"wp:attachment":[{"href":"https:\/\/www.anika-net.de\/tr\/wp-json\/wp\/v2\/media?parent=21126"}],"curies":[{"name":"wp","href":"https:\/\/api.w.org\/{rel}","templated":true}]}}