{"id":17647,"date":"2021-12-16T19:12:53","date_gmt":"2021-12-16T18:12:53","guid":{"rendered":"https:\/\/www.anika-net.de\/event\/awo-migrationsberatung\/"},"modified":"2024-09-05T11:49:38","modified_gmt":"2024-09-05T09:49:38","slug":"awo-migrationsberatung","status":"publish","type":"event","link":"https:\/\/www.anika-net.de\/tr\/event\/awo-migrationsberatung\/","title":{"rendered":"AWO Yeti\u015f\u00adkin g\u00f6\u00e7\u00admen\u00adler i\u00e7in g\u00f6\u00e7 dan\u0131\u015f\u00adman\u00adl\u0131\u00ad\u011f\u0131 (MBE)"},"content":{"rendered":"<h1><span style=\"color: #ffcc00;\">AWO G\u00f6\u00e7\u00admen\u00adlik dan\u0131\u015fmanl\u0131\u011f\u0131<\/span><\/h1>\n<p>  AWO Karls\u00adru\u00adhe, 2005 y\u0131l\u0131\u00adn\u0131n ba\u015f\u0131n\u00addan bu yana g\u00f6\u00e7\u00admen\u00adle\u00adre ve aile\u00adle\u00adri\u00adne enteg\u00adras\u00adyo\u00adnu te\u015f\u00advik etmek i\u00e7in dan\u0131\u015f\u00adman\u00adl\u0131k ve des\u00adtek sunmaktad\u0131r.&nbsp;<\/p>\n<h3><span style=\"color: #008080;\"><strong>Hedef kit\u00adle<\/strong><\/span><\/h3>\n<ul>\n<li>Ge\u00e7 d\u00f6nen\u00adler, AB vatan\u00adda\u015f\u00adla\u00adr\u0131, vas\u0131f\u00adl\u0131 i\u015f\u00e7i\u00adler ve \u00e7al\u0131\u00ad\u015fan\u00adlar, aile \u00fcye\u00adle\u00adri (aile bir\u00adle\u00ad\u015fi\u00admi i\u00e7in), tan\u0131n\u00adm\u0131\u015f m\u00fcl\u00adte\u00adci\u00adler, bir enteg\u00adras\u00adyon kur\u00adsu\u00adna kat\u0131l\u00admak\u00adla y\u00fck\u00fcm\u00adl\u00fc veya buna hak\u00adk\u0131 olan ki\u015filer.<\/li>\n<li>28 ya\u015f\u0131n\u00addan iti\u00adba\u00adren ve 12 ya\u015f\u0131\u00adna kadar olan \u00e7ocuklar\u0131.<\/li>\n<li>Karls\u00adru\u00adhe \u015feh\u00adrin\u00adde ika\u00admet ediyor.<\/li>\n<\/ul>\n<p>  \u0130lk otur\u00adma izni veril\u00addik\u00adten son\u00adra\u00adki ilk \u00fc\u00e7 y\u0131l i\u00e7in\u00adde dan\u0131\u015f\u00adman\u00adl\u0131k hiz\u00adme\u00adti verilir.<br>\nOtur\u00adma izni\u00adne ihti\u00adya\u00e7 duy\u00adma\u00adyan g\u00f6\u00e7\u00admen\u00adler i\u00e7in 3 y\u0131l\u00adl\u0131k s\u00fcre giri\u015f tari\u00adhin\u00adden iti\u00adba\u00adren ba\u015flar.&nbsp;<\/p>\n<h3><span style=\"color: #008080;\"><strong>dan\u0131\u015f\u00adman\u00adl\u0131k<\/strong><\/span><\/h3>\n<p>  Size ve \u00e7ocuk\u00adla\u00adr\u0131\u00adn\u0131\u00adza bu konu\u00adlar\u00adda \u00fccret\u00adsiz, giz\u00adli ve mil\u00adli\u00adyet ve din ayr\u0131\u00adm\u0131 g\u00f6zet\u00admek\u00adsi\u00adzin dan\u0131\u015f\u00adman\u00adl\u0131k hiz\u00adme\u00adti veriyoruz:&nbsp;<\/p>\n<ul>\n<li>\u0130st\u00adihd\u00adam ve yaban\u00adc\u0131 nite\u00adlik\u00adle\u00adrin tan\u0131nmas\u0131<\/li>\n<li>Konut<\/li>\n<li>E\u011fi\u00adtim ve&nbsp;dil<\/li>\n<li>Aile<\/li>\n<li>finans<\/li>\n<li>Ya\u015fam<\/li>\n<li>Sa\u011f\u00adl\u0131k<\/li>\n<li>G\u00fcn\u00adl\u00fck ya\u015fam ve bo\u015f&nbsp;zaman<\/li>\n<\/ul>\n<h3><span style=\"color: #008080;\"><strong>Dil\u00adler<\/strong><\/span><\/h3>\n<p>  A\u015fa\u00ad\u011f\u0131\u00adda\u00adki dil\u00adler\u00adde dan\u0131\u015f\u00adman\u00adl\u0131k hiz\u00adme\u00adti veri\u00adyo\u00adruz: Bul\u00adgar\u00adca, Alman\u00adca, \u0130ng\u00adil\u00adizce, Fran\u00ads\u0131z\u00adca, Romen\u00adce, Rus\u00ad\u00e7a, S\u0131rp\u00ad\u00e7a-Bo\u015f\u00adnak\u00ad\u00e7a-H\u0131r\u00advat\u00ad\u00e7a, \u0130sp\u00adany\u00adolca.  <strong><span style=\"color: #008080;\">Ran\u00adde\u00advu ile dan\u0131\u015f\u00adma<\/span><\/strong>\u015fah\u00adsen (Sal\u0131 10\u201312 ve \u00c7ar\u00ad\u015fam\u00adba 14\u201316)<br>\n<strong>\ud83d\udce7 pos\u00adta yoluy\u00adla:<\/strong> mbe@awo-karlsruhe.de<br>\n<strong>\ud83d\udcde tele\u00adfon ile:<\/strong> + 49 (0) 721 16089\u2013413  <strong><br>\n<\/strong><\/p>\n<p><strong>\ud83d\udcceFlyer<\/strong> zum <a href=\"https:\/\/www.anika-net.de\/wp-content\/uploads\/2021\/12\/2021_AWO_Flyer-MBE-web.pdf\" target=\"_blank\" rel=\"noopener\">Dow\u00adlo\u00adad<\/a><\/p>\n","protected":false},"author":12,"featured_media":10055,"template":"","class_list":["post-17647","event","type-event","status-publish","has-post-thumbnail","hentry","event_category-yardim-olanaklari"],"acf":{"event-recurring":true,"event-category":95,"event-is-language-course":false,"event-recurring-still-active":true,"event-display-details":true,"event-schedules-recurring":[{"event-recurring-week-day":"0","event-recurring-time":"14:00 - 16:00","event-recurring-time-text":"Randevuyla"}],"event-schedules-calendar":null,"event-is-online":false,"event-online-url":"","event-location-building":"AWO Karlsruhe gemeinn\u00fctzige GmbH Migrationsberatung","event-location-street":"Stephanienstr. 52 - Haltestelle: Europaplatz","event-location-zip":"76133 ","event-location-city":"Karlsruhe","event-location-contact-person":"","event-location-phone":"0721\/160 894 13","event-location-phone-2":"","event-location-mail":"mbe@awo-karlsruhe.de","event-location-mail-2":"","event-location-website":"https:\/\/www.awo-karlsruhe.de\/leistungen\/besondere-lebenslagen\/migrationsberatung\/","event-target-group":null,"event-target-group-comment":"Yeni g\u00f6\u00e7menler","event-free":true,"event-organiser":[15891],"event-header-copyright-overlay":true,"event-copyright-note-description-end":false},"featured_image_urls_v2":{"full":["https:\/\/www.anika-net.de\/wp-content\/uploads\/2021\/10\/Awo-q-1.png",300,300,false],"thumbnail":["https:\/\/www.anika-net.de\/wp-content\/uploads\/2021\/10\/Awo-q-1-150x150.png",150,150,true],"medium":["https:\/\/www.anika-net.de\/wp-content\/uploads\/2021\/10\/Awo-q-1.png",300,300,false],"medium_large":["https:\/\/www.anika-net.de\/wp-content\/uploads\/2021\/10\/Awo-q-1.png",300,300,false],"large":["https:\/\/www.anika-net.de\/wp-content\/uploads\/2021\/10\/Awo-q-1.png",300,300,false],"1536x1536":["https:\/\/www.anika-net.de\/wp-content\/uploads\/2021\/10\/Awo-q-1.png",300,300,false],"2048x2048":["https:\/\/www.anika-net.de\/wp-content\/uploads\/2021\/10\/Awo-q-1.png",300,300,false],"event-overview":["https:\/\/www.anika-net.de\/wp-content\/uploads\/2021\/10\/Awo-q-1.png",300,300,false],"event-archive-thumb":["https:\/\/www.anika-net.de\/wp-content\/uploads\/2021\/10\/Awo-q-1.png",300,300,false],"grid-item-thumbnail":["https:\/\/www.anika-net.de\/wp-content\/uploads\/2021\/10\/Awo-q-1-300x200.png",300,200,true],"network-partner-icon":["https:\/\/www.anika-net.de\/wp-content\/uploads\/2021\/10\/Awo-q-1-100x100.png",100,100,true],"organiser-icon":["https:\/\/www.anika-net.de\/wp-content\/uploads\/2021\/10\/Awo-q-1-200x200.png",200,200,true],"gform-image-choice-sm":["https:\/\/www.anika-net.de\/wp-content\/uploads\/2021\/10\/Awo-q-1.png",300,300,false],"gform-image-choice-md":["https:\/\/www.anika-net.de\/wp-content\/uploads\/2021\/10\/Awo-q-1.png",300,300,false],"gform-image-choice-lg":["https:\/\/www.anika-net.de\/wp-content\/uploads\/2021\/10\/Awo-q-1.png",300,300,false]},"post_excerpt_stackable_v2":"<p>AWO G\u00f6\u00e7\u00admen\u00adlik dan\u0131\u015f\u00adman\u00adl\u0131\u00ad\u011f\u0131 AWO Karls\u00adru\u00adhe, 2005 y\u0131l\u0131\u00adn\u0131n ba\u015f\u0131n\u00addan bu yana g\u00f6\u00e7\u00admen\u00adle\u00adre ve aile\u00adle\u00adri\u00adne enteg\u00adras\u00adyo\u00adnu te\u015f\u00advik etmek i\u00e7in dan\u0131\u015f\u00adman\u00adl\u0131k ve des\u00adtek sun\u00admak\u00adta\u00add\u0131r.&nbsp; Hedef kit\u00adle Ge\u00e7 d\u00f6nen\u00adler, AB vatan\u00adda\u015f\u00adla\u00adr\u0131, vas\u0131f\u00adl\u0131 i\u015f\u00e7i\u00adler ve \u00e7al\u0131\u00ad\u015fan\u00adlar, aile \u00fcye\u00adle\u00adri (aile bir\u00adle\u00ad\u015fi\u00admi i\u00e7in), tan\u0131n\u00adm\u0131\u015f m\u00fcl\u00adte\u00adci\u00adler, bir enteg\u00adras\u00adyon kur\u00adsu\u00adna kat\u0131l\u00admak\u00adla y\u00fck\u00fcm\u00adl\u00fc veya buna hak\u00adk\u0131 olan ki\u015fi\u00adler. 28 ya\u015f\u0131n\u00addan iti\u00adba\u00adren ve 12 ya\u015f\u0131\u00adna kadar olan \u00e7ocuk\u00adla\u00adr\u0131. Karls\u00adru\u00adhe \u015feh\u00adrin\u00adde ika\u00admet edi\u00adyor. \u0130lk otur\u00adma izni veril\u00addik\u00adten son\u00adra\u00adki ilk \u00fc\u00e7 y\u0131l i\u00e7in\u00adde dan\u0131\u015f\u00adman\u00adl\u0131k hiz\u00adme\u00adti veri\u00adlir. Otur\u00adma izni\u00adne ihti\u00adya\u00e7 duy\u00adma\u00adyan g\u00f6\u00e7\u00admen\u00adler i\u00e7in 3 y\u0131l\u00adl\u0131k s\u00fcre giri\u015f tari\u00adhin\u00adden iti\u00adba\u00adren ba\u015f\u00adlar.&nbsp; dan\u0131\u015f\u00adman\u00adl\u0131k Size ve \u00e7ocuk\u00adla\u00adr\u0131\u00adn\u0131\u00adza bu konu\u00adlar\u00adda \u00fccret\u00adsiz, giz\u00adli ve mil\u00adli\u00adyet ve din ayr\u0131\u00adm\u0131 g\u00f6zetmeksizin\u2026<\/p>\n","category_list_v2":"","author_info_v2":{"name":"Andrea Ramirez","url":"https:\/\/www.anika-net.de\/tr\/author\/andrea-ramirez\/"},"comments_num_v2":"0 comments","uagb_featured_image_src":{"full":["https:\/\/www.anika-net.de\/wp-content\/uploads\/2021\/10\/Awo-q-1.png",300,300,false],"thumbnail":["https:\/\/www.anika-net.de\/wp-content\/uploads\/2021\/10\/Awo-q-1-150x150.png",150,150,true],"medium":["https:\/\/www.anika-net.de\/wp-content\/uploads\/2021\/10\/Awo-q-1.png",300,300,false],"medium_large":["https:\/\/www.anika-net.de\/wp-content\/uploads\/2021\/10\/Awo-q-1.png",300,300,false],"large":["https:\/\/www.anika-net.de\/wp-content\/uploads\/2021\/10\/Awo-q-1.png",300,300,false],"1536x1536":["https:\/\/www.anika-net.de\/wp-content\/uploads\/2021\/10\/Awo-q-1.png",300,300,false],"2048x2048":["https:\/\/www.anika-net.de\/wp-content\/uploads\/2021\/10\/Awo-q-1.png",300,300,false],"event-overview":["https:\/\/www.anika-net.de\/wp-content\/uploads\/2021\/10\/Awo-q-1.png",300,300,false],"event-archive-thumb":["https:\/\/www.anika-net.de\/wp-content\/uploads\/2021\/10\/Awo-q-1.png",300,300,false],"grid-item-thumbnail":["https:\/\/www.anika-net.de\/wp-content\/uploads\/2021\/10\/Awo-q-1-300x200.png",300,200,true],"network-partner-icon":["https:\/\/www.anika-net.de\/wp-content\/uploads\/2021\/10\/Awo-q-1-100x100.png",100,100,true],"organiser-icon":["https:\/\/www.anika-net.de\/wp-content\/uploads\/2021\/10\/Awo-q-1-200x200.png",200,200,true],"gform-image-choice-sm":["https:\/\/www.anika-net.de\/wp-content\/uploads\/2021\/10\/Awo-q-1.png",300,300,false],"gform-image-choice-md":["https:\/\/www.anika-net.de\/wp-content\/uploads\/2021\/10\/Awo-q-1.png",300,300,false],"gform-image-choice-lg":["https:\/\/www.anika-net.de\/wp-content\/uploads\/2021\/10\/Awo-q-1.png",300,300,false]},"uagb_author_info":{"display_name":"Andrea Ramirez","author_link":"https:\/\/www.anika-net.de\/tr\/author\/andrea-ramirez\/"},"uagb_comment_info":0,"uagb_excerpt":"AWO G\u00f6\u00e7\u00admen\u00adlik dan\u0131\u015fmanl\u0131\u011f\u0131 AWO Karls\u00adru\u00adhe, 2005 y\u0131l\u0131\u00adn\u0131n ba\u015f\u0131n\u00addan bu yana g\u00f6\u00e7\u00admen\u00adle\u00adre ve aile\u00adle\u00adri\u00adne enteg\u00adras\u00adyo\u00adnu te\u015f\u00advik etmek i\u00e7in dan\u0131\u015f\u00adman\u00adl\u0131k ve des\u00adtek sunmaktad\u0131r.&nbsp; Hedef kit\u00adle Ge\u00e7 d\u00f6nen\u00adler, AB vatan\u00adda\u015f\u00adla\u00adr\u0131, vas\u0131f\u00adl\u0131 i\u015f\u00e7i\u00adler ve&nbsp;daha fazla okuyun","_links":{"self":[{"href":"https:\/\/www.anika-net.de\/tr\/wp-json\/wp\/v2\/event\/17647","targetHints":{"allow":["GET"]}}],"collection":[{"href":"https:\/\/www.anika-net.de\/tr\/wp-json\/wp\/v2\/event"}],"about":[{"href":"https:\/\/www.anika-net.de\/tr\/wp-json\/wp\/v2\/types\/event"}],"author":[{"embeddable":true,"href":"https:\/\/www.anika-net.de\/tr\/wp-json\/wp\/v2\/users\/12"}],"version-history":[{"count":2,"href":"https:\/\/www.anika-net.de\/tr\/wp-json\/wp\/v2\/event\/17647\/revisions"}],"predecessor-version":[{"id":53226,"href":"https:\/\/www.anika-net.de\/tr\/wp-json\/wp\/v2\/event\/17647\/revisions\/53226"}],"acf:post":[{"embeddable":true,"href":"https:\/\/www.anika-net.de\/tr\/wp-json\/wp\/v2\/organiser\/15891"}],"acf:term":[{"embeddable":true,"taxonomy":"event_category","href":"https:\/\/www.anika-net.de\/tr\/wp-json\/wp\/v2\/event_category\/95"}],"wp:featuredmedia":[{"embeddable":true,"href":"https:\/\/www.anika-net.de\/tr\/wp-json\/wp\/v2\/media\/10055"}],"wp:attachment":[{"href":"https:\/\/www.anika-net.de\/tr\/wp-json\/wp\/v2\/media?parent=17647"}],"curies":[{"name":"wp","href":"https:\/\/api.w.org\/{rel}","templated":true}]}}