{"id":17382,"date":"2017-06-07T11:15:43","date_gmt":"2017-06-07T09:15:43","guid":{"rendered":"https:\/\/www.anika-net.de\/event\/open-consulation-hours-for-refugees\/"},"modified":"2026-01-12T13:47:01","modified_gmt":"2026-01-12T12:47:01","slug":"open-consulation-hours-for-refugees","status":"publish","type":"event","link":"https:\/\/www.anika-net.de\/tr\/event\/open-consulation-hours-for-refugees\/","title":{"rendered":"M\u00fclteci\/g\u00f6\u00e7men sta\u00adt\u00fc\u00ads\u00fcn\u00adde\u00adki aday \u00f6\u011fren\u00adci\u00adler i\u00e7in dan\u0131\u015f\u00adman\u00adl\u0131k&nbsp;ofisi"},"content":{"rendered":"<h2><span style=\"color: #ff9900;\">M\u00fclteci\/g\u00f6\u00e7men sta\u00adt\u00fc\u00ads\u00fcn\u00adde\u00adki aday \u00f6\u011fren\u00adci\u00adler i\u00e7in dan\u0131\u015f\u00adman\u00adl\u0131k&nbsp;ofisi<\/span><\/h2>\n<p><strong>Alman\u00adya\u00ad\u2019\u00adda e\u011fi\u00adtim almak\u00adla ilgi\u00adle\u00adni\u00adyor musu\u00adnuz?<\/strong><br>Dan\u0131\u015f\u00adma saat\u00adle\u00adri\u00admiz\u00adde kabul ile ilgi\u00adli soru\u00adla\u00adr\u0131\u00adn\u0131\u00adz\u0131 yan\u0131tl\u0131yoruz.<\/p>\n<p>L\u00fct\u00adfen ran\u00adde\u00advu i\u00e7in bel\u00adge\u00adle\u00adri\u00adni\u00adzi haz\u0131r bulun\u00addur\u00addu\u00ad\u011fu\u00adnuz\u00addan emin&nbsp;olun:<\/p>\n<ul>\n<li>Dil ser\u00adti\u00adfi\u00adka\u00ads\u0131<\/li>\n<li>Okul bitir\u00adme ser\u00adti\u00adfi\u00adka\u00ads\u0131 ve \u00fcni\u00adver\u00adsi\u00adte diplomas\u0131<\/li>\n<li>Alman\u00adya\u00ad\u2019\u00adda otur\u00adma&nbsp;izni<\/li>\n<\/ul>\n<p><strong>\ud83d\udce7 \u00c7ev\u00adri\u00admi\u00ad\u00e7i dan\u0131\u015f\u00adman\u00adl\u0131k<br>Her Per\u00ad\u015fem\u00adbe, <\/strong>14:00 \u2014 16:00<br>\u00c7ev\u00adri\u00admi\u00ad\u00e7i dan\u0131\u015f\u00adman\u00adl\u0131k i\u00e7in l\u00fct\u00adfen ran\u00adde\u00advu almak \u00fcze\u00adre bize e\u2011posta g\u00f6nderin.<\/p>\n<p><strong>\ud83d\udde3\ufe0f Y\u00fcz y\u00fcze dan\u0131\u015f\u00adman\u00adl\u0131k<br><\/strong>Saat 14:00 \u2014 14:00 ara\u00ads\u0131 Ade\u00adna\u00adu\u00ader\u00adring 2\u2019de<br>bina 50.20, oda&nbsp;005<\/p>\n<p>\ud83d\udccc <strong><span style=\"color: #008080;\">Tarih\u00adler 2026 Huzur\u00adda:<\/span><br><\/strong> 22. Ocak \u2014 05. &amp; 19. \u015eubat \u015eubat<br>05. &amp; 19. Mart \u2014 23 Nisan Nisan<br>07. May\u0131s \u2014 11. &amp; 25. Hazi\u00adran<br>09. &amp; 23. Tem\u00admuz \u2014 17. Eyl\u00fcl<br>01. &amp; 15. Ekim \u2014 05. &amp; 19. Kas\u0131m<br>10. Ara\u00adl\u0131k            <\/p>\n\n<p>\ud83d\udccc <strong><span style=\"color: #089084;\" class=\"stk-highlight\">Tarih\u00adler 2026 <\/span><span style=\"color: #86098f;\" class=\"stk-highlight\">\u00e7ev\u00adri\u00admi\u00ad\u00e7i<\/span><span style=\"color: #089084;\" class=\"stk-highlight\">:<\/span><br><\/strong>15. &amp; 29. Ocak \u2014 12. &amp; 26. \u015eubat<br>12 &amp; 26 Mart \u2014 30 Nisan<br>21. May\u0131s \u2014 16 Hazi\u00adran Hazi\u00adran<br>2. &amp; 16. Tem\u00admuz \u2014 24 Eyl\u00fcl<br>8. Ekim \u2014 12. &amp; 26. Kas\u0131m<br>3. &amp; 17. Aral\u0131k&nbsp;<\/p>\n\n<p><\/p>\n","protected":false},"author":12,"featured_media":2870,"template":"","class_list":["post-17382","event","type-event","status-publish","has-post-thumbnail","hentry","event_category-egitim"],"acf":{"event-recurring":true,"event-category":94,"event-is-language-course":false,"event-recurring-still-active":true,"event-display-details":true,"event-schedules-recurring":[{"event-recurring-week-day":"3","event-recurring-time":"14:00 - 16:00","event-recurring-time-text":""}],"event-schedules-calendar":[{"event-calendar-day":"20230907","event-calendar-time":"14:00 - 16:00","event-calendar-time-text":""},{"event-calendar-day":"20231005","event-calendar-time":"14:00 - 16:00","event-calendar-time-text":""},{"event-calendar-day":"20231102","event-calendar-time":"14:00 - 16:00","event-calendar-time-text":""},{"event-calendar-day":"20231207","event-calendar-time":"14:00 - 16:00","event-calendar-time-text":""}],"event-is-online":false,"event-online-url":"","event-location-building":"International Students Office (IStO) \/ Geb\u00e4ude 50.20, Raum 005","event-location-street":"Adenauerring 2","event-location-zip":"76131","event-location-city":"Karlsruhe","event-location-contact-person":"Daniela von R\u00fcden","event-location-phone":"+49 721 608-41302","event-location-phone-2":"","event-location-mail":"migrants@intl.kit.edu","event-location-mail-2":"","event-location-website":"http:\/\/www.intl.kit.edu\/migrants","event-target-group":[{"target-group":"students"}],"event-target-group-comment":"m\u00fclteci\/g\u00f6\u00e7men stat\u00fcs\u00fcne sahip","event-free":true,"event-organiser":[16301,15961],"event-header-copyright-overlay":true,"event-copyright-note-description-end":false},"featured_image_urls_v2":{"full":["https:\/\/www.anika-net.de\/wp-content\/uploads\/2021\/09\/KITlogo_4c_deutsch_RGB_02.jpg",817,376,false],"thumbnail":["https:\/\/www.anika-net.de\/wp-content\/uploads\/2021\/09\/KITlogo_4c_deutsch_RGB_02-150x150.jpg",150,150,true],"medium":["https:\/\/www.anika-net.de\/wp-content\/uploads\/2021\/09\/KITlogo_4c_deutsch_RGB_02-300x138.jpg",300,138,true],"medium_large":["https:\/\/www.anika-net.de\/wp-content\/uploads\/2021\/09\/KITlogo_4c_deutsch_RGB_02-768x353.jpg",640,294,true],"large":["https:\/\/www.anika-net.de\/wp-content\/uploads\/2021\/09\/KITlogo_4c_deutsch_RGB_02.jpg",640,295,false],"1536x1536":["https:\/\/www.anika-net.de\/wp-content\/uploads\/2021\/09\/KITlogo_4c_deutsch_RGB_02.jpg",817,376,false],"2048x2048":["https:\/\/www.anika-net.de\/wp-content\/uploads\/2021\/09\/KITlogo_4c_deutsch_RGB_02.jpg",817,376,false],"event-overview":["https:\/\/www.anika-net.de\/wp-content\/uploads\/2021\/09\/KITlogo_4c_deutsch_RGB_02.jpg",817,376,false],"event-archive-thumb":["https:\/\/www.anika-net.de\/wp-content\/uploads\/2021\/09\/KITlogo_4c_deutsch_RGB_02.jpg",480,221,false],"grid-item-thumbnail":["https:\/\/www.anika-net.de\/wp-content\/uploads\/2021\/09\/KITlogo_4c_deutsch_RGB_02-360x200.jpg",360,200,true],"network-partner-icon":["https:\/\/www.anika-net.de\/wp-content\/uploads\/2021\/09\/KITlogo_4c_deutsch_RGB_02-100x100.jpg",100,100,true],"organiser-icon":["https:\/\/www.anika-net.de\/wp-content\/uploads\/2021\/09\/KITlogo_4c_deutsch_RGB_02.jpg",200,92,false],"gform-image-choice-sm":["https:\/\/www.anika-net.de\/wp-content\/uploads\/2021\/09\/KITlogo_4c_deutsch_RGB_02.jpg",300,138,false],"gform-image-choice-md":["https:\/\/www.anika-net.de\/wp-content\/uploads\/2021\/09\/KITlogo_4c_deutsch_RGB_02.jpg",400,184,false],"gform-image-choice-lg":["https:\/\/www.anika-net.de\/wp-content\/uploads\/2021\/09\/KITlogo_4c_deutsch_RGB_02.jpg",600,276,false]},"post_excerpt_stackable_v2":"<p>M\u00fclteci\/g\u00f6\u00e7men sta\u00adt\u00fc\u00ads\u00fcn\u00adde\u00adki aday \u00f6\u011fren\u00adci\u00adler i\u00e7in dan\u0131\u015f\u00adman\u00adl\u0131k&nbsp;ofi\u00adsi Alman\u00adya\u00ad\u2019\u00adda e\u011fi\u00adtim almak\u00adla ilgi\u00adle\u00adni\u00adyor musu\u00adnuz?Dan\u0131\u015f\u00adma saat\u00adle\u00adri\u00admiz\u00adde kabul ile ilgi\u00adli soru\u00adla\u00adr\u0131\u00adn\u0131\u00adz\u0131 yan\u0131t\u00adl\u0131\u00adyo\u00adruz. L\u00fct\u00adfen ran\u00adde\u00advu i\u00e7in bel\u00adge\u00adle\u00adri\u00adni\u00adzi haz\u0131r bulun\u00addur\u00addu\u00ad\u011fu\u00adnuz\u00addan emin&nbsp;olun: Dil ser\u00adti\u00adfi\u00adka\u00ads\u0131 Okul bitir\u00adme ser\u00adti\u00adfi\u00adka\u00ads\u0131 ve \u00fcni\u00adver\u00adsi\u00adte dip\u00adlo\u00adma\u00ads\u0131 Alman\u00adya\u00ad\u2019\u00adda otur\u00adma&nbsp;izni \ud83d\udce7 \u00c7ev\u00adri\u00admi\u00ad\u00e7i dan\u0131\u015f\u00adman\u00adl\u0131kHer Per\u00ad\u015fem\u00adbe, 14:00 \u2014 16:00\u00c7ev\u00adri\u00admi\u00ad\u00e7i dan\u0131\u015f\u00adman\u00adl\u0131k i\u00e7in l\u00fct\u00adfen ran\u00adde\u00advu almak \u00fcze\u00adre bize e\u2011posta g\u00f6n\u00adde\u00adrin. \ud83d\udde3\ufe0f Y\u00fcz y\u00fcze dan\u0131\u015f\u00adman\u00adl\u0131kSaat 14:00 \u2014 14:00 ara\u00ads\u0131 Ade\u00adna\u00adu\u00ader\u00adring 2\u2019debina 50.20, oda&nbsp;005 \ud83d\udccc Tarih\u00adler 2026 Huzur\u00adda: 22. Ocak \u2014 05. &amp; 19. \u015eubat \u015eubat05. &amp; 19. Mart \u2014 23 Nisan Nisan07. May\u0131s \u2014 11. &amp; 25. Hazi\u00adran09. &amp; 23. Tem\u00admuz \u2014 17. Eyl\u00fcl01. &amp; 15. Ekim \u2014 05. &amp;&nbsp;19.\u2026<\/p>\n","category_list_v2":"","author_info_v2":{"name":"Andrea Ramirez","url":"https:\/\/www.anika-net.de\/tr\/author\/andrea-ramirez\/"},"comments_num_v2":"0 comments","uagb_featured_image_src":{"full":["https:\/\/www.anika-net.de\/wp-content\/uploads\/2021\/09\/KITlogo_4c_deutsch_RGB_02.jpg",817,376,false],"thumbnail":["https:\/\/www.anika-net.de\/wp-content\/uploads\/2021\/09\/KITlogo_4c_deutsch_RGB_02-150x150.jpg",150,150,true],"medium":["https:\/\/www.anika-net.de\/wp-content\/uploads\/2021\/09\/KITlogo_4c_deutsch_RGB_02-300x138.jpg",300,138,true],"medium_large":["https:\/\/www.anika-net.de\/wp-content\/uploads\/2021\/09\/KITlogo_4c_deutsch_RGB_02-768x353.jpg",640,294,true],"large":["https:\/\/www.anika-net.de\/wp-content\/uploads\/2021\/09\/KITlogo_4c_deutsch_RGB_02.jpg",640,295,false],"1536x1536":["https:\/\/www.anika-net.de\/wp-content\/uploads\/2021\/09\/KITlogo_4c_deutsch_RGB_02.jpg",817,376,false],"2048x2048":["https:\/\/www.anika-net.de\/wp-content\/uploads\/2021\/09\/KITlogo_4c_deutsch_RGB_02.jpg",817,376,false],"event-overview":["https:\/\/www.anika-net.de\/wp-content\/uploads\/2021\/09\/KITlogo_4c_deutsch_RGB_02.jpg",817,376,false],"event-archive-thumb":["https:\/\/www.anika-net.de\/wp-content\/uploads\/2021\/09\/KITlogo_4c_deutsch_RGB_02.jpg",480,221,false],"grid-item-thumbnail":["https:\/\/www.anika-net.de\/wp-content\/uploads\/2021\/09\/KITlogo_4c_deutsch_RGB_02-360x200.jpg",360,200,true],"network-partner-icon":["https:\/\/www.anika-net.de\/wp-content\/uploads\/2021\/09\/KITlogo_4c_deutsch_RGB_02-100x100.jpg",100,100,true],"organiser-icon":["https:\/\/www.anika-net.de\/wp-content\/uploads\/2021\/09\/KITlogo_4c_deutsch_RGB_02.jpg",200,92,false],"gform-image-choice-sm":["https:\/\/www.anika-net.de\/wp-content\/uploads\/2021\/09\/KITlogo_4c_deutsch_RGB_02.jpg",300,138,false],"gform-image-choice-md":["https:\/\/www.anika-net.de\/wp-content\/uploads\/2021\/09\/KITlogo_4c_deutsch_RGB_02.jpg",400,184,false],"gform-image-choice-lg":["https:\/\/www.anika-net.de\/wp-content\/uploads\/2021\/09\/KITlogo_4c_deutsch_RGB_02.jpg",600,276,false]},"uagb_author_info":{"display_name":"Andrea Ramirez","author_link":"https:\/\/www.anika-net.de\/tr\/author\/andrea-ramirez\/"},"uagb_comment_info":0,"uagb_excerpt":"M\u00fclteci\/g\u00f6\u00e7men sta\u00adt\u00fc\u00ads\u00fcn\u00adde\u00adki aday \u00f6\u011fren\u00adci\u00adler i\u00e7in dan\u0131\u015f\u00adman\u00adl\u0131k&nbsp;ofisi Alman\u00adya\u00ad\u2019\u00adda e\u011fi\u00adtim almak\u00adla ilgi\u00adle\u00adni\u00adyor musu\u00adnuz?Dan\u0131\u015f\u00adma saat\u00adle\u00adri\u00admiz\u00adde kabul ile ilgi\u00adli soru\u00adla\u00adr\u0131\u00adn\u0131\u00adz\u0131 yan\u0131tl\u0131yoruz. L\u00fct\u00adfen ran\u00adde\u00advu i\u00e7in bel\u00adge\u00adle\u00adri\u00adni\u00adzi haz\u0131r bulun\u00addur\u00addu\u00ad\u011fu\u00adnuz\u00addan emin&nbsp;olun: Dil ser\u00adti\u00adfi\u00adka\u00ads\u0131 Okul bitir\u00adme ser\u00adti\u00adfi\u00adka\u00ads\u0131 ve&nbsp;daha fazla okuyun","_links":{"self":[{"href":"https:\/\/www.anika-net.de\/tr\/wp-json\/wp\/v2\/event\/17382","targetHints":{"allow":["GET"]}}],"collection":[{"href":"https:\/\/www.anika-net.de\/tr\/wp-json\/wp\/v2\/event"}],"about":[{"href":"https:\/\/www.anika-net.de\/tr\/wp-json\/wp\/v2\/types\/event"}],"author":[{"embeddable":true,"href":"https:\/\/www.anika-net.de\/tr\/wp-json\/wp\/v2\/users\/12"}],"version-history":[{"count":2,"href":"https:\/\/www.anika-net.de\/tr\/wp-json\/wp\/v2\/event\/17382\/revisions"}],"predecessor-version":[{"id":118028,"href":"https:\/\/www.anika-net.de\/tr\/wp-json\/wp\/v2\/event\/17382\/revisions\/118028"}],"acf:post":[{"embeddable":true,"href":"https:\/\/www.anika-net.de\/tr\/wp-json\/wp\/v2\/organiser\/15961"},{"embeddable":true,"href":"https:\/\/www.anika-net.de\/tr\/wp-json\/wp\/v2\/organiser\/16301"}],"acf:term":[{"embeddable":true,"taxonomy":"event_category","href":"https:\/\/www.anika-net.de\/tr\/wp-json\/wp\/v2\/event_category\/94"}],"wp:featuredmedia":[{"embeddable":true,"href":"https:\/\/www.anika-net.de\/tr\/wp-json\/wp\/v2\/media\/2870"}],"wp:attachment":[{"href":"https:\/\/www.anika-net.de\/tr\/wp-json\/wp\/v2\/media?parent=17382"}],"curies":[{"name":"wp","href":"https:\/\/api.w.org\/{rel}","templated":true}]}}