{"id":17270,"date":"2019-04-06T16:01:55","date_gmt":"2019-04-06T14:01:55","guid":{"rendered":"https:\/\/www.anika-net.de\/event\/trauma-counseling\/"},"modified":"2024-10-14T14:14:27","modified_gmt":"2024-10-14T12:14:27","slug":"trauma-counseling","status":"publish","type":"event","link":"https:\/\/www.anika-net.de\/tr\/event\/trauma-counseling\/","title":{"rendered":"Trav\u00adma ge\u00e7ir\u00admi\u015f m\u00fcl\u00adte\u00adci\u00adler i\u00e7in psi\u00adki\u00adyat\u00adrik-sos\u00adyal&nbsp;bak\u0131m"},"content":{"rendered":"<h3><span style=\"color: #666699;\">Vere\u00adin zur Unters\u00adt\u00fct\u00adzung tra\u00aduma\u00adti\u00adsi\u00ader\u00adter Mig\u00adran\u00adten in Karlsruhe<\/span><\/h3>\n<h1><span style=\"color: #ffcc00;\">Der\u00adnek, trav\u00adma ge\u00e7ir\u00admi\u015f m\u00fcl\u00adte\u00adci\u00adler i\u00e7in t\u0131b\u00adbi ve psi\u00adki\u00adyat\u00adrik-sos\u00adyal bak\u0131\u00adm\u0131 ve g\u00f6\u00e7\u00admen\u00adle\u00adrin enteg\u00adras\u00adyo\u00adnu\u00adnu te\u015f\u00advik etme\u00adyi ama\u00e7l\u0131yor.<\/span><\/h1>\n<ul>\n<li>Genel\u00adlik\u00adle ter\u00adc\u00fc\u00adman des\u00adte\u00ad\u011fi ile din\u00adle\u00admek ve anla\u00admak i\u00e7in zaman ay\u0131r\u0131yoruz.<\/li>\n<li>Dan\u0131\u015f\u00adman\u00adl\u0131k sa\u011f\u00adl\u0131\u00adyo\u00adruz, gere\u00adkir\u00adse ilk te\u015f\u00adhi\u00adsi koyu\u00adyo\u00adruz, durum hak\u00adk\u0131n\u00adda bil\u00adgi veri\u00adyo\u00adruz ve des\u00adtek se\u00e7e\u00adnek\u00adle\u00adri\u00adni tart\u0131\u015f\u0131yoruz.<br>\nBunu yapar\u00adken has\u00adta\u00adla\u00adr\u0131n kay\u00adnak\u00adla\u00adr\u0131\u00adna dik\u00adkat edi\u00adyor ve onla\u00adr\u0131 ken\u00addi ken\u00addi\u00adle\u00adri\u00adne yar\u00add\u0131m se\u00e7e\u00adnek\u00adle\u00adri konu\u00adsun\u00adda te\u015f\u00advik ediyoruz.&nbsp;<\/li>\n<li>Psi\u00adki\u00adyat\u00adrik ve\/veya psi\u00adko\u00adte\u00adra\u00adp\u00f6\u00adtik teda\u00advi d\u00fczen\u00adli\u00adyor ve reh\u00adber\u00adlik ediyoruz.<\/li>\n<li>S\u0131\u011f\u0131n\u00adma\u00adc\u0131\u00adla\u00adra des\u00adtek olmak i\u00e7in dok\u00adtor\u00adlar, dan\u0131\u015f\u00adma mer\u00adkez\u00adle\u00adri ve avu\u00adkat\u00adlar\u00adla i\u015fbir\u00adli\u00ad\u011fi yap\u0131\u00adyor veya yet\u00adki\u00adli\u00adler\u00adle ile\u00adti\u00ad\u015fi\u00adme ge\u00e7iyoruz.<\/li>\n<li>Ter\u00adc\u00fc\u00adman\u00adlar\u00addan olu\u00ad\u015fan bir a\u011f sa\u011fl\u0131yoruz.<\/li>\n<\/ul>\n","protected":false},"author":12,"featured_media":52658,"template":"","class_list":["post-17270","event","type-event","status-publish","has-post-thumbnail","hentry","event_category-yardim-olanaklari"],"acf":{"event-recurring":true,"event-category":95,"event-is-language-course":false,"event-recurring-still-active":true,"event-display-details":true,"event-schedules-recurring":[{"event-recurring-week-day":"0","event-recurring-time":"09:30 - 11.30","event-recurring-time-text":""}],"event-schedules-calendar":null,"event-is-online":false,"event-online-url":"","event-location-building":"Menschenrechtszentrum","event-location-street":"Alter Schlachthof   59","event-location-zip":"76131","event-location-city":"Karlsruhe","event-location-contact-person":"Dr. Katharina Corrinth","event-location-phone":"0721 \/ 62 88 306","event-location-phone-2":"0157 346 224 66 ","event-location-mail":"trauma-migranten@web.de","event-location-mail-2":"","event-location-website":"http:\/\/www.traumatisierte-migranten.de","event-target-group":[{"target-group":""}],"event-target-group-comment":"travma ge\u00e7i\u0307rmi\u0307\u015f g\u00f6\u00e7menler","event-free":true,"event-organiser":[16610],"event-header-copyright-overlay":true,"event-copyright-note-description-end":false},"featured_image_urls_v2":{"full":["https:\/\/www.anika-net.de\/wp-content\/uploads\/2019\/04\/support-by-trauma-scaled.jpg",2279,2560,false],"thumbnail":["https:\/\/www.anika-net.de\/wp-content\/uploads\/2019\/04\/support-by-trauma-150x150.jpg",150,150,true],"medium":["https:\/\/www.anika-net.de\/wp-content\/uploads\/2019\/04\/support-by-trauma-267x300.jpg",267,300,true],"medium_large":["https:\/\/www.anika-net.de\/wp-content\/uploads\/2019\/04\/support-by-trauma-768x863.jpg",640,719,true],"large":["https:\/\/www.anika-net.de\/wp-content\/uploads\/2019\/04\/support-by-trauma-912x1024.jpg",640,719,true],"1536x1536":["https:\/\/www.anika-net.de\/wp-content\/uploads\/2019\/04\/support-by-trauma-1367x1536.jpg",1367,1536,true],"2048x2048":["https:\/\/www.anika-net.de\/wp-content\/uploads\/2019\/04\/support-by-trauma-1823x2048.jpg",1823,2048,true],"event-overview":["https:\/\/www.anika-net.de\/wp-content\/uploads\/2019\/04\/support-by-trauma-960x640.jpg",960,640,true],"event-archive-thumb":["https:\/\/www.anika-net.de\/wp-content\/uploads\/2019\/04\/support-by-trauma-480x539.jpg",480,539,true],"grid-item-thumbnail":["https:\/\/www.anika-net.de\/wp-content\/uploads\/2019\/04\/support-by-trauma-360x200.jpg",360,200,true],"network-partner-icon":["https:\/\/www.anika-net.de\/wp-content\/uploads\/2019\/04\/support-by-trauma-100x100.jpg",100,100,true],"organiser-icon":["https:\/\/www.anika-net.de\/wp-content\/uploads\/2019\/04\/support-by-trauma-200x200.jpg",200,200,true],"gform-image-choice-sm":["https:\/\/www.anika-net.de\/wp-content\/uploads\/2019\/04\/support-by-trauma-scaled.jpg",267,300,false],"gform-image-choice-md":["https:\/\/www.anika-net.de\/wp-content\/uploads\/2019\/04\/support-by-trauma-scaled.jpg",356,400,false],"gform-image-choice-lg":["https:\/\/www.anika-net.de\/wp-content\/uploads\/2019\/04\/support-by-trauma-scaled.jpg",534,600,false]},"post_excerpt_stackable_v2":"<p>Vere\u00adin zur Unters\u00adt\u00fct\u00adzung tra\u00aduma\u00adti\u00adsi\u00ader\u00adter Mig\u00adran\u00adten in Karls\u00adru\u00adhe Der\u00adnek, trav\u00adma ge\u00e7ir\u00admi\u015f m\u00fcl\u00adte\u00adci\u00adler i\u00e7in t\u0131b\u00adbi ve psi\u00ad\u00ad\u00adki\u00ad\u00ad\u00adya\u00adt\u00ad\u00ad\u00adrik-sos\u00ad\u00ad\u00adyal bak\u0131\u00adm\u0131 ve g\u00f6\u00e7\u00admen\u00adle\u00adrin enteg\u00adras\u00adyo\u00adnu\u00adnu te\u015f\u00advik etme\u00adyi ama\u00e7\u00adl\u0131\u00adyor. Genel\u00adlik\u00adle ter\u00adc\u00fc\u00adman des\u00adte\u00ad\u011fi ile din\u00adle\u00admek ve anla\u00admak i\u00e7in zaman ay\u0131\u00adr\u0131\u00adyo\u00adruz. Dan\u0131\u015f\u00adman\u00adl\u0131k sa\u011f\u00adl\u0131\u00adyo\u00adruz, gere\u00adkir\u00adse ilk te\u015f\u00adhi\u00adsi koyu\u00adyo\u00adruz, durum hak\u00adk\u0131n\u00adda bil\u00adgi veri\u00adyo\u00adruz ve des\u00adtek se\u00e7e\u00adnek\u00adle\u00adri\u00adni tar\u00adt\u0131\u00ad\u015f\u0131\u00adyo\u00adruz. Bunu yapar\u00adken has\u00adta\u00adla\u00adr\u0131n kay\u00adnak\u00adla\u00adr\u0131\u00adna dik\u00adkat edi\u00adyor ve onla\u00adr\u0131 ken\u00addi ken\u00addi\u00adle\u00adri\u00adne yar\u00add\u0131m se\u00e7e\u00adnek\u00adle\u00adri konu\u00adsun\u00adda te\u015f\u00advik edi\u00adyo\u00adruz.&nbsp; Psi\u00adki\u00adyat\u00adrik ve\/veya psi\u00adko\u00adte\u00adra\u00adp\u00f6\u00adtik teda\u00advi d\u00fczen\u00adli\u00adyor ve reh\u00adber\u00adlik edi\u00adyo\u00adruz. S\u0131\u011f\u0131n\u00adma\u00adc\u0131\u00adla\u00adra des\u00adtek olmak i\u00e7in dok\u00adtor\u00adlar, dan\u0131\u015f\u00adma mer\u00adkez\u00adle\u00adri ve avu\u00adkat\u00adlar\u00adla i\u015fbir\u00adli\u00ad\u011fi yap\u0131\u00adyor veya yet\u00adki\u00adli\u00adler\u00adle ile\u00adti\u00ad\u015fi\u00adme ge\u00e7i\u00adyo\u00adruz. Ter\u00adc\u00fc\u00adman\u00adlar\u00addan olu\u00ad\u015fan bir a\u011f sa\u011fl\u0131yoruz.<\/p>\n","category_list_v2":"","author_info_v2":{"name":"Andrea Ramirez","url":"https:\/\/www.anika-net.de\/tr\/author\/andrea-ramirez\/"},"comments_num_v2":"0 comments","uagb_featured_image_src":{"full":["https:\/\/www.anika-net.de\/wp-content\/uploads\/2019\/04\/support-by-trauma-scaled.jpg",2279,2560,false],"thumbnail":["https:\/\/www.anika-net.de\/wp-content\/uploads\/2019\/04\/support-by-trauma-150x150.jpg",150,150,true],"medium":["https:\/\/www.anika-net.de\/wp-content\/uploads\/2019\/04\/support-by-trauma-267x300.jpg",267,300,true],"medium_large":["https:\/\/www.anika-net.de\/wp-content\/uploads\/2019\/04\/support-by-trauma-768x863.jpg",640,719,true],"large":["https:\/\/www.anika-net.de\/wp-content\/uploads\/2019\/04\/support-by-trauma-912x1024.jpg",640,719,true],"1536x1536":["https:\/\/www.anika-net.de\/wp-content\/uploads\/2019\/04\/support-by-trauma-1367x1536.jpg",1367,1536,true],"2048x2048":["https:\/\/www.anika-net.de\/wp-content\/uploads\/2019\/04\/support-by-trauma-1823x2048.jpg",1823,2048,true],"event-overview":["https:\/\/www.anika-net.de\/wp-content\/uploads\/2019\/04\/support-by-trauma-960x640.jpg",960,640,true],"event-archive-thumb":["https:\/\/www.anika-net.de\/wp-content\/uploads\/2019\/04\/support-by-trauma-480x539.jpg",480,539,true],"grid-item-thumbnail":["https:\/\/www.anika-net.de\/wp-content\/uploads\/2019\/04\/support-by-trauma-360x200.jpg",360,200,true],"network-partner-icon":["https:\/\/www.anika-net.de\/wp-content\/uploads\/2019\/04\/support-by-trauma-100x100.jpg",100,100,true],"organiser-icon":["https:\/\/www.anika-net.de\/wp-content\/uploads\/2019\/04\/support-by-trauma-200x200.jpg",200,200,true],"gform-image-choice-sm":["https:\/\/www.anika-net.de\/wp-content\/uploads\/2019\/04\/support-by-trauma-scaled.jpg",267,300,false],"gform-image-choice-md":["https:\/\/www.anika-net.de\/wp-content\/uploads\/2019\/04\/support-by-trauma-scaled.jpg",356,400,false],"gform-image-choice-lg":["https:\/\/www.anika-net.de\/wp-content\/uploads\/2019\/04\/support-by-trauma-scaled.jpg",534,600,false]},"uagb_author_info":{"display_name":"Andrea Ramirez","author_link":"https:\/\/www.anika-net.de\/tr\/author\/andrea-ramirez\/"},"uagb_comment_info":0,"uagb_excerpt":"Vere\u00adin zur Unters\u00adt\u00fct\u00adzung tra\u00aduma\u00adti\u00adsi\u00ader\u00adter Mig\u00adran\u00adten in Karlsruhe Der\u00adnek, trav\u00adma ge\u00e7ir\u00admi\u015f m\u00fcl\u00adte\u00adci\u00adler i\u00e7in t\u0131b\u00adbi ve psi\u00adki\u00adyat\u00adrik-sos\u00adyal bak\u0131\u00adm\u0131 ve g\u00f6\u00e7\u00admen\u00adle\u00adrin enteg\u00adras\u00adyo\u00adnu\u00adnu te\u015f\u00advik etme\u00adyi ama\u00e7l\u0131yor. Genel\u00adlik\u00adle ter\u00adc\u00fc\u00adman des\u00adte\u00ad\u011fi ile din\u00adle\u00admek ve anla\u00admak i\u00e7in&nbsp;daha fazla okuyun","_links":{"self":[{"href":"https:\/\/www.anika-net.de\/tr\/wp-json\/wp\/v2\/event\/17270","targetHints":{"allow":["GET"]}}],"collection":[{"href":"https:\/\/www.anika-net.de\/tr\/wp-json\/wp\/v2\/event"}],"about":[{"href":"https:\/\/www.anika-net.de\/tr\/wp-json\/wp\/v2\/types\/event"}],"author":[{"embeddable":true,"href":"https:\/\/www.anika-net.de\/tr\/wp-json\/wp\/v2\/users\/12"}],"version-history":[{"count":1,"href":"https:\/\/www.anika-net.de\/tr\/wp-json\/wp\/v2\/event\/17270\/revisions"}],"predecessor-version":[{"id":54298,"href":"https:\/\/www.anika-net.de\/tr\/wp-json\/wp\/v2\/event\/17270\/revisions\/54298"}],"acf:post":[{"embeddable":true,"href":"https:\/\/www.anika-net.de\/tr\/wp-json\/wp\/v2\/organiser\/16610"}],"acf:term":[{"embeddable":true,"taxonomy":"event_category","href":"https:\/\/www.anika-net.de\/tr\/wp-json\/wp\/v2\/event_category\/95"}],"wp:featuredmedia":[{"embeddable":true,"href":"https:\/\/www.anika-net.de\/tr\/wp-json\/wp\/v2\/media\/52658"}],"wp:attachment":[{"href":"https:\/\/www.anika-net.de\/tr\/wp-json\/wp\/v2\/media?parent=17270"}],"curies":[{"name":"wp","href":"https:\/\/api.w.org\/{rel}","templated":true}]}}