{"id":17257,"date":"2019-03-21T16:46:47","date_gmt":"2019-03-21T15:46:47","guid":{"rendered":"https:\/\/www.anika-net.de\/event\/return-counseling-return-assistance\/"},"modified":"2024-09-17T12:25:51","modified_gmt":"2024-09-17T10:25:51","slug":"return-counseling-return-assistance","status":"publish","type":"event","link":"https:\/\/www.anika-net.de\/tr\/event\/return-counseling-return-assistance\/","title":{"rendered":"Geri d\u00f6n\u00fc\u015f dan\u0131\u015fmanl\u0131\u011f\u0131"},"content":{"rendered":"<blockquote>\n<h2><em><span style=\"color: #666699;\">\u0130ns\u00adanl\u00adar\u00ad\u0131n ken\u00addi \u00fclke\u00adle\u00adrin\u00adde yeni bir ba\u015f\u00adlan\u00adg\u0131\u00e7 yap\u00adma\u00adla\u00adr\u0131\u00adna yar\u00add\u0131m\u00adc\u0131&nbsp;olmak<\/span><\/em><\/h2>\n<\/blockquote>\n<h1><span style=\"color: #ffcc00;\">Geri d\u00f6n\u00fc\u015f dan\u0131\u015fmanl\u0131\u011f\u0131&nbsp;<\/span><\/h1>\n<h4>\ud83d\udcde tele\u00adfon veya e\u2011posta ile ran\u00adde\u00advu&nbsp;almak<\/h4>\n<p><span style=\"color: #808080;\"><strong>Ofis saat\u00adle\u00adri:<\/strong><\/span><strong>Pazar\u00adte\u00adsi \u2014 Cuma,<\/strong> sabah 9:00 <strong>-<\/strong> \u00f6\u011flen 12:00 ve <strong>Pazar\u00adte\u00adsi \u2014 Per\u00ad\u015fem\u00adbe,<\/strong> <strong>14<\/strong>:00 \u2014 16:00.<br>\n<span style=\"color: #808080;\"><strong>Tele\u00adfon\u00adla ile\u00adti\u00ad\u015fim<\/strong>:<\/span><strong>Pazar\u00adte\u00adsi \u2014 Cuma,<\/strong> 8:30 <strong>-<\/strong> 12:30 ve <strong>Pazar\u00adte\u00adsi \u2014 Per\u00ad\u015fem\u00adbe,<\/strong> 1:30 \u2014 10:00   <span style=\"color: #008080;\"><strong>Biz senin i\u00e7in buraday\u0131z<\/strong><\/span><\/p>\n<ul>\n<li>  ken\u00addi \u00fclke\u00adni\u00adze d\u00f6n\u00adme arzu\u00adnuz&nbsp;varsa<\/li>\n<li>emin de\u011fil\u00adse\u00adniz ve \u015fu anda ora\u00adda ne bek\u00adle\u00adye\u00adce\u00ad\u011fi\u00adni\u00adzi bilmiyorsan\u0131z<\/li>\n<li>d\u00f6n\u00fc\u00ad\u015f\u00fc\u00adn\u00fcz i\u00e7in tav\u00adsi\u00adye ve finan\u00adsal des\u00adte\u00ad\u011fe ihti\u00adya\u00adc\u0131\u00adn\u0131z&nbsp;varsa<\/li>\n<\/ul>\n<h4><span style=\"color: #008080;\"><strong>Dan\u0131\u015f\u00adman\u00adl\u0131k \u015fu ama\u00e7\u00adla\u00adra y\u00f6neliktir:<\/strong><\/span><\/h4>\n<ul>\n<li>Tan\u0131\u00adnan ve ho\u015f\u00adg\u00f6\u00adr\u00fc\u00adlen m\u00fclteciler<\/li>\n<li>S\u0131\u011f\u0131n\u00adma\u00adc\u0131\u00adlar<\/li>\n<li>Otur\u00adma izni olma\u00adyan ki\u015fi\u00adler ve sos\u00adyal yar\u00add\u0131m alan yabanc\u0131lar<\/li>\n<\/ul>\n<h4><span style=\"color: #008080;\"><strong>Tek\u00adli\u00adfi\u00admiz<\/strong><\/span><\/h4>\n<ul>\n<li>D\u00f6n\u00fc\u015f yol\u00adcu\u00adlu\u00ad\u011fu\u00adnu orga\u00adni\u00adze etme\u00adde destek<\/li>\n<li>Ana\u00adva\u00adtan\u00adda\u00adki mev\u00adcut siya\u00adsi ve eko\u00adno\u00admik durum \u00fcze\u00adri\u00adne ara\u015ft\u0131rma<\/li>\n<li>Mev\u00adcut des\u00adtek prog\u00adram\u00adla\u00adr\u0131 hak\u00adk\u0131n\u00adda tavsiye<\/li>\n<li>Bar\u0131n\u00adma ve istih\u00addam ola\u00adnak\u00adla\u00adr\u0131, ge\u00e7im kay\u00adnak\u00adla\u00adr\u0131\u00adn\u0131n g\u00fcven\u00adce alt\u0131\u00adna al\u0131n\u00adma\u00ads\u0131, gerek\u00adli t\u0131b\u00adbi bak\u0131\u00adm\u0131n yan\u0131 s\u0131ra \u00e7ocuk\u00adlar i\u00e7in e\u011fi\u00adtim ve mes\u00adle\u00adki f\u0131r\u00adsat\u00adlar a\u00e7\u0131\u00ads\u0131n\u00addan birey\u00adsel bir geri d\u00f6n\u00fc\u015f kon\u00adsep\u00adti\u00adnin geli\u015ftirilmesi.<\/li>\n<li>Yerin\u00adde yeni\u00adden enteg\u00adras\u00adyon s\u00fcre\u00adci\u00adne e\u015flik etme\u00adye ve des\u00adtek\u00adle\u00adme\u00adye devam edecek olan ken\u00addi \u00fclke\u00adsin\u00adde\u00adki kuru\u00adlu\u015f\u00adla\u00adra y\u00f6nlendirme<\/li>\n<\/ul>\n<h4><span style=\"color: #008080;\"><strong>Bizim hede\u00adfi\u00admiz<\/strong><\/span><\/h4>\n<blockquote><p><strong><span style=\"color: #808080;\"><em>Geri d\u00f6n\u00admek iste\u00adyen\u00adle\u00adrin \u00fclke\u00adle\u00adri\u00adne g\u00fcven\u00adli bir \u015fekil\u00adde ve bir pers\u00adpek\u00adtif\u00adle d\u00f6nebilmeleri.<\/em><\/span><\/strong><\/p><\/blockquote>\n<p>  Dan\u0131\u015f\u00adman\u00adl\u0131k hiz\u00adme\u00adti g\u00f6n\u00fcl\u00adl\u00fc\u00adl\u00fck esa\u00ads\u0131\u00adna daya\u00adn\u0131r ve a\u00e7\u0131k u\u00e7ludur.<br>\nG\u00f6r\u00fc\u015f\u00adme\u00adle\u00adrin i\u00e7e\u00adri\u00ad\u011fi gizlidir.&nbsp;<\/p>\n","protected":false},"author":12,"featured_media":34989,"template":"","class_list":["post-17257","event","type-event","status-publish","has-post-thumbnail","hentry","event_category-yardim-olanaklari"],"acf":{"event-recurring":true,"event-category":95,"event-is-language-course":false,"event-recurring-still-active":true,"event-display-details":true,"event-schedules-recurring":[{"event-recurring-week-day":"0","event-recurring-time":"","event-recurring-time-text":"telefon veya e-posta ile randevu  "},{"event-recurring-week-day":"1","event-recurring-time":"","event-recurring-time-text":"D\u00fczenlemeye g\u00f6re zaman"},{"event-recurring-week-day":"2","event-recurring-time":"","event-recurring-time-text":"D\u00fczenlemeye g\u00f6re zaman"},{"event-recurring-week-day":"3","event-recurring-time":"","event-recurring-time-text":"D\u00fczenlemeye g\u00f6re zaman"},{"event-recurring-week-day":"4","event-recurring-time":"","event-recurring-time-text":"D\u00fczenlemeye g\u00f6re zaman"}],"event-schedules-calendar":null,"event-is-online":false,"event-online-url":"","event-location-building":"Beratungs- und Familienzentrum Caritashaus","event-location-street":"Sophienstra\u00dfe  33","event-location-zip":"76133","event-location-city":"Karlsruhe","event-location-contact-person":"Tamara Hillens","event-location-phone":"+49 721 91243-16","event-location-phone-2":"","event-location-mail":"sekretariat-oemd@caritas-karlsruhe.de","event-location-mail-2":"","event-location-website":"https:\/\/www.caritas-karlsruhe.de\/oemd","event-target-group":[{"target-group":"adults"}],"event-target-group-comment":"","event-free":true,"event-organiser":[15976],"event-header-copyright-overlay":true,"event-copyright-note-description-end":false},"featured_image_urls_v2":{"full":["https:\/\/www.anika-net.de\/wp-content\/uploads\/2019\/03\/Caritas-und-Diakonie.jpg",1181,709,false],"thumbnail":["https:\/\/www.anika-net.de\/wp-content\/uploads\/2019\/03\/Caritas-und-Diakonie-150x150.jpg",150,150,true],"medium":["https:\/\/www.anika-net.de\/wp-content\/uploads\/2019\/03\/Caritas-und-Diakonie-300x180.jpg",300,180,true],"medium_large":["https:\/\/www.anika-net.de\/wp-content\/uploads\/2019\/03\/Caritas-und-Diakonie-768x461.jpg",640,384,true],"large":["https:\/\/www.anika-net.de\/wp-content\/uploads\/2019\/03\/Caritas-und-Diakonie-1024x615.jpg",640,384,true],"1536x1536":["https:\/\/www.anika-net.de\/wp-content\/uploads\/2019\/03\/Caritas-und-Diakonie.jpg",1181,709,false],"2048x2048":["https:\/\/www.anika-net.de\/wp-content\/uploads\/2019\/03\/Caritas-und-Diakonie.jpg",1181,709,false],"event-overview":["https:\/\/www.anika-net.de\/wp-content\/uploads\/2019\/03\/Caritas-und-Diakonie-960x640.jpg",960,640,true],"event-archive-thumb":["https:\/\/www.anika-net.de\/wp-content\/uploads\/2019\/03\/Caritas-und-Diakonie-480x288.jpg",480,288,true],"grid-item-thumbnail":["https:\/\/www.anika-net.de\/wp-content\/uploads\/2019\/03\/Caritas-und-Diakonie-360x200.jpg",360,200,true],"network-partner-icon":["https:\/\/www.anika-net.de\/wp-content\/uploads\/2019\/03\/Caritas-und-Diakonie-100x100.jpg",100,100,true],"organiser-icon":["https:\/\/www.anika-net.de\/wp-content\/uploads\/2019\/03\/Caritas-und-Diakonie-200x200.jpg",200,200,true],"gform-image-choice-sm":["https:\/\/www.anika-net.de\/wp-content\/uploads\/2019\/03\/Caritas-und-Diakonie.jpg",300,180,false],"gform-image-choice-md":["https:\/\/www.anika-net.de\/wp-content\/uploads\/2019\/03\/Caritas-und-Diakonie.jpg",400,240,false],"gform-image-choice-lg":["https:\/\/www.anika-net.de\/wp-content\/uploads\/2019\/03\/Caritas-und-Diakonie.jpg",600,360,false]},"post_excerpt_stackable_v2":"<p>\u0130ns\u00adanl\u00adar\u00ad\u0131n ken\u00addi \u00fclke\u00adle\u00adrin\u00adde yeni bir ba\u015f\u00adlan\u00adg\u0131\u00e7 yap\u00adma\u00adla\u00adr\u0131\u00adna yar\u00add\u0131m\u00adc\u0131&nbsp;olmak Geri d\u00f6n\u00fc\u015f dan\u0131\u015f\u00adman\u00adl\u0131\u00ad\u011f\u0131&nbsp; \ud83d\udcde tele\u00adfon veya e\u2011posta ile ran\u00adde\u00advu&nbsp;almak Ofis saat\u00adle\u00adri:Pazar\u00adte\u00adsi \u2014 Cuma, sabah 9:00 \u2014 \u00f6\u011flen 12:00 ve Pazar\u00adte\u00adsi \u2014 Per\u00ad\u015fem\u00adbe, 14:00 \u2014 16:00. Tele\u00adfon\u00adla ile\u00adti\u00ad\u015fim:Pazar\u00adte\u00adsi \u2014 Cuma, 8:30 \u2014 12:30 ve Pazar\u00adte\u00adsi \u2014 Per\u00ad\u015fem\u00adbe, 1:30 \u2014 10:00 Biz senin i\u00e7in bura\u00adda\u00ady\u0131z ken\u00addi \u00fclke\u00adni\u00adze d\u00f6n\u00adme arzu\u00adnuz&nbsp;var\u00adsa emin de\u011fil\u00adse\u00adniz ve \u015fu anda ora\u00adda ne bek\u00adle\u00adye\u00adce\u00ad\u011fi\u00adni\u00adzi bil\u00admi\u00adyor\u00adsa\u00adn\u0131z d\u00f6n\u00fc\u00ad\u015f\u00fc\u00adn\u00fcz i\u00e7in tav\u00adsi\u00adye ve finan\u00adsal des\u00adte\u00ad\u011fe ihti\u00adya\u00adc\u0131\u00adn\u0131z&nbsp;var\u00adsa Dan\u0131\u015f\u00adman\u00adl\u0131k \u015fu ama\u00e7\u00adla\u00adra y\u00f6ne\u00adlik\u00adtir: Tan\u0131\u00adnan ve ho\u015f\u00adg\u00f6\u00adr\u00fc\u00adlen m\u00fcl\u00adte\u00adci\u00adler S\u0131\u011f\u0131n\u00adma\u00adc\u0131\u00adlar Otur\u00adma izni olma\u00adyan ki\u015fi\u00adler ve sos\u00adyal yar\u00add\u0131m alan yaban\u00adc\u0131\u00adlar Tek\u00adli\u00adfi\u00admiz D\u00f6n\u00fc\u015f yol\u00adcu\u00adlu\u00ad\u011fu\u00adnu orga\u00adni\u00adze etme\u00adde des\u00adtek Ana\u00adva\u00adtan\u00adda\u00adki mev\u00adcut siya\u00adsi ve ekonomik\u2026<\/p>\n","category_list_v2":"","author_info_v2":{"name":"Andrea Ramirez","url":"https:\/\/www.anika-net.de\/tr\/author\/andrea-ramirez\/"},"comments_num_v2":"0 comments","uagb_featured_image_src":{"full":["https:\/\/www.anika-net.de\/wp-content\/uploads\/2019\/03\/Caritas-und-Diakonie.jpg",1181,709,false],"thumbnail":["https:\/\/www.anika-net.de\/wp-content\/uploads\/2019\/03\/Caritas-und-Diakonie-150x150.jpg",150,150,true],"medium":["https:\/\/www.anika-net.de\/wp-content\/uploads\/2019\/03\/Caritas-und-Diakonie-300x180.jpg",300,180,true],"medium_large":["https:\/\/www.anika-net.de\/wp-content\/uploads\/2019\/03\/Caritas-und-Diakonie-768x461.jpg",640,384,true],"large":["https:\/\/www.anika-net.de\/wp-content\/uploads\/2019\/03\/Caritas-und-Diakonie-1024x615.jpg",640,384,true],"1536x1536":["https:\/\/www.anika-net.de\/wp-content\/uploads\/2019\/03\/Caritas-und-Diakonie.jpg",1181,709,false],"2048x2048":["https:\/\/www.anika-net.de\/wp-content\/uploads\/2019\/03\/Caritas-und-Diakonie.jpg",1181,709,false],"event-overview":["https:\/\/www.anika-net.de\/wp-content\/uploads\/2019\/03\/Caritas-und-Diakonie-960x640.jpg",960,640,true],"event-archive-thumb":["https:\/\/www.anika-net.de\/wp-content\/uploads\/2019\/03\/Caritas-und-Diakonie-480x288.jpg",480,288,true],"grid-item-thumbnail":["https:\/\/www.anika-net.de\/wp-content\/uploads\/2019\/03\/Caritas-und-Diakonie-360x200.jpg",360,200,true],"network-partner-icon":["https:\/\/www.anika-net.de\/wp-content\/uploads\/2019\/03\/Caritas-und-Diakonie-100x100.jpg",100,100,true],"organiser-icon":["https:\/\/www.anika-net.de\/wp-content\/uploads\/2019\/03\/Caritas-und-Diakonie-200x200.jpg",200,200,true],"gform-image-choice-sm":["https:\/\/www.anika-net.de\/wp-content\/uploads\/2019\/03\/Caritas-und-Diakonie.jpg",300,180,false],"gform-image-choice-md":["https:\/\/www.anika-net.de\/wp-content\/uploads\/2019\/03\/Caritas-und-Diakonie.jpg",400,240,false],"gform-image-choice-lg":["https:\/\/www.anika-net.de\/wp-content\/uploads\/2019\/03\/Caritas-und-Diakonie.jpg",600,360,false]},"uagb_author_info":{"display_name":"Andrea Ramirez","author_link":"https:\/\/www.anika-net.de\/tr\/author\/andrea-ramirez\/"},"uagb_comment_info":0,"uagb_excerpt":"\u0130ns\u00adanl\u00adar\u00ad\u0131n ken\u00addi \u00fclke\u00adle\u00adrin\u00adde yeni bir ba\u015f\u00adlan\u00adg\u0131\u00e7 yap\u00adma\u00adla\u00adr\u0131\u00adna yar\u00add\u0131m\u00adc\u0131&nbsp;olmak Geri d\u00f6n\u00fc\u015f dan\u0131\u015fmanl\u0131\u011f\u0131&nbsp; \ud83d\udcde tele\u00adfon veya e\u2011posta ile ran\u00adde\u00advu&nbsp;almak Ofis saat\u00adle\u00adri:Pazar\u00adte\u00adsi \u2014 Cuma, sabah 9:00 - \u00f6\u011flen 12:00 ve Pazar\u00adte\u00adsi \u2014 Per\u00ad\u015fem\u00adbe,&nbsp;daha fazla okuyun","_links":{"self":[{"href":"https:\/\/www.anika-net.de\/tr\/wp-json\/wp\/v2\/event\/17257","targetHints":{"allow":["GET"]}}],"collection":[{"href":"https:\/\/www.anika-net.de\/tr\/wp-json\/wp\/v2\/event"}],"about":[{"href":"https:\/\/www.anika-net.de\/tr\/wp-json\/wp\/v2\/types\/event"}],"author":[{"embeddable":true,"href":"https:\/\/www.anika-net.de\/tr\/wp-json\/wp\/v2\/users\/12"}],"version-history":[{"count":1,"href":"https:\/\/www.anika-net.de\/tr\/wp-json\/wp\/v2\/event\/17257\/revisions"}],"predecessor-version":[{"id":53585,"href":"https:\/\/www.anika-net.de\/tr\/wp-json\/wp\/v2\/event\/17257\/revisions\/53585"}],"acf:post":[{"embeddable":true,"href":"https:\/\/www.anika-net.de\/tr\/wp-json\/wp\/v2\/organiser\/15976"}],"acf:term":[{"embeddable":true,"taxonomy":"event_category","href":"https:\/\/www.anika-net.de\/tr\/wp-json\/wp\/v2\/event_category\/95"}],"wp:featuredmedia":[{"embeddable":true,"href":"https:\/\/www.anika-net.de\/tr\/wp-json\/wp\/v2\/media\/34989"}],"wp:attachment":[{"href":"https:\/\/www.anika-net.de\/tr\/wp-json\/wp\/v2\/media?parent=17257"}],"curies":[{"name":"wp","href":"https:\/\/api.w.org\/{rel}","templated":true}]}}