{"id":17213,"date":"2021-03-24T09:06:42","date_gmt":"2021-03-24T08:06:42","guid":{"rendered":"https:\/\/www.anika-net.de\/event\/lgbtiq-in-karlsruhe\/"},"modified":"2022-03-20T14:03:19","modified_gmt":"2022-03-20T13:03:19","slug":"karlsruhede-lgbtiq-yardim","status":"publish","type":"event","link":"https:\/\/www.anika-net.de\/tr\/event\/karlsruhede-lgbtiq-yardim\/","title":{"rendered":"Karls\u00adru\u00adhe\u00ad\u2019\u00adde LGBTIQ* \u2014 Yard\u0131m"},"content":{"rendered":"<p><strong>isti\u00ad\u015fa\u00adre\u00adler<\/strong><\/p>\n<p>ILSE (Lez\u00adbi\u00adyen ve Gay Ebe\u00adveyn\u00adler Giri\u00ad\u015fi\u00admi) Karls\u00adru\u00adhe, t\u00fcm g\u00f6k\u00adku\u00ad\u015fa\u00ad\u011f\u0131 aile\u00adle\u00adri ve Karls\u00adru\u00adhe ve \u00e7ev\u00adre\u00adsin\u00adde bir olmak iste\u00adyen\u00adler i\u00e7in a\u00e7\u0131k bir grup\u00adtur. Alman\u00adya\u00ad\u2019\u00adda\u00adki bir\u00ad\u00e7ok b\u00f6l\u00adge\u00adsel grup\u00adla bir\u00adlik\u00adte, LSVD (Alman\u00adya\u00ad\u2019\u00adda\u00adki Lez\u00adbi\u00adyen ve Gay Der\u00adne\u00ad\u011fi) \u00e7at\u0131\u00ads\u0131 alt\u0131n\u00adda faali\u00adyet g\u00f6s\u00adte\u00adren bir a\u011f olu\u015fturuyoruz:<br>\nWeb: <a href=\"https:\/\/ilsekarlsruhe.wordpress.com\/\" target=\"_blank\" rel=\"noopener\">https:\/\/ilsekarsruhe.wordpress.com\/<\/a><br>\n\u0130let\u00adi\u015f\u00adim: ilse.karlsruhe@lsvd.de<\/p>\n<p>Que\u00ader Anmesty Karlsruhe:<br>\nQue\u00aderam\u00adnesty Karls\u00adru\u00adhe, Karls\u00adru\u00adhe\u00ad\u2019\u00adde bulu\u00adnan Ulus\u00adla\u00adra\u00adra\u00ads\u0131 Af \u00d6rg\u00fc\u00adt\u00fc\u00ad\u2019\u00adn\u00fcn bir gru\u00adbu\u00addur. \u201cKuir sorun\u00adla\u00adr\u0131 konu\u00adsun\u00adda far\u00adk\u0131n\u00adda\u00adl\u0131k yarat\u00admak, kamu\u00adsal eylem ve g\u00f6s\u00adte\u00adri\u00adle\u00adre kat\u0131l\u00admak ya da etkin\u00adlik\u00adler\u00adde LGBTTIQ*\u2018lara y\u00f6ne\u00adlik insan hak\u00adla\u00adr\u0131 ihlal\u00adle\u00adri hak\u00adk\u0131n\u00adda bil\u00adgi ver\u00admek isti\u00adyo\u00adruz. Ama\u00adc\u0131\u00adm\u0131z ilgi\u00adli kesim\u00adle diya\u00adlog kur\u00admak. D\u00fcn\u00adya \u00e7ap\u0131n\u00adda insan hak\u00adla\u00adr\u0131 ihlal\u00adle\u00adri\u00adni g\u00f6z\u00adlem\u00adli\u00adyor ve bun\u00adla\u00adra kar\u00ad\u015f\u0131 m\u00fcca\u00adde\u00adle etme\u00adye \u00e7al\u0131\u00ad\u015f\u0131\u00adyo\u00adruz. acil eylem\u00adler, dilek\u00ad\u00e7e\u00adler ve birey\u00adsel vaka \u00e7al\u0131\u015f\u00adma\u00adla\u00adr\u0131 yoluy\u00adla onla\u00adr\u0131 bil\u00adgi\u00adlen\u00addi\u00adri\u00adyo\u00adruz. Karls\u00adru\u00adhe\u00ad\u2019\u00adde\u00adki que\u00ader m\u00fcl\u00adte\u00adci\u00adler i\u00e7in de sos\u00adyal refa\u00adkat sunuyoruz.\u201d<\/p>\n<p>Web: <a href=\"https:\/\/queeramnestyka.amnesty-international.de\/\" target=\"_blank\" rel=\"noopener\">https:\/\/queeramnestyka.amnesty-international.de\/<\/a><br>\n\u0130let\u00adi\u015f\u00adim: queer@amnesty-karlsruhe.de<\/p>\n<p>Momen\u00adtum yoluy\u00adla dan\u0131\u015f\u00adma\u00adlar \u2014 Sch\u00adwu\u00adle Bewe\u00adgung Karls\u00adru\u00adhe eV: <a href=\"https:\/\/www.schwung-karlsruhe.de\/\" target=\"_blank\" rel=\"noopener\">https:\/\/www.schwung-karlsruhe.de\/<\/a><\/p>\n<p>Karls\u00adru\u00adhe ve \u00e7ev\u00adre\u00adsin\u00adde\u00adki que\u00ader orga\u00adni\u00adzas\u00adyon\u00adla\u00adr\u0131 reh\u00adbe\u00adri: <a href=\"https:\/\/queerka.de\/\" target=\"_blank\" rel=\"noopener\">https:\/\/queerka.de\/<\/a><\/p>\n","protected":false},"author":12,"featured_media":17214,"template":"","class_list":["post-17213","event","type-event","status-publish","has-post-thumbnail","hentry","event_category-yardim-olanaklari"],"acf":{"event-recurring":true,"event-category":95,"event-is-language-course":false,"event-recurring-still-active":true,"event-display-details":true,"event-schedules-recurring":null,"event-schedules-calendar":null,"event-is-online":false,"event-online-url":"","event-location-building":"","event-location-street":"","event-location-zip":"","event-location-city":"","event-location-contact-person":"","event-location-phone":"","event-location-phone-2":"","event-location-mail":"","event-location-mail-2":"","event-location-website":"","event-target-group":null,"event-target-group-comment":"","event-free":true,"event-organiser":[17299],"event-header-copyright-overlay":true,"event-copyright-note-description-end":true},"featured_image_urls_v2":{"full":["https:\/\/www.anika-net.de\/wp-content\/uploads\/2021\/10\/csm_rainbow-flag-4426296_1280_ce355192e3.jpg",1202,802,false],"thumbnail":["https:\/\/www.anika-net.de\/wp-content\/uploads\/2021\/10\/csm_rainbow-flag-4426296_1280_ce355192e3-150x150.jpg",150,150,true],"medium":["https:\/\/www.anika-net.de\/wp-content\/uploads\/2021\/10\/csm_rainbow-flag-4426296_1280_ce355192e3-300x200.jpg",300,200,true],"medium_large":["https:\/\/www.anika-net.de\/wp-content\/uploads\/2021\/10\/csm_rainbow-flag-4426296_1280_ce355192e3-768x512.jpg",640,427,true],"large":["https:\/\/www.anika-net.de\/wp-content\/uploads\/2021\/10\/csm_rainbow-flag-4426296_1280_ce355192e3-1024x683.jpg",640,427,true],"1536x1536":["https:\/\/www.anika-net.de\/wp-content\/uploads\/2021\/10\/csm_rainbow-flag-4426296_1280_ce355192e3.jpg",1202,802,false],"2048x2048":["https:\/\/www.anika-net.de\/wp-content\/uploads\/2021\/10\/csm_rainbow-flag-4426296_1280_ce355192e3.jpg",1202,802,false],"event-overview":["https:\/\/www.anika-net.de\/wp-content\/uploads\/2021\/10\/csm_rainbow-flag-4426296_1280_ce355192e3-960x640.jpg",960,640,true],"event-archive-thumb":["https:\/\/www.anika-net.de\/wp-content\/uploads\/2021\/10\/csm_rainbow-flag-4426296_1280_ce355192e3-480x320.jpg",480,320,true],"grid-item-thumbnail":["https:\/\/www.anika-net.de\/wp-content\/uploads\/2021\/10\/csm_rainbow-flag-4426296_1280_ce355192e3-360x200.jpg",360,200,true],"network-partner-icon":["https:\/\/www.anika-net.de\/wp-content\/uploads\/2021\/10\/csm_rainbow-flag-4426296_1280_ce355192e3-100x100.jpg",100,100,true],"organiser-icon":["https:\/\/www.anika-net.de\/wp-content\/uploads\/2021\/10\/csm_rainbow-flag-4426296_1280_ce355192e3-200x200.jpg",200,200,true],"gform-image-choice-sm":["https:\/\/www.anika-net.de\/wp-content\/uploads\/2021\/10\/csm_rainbow-flag-4426296_1280_ce355192e3.jpg",300,200,false],"gform-image-choice-md":["https:\/\/www.anika-net.de\/wp-content\/uploads\/2021\/10\/csm_rainbow-flag-4426296_1280_ce355192e3.jpg",400,267,false],"gform-image-choice-lg":["https:\/\/www.anika-net.de\/wp-content\/uploads\/2021\/10\/csm_rainbow-flag-4426296_1280_ce355192e3.jpg",600,400,false]},"post_excerpt_stackable_v2":"<p>isti\u00ad\u015fa\u00adre\u00adler ILSE (Lez\u00adbi\u00adyen ve Gay Ebe\u00adveyn\u00adler Giri\u00ad\u015fi\u00admi) Karls\u00adru\u00adhe, t\u00fcm g\u00f6k\u00adku\u00ad\u015fa\u00ad\u011f\u0131 aile\u00adle\u00adri ve Karls\u00adru\u00adhe ve \u00e7ev\u00adre\u00adsin\u00adde bir olmak iste\u00adyen\u00adler i\u00e7in a\u00e7\u0131k bir grup\u00adtur. Alman\u00adya\u00ad\u2019\u00adda\u00adki bir\u00ad\u00e7ok b\u00f6l\u00adge\u00adsel grup\u00adla bir\u00adlik\u00adte, LSVD (Alman\u00adya\u00ad\u2019\u00adda\u00adki Lez\u00adbi\u00adyen ve Gay Der\u00adne\u00ad\u011fi) \u00e7at\u0131\u00ads\u0131 alt\u0131n\u00adda faali\u00adyet g\u00f6s\u00adte\u00adren bir a\u011f olu\u015f\u00adtu\u00adru\u00adyo\u00adruz: Web: https:\/\/ilsekarsruhe.wordpress.com\/ \u0130let\u00adi\u015f\u00adim: ilse.karlsruhe@lsvd.de Que\u00ader Anmesty Karls\u00adru\u00adhe: Que\u00aderam\u00adnesty Karls\u00adru\u00adhe, Karls\u00adru\u00adhe\u00ad\u2019\u00adde bulu\u00adnan Ulus\u00adla\u00adra\u00adra\u00ads\u0131 Af \u00d6rg\u00fc\u00adt\u00fc\u00ad\u2019\u00adn\u00fcn bir gru\u00adbu\u00addur. \u201cKuir sorun\u00adla\u00adr\u0131 konu\u00adsun\u00adda far\u00adk\u0131n\u00adda\u00adl\u0131k yarat\u00admak, kamu\u00adsal eylem ve g\u00f6s\u00adte\u00adri\u00adle\u00adre kat\u0131l\u00admak ya da etkin\u00adlik\u00adler\u00adde LGBTTIQ*\u2018lara y\u00f6ne\u00adlik insan hak\u00adla\u00adr\u0131 ihlal\u00adle\u00adri hak\u00adk\u0131n\u00adda bil\u00adgi ver\u00admek isti\u00adyo\u00adruz. Ama\u00adc\u0131\u00adm\u0131z ilgi\u00adli kesim\u00adle diya\u00adlog kur\u00admak. D\u00fcn\u00adya \u00e7ap\u0131n\u00adda insan hak\u00adla\u00adr\u0131 ihlal\u00adle\u00adri\u00adni g\u00f6z\u00adlem\u00adli\u00adyor ve bun\u00adla\u00adra kar\u00ad\u015f\u0131 m\u00fcca\u00adde\u00adle etme\u00adye \u00e7al\u0131\u00ad\u015f\u0131\u00adyo\u00adruz. acil eylem\u00adler, dilek\u00ad\u00e7e\u00adler ve bireysel\u2026<\/p>\n","category_list_v2":"","author_info_v2":{"name":"Andrea Ramirez","url":"https:\/\/www.anika-net.de\/tr\/author\/andrea-ramirez\/"},"comments_num_v2":"0 comments","uagb_featured_image_src":{"full":["https:\/\/www.anika-net.de\/wp-content\/uploads\/2021\/10\/csm_rainbow-flag-4426296_1280_ce355192e3.jpg",1202,802,false],"thumbnail":["https:\/\/www.anika-net.de\/wp-content\/uploads\/2021\/10\/csm_rainbow-flag-4426296_1280_ce355192e3-150x150.jpg",150,150,true],"medium":["https:\/\/www.anika-net.de\/wp-content\/uploads\/2021\/10\/csm_rainbow-flag-4426296_1280_ce355192e3-300x200.jpg",300,200,true],"medium_large":["https:\/\/www.anika-net.de\/wp-content\/uploads\/2021\/10\/csm_rainbow-flag-4426296_1280_ce355192e3-768x512.jpg",640,427,true],"large":["https:\/\/www.anika-net.de\/wp-content\/uploads\/2021\/10\/csm_rainbow-flag-4426296_1280_ce355192e3-1024x683.jpg",640,427,true],"1536x1536":["https:\/\/www.anika-net.de\/wp-content\/uploads\/2021\/10\/csm_rainbow-flag-4426296_1280_ce355192e3.jpg",1202,802,false],"2048x2048":["https:\/\/www.anika-net.de\/wp-content\/uploads\/2021\/10\/csm_rainbow-flag-4426296_1280_ce355192e3.jpg",1202,802,false],"event-overview":["https:\/\/www.anika-net.de\/wp-content\/uploads\/2021\/10\/csm_rainbow-flag-4426296_1280_ce355192e3-960x640.jpg",960,640,true],"event-archive-thumb":["https:\/\/www.anika-net.de\/wp-content\/uploads\/2021\/10\/csm_rainbow-flag-4426296_1280_ce355192e3-480x320.jpg",480,320,true],"grid-item-thumbnail":["https:\/\/www.anika-net.de\/wp-content\/uploads\/2021\/10\/csm_rainbow-flag-4426296_1280_ce355192e3-360x200.jpg",360,200,true],"network-partner-icon":["https:\/\/www.anika-net.de\/wp-content\/uploads\/2021\/10\/csm_rainbow-flag-4426296_1280_ce355192e3-100x100.jpg",100,100,true],"organiser-icon":["https:\/\/www.anika-net.de\/wp-content\/uploads\/2021\/10\/csm_rainbow-flag-4426296_1280_ce355192e3-200x200.jpg",200,200,true],"gform-image-choice-sm":["https:\/\/www.anika-net.de\/wp-content\/uploads\/2021\/10\/csm_rainbow-flag-4426296_1280_ce355192e3.jpg",300,200,false],"gform-image-choice-md":["https:\/\/www.anika-net.de\/wp-content\/uploads\/2021\/10\/csm_rainbow-flag-4426296_1280_ce355192e3.jpg",400,267,false],"gform-image-choice-lg":["https:\/\/www.anika-net.de\/wp-content\/uploads\/2021\/10\/csm_rainbow-flag-4426296_1280_ce355192e3.jpg",600,400,false]},"uagb_author_info":{"display_name":"Andrea Ramirez","author_link":"https:\/\/www.anika-net.de\/tr\/author\/andrea-ramirez\/"},"uagb_comment_info":0,"uagb_excerpt":"isti\u00ad\u015fa\u00adre\u00adler ILSE (Lez\u00adbi\u00adyen ve Gay Ebe\u00adveyn\u00adler Giri\u00ad\u015fi\u00admi) Karls\u00adru\u00adhe, t\u00fcm g\u00f6k\u00adku\u00ad\u015fa\u00ad\u011f\u0131 aile\u00adle\u00adri ve Karls\u00adru\u00adhe ve \u00e7ev\u00adre\u00adsin\u00adde bir olmak iste\u00adyen\u00adler i\u00e7in a\u00e7\u0131k bir grup\u00adtur. Alman\u00adya\u00ad\u2019\u00adda\u00adki bir\u00ad\u00e7ok b\u00f6l\u00adge\u00adsel grup\u00adla bir\u00adlik\u00adte, LSVD (Alman\u00adya\u00ad\u2019\u00adda\u00adki Lez\u00adbi\u00adyen&nbsp;daha fazla okuyun","_links":{"self":[{"href":"https:\/\/www.anika-net.de\/tr\/wp-json\/wp\/v2\/event\/17213","targetHints":{"allow":["GET"]}}],"collection":[{"href":"https:\/\/www.anika-net.de\/tr\/wp-json\/wp\/v2\/event"}],"about":[{"href":"https:\/\/www.anika-net.de\/tr\/wp-json\/wp\/v2\/types\/event"}],"author":[{"embeddable":true,"href":"https:\/\/www.anika-net.de\/tr\/wp-json\/wp\/v2\/users\/12"}],"version-history":[{"count":0,"href":"https:\/\/www.anika-net.de\/tr\/wp-json\/wp\/v2\/event\/17213\/revisions"}],"acf:post":[{"embeddable":true,"href":"https:\/\/www.anika-net.de\/tr\/wp-json\/wp\/v2\/organiser\/17299"}],"acf:term":[{"embeddable":true,"taxonomy":"event_category","href":"https:\/\/www.anika-net.de\/tr\/wp-json\/wp\/v2\/event_category\/95"}],"wp:featuredmedia":[{"embeddable":true,"href":"https:\/\/www.anika-net.de\/tr\/wp-json\/wp\/v2\/media\/17214"}],"wp:attachment":[{"href":"https:\/\/www.anika-net.de\/tr\/wp-json\/wp\/v2\/media?parent=17213"}],"curies":[{"name":"wp","href":"https:\/\/api.w.org\/{rel}","templated":true}]}}