{"id":17182,"date":"2019-11-26T12:46:20","date_gmt":"2019-11-26T11:46:20","guid":{"rendered":"https:\/\/www.anika-net.de\/event\/de-bildungsbegleitung\/"},"modified":"2023-09-04T12:46:39","modified_gmt":"2023-09-04T10:46:39","slug":"egitim-destegi","status":"publish","type":"event","link":"https:\/\/www.anika-net.de\/tr\/event\/egitim-destegi\/","title":{"rendered":"Sin\u00adti ve Roman aile\u00adle\u00adrin \u00e7ocuk\u00adla\u00adr\u0131\u00adna e\u011fi\u00adtim deste\u011fi"},"content":{"rendered":"<h3><span style=\"color: #008080;\">Sin\u00adti ve Roman aile\u00adle\u00adrin \u00e7ocuk\u00adla\u00adr\u0131\u00adna e\u011fi\u00adtim deste\u011fi<br>\n<\/span><\/h3>\n<p>Des\u00adtek haf\u00adta\u00adda yak\u00adla\u00ad\u015f\u0131k 2 kez okul\u00adlar\u00adda veya aile\u00adler\u00adde evde yap\u0131l\u00admak\u00adta\u00add\u0131r. 1 \u2014 10. s\u0131n\u0131f\u00adlar ara\u00ads\u0131n\u00adda oku\u00adma yaz\u00adma, dil des\u00adte\u00ad\u011fi, ev \u00f6de\u00advi des\u00adte\u00ad\u011fi ve mate\u00adma\u00adtik, Alman\u00adca ve \u0130ng\u00adil\u00adizce ana konu\u00adla\u00adr\u0131n\u00adda des\u00adtek ders\u00adle\u00adri\u00adne odak\u00adla\u00adnan birey\u00adsel ve k\u00fc\u00e7\u00fck grup des\u00adte\u00ad\u011fi sunulmaktad\u0131r.<br>\nProg\u00adram \u00fccret\u00adsiz\u00addir ve okul kay\u0131t\u00adla\u00adr\u0131n\u00addan mezu\u00adni\u00adye\u00adte kadar Sin\u00adti ve Roman aile\u00adler\u00adden gelen t\u00fcm \u00f6\u011fren\u00adci\u00adle\u00adre a\u00e7\u0131kt\u0131r.<\/p>\n<p><strong>hedef grup<\/strong><br>\n\u2014 S\u0131n\u0131f hedef\u00adle\u00adri\u00adne ula\u015f\u00admak i\u00e7in des\u00adte\u00ad\u011fe ihti\u00adya\u00e7 duyan Alman Sin\u00adti ve Roman aile\u00adle\u00adrin\u00adden \u00f6\u011frenciler.<br>\n\u2014 Alman okul sis\u00adte\u00admi\u00adne enteg\u00adre olmak i\u00e7in des\u00adte\u00ad\u011fe ihti\u00adya\u00e7 duyan g\u00f6\u00e7\u00admen k\u00f6ken\u00adli Sin\u00adti ve Roman aile\u00adler\u00adden gelen \u00f6\u011frenciler.<\/p>\n<p><strong>Tek\u00adli\u00adfin hedefleri<\/strong><br>\n\u2014 D\u00fczen\u00adli oku\u00adla&nbsp;devam<br>\n\u2014 \u0130yi okul bitir\u00adme nite\u00adlik\u00adle\u00adri\u00adnin elde edilmesi<br>\n\u2014 Takip bek\u00adlen\u00adti\u00adle\u00adri\u00adnin geli\u015ftirilmesi<\/p>\n","protected":false},"author":12,"featured_media":7937,"template":"","class_list":["post-17182","event","type-event","status-publish","has-post-thumbnail","hentry","event_category-egitim"],"acf":{"event-recurring":true,"event-category":94,"event-is-language-course":false,"event-recurring-still-active":true,"event-display-details":true,"event-schedules-recurring":null,"event-schedules-calendar":null,"event-is-online":false,"event-online-url":"","event-location-building":"Bildungszentrum Karlsruhe","event-location-street":"Scheffelstr.  11-17 a","event-location-zip":"76135","event-location-city":"Karlsruhe","event-location-contact-person":"Stephan Fleischer","event-location-phone":"0721-85019-66","event-location-phone-2":"","event-location-mail":"Stephan.Fleischer@ib.de","event-location-mail-2":"","event-location-website":"https:\/\/www.internationaler-bund.de\/angebot\/10409","event-target-group":null,"event-target-group-comment":"Sinti ve Roman ailelerin \u00e7ocuklar\u0131 i\u00e7in","event-free":true,"event-organiser":[16486,23063],"event-header-copyright-overlay":false,"event-copyright-note-description-end":false},"featured_image_urls_v2":{"full":["https:\/\/www.anika-net.de\/wp-content\/uploads\/2021\/10\/csm_LogoIB_04f99c8f42.png",1202,729,false],"thumbnail":["https:\/\/www.anika-net.de\/wp-content\/uploads\/2021\/10\/csm_LogoIB_04f99c8f42-150x150.png",150,150,true],"medium":["https:\/\/www.anika-net.de\/wp-content\/uploads\/2021\/10\/csm_LogoIB_04f99c8f42-300x182.png",300,182,true],"medium_large":["https:\/\/www.anika-net.de\/wp-content\/uploads\/2021\/10\/csm_LogoIB_04f99c8f42-768x466.png",640,388,true],"large":["https:\/\/www.anika-net.de\/wp-content\/uploads\/2021\/10\/csm_LogoIB_04f99c8f42-1024x621.png",640,388,true],"1536x1536":["https:\/\/www.anika-net.de\/wp-content\/uploads\/2021\/10\/csm_LogoIB_04f99c8f42.png",1202,729,false],"2048x2048":["https:\/\/www.anika-net.de\/wp-content\/uploads\/2021\/10\/csm_LogoIB_04f99c8f42.png",1202,729,false],"event-overview":["https:\/\/www.anika-net.de\/wp-content\/uploads\/2021\/10\/csm_LogoIB_04f99c8f42-960x640.png",960,640,true],"event-archive-thumb":["https:\/\/www.anika-net.de\/wp-content\/uploads\/2021\/10\/csm_LogoIB_04f99c8f42-480x291.png",480,291,true],"grid-item-thumbnail":["https:\/\/www.anika-net.de\/wp-content\/uploads\/2021\/10\/csm_LogoIB_04f99c8f42-360x200.png",360,200,true],"network-partner-icon":["https:\/\/www.anika-net.de\/wp-content\/uploads\/2021\/10\/csm_LogoIB_04f99c8f42-100x100.png",100,100,true],"organiser-icon":["https:\/\/www.anika-net.de\/wp-content\/uploads\/2021\/10\/csm_LogoIB_04f99c8f42-200x200.png",200,200,true],"gform-image-choice-sm":["https:\/\/www.anika-net.de\/wp-content\/uploads\/2021\/10\/csm_LogoIB_04f99c8f42.png",300,182,false],"gform-image-choice-md":["https:\/\/www.anika-net.de\/wp-content\/uploads\/2021\/10\/csm_LogoIB_04f99c8f42.png",400,243,false],"gform-image-choice-lg":["https:\/\/www.anika-net.de\/wp-content\/uploads\/2021\/10\/csm_LogoIB_04f99c8f42.png",600,364,false]},"post_excerpt_stackable_v2":"<p>Sin\u00adti ve Roman aile\u00adle\u00adrin \u00e7ocuk\u00adla\u00adr\u0131\u00adna e\u011fi\u00adtim des\u00adte\u00ad\u011fi Des\u00adtek haf\u00adta\u00adda yak\u00adla\u00ad\u015f\u0131k 2 kez okul\u00adlar\u00adda veya aile\u00adler\u00adde evde yap\u0131l\u00admak\u00adta\u00add\u0131r. 1 \u2014 10. s\u0131n\u0131f\u00adlar ara\u00ads\u0131n\u00adda oku\u00adma yaz\u00adma, dil des\u00adte\u00ad\u011fi, ev \u00f6de\u00advi des\u00adte\u00ad\u011fi ve mate\u00adma\u00adtik, Alman\u00adca ve \u0130ng\u00adil\u00adizce ana konu\u00adla\u00adr\u0131n\u00adda des\u00adtek ders\u00adle\u00adri\u00adne odak\u00adla\u00adnan birey\u00adsel ve k\u00fc\u00e7\u00fck grup des\u00adte\u00ad\u011fi sunul\u00admak\u00adta\u00add\u0131r. Prog\u00adram \u00fccret\u00adsiz\u00addir ve okul kay\u0131t\u00adla\u00adr\u0131n\u00addan mezu\u00adni\u00adye\u00adte kadar Sin\u00adti ve Roman aile\u00adler\u00adden gelen t\u00fcm \u00f6\u011fren\u00adci\u00adle\u00adre a\u00e7\u0131k\u00adt\u0131r. hedef grup \u2014 S\u0131n\u0131f hedef\u00adle\u00adri\u00adne ula\u015f\u00admak i\u00e7in des\u00adte\u00ad\u011fe ihti\u00adya\u00e7 duyan Alman Sin\u00adti ve Roman aile\u00adle\u00adrin\u00adden \u00f6\u011fren\u00adci\u00adler. \u2014 Alman okul sis\u00adte\u00admi\u00adne enteg\u00adre olmak i\u00e7in des\u00adte\u00ad\u011fe ihti\u00adya\u00e7 duyan g\u00f6\u00e7\u00admen k\u00f6ken\u00adli Sin\u00adti ve Roman aile\u00adler\u00adden gelen \u00f6\u011fren\u00adci\u00adler. Tek\u00adli\u00adfin hedef\u00adle\u00adri \u2014 D\u00fczen\u00adli oku\u00adla&nbsp;devam&nbsp;\u2014\u2026<\/p>\n","category_list_v2":"","author_info_v2":{"name":"Andrea Ramirez","url":"https:\/\/www.anika-net.de\/tr\/author\/andrea-ramirez\/"},"comments_num_v2":"0 comments","uagb_featured_image_src":{"full":["https:\/\/www.anika-net.de\/wp-content\/uploads\/2021\/10\/csm_LogoIB_04f99c8f42.png",1202,729,false],"thumbnail":["https:\/\/www.anika-net.de\/wp-content\/uploads\/2021\/10\/csm_LogoIB_04f99c8f42-150x150.png",150,150,true],"medium":["https:\/\/www.anika-net.de\/wp-content\/uploads\/2021\/10\/csm_LogoIB_04f99c8f42-300x182.png",300,182,true],"medium_large":["https:\/\/www.anika-net.de\/wp-content\/uploads\/2021\/10\/csm_LogoIB_04f99c8f42-768x466.png",640,388,true],"large":["https:\/\/www.anika-net.de\/wp-content\/uploads\/2021\/10\/csm_LogoIB_04f99c8f42-1024x621.png",640,388,true],"1536x1536":["https:\/\/www.anika-net.de\/wp-content\/uploads\/2021\/10\/csm_LogoIB_04f99c8f42.png",1202,729,false],"2048x2048":["https:\/\/www.anika-net.de\/wp-content\/uploads\/2021\/10\/csm_LogoIB_04f99c8f42.png",1202,729,false],"event-overview":["https:\/\/www.anika-net.de\/wp-content\/uploads\/2021\/10\/csm_LogoIB_04f99c8f42-960x640.png",960,640,true],"event-archive-thumb":["https:\/\/www.anika-net.de\/wp-content\/uploads\/2021\/10\/csm_LogoIB_04f99c8f42-480x291.png",480,291,true],"grid-item-thumbnail":["https:\/\/www.anika-net.de\/wp-content\/uploads\/2021\/10\/csm_LogoIB_04f99c8f42-360x200.png",360,200,true],"network-partner-icon":["https:\/\/www.anika-net.de\/wp-content\/uploads\/2021\/10\/csm_LogoIB_04f99c8f42-100x100.png",100,100,true],"organiser-icon":["https:\/\/www.anika-net.de\/wp-content\/uploads\/2021\/10\/csm_LogoIB_04f99c8f42-200x200.png",200,200,true],"gform-image-choice-sm":["https:\/\/www.anika-net.de\/wp-content\/uploads\/2021\/10\/csm_LogoIB_04f99c8f42.png",300,182,false],"gform-image-choice-md":["https:\/\/www.anika-net.de\/wp-content\/uploads\/2021\/10\/csm_LogoIB_04f99c8f42.png",400,243,false],"gform-image-choice-lg":["https:\/\/www.anika-net.de\/wp-content\/uploads\/2021\/10\/csm_LogoIB_04f99c8f42.png",600,364,false]},"uagb_author_info":{"display_name":"Andrea Ramirez","author_link":"https:\/\/www.anika-net.de\/tr\/author\/andrea-ramirez\/"},"uagb_comment_info":0,"uagb_excerpt":"Sin\u00adti ve Roman aile\u00adle\u00adrin \u00e7ocuk\u00adla\u00adr\u0131\u00adna e\u011fi\u00adtim deste\u011fi Des\u00adtek haf\u00adta\u00adda yak\u00adla\u00ad\u015f\u0131k 2 kez okul\u00adlar\u00adda veya aile\u00adler\u00adde evde yap\u0131l\u00admak\u00adta\u00add\u0131r. 1 \u2014 10. s\u0131n\u0131f\u00adlar ara\u00ads\u0131n\u00adda oku\u00adma yaz\u00adma, dil des\u00adte\u00ad\u011fi, ev \u00f6de\u00advi des\u00adte\u00ad\u011fi ve&nbsp;daha fazla okuyun","_links":{"self":[{"href":"https:\/\/www.anika-net.de\/tr\/wp-json\/wp\/v2\/event\/17182","targetHints":{"allow":["GET"]}}],"collection":[{"href":"https:\/\/www.anika-net.de\/tr\/wp-json\/wp\/v2\/event"}],"about":[{"href":"https:\/\/www.anika-net.de\/tr\/wp-json\/wp\/v2\/types\/event"}],"author":[{"embeddable":true,"href":"https:\/\/www.anika-net.de\/tr\/wp-json\/wp\/v2\/users\/12"}],"version-history":[{"count":0,"href":"https:\/\/www.anika-net.de\/tr\/wp-json\/wp\/v2\/event\/17182\/revisions"}],"acf:post":[{"embeddable":true,"href":"https:\/\/www.anika-net.de\/tr\/wp-json\/wp\/v2\/organiser\/23063"},{"embeddable":true,"href":"https:\/\/www.anika-net.de\/tr\/wp-json\/wp\/v2\/organiser\/16486"}],"acf:term":[{"embeddable":true,"taxonomy":"event_category","href":"https:\/\/www.anika-net.de\/tr\/wp-json\/wp\/v2\/event_category\/94"}],"wp:featuredmedia":[{"embeddable":true,"href":"https:\/\/www.anika-net.de\/tr\/wp-json\/wp\/v2\/media\/7937"}],"wp:attachment":[{"href":"https:\/\/www.anika-net.de\/tr\/wp-json\/wp\/v2\/media?parent=17182"}],"curies":[{"name":"wp","href":"https:\/\/api.w.org\/{rel}","templated":true}]}}