{"id":17146,"date":"2020-02-25T12:35:14","date_gmt":"2020-02-25T11:35:14","guid":{"rendered":"https:\/\/www.anika-net.de\/event\/lernbox-karlsruhe\/"},"modified":"2025-07-10T13:48:42","modified_gmt":"2025-07-10T11:48:42","slug":"lernbox-karlsruhe","status":"publish","type":"event","link":"https:\/\/www.anika-net.de\/tr\/event\/lernbox-karlsruhe\/","title":{"rendered":"LERNBOX &amp; Wel\u00adco\u00adme Caf\u00e9 by Fl\u00fccht\u00adlings\u00adhil\u00adfe Karlsruhe"},"content":{"rendered":"<h1><span style=\"color: #ffcc00\">LERNBOX &amp; Wel\u00adco\u00adme Caf\u00e9 -<span style=\"color: #666699\"><strong> Fl\u00fccht\u00adlings\u00adhil\u00adfe Karls\u00adru\u00adhe e.V.<\/strong><\/span><\/span><\/h1>\n<p>Cur\u00adrently, the pro\u00adjects <strong>LERNBOX<\/strong> and Wel\u00adco\u00adme Caf\u00e9 <strong>SALON RESOURCE<\/strong> of Fl\u00fccht\u00adlings\u00adhil\u00adfe Karls\u00adru\u00adhe e.V. take pla\u00adce every after\u00adno\u00adon from&nbsp;<strong>Mon\u00adday to Fri\u00adday from 3 pm to 6 pm <\/strong>in the house Alter Sch\u00adlacht\u00adhof 11 in Karlsruhe.<\/p>\n<p>Here at Fl\u00fccht\u00adlings\u00adhil\u00adfe Karls\u00adru\u00adhe e.V. you can learn Ger\u00adman, get to know other peop\u00adle and much more, which sup\u00adports refu\u00adge\u00ades and enab\u00adles them to par\u00adti\u00adci\u00adpa\u00adte in our society.<\/p>\n<p>In the Salon Res\u00adso\u00adur\u00adce we have also set up some <strong>lear\u00adning spa\u00adces<\/strong>.<\/p>\n\n<p>\u2705<strong> Ple\u00adase&nbsp;note<\/strong><\/p>\n\n<p><strong>Regist\u00adra\u00adti\u00adon is requ\u00adired:<\/strong><br>\ud83d\udce7 info@fluechtlingshilfe-karlsruhe.de<br>\ud83d\udcde 0170\u201329219 99&nbsp;<\/p>\n\n<h3 class=\"wp-block-heading\"><strong><em>We are very exci\u00adted to see&nbsp;you!<\/em><\/strong><\/h3>\n\n<div class=\"wp-block-stackable-tabs stk-block-tabs stk-block stk-f4b655b\" data-initial-tab=\"1\" data-block-id=\"f4b655b\">.stk-f4b\u00ad655b .stk-block-tab-con\u00adtent .stk-block-con\u00adtent .stk-block-column[hidden]{display:none !impor\u00adtant;}<div class=\"stk-row stk-inner-blocks stk-block-content stk-block-tabs--horizontal stk-block-tabs--fade stk-content-align stk-f4b655b-column\">\n<div class=\"wp-block-stackable-tab-labels stk-block-tab-labels stk-block stk-b206f62\" data-block-id=\"b206f62\">.stk-b206\u00adf\u00ad62 .stk-block-tabs__tab{color:#999999 !important;background:transparent !important;border-style:solid !important;border-color:transparent !important;border-top-width:0px !important;border-right-width:0px !important;border-bottom-width:2px !important;border-left-width:0px !important;}.stk-b206f62 .stk-block-tabs__tab.stk-block-tabs__tab\u2013active .stk-block-tab-labels__text{color:#000000 !important;}.stk-b206f62 {box-shadow:inset 0px \u20111px 0px 0px #0000001a !important;}.stk-b206f62 .stk-block-tab-labels__text{color:#999999 !important;}.stk-b206f62 .stk-block-tab\u00ads\u00ad__\u00adtab .stk\u2013inner-svg svg:last-child, .stk-b206\u00adf\u00ad62 .stk-block-tab\u00ads\u00ad__\u00adtab .stk\u2013inner-svg svg:last-child :is(g, path, rect, poly\u00adgon, ellipse){fill:#909090 !important;}.stk-b206f62 .stk-block-tabs__tab:not(.stk-block-tabs__tab\u2013active):hover .stk\u2013inner-svg svg:last-child, .stk-b206\u00adf\u00ad62 .stk-block-tabs__tab:not(.stk-block-tabs__tab\u2013active):hover .stk\u2013inner-svg svg:last-child :is(g, path, rect, poly\u00adgon, ellipse){fill:#909090 !important;}.stk-b206f62 .stk-block-tabs__tab.stk-block-tabs__tab\u2013active{border-color:#000000 !important;}.stk-b206f62 .stk-block-tabs__tab.stk-block-tabs__tab\u2013active .stk\u2013inner-svg svg:last-child, .stk-b206\u00adf\u00ad62 .stk-block-tabs__tab.stk-block-tabs__tab\u2013active .stk\u2013inner-svg svg:last-child :is(g, path, rect, poly\u00adgon, ellipse){fill:#000000 !important;}.stk-b206f62 .stk-block-tabs__tab.stk-block-tabs__tab\u2013active:hover .stk\u2013inner-svg svg:last-child, .stk-b206\u00adf\u00ad62 .stk-block-tabs__tab.stk-block-tabs__tab\u2013active:hover .stk\u2013inner-svg svg:last-child :is(g, path, rect, poly\u00adgon, ellipse){fill:#000000 !impor\u00adtant;}<div class=\"stk-block-tab-labels__wrapper\" role=\"tablist\"><button class=\"stk-block-tabs__tab\" role=\"tab\"><div class=\"stk-block-tab-labels__text\"><span>Through the Bureaucratic Jungle<\/span><\/div><\/button><button class=\"stk-block-tabs__tab\" role=\"tab\"><div class=\"stk-block-tab-labels__text\"><span>Learning Tandems<\/span><\/div><\/button><\/div><\/div>\n\n\n\n<div class=\"wp-block-stackable-tab-content stk-block-tab-content stk-block stk-08a1b1e\" data-block-id=\"08a1b1e\"><div class=\"stk-row stk-inner-blocks stk-block-content stk-content-align stk-08a1b1e-column\">\n<div class=\"wp-block-stackable-column stk-block-column stk-column stk-block stk-e13bfbb\" data-v=\"4\" role=\"tabpanel\" data-block-id=\"e13bfbb\"><div class=\"stk-column-wrapper stk-block-column__content stk-container stk-e13bfbb-container stk--no-background stk--no-padding\"><div class=\"stk-block-content stk-inner-blocks stk-e13bfbb-inner-blocks\">\n<p>An offi\u00adci\u00adal let\u00adter arri\u00adves in the mail\u00adbox \u2014 but it\u2019s impos\u00adsib\u00adle to unders\u00adtand. <br>The Job\u00adcen\u00adter sends forms that need to be fil\u00adled out. And how do you wri\u00adte an app\u00adli\u00adca\u00adti\u00adon for an interns\u00adhip? For many refu\u00adge\u00ades, dealing with aut\u00adho\u00adri\u00adti\u00ades is a real chal\u00adlen\u00adge. <br>At <strong>Fl\u00fccht\u00adlings\u00adhil\u00adfe Karls\u00adru\u00adhe<\/strong>, we offer sup\u00adport: we help read thro\u00adugh app\u00adli\u00adca\u00adti\u00adons, pick up the pho\u00adne to call the Job\u00adcen\u00adter, or exp\u00adla\u00adin offi\u00adci\u00adal documents.<\/p>\n<\/div><\/div><\/div>\n\n\n\n<div class=\"wp-block-stackable-column stk-block-column stk-column stk-block stk-85d0879\" data-v=\"4\" role=\"tabpanel\" data-block-id=\"85d0879\"><div class=\"stk-column-wrapper stk-block-column__content stk-container stk-85d0879-container stk--no-background stk--no-padding\"><div class=\"stk-block-content stk-inner-blocks stk-85d0879-inner-blocks\">\n<p>Whet\u00adher it\u2019s Ger\u00adman, Eng\u00adlish, or che\u00admistry \u2013 the refu\u00adge\u00ades who come to us have very indi\u00advi\u00addu\u00adal tuto\u00adring needs. Some attend scho\u00adol, some are in voca\u00adti\u00adonal tra\u00adining, and others study at uni\u00adver\u00adsity. That\u2019s why our ran\u00adge of tuto\u00adring sub\u00adjects is so bro\u00adad.<br><br>If you feel con\u00adfi\u00addent in a par\u00adti\u00adcu\u00adlar sub\u00adject, we\u2019ll look for a suitab\u00adle per\u00adson who could bene\u00adfit from your sup\u00adport. The ses\u00adsi\u00adons take pla\u00adce eit\u00adher at our spa\u00adce in the <strong>Alter Sch\u00adlacht\u00adhof<\/strong> or <strong>onli\u00adne<\/strong>. Our coor\u00addi\u00adna\u00adtor will be your main con\u00adtact and sup\u00adport your tan\u00addem. We also hold regu\u00adlar team meetups whe\u00adre ever\u00adyo\u00adne can exc\u00adhan\u00adge ide\u00adas and experiences.<\/p>\n<\/div><\/div><\/div>\n<\/div><\/div>\n<\/div><\/div>\n\n<div class=\"wp-block-stackable-divider stk-block-divider stk-block stk-b6705fd\" data-block-id=\"b6705fd\"><hr class=\"stk-block-divider__hr\"><\/div>\n\n<p><strong><span style=\"color: #abb8c3\" class=\"stk-highlight\">Other pro\u00adjects of Fl\u00fccht\u00adlings\u00adhil\u00adfe Karls\u00adru\u00adhe e.V.<\/span><\/strong><br>\u2197\ufe0f <strong><a href=\"https:\/\/www.anika-net.de\/event\/stadtpiraten-karlsruhe\/\">Stadt\u00adpi\u00adra\u00adten Karls\u00adru\u00adhe \u2014 Children\u2019s Project<\/a><\/strong><\/p>\n\n<div class=\"wp-block-stackable-spacer stk-block-spacer stk--no-padding stk-block stk-068aa03\" data-block-id=\"068aa03\"><\/div>\n","protected":false},"author":12,"featured_media":117833,"template":"","class_list":["post-17146","event","type-event","status-publish","has-post-thumbnail","hentry","event_category-yardim-olanaklari"],"acf":{"event-recurring":true,"event-category":95,"event-is-language-course":false,"event-recurring-still-active":true,"event-display-details":true,"event-schedules-recurring":[{"event-recurring-week-day":false,"event-recurring-time":"15:00 - 18:00","event-recurring-time-text":""},{"event-recurring-week-day":"1","event-recurring-time":"15:00 - 18:00","event-recurring-time-text":""},{"event-recurring-week-day":"2","event-recurring-time":"15:00 - 18:00","event-recurring-time-text":""},{"event-recurring-week-day":"3","event-recurring-time":"15:00 - 18:00","event-recurring-time-text":""}],"event-schedules-calendar":null,"event-is-online":false,"event-online-url":"","event-location-building":"Fl\u00fcchtlingshilfe Karlsruhe e.V.","event-location-street":"Alter Schlachthof 11 (Haltestelle Tullastr.)","event-location-zip":"76131","event-location-city":"Karlsruhe","event-location-contact-person":"Gertrud Weber (Coodinator)","event-location-phone":"0170\/ 29219 99","event-location-phone-2":"","event-location-mail":"info@fluechtlingshilfe-karlsruhe.de","event-location-mail-2":"","event-location-website":"https:\/\/fluechtlingshilfe-karlsruhe.de\/","event-target-group":[{"target-group":""}],"event-target-group-comment":"Almanca \u00f6\u011frenmek isteyen herkes i\u00e7in, dil veya entegrasyon kurslar\u0131na kat\u0131lmas\u0131na (hen\u00fcz) izin verilmeyen ki\u015filer de dahil","event-free":true,"event-organiser":[16127],"event-header-copyright-overlay":true,"event-copyright-note-description-end":true},"featured_image_urls_v2":{"full":["https:\/\/www.anika-net.de\/wp-content\/uploads\/2020\/02\/Fluechtlingshilfe-KA.jpeg",1380,1602,false],"thumbnail":["https:\/\/www.anika-net.de\/wp-content\/uploads\/2020\/02\/Fluechtlingshilfe-KA-150x150.jpeg",150,150,true],"medium":["https:\/\/www.anika-net.de\/wp-content\/uploads\/2020\/02\/Fluechtlingshilfe-KA-258x300.jpeg",258,300,true],"medium_large":["https:\/\/www.anika-net.de\/wp-content\/uploads\/2020\/02\/Fluechtlingshilfe-KA-768x892.jpeg",640,743,true],"large":["https:\/\/www.anika-net.de\/wp-content\/uploads\/2020\/02\/Fluechtlingshilfe-KA-882x1024.jpeg",640,743,true],"1536x1536":["https:\/\/www.anika-net.de\/wp-content\/uploads\/2020\/02\/Fluechtlingshilfe-KA-1323x1536.jpeg",1323,1536,true],"2048x2048":["https:\/\/www.anika-net.de\/wp-content\/uploads\/2020\/02\/Fluechtlingshilfe-KA.jpeg",1380,1602,false],"event-overview":["https:\/\/www.anika-net.de\/wp-content\/uploads\/2020\/02\/Fluechtlingshilfe-KA-960x640.jpeg",960,640,true],"event-archive-thumb":["https:\/\/www.anika-net.de\/wp-content\/uploads\/2020\/02\/Fluechtlingshilfe-KA-480x557.jpeg",480,557,true],"grid-item-thumbnail":["https:\/\/www.anika-net.de\/wp-content\/uploads\/2020\/02\/Fluechtlingshilfe-KA-360x200.jpeg",360,200,true],"network-partner-icon":["https:\/\/www.anika-net.de\/wp-content\/uploads\/2020\/02\/Fluechtlingshilfe-KA-100x100.jpeg",100,100,true],"organiser-icon":["https:\/\/www.anika-net.de\/wp-content\/uploads\/2020\/02\/Fluechtlingshilfe-KA-200x200.jpeg",200,200,true],"gform-image-choice-sm":["https:\/\/www.anika-net.de\/wp-content\/uploads\/2020\/02\/Fluechtlingshilfe-KA.jpeg",258,300,false],"gform-image-choice-md":["https:\/\/www.anika-net.de\/wp-content\/uploads\/2020\/02\/Fluechtlingshilfe-KA.jpeg",345,400,false],"gform-image-choice-lg":["https:\/\/www.anika-net.de\/wp-content\/uploads\/2020\/02\/Fluechtlingshilfe-KA.jpeg",517,600,false]},"post_excerpt_stackable_v2":"<p>LERNBOX &amp; Wel\u00adco\u00adme Caf\u00e9 \u2014 Fl\u00fccht\u00adlings\u00adhil\u00adfe Karls\u00adru\u00adhe e.V. Cur\u00adrently, the pro\u00adjects LERNBOX and Wel\u00adco\u00adme Caf\u00e9 SALON RESOURCE of Fl\u00fccht\u00adlings\u00adhil\u00adfe Karls\u00adru\u00adhe e.V. take pla\u00adce every after\u00adno\u00adon from&nbsp;Mon\u00adday to Fri\u00adday from 3 pm to 6 pm in the house Alter Sch\u00adlacht\u00adhof 11 in Karls\u00adru\u00adhe. Here at Fl\u00fccht\u00adlings\u00adhil\u00adfe Karls\u00adru\u00adhe e.V. you can learn Ger\u00adman, get to know other peop\u00adle and much more, which sup\u00adports refu\u00adge\u00ades and enab\u00adles them to par\u00adti\u00adci\u00adpa\u00adte in our soci\u00adety. In the Salon Res\u00adso\u00adur\u00adce we have also set up some lear\u00adning spa\u00adces. \u2705 Ple\u00adase&nbsp;note Regist\u00adra\u00adti\u00adon is requ\u00adired:\ud83d\udce7 info@fluechtlingshilfe-karlsruhe.de\ud83d\udcde 0170\u201329219 99&nbsp; We are very exci\u00adted to see&nbsp;you! .stk-rr371yz .stk-block-tab-con\u00ad\u00ad\u00adtent .stk-block-con\u00ad\u00ad\u00adtent .stk-block-column[hidden]{display:none\u2026<\/p>\n","category_list_v2":"","author_info_v2":{"name":"Andrea Ramirez","url":"https:\/\/www.anika-net.de\/tr\/author\/andrea-ramirez\/"},"comments_num_v2":"0 comments","uagb_featured_image_src":{"full":["https:\/\/www.anika-net.de\/wp-content\/uploads\/2020\/02\/Fluechtlingshilfe-KA.jpeg",1380,1602,false],"thumbnail":["https:\/\/www.anika-net.de\/wp-content\/uploads\/2020\/02\/Fluechtlingshilfe-KA-150x150.jpeg",150,150,true],"medium":["https:\/\/www.anika-net.de\/wp-content\/uploads\/2020\/02\/Fluechtlingshilfe-KA-258x300.jpeg",258,300,true],"medium_large":["https:\/\/www.anika-net.de\/wp-content\/uploads\/2020\/02\/Fluechtlingshilfe-KA-768x892.jpeg",640,743,true],"large":["https:\/\/www.anika-net.de\/wp-content\/uploads\/2020\/02\/Fluechtlingshilfe-KA-882x1024.jpeg",640,743,true],"1536x1536":["https:\/\/www.anika-net.de\/wp-content\/uploads\/2020\/02\/Fluechtlingshilfe-KA-1323x1536.jpeg",1323,1536,true],"2048x2048":["https:\/\/www.anika-net.de\/wp-content\/uploads\/2020\/02\/Fluechtlingshilfe-KA.jpeg",1380,1602,false],"event-overview":["https:\/\/www.anika-net.de\/wp-content\/uploads\/2020\/02\/Fluechtlingshilfe-KA-960x640.jpeg",960,640,true],"event-archive-thumb":["https:\/\/www.anika-net.de\/wp-content\/uploads\/2020\/02\/Fluechtlingshilfe-KA-480x557.jpeg",480,557,true],"grid-item-thumbnail":["https:\/\/www.anika-net.de\/wp-content\/uploads\/2020\/02\/Fluechtlingshilfe-KA-360x200.jpeg",360,200,true],"network-partner-icon":["https:\/\/www.anika-net.de\/wp-content\/uploads\/2020\/02\/Fluechtlingshilfe-KA-100x100.jpeg",100,100,true],"organiser-icon":["https:\/\/www.anika-net.de\/wp-content\/uploads\/2020\/02\/Fluechtlingshilfe-KA-200x200.jpeg",200,200,true],"gform-image-choice-sm":["https:\/\/www.anika-net.de\/wp-content\/uploads\/2020\/02\/Fluechtlingshilfe-KA.jpeg",258,300,false],"gform-image-choice-md":["https:\/\/www.anika-net.de\/wp-content\/uploads\/2020\/02\/Fluechtlingshilfe-KA.jpeg",345,400,false],"gform-image-choice-lg":["https:\/\/www.anika-net.de\/wp-content\/uploads\/2020\/02\/Fluechtlingshilfe-KA.jpeg",517,600,false]},"uagb_author_info":{"display_name":"Andrea Ramirez","author_link":"https:\/\/www.anika-net.de\/tr\/author\/andrea-ramirez\/"},"uagb_comment_info":0,"uagb_excerpt":"LERNBOX &amp; Wel\u00adco\u00adme Caf\u00e9 - Fl\u00fccht\u00adlings\u00adhil\u00adfe Karls\u00adru\u00adhe e.V. Cur\u00adrently, the pro\u00adjects LERNBOX and Wel\u00adco\u00adme Caf\u00e9 SALON RESOURCE of Fl\u00fccht\u00adlings\u00adhil\u00adfe Karls\u00adru\u00adhe e.V. take pla\u00adce every after\u00adno\u00adon from&nbsp;Mon\u00adday to Fri\u00adday from 3&nbsp;daha fazla okuyun","_links":{"self":[{"href":"https:\/\/www.anika-net.de\/tr\/wp-json\/wp\/v2\/event\/17146","targetHints":{"allow":["GET"]}}],"collection":[{"href":"https:\/\/www.anika-net.de\/tr\/wp-json\/wp\/v2\/event"}],"about":[{"href":"https:\/\/www.anika-net.de\/tr\/wp-json\/wp\/v2\/types\/event"}],"author":[{"embeddable":true,"href":"https:\/\/www.anika-net.de\/tr\/wp-json\/wp\/v2\/users\/12"}],"version-history":[{"count":1,"href":"https:\/\/www.anika-net.de\/tr\/wp-json\/wp\/v2\/event\/17146\/revisions"}],"predecessor-version":[{"id":63344,"href":"https:\/\/www.anika-net.de\/tr\/wp-json\/wp\/v2\/event\/17146\/revisions\/63344"}],"acf:post":[{"embeddable":true,"href":"https:\/\/www.anika-net.de\/tr\/wp-json\/wp\/v2\/organiser\/16127"}],"acf:term":[{"embeddable":true,"taxonomy":"event_category","href":"https:\/\/www.anika-net.de\/tr\/wp-json\/wp\/v2\/event_category\/95"}],"wp:featuredmedia":[{"embeddable":true,"href":"https:\/\/www.anika-net.de\/tr\/wp-json\/wp\/v2\/media\/117833"}],"wp:attachment":[{"href":"https:\/\/www.anika-net.de\/tr\/wp-json\/wp\/v2\/media?parent=17146"}],"curies":[{"name":"wp","href":"https:\/\/api.w.org\/{rel}","templated":true}]}}