{"id":17117,"date":"2020-05-20T10:16:01","date_gmt":"2020-05-20T08:16:01","guid":{"rendered":"https:\/\/www.anika-net.de\/event\/stiftung-centre-culturel-franco-allemand\/"},"modified":"2022-03-18T17:50:10","modified_gmt":"2022-03-18T16:50:10","slug":"stiftung-centre-culturel-franco-allemand","status":"publish","type":"event","link":"https:\/\/www.anika-net.de\/tr\/event\/stiftung-centre-culturel-franco-allemand\/","title":{"rendered":"Stif\u00adtung Cent\u00adre Cul\u00adtu\u00adrel Franco-Allemand"},"content":{"rendered":"<p><strong>Karls\u00adru\u00adhe<\/strong><\/p>\n<p>Kar ama\u00adc\u0131 g\u00fct\u00adme\u00adyen CCFA Karls\u00adru\u00adhe vak\u00adf\u0131, Karls\u00adru\u00adhe\u00ad\u2019\u00adnin kal\u00adbin\u00adde iki dil\u00adli bir k\u00fcl\u00adt\u00fcr ve dil mer\u00adke\u00adzi\u00addir. Tek\u00adli\u00adfi\u00admiz \u015fun\u00adla\u00adr\u0131 i\u00e7erir:<\/p>\n<p>*Dil edi\u00adni\u00admi<br>\no Dil edi\u00adni\u00admi i\u00e7in Fran\u00ads\u0131z\u00adca kurs\u00adla\u00adr\u0131, s\u0131na\u00adva haz\u0131r\u00adl\u0131k, i\u015f Fran\u00ads\u0131z\u00adca\u00ads\u0131 ve tema\u00adtik kurslar<br>\no Her ya\u015f ve sevi\u00adye i\u00e7in grup ve birey\u00adsel dersler<br>\no DELF\/DALF s\u0131navlar\u0131<br>\no CCFA\u00ad\u2019\u00adda, yeri\u00adniz\u00adde veya sanal olarak<\/p>\n<p>*\u00e7ocuk\u00adlar ve gen\u00e7\u00adler, ana\u00adokul\u00adla\u00adr\u0131 ve okul s\u0131n\u0131flar\u0131<br>\no dil ani\u00admas\u00adyo\u00adnu, miting\u00adler, at\u00f6l\u00adye \u00e7al\u0131\u015f\u00adma\u00adla\u00adr\u0131, oku\u00adma\u00adlar, zana\u00adat \u00f6\u011fle\u00adden sonralar\u0131<br>\no 5 ya\u015f\u0131\u00adna kadar \u00e7ocuk\u00adlar i\u00e7in Fran\u00ads\u0131z oyun&nbsp;grubu<br>\no Yurt\u00add\u0131\u00ad\u015f\u0131n\u00adda\u00adki f\u0131r\u00adsat\u00adlar hak\u00adk\u0131n\u00adda bil\u00adgi (Alman-Fran\u00ads\u0131z Gen\u00e7\u00adlik Daire\u00adsi\u00ad\u2019\u00adnin bil\u00adgi noktas\u0131y\u0131z)<\/p>\n<p>*K\u00fcl\u00adt\u00fcr<br>\no Y\u0131l boyun\u00adca k\u00fcl\u00adt\u00fc\u00adrel etkinlikler<br>\no Ser\u00adgi\u00adler, kon\u00adser\u00adler, oku\u00adma\u00adlar, \u00e7al\u0131\u015f\u00adtay\u00adlar, aksi\u00adyon g\u00fcnleri\u2026<\/p>\n<p>*De\u011fi\u015f toku\u015f<br>\no M\u00fcda\u00advim\u00adler masa\u00ads\u0131: Her ay\u0131n \u00fc\u00e7\u00fcn\u00adc\u00fc \u00c7ar\u00ad\u015fam\u00adba g\u00fcn\u00fc ger\u00ad\u00e7ek\u00adle\u00ad\u015fen Alman-Fran\u00ads\u0131z m\u00fcda\u00advim\u00adle\u00adri masa\u00ads\u0131. Tan\u0131\u00ad\u015f\u0131n, de\u011fi\u015f toku\u015f yap\u0131n ve yeni arka\u00adda\u015f\u00adlar edi\u00adnin. (\u00fccret\u00adsiz)<br>\no Cin\u00e9 Club: Film ak\u015fam\u00adla\u00adr\u0131 ve ard\u0131n\u00addan ortak bir de\u011fi\u00ad\u015fim en fran\u00ad\u00e7a\u00adis. (ba\u011f\u0131\u015f i\u00e7in)<\/p>\n<p>*Med\u00adya k\u00fct\u00fcphanesi<br>\no Kla\u00adsik\u00adler, yeni \u00e7\u0131kan\u00adlar ve DVD\u00ad\u2019\u00adler. Odak nok\u00adta\u00adm\u0131z, dil edi\u00adni\u00admi i\u00e7in uygun olan Fran\u00ads\u0131z\u00adca med\u00adya\u00add\u0131r. Ayr\u0131\u00adca yara\u00adt\u0131\u00adc\u0131 Fran\u00ads\u0131z yay\u0131n\u00adc\u0131\u00adlar\u00addan \u00e7ocuk\u00adlar ve gen\u00e7\u00adler i\u00e7in \u00f6zel ola\u00adrak tasar\u00adlan\u00adm\u0131\u015f kitap\u00adlar\u00addan bir se\u00e7\u00adki sunu\u00adyo\u00adruz: pop-up kitap\u00adlar, sanat\u00adsal ola\u00adrak tasar\u00adlan\u00adm\u0131\u015f alb\u00fcm\u00adler, \u00e7iz\u00adgi roman\u00adlar, oyun\u00adlar ve \u00e7ok daha fazlas\u0131!<br>\no \u00dccret\u00adsiz \u00f6d\u00fcn\u00e7 al\u0131nabilir<br>\nDaha faz\u00adla bil\u00adgi ve tav\u00adsi\u00adye i\u00e7in ccfa-ka.de, +49 (0)721 160380 veya haber b\u00fcltenimiz<\/p>\n<p>*Alman-Fran\u00ads\u0131z m\u00fcda\u00advim\u00adle\u00adri tablosu<br>\nKar ama\u00adc\u0131 g\u00fct\u00adme\u00adyen Cent\u00adre Cul\u00adtu\u00adrel Fran\u00adco-Alle\u00admand, her ay\u0131n \u00fc\u00e7 \u00e7ar\u00ad\u015fam\u00adba g\u00fcn\u00fc Karls\u00adru\u00adhe\u00ad\u2019\u00adnin mer\u00adke\u00adzin\u00adde\u00adki bina\u00ads\u0131n\u00adda bir Alman-Fran\u00ads\u0131z m\u00fcda\u00advim masa\u00ads\u0131 sunuyor.<br>\nTop\u00adlan\u00adt\u0131\u00adlar, g\u00fcn\u00adcel Fran\u00ads\u0131z-Alman\u00adca konu\u00adla\u00adr\u0131 hak\u00adk\u0131n\u00adda fikir al\u0131\u015f\u00adve\u00adri\u00ad\u015fin\u00adde bulun\u00adma, yeni arka\u00adda\u015f\u00adlar\u00adla tan\u0131\u015f\u00adma ve dil bece\u00adri\u00adle\u00adri\u00adni taze\u00adle\u00adme f\u0131r\u00adsa\u00adt\u0131 sunu\u00adyor. Gelin, sizi ilgi\u00adlen\u00addi\u00adren t\u00fcm konu\u00adlar hak\u00adk\u0131n\u00adda rahat bir ortam\u00adda tar\u00adt\u0131\u00ad\u015f\u0131n! Biz fran\u00ad\u00e7a\u00adis &amp; par\u00adle Deutsch konu\u00ad\u015fu\u00adyo\u00adruz, yak\u0131n\u00adda g\u00f6r\u00fc\u015f\u00fcr\u00fcz!<br>\nNe zaman: 21 Ekim 2020\u2019den iti\u00adba\u00adren her ay\u0131n \u00fc\u00e7\u00fcn\u00adc\u00fc \u00c7ar\u015fambas\u0131.<br>\nNere\u00adde: CCFA Karls\u00adru\u00adhe Vak\u00adf\u0131\u00ad\u2019n\u00adda veya hava m\u00fcsa\u00adit oldu\u00ad\u011fun\u00adda d\u0131\u015far\u0131da.<br>\nDaha faz\u00adla bil\u00adgi i\u00e7in ccfa-ka.de ve info@ccfa-ka.de adre\u00adsi\u00adne pos\u00adta ile kay\u0131t yapt\u0131r\u0131n.<\/p>\n","protected":false},"author":12,"featured_media":26221,"template":"","class_list":["post-17117","event","type-event","status-publish","has-post-thumbnail","hentry","event_category-bos-vakit"],"acf":{"event-recurring":true,"event-category":97,"event-is-language-course":false,"event-recurring-still-active":true,"event-display-details":true,"event-schedules-recurring":[{"event-recurring-week-day":"0","event-recurring-time":"9:30 - 12:30 & 14:00 - 17:00","event-recurring-time-text":""},{"event-recurring-week-day":"1","event-recurring-time":"9:30 - 12:30 & 14:00 - 17:00","event-recurring-time-text":""},{"event-recurring-week-day":"2","event-recurring-time":"9:30 - 12:30 & 14:00 - 17:00","event-recurring-time-text":""},{"event-recurring-week-day":"3","event-recurring-time":"9:30 - 12:30 & 14:00 - 18:00","event-recurring-time-text":""},{"event-recurring-week-day":"4","event-recurring-time":"9:30 - 12:30","event-recurring-time-text":""}],"event-schedules-calendar":null,"event-is-online":false,"event-online-url":"","event-location-building":"Centre Culturel Franco-Allemand","event-location-street":"Karlstra\u00dfe  52-54 ","event-location-zip":"76133","event-location-city":"Karlsruhe","event-location-contact-person":"","event-location-phone":" 721\/ 16038-0","event-location-phone-2":"","event-location-mail":"info@ccfa-ka.de","event-location-mail-2":"","event-location-website":"http:\/\/ccfa-ka.de","event-target-group":[{"target-group":"families"},{"target-group":"children"},{"target-group":"adults"}],"event-target-group-comment":"","event-free":true,"event-organiser":[16566],"event-header-copyright-overlay":false,"event-copyright-note-description-end":false},"featured_image_urls_v2":{"full":["https:\/\/www.anika-net.de\/wp-content\/uploads\/2022\/09\/ccfa-ka-logo-2022-color-web-e1662030797535.jpg",1600,500,false],"thumbnail":["https:\/\/www.anika-net.de\/wp-content\/uploads\/2022\/09\/ccfa-ka-logo-2022-color-web-150x150.jpg",150,150,true],"medium":["https:\/\/www.anika-net.de\/wp-content\/uploads\/2022\/09\/ccfa-ka-logo-2022-color-web-300x94.jpg",300,94,true],"medium_large":["https:\/\/www.anika-net.de\/wp-content\/uploads\/2022\/09\/ccfa-ka-logo-2022-color-web-768x240.jpg",640,200,true],"large":["https:\/\/www.anika-net.de\/wp-content\/uploads\/2022\/09\/ccfa-ka-logo-2022-color-web-1024x320.jpg",640,200,true],"1536x1536":["https:\/\/www.anika-net.de\/wp-content\/uploads\/2022\/09\/ccfa-ka-logo-2022-color-web-1536x480.jpg",1536,480,true],"2048x2048":["https:\/\/www.anika-net.de\/wp-content\/uploads\/2022\/09\/ccfa-ka-logo-2022-color-web-e1662030797535.jpg",1600,500,false],"event-overview":["https:\/\/www.anika-net.de\/wp-content\/uploads\/2022\/09\/ccfa-ka-logo-2022-color-web-960x500.jpg",960,500,true],"event-archive-thumb":["https:\/\/www.anika-net.de\/wp-content\/uploads\/2022\/09\/ccfa-ka-logo-2022-color-web-480x150.jpg",480,150,true],"grid-item-thumbnail":["https:\/\/www.anika-net.de\/wp-content\/uploads\/2022\/09\/ccfa-ka-logo-2022-color-web-360x200.jpg",360,200,true],"network-partner-icon":["https:\/\/www.anika-net.de\/wp-content\/uploads\/2022\/09\/ccfa-ka-logo-2022-color-web-100x100.jpg",100,100,true],"organiser-icon":["https:\/\/www.anika-net.de\/wp-content\/uploads\/2022\/09\/ccfa-ka-logo-2022-color-web-200x200.jpg",200,200,true],"gform-image-choice-sm":["https:\/\/www.anika-net.de\/wp-content\/uploads\/2022\/09\/ccfa-ka-logo-2022-color-web-e1662030797535.jpg",300,94,false],"gform-image-choice-md":["https:\/\/www.anika-net.de\/wp-content\/uploads\/2022\/09\/ccfa-ka-logo-2022-color-web-e1662030797535.jpg",400,125,false],"gform-image-choice-lg":["https:\/\/www.anika-net.de\/wp-content\/uploads\/2022\/09\/ccfa-ka-logo-2022-color-web-e1662030797535.jpg",600,188,false]},"post_excerpt_stackable_v2":"<p>Karls\u00adru\u00adhe Kar ama\u00adc\u0131 g\u00fct\u00adme\u00adyen CCFA Karls\u00adru\u00adhe vak\u00adf\u0131, Karls\u00adru\u00adhe\u00ad\u2019\u00adnin kal\u00adbin\u00adde iki dil\u00adli bir k\u00fcl\u00adt\u00fcr ve dil mer\u00adke\u00adzi\u00addir. Tek\u00adli\u00adfi\u00admiz \u015fun\u00adla\u00adr\u0131 i\u00e7e\u00adrir: *Dil edi\u00adni\u00admi o Dil edi\u00adni\u00admi i\u00e7in Fran\u00ads\u0131z\u00adca kurs\u00adla\u00adr\u0131, s\u0131na\u00adva haz\u0131r\u00adl\u0131k, i\u015f Fran\u00ads\u0131z\u00adca\u00ads\u0131 ve tema\u00adtik kurs\u00adlar o Her ya\u015f ve sevi\u00adye i\u00e7in grup ve birey\u00adsel ders\u00adler o DELF\/DALF s\u0131nav\u00adla\u00adr\u0131 o CCFA\u00ad\u2019\u00adda, yeri\u00adniz\u00adde veya sanal ola\u00adrak *\u00e7ocuk\u00adlar ve gen\u00e7\u00adler, ana\u00adokul\u00adla\u00adr\u0131 ve okul s\u0131n\u0131f\u00adla\u00adr\u0131 o dil ani\u00admas\u00adyo\u00adnu, miting\u00adler, at\u00f6l\u00adye \u00e7al\u0131\u015f\u00adma\u00adla\u00adr\u0131, oku\u00adma\u00adlar, zana\u00adat \u00f6\u011fle\u00adden son\u00adra\u00adla\u00adr\u0131 o 5 ya\u015f\u0131\u00adna kadar \u00e7ocuk\u00adlar i\u00e7in Fran\u00ads\u0131z oyun&nbsp;gru\u00adbu o Yurt\u00add\u0131\u00ad\u015f\u0131n\u00adda\u00adki f\u0131r\u00adsat\u00adlar hak\u00adk\u0131n\u00adda bil\u00adgi (Alman-Fra\u00adn\u00ad\u00ad\u00ads\u0131z Gen\u00e7\u00adlik Daire\u00adsi\u00ad\u2019\u00adnin bil\u00adgi nok\u00adta\u00ads\u0131\u00ady\u0131z) *K\u00fcl\u00adt\u00fcr o Y\u0131l boyun\u00adca k\u00fcl\u00adt\u00fc\u00adrel etkin\u00adlik\u00adler o Ser\u00adgi\u00adler, kon\u00adser\u00adler, oku\u00adma\u00adlar, \u00e7al\u0131\u015f\u00adtay\u00adlar, aksiyon\u2026<\/p>\n","category_list_v2":"","author_info_v2":{"name":"Andrea Ramirez","url":"https:\/\/www.anika-net.de\/tr\/author\/andrea-ramirez\/"},"comments_num_v2":"0 comments","uagb_featured_image_src":{"full":["https:\/\/www.anika-net.de\/wp-content\/uploads\/2022\/09\/ccfa-ka-logo-2022-color-web-e1662030797535.jpg",1600,500,false],"thumbnail":["https:\/\/www.anika-net.de\/wp-content\/uploads\/2022\/09\/ccfa-ka-logo-2022-color-web-150x150.jpg",150,150,true],"medium":["https:\/\/www.anika-net.de\/wp-content\/uploads\/2022\/09\/ccfa-ka-logo-2022-color-web-300x94.jpg",300,94,true],"medium_large":["https:\/\/www.anika-net.de\/wp-content\/uploads\/2022\/09\/ccfa-ka-logo-2022-color-web-768x240.jpg",640,200,true],"large":["https:\/\/www.anika-net.de\/wp-content\/uploads\/2022\/09\/ccfa-ka-logo-2022-color-web-1024x320.jpg",640,200,true],"1536x1536":["https:\/\/www.anika-net.de\/wp-content\/uploads\/2022\/09\/ccfa-ka-logo-2022-color-web-1536x480.jpg",1536,480,true],"2048x2048":["https:\/\/www.anika-net.de\/wp-content\/uploads\/2022\/09\/ccfa-ka-logo-2022-color-web-e1662030797535.jpg",1600,500,false],"event-overview":["https:\/\/www.anika-net.de\/wp-content\/uploads\/2022\/09\/ccfa-ka-logo-2022-color-web-960x500.jpg",960,500,true],"event-archive-thumb":["https:\/\/www.anika-net.de\/wp-content\/uploads\/2022\/09\/ccfa-ka-logo-2022-color-web-480x150.jpg",480,150,true],"grid-item-thumbnail":["https:\/\/www.anika-net.de\/wp-content\/uploads\/2022\/09\/ccfa-ka-logo-2022-color-web-360x200.jpg",360,200,true],"network-partner-icon":["https:\/\/www.anika-net.de\/wp-content\/uploads\/2022\/09\/ccfa-ka-logo-2022-color-web-100x100.jpg",100,100,true],"organiser-icon":["https:\/\/www.anika-net.de\/wp-content\/uploads\/2022\/09\/ccfa-ka-logo-2022-color-web-200x200.jpg",200,200,true],"gform-image-choice-sm":["https:\/\/www.anika-net.de\/wp-content\/uploads\/2022\/09\/ccfa-ka-logo-2022-color-web-e1662030797535.jpg",300,94,false],"gform-image-choice-md":["https:\/\/www.anika-net.de\/wp-content\/uploads\/2022\/09\/ccfa-ka-logo-2022-color-web-e1662030797535.jpg",400,125,false],"gform-image-choice-lg":["https:\/\/www.anika-net.de\/wp-content\/uploads\/2022\/09\/ccfa-ka-logo-2022-color-web-e1662030797535.jpg",600,188,false]},"uagb_author_info":{"display_name":"Andrea Ramirez","author_link":"https:\/\/www.anika-net.de\/tr\/author\/andrea-ramirez\/"},"uagb_comment_info":0,"uagb_excerpt":"Karls\u00adru\u00adhe Kar ama\u00adc\u0131 g\u00fct\u00adme\u00adyen CCFA Karls\u00adru\u00adhe vak\u00adf\u0131, Karls\u00adru\u00adhe\u00ad\u2019\u00adnin kal\u00adbin\u00adde iki dil\u00adli bir k\u00fcl\u00adt\u00fcr ve dil mer\u00adke\u00adzi\u00addir. Tek\u00adli\u00adfi\u00admiz \u015fun\u00adla\u00adr\u0131 i\u00e7erir: *Dil edi\u00adni\u00admi o Dil edi\u00adni\u00admi i\u00e7in Fran\u00ads\u0131z\u00adca kurs\u00adla\u00adr\u0131, s\u0131na\u00adva haz\u0131r\u00adl\u0131k, i\u015f&nbsp;daha fazla okuyun","_links":{"self":[{"href":"https:\/\/www.anika-net.de\/tr\/wp-json\/wp\/v2\/event\/17117","targetHints":{"allow":["GET"]}}],"collection":[{"href":"https:\/\/www.anika-net.de\/tr\/wp-json\/wp\/v2\/event"}],"about":[{"href":"https:\/\/www.anika-net.de\/tr\/wp-json\/wp\/v2\/types\/event"}],"author":[{"embeddable":true,"href":"https:\/\/www.anika-net.de\/tr\/wp-json\/wp\/v2\/users\/12"}],"version-history":[{"count":0,"href":"https:\/\/www.anika-net.de\/tr\/wp-json\/wp\/v2\/event\/17117\/revisions"}],"acf:post":[{"embeddable":true,"href":"https:\/\/www.anika-net.de\/tr\/wp-json\/wp\/v2\/organiser\/16566"}],"acf:term":[{"embeddable":true,"taxonomy":"event_category","href":"https:\/\/www.anika-net.de\/tr\/wp-json\/wp\/v2\/event_category\/97"}],"wp:featuredmedia":[{"embeddable":true,"href":"https:\/\/www.anika-net.de\/tr\/wp-json\/wp\/v2\/media\/26221"}],"wp:attachment":[{"href":"https:\/\/www.anika-net.de\/tr\/wp-json\/wp\/v2\/media?parent=17117"}],"curies":[{"name":"wp","href":"https:\/\/api.w.org\/{rel}","templated":true}]}}