{"id":17059,"date":"2020-07-28T12:32:28","date_gmt":"2020-07-28T10:32:28","guid":{"rendered":"https:\/\/www.anika-net.de\/event\/lokale-agenda-21\/"},"modified":"2024-07-10T11:27:36","modified_gmt":"2024-07-10T09:27:36","slug":"yerel-guendem-21","status":"publish","type":"event","link":"https:\/\/www.anika-net.de\/tr\/event\/yerel-guendem-21\/","title":{"rendered":"Loka\u00adle G\u00fcn\u00addem 21 Karlsruhe"},"content":{"rendered":"<blockquote>\n<h2><strong><span style=\"color: #333399;\">Loka\u00adle Agen\u00adda 21 Karls\u00adru\u00adhe, vatan\u00adda\u015f\u00adla\u00adr\u0131 pro\u00adje\u00adle\u00adri\u00adnin uygu\u00adlan\u00adma\u00ads\u0131n\u00adda ve halk\u00adla ili\u015f\u00adki\u00adler\u00adde des\u00adtek\u00adle\u00admek\u00adte\u00addir. Ayn\u0131 zaman\u00adda ken\u00addi pro\u00adje\u00adle\u00adri\u00adni de uygu\u00adla\u00admak\u00adta\u00add\u0131r ve siz\u00adler\u00adden haber almak\u00adtan ve yeni fikir\u00adler edin\u00admek\u00adten her zaman mut\u00adlu\u00adluk duyar.<\/span>.<\/strong><\/h2>\n<\/blockquote>\n<p>S\u00fcr\u00add\u00fc\u00adr\u00fc\u00adle\u00adbi\u00adlir ve gele\u00adce\u00ad\u011fe y\u00f6ne\u00adlik bir Karls\u00adru\u00adhe\u00ad\u2019\u00adye ve ayr\u0131\u00adca d\u00fcn\u00adya \u00e7ap\u0131n\u00adda s\u00fcr\u00add\u00fc\u00adr\u00fc\u00adle\u00adbi\u00adlir kal\u00adk\u0131n\u00adma\u00adya olan ba\u011f\u00adl\u0131\u00adl\u0131k, Karls\u00adru\u00adhe\u00ad\u2019\u00adde \u2014 hem vatan\u00adda\u015f\u00adlar hem de \u015fehir ida\u00adre\u00adsi a\u00e7\u0131\u00ads\u0131n\u00addan harikad\u0131r.<\/p>\n<p>Yerel G\u00fcn\u00addem 21 \u00e7at\u0131\u00ads\u0131 alt\u0131n\u00adda, \u00e7ok say\u0131\u00adda \u00e7al\u0131\u015f\u00adma gru\u00adbu, ini\u00adsi\u00adya\u00adtif, der\u00adnek ve \u00f6zel \u015fah\u0131s, Bir\u00adle\u015f\u00admi\u015f Mil\u00adlet\u00adler G\u00fcn\u00addem 2030\u2019un 17 hede\u00adfi\u00adne ken\u00addi\u00adni ada\u00adm\u0131\u015f\u00adt\u0131r ve iklim koru\u00adma, Tek D\u00fcn\u00adya, s\u00fcr\u00add\u00fc\u00adr\u00fc\u00adle\u00adbi\u00adlir t\u00fcke\u00adtim ve hare\u00adket\u00adli\u00adlik gibi konu\u00adlar\u00adda yer almaktad\u0131r.<\/p>\n<p>\u201c<strong>G\u00fcn\u00addem 2030 \u2014 Karls\u00adru\u00adhe\u00ad\u2019\u00adde S\u00fcr\u00add\u00fc\u00adr\u00fc\u00adle\u00adbi\u00adlir\u00adlik<\/strong>\u201d: <a href=\"https:\/\/geoportal.karlsruhe.de\/agenda2030\/\" target=\"_blank\" rel=\"noopener\">https:\/\/geoportal.karlsruhe.de\/agenda2030\/<\/a> web uygu\u00adla\u00adma\u00ads\u0131, Karls\u00adru\u00adhe\u00ad\u2019\u00adde\u00adki \u00e7e\u015fit\u00adli akt\u00f6r\u00adle\u00adrin yan\u0131 s\u0131ra s\u00fcr\u00add\u00fc\u00adr\u00fc\u00adle\u00adbi\u00adlir al\u0131\u015f\u00adve\u00adri\u015f f\u0131r\u00adsat\u00adla\u00adr\u0131\u00adna ili\u015f\u00adkin bir ilk genel bak\u0131\u015f sa\u011flar.<\/p>\n","protected":false},"author":12,"featured_media":51490,"template":"","class_list":["post-17059","event","type-event","status-publish","has-post-thumbnail","hentry","event_category-bos-vakit"],"acf":{"event-recurring":true,"event-category":97,"event-is-language-course":false,"event-recurring-still-active":true,"event-display-details":true,"event-schedules-recurring":null,"event-schedules-calendar":null,"event-is-online":false,"event-online-url":"","event-location-building":"Agendab\u00fcro","event-location-street":"Markgrafenstra\u00dfe 14","event-location-zip":"76131","event-location-city":"Karlsruhe","event-location-contact-person":"","event-location-phone":"0721\/133 3118","event-location-phone-2":"","event-location-mail":"agenda21@karlsruhe.de","event-location-mail-2":"","event-location-website":"https:\/\/www.agenda21-karlsruhe.de\/home","event-target-group":[{"target-group":"all"}],"event-target-group-comment":"","event-free":true,"event-organiser":[15851],"event-header-copyright-overlay":true,"event-copyright-note-description-end":false},"featured_image_urls_v2":{"full":["https:\/\/www.anika-net.de\/wp-content\/uploads\/2020\/07\/Agenda-21.png",1131,306,false],"thumbnail":["https:\/\/www.anika-net.de\/wp-content\/uploads\/2020\/07\/Agenda-21-150x150.png",150,150,true],"medium":["https:\/\/www.anika-net.de\/wp-content\/uploads\/2020\/07\/Agenda-21-300x81.png",300,81,true],"medium_large":["https:\/\/www.anika-net.de\/wp-content\/uploads\/2020\/07\/Agenda-21-768x208.png",640,173,true],"large":["https:\/\/www.anika-net.de\/wp-content\/uploads\/2020\/07\/Agenda-21-1024x277.png",640,173,true],"1536x1536":["https:\/\/www.anika-net.de\/wp-content\/uploads\/2020\/07\/Agenda-21.png",1131,306,false],"2048x2048":["https:\/\/www.anika-net.de\/wp-content\/uploads\/2020\/07\/Agenda-21.png",1131,306,false],"event-overview":["https:\/\/www.anika-net.de\/wp-content\/uploads\/2020\/07\/Agenda-21-960x306.png",960,306,true],"event-archive-thumb":["https:\/\/www.anika-net.de\/wp-content\/uploads\/2020\/07\/Agenda-21-480x130.png",480,130,true],"grid-item-thumbnail":["https:\/\/www.anika-net.de\/wp-content\/uploads\/2020\/07\/Agenda-21-360x200.png",360,200,true],"network-partner-icon":["https:\/\/www.anika-net.de\/wp-content\/uploads\/2020\/07\/Agenda-21-100x100.png",100,100,true],"organiser-icon":["https:\/\/www.anika-net.de\/wp-content\/uploads\/2020\/07\/Agenda-21-200x200.png",200,200,true],"gform-image-choice-sm":["https:\/\/www.anika-net.de\/wp-content\/uploads\/2020\/07\/Agenda-21.png",300,81,false],"gform-image-choice-md":["https:\/\/www.anika-net.de\/wp-content\/uploads\/2020\/07\/Agenda-21.png",400,108,false],"gform-image-choice-lg":["https:\/\/www.anika-net.de\/wp-content\/uploads\/2020\/07\/Agenda-21.png",600,162,false]},"post_excerpt_stackable_v2":"<p>Loka\u00adle Agen\u00adda 21 Karls\u00adru\u00adhe, vatan\u00adda\u015f\u00adla\u00adr\u0131 pro\u00adje\u00adle\u00adri\u00adnin uygu\u00adlan\u00adma\u00ads\u0131n\u00adda ve halk\u00adla ili\u015f\u00adki\u00adler\u00adde des\u00adtek\u00adle\u00admek\u00adte\u00addir. Ayn\u0131 zaman\u00adda ken\u00addi pro\u00adje\u00adle\u00adri\u00adni de uygu\u00adla\u00admak\u00adta\u00add\u0131r ve siz\u00adler\u00adden haber almak\u00adtan ve yeni fikir\u00adler edin\u00admek\u00adten her zaman mut\u00adlu\u00adluk duyar.. S\u00fcr\u00add\u00fc\u00adr\u00fc\u00adle\u00adbi\u00adlir ve gele\u00adce\u00ad\u011fe y\u00f6ne\u00adlik bir Karls\u00adru\u00adhe\u00ad\u2019\u00adye ve ayr\u0131\u00adca d\u00fcn\u00adya \u00e7ap\u0131n\u00adda s\u00fcr\u00add\u00fc\u00adr\u00fc\u00adle\u00adbi\u00adlir kal\u00adk\u0131n\u00adma\u00adya olan ba\u011f\u00adl\u0131\u00adl\u0131k, Karls\u00adru\u00adhe\u00ad\u2019\u00adde \u2014 hem vatan\u00adda\u015f\u00adlar hem de \u015fehir ida\u00adre\u00adsi a\u00e7\u0131\u00ads\u0131n\u00addan hari\u00adka\u00add\u0131r. Yerel G\u00fcn\u00addem 21 \u00e7at\u0131\u00ads\u0131 alt\u0131n\u00adda, \u00e7ok say\u0131\u00adda \u00e7al\u0131\u015f\u00adma gru\u00adbu, ini\u00adsi\u00adya\u00adtif, der\u00adnek ve \u00f6zel \u015fah\u0131s, Bir\u00adle\u015f\u00admi\u015f Mil\u00adlet\u00adler G\u00fcn\u00addem 2030\u2019un 17 hede\u00adfi\u00adne ken\u00addi\u00adni ada\u00adm\u0131\u015f\u00adt\u0131r ve iklim koru\u00adma, Tek D\u00fcn\u00adya, s\u00fcr\u00add\u00fc\u00adr\u00fc\u00adle\u00adbi\u00adlir t\u00fcke\u00adtim ve hare\u00adket\u00adli\u00adlik gibi konu\u00adlar\u00adda yer almak\u00adta\u00add\u0131r. \u201cG\u00fcn\u00addem 2030 \u2014 Karls\u00adru\u00adhe\u00ad\u2019\u00adde S\u00fcr\u00add\u00fc\u00adr\u00fc\u00adle\u00adbi\u00adlir\u00adlik\u201d: https:\/\/geoportal.karlsruhe.de\/agenda2030\/ web uygu\u00adla\u00adma\u00ads\u0131, Karls\u00adru\u00adhe\u00ad\u2019\u00adde\u00adki \u00e7e\u015fit\u00adli akt\u00f6r\u00adle\u00adrin&nbsp;yan\u0131\u2026<\/p>\n","category_list_v2":"","author_info_v2":{"name":"Andrea Ramirez","url":"https:\/\/www.anika-net.de\/tr\/author\/andrea-ramirez\/"},"comments_num_v2":"0 comments","uagb_featured_image_src":{"full":["https:\/\/www.anika-net.de\/wp-content\/uploads\/2020\/07\/Agenda-21.png",1131,306,false],"thumbnail":["https:\/\/www.anika-net.de\/wp-content\/uploads\/2020\/07\/Agenda-21-150x150.png",150,150,true],"medium":["https:\/\/www.anika-net.de\/wp-content\/uploads\/2020\/07\/Agenda-21-300x81.png",300,81,true],"medium_large":["https:\/\/www.anika-net.de\/wp-content\/uploads\/2020\/07\/Agenda-21-768x208.png",640,173,true],"large":["https:\/\/www.anika-net.de\/wp-content\/uploads\/2020\/07\/Agenda-21-1024x277.png",640,173,true],"1536x1536":["https:\/\/www.anika-net.de\/wp-content\/uploads\/2020\/07\/Agenda-21.png",1131,306,false],"2048x2048":["https:\/\/www.anika-net.de\/wp-content\/uploads\/2020\/07\/Agenda-21.png",1131,306,false],"event-overview":["https:\/\/www.anika-net.de\/wp-content\/uploads\/2020\/07\/Agenda-21-960x306.png",960,306,true],"event-archive-thumb":["https:\/\/www.anika-net.de\/wp-content\/uploads\/2020\/07\/Agenda-21-480x130.png",480,130,true],"grid-item-thumbnail":["https:\/\/www.anika-net.de\/wp-content\/uploads\/2020\/07\/Agenda-21-360x200.png",360,200,true],"network-partner-icon":["https:\/\/www.anika-net.de\/wp-content\/uploads\/2020\/07\/Agenda-21-100x100.png",100,100,true],"organiser-icon":["https:\/\/www.anika-net.de\/wp-content\/uploads\/2020\/07\/Agenda-21-200x200.png",200,200,true],"gform-image-choice-sm":["https:\/\/www.anika-net.de\/wp-content\/uploads\/2020\/07\/Agenda-21.png",300,81,false],"gform-image-choice-md":["https:\/\/www.anika-net.de\/wp-content\/uploads\/2020\/07\/Agenda-21.png",400,108,false],"gform-image-choice-lg":["https:\/\/www.anika-net.de\/wp-content\/uploads\/2020\/07\/Agenda-21.png",600,162,false]},"uagb_author_info":{"display_name":"Andrea Ramirez","author_link":"https:\/\/www.anika-net.de\/tr\/author\/andrea-ramirez\/"},"uagb_comment_info":0,"uagb_excerpt":"Loka\u00adle Agen\u00adda 21 Karls\u00adru\u00adhe, vatan\u00adda\u015f\u00adla\u00adr\u0131 pro\u00adje\u00adle\u00adri\u00adnin uygu\u00adlan\u00adma\u00ads\u0131n\u00adda ve halk\u00adla ili\u015f\u00adki\u00adler\u00adde des\u00adtek\u00adle\u00admek\u00adte\u00addir. Ayn\u0131 zaman\u00adda ken\u00addi pro\u00adje\u00adle\u00adri\u00adni de uygu\u00adla\u00admak\u00adta\u00add\u0131r ve siz\u00adler\u00adden haber almak\u00adtan ve yeni fikir\u00adler edin\u00admek\u00adten her zaman mut\u00adlu\u00adluk duyar.. S\u00fcr\u00add\u00fc\u00adr\u00fc\u00adle\u00adbi\u00adlir&nbsp;daha fazla okuyun","_links":{"self":[{"href":"https:\/\/www.anika-net.de\/tr\/wp-json\/wp\/v2\/event\/17059","targetHints":{"allow":["GET"]}}],"collection":[{"href":"https:\/\/www.anika-net.de\/tr\/wp-json\/wp\/v2\/event"}],"about":[{"href":"https:\/\/www.anika-net.de\/tr\/wp-json\/wp\/v2\/types\/event"}],"author":[{"embeddable":true,"href":"https:\/\/www.anika-net.de\/tr\/wp-json\/wp\/v2\/users\/12"}],"version-history":[{"count":0,"href":"https:\/\/www.anika-net.de\/tr\/wp-json\/wp\/v2\/event\/17059\/revisions"}],"acf:post":[{"embeddable":true,"href":"https:\/\/www.anika-net.de\/tr\/wp-json\/wp\/v2\/organiser\/15851"}],"acf:term":[{"embeddable":true,"taxonomy":"event_category","href":"https:\/\/www.anika-net.de\/tr\/wp-json\/wp\/v2\/event_category\/97"}],"wp:featuredmedia":[{"embeddable":true,"href":"https:\/\/www.anika-net.de\/tr\/wp-json\/wp\/v2\/media\/51490"}],"wp:attachment":[{"href":"https:\/\/www.anika-net.de\/tr\/wp-json\/wp\/v2\/media?parent=17059"}],"curies":[{"name":"wp","href":"https:\/\/api.w.org\/{rel}","templated":true}]}}