{"id":17029,"date":"2019-02-20T11:41:09","date_gmt":"2019-02-20T10:41:09","guid":{"rendered":"https:\/\/www.anika-net.de\/event\/godmother-project\/"},"modified":"2023-09-04T15:58:04","modified_gmt":"2023-09-04T13:58:04","slug":"vaftiz-annesi-projesi","status":"publish","type":"event","link":"https:\/\/www.anika-net.de\/tr\/event\/vaftiz-annesi-projesi\/","title":{"rendered":"God\u00admot\u00adher Pro\u00adje\u00adsi \u2014 PatinnenProjekt"},"content":{"rendered":"<h2><span style=\"color: #008080;\">God\u00admot\u00adher Pro\u00adje\u00adsi \u2014 PatinnenProjekt<\/span><\/h2>\n<p><strong><span style=\"color: #333399;\">kad\u0131n\u00adlar i\u00e7in \u2014&nbsp;ibz<\/span><br>\n<\/strong><\/p>\n<p>Bu pro\u00adje, bir\u00adbi\u00adrin\u00adden bir \u015fey\u00adler \u00f6\u011fren\u00admek ama\u00adc\u0131y\u00adla yer\u00adli bir kad\u0131n\u00adla g\u00f6\u00e7\u00admen bir kad\u0131\u00adn\u0131 bir ara\u00adya getiriyor.<br>\nDi\u011fer k\u00fcl\u00adt\u00fcr\u00adle\u00adrin ke\u015f\u00adfe\u00addil\u00addi\u00ad\u011fi d\u00fczen\u00adli grup top\u00adlan\u00adt\u0131\u00adla\u00adr\u0131 da vard\u0131r.<br>\n\u0130lg\u00adil\u00aden\u00aden bayan\u00adlar koor\u00addi\u00adna\u00adt\u00f6r ile ile\u00adti\u00ad\u015fi\u00adme ge\u00e7ebilirler.<\/p>\n<p><strong>Biz size sunuyoruz<\/strong><\/p>\n<ul>\n<li>Ba\u011f\u0131m\u00ads\u0131z ola\u00adrak bulu\u00ad\u015fa\u00adbi\u00adle\u00adce\u00ad\u011fi\u00adniz bir tan\u00addem part\u00adne\u00adri bulmak<\/li>\n<li>Gere\u00adkir\u00adse refa\u00adkat ve dan\u0131\u015fmanl\u0131k<\/li>\n<li>\u0130lg\u00adin\u00e7 konu\u00adlar\u00adla d\u00fczen\u00adli grup toplant\u0131lar\u0131<\/li>\n<li>ede\u00adbi\u00adyat ve tarih \u00fcze\u00adri\u00adne tar\u00adt\u0131\u015f\u00adma gru\u00adbu, sine\u00adma, dans gibi \u00e7ok \u00e7e\u015fit\u00adli etkinlikler<\/li>\n<\/ul>\n<p><strong>Kat\u0131l\u00admak ister misiniz?<\/strong><br>\nO hal\u00adde bizim\u00adle ile\u00adti\u00ad\u015fi\u00adme ge\u00e7in \u2014 siz\u00adden haber bekliyoruz!<\/p>\n<p><span style=\"color: #800080;\"><strong>\u015eu anda sade\u00adce tele\u00adfon\u00adla \u00e7al\u0131\u015f\u00adma saat\u00adle\u00adri: Per\u00ad\u015fem\u00adbe g\u00fcn\u00adle\u00adri 15:30\u201317:30<\/strong><\/span><\/p>\n","protected":false},"author":12,"featured_media":9183,"template":"","class_list":["post-17029","event","type-event","status-publish","has-post-thumbnail","hentry","event_category-bos-vakit"],"acf":{"event-recurring":true,"event-category":97,"event-is-language-course":false,"event-recurring-still-active":true,"event-display-details":true,"event-schedules-recurring":[{"event-recurring-week-day":"3","event-recurring-time":"15:30 - 17:30","event-recurring-time-text":""}],"event-schedules-calendar":null,"event-is-online":false,"event-online-url":"","event-location-building":"Internationales Begegnungszentrum Karlsruhe e.V.","event-location-street":"Kaiserallee 12d","event-location-zip":"76133","event-location-city":"Karlsruhe","event-location-contact-person":"Andrea Bengert","event-location-phone":"0721 \/ 89 33 37 13","event-location-phone-2":"","event-location-mail":"patinnenprojekt@ibz-karlsruhe.de","event-location-mail-2":"","event-location-website":"https:\/\/www.ibz-karlsruhe.de\/ibz-projekte\/patinnenprojekt\/","event-target-group":[{"target-group":"women"}],"event-target-group-comment":"G\u00f6\u00e7men ve yerli kad\u0131nlar i\u00e7in","event-free":true,"event-organiser":[16249],"event-header-copyright-overlay":true,"event-copyright-note-description-end":true},"featured_image_urls_v2":{"full":["https:\/\/www.anika-net.de\/wp-content\/uploads\/2019\/02\/PP-web.jpg",1088,725,false],"thumbnail":["https:\/\/www.anika-net.de\/wp-content\/uploads\/2019\/02\/PP-web-150x150.jpg",150,150,true],"medium":["https:\/\/www.anika-net.de\/wp-content\/uploads\/2019\/02\/PP-web-300x200.jpg",300,200,true],"medium_large":["https:\/\/www.anika-net.de\/wp-content\/uploads\/2019\/02\/PP-web-768x512.jpg",640,427,true],"large":["https:\/\/www.anika-net.de\/wp-content\/uploads\/2019\/02\/PP-web-1024x682.jpg",640,426,true],"1536x1536":["https:\/\/www.anika-net.de\/wp-content\/uploads\/2019\/02\/PP-web.jpg",1088,725,false],"2048x2048":["https:\/\/www.anika-net.de\/wp-content\/uploads\/2019\/02\/PP-web.jpg",1088,725,false],"event-overview":["https:\/\/www.anika-net.de\/wp-content\/uploads\/2019\/02\/PP-web-960x640.jpg",960,640,true],"event-archive-thumb":["https:\/\/www.anika-net.de\/wp-content\/uploads\/2019\/02\/PP-web-480x320.jpg",480,320,true],"grid-item-thumbnail":["https:\/\/www.anika-net.de\/wp-content\/uploads\/2019\/02\/PP-web-360x200.jpg",360,200,true],"network-partner-icon":["https:\/\/www.anika-net.de\/wp-content\/uploads\/2019\/02\/PP-web-100x100.jpg",100,100,true],"organiser-icon":["https:\/\/www.anika-net.de\/wp-content\/uploads\/2019\/02\/PP-web-200x200.jpg",200,200,true],"gform-image-choice-sm":["https:\/\/www.anika-net.de\/wp-content\/uploads\/2019\/02\/PP-web.jpg",300,200,false],"gform-image-choice-md":["https:\/\/www.anika-net.de\/wp-content\/uploads\/2019\/02\/PP-web.jpg",400,267,false],"gform-image-choice-lg":["https:\/\/www.anika-net.de\/wp-content\/uploads\/2019\/02\/PP-web.jpg",600,400,false]},"post_excerpt_stackable_v2":"<p>God\u00admot\u00adher Pro\u00adje\u00adsi \u2014 Patin\u00adnenP\u00adro\u00adjekt kad\u0131n\u00adlar i\u00e7in \u2014&nbsp;ibz Bu pro\u00adje, bir\u00adbi\u00adrin\u00adden bir \u015fey\u00adler \u00f6\u011fren\u00admek ama\u00adc\u0131y\u00adla yer\u00adli bir kad\u0131n\u00adla g\u00f6\u00e7\u00admen bir kad\u0131\u00adn\u0131 bir ara\u00adya geti\u00adri\u00adyor. Di\u011fer k\u00fcl\u00adt\u00fcr\u00adle\u00adrin ke\u015f\u00adfe\u00addil\u00addi\u00ad\u011fi d\u00fczen\u00adli grup top\u00adlan\u00adt\u0131\u00adla\u00adr\u0131 da var\u00add\u0131r. \u0130lg\u00adil\u00aden\u00aden bayan\u00adlar koor\u00addi\u00adna\u00adt\u00f6r ile ile\u00adti\u00ad\u015fi\u00adme ge\u00e7e\u00adbi\u00adlir\u00adler. Biz size sunu\u00adyo\u00adruz Ba\u011f\u0131m\u00ads\u0131z ola\u00adrak bulu\u00ad\u015fa\u00adbi\u00adle\u00adce\u00ad\u011fi\u00adniz bir tan\u00addem part\u00adne\u00adri bul\u00admak Gere\u00adkir\u00adse refa\u00adkat ve dan\u0131\u015f\u00adman\u00adl\u0131k \u0130lg\u00adin\u00e7 konu\u00adlar\u00adla d\u00fczen\u00adli grup top\u00adlan\u00adt\u0131\u00adla\u00adr\u0131 ede\u00adbi\u00adyat ve tarih \u00fcze\u00adri\u00adne tar\u00adt\u0131\u015f\u00adma gru\u00adbu, sine\u00adma, dans gibi \u00e7ok \u00e7e\u015fit\u00adli etkin\u00adlik\u00adler Kat\u0131l\u00admak ister misi\u00adniz? O hal\u00adde bizim\u00adle ile\u00adti\u00ad\u015fi\u00adme ge\u00e7in \u2014 siz\u00adden haber bek\u00adli\u00adyo\u00adruz! \u015eu anda sade\u00adce tele\u00adfon\u00adla \u00e7al\u0131\u015f\u00adma saat\u00adle\u00adri: Per\u00ad\u015fem\u00adbe g\u00fcn\u00adle\u00adri 15:30\u201317:30<\/p>\n","category_list_v2":"","author_info_v2":{"name":"Andrea Ramirez","url":"https:\/\/www.anika-net.de\/tr\/author\/andrea-ramirez\/"},"comments_num_v2":"0 comments","uagb_featured_image_src":{"full":["https:\/\/www.anika-net.de\/wp-content\/uploads\/2019\/02\/PP-web.jpg",1088,725,false],"thumbnail":["https:\/\/www.anika-net.de\/wp-content\/uploads\/2019\/02\/PP-web-150x150.jpg",150,150,true],"medium":["https:\/\/www.anika-net.de\/wp-content\/uploads\/2019\/02\/PP-web-300x200.jpg",300,200,true],"medium_large":["https:\/\/www.anika-net.de\/wp-content\/uploads\/2019\/02\/PP-web-768x512.jpg",640,427,true],"large":["https:\/\/www.anika-net.de\/wp-content\/uploads\/2019\/02\/PP-web-1024x682.jpg",640,426,true],"1536x1536":["https:\/\/www.anika-net.de\/wp-content\/uploads\/2019\/02\/PP-web.jpg",1088,725,false],"2048x2048":["https:\/\/www.anika-net.de\/wp-content\/uploads\/2019\/02\/PP-web.jpg",1088,725,false],"event-overview":["https:\/\/www.anika-net.de\/wp-content\/uploads\/2019\/02\/PP-web-960x640.jpg",960,640,true],"event-archive-thumb":["https:\/\/www.anika-net.de\/wp-content\/uploads\/2019\/02\/PP-web-480x320.jpg",480,320,true],"grid-item-thumbnail":["https:\/\/www.anika-net.de\/wp-content\/uploads\/2019\/02\/PP-web-360x200.jpg",360,200,true],"network-partner-icon":["https:\/\/www.anika-net.de\/wp-content\/uploads\/2019\/02\/PP-web-100x100.jpg",100,100,true],"organiser-icon":["https:\/\/www.anika-net.de\/wp-content\/uploads\/2019\/02\/PP-web-200x200.jpg",200,200,true],"gform-image-choice-sm":["https:\/\/www.anika-net.de\/wp-content\/uploads\/2019\/02\/PP-web.jpg",300,200,false],"gform-image-choice-md":["https:\/\/www.anika-net.de\/wp-content\/uploads\/2019\/02\/PP-web.jpg",400,267,false],"gform-image-choice-lg":["https:\/\/www.anika-net.de\/wp-content\/uploads\/2019\/02\/PP-web.jpg",600,400,false]},"uagb_author_info":{"display_name":"Andrea Ramirez","author_link":"https:\/\/www.anika-net.de\/tr\/author\/andrea-ramirez\/"},"uagb_comment_info":0,"uagb_excerpt":"God\u00admot\u00adher Pro\u00adje\u00adsi \u2014 PatinnenProjekt kad\u0131n\u00adlar i\u00e7in \u2014&nbsp;ibz Bu pro\u00adje, bir\u00adbi\u00adrin\u00adden bir \u015fey\u00adler \u00f6\u011fren\u00admek ama\u00adc\u0131y\u00adla yer\u00adli bir kad\u0131n\u00adla g\u00f6\u00e7\u00admen bir kad\u0131\u00adn\u0131 bir ara\u00adya getiriyor. Di\u011fer k\u00fcl\u00adt\u00fcr\u00adle\u00adrin ke\u015f\u00adfe\u00addil\u00addi\u00ad\u011fi d\u00fczen\u00adli grup top\u00adlan\u00adt\u0131\u00adla\u00adr\u0131 da&nbsp;daha fazla okuyun","_links":{"self":[{"href":"https:\/\/www.anika-net.de\/tr\/wp-json\/wp\/v2\/event\/17029","targetHints":{"allow":["GET"]}}],"collection":[{"href":"https:\/\/www.anika-net.de\/tr\/wp-json\/wp\/v2\/event"}],"about":[{"href":"https:\/\/www.anika-net.de\/tr\/wp-json\/wp\/v2\/types\/event"}],"author":[{"embeddable":true,"href":"https:\/\/www.anika-net.de\/tr\/wp-json\/wp\/v2\/users\/12"}],"version-history":[{"count":0,"href":"https:\/\/www.anika-net.de\/tr\/wp-json\/wp\/v2\/event\/17029\/revisions"}],"acf:post":[{"embeddable":true,"href":"https:\/\/www.anika-net.de\/tr\/wp-json\/wp\/v2\/organiser\/16249"}],"acf:term":[{"embeddable":true,"taxonomy":"event_category","href":"https:\/\/www.anika-net.de\/tr\/wp-json\/wp\/v2\/event_category\/97"}],"wp:featuredmedia":[{"embeddable":true,"href":"https:\/\/www.anika-net.de\/tr\/wp-json\/wp\/v2\/media\/9183"}],"wp:attachment":[{"href":"https:\/\/www.anika-net.de\/tr\/wp-json\/wp\/v2\/media?parent=17029"}],"curies":[{"name":"wp","href":"https:\/\/api.w.org\/{rel}","templated":true}]}}