{"id":17017,"date":"2019-02-07T09:47:05","date_gmt":"2019-02-07T08:47:05","guid":{"rendered":"https:\/\/www.anika-net.de\/event\/kinemathek-karlsruhe\/"},"modified":"2024-07-11T11:37:12","modified_gmt":"2024-07-11T09:37:12","slug":"kinemathek-karlsruhe","status":"publish","type":"event","link":"https:\/\/www.anika-net.de\/tr\/event\/kinemathek-karlsruhe\/","title":{"rendered":"Kine\u00adma\u00adtek Karlsruhe"},"content":{"rendered":"<p>Kine\u00admat\u00adhek, Karls\u00adru\u00adhe\u00ad\u2019\u00adnin film\u00adle\u00adri ke\u015f\u00adfe\u00adden, koru\u00adyan ve ser\u00adgi\u00adle\u00adyen kar ama\u00adc\u0131 g\u00fct\u00adme\u00adyen film sanat evi\u00addir. Dik\u00adkat\u00adli ve s\u00fcrek\u00adli \u00e7al\u0131\u015f\u00adma, da\u011f\u0131\u00adt\u0131m\u00adc\u0131\u00adlar ve ar\u015fiv\u00adler\u00adle al\u0131\u015f\u00adve\u00adri\u015f, film tari\u00adhi ara\u015f\u00adt\u0131r\u00adma\u00ads\u0131 ve este\u00adtik yan\u00ads\u0131\u00adma yoluy\u00adla, prog\u00adram dizi\u00adle\u00adri k\u00fcra\u00adt\u00f6r\u00adl\u00fc\u00ad\u011f\u00fcn\u00adde ve ara\u00adc\u0131\u00adl\u0131k ediliyor.<br>\nKine\u00admat\u00adhe\u00adk\u00ad\u2019in k\u0131rk y\u0131l\u0131 a\u015fk\u0131n bir s\u00fcre\u00addir d\u00fc\u015f\u00fcn\u00adce ve tar\u00adt\u0131\u015f\u00adma\u00ady\u0131 hare\u00adke\u00adte ge\u00e7i\u00adren, zama\u00adn\u0131n nab\u00adz\u0131\u00adn\u0131 tutan ve sanat\u00adsal kali\u00adte\u00adsiy\u00adle ikna eden bir film prog\u00adra\u00adm\u0131 suna\u00adbil\u00adme\u00adsi, co\u015f\u00adku ve g\u00f6n\u00fcl\u00adl\u00fc ba\u011f\u00adl\u0131\u00adl\u0131k sayesindedir.<\/p>\n<p>Y\u0131l\u00adda 600 etkin\u00adlik ve yak\u00adla\u00ad\u015f\u0131k 17.000 izle\u00adyi\u00adci ile Kine\u00admat\u00adhek, sos\u00adyal al\u0131\u015f\u00adve\u00adri\u015f i\u00e7in bir plat\u00adform ve fark\u00adl\u0131 nesil\u00adler i\u00e7in bir bulu\u015f\u00adma yeri ola\u00adrak kabul edi\u00adlir, ayn\u0131 zaman\u00adda \u00e7a\u011f\u00adda\u015f med\u00adya seli\u00adnin orta\u00ads\u0131n\u00adda bir viz\u00adyon oku\u00adlu ola\u00adrak kabul edilir.<\/p>\n<p><span style=\"color: #008080;\"><strong>\ud83c\udf9e\ufe0f <a href=\"https:\/\/kinemathek-karlsruhe.de\/spielplan\/\" rel=\"noopener\">Film prog\u00adra\u00adm\u0131<\/a><\/strong><\/span><\/p>\n<h3><span style=\"color: #008080;\">Fiyat<\/span><\/h3>\n<p><strong>Nor\u00admal Fiyat:<\/strong> 8&nbsp;\u20ac<br>\n<strong>\u0130nd\u00adir\u00adimli:<\/strong> 7&nbsp;\u20ac<br>\n<strong>\u00dcye\u00adle\u00adri\u00admiz:<\/strong> 6&nbsp;\u20ac<br>\n\u00c7ocuk sine\u00adma\u00ads\u0131 i\u00e7in 3,00 \u20ac<br>\n2,00 \u20ac \u00e7ocuk sine\u00adma kul\u00fc\u00adb\u00fc&nbsp;i\u00e7in<\/p>\n<p>\ud83d\udca1Film\u00adler<strong>ori\u00adji\u00adnal dilin\u00adde<\/strong> Alman\u00adca alt\u00adya\u00adz\u0131\u00adl\u0131 ola\u00adrak<strong>g\u00f6s\u00adte\u00adril\u00admek\u00adte\u00addir<\/strong> (var\u00adsa). Bunun istis\u00adna\u00ads\u0131 gen\u00e7 Kinemathek\u2019tir.<\/p>\n<p>\ud83c\udfac Dik\u00adkat\u00adli\u00adce se\u00e7ilmi\u015f&nbsp;<span style=\"color: #008080;\"><br>\n  <strong><a href=\"https:\/\/kinemathek-karlsruhe.de\/junge-kinemathek\/\" rel=\"noopener\">\u00e7ocuk film\u00adle\u00adri<\/a> her haf\u00adta Pazar g\u00fcn\u00adle\u00adri saat 15:00\u2019te \u00f6zel aile fiyat\u0131yla.<\/strong><br>\n<\/span><\/p>\n","protected":false},"author":12,"featured_media":13049,"template":"","class_list":["post-17017","event","type-event","status-publish","has-post-thumbnail","hentry","event_category-bos-vakit"],"acf":{"event-recurring":true,"event-category":97,"event-is-language-course":false,"event-recurring-still-active":true,"event-display-details":true,"event-schedules-recurring":[{"event-recurring-week-day":"3","event-recurring-time":"18:00 - 22:00","event-recurring-time-text":""},{"event-recurring-week-day":"4","event-recurring-time":"18:00 - 22:00","event-recurring-time-text":""},{"event-recurring-week-day":"5","event-recurring-time":"14:00 - 22:00","event-recurring-time-text":""},{"event-recurring-week-day":"6","event-recurring-time":"14:00 - 22:00","event-recurring-time-text":""}],"event-schedules-calendar":null,"event-is-online":false,"event-online-url":"","event-location-building":"Kinemathek Karlsruhe","event-location-street":"Kaiserpassage 6","event-location-zip":"76133","event-location-city":"Karlsruhe","event-location-contact-person":"","event-location-phone":"+49 721 83189585 (Cinema box office)","event-location-phone-2":"","event-location-mail":"info@kinemathek-karlsruhe.de","event-location-mail-2":"","event-location-website":"http:\/\/kinemathek-karlsruhe.de","event-target-group":[{"target-group":"all"}],"event-target-group-comment":"","event-free":false,"event-organiser":[16296],"event-header-copyright-overlay":true,"event-copyright-note-description-end":true},"featured_image_urls_v2":{"full":["https:\/\/www.anika-net.de\/wp-content\/uploads\/2021\/12\/42019-09-26-Kinemathek-Logo-schwarz-RGB.png",356,356,false],"thumbnail":["https:\/\/www.anika-net.de\/wp-content\/uploads\/2021\/12\/42019-09-26-Kinemathek-Logo-schwarz-RGB-150x150.png",150,150,true],"medium":["https:\/\/www.anika-net.de\/wp-content\/uploads\/2021\/12\/42019-09-26-Kinemathek-Logo-schwarz-RGB-300x300.png",300,300,true],"medium_large":["https:\/\/www.anika-net.de\/wp-content\/uploads\/2021\/12\/42019-09-26-Kinemathek-Logo-schwarz-RGB.png",356,356,false],"large":["https:\/\/www.anika-net.de\/wp-content\/uploads\/2021\/12\/42019-09-26-Kinemathek-Logo-schwarz-RGB.png",356,356,false],"1536x1536":["https:\/\/www.anika-net.de\/wp-content\/uploads\/2021\/12\/42019-09-26-Kinemathek-Logo-schwarz-RGB.png",356,356,false],"2048x2048":["https:\/\/www.anika-net.de\/wp-content\/uploads\/2021\/12\/42019-09-26-Kinemathek-Logo-schwarz-RGB.png",356,356,false],"event-overview":["https:\/\/www.anika-net.de\/wp-content\/uploads\/2021\/12\/42019-09-26-Kinemathek-Logo-schwarz-RGB.png",356,356,false],"event-archive-thumb":["https:\/\/www.anika-net.de\/wp-content\/uploads\/2021\/12\/42019-09-26-Kinemathek-Logo-schwarz-RGB.png",356,356,false],"grid-item-thumbnail":["https:\/\/www.anika-net.de\/wp-content\/uploads\/2021\/12\/42019-09-26-Kinemathek-Logo-schwarz-RGB-356x200.png",356,200,true],"network-partner-icon":["https:\/\/www.anika-net.de\/wp-content\/uploads\/2021\/12\/42019-09-26-Kinemathek-Logo-schwarz-RGB-100x100.png",100,100,true],"organiser-icon":["https:\/\/www.anika-net.de\/wp-content\/uploads\/2021\/12\/42019-09-26-Kinemathek-Logo-schwarz-RGB-200x200.png",200,200,true],"gform-image-choice-sm":["https:\/\/www.anika-net.de\/wp-content\/uploads\/2021\/12\/42019-09-26-Kinemathek-Logo-schwarz-RGB.png",300,300,false],"gform-image-choice-md":["https:\/\/www.anika-net.de\/wp-content\/uploads\/2021\/12\/42019-09-26-Kinemathek-Logo-schwarz-RGB.png",356,356,false],"gform-image-choice-lg":["https:\/\/www.anika-net.de\/wp-content\/uploads\/2021\/12\/42019-09-26-Kinemathek-Logo-schwarz-RGB.png",356,356,false]},"post_excerpt_stackable_v2":"<p>Kine\u00admat\u00adhek, Karls\u00adru\u00adhe\u00ad\u2019\u00adnin film\u00adle\u00adri ke\u015f\u00adfe\u00adden, koru\u00adyan ve ser\u00adgi\u00adle\u00adyen kar ama\u00adc\u0131 g\u00fct\u00adme\u00adyen film sanat evi\u00addir. Dik\u00adkat\u00adli ve s\u00fcrek\u00adli \u00e7al\u0131\u015f\u00adma, da\u011f\u0131\u00adt\u0131m\u00adc\u0131\u00adlar ve ar\u015fiv\u00adler\u00adle al\u0131\u015f\u00adve\u00adri\u015f, film tari\u00adhi ara\u015f\u00adt\u0131r\u00adma\u00ads\u0131 ve este\u00adtik yan\u00ads\u0131\u00adma yoluy\u00adla, prog\u00adram dizi\u00adle\u00adri k\u00fcra\u00adt\u00f6r\u00adl\u00fc\u00ad\u011f\u00fcn\u00adde ve ara\u00adc\u0131\u00adl\u0131k edi\u00adli\u00adyor. Kine\u00admat\u00adhe\u00adk\u00ad\u2019in k\u0131rk y\u0131l\u0131 a\u015fk\u0131n bir s\u00fcre\u00addir d\u00fc\u015f\u00fcn\u00adce ve tar\u00adt\u0131\u015f\u00adma\u00ady\u0131 hare\u00adke\u00adte ge\u00e7i\u00adren, zama\u00adn\u0131n nab\u00adz\u0131\u00adn\u0131 tutan ve sanat\u00adsal kali\u00adte\u00adsiy\u00adle ikna eden bir film prog\u00adra\u00adm\u0131 suna\u00adbil\u00adme\u00adsi, co\u015f\u00adku ve g\u00f6n\u00fcl\u00adl\u00fc ba\u011f\u00adl\u0131\u00adl\u0131k saye\u00adsin\u00adde\u00addir. Y\u0131l\u00adda 600 etkin\u00adlik ve yak\u00adla\u00ad\u015f\u0131k 17.000 izle\u00adyi\u00adci ile Kine\u00admat\u00adhek, sos\u00adyal al\u0131\u015f\u00adve\u00adri\u015f i\u00e7in bir plat\u00adform ve fark\u00adl\u0131 nesil\u00adler i\u00e7in bir bulu\u015f\u00adma yeri ola\u00adrak kabul edi\u00adlir, ayn\u0131 zaman\u00adda \u00e7a\u011f\u00adda\u015f med\u00adya seli\u00adnin orta\u00ads\u0131n\u00adda bir viz\u00adyon oku\u00adlu ola\u00adrak kabul edi\u00adlir. \ud83c\udf9e\ufe0f&nbsp;Film\u2026<\/p>\n","category_list_v2":"","author_info_v2":{"name":"Andrea Ramirez","url":"https:\/\/www.anika-net.de\/tr\/author\/andrea-ramirez\/"},"comments_num_v2":"0 comments","uagb_featured_image_src":{"full":["https:\/\/www.anika-net.de\/wp-content\/uploads\/2021\/12\/42019-09-26-Kinemathek-Logo-schwarz-RGB.png",356,356,false],"thumbnail":["https:\/\/www.anika-net.de\/wp-content\/uploads\/2021\/12\/42019-09-26-Kinemathek-Logo-schwarz-RGB-150x150.png",150,150,true],"medium":["https:\/\/www.anika-net.de\/wp-content\/uploads\/2021\/12\/42019-09-26-Kinemathek-Logo-schwarz-RGB-300x300.png",300,300,true],"medium_large":["https:\/\/www.anika-net.de\/wp-content\/uploads\/2021\/12\/42019-09-26-Kinemathek-Logo-schwarz-RGB.png",356,356,false],"large":["https:\/\/www.anika-net.de\/wp-content\/uploads\/2021\/12\/42019-09-26-Kinemathek-Logo-schwarz-RGB.png",356,356,false],"1536x1536":["https:\/\/www.anika-net.de\/wp-content\/uploads\/2021\/12\/42019-09-26-Kinemathek-Logo-schwarz-RGB.png",356,356,false],"2048x2048":["https:\/\/www.anika-net.de\/wp-content\/uploads\/2021\/12\/42019-09-26-Kinemathek-Logo-schwarz-RGB.png",356,356,false],"event-overview":["https:\/\/www.anika-net.de\/wp-content\/uploads\/2021\/12\/42019-09-26-Kinemathek-Logo-schwarz-RGB.png",356,356,false],"event-archive-thumb":["https:\/\/www.anika-net.de\/wp-content\/uploads\/2021\/12\/42019-09-26-Kinemathek-Logo-schwarz-RGB.png",356,356,false],"grid-item-thumbnail":["https:\/\/www.anika-net.de\/wp-content\/uploads\/2021\/12\/42019-09-26-Kinemathek-Logo-schwarz-RGB-356x200.png",356,200,true],"network-partner-icon":["https:\/\/www.anika-net.de\/wp-content\/uploads\/2021\/12\/42019-09-26-Kinemathek-Logo-schwarz-RGB-100x100.png",100,100,true],"organiser-icon":["https:\/\/www.anika-net.de\/wp-content\/uploads\/2021\/12\/42019-09-26-Kinemathek-Logo-schwarz-RGB-200x200.png",200,200,true],"gform-image-choice-sm":["https:\/\/www.anika-net.de\/wp-content\/uploads\/2021\/12\/42019-09-26-Kinemathek-Logo-schwarz-RGB.png",300,300,false],"gform-image-choice-md":["https:\/\/www.anika-net.de\/wp-content\/uploads\/2021\/12\/42019-09-26-Kinemathek-Logo-schwarz-RGB.png",356,356,false],"gform-image-choice-lg":["https:\/\/www.anika-net.de\/wp-content\/uploads\/2021\/12\/42019-09-26-Kinemathek-Logo-schwarz-RGB.png",356,356,false]},"uagb_author_info":{"display_name":"Andrea Ramirez","author_link":"https:\/\/www.anika-net.de\/tr\/author\/andrea-ramirez\/"},"uagb_comment_info":0,"uagb_excerpt":"Kine\u00admat\u00adhek, Karls\u00adru\u00adhe\u00ad\u2019\u00adnin film\u00adle\u00adri ke\u015f\u00adfe\u00adden, koru\u00adyan ve ser\u00adgi\u00adle\u00adyen kar ama\u00adc\u0131 g\u00fct\u00adme\u00adyen film sanat evi\u00addir. Dik\u00adkat\u00adli ve s\u00fcrek\u00adli \u00e7al\u0131\u015f\u00adma, da\u011f\u0131\u00adt\u0131m\u00adc\u0131\u00adlar ve ar\u015fiv\u00adler\u00adle al\u0131\u015f\u00adve\u00adri\u015f, film tari\u00adhi ara\u015f\u00adt\u0131r\u00adma\u00ads\u0131 ve este\u00adtik yan\u00ads\u0131\u00adma yoluy\u00adla, prog\u00adram dizi\u00adle\u00adri&nbsp;daha fazla okuyun","_links":{"self":[{"href":"https:\/\/www.anika-net.de\/tr\/wp-json\/wp\/v2\/event\/17017","targetHints":{"allow":["GET"]}}],"collection":[{"href":"https:\/\/www.anika-net.de\/tr\/wp-json\/wp\/v2\/event"}],"about":[{"href":"https:\/\/www.anika-net.de\/tr\/wp-json\/wp\/v2\/types\/event"}],"author":[{"embeddable":true,"href":"https:\/\/www.anika-net.de\/tr\/wp-json\/wp\/v2\/users\/12"}],"version-history":[{"count":0,"href":"https:\/\/www.anika-net.de\/tr\/wp-json\/wp\/v2\/event\/17017\/revisions"}],"acf:post":[{"embeddable":true,"href":"https:\/\/www.anika-net.de\/tr\/wp-json\/wp\/v2\/organiser\/16296"}],"acf:term":[{"embeddable":true,"taxonomy":"event_category","href":"https:\/\/www.anika-net.de\/tr\/wp-json\/wp\/v2\/event_category\/97"}],"wp:featuredmedia":[{"embeddable":true,"href":"https:\/\/www.anika-net.de\/tr\/wp-json\/wp\/v2\/media\/13049"}],"wp:attachment":[{"href":"https:\/\/www.anika-net.de\/tr\/wp-json\/wp\/v2\/media?parent=17017"}],"curies":[{"name":"wp","href":"https:\/\/api.w.org\/{rel}","templated":true}]}}