{"id":16989,"date":"2019-05-13T09:21:16","date_gmt":"2019-05-13T07:21:16","guid":{"rendered":"https:\/\/www.anika-net.de\/event\/parents-get-together-meeting-elterntreff-baerenstark\/"},"modified":"2024-01-30T13:21:53","modified_gmt":"2024-01-30T12:21:53","slug":"ebeveynler-bulusmasi-elterntreff-baerenstark","status":"publish","type":"event","link":"https:\/\/www.anika-net.de\/tr\/event\/ebeveynler-bulusmasi-elterntreff-baerenstark\/","title":{"rendered":"Ebe\u00adveyn\u00adler Bulu\u015f\u00adma\u00ads\u0131 \u201cElternt\u00adreff B\u00e4renstark\u201d"},"content":{"rendered":"<h2><span style=\"color: #800080;\">Ebe\u00adveyn\u00adler Bulu\u015f\u00adma\u00ads\u0131 \u201cElternt\u00adreff B\u00e4renstark\u201d<\/span><\/h2>\n<blockquote><p><strong>Tan\u0131\u00add\u0131k bir ortam\u00adda di\u011fer ebe\u00adveyn\u00adler ve di\u011fer \u00e7ocuk\u00adlar\u00adla ile\u00adti\u00ad\u015fim kurmak<br>\n<\/strong><\/p><\/blockquote>\n<p>Ebe\u00adveyn kafe\u00admiz \u201cB\u00e4rens\u00adtark \u201c\u0131 ziya\u00adret edin: bura\u00adda di\u011fer ebe\u00adveyn\u00adler ve \u00e7ocuk\u00adlar\u00adla ile\u00adti\u00ad\u015fim kura\u00adbi\u00adlir, kat\u0131\u00adl\u0131m sa\u011f\u00adla\u00adya\u00adbi\u00adlir ve bir\u00ad\u00e7ok konu\u00adda fikir al\u0131\u015f\u00adve\u00adri\u00ad\u015fin\u00adde bulunabilirsiniz.<br>\n\u0130st\u00aded\u00adi\u011f\u00adin\u00adiz zaman kat\u0131\u00adla\u00adbi\u00adlir veya sade\u00adce birey\u00adsel otu\u00adrum\u00adla\u00adra kat\u0131labilirsiniz.<br>\nKay\u0131t yap\u00adt\u0131r\u00admak gerek\u00adli de\u011fildir.<\/p>\n<p>T\u00fcm k\u00fcl\u00adt\u00fcr\u00adler\u00adden ve mil\u00adlet\u00adler\u00adden aile\u00adler, Cuma g\u00fcn\u00adle\u00adri 09.30 \u2013 11.00 am, VHS ana bina\u00ads\u0131n\u00adda 113 numa\u00adra\u00adl\u0131 oda kabul edilir.<\/p>\n<p>Kat\u0131\u00adl\u0131m her cin\u00adsi\u00adyet ve ya\u015f i\u00e7in \u00fccretsizdir.<\/p>\n<p><strong>Odak nok\u00adta\u00ads\u0131<\/strong><\/p>\n<ul>\n<li>\u00c7ok k\u00fcl\u00adt\u00fcr\u00adl\u00fc aile\u00adler\u00adde&nbsp;ya\u015fam<\/li>\n<li>hari\u00adci \u00e7ocuk bak\u0131\u00adm\u0131\u00adna&nbsp;ad\u0131m<\/li>\n<li>Karls\u00adru\u00adhe\u00ad\u2019\u00adde \u00f6zel\u00adlik\u00adle yeni gelen\u00adler i\u00e7in aile hizmetleri.<\/li>\n<li>Aile haya\u00adt\u0131\u00adn\u0131 m\u00fcm\u00adk\u00fcn oldu\u00ad\u011fun\u00adca rahat\u00adlat\u00admak i\u00e7in ipu\u00e7\u00adla\u00adr\u0131 Ebe\u00adveyn\u00adler, \u00e7ocuk\u00adla\u00adr\u0131\u00adn\u0131 nas\u0131l des\u00adtek\u00adle\u00adye\u00adbi\u00adle\u00adcek\u00adle\u00adri ve oyun yoluy\u00adla onla\u00adr\u0131 nas\u0131l te\u015f\u00advik ede\u00adbi\u00adle\u00adcek\u00adle\u00adri konu\u00adsun\u00adda \u00f6ne\u00adri\u00adler ve fikir\u00adler al\u0131rlar.<br>\nT\u00fcm k\u00fcl\u00adt\u00fcr\u00adler\u00adden aile\u00adle\u00adre kap\u0131\u00adm\u0131z a\u00e7\u0131kt\u0131r.<\/li>\n<\/ul>\n<p><strong>\u00c7ocuk\u00adla\u00adra y\u00f6ne\u00adlik tek\u00adlif\u00adler 3 ya\u015f\u0131\u00adna kadar olan \u00e7ocuk\u00adla\u00adra y\u00f6ne\u00adlik\u00adtir<\/strong>. \u0130st\u00adisn\u00adai durum\u00adlar\u00adda b\u00fcy\u00fck kar\u00adde\u015f\u00adler de getirilebilir.<br>\nOkul tatil\u00adle\u00adrin\u00adde veli kafe\u00adsi&nbsp;yok!<\/p>\n","protected":false},"author":12,"featured_media":11054,"template":"","class_list":["post-16989","event","type-event","status-publish","has-post-thumbnail","hentry","event_category-bos-vakit"],"acf":{"event-recurring":false,"event-category":97,"event-is-language-course":false,"event-recurring-still-active":true,"event-display-details":true,"event-schedules-recurring":[{"event-recurring-week-day":"2","event-recurring-time":"","event-recurring-time-text":"19\/01\/2022, saat 10:45 ile 27\/07\/2022, saat 12:15 aras\u0131"}],"event-schedules-calendar":[{"event-calendar-day":"20240110","event-calendar-time":"","event-calendar-time-text":"kadar"},{"event-calendar-day":"20240508","event-calendar-time":"","event-calendar-time-text":""}],"event-is-online":false,"event-online-url":"","event-location-building":"vhs Karlsruhe e.V.","event-location-street":"Kaiserallee 12e","event-location-zip":"76133","event-location-city":"Karlsruhe","event-location-contact-person":"Christine Wieczorek","event-location-phone":"0721\/98575-0","event-location-phone-2":"","event-location-mail":"info@vhs-karlsruhe.de","event-location-mail-2":"","event-location-website":"https:\/\/shorturl.at\/AORST","event-target-group":[{"target-group":""}],"event-target-group-comment":"\u00c7ocuklara y\u00f6nelik teklifler 3 ya\u015f\u0131na kadar olan \u00e7ocuklara y\u00f6neliktir","event-free":true,"event-organiser":[16646],"event-header-copyright-overlay":true,"event-copyright-note-description-end":false},"featured_image_urls_v2":{"full":["https:\/\/www.anika-net.de\/wp-content\/uploads\/2021\/10\/vhs.jpg",225,225,false],"thumbnail":["https:\/\/www.anika-net.de\/wp-content\/uploads\/2021\/10\/vhs-150x150.jpg",150,150,true],"medium":["https:\/\/www.anika-net.de\/wp-content\/uploads\/2021\/10\/vhs.jpg",225,225,false],"medium_large":["https:\/\/www.anika-net.de\/wp-content\/uploads\/2021\/10\/vhs.jpg",225,225,false],"large":["https:\/\/www.anika-net.de\/wp-content\/uploads\/2021\/10\/vhs.jpg",225,225,false],"1536x1536":["https:\/\/www.anika-net.de\/wp-content\/uploads\/2021\/10\/vhs.jpg",225,225,false],"2048x2048":["https:\/\/www.anika-net.de\/wp-content\/uploads\/2021\/10\/vhs.jpg",225,225,false],"event-overview":["https:\/\/www.anika-net.de\/wp-content\/uploads\/2021\/10\/vhs.jpg",225,225,false],"event-archive-thumb":["https:\/\/www.anika-net.de\/wp-content\/uploads\/2021\/10\/vhs.jpg",225,225,false],"grid-item-thumbnail":["https:\/\/www.anika-net.de\/wp-content\/uploads\/2021\/10\/vhs-225x200.jpg",225,200,true],"network-partner-icon":["https:\/\/www.anika-net.de\/wp-content\/uploads\/2021\/10\/vhs-100x100.jpg",100,100,true],"organiser-icon":["https:\/\/www.anika-net.de\/wp-content\/uploads\/2021\/10\/vhs-200x200.jpg",200,200,true],"gform-image-choice-sm":["https:\/\/www.anika-net.de\/wp-content\/uploads\/2021\/10\/vhs.jpg",225,225,false],"gform-image-choice-md":["https:\/\/www.anika-net.de\/wp-content\/uploads\/2021\/10\/vhs.jpg",225,225,false],"gform-image-choice-lg":["https:\/\/www.anika-net.de\/wp-content\/uploads\/2021\/10\/vhs.jpg",225,225,false]},"post_excerpt_stackable_v2":"<p>Ebe\u00adveyn\u00adler Bulu\u015f\u00adma\u00ads\u0131 \u201cElternt\u00adreff B\u00e4rens\u00adtark\u201d Tan\u0131\u00add\u0131k bir ortam\u00adda di\u011fer ebe\u00adveyn\u00adler ve di\u011fer \u00e7ocuk\u00adlar\u00adla ile\u00adti\u00ad\u015fim kur\u00admak Ebe\u00adveyn kafe\u00admiz \u201cB\u00e4rens\u00adtark \u201c\u0131 ziya\u00adret edin: bura\u00adda di\u011fer ebe\u00adveyn\u00adler ve \u00e7ocuk\u00adlar\u00adla ile\u00adti\u00ad\u015fim kura\u00adbi\u00adlir, kat\u0131\u00adl\u0131m sa\u011f\u00adla\u00adya\u00adbi\u00adlir ve bir\u00ad\u00e7ok konu\u00adda fikir al\u0131\u015f\u00adve\u00adri\u00ad\u015fin\u00adde bulu\u00adna\u00adbi\u00adlir\u00adsi\u00adniz. \u0130st\u00aded\u00adi\u011f\u00adin\u00adiz zaman kat\u0131\u00adla\u00adbi\u00adlir veya sade\u00adce birey\u00adsel otu\u00adrum\u00adla\u00adra kat\u0131\u00adla\u00adbi\u00adlir\u00adsi\u00adniz. Kay\u0131t yap\u00adt\u0131r\u00admak gerek\u00adli de\u011fil\u00addir. T\u00fcm k\u00fcl\u00adt\u00fcr\u00adler\u00adden ve mil\u00adlet\u00adler\u00adden aile\u00adler, Cuma g\u00fcn\u00adle\u00adri 09.30 \u2013 11.00 am, VHS ana bina\u00ads\u0131n\u00adda 113 numa\u00adra\u00adl\u0131 oda kabul edi\u00adlir. Kat\u0131\u00adl\u0131m her cin\u00adsi\u00adyet ve ya\u015f i\u00e7in \u00fccret\u00adsiz\u00addir. Odak nok\u00adta\u00ads\u0131 \u00c7ok k\u00fcl\u00adt\u00fcr\u00adl\u00fc aile\u00adler\u00adde&nbsp;ya\u015fam hari\u00adci \u00e7ocuk bak\u0131\u00adm\u0131\u00adna&nbsp;ad\u0131m Karls\u00adru\u00adhe\u00ad\u2019\u00adde \u00f6zel\u00adlik\u00adle yeni gelen\u00adler i\u00e7in aile hiz\u00admet\u00adle\u00adri. Aile haya\u00adt\u0131\u00adn\u0131 m\u00fcm\u00adk\u00fcn oldu\u00ad\u011fun\u00adca rahat\u00adlat\u00admak i\u00e7in ipu\u00e7\u00adla\u00adr\u0131 Ebe\u00adveyn\u00adler, \u00e7ocuk\u00adla\u00adr\u0131\u00adn\u0131 nas\u0131l des\u00adtek\u00adle\u00adye\u00adbi\u00adle\u00adcek\u00adle\u00adri&nbsp;ve\u2026<\/p>\n","category_list_v2":"","author_info_v2":{"name":"Andrea Ramirez","url":"https:\/\/www.anika-net.de\/tr\/author\/andrea-ramirez\/"},"comments_num_v2":"0 comments","uagb_featured_image_src":{"full":["https:\/\/www.anika-net.de\/wp-content\/uploads\/2021\/10\/vhs.jpg",225,225,false],"thumbnail":["https:\/\/www.anika-net.de\/wp-content\/uploads\/2021\/10\/vhs-150x150.jpg",150,150,true],"medium":["https:\/\/www.anika-net.de\/wp-content\/uploads\/2021\/10\/vhs.jpg",225,225,false],"medium_large":["https:\/\/www.anika-net.de\/wp-content\/uploads\/2021\/10\/vhs.jpg",225,225,false],"large":["https:\/\/www.anika-net.de\/wp-content\/uploads\/2021\/10\/vhs.jpg",225,225,false],"1536x1536":["https:\/\/www.anika-net.de\/wp-content\/uploads\/2021\/10\/vhs.jpg",225,225,false],"2048x2048":["https:\/\/www.anika-net.de\/wp-content\/uploads\/2021\/10\/vhs.jpg",225,225,false],"event-overview":["https:\/\/www.anika-net.de\/wp-content\/uploads\/2021\/10\/vhs.jpg",225,225,false],"event-archive-thumb":["https:\/\/www.anika-net.de\/wp-content\/uploads\/2021\/10\/vhs.jpg",225,225,false],"grid-item-thumbnail":["https:\/\/www.anika-net.de\/wp-content\/uploads\/2021\/10\/vhs-225x200.jpg",225,200,true],"network-partner-icon":["https:\/\/www.anika-net.de\/wp-content\/uploads\/2021\/10\/vhs-100x100.jpg",100,100,true],"organiser-icon":["https:\/\/www.anika-net.de\/wp-content\/uploads\/2021\/10\/vhs-200x200.jpg",200,200,true],"gform-image-choice-sm":["https:\/\/www.anika-net.de\/wp-content\/uploads\/2021\/10\/vhs.jpg",225,225,false],"gform-image-choice-md":["https:\/\/www.anika-net.de\/wp-content\/uploads\/2021\/10\/vhs.jpg",225,225,false],"gform-image-choice-lg":["https:\/\/www.anika-net.de\/wp-content\/uploads\/2021\/10\/vhs.jpg",225,225,false]},"uagb_author_info":{"display_name":"Andrea Ramirez","author_link":"https:\/\/www.anika-net.de\/tr\/author\/andrea-ramirez\/"},"uagb_comment_info":0,"uagb_excerpt":"Ebe\u00adveyn\u00adler Bulu\u015f\u00adma\u00ads\u0131 \u201cElternt\u00adreff B\u00e4renstark\u201d Tan\u0131\u00add\u0131k bir ortam\u00adda di\u011fer ebe\u00adveyn\u00adler ve di\u011fer \u00e7ocuk\u00adlar\u00adla ile\u00adti\u00ad\u015fim kurmak Ebe\u00adveyn kafe\u00admiz \u201cB\u00e4rens\u00adtark \u201c\u0131 ziya\u00adret edin: bura\u00adda di\u011fer ebe\u00adveyn\u00adler ve \u00e7ocuk\u00adlar\u00adla ile\u00adti\u00ad\u015fim kura\u00adbi\u00adlir, kat\u0131\u00adl\u0131m sa\u011f\u00adla\u00adya\u00adbi\u00adlir ve&nbsp;daha fazla okuyun","_links":{"self":[{"href":"https:\/\/www.anika-net.de\/tr\/wp-json\/wp\/v2\/event\/16989","targetHints":{"allow":["GET"]}}],"collection":[{"href":"https:\/\/www.anika-net.de\/tr\/wp-json\/wp\/v2\/event"}],"about":[{"href":"https:\/\/www.anika-net.de\/tr\/wp-json\/wp\/v2\/types\/event"}],"author":[{"embeddable":true,"href":"https:\/\/www.anika-net.de\/tr\/wp-json\/wp\/v2\/users\/12"}],"version-history":[{"count":0,"href":"https:\/\/www.anika-net.de\/tr\/wp-json\/wp\/v2\/event\/16989\/revisions"}],"acf:post":[{"embeddable":true,"href":"https:\/\/www.anika-net.de\/tr\/wp-json\/wp\/v2\/organiser\/16646"}],"acf:term":[{"embeddable":true,"taxonomy":"event_category","href":"https:\/\/www.anika-net.de\/tr\/wp-json\/wp\/v2\/event_category\/97"}],"wp:featuredmedia":[{"embeddable":true,"href":"https:\/\/www.anika-net.de\/tr\/wp-json\/wp\/v2\/media\/11054"}],"wp:attachment":[{"href":"https:\/\/www.anika-net.de\/tr\/wp-json\/wp\/v2\/media?parent=16989"}],"curies":[{"name":"wp","href":"https:\/\/api.w.org\/{rel}","templated":true}]}}