{"id":16954,"date":"2019-11-20T20:13:42","date_gmt":"2019-11-20T19:13:42","guid":{"rendered":"https:\/\/www.anika-net.de\/event\/all-under-one-roof\/"},"modified":"2024-08-05T12:20:46","modified_gmt":"2024-08-05T10:20:46","slug":"hepsi-tek-cati-altinda","status":"publish","type":"event","link":"https:\/\/www.anika-net.de\/tr\/event\/hepsi-tek-cati-altinda\/","title":{"rendered":"Alle unter einem&nbsp;Dach"},"content":{"rendered":"<h2><span style=\"color: #666699;\"><strong>Lands\u00admannsc\u00adhaft der Deutsc\u00adhen aus Russ\u00adland e.V. gen\u00e7\u00adlik mer\u00adke\u00adzin\u00adde g\u00f6\u00e7\u00admen\u00adle\u00adrin potan\u00adsi\u00adye\u00adli\u00adni g\u00fc\u00e7\u00adlen\u00addir\u00admek i\u00e7in anlam\u00adl\u0131 bo\u015f zaman etkin\u00adlik\u00adle\u00adri, aile\u00adler i\u00e7in reh\u00adber\u00adlik ve \u00e7ok daha faz\u00adla\u00ads\u0131\u00adn\u0131 sunmaktad\u0131r.<\/strong><\/span><\/h2>\n<h1><span style=\"color: #ffcc00;\">Alle unter einem Dach (Hep\u00adsi tek \u00e7at\u0131 alt\u0131nda)<\/span><\/h1>\n<ul>\n<li>Okul ve okul \u00f6nce\u00adsi \u00e7a\u011f\u0131n\u00adda\u00adki \u00e7ocuk\u00adlar i\u00e7in birey\u00adsel destek.<\/li>\n<li>Okul \u00f6nce\u00adsi \u00e7ocuk\u00adla\u00adr\u0131 oku\u00adla ge\u00e7i\u015f i\u00e7in haz\u0131rlamak.<\/li>\n<li>Tiyat\u00adro, sanat, m\u00fczik, dans ve hare\u00adket alan\u00adla\u00adr\u0131n\u00adda \u00e7ocuk\u00adlar i\u00e7in bo\u015f zaman faali\u00adyet\u00adle\u00adri\u00adnin daha da geli\u015ftirilmesi.<\/li>\n<li>Ebe\u00adveyn\u00adler\u00adle i\u015fbir\u00adli\u00ad\u011fi, ebe\u00adveyn etkin\u00adlik\u00adle\u00adri\u00adnin organizasyonu.<\/li>\n<li>\u00c7ocuk\u00adlar, gen\u00e7\u00adler ve ebe\u00adveyn\u00adle\u00adri i\u00e7in med\u00adya bece\u00adri\u00adle\u00adri\u00adnin geli\u015f\u00adti\u00adril\u00adme\u00adsi, zor\u00adba\u00adl\u0131k\u00adla m\u00fcca\u00adde\u00adle ve \u015fid\u00adde\u00adtin \u00f6nlenmesi<\/li>\n<\/ul>\n<p>  Bize gelen <strong>her\u00adke\u00adsi a\u011f\u0131r<\/strong> lamak i\u00e7in sab\u0131rs\u0131zlan\u0131yoruz.&nbsp;<\/p>\n<h3><strong><span style=\"color: #008080;\">Ekip<\/span><\/strong><\/h3>\n<p>  Nite\u00adlik\u00adli eki\u00adbi\u00admiz \u00f6\u011fret\u00admen\u00adlik, m\u00fczik, sanat, spor ve sos\u00adyal e\u011fi\u00adtim alan\u00adla\u00adr\u0131n\u00adda uzun y\u0131l\u00adla\u00adra daya\u00adnan dene\u00adyi\u00adme sahip uzman\u00adlar\u00addan olu\u015fmaktad\u0131r.<br>\n\u00d6\u011fret\u00admen\u00adle\u00adri\u00admi\u00adzin \u00e7o\u011fu uzun s\u00fcre\u00addir Alman\u00adya\u00ad\u2019\u00adda ya\u015f\u0131\u00adyor ve yeni gelen\u00adle\u00adrin yeni \u00fclke\u00adle\u00adrin\u00adde\u00adki ilk ad\u0131m\u00adla\u00adr\u0131n\u00adda ba\u015fa\u00adr\u0131\u00adl\u0131 bir \u015fekil\u00adde enteg\u00adre olma\u00adla\u00adr\u0131\u00adna yar\u00add\u0131m\u00adc\u0131 olmak\u00adtan mut\u00adlu\u00adluk duyuyorlar.<br>\nAyr\u0131\u00adca yeni g\u00f6\u00e7\u00admen\u00adle\u00adre ken\u00addi mes\u00adlek\u00adle\u00adrin\u00adde \u00e7al\u0131\u015f\u00adma ve yeni bir oryan\u00adtas\u00adyon bul\u00adma f\u0131r\u00adsa\u00adt\u0131 da sunuyoruz.&nbsp;<\/p>\n<h3><span style=\"color: #008080;\"><strong>Tek\u00adlif\u00adler<\/strong><\/span><\/h3>\n<ul>\n<li><a href=\"https:\/\/www.anika-net.de\/event\/advice-and-support-for-migrants\/\"><strong>G\u00f6\u00e7\u00admen\u00adler i\u00e7in tavsiyeler<\/strong><\/a><\/li>\n<li><strong><a href=\"https:\/\/www.anika-net.de\/event\/learning-german-through-play\/\"><a href=\"https:\/\/www.anika-net.de\/event\/learning-german-through-play\/\">Oyun yoluy\u00adla Alman\u00adca \u00f6\u011fren\u00admek<\/a><\/a> <\/strong><\/li>\n<li><a href=\"https:\/\/www.anika-net.de\/event\/preschool-support\/\"><strong>Okul \u00f6nce\u00adsi destek<\/strong><\/a><\/li>\n<\/ul>\n","protected":false},"author":12,"featured_media":5832,"template":"","class_list":["post-16954","event","type-event","status-publish","has-post-thumbnail","hentry","event_category-yardim-olanaklari"],"acf":{"event-recurring":true,"event-category":95,"event-is-language-course":false,"event-recurring-still-active":true,"event-display-details":true,"event-schedules-recurring":null,"event-schedules-calendar":null,"event-is-online":false,"event-online-url":"","event-location-building":"Jugendhaus Karlsruhe","event-location-street":"Scheffelstra\u00dfe 54 (Hof)","event-location-zip":"76135","event-location-city":"Karlsruhe","event-location-contact-person":"","event-location-phone":"0721\/ 831 45 70","event-location-phone-2":"","event-location-mail":"infojugendhauskarlsruhe@gmail.com","event-location-mail-2":"","event-location-website":"https:\/\/alle-unter-einem-dach.com\/","event-target-group":[{"target-group":"all"}],"event-target-group-comment":"T\u00fcm milletlerden \u00e7ocuklar, gen\u00e7ler, yeti\u015fkinler ve ya\u015fl\u0131lar","event-free":true,"event-organiser":[16338],"event-header-copyright-overlay":false,"event-copyright-note-description-end":false},"featured_image_urls_v2":{"full":["https:\/\/www.anika-net.de\/wp-content\/uploads\/2021\/10\/csm_Wappen-LmDR_61c8ac2f85.png",1202,802,false],"thumbnail":["https:\/\/www.anika-net.de\/wp-content\/uploads\/2021\/10\/csm_Wappen-LmDR_61c8ac2f85-150x150.png",150,150,true],"medium":["https:\/\/www.anika-net.de\/wp-content\/uploads\/2021\/10\/csm_Wappen-LmDR_61c8ac2f85-300x200.png",300,200,true],"medium_large":["https:\/\/www.anika-net.de\/wp-content\/uploads\/2021\/10\/csm_Wappen-LmDR_61c8ac2f85-768x512.png",640,427,true],"large":["https:\/\/www.anika-net.de\/wp-content\/uploads\/2021\/10\/csm_Wappen-LmDR_61c8ac2f85-1024x683.png",640,427,true],"1536x1536":["https:\/\/www.anika-net.de\/wp-content\/uploads\/2021\/10\/csm_Wappen-LmDR_61c8ac2f85.png",1202,802,false],"2048x2048":["https:\/\/www.anika-net.de\/wp-content\/uploads\/2021\/10\/csm_Wappen-LmDR_61c8ac2f85.png",1202,802,false],"event-overview":["https:\/\/www.anika-net.de\/wp-content\/uploads\/2021\/10\/csm_Wappen-LmDR_61c8ac2f85-960x640.png",960,640,true],"event-archive-thumb":["https:\/\/www.anika-net.de\/wp-content\/uploads\/2021\/10\/csm_Wappen-LmDR_61c8ac2f85-480x320.png",480,320,true],"grid-item-thumbnail":["https:\/\/www.anika-net.de\/wp-content\/uploads\/2021\/10\/csm_Wappen-LmDR_61c8ac2f85-360x200.png",360,200,true],"network-partner-icon":["https:\/\/www.anika-net.de\/wp-content\/uploads\/2021\/10\/csm_Wappen-LmDR_61c8ac2f85-100x100.png",100,100,true],"organiser-icon":["https:\/\/www.anika-net.de\/wp-content\/uploads\/2021\/10\/csm_Wappen-LmDR_61c8ac2f85-200x200.png",200,200,true],"gform-image-choice-sm":["https:\/\/www.anika-net.de\/wp-content\/uploads\/2021\/10\/csm_Wappen-LmDR_61c8ac2f85.png",300,200,false],"gform-image-choice-md":["https:\/\/www.anika-net.de\/wp-content\/uploads\/2021\/10\/csm_Wappen-LmDR_61c8ac2f85.png",400,267,false],"gform-image-choice-lg":["https:\/\/www.anika-net.de\/wp-content\/uploads\/2021\/10\/csm_Wappen-LmDR_61c8ac2f85.png",600,400,false]},"post_excerpt_stackable_v2":"<p>Lands\u00admannsc\u00adhaft der Deutsc\u00adhen aus Russ\u00adland e.V. gen\u00e7\u00adlik mer\u00adke\u00adzin\u00adde g\u00f6\u00e7\u00admen\u00adle\u00adrin potan\u00adsi\u00adye\u00adli\u00adni g\u00fc\u00e7\u00adlen\u00addir\u00admek i\u00e7in anlam\u00adl\u0131 bo\u015f zaman etkin\u00adlik\u00adle\u00adri, aile\u00adler i\u00e7in reh\u00adber\u00adlik ve \u00e7ok daha faz\u00adla\u00ads\u0131\u00adn\u0131 sun\u00admak\u00adta\u00add\u0131r. Alle unter einem Dach (Hep\u00adsi tek \u00e7at\u0131 alt\u0131n\u00adda) Okul ve okul \u00f6nce\u00adsi \u00e7a\u011f\u0131n\u00adda\u00adki \u00e7ocuk\u00adlar i\u00e7in birey\u00adsel des\u00adtek. Okul \u00f6nce\u00adsi \u00e7ocuk\u00adla\u00adr\u0131 oku\u00adla ge\u00e7i\u015f i\u00e7in haz\u0131r\u00adla\u00admak. Tiyat\u00adro, sanat, m\u00fczik, dans ve hare\u00adket alan\u00adla\u00adr\u0131n\u00adda \u00e7ocuk\u00adlar i\u00e7in bo\u015f zaman faali\u00adyet\u00adle\u00adri\u00adnin daha da geli\u015f\u00adti\u00adril\u00adme\u00adsi. Ebe\u00adveyn\u00adler\u00adle i\u015fbir\u00adli\u00ad\u011fi, ebe\u00adveyn etkin\u00adlik\u00adle\u00adri\u00adnin orga\u00adni\u00adzas\u00adyo\u00adnu. \u00c7ocuk\u00adlar, gen\u00e7\u00adler ve ebe\u00adveyn\u00adle\u00adri i\u00e7in med\u00adya bece\u00adri\u00adle\u00adri\u00adnin geli\u015f\u00adti\u00adril\u00adme\u00adsi, zor\u00adba\u00adl\u0131k\u00adla m\u00fcca\u00adde\u00adle ve \u015fid\u00adde\u00adtin \u00f6nlen\u00adme\u00adsi Bize gelen her\u00adke\u00adsi a\u011f\u0131r lamak i\u00e7in sab\u0131r\u00ads\u0131z\u00adla\u00adn\u0131\u00adyo\u00adruz.&nbsp; Ekip Nite\u00adlik\u00adli eki\u00adbi\u00admiz \u00f6\u011fret\u00admen\u00adlik, m\u00fczik, sanat, spor ve sos\u00adyal e\u011fi\u00adtim alan\u00adla\u00adr\u0131n\u00adda&nbsp;uzun\u2026<\/p>\n","category_list_v2":"","author_info_v2":{"name":"Andrea Ramirez","url":"https:\/\/www.anika-net.de\/tr\/author\/andrea-ramirez\/"},"comments_num_v2":"0 comments","uagb_featured_image_src":{"full":["https:\/\/www.anika-net.de\/wp-content\/uploads\/2021\/10\/csm_Wappen-LmDR_61c8ac2f85.png",1202,802,false],"thumbnail":["https:\/\/www.anika-net.de\/wp-content\/uploads\/2021\/10\/csm_Wappen-LmDR_61c8ac2f85-150x150.png",150,150,true],"medium":["https:\/\/www.anika-net.de\/wp-content\/uploads\/2021\/10\/csm_Wappen-LmDR_61c8ac2f85-300x200.png",300,200,true],"medium_large":["https:\/\/www.anika-net.de\/wp-content\/uploads\/2021\/10\/csm_Wappen-LmDR_61c8ac2f85-768x512.png",640,427,true],"large":["https:\/\/www.anika-net.de\/wp-content\/uploads\/2021\/10\/csm_Wappen-LmDR_61c8ac2f85-1024x683.png",640,427,true],"1536x1536":["https:\/\/www.anika-net.de\/wp-content\/uploads\/2021\/10\/csm_Wappen-LmDR_61c8ac2f85.png",1202,802,false],"2048x2048":["https:\/\/www.anika-net.de\/wp-content\/uploads\/2021\/10\/csm_Wappen-LmDR_61c8ac2f85.png",1202,802,false],"event-overview":["https:\/\/www.anika-net.de\/wp-content\/uploads\/2021\/10\/csm_Wappen-LmDR_61c8ac2f85-960x640.png",960,640,true],"event-archive-thumb":["https:\/\/www.anika-net.de\/wp-content\/uploads\/2021\/10\/csm_Wappen-LmDR_61c8ac2f85-480x320.png",480,320,true],"grid-item-thumbnail":["https:\/\/www.anika-net.de\/wp-content\/uploads\/2021\/10\/csm_Wappen-LmDR_61c8ac2f85-360x200.png",360,200,true],"network-partner-icon":["https:\/\/www.anika-net.de\/wp-content\/uploads\/2021\/10\/csm_Wappen-LmDR_61c8ac2f85-100x100.png",100,100,true],"organiser-icon":["https:\/\/www.anika-net.de\/wp-content\/uploads\/2021\/10\/csm_Wappen-LmDR_61c8ac2f85-200x200.png",200,200,true],"gform-image-choice-sm":["https:\/\/www.anika-net.de\/wp-content\/uploads\/2021\/10\/csm_Wappen-LmDR_61c8ac2f85.png",300,200,false],"gform-image-choice-md":["https:\/\/www.anika-net.de\/wp-content\/uploads\/2021\/10\/csm_Wappen-LmDR_61c8ac2f85.png",400,267,false],"gform-image-choice-lg":["https:\/\/www.anika-net.de\/wp-content\/uploads\/2021\/10\/csm_Wappen-LmDR_61c8ac2f85.png",600,400,false]},"uagb_author_info":{"display_name":"Andrea Ramirez","author_link":"https:\/\/www.anika-net.de\/tr\/author\/andrea-ramirez\/"},"uagb_comment_info":0,"uagb_excerpt":"Lands\u00admannsc\u00adhaft der Deutsc\u00adhen aus Russ\u00adland e.V. gen\u00e7\u00adlik mer\u00adke\u00adzin\u00adde g\u00f6\u00e7\u00admen\u00adle\u00adrin potan\u00adsi\u00adye\u00adli\u00adni g\u00fc\u00e7\u00adlen\u00addir\u00admek i\u00e7in anlam\u00adl\u0131 bo\u015f zaman etkin\u00adlik\u00adle\u00adri, aile\u00adler i\u00e7in reh\u00adber\u00adlik ve \u00e7ok daha faz\u00adla\u00ads\u0131\u00adn\u0131 sunmaktad\u0131r. Alle unter einem Dach (Hep\u00adsi tek&nbsp;daha fazla okuyun","_links":{"self":[{"href":"https:\/\/www.anika-net.de\/tr\/wp-json\/wp\/v2\/event\/16954","targetHints":{"allow":["GET"]}}],"collection":[{"href":"https:\/\/www.anika-net.de\/tr\/wp-json\/wp\/v2\/event"}],"about":[{"href":"https:\/\/www.anika-net.de\/tr\/wp-json\/wp\/v2\/types\/event"}],"author":[{"embeddable":true,"href":"https:\/\/www.anika-net.de\/tr\/wp-json\/wp\/v2\/users\/12"}],"version-history":[{"count":1,"href":"https:\/\/www.anika-net.de\/tr\/wp-json\/wp\/v2\/event\/16954\/revisions"}],"predecessor-version":[{"id":52849,"href":"https:\/\/www.anika-net.de\/tr\/wp-json\/wp\/v2\/event\/16954\/revisions\/52849"}],"acf:post":[{"embeddable":true,"href":"https:\/\/www.anika-net.de\/tr\/wp-json\/wp\/v2\/organiser\/16338"}],"acf:term":[{"embeddable":true,"taxonomy":"event_category","href":"https:\/\/www.anika-net.de\/tr\/wp-json\/wp\/v2\/event_category\/95"}],"wp:featuredmedia":[{"embeddable":true,"href":"https:\/\/www.anika-net.de\/tr\/wp-json\/wp\/v2\/media\/5832"}],"wp:attachment":[{"href":"https:\/\/www.anika-net.de\/tr\/wp-json\/wp\/v2\/media?parent=16954"}],"curies":[{"name":"wp","href":"https:\/\/api.w.org\/{rel}","templated":true}]}}