{"id":16936,"date":"2019-03-08T10:02:52","date_gmt":"2019-03-08T09:02:52","guid":{"rendered":"https:\/\/www.anika-net.de\/event\/international-scholars-welcome-office\/"},"modified":"2023-09-04T19:10:04","modified_gmt":"2023-09-04T17:10:04","slug":"international-scholars-welcome-office","status":"publish","type":"event","link":"https:\/\/www.anika-net.de\/tr\/event\/international-scholars-welcome-office\/","title":{"rendered":"Ulus\u00adla\u00adra\u00adra\u00ads\u0131 Aka\u00adde\u00admis\u00adyen\u00adler ve Kar\u00ad\u015f\u0131\u00adla\u00adma&nbsp;Ofisi"},"content":{"rendered":"<h2><span style=\"color: #008080;\">Ulus\u00adla\u00adra\u00adra\u00ads\u0131 Aka\u00adde\u00admis\u00adyen\u00adler ve Kar\u00ad\u015f\u0131\u00adla\u00adma&nbsp;Ofisi<\/span><\/h2>\n<p><strong><span style=\"color: #003366;\">yaban\u00adc\u0131 bilim insan\u00adla\u00adr\u0131&nbsp;i\u00e7in<\/span><\/strong><\/p>\n<p>Ulus\u00adla\u00adra\u00adra\u00ads\u0131 Aka\u00adde\u00admis\u00adyen\u00adler ve Kar\u00ad\u015f\u0131\u00adla\u00adma Ofi\u00adsi (IScO), KIT\u00ad\u2019\u00adde\u00adki ulus\u00adla\u00adra\u00adra\u00ads\u0131 bilim insa\u00adn\u0131 hare\u00adket\u00adli\u00adli\u00ad\u011fi i\u00e7in mer\u00adke\u00adzi irti\u00adbat noktas\u0131d\u0131r.<\/p>\n<p>IScO, KIT\u00ad\u2019e bilim\u00adsel bir etkin\u00adlik i\u00e7in gelen yaban\u00adc\u0131 bilim adam\u00adla\u00adr\u0131\u00adn\u0131n yan\u0131 s\u0131ra, ara\u015f\u00adt\u0131r\u00adma ama\u00adc\u0131y\u00adla yurt d\u0131\u015f\u0131\u00adna git\u00admek veya yurt d\u0131\u015f\u0131n\u00addan d\u00f6n\u00admek iste\u00adyen KIT bilim adam\u00adla\u00adr\u0131\u00adna da tav\u00adsi\u00adye\u00adler\u00adde bulunur.<\/p>\n<p>Ki\u015fi\u00adsel irti\u00adbat ki\u015fi\u00adle\u00adri size ve aile\u00adni\u00adze ida\u00adri konu\u00adlar\u00adda ve Karls\u00adru\u00adhe\u00ad\u2019\u00adde\u00adki ya\u015fam\u00adla ilgi\u00adli g\u00fcn\u00adl\u00fck soru\u00adla\u00adr\u0131\u00adn\u0131z\u00adda dan\u0131\u015f\u00adman\u00adl\u0131k yapar ve des\u00adtek verir. sunuyoruz:<\/p>\n<ul>\n<li>KIT\u00ad\u2019\u00adte\u00adki ara\u015f\u00adt\u0131r\u00adma ziya\u00adre\u00adti\u00adni\u00adzin plan\u00adlan\u00adma\u00ads\u0131, haz\u0131r\u00adlan\u00adma\u00ads\u0131 ve y\u00fcr\u00fc\u00adt\u00fcl\u00adme\u00adsi\u00adne ili\u015f\u00adkin bil\u00adgi ve tavsiyeler<\/li>\n<li>KIT\u00ad\u2019\u00adte burs\u00adlar ve istih\u00addam konu\u00adsun\u00adda dan\u0131\u015fmanl\u0131k<\/li>\n<li>\u0130dari konu\u00adlar\u00adda dan\u0131\u015f\u00adman\u00adl\u0131k: Vize\u00adler, g\u00f6\u00e7\u00admen\u00adlik huku\u00adku ile ilgi\u00adli soru\u00adlar, sa\u011f\u00adl\u0131k ve sos\u00adyal sigorta<\/li>\n<li>Res\u00admi makam\u00adlar\u00adla for\u00adma\u00adli\u00adte\u00adle\u00adrin yeri\u00adne geti\u00adril\u00adme\u00adsin\u00adde des\u00adtek\u00adDa\u00adire ara\u00ady\u0131\u00ad\u015f\u0131n\u00adda bil\u00adgi ve destek<\/li>\n<li>E\u015fler ve aile i\u00e7in bil\u00adgi ve des\u00adtek: e\u011fi\u00adtim, i\u015f, \u00e7ocuk bak\u0131\u00adm\u0131,&nbsp;okul<\/li>\n<li>Kar\u00ad\u015f\u0131\u00adla\u00adma hiz\u00adme\u00adti ve ulus\u00adla\u00adra\u00adra\u00ads\u0131 KIT top\u00adlu\u00adlu\u00ad\u011fu\u00adna enteg\u00adras\u00adyo\u00adnun te\u015f\u00advik edilmesi<\/li>\n<\/ul>\n<p>Daha faz\u00adla bil\u00adgi ve irti\u00adbat ki\u015fi\u00adle\u00adri <a href=\"http:\/\/www.intl.kit.edu\/intl\/isco.php\" target=\"_blank\" rel=\"noopener\">http:\/\/www.intl.kit.edu\/intl\/isco.php adre\u00adsin\u00adde<\/a> bulunabilir.<\/p>\n","protected":false},"author":12,"featured_media":2870,"template":"","class_list":["post-16936","event","type-event","status-publish","has-post-thumbnail","hentry","event_category-egitim"],"acf":{"event-recurring":true,"event-category":94,"event-is-language-course":false,"event-recurring-still-active":true,"event-display-details":true,"event-schedules-recurring":null,"event-schedules-calendar":null,"event-is-online":false,"event-online-url":"","event-location-building":"Karlsruher Institut f\u00fcr Technologie (KIT)","event-location-street":"Adenauerring 8","event-location-zip":"76131","event-location-city":"Karlsruhe","event-location-contact-person":"","event-location-phone":"+49 721 608-48349","event-location-phone-2":"+49 721 608-26165 Campus Nord","event-location-mail":"scholar@intl.kit.edu","event-location-mail-2":"","event-location-website":"http:\/\/www.intl.kit.edu\/intl\/isco.php","event-target-group":[{"target-group":""}],"event-target-group-comment":"Yabanc\u0131 bilim adamlar\u0131 i\u00e7in","event-free":true,"event-organiser":[16301],"event-header-copyright-overlay":true,"event-copyright-note-description-end":false},"featured_image_urls_v2":{"full":["https:\/\/www.anika-net.de\/wp-content\/uploads\/2021\/09\/KITlogo_4c_deutsch_RGB_02.jpg",817,376,false],"thumbnail":["https:\/\/www.anika-net.de\/wp-content\/uploads\/2021\/09\/KITlogo_4c_deutsch_RGB_02-150x150.jpg",150,150,true],"medium":["https:\/\/www.anika-net.de\/wp-content\/uploads\/2021\/09\/KITlogo_4c_deutsch_RGB_02-300x138.jpg",300,138,true],"medium_large":["https:\/\/www.anika-net.de\/wp-content\/uploads\/2021\/09\/KITlogo_4c_deutsch_RGB_02-768x353.jpg",640,294,true],"large":["https:\/\/www.anika-net.de\/wp-content\/uploads\/2021\/09\/KITlogo_4c_deutsch_RGB_02.jpg",640,295,false],"1536x1536":["https:\/\/www.anika-net.de\/wp-content\/uploads\/2021\/09\/KITlogo_4c_deutsch_RGB_02.jpg",817,376,false],"2048x2048":["https:\/\/www.anika-net.de\/wp-content\/uploads\/2021\/09\/KITlogo_4c_deutsch_RGB_02.jpg",817,376,false],"event-overview":["https:\/\/www.anika-net.de\/wp-content\/uploads\/2021\/09\/KITlogo_4c_deutsch_RGB_02.jpg",817,376,false],"event-archive-thumb":["https:\/\/www.anika-net.de\/wp-content\/uploads\/2021\/09\/KITlogo_4c_deutsch_RGB_02.jpg",480,221,false],"grid-item-thumbnail":["https:\/\/www.anika-net.de\/wp-content\/uploads\/2021\/09\/KITlogo_4c_deutsch_RGB_02-360x200.jpg",360,200,true],"network-partner-icon":["https:\/\/www.anika-net.de\/wp-content\/uploads\/2021\/09\/KITlogo_4c_deutsch_RGB_02-100x100.jpg",100,100,true],"organiser-icon":["https:\/\/www.anika-net.de\/wp-content\/uploads\/2021\/09\/KITlogo_4c_deutsch_RGB_02.jpg",200,92,false],"gform-image-choice-sm":["https:\/\/www.anika-net.de\/wp-content\/uploads\/2021\/09\/KITlogo_4c_deutsch_RGB_02.jpg",300,138,false],"gform-image-choice-md":["https:\/\/www.anika-net.de\/wp-content\/uploads\/2021\/09\/KITlogo_4c_deutsch_RGB_02.jpg",400,184,false],"gform-image-choice-lg":["https:\/\/www.anika-net.de\/wp-content\/uploads\/2021\/09\/KITlogo_4c_deutsch_RGB_02.jpg",600,276,false]},"post_excerpt_stackable_v2":"<p>Ulus\u00adla\u00adra\u00adra\u00ads\u0131 Aka\u00adde\u00admis\u00adyen\u00adler ve Kar\u00ad\u015f\u0131\u00adla\u00adma&nbsp;Ofi\u00adsi yaban\u00adc\u0131 bilim insan\u00adla\u00adr\u0131&nbsp;i\u00e7in Ulus\u00adla\u00adra\u00adra\u00ads\u0131 Aka\u00adde\u00admis\u00adyen\u00adler ve Kar\u00ad\u015f\u0131\u00adla\u00adma Ofi\u00adsi (IScO), KIT\u00ad\u2019\u00adde\u00adki ulus\u00adla\u00adra\u00adra\u00ads\u0131 bilim insa\u00adn\u0131 hare\u00adket\u00adli\u00adli\u00ad\u011fi i\u00e7in mer\u00adke\u00adzi irti\u00adbat nok\u00adta\u00ads\u0131\u00add\u0131r. IScO, KIT\u00ad\u2019e bilim\u00adsel bir etkin\u00adlik i\u00e7in gelen yaban\u00adc\u0131 bilim adam\u00adla\u00adr\u0131\u00adn\u0131n yan\u0131 s\u0131ra, ara\u015f\u00adt\u0131r\u00adma ama\u00adc\u0131y\u00adla yurt d\u0131\u015f\u0131\u00adna git\u00admek veya yurt d\u0131\u015f\u0131n\u00addan d\u00f6n\u00admek iste\u00adyen KIT bilim adam\u00adla\u00adr\u0131\u00adna da tav\u00adsi\u00adye\u00adler\u00adde bulu\u00adnur. Ki\u015fi\u00adsel irti\u00adbat ki\u015fi\u00adle\u00adri size ve aile\u00adni\u00adze ida\u00adri konu\u00adlar\u00adda ve Karls\u00adru\u00adhe\u00ad\u2019\u00adde\u00adki ya\u015fam\u00adla ilgi\u00adli g\u00fcn\u00adl\u00fck soru\u00adla\u00adr\u0131\u00adn\u0131z\u00adda dan\u0131\u015f\u00adman\u00adl\u0131k yapar ve des\u00adtek verir. sunu\u00adyo\u00adruz: KIT\u00ad\u2019\u00adte\u00adki ara\u015f\u00adt\u0131r\u00adma ziya\u00adre\u00adti\u00adni\u00adzin plan\u00adlan\u00adma\u00ads\u0131, haz\u0131r\u00adlan\u00adma\u00ads\u0131 ve y\u00fcr\u00fc\u00adt\u00fcl\u00adme\u00adsi\u00adne ili\u015f\u00adkin bil\u00adgi ve tav\u00adsi\u00adye\u00adler KIT\u00ad\u2019\u00adte burs\u00adlar ve istih\u00addam konu\u00adsun\u00adda dan\u0131\u015f\u00adman\u00adl\u0131k \u0130dari konu\u00adlar\u00adda dan\u0131\u015f\u00adman\u00adl\u0131k: Vize\u00adler, g\u00f6\u00e7\u00admen\u00adlik huku\u00adku ile ilgi\u00adli soru\u00adlar, sa\u011f\u00adl\u0131k ve sos\u00adyal sigorta\u2026<\/p>\n","category_list_v2":"","author_info_v2":{"name":"Andrea Ramirez","url":"https:\/\/www.anika-net.de\/tr\/author\/andrea-ramirez\/"},"comments_num_v2":"0 comments","uagb_featured_image_src":{"full":["https:\/\/www.anika-net.de\/wp-content\/uploads\/2021\/09\/KITlogo_4c_deutsch_RGB_02.jpg",817,376,false],"thumbnail":["https:\/\/www.anika-net.de\/wp-content\/uploads\/2021\/09\/KITlogo_4c_deutsch_RGB_02-150x150.jpg",150,150,true],"medium":["https:\/\/www.anika-net.de\/wp-content\/uploads\/2021\/09\/KITlogo_4c_deutsch_RGB_02-300x138.jpg",300,138,true],"medium_large":["https:\/\/www.anika-net.de\/wp-content\/uploads\/2021\/09\/KITlogo_4c_deutsch_RGB_02-768x353.jpg",640,294,true],"large":["https:\/\/www.anika-net.de\/wp-content\/uploads\/2021\/09\/KITlogo_4c_deutsch_RGB_02.jpg",640,295,false],"1536x1536":["https:\/\/www.anika-net.de\/wp-content\/uploads\/2021\/09\/KITlogo_4c_deutsch_RGB_02.jpg",817,376,false],"2048x2048":["https:\/\/www.anika-net.de\/wp-content\/uploads\/2021\/09\/KITlogo_4c_deutsch_RGB_02.jpg",817,376,false],"event-overview":["https:\/\/www.anika-net.de\/wp-content\/uploads\/2021\/09\/KITlogo_4c_deutsch_RGB_02.jpg",817,376,false],"event-archive-thumb":["https:\/\/www.anika-net.de\/wp-content\/uploads\/2021\/09\/KITlogo_4c_deutsch_RGB_02.jpg",480,221,false],"grid-item-thumbnail":["https:\/\/www.anika-net.de\/wp-content\/uploads\/2021\/09\/KITlogo_4c_deutsch_RGB_02-360x200.jpg",360,200,true],"network-partner-icon":["https:\/\/www.anika-net.de\/wp-content\/uploads\/2021\/09\/KITlogo_4c_deutsch_RGB_02-100x100.jpg",100,100,true],"organiser-icon":["https:\/\/www.anika-net.de\/wp-content\/uploads\/2021\/09\/KITlogo_4c_deutsch_RGB_02.jpg",200,92,false],"gform-image-choice-sm":["https:\/\/www.anika-net.de\/wp-content\/uploads\/2021\/09\/KITlogo_4c_deutsch_RGB_02.jpg",300,138,false],"gform-image-choice-md":["https:\/\/www.anika-net.de\/wp-content\/uploads\/2021\/09\/KITlogo_4c_deutsch_RGB_02.jpg",400,184,false],"gform-image-choice-lg":["https:\/\/www.anika-net.de\/wp-content\/uploads\/2021\/09\/KITlogo_4c_deutsch_RGB_02.jpg",600,276,false]},"uagb_author_info":{"display_name":"Andrea Ramirez","author_link":"https:\/\/www.anika-net.de\/tr\/author\/andrea-ramirez\/"},"uagb_comment_info":0,"uagb_excerpt":"Ulus\u00adla\u00adra\u00adra\u00ads\u0131 Aka\u00adde\u00admis\u00adyen\u00adler ve Kar\u00ad\u015f\u0131\u00adla\u00adma&nbsp;Ofisi yaban\u00adc\u0131 bilim insan\u00adla\u00adr\u0131&nbsp;i\u00e7in Ulus\u00adla\u00adra\u00adra\u00ads\u0131 Aka\u00adde\u00admis\u00adyen\u00adler ve Kar\u00ad\u015f\u0131\u00adla\u00adma Ofi\u00adsi (IScO), KIT\u00ad\u2019\u00adde\u00adki ulus\u00adla\u00adra\u00adra\u00ads\u0131 bilim insa\u00adn\u0131 hare\u00adket\u00adli\u00adli\u00ad\u011fi i\u00e7in mer\u00adke\u00adzi irti\u00adbat noktas\u0131d\u0131r. IScO, KIT\u00ad\u2019e bilim\u00adsel bir etkin\u00adlik i\u00e7in gelen yaban\u00adc\u0131&nbsp;daha fazla okuyun","_links":{"self":[{"href":"https:\/\/www.anika-net.de\/tr\/wp-json\/wp\/v2\/event\/16936","targetHints":{"allow":["GET"]}}],"collection":[{"href":"https:\/\/www.anika-net.de\/tr\/wp-json\/wp\/v2\/event"}],"about":[{"href":"https:\/\/www.anika-net.de\/tr\/wp-json\/wp\/v2\/types\/event"}],"author":[{"embeddable":true,"href":"https:\/\/www.anika-net.de\/tr\/wp-json\/wp\/v2\/users\/12"}],"version-history":[{"count":0,"href":"https:\/\/www.anika-net.de\/tr\/wp-json\/wp\/v2\/event\/16936\/revisions"}],"acf:post":[{"embeddable":true,"href":"https:\/\/www.anika-net.de\/tr\/wp-json\/wp\/v2\/organiser\/16301"}],"acf:term":[{"embeddable":true,"taxonomy":"event_category","href":"https:\/\/www.anika-net.de\/tr\/wp-json\/wp\/v2\/event_category\/94"}],"wp:featuredmedia":[{"embeddable":true,"href":"https:\/\/www.anika-net.de\/tr\/wp-json\/wp\/v2\/media\/2870"}],"wp:attachment":[{"href":"https:\/\/www.anika-net.de\/tr\/wp-json\/wp\/v2\/media?parent=16936"}],"curies":[{"name":"wp","href":"https:\/\/api.w.org\/{rel}","templated":true}]}}