{"id":16848,"date":"2017-05-18T12:18:34","date_gmt":"2017-05-18T10:18:34","guid":{"rendered":"https:\/\/www.anika-net.de\/event\/recognition-counselling\/"},"modified":"2026-01-07T13:11:55","modified_gmt":"2026-01-07T12:11:55","slug":"tanima-danismanligi","status":"publish","type":"event","link":"https:\/\/www.anika-net.de\/tr\/event\/tanima-danismanligi\/","title":{"rendered":"Yaban\u00adc\u0131 mes\u00adle\u00adki yeter\u00adli\u00adlik\u00adle\u00adrin tan\u0131nmas\u0131"},"content":{"rendered":"<blockquote>\n<h2><span style=\"color: #ffcc00;\"><em>Mes\u00adle\u00adki yeter\u00adli\u00adli\u00ad\u011fi\u00adniz, okul bitir\u00adme ser\u00adti\u00adfi\u00adka\u00adn\u0131z veya yurt\u00add\u0131\u00ad\u015f\u0131n\u00addan e\u011fi\u00adtim dere\u00adce\u00adniz mi var?<br>Yaban\u00adc\u0131 mes\u00adle\u00adki yeter\u00adli\u00adlik\u00adle\u00adrin tan\u0131n\u00adma\u00ads\u0131\u00adna m\u0131 ihti\u00adya\u00adc\u0131\u00adn\u0131z&nbsp;var?<\/em><\/span><\/h2>\n<h3><span style=\"color: #666699;\"><em>Alman\u00adya\u00ad\u2019\u00adda\u00adki mes\u00adle\u00adki veya aka\u00adde\u00admik nite\u00adlik\u00adle\u00adri\u00adniz\u00adle ilgi\u00adli tan\u0131n\u00adma ola\u00adnak\u00adla\u00adr\u0131\u00adn\u0131z hak\u00adk\u0131n\u00adda sizi bilgilendirece\u011fiz.<\/em><\/span><\/h3>\n<\/blockquote>\n<p><strong>Karls\u00adru\u00adhe M\u00fcl\u00adte\u00adci Mer\u00adke\u00adzi<\/strong>, Sos\u00adyal \u0130\u015fl\u00ader, Sa\u011f\u00adl\u0131k ve Enteg\u00adras\u00adyon Bakan\u00adl\u0131\u00ad\u011f\u0131 tara\u00adf\u0131n\u00addan des\u00adtek\u00adle\u00adnen Karls\u00adru\u00adhe\u00ad\u2019\u00adde\u00adki m\u00fcl\u00adte\u00adci\u00adler i\u00e7in okul, mes\u00adle\u00adki ve yaban\u00adc\u0131 mes\u00adle\u00adki nite\u00adlik\u00adle\u00adrin tan\u0131n\u00adma\u00ads\u0131 konu\u00adsun\u00adda dan\u0131\u015f\u00adman\u00adl\u0131k, reh\u00adber\u00adlik ve des\u00adtek sa\u011f\u00adlar. Eya\u00adlet par\u00adla\u00admen\u00adto\u00adsu tara\u00adf\u0131n\u00addan onay\u00adla\u00adnan dev\u00adlet fon\u00adla\u00adr\u0131n\u00addan finan\u00adse edilmektedir.&nbsp;<\/p>\n<p><span style=\"color: #800080;\"><strong>Dan\u0131\u015f\u00adman\u00adl\u0131k hiz\u00admet\u00adle\u00adri\u00admiz giz\u00adli\u00addir ve \u00fccretsizdir!<\/strong><\/span><\/p>\n<p><span style=\"color: #008080;\"><strong>Hedef kit<\/strong>lemiz:<\/span><\/p>\n<ul>\n<li>\u0130kam\u00adet sta\u00adt\u00fc\u00ads\u00fc\u00adne bak\u0131l\u00admak\u00ads\u0131\u00adz\u0131n <strong>s\u0131\u011f\u0131n\u00adma\u00adc\u0131\u00adlar ve m\u00fcl\u00adte\u00adci\u00adler<\/strong> <span style=\"color: #808080;\">(kal\u0131\u00ad\u015f\u0131n ilk a\u015fa\u00adma\u00ads\u0131n\u00addan iti\u00adba\u00adren)<\/span>.<\/li>\n<li><strong>\u00c7o\u011fal\u00adt\u0131\u00adc\u0131\u00adlar ve i\u015fbir\u00adli\u00ad\u011fi ortak\u00adla\u00adr\u0131:<\/strong> E\u011fi\u00adtim kurum\u00adla\u00adr\u0131, Fede\u00adral \u0130\u015f Ajan\u00ads\u0131 \u00e7al\u0131\u00ad\u015fan\u00adla\u00adr\u0131 ve tav\u00adsi\u00adye iste\u00adyen di\u011fer ki\u015filer.<\/li>\n<\/ul>\n<p><span style=\"color: #008080;\"><strong>Tek\u00adlif\u00adle\u00adri\u00admiz<\/strong>:<\/span><br><strong>Karls\u00adru\u00adhe<\/strong>, Ras\u00adtatt, Baden-Baden, Pforz\u00adhe\u00adim, Enzk\u00adre\u00adis, Calw ve Fre\u00adudens\u00adtad\u00adt\u00ad\u2019\u0131n kent\u00adsel ve k\u0131r\u00adsal b\u00f6l\u00adge\u00adle\u00adrin\u00adde ika\u00admet eden ki\u015fi\u00adle\u00adre dan\u0131\u015f\u00adman\u00adl\u0131k hiz\u00adme\u00adti veriyoruz.<\/p>\n<p>Mes\u00adle\u00adki enteg\u00adras\u00adyon konu\u00adla\u00adr\u0131n\u00adda, \u00f6zel\u00adlik\u00adle de e\u011fi\u00adtim ve mes\u00adle\u00adki yeter\u00adli\u00adlik\u00adle\u00adrin tan\u0131n\u00adma\u00ads\u0131 konu\u00adsun\u00adda dan\u0131\u015f\u00adman\u00adl\u0131k hiz\u00adme\u00adti veri\u00adyo\u00adruz: Refe\u00adrans mes\u00adlek\u00adle\u00adrin belir\u00adlen\u00adme\u00adsi, tan\u0131n\u00adma s\u00fcre\u00adcin\u00adde des\u00adtek, finans\u00adman ve fon ola\u00adnak\u00adla\u00adr\u0131\u00adn\u0131n net\u00adle\u015f\u00adti\u00adril\u00adme\u00adsi&nbsp;vb.<\/p>\n<p><span style=\"color: #008080;\"><strong>\ud83d\udcd1 <\/strong><\/span><a href=\"https:\/\/www.dw-karlsruhe.de\/unsere-angebote\/migration-und-integration\/fachstelle-fuer-berufliche-integration-von-gefluechteten-beratungsstelle-zur-anerkennung-auslaendischer-berufsqualifikationen-3\/\" rel=\"noopener\"><span style=\"color: #008080;\"><strong>Tan\u0131\u00adma dan\u0131\u015f\u00adman\u00adl\u0131\u00ad\u011f\u0131 i\u00e7in&nbsp;form<\/strong><\/span><\/a><\/p>\n\n<p><strong><a href=\"https:\/\/www.anika-net.de\/wp-content\/uploads\/2026\/01\/Anerkennung-facstelle-Fluechtlinge_Nov_2025.pdf\">\ud83d\udcce Tav\u00adsi\u00adye ara\u00adyan\u00adlar i\u00e7in bro\u00ad\u015f\u00fcr<\/a><\/strong><br><strong>\ud83d\udcce<\/strong> <strong><a href=\"https:\/\/www.anika-net.de\/wp-content\/uploads\/2026\/01\/Flyer-2_Kooperationspartner_Nov_2025.pdf\">\u0130\u015fb\u00adirl\u00adi\u011fi ortak\u00adla\u00adr\u0131 i\u00e7in bro\u015f\u00fcr<\/a><\/strong><\/p>\n\n<p><\/p>\n","protected":false},"author":12,"featured_media":55031,"template":"","class_list":["post-16848","event","type-event","status-publish","has-post-thumbnail","hentry","event_category-is"],"acf":{"event-recurring":true,"event-category":96,"event-is-language-course":false,"event-recurring-still-active":true,"event-display-details":true,"event-schedules-recurring":null,"event-schedules-calendar":null,"event-is-online":false,"event-online-url":"https:\/\/www.dw-karlsruhe.de","event-location-building":"Diakonisches Werk Karlsruhe ","event-location-street":"Karlstra\u00dfe 56 - Haltestelle: Karlstor\/Bundesgerichtshof and Mathystra\u00dfe - 7th floor, room 7.04","event-location-zip":"76133","event-location-city":"Karlsruhe","event-location-contact-person":"Elli Reichert \/ Dominique Kirchg\u00e4ssner \/ Angela Markevich","event-location-phone":"Frau Reichert: 0721 20397 133 \/ Frau Kirchg\u00e4ssner: 0721 20397 203 ","event-location-phone-2":"Frau Markevich: 0721 20397 204","event-location-mail":"anerkennungsberatung@dw-karlsruhe.de","event-location-mail-2":"","event-location-website":"https:\/\/shorturl.at\/cwF07","event-target-group":[{"target-group":"all"}],"event-target-group-comment":"\u0130kamet durumuna bak\u0131lmaks\u0131z\u0131n s\u0131\u011f\u0131nmac\u0131lar ve m\u00fclteciler","event-free":true,"event-organiser":[16042,15906,55034],"event-header-copyright-overlay":true,"event-copyright-note-description-end":true},"featured_image_urls_v2":{"full":["https:\/\/www.anika-net.de\/wp-content\/uploads\/2017\/05\/Logo-FF.jpg",1682,528,false],"thumbnail":["https:\/\/www.anika-net.de\/wp-content\/uploads\/2017\/05\/Logo-FF-150x150.jpg",150,150,true],"medium":["https:\/\/www.anika-net.de\/wp-content\/uploads\/2017\/05\/Logo-FF-300x94.jpg",300,94,true],"medium_large":["https:\/\/www.anika-net.de\/wp-content\/uploads\/2017\/05\/Logo-FF-768x241.jpg",640,201,true],"large":["https:\/\/www.anika-net.de\/wp-content\/uploads\/2017\/05\/Logo-FF-1024x321.jpg",640,201,true],"1536x1536":["https:\/\/www.anika-net.de\/wp-content\/uploads\/2017\/05\/Logo-FF-1536x482.jpg",1536,482,true],"2048x2048":["https:\/\/www.anika-net.de\/wp-content\/uploads\/2017\/05\/Logo-FF.jpg",1682,528,false],"event-overview":["https:\/\/www.anika-net.de\/wp-content\/uploads\/2017\/05\/Logo-FF-960x528.jpg",960,528,true],"event-archive-thumb":["https:\/\/www.anika-net.de\/wp-content\/uploads\/2017\/05\/Logo-FF-480x151.jpg",480,151,true],"grid-item-thumbnail":["https:\/\/www.anika-net.de\/wp-content\/uploads\/2017\/05\/Logo-FF-360x200.jpg",360,200,true],"network-partner-icon":["https:\/\/www.anika-net.de\/wp-content\/uploads\/2017\/05\/Logo-FF-100x100.jpg",100,100,true],"organiser-icon":["https:\/\/www.anika-net.de\/wp-content\/uploads\/2017\/05\/Logo-FF-200x200.jpg",200,200,true],"gform-image-choice-sm":["https:\/\/www.anika-net.de\/wp-content\/uploads\/2017\/05\/Logo-FF.jpg",300,94,false],"gform-image-choice-md":["https:\/\/www.anika-net.de\/wp-content\/uploads\/2017\/05\/Logo-FF.jpg",400,126,false],"gform-image-choice-lg":["https:\/\/www.anika-net.de\/wp-content\/uploads\/2017\/05\/Logo-FF.jpg",600,188,false]},"post_excerpt_stackable_v2":"<p>Mes\u00adle\u00adki yeter\u00adli\u00adli\u00ad\u011fi\u00adniz, okul bitir\u00adme ser\u00adti\u00adfi\u00adka\u00adn\u0131z veya yurt\u00add\u0131\u00ad\u015f\u0131n\u00addan e\u011fi\u00adtim dere\u00adce\u00adniz mi var?Yaban\u00adc\u0131 mes\u00adle\u00adki yeter\u00adli\u00adlik\u00adle\u00adrin tan\u0131n\u00adma\u00ads\u0131\u00adna m\u0131 ihti\u00adya\u00adc\u0131\u00adn\u0131z&nbsp;var? Alman\u00adya\u00ad\u2019\u00adda\u00adki mes\u00adle\u00adki veya aka\u00adde\u00admik nite\u00adlik\u00adle\u00adri\u00adniz\u00adle ilgi\u00adli tan\u0131n\u00adma ola\u00adnak\u00adla\u00adr\u0131\u00adn\u0131z hak\u00adk\u0131n\u00adda sizi bil\u00adgi\u00adlen\u00addi\u00adre\u00adce\u00ad\u011fiz. Karls\u00adru\u00adhe M\u00fcl\u00adte\u00adci Mer\u00adke\u00adzi, Sos\u00adyal \u0130\u015fl\u00ader, Sa\u011f\u00adl\u0131k ve Enteg\u00adras\u00adyon Bakan\u00adl\u0131\u00ad\u011f\u0131 tara\u00adf\u0131n\u00addan des\u00adtek\u00adle\u00adnen Karls\u00adru\u00adhe\u00ad\u2019\u00adde\u00adki m\u00fcl\u00adte\u00adci\u00adler i\u00e7in okul, mes\u00adle\u00adki ve yaban\u00adc\u0131 mes\u00adle\u00adki nite\u00adlik\u00adle\u00adrin tan\u0131n\u00adma\u00ads\u0131 konu\u00adsun\u00adda dan\u0131\u015f\u00adman\u00adl\u0131k, reh\u00adber\u00adlik ve des\u00adtek sa\u011f\u00adlar. Eya\u00adlet par\u00adla\u00admen\u00adto\u00adsu tara\u00adf\u0131n\u00addan onay\u00adla\u00adnan dev\u00adlet fon\u00adla\u00adr\u0131n\u00addan finan\u00adse edil\u00admek\u00adte\u00addir.&nbsp; Dan\u0131\u015f\u00adman\u00adl\u0131k hiz\u00admet\u00adle\u00adri\u00admiz giz\u00adli\u00addir ve \u00fccret\u00adsiz\u00addir! Hedef kit\u00adle\u00admiz: \u0130kam\u00adet sta\u00adt\u00fc\u00ads\u00fc\u00adne bak\u0131l\u00admak\u00ads\u0131\u00adz\u0131n s\u0131\u011f\u0131n\u00adma\u00adc\u0131\u00adlar ve m\u00fcl\u00adte\u00adci\u00adler (kal\u0131\u00ad\u015f\u0131n ilk a\u015fa\u00adma\u00ads\u0131n\u00addan iti\u00adba\u00adren). \u00c7o\u011fal\u00adt\u0131\u00adc\u0131\u00adlar ve i\u015fbir\u00adli\u00ad\u011fi ortak\u00adla\u00adr\u0131: E\u011fi\u00adtim kurum\u00adla\u00adr\u0131, Fede\u00adral \u0130\u015f Ajan\u00ads\u0131 \u00e7al\u0131\u00ad\u015fan\u00adla\u00adr\u0131 ve tav\u00adsi\u00adye iste\u00adyen di\u011fer ki\u015fi\u00adler. Tek\u00adlif\u00adle\u00adri\u00admiz:Karls\u00adru\u00adhe, Ras\u00adtatt, Baden-Baden, Pforz\u00adhe\u00adim, Enzk\u00adre\u00adis,&nbsp;Calw\u2026<\/p>\n","category_list_v2":"","author_info_v2":{"name":"Andrea Ramirez","url":"https:\/\/www.anika-net.de\/tr\/author\/andrea-ramirez\/"},"comments_num_v2":"0 comments","uagb_featured_image_src":{"full":["https:\/\/www.anika-net.de\/wp-content\/uploads\/2017\/05\/Logo-FF.jpg",1682,528,false],"thumbnail":["https:\/\/www.anika-net.de\/wp-content\/uploads\/2017\/05\/Logo-FF-150x150.jpg",150,150,true],"medium":["https:\/\/www.anika-net.de\/wp-content\/uploads\/2017\/05\/Logo-FF-300x94.jpg",300,94,true],"medium_large":["https:\/\/www.anika-net.de\/wp-content\/uploads\/2017\/05\/Logo-FF-768x241.jpg",640,201,true],"large":["https:\/\/www.anika-net.de\/wp-content\/uploads\/2017\/05\/Logo-FF-1024x321.jpg",640,201,true],"1536x1536":["https:\/\/www.anika-net.de\/wp-content\/uploads\/2017\/05\/Logo-FF-1536x482.jpg",1536,482,true],"2048x2048":["https:\/\/www.anika-net.de\/wp-content\/uploads\/2017\/05\/Logo-FF.jpg",1682,528,false],"event-overview":["https:\/\/www.anika-net.de\/wp-content\/uploads\/2017\/05\/Logo-FF-960x528.jpg",960,528,true],"event-archive-thumb":["https:\/\/www.anika-net.de\/wp-content\/uploads\/2017\/05\/Logo-FF-480x151.jpg",480,151,true],"grid-item-thumbnail":["https:\/\/www.anika-net.de\/wp-content\/uploads\/2017\/05\/Logo-FF-360x200.jpg",360,200,true],"network-partner-icon":["https:\/\/www.anika-net.de\/wp-content\/uploads\/2017\/05\/Logo-FF-100x100.jpg",100,100,true],"organiser-icon":["https:\/\/www.anika-net.de\/wp-content\/uploads\/2017\/05\/Logo-FF-200x200.jpg",200,200,true],"gform-image-choice-sm":["https:\/\/www.anika-net.de\/wp-content\/uploads\/2017\/05\/Logo-FF.jpg",300,94,false],"gform-image-choice-md":["https:\/\/www.anika-net.de\/wp-content\/uploads\/2017\/05\/Logo-FF.jpg",400,126,false],"gform-image-choice-lg":["https:\/\/www.anika-net.de\/wp-content\/uploads\/2017\/05\/Logo-FF.jpg",600,188,false]},"uagb_author_info":{"display_name":"Andrea Ramirez","author_link":"https:\/\/www.anika-net.de\/tr\/author\/andrea-ramirez\/"},"uagb_comment_info":0,"uagb_excerpt":"Mes\u00adle\u00adki yeter\u00adli\u00adli\u00ad\u011fi\u00adniz, okul bitir\u00adme ser\u00adti\u00adfi\u00adka\u00adn\u0131z veya yurt\u00add\u0131\u00ad\u015f\u0131n\u00addan e\u011fi\u00adtim dere\u00adce\u00adniz mi var?Yaban\u00adc\u0131 mes\u00adle\u00adki yeter\u00adli\u00adlik\u00adle\u00adrin tan\u0131n\u00adma\u00ads\u0131\u00adna m\u0131 ihti\u00adya\u00adc\u0131\u00adn\u0131z&nbsp;var? Alman\u00adya\u00ad\u2019\u00adda\u00adki mes\u00adle\u00adki veya aka\u00adde\u00admik nite\u00adlik\u00adle\u00adri\u00adniz\u00adle ilgi\u00adli tan\u0131n\u00adma ola\u00adnak\u00adla\u00adr\u0131\u00adn\u0131z hak\u00adk\u0131n\u00adda sizi bilgilendirece\u011fiz. Karls\u00adru\u00adhe M\u00fcl\u00adte\u00adci Mer\u00adke\u00adzi,&nbsp;daha fazla okuyun","_links":{"self":[{"href":"https:\/\/www.anika-net.de\/tr\/wp-json\/wp\/v2\/event\/16848","targetHints":{"allow":["GET"]}}],"collection":[{"href":"https:\/\/www.anika-net.de\/tr\/wp-json\/wp\/v2\/event"}],"about":[{"href":"https:\/\/www.anika-net.de\/tr\/wp-json\/wp\/v2\/types\/event"}],"author":[{"embeddable":true,"href":"https:\/\/www.anika-net.de\/tr\/wp-json\/wp\/v2\/users\/12"}],"version-history":[{"count":2,"href":"https:\/\/www.anika-net.de\/tr\/wp-json\/wp\/v2\/event\/16848\/revisions"}],"predecessor-version":[{"id":117861,"href":"https:\/\/www.anika-net.de\/tr\/wp-json\/wp\/v2\/event\/16848\/revisions\/117861"}],"acf:post":[{"embeddable":true,"href":"https:\/\/www.anika-net.de\/tr\/wp-json\/wp\/v2\/organiser\/55034"},{"embeddable":true,"href":"https:\/\/www.anika-net.de\/tr\/wp-json\/wp\/v2\/organiser\/15906"},{"embeddable":true,"href":"https:\/\/www.anika-net.de\/tr\/wp-json\/wp\/v2\/organiser\/16042"}],"acf:term":[{"embeddable":true,"taxonomy":"event_category","href":"https:\/\/www.anika-net.de\/tr\/wp-json\/wp\/v2\/event_category\/96"}],"wp:featuredmedia":[{"embeddable":true,"href":"https:\/\/www.anika-net.de\/tr\/wp-json\/wp\/v2\/media\/55031"}],"wp:attachment":[{"href":"https:\/\/www.anika-net.de\/tr\/wp-json\/wp\/v2\/media?parent=16848"}],"curies":[{"name":"wp","href":"https:\/\/api.w.org\/{rel}","templated":true}]}}