{"id":16845,"date":"2021-01-28T14:08:24","date_gmt":"2021-01-28T13:08:24","guid":{"rendered":"https:\/\/www.anika-net.de\/event\/lane-change-advisory-center\/"},"modified":"2025-08-05T14:30:27","modified_gmt":"2025-08-05T12:30:27","slug":"serit-degistirme-danisma-merkezi","status":"publish","type":"event","link":"https:\/\/www.anika-net.de\/tr\/event\/serit-degistirme-danisma-merkezi\/","title":{"rendered":"Spu\u00adr\u00adwech\u00adsel \u2014 i\u015fg\u00fc\u00adc\u00fc piya\u00adsa\u00ads\u0131 entegrasyonu"},"content":{"rendered":"<h4><span style=\"color: #666699;\"><strong>G\u00fcven\u00adce\u00adsiz ika\u00admet sta\u00adt\u00fc\u00ads\u00fc\u00adne sahip ki\u015fi\u00adler i\u00e7in i\u015fg\u00fc\u00adc\u00fc piya\u00adsa\u00ads\u0131 enteg\u00adras\u00adyo\u00adnu&nbsp;i\u00e7in<\/strong><\/span><\/h4>\n<h1><span style=\"color: #008080;\">Spu\u00adr\u00adwech\u00adsel \u2014 i\u015fg\u00fc\u00adc\u00fc piya\u00adsa\u00ads\u0131 entegrasyonu<\/span><\/h1>\n<p><span style=\"color: #808080;\"><strong>\u0130\u015fte size nas\u0131l yar\u00add\u0131m\u00adc\u0131 olabilece\u011fimiz:<\/strong><\/span><\/p>\n\n<ul class=\"wp-block-list\">\n<li>M\u00fcl\u00adte\u00adci\u00adle\u00adri i\u015f piya\u00adsa\u00ads\u0131\u00adna enteg\u00adre etmek iste\u00adyen \u015fir\u00adket\u00adler i\u00e7in yard\u0131m.<\/li>\n\n\n\n<li>E\u011fi\u00adtim hak\u00adk\u0131n\u00adda sorular<\/li>\n\n\n\n<li>Otur\u00adma izin\u00adle\u00adri hak\u00adk\u0131n\u00adda sorular<\/li>\n\n\n\n<li>S\u0131n\u0131r d\u0131\u015f\u0131 edil\u00adme\u00adnin ge\u00e7i\u00adci ola\u00adrak ask\u0131\u00adya al\u0131n\u00adma\u00ads\u0131 hak\u00adk\u0131n\u00adda sorular<\/li>\n\n\n\n<li>Hak\u00adk\u0131n\u00adda soru\u00adlar <strong><a href=\"https:\/\/www.anika-net.de\/tr\/varmak\/sehirde-ikamet-kaydi\/karlsruhede-almanca-ogrenmek-icin-ayrica-hizmetler\/\">vatan\u00adda\u015f\u00adl\u0131\u00ad\u011fa&nbsp;kabul<\/a><\/strong><\/li>\n<\/ul>\n\n<p>Hem m\u00fcsa\u00adma\u00adha g\u00f6s\u00adte\u00adri\u00adlen ki\u015fi\u00adler hem de kal\u00adma izni olan ki\u015fi\u00adler y\u0131l\u00adlar\u00add\u0131r bir t\u00fcr belir\u00adsiz\u00adlik i\u00e7in\u00adde\u00addir. Yasa koyu\u00adcu, uzun y\u0131l\u00adlar ika\u00admet ettik\u00adten son\u00adra s\u00fcr\u00add\u00fc\u00adr\u00fc\u00adle\u00adbi\u00adlir enteg\u00adras\u00adyo\u00adnun sa\u011f\u00adlan\u00adma\u00ads\u0131 halin\u00adde, ika\u00admet unva\u00adn\u0131 \u015fek\u00adlin\u00adde g\u00fcven\u00adli bir ika\u00admet hak\u00adk\u0131 vere\u00adbil\u00admek ama\u00adc\u0131y\u00adla, ika\u00admet hak\u00adk\u0131 konu\u00adsun\u00adda tole\u00adre edi\u00adlen ki\u015fi\u00adler i\u00e7in yasal bir temel olu\u015fturmu\u015ftur.&nbsp;<\/p>\n\n<p>Otu\u00adrum <strong>hak\u00adk\u0131 pers\u00adpek\u00adti\u00adfi\u00adni olu\u015f\u00adtur\u00admak ve <\/strong>b\u00f6y\u00adle\u00adce<strong> i\u015fg\u00fc\u00adc\u00fc piya\u00adsa\u00ads\u0131\u00adna ba\u015fa\u00adr\u0131\u00adl\u0131 bir enteg\u00adras\u00adyon<\/strong> sa\u011f\u00adla\u00admak <strong>ama\u00adc\u0131y\u00adla size ayr\u0131n\u00adt\u0131\u00adl\u0131 dan\u0131\u015f\u00adman\u00adl\u0131k <\/strong>hiz\u00adme\u00adti veri\u00adyo\u00adruz.<br>\u00d6zel\u00adlik\u00adle, yasa koyu\u00adcu tara\u00adf\u0131n\u00addan \u00f6ng\u00f6\u00adr\u00fc\u00adlen otu\u00adrum hak\u00adk\u0131 d\u00fczen\u00adle\u00adme\u00adle\u00adri\u00adnin uygu\u00adlan\u00adma\u00ads\u0131\u00adna yol a\u00e7a\u00adcak \u00e7\u00f6z\u00fcm\u00adle\u00adri sizin i\u00e7in geli\u015f\u00adti\u00adre\u00adce\u00ad\u011fiz.<br><br>Sizin\u00adle bir\u00adlik\u00adte, yeni yasal d\u00fczen\u00adle\u00adme\u00adle\u00adrin yar\u00add\u0131\u00adm\u0131y\u00adla otu\u00adrum hak\u00adk\u0131\u00adn\u0131n \u00f6n\u00fc\u00adn\u00fc a\u00e7mak i\u00e7in at\u0131l\u00adma\u00ads\u0131 gere\u00adken somut ad\u0131m\u00adla\u00adr\u0131 anla\u00ad\u015f\u0131\u00adl\u0131r ve yaz\u0131\u00adl\u0131 bir bi\u00e7im\u00adde \u00f6zet\u00adle\u00adyen bir enteg\u00adras\u00adyon yol hari\u00adta\u00ads\u0131 haz\u0131rlayaca\u011f\u0131z.<\/p>\n\n<p>\ud83d\udcce <strong><a href=\"https:\/\/www.anika-net.de\/wp-content\/uploads\/2025\/08\/Spurwechsel-Flyer-Dreiseitige-Broschuere-2025.pdf\">El ila\u00adn\u0131<\/a><\/strong><\/p>\n\n<p><em><span style=\"color: #3d52a0;\" class=\"stk-highlight\">Pro\u00adje, Karls\u00adru\u00adhe Bele\u00addi\u00adye\u00adsi ve Baden-W\u00fcrt\u00adtem\u00adberg Sos\u00adyal \u0130\u015fl\u00ader ve Enteg\u00adras\u00adyon Bakan\u00adl\u0131\u00ad\u011f\u0131 tara\u00adf\u0131n\u00addan Avru\u00adpa Sos\u00adyal Fonu\u00ad\u2019n\u00addan sa\u011f\u00adla\u00adnan fon\u00adlar\u00adla desteklenmektedir.<\/span><\/em><\/p>\n\n<p><\/p>\n","protected":false},"author":12,"featured_media":9074,"template":"","class_list":["post-16845","event","type-event","status-publish","has-post-thumbnail","hentry","event_category-is"],"acf":{"event-recurring":true,"event-category":96,"event-is-language-course":false,"event-recurring-still-active":true,"event-display-details":true,"event-schedules-recurring":[{"event-recurring-week-day":"1","event-recurring-time":"","event-recurring-time-text":"D\u00fczenlemeye g\u00f6re zaman"},{"event-recurring-week-day":"2","event-recurring-time":"","event-recurring-time-text":"D\u00fczenlemeye g\u00f6re zaman"},{"event-recurring-week-day":"3","event-recurring-time":"","event-recurring-time-text":"D\u00fczenlemeye g\u00f6re zaman"}],"event-schedules-calendar":null,"event-is-online":false,"event-online-url":"","event-location-building":"ibz, 2. OG, links","event-location-street":"Kaiserallee  12d","event-location-zip":"76133","event-location-city":"Karlsruhe","event-location-contact-person":"Angelika Steffen","event-location-phone":"0151\/ 250 20 693 by phone and WhatsApp","event-location-phone-2":"","event-location-mail":"spurwechsel@ibz-karlsruhe.org","event-location-mail-2":"","event-location-website":"https:\/\/www.ibz-karlsruhe.de\/ibz-projekte\/spurwechsel\/","event-target-group":[{"target-group":"all"}],"event-target-group-comment":"teminats\u0131z ikamet stat\u00fcs\u00fcne sahip ki\u015filer i\u00e7in","event-free":true,"event-organiser":[16249,16486,21017],"event-header-copyright-overlay":true,"event-copyright-note-description-end":false},"featured_image_urls_v2":{"full":["https:\/\/www.anika-net.de\/wp-content\/uploads\/2021\/10\/csm_Logo-spurwechsel-final_564f7c401c-1-e1754394587658.jpg",1202,802,false],"thumbnail":["https:\/\/www.anika-net.de\/wp-content\/uploads\/2021\/10\/csm_Logo-spurwechsel-final_564f7c401c-1-150x150.jpg",150,150,true],"medium":["https:\/\/www.anika-net.de\/wp-content\/uploads\/2021\/10\/csm_Logo-spurwechsel-final_564f7c401c-1-300x200.jpg",300,200,true],"medium_large":["https:\/\/www.anika-net.de\/wp-content\/uploads\/2021\/10\/csm_Logo-spurwechsel-final_564f7c401c-1-768x512.jpg",640,427,true],"large":["https:\/\/www.anika-net.de\/wp-content\/uploads\/2021\/10\/csm_Logo-spurwechsel-final_564f7c401c-1-1024x683.jpg",640,427,true],"1536x1536":["https:\/\/www.anika-net.de\/wp-content\/uploads\/2021\/10\/csm_Logo-spurwechsel-final_564f7c401c-1-e1754394587658.jpg",1202,802,false],"2048x2048":["https:\/\/www.anika-net.de\/wp-content\/uploads\/2021\/10\/csm_Logo-spurwechsel-final_564f7c401c-1-e1754394587658.jpg",1202,802,false],"event-overview":["https:\/\/www.anika-net.de\/wp-content\/uploads\/2021\/10\/csm_Logo-spurwechsel-final_564f7c401c-1-960x640.jpg",960,640,true],"event-archive-thumb":["https:\/\/www.anika-net.de\/wp-content\/uploads\/2021\/10\/csm_Logo-spurwechsel-final_564f7c401c-1-480x320.jpg",480,320,true],"grid-item-thumbnail":["https:\/\/www.anika-net.de\/wp-content\/uploads\/2021\/10\/csm_Logo-spurwechsel-final_564f7c401c-1-360x200.jpg",360,200,true],"network-partner-icon":["https:\/\/www.anika-net.de\/wp-content\/uploads\/2021\/10\/csm_Logo-spurwechsel-final_564f7c401c-1-100x100.jpg",100,100,true],"organiser-icon":["https:\/\/www.anika-net.de\/wp-content\/uploads\/2021\/10\/csm_Logo-spurwechsel-final_564f7c401c-1-200x200.jpg",200,200,true],"gform-image-choice-sm":["https:\/\/www.anika-net.de\/wp-content\/uploads\/2021\/10\/csm_Logo-spurwechsel-final_564f7c401c-1-e1754394587658.jpg",300,200,false],"gform-image-choice-md":["https:\/\/www.anika-net.de\/wp-content\/uploads\/2021\/10\/csm_Logo-spurwechsel-final_564f7c401c-1-e1754394587658.jpg",400,267,false],"gform-image-choice-lg":["https:\/\/www.anika-net.de\/wp-content\/uploads\/2021\/10\/csm_Logo-spurwechsel-final_564f7c401c-1-e1754394587658.jpg",600,400,false]},"post_excerpt_stackable_v2":"<p>G\u00fcven\u00adce\u00adsiz ika\u00admet sta\u00adt\u00fc\u00ads\u00fc\u00adne sahip ki\u015fi\u00adler i\u00e7in i\u015fg\u00fc\u00adc\u00fc piya\u00adsa\u00ads\u0131 enteg\u00adras\u00adyo\u00adnu&nbsp;i\u00e7in Spu\u00adr\u00adwech\u00adsel \u2014 i\u015fg\u00fc\u00adc\u00fc piya\u00adsa\u00ads\u0131 enteg\u00adras\u00adyo\u00adnu \u0130\u015fte size nas\u0131l yar\u00add\u0131m\u00adc\u0131 ola\u00adbi\u00adle\u00adce\u00ad\u011fi\u00admiz: M\u00fcl\u00adte\u00adci\u00adle\u00adri i\u015f piya\u00adsa\u00ads\u0131\u00adna enteg\u00adre etmek iste\u00adyen \u015fir\u00adket\u00adler i\u00e7in yar\u00add\u0131m. E\u011fi\u00adtim hak\u00adk\u0131n\u00adda soru\u00adlar Otur\u00adma izin\u00adle\u00adri hak\u00adk\u0131n\u00adda soru\u00adlar S\u0131n\u0131r d\u0131\u015f\u0131 edil\u00adme\u00adnin ge\u00e7i\u00adci ola\u00adrak ask\u0131\u00adya al\u0131n\u00adma\u00ads\u0131 hak\u00adk\u0131n\u00adda soru\u00adlar Hak\u00adk\u0131n\u00adda soru\u00adlar vatan\u00adda\u015f\u00adl\u0131\u00ad\u011fa&nbsp;kabul Hem m\u00fcsa\u00adma\u00adha g\u00f6s\u00adte\u00adri\u00adlen ki\u015fi\u00adler hem de kal\u00adma izni olan ki\u015fi\u00adler y\u0131l\u00adlar\u00add\u0131r bir t\u00fcr belir\u00adsiz\u00adlik i\u00e7in\u00adde\u00addir. Yasa koyu\u00adcu, uzun y\u0131l\u00adlar ika\u00admet ettik\u00adten son\u00adra s\u00fcr\u00add\u00fc\u00adr\u00fc\u00adle\u00adbi\u00adlir enteg\u00adras\u00adyo\u00adnun sa\u011f\u00adlan\u00adma\u00ads\u0131 halin\u00adde, ika\u00admet unva\u00adn\u0131 \u015fek\u00adlin\u00adde g\u00fcven\u00adli bir ika\u00admet hak\u00adk\u0131 vere\u00adbil\u00admek ama\u00adc\u0131y\u00adla, ika\u00admet hak\u00adk\u0131 konu\u00adsun\u00adda tole\u00adre edi\u00adlen ki\u015fi\u00adler i\u00e7in yasal bir temel olu\u015f\u00adtur\u00admu\u015f\u00adtur.&nbsp; Otu\u00adrum hak\u00adk\u0131 pers\u00adpek\u00adti\u00adfi\u00adni olu\u015f\u00adtur\u00admak ve b\u00f6y\u00adle\u00adce i\u015fg\u00fcc\u00fc\u2026<\/p>\n","category_list_v2":"","author_info_v2":{"name":"Andrea Ramirez","url":"https:\/\/www.anika-net.de\/tr\/author\/andrea-ramirez\/"},"comments_num_v2":"0 comments","uagb_featured_image_src":{"full":["https:\/\/www.anika-net.de\/wp-content\/uploads\/2021\/10\/csm_Logo-spurwechsel-final_564f7c401c-1-e1754394587658.jpg",1202,802,false],"thumbnail":["https:\/\/www.anika-net.de\/wp-content\/uploads\/2021\/10\/csm_Logo-spurwechsel-final_564f7c401c-1-150x150.jpg",150,150,true],"medium":["https:\/\/www.anika-net.de\/wp-content\/uploads\/2021\/10\/csm_Logo-spurwechsel-final_564f7c401c-1-300x200.jpg",300,200,true],"medium_large":["https:\/\/www.anika-net.de\/wp-content\/uploads\/2021\/10\/csm_Logo-spurwechsel-final_564f7c401c-1-768x512.jpg",640,427,true],"large":["https:\/\/www.anika-net.de\/wp-content\/uploads\/2021\/10\/csm_Logo-spurwechsel-final_564f7c401c-1-1024x683.jpg",640,427,true],"1536x1536":["https:\/\/www.anika-net.de\/wp-content\/uploads\/2021\/10\/csm_Logo-spurwechsel-final_564f7c401c-1-e1754394587658.jpg",1202,802,false],"2048x2048":["https:\/\/www.anika-net.de\/wp-content\/uploads\/2021\/10\/csm_Logo-spurwechsel-final_564f7c401c-1-e1754394587658.jpg",1202,802,false],"event-overview":["https:\/\/www.anika-net.de\/wp-content\/uploads\/2021\/10\/csm_Logo-spurwechsel-final_564f7c401c-1-960x640.jpg",960,640,true],"event-archive-thumb":["https:\/\/www.anika-net.de\/wp-content\/uploads\/2021\/10\/csm_Logo-spurwechsel-final_564f7c401c-1-480x320.jpg",480,320,true],"grid-item-thumbnail":["https:\/\/www.anika-net.de\/wp-content\/uploads\/2021\/10\/csm_Logo-spurwechsel-final_564f7c401c-1-360x200.jpg",360,200,true],"network-partner-icon":["https:\/\/www.anika-net.de\/wp-content\/uploads\/2021\/10\/csm_Logo-spurwechsel-final_564f7c401c-1-100x100.jpg",100,100,true],"organiser-icon":["https:\/\/www.anika-net.de\/wp-content\/uploads\/2021\/10\/csm_Logo-spurwechsel-final_564f7c401c-1-200x200.jpg",200,200,true],"gform-image-choice-sm":["https:\/\/www.anika-net.de\/wp-content\/uploads\/2021\/10\/csm_Logo-spurwechsel-final_564f7c401c-1-e1754394587658.jpg",300,200,false],"gform-image-choice-md":["https:\/\/www.anika-net.de\/wp-content\/uploads\/2021\/10\/csm_Logo-spurwechsel-final_564f7c401c-1-e1754394587658.jpg",400,267,false],"gform-image-choice-lg":["https:\/\/www.anika-net.de\/wp-content\/uploads\/2021\/10\/csm_Logo-spurwechsel-final_564f7c401c-1-e1754394587658.jpg",600,400,false]},"uagb_author_info":{"display_name":"Andrea Ramirez","author_link":"https:\/\/www.anika-net.de\/tr\/author\/andrea-ramirez\/"},"uagb_comment_info":0,"uagb_excerpt":"G\u00fcven\u00adce\u00adsiz ika\u00admet sta\u00adt\u00fc\u00ads\u00fc\u00adne sahip ki\u015fi\u00adler i\u00e7in i\u015fg\u00fc\u00adc\u00fc piya\u00adsa\u00ads\u0131 enteg\u00adras\u00adyo\u00adnu&nbsp;i\u00e7in Spu\u00adr\u00adwech\u00adsel \u2014 i\u015fg\u00fc\u00adc\u00fc piya\u00adsa\u00ads\u0131 entegrasyonu \u0130\u015fte size nas\u0131l yar\u00add\u0131m\u00adc\u0131 olabilece\u011fimiz: Hem m\u00fcsa\u00adma\u00adha g\u00f6s\u00adte\u00adri\u00adlen ki\u015fi\u00adler hem de kal\u00adma izni olan ki\u015fi\u00adler y\u0131l\u00adlar\u00add\u0131r&nbsp;daha fazla okuyun","_links":{"self":[{"href":"https:\/\/www.anika-net.de\/tr\/wp-json\/wp\/v2\/event\/16845","targetHints":{"allow":["GET"]}}],"collection":[{"href":"https:\/\/www.anika-net.de\/tr\/wp-json\/wp\/v2\/event"}],"about":[{"href":"https:\/\/www.anika-net.de\/tr\/wp-json\/wp\/v2\/types\/event"}],"author":[{"embeddable":true,"href":"https:\/\/www.anika-net.de\/tr\/wp-json\/wp\/v2\/users\/12"}],"version-history":[{"count":2,"href":"https:\/\/www.anika-net.de\/tr\/wp-json\/wp\/v2\/event\/16845\/revisions"}],"predecessor-version":[{"id":64203,"href":"https:\/\/www.anika-net.de\/tr\/wp-json\/wp\/v2\/event\/16845\/revisions\/64203"}],"acf:post":[{"embeddable":true,"href":"https:\/\/www.anika-net.de\/tr\/wp-json\/wp\/v2\/organiser\/21017"},{"embeddable":true,"href":"https:\/\/www.anika-net.de\/tr\/wp-json\/wp\/v2\/organiser\/16486"},{"embeddable":true,"href":"https:\/\/www.anika-net.de\/tr\/wp-json\/wp\/v2\/organiser\/16249"}],"acf:term":[{"embeddable":true,"taxonomy":"event_category","href":"https:\/\/www.anika-net.de\/tr\/wp-json\/wp\/v2\/event_category\/96"}],"wp:featuredmedia":[{"embeddable":true,"href":"https:\/\/www.anika-net.de\/tr\/wp-json\/wp\/v2\/media\/9074"}],"wp:attachment":[{"href":"https:\/\/www.anika-net.de\/tr\/wp-json\/wp\/v2\/media?parent=16845"}],"curies":[{"name":"wp","href":"https:\/\/api.w.org\/{rel}","templated":true}]}}