{"id":16819,"date":"2019-02-04T14:51:58","date_gmt":"2019-02-04T13:51:58","guid":{"rendered":"https:\/\/www.anika-net.de\/event\/online-apartment-search\/"},"modified":"2024-09-11T12:49:14","modified_gmt":"2024-09-11T10:49:14","slug":"online-ev-arama","status":"publish","type":"event","link":"https:\/\/www.anika-net.de\/tr\/event\/online-ev-arama\/","title":{"rendered":"Karls\u00adru\u00adhe\u00ad\u2019\u00adde Onli\u00adne Konut&nbsp;Arama"},"content":{"rendered":"<h1><span style=\"color: #993366;\"><strong>Karls\u00adru\u00adhe\u00ad\u2019\u00adde Onli\u00adne Konut&nbsp;Arama&nbsp;<\/strong><\/span><\/h1>\n<p>  \u00c7ok say\u0131\u00adda \u00e7ev\u00adri\u00admi\u00ad\u00e7i konut ara\u00adma por\u00adta\u00adl\u0131 bulun\u00admak\u00adta\u00add\u0131r. Ara\u00adma\u00adya ba\u015f\u00adla\u00adma\u00addan \u00f6nce gele\u00adcek\u00adte\u00adki evi\u00adniz\u00adden bek\u00adlen\u00adti\u00adle\u00adri\u00adni\u00adzi d\u00fc\u015f\u00fcn\u00adme\u00adni\u00adzi tav\u00adsi\u00adye ederiz.<br>\nBun\u00adlar ara\u00ads\u0131n\u00adda \u00f6rne\u00ad\u011fin b\u00fcy\u00fck\u00adl\u00fck (\u00f6rne\u00ad\u011fin 2 oda\u00adl\u0131 daire), konum, ula\u00ad\u015f\u0131m ba\u011f\u00adlan\u00adt\u0131\u00adla\u00adr\u0131 ve kira sevi\u00adye\u00adsi yer almaktad\u0131r.<br>\nNe ara\u00add\u0131\u00ad\u011f\u0131\u00adn\u0131\u00adz\u0131 ne kadar kesin ola\u00adrak bilir\u00adse\u00adniz, ara\u00adma\u00adn\u0131z o kadar kolay ve hede\u00adfe y\u00f6ne\u00adlik olacakt\u0131r.<br>\n\u0130\u015fte baz\u0131 \u00f6rnek\u00adler: \ud83c\udf10Immo<a href=\"https:\/\/www.immobilienscout24.de\/wohnen\/baden-wuerttemberg,karlsruhe\/mietwohnungen.html\" rel=\"noopener\">Scout24<\/a> <a href=\"https:\/\/www.immobilo.de\/mieten\/karlsruhe\" rel=\"noopener\">\ud83c\udf10Immo\u00adbi\u00adlo<\/a> <a href=\"https:\/\/www.immonet.de\/\" rel=\"noopener\">\ud83c\udf10Immo\u00adnet<\/a> \ud83c\udf10Kle\u00adinan\u00adze\u00adigen<a href=\"https:\/\/www.ebay-kleinanzeigen.de\/s-wohnung-mieten\/karlsruhe\/c203l9186\" rel=\"noopener\">Karls\u00adru\u00adhe<\/a> \ud83c\udf10meines\u00adtadt<a href=\"https:\/\/www.meinestadt.de\/karlsruhe\/immobilien\/wohnungen\" rel=\"noopener\">.<\/a><a href=\"https:\/\/www.quoka.de\/vermietungen\/vermietung-wohnungen\/karlsruhe\/cat_21_2103_ct_123473.html\" rel=\"noopener\">de<\/a> \ud83c\udf10Quoka<a href=\"https:\/\/www.quoka.de\/vermietungen\/vermietung-wohnungen\/karlsruhe\/cat_21_2103_ct_123473.html\" rel=\"noopener\">.de<\/a> <a href=\"https:\/\/www.wohnungsboerse.net\/Karlsruhe\/mieten\/wohnungen\" rel=\"noopener\">\ud83c\udf10Woh\u00adnungs\u00adbo\u00adur\u00adse<\/a> \ud83c\udf10Woh\u00adnung<a href=\"https:\/\/www.wohnung24.de\/\" rel=\"noopener\">24<\/a> <a href=\"https:\/\/www.immowelt.de\/liste\/karlsruhe\/wohnungen\/mieten?sort=relevanz\" rel=\"noopener\">\ud83c\udf10Immo\u00adwelt<\/a> Ortak bir <strong>daire\u00adde (WG)<\/strong> ya\u015fa\u00admak isti\u00adyor\u00adsa\u00adn\u0131z, bura\u00adda hari\u00adka tek\u00adlif\u00adler bula\u00adbi\u00adlir\u00adsi\u00adniz: \ud83c\udf10WG-Gesucht<a href=\"https:\/\/www.wg-gesucht.de\/wohnungen-in-Karlsruhe.68.2.1.0.html\" rel=\"noopener\">.de<\/a> <a href=\"https:\/\/www.homecompany.de\/en\/\" rel=\"noopener\">\ud83c\udf10Home\u00adcom\u00adpany<\/a> <strong>\u00d6\u011fren\u00adci\u00adler ve staj\u00adyer\u00adler<\/strong> i\u00e7in konak\u00adla\u00adma i\u00e7in \u00e7ev\u00adri\u00admi\u00ad\u00e7i bir plat\u00adform var. Ulus\u00adla\u00adra\u00adra\u00ads\u0131\u00add\u0131r ve bu hedef grup i\u00e7in oda\u00adlar ve ortak daire\u00adler konu\u00adsun\u00adda uzman\u00adla\u015f\u00adm\u0131\u015f\u00adt\u0131r. \ud83c\udf10Housing<a href=\"https:\/\/housinganywhere.com\/de\/\" rel=\"noopener\">Any\u00adw\u00adhe\u00adre<\/a>   <\/p>\n","protected":false},"author":12,"featured_media":7546,"template":"","class_list":["post-16819","event","type-event","status-publish","has-post-thumbnail","hentry","event_category-ikamet"],"acf":{"event-recurring":true,"event-category":98,"event-is-language-course":false,"event-recurring-still-active":true,"event-display-details":true,"event-schedules-recurring":null,"event-schedules-calendar":null,"event-is-online":true,"event-online-url":"","event-location-building":"","event-location-street":"","event-location-zip":"","event-location-city":"","event-location-contact-person":"","event-location-phone":"","event-location-phone-2":"","event-location-mail":"","event-location-mail-2":"","event-location-website":"","event-target-group":[{"target-group":"all"}],"event-target-group-comment":"","event-free":true,"event-organiser":[17299],"event-header-copyright-overlay":true,"event-copyright-note-description-end":true},"featured_image_urls_v2":{"full":["https:\/\/www.anika-net.de\/wp-content\/uploads\/2021\/10\/csm_patrick-perkins-340019-unsplash_6da2815a9c.jpg",1202,895,false],"thumbnail":["https:\/\/www.anika-net.de\/wp-content\/uploads\/2021\/10\/csm_patrick-perkins-340019-unsplash_6da2815a9c-150x150.jpg",150,150,true],"medium":["https:\/\/www.anika-net.de\/wp-content\/uploads\/2021\/10\/csm_patrick-perkins-340019-unsplash_6da2815a9c-300x223.jpg",300,223,true],"medium_large":["https:\/\/www.anika-net.de\/wp-content\/uploads\/2021\/10\/csm_patrick-perkins-340019-unsplash_6da2815a9c-768x572.jpg",640,477,true],"large":["https:\/\/www.anika-net.de\/wp-content\/uploads\/2021\/10\/csm_patrick-perkins-340019-unsplash_6da2815a9c-1024x762.jpg",640,476,true],"1536x1536":["https:\/\/www.anika-net.de\/wp-content\/uploads\/2021\/10\/csm_patrick-perkins-340019-unsplash_6da2815a9c.jpg",1202,895,false],"2048x2048":["https:\/\/www.anika-net.de\/wp-content\/uploads\/2021\/10\/csm_patrick-perkins-340019-unsplash_6da2815a9c.jpg",1202,895,false],"event-overview":["https:\/\/www.anika-net.de\/wp-content\/uploads\/2021\/10\/csm_patrick-perkins-340019-unsplash_6da2815a9c-960x640.jpg",960,640,true],"event-archive-thumb":["https:\/\/www.anika-net.de\/wp-content\/uploads\/2021\/10\/csm_patrick-perkins-340019-unsplash_6da2815a9c.jpg",480,357,false],"grid-item-thumbnail":["https:\/\/www.anika-net.de\/wp-content\/uploads\/2021\/10\/csm_patrick-perkins-340019-unsplash_6da2815a9c-360x200.jpg",360,200,true],"network-partner-icon":["https:\/\/www.anika-net.de\/wp-content\/uploads\/2021\/10\/csm_patrick-perkins-340019-unsplash_6da2815a9c-100x100.jpg",100,100,true],"organiser-icon":["https:\/\/www.anika-net.de\/wp-content\/uploads\/2021\/10\/csm_patrick-perkins-340019-unsplash_6da2815a9c-200x200.jpg",200,200,true],"gform-image-choice-sm":["https:\/\/www.anika-net.de\/wp-content\/uploads\/2021\/10\/csm_patrick-perkins-340019-unsplash_6da2815a9c.jpg",300,223,false],"gform-image-choice-md":["https:\/\/www.anika-net.de\/wp-content\/uploads\/2021\/10\/csm_patrick-perkins-340019-unsplash_6da2815a9c.jpg",400,298,false],"gform-image-choice-lg":["https:\/\/www.anika-net.de\/wp-content\/uploads\/2021\/10\/csm_patrick-perkins-340019-unsplash_6da2815a9c.jpg",600,447,false]},"post_excerpt_stackable_v2":"<p>Karls\u00adru\u00adhe\u00ad\u2019\u00adde Onli\u00adne Konut&nbsp;Ara\u00adma&nbsp; \u00c7ok say\u0131\u00adda \u00e7ev\u00adri\u00admi\u00ad\u00e7i konut ara\u00adma por\u00adta\u00adl\u0131 bulun\u00admak\u00adta\u00add\u0131r. Ara\u00adma\u00adya ba\u015f\u00adla\u00adma\u00addan \u00f6nce gele\u00adcek\u00adte\u00adki evi\u00adniz\u00adden bek\u00adlen\u00adti\u00adle\u00adri\u00adni\u00adzi d\u00fc\u015f\u00fcn\u00adme\u00adni\u00adzi tav\u00adsi\u00adye ede\u00adriz. Bun\u00adlar ara\u00ads\u0131n\u00adda \u00f6rne\u00ad\u011fin b\u00fcy\u00fck\u00adl\u00fck (\u00f6rne\u00ad\u011fin 2 oda\u00adl\u0131 daire), konum, ula\u00ad\u015f\u0131m ba\u011f\u00adlan\u00adt\u0131\u00adla\u00adr\u0131 ve kira sevi\u00adye\u00adsi yer almak\u00adta\u00add\u0131r. Ne ara\u00add\u0131\u00ad\u011f\u0131\u00adn\u0131\u00adz\u0131 ne kadar kesin ola\u00adrak bilir\u00adse\u00adniz, ara\u00adma\u00adn\u0131z o kadar kolay ve hede\u00adfe y\u00f6ne\u00adlik ola\u00adcak\u00adt\u0131r. \u0130\u015fte baz\u0131 \u00f6rnek\u00adler: \ud83c\udf10ImmoScout24 \ud83c\udf10Immo\u00adbi\u00adlo \ud83c\udf10Immo\u00adnet \ud83c\udf10Kle\u00adinan\u00adze\u00adigenKarls\u00adru\u00adhe \ud83c\udf10meines\u00adtadt.de \ud83c\udf10Quoka.de \ud83c\udf10Woh\u00adnungs\u00adbo\u00adur\u00adse \ud83c\udf10Woh\u00adnung24 \ud83c\udf10Immo\u00adwelt Ortak bir daire\u00adde (WG) ya\u015fa\u00admak isti\u00adyor\u00adsa\u00adn\u0131z, bura\u00adda hari\u00adka tek\u00adlif\u00adler bula\u00adbi\u00adlir\u00adsi\u00adniz: \ud83c\udf10WG-Gesucht.de \ud83c\udf10Home\u00adcom\u00adpany \u00d6\u011fren\u00adci\u00adler ve staj\u00adyer\u00adler i\u00e7in konak\u00adla\u00adma i\u00e7in \u00e7ev\u00adri\u00admi\u00ad\u00e7i bir plat\u00adform var. Ulus\u00adla\u00adra\u00adra\u00ads\u0131\u00add\u0131r ve bu hedef grup i\u00e7in oda\u00adlar ve ortak daire\u00adler konu\u00adsun\u00adda uzman\u00adla\u015f\u00adm\u0131\u015f\u00adt\u0131r. \ud83c\udf10HousingAny\u00adw\u00adhe\u00adre<\/p>\n","category_list_v2":"","author_info_v2":{"name":"Andrea Ramirez","url":"https:\/\/www.anika-net.de\/tr\/author\/andrea-ramirez\/"},"comments_num_v2":"0 comments","uagb_featured_image_src":{"full":["https:\/\/www.anika-net.de\/wp-content\/uploads\/2021\/10\/csm_patrick-perkins-340019-unsplash_6da2815a9c.jpg",1202,895,false],"thumbnail":["https:\/\/www.anika-net.de\/wp-content\/uploads\/2021\/10\/csm_patrick-perkins-340019-unsplash_6da2815a9c-150x150.jpg",150,150,true],"medium":["https:\/\/www.anika-net.de\/wp-content\/uploads\/2021\/10\/csm_patrick-perkins-340019-unsplash_6da2815a9c-300x223.jpg",300,223,true],"medium_large":["https:\/\/www.anika-net.de\/wp-content\/uploads\/2021\/10\/csm_patrick-perkins-340019-unsplash_6da2815a9c-768x572.jpg",640,477,true],"large":["https:\/\/www.anika-net.de\/wp-content\/uploads\/2021\/10\/csm_patrick-perkins-340019-unsplash_6da2815a9c-1024x762.jpg",640,476,true],"1536x1536":["https:\/\/www.anika-net.de\/wp-content\/uploads\/2021\/10\/csm_patrick-perkins-340019-unsplash_6da2815a9c.jpg",1202,895,false],"2048x2048":["https:\/\/www.anika-net.de\/wp-content\/uploads\/2021\/10\/csm_patrick-perkins-340019-unsplash_6da2815a9c.jpg",1202,895,false],"event-overview":["https:\/\/www.anika-net.de\/wp-content\/uploads\/2021\/10\/csm_patrick-perkins-340019-unsplash_6da2815a9c-960x640.jpg",960,640,true],"event-archive-thumb":["https:\/\/www.anika-net.de\/wp-content\/uploads\/2021\/10\/csm_patrick-perkins-340019-unsplash_6da2815a9c.jpg",480,357,false],"grid-item-thumbnail":["https:\/\/www.anika-net.de\/wp-content\/uploads\/2021\/10\/csm_patrick-perkins-340019-unsplash_6da2815a9c-360x200.jpg",360,200,true],"network-partner-icon":["https:\/\/www.anika-net.de\/wp-content\/uploads\/2021\/10\/csm_patrick-perkins-340019-unsplash_6da2815a9c-100x100.jpg",100,100,true],"organiser-icon":["https:\/\/www.anika-net.de\/wp-content\/uploads\/2021\/10\/csm_patrick-perkins-340019-unsplash_6da2815a9c-200x200.jpg",200,200,true],"gform-image-choice-sm":["https:\/\/www.anika-net.de\/wp-content\/uploads\/2021\/10\/csm_patrick-perkins-340019-unsplash_6da2815a9c.jpg",300,223,false],"gform-image-choice-md":["https:\/\/www.anika-net.de\/wp-content\/uploads\/2021\/10\/csm_patrick-perkins-340019-unsplash_6da2815a9c.jpg",400,298,false],"gform-image-choice-lg":["https:\/\/www.anika-net.de\/wp-content\/uploads\/2021\/10\/csm_patrick-perkins-340019-unsplash_6da2815a9c.jpg",600,447,false]},"uagb_author_info":{"display_name":"Andrea Ramirez","author_link":"https:\/\/www.anika-net.de\/tr\/author\/andrea-ramirez\/"},"uagb_comment_info":0,"uagb_excerpt":"Karls\u00adru\u00adhe\u00ad\u2019\u00adde Onli\u00adne Konut&nbsp;Arama&nbsp; \u00c7ok say\u0131\u00adda \u00e7ev\u00adri\u00admi\u00ad\u00e7i konut ara\u00adma por\u00adta\u00adl\u0131 bulun\u00admak\u00adta\u00add\u0131r. Ara\u00adma\u00adya ba\u015f\u00adla\u00adma\u00addan \u00f6nce gele\u00adcek\u00adte\u00adki evi\u00adniz\u00adden bek\u00adlen\u00adti\u00adle\u00adri\u00adni\u00adzi d\u00fc\u015f\u00fcn\u00adme\u00adni\u00adzi tav\u00adsi\u00adye ederiz. Bun\u00adlar ara\u00ads\u0131n\u00adda \u00f6rne\u00ad\u011fin b\u00fcy\u00fck\u00adl\u00fck (\u00f6rne\u00ad\u011fin 2 oda\u00adl\u0131 daire), konum, ula\u00ad\u015f\u0131m ba\u011f\u00adlan\u00adt\u0131\u00adla\u00adr\u0131&nbsp;daha fazla okuyun","_links":{"self":[{"href":"https:\/\/www.anika-net.de\/tr\/wp-json\/wp\/v2\/event\/16819","targetHints":{"allow":["GET"]}}],"collection":[{"href":"https:\/\/www.anika-net.de\/tr\/wp-json\/wp\/v2\/event"}],"about":[{"href":"https:\/\/www.anika-net.de\/tr\/wp-json\/wp\/v2\/types\/event"}],"author":[{"embeddable":true,"href":"https:\/\/www.anika-net.de\/tr\/wp-json\/wp\/v2\/users\/12"}],"version-history":[{"count":1,"href":"https:\/\/www.anika-net.de\/tr\/wp-json\/wp\/v2\/event\/16819\/revisions"}],"predecessor-version":[{"id":53435,"href":"https:\/\/www.anika-net.de\/tr\/wp-json\/wp\/v2\/event\/16819\/revisions\/53435"}],"acf:post":[{"embeddable":true,"href":"https:\/\/www.anika-net.de\/tr\/wp-json\/wp\/v2\/organiser\/17299"}],"acf:term":[{"embeddable":true,"taxonomy":"event_category","href":"https:\/\/www.anika-net.de\/tr\/wp-json\/wp\/v2\/event_category\/98"}],"wp:featuredmedia":[{"embeddable":true,"href":"https:\/\/www.anika-net.de\/tr\/wp-json\/wp\/v2\/media\/7546"}],"wp:attachment":[{"href":"https:\/\/www.anika-net.de\/tr\/wp-json\/wp\/v2\/media?parent=16819"}],"curies":[{"name":"wp","href":"https:\/\/api.w.org\/{rel}","templated":true}]}}