{"id":16812,"date":"2019-01-24T22:23:35","date_gmt":"2019-01-24T21:23:35","guid":{"rendered":"https:\/\/www.anika-net.de\/event\/welcome-center\/"},"modified":"2024-01-08T13:10:39","modified_gmt":"2024-01-08T12:10:39","slug":"karsilama-merkezi-teknoloji-boelgesi-karlsruhe","status":"publish","type":"event","link":"https:\/\/www.anika-net.de\/tr\/event\/karsilama-merkezi-teknoloji-boelgesi-karlsruhe\/","title":{"rendered":"Ho\u015f Gel\u00addi\u00adniz Mer\u00adke\u00adzi Tech\u00adno\u00adlo\u00adgi\u00adeRe\u00adgi\u00adon Karlsruhe"},"content":{"rendered":"<p><strong>Tech\u00adno\u00adlo\u00adgi\u00adeRe\u00adgi\u00adon Karls\u00adru\u00adhe<\/strong> Ho\u015f Gel\u00addi\u00adniz Mer\u00adke\u00adzi ola\u00adrak Tech\u00adno\u00adlo\u00adgi\u00adeRe\u00adgi\u00adon\u00ad\u2019\u00adda \u00e7al\u0131\u015f\u00admak ve ya\u015fa\u00admak iste\u00adyen ulus\u00adla\u00adra\u00adra\u00ads\u0131 pro\u00adfes\u00adyo\u00adnel\u00adle\u00adre ve gen\u00e7 pro\u00adfes\u00adyo\u00adnel\u00adle\u00adre dan\u0131\u015f\u00adman\u00adl\u0131k hiz\u00adme\u00adti veriyoruz.<\/p>\n<p><strong>Mes\u00adle\u00adki nite\u00adlik\u00adle\u00adri\u00adniz var m\u0131?<\/strong> <strong>Bir mes\u00adlek \u00f6\u011fren\u00admek ister misi\u00adniz?<\/strong> <strong>Nite\u00adlik\u00adle\u00adri\u00adni\u00adze uygun bir i\u015f mi ar\u0131\u00adyor\u00adsu\u00adnuz?<\/strong>  Sizi b\u00f6l\u00adge\u00adsel e\u011fi\u00adtim ve i\u015f piya\u00adsa\u00ads\u0131\u00adn\u0131n gerek\u00adli\u00adlik\u00adle\u00adri ve ba\u015f\u00advu\u00adru s\u00fcre\u00adci hak\u00adk\u0131n\u00adda bil\u00adgi\u00adlen\u00addi\u00adre\u00adce\u00ad\u011fiz. Ayr\u0131\u00adca, size ve aile \u00fcye\u00adle\u00adri\u00adni\u00adze b\u00f6l\u00adge\u00admi\u00adze gel\u00adme ve yer\u00adle\u015f\u00adme ile ilgi\u00adli pek \u00e7ok soru\u00adnuz\u00adda yar\u00add\u0131m\u00adc\u0131 olma\u00adya haz\u0131\u00adr\u0131z. Otur\u00adma izni i\u00e7in A\u2019dan ev i\u00e7in&nbsp;Z\u2019ye.<\/p>\n<p>Pilot i\u015fle\u00advi olan mer\u00adke\u00adzi bir temas nok\u00adta\u00ads\u0131\u00ady\u0131z, bu da bir\u00ad\u00e7ok yerel, b\u00f6l\u00adge\u00adsel ve ulus\u00adla\u00adra\u00adra\u00ads\u0131 akt\u00f6r\u00adle (dan\u0131\u015f\u00adma mer\u00adkez\u00adle\u00adri, hiz\u00admet kurum\u00adla\u00adr\u0131, yet\u00adki\u00adli\u00adler, der\u00adnek\u00adler) yak\u0131n a\u011f i\u00e7in\u00adde \u00e7al\u0131\u015f\u00adt\u0131\u00ad\u011f\u0131\u00adm\u0131z anla\u00adm\u0131\u00adna geli\u00adyor. Di\u011fer\u00adle\u00adri\u00adnin yan\u0131 s\u0131ra Baden-W\u00fcrt\u00adtem\u00adberg Eko\u00adno\u00admi, \u00c7al\u0131\u015f\u00adma ve Turizm Bakan\u00adl\u0131\u00ad\u011f\u0131 tara\u00adf\u0131n\u00addan finan\u00adse edil\u00addi\u00ad\u011fi\u00admiz i\u00e7in t\u00fcm hiz\u00admet\u00adle\u00adri\u00admiz \u00fccretsizdir.<br>\nTele\u00adfon\u00adla, sanal ortam\u00adda, e\u2011posta yoluy\u00adla veya Wel\u00adco\u00adme Cen\u00adte\u00adr\u00ad\u2019\u00adda \u00fccret\u00adsiz dan\u0131\u015f\u00adman\u00adl\u0131k hiz\u00adme\u00adti ver\u00admek\u00adten mut\u00adlu\u00adluk duyar\u0131z.<\/p>\n<p><strong>Hedef kit\u00adle<\/strong><\/p>\n<ul>\n<li>T\u00fcm mes\u00adlek ve sek\u00adt\u00f6r\u00adler\u00adden ulus\u00adla\u00adra\u00adra\u00ads\u0131 pro\u00adfes\u00adyo\u00adnel\u00adler, \u00f6\u011fren\u00adci\u00adler ve staj\u00adyer\u00adler ile aile \u00fcyeleri:<\/li>\n<li>Tech\u00adno\u00adlo\u00adgi\u00adeRe\u00adgi\u00adon Karls\u00adru\u00adhe ile ilgi\u00adle\u00adnen ve halen yurt d\u0131\u015f\u0131n\u00adda ya\u015fayanlar<\/li>\n<li>\u0130\u015fe ba\u015f\u00adla\u00add\u0131k\u00adla\u00adr\u0131n\u00adda yurt d\u0131\u015f\u0131n\u00addan yeni gelenler<\/li>\n<li>Bir\u00adka\u00e7 y\u0131l\u00add\u0131r Tech\u00adno\u00adlo\u00adgi\u00adeRe\u00adgi\u00adon Karls\u00adru\u00adhe\u00ad\u2019\u00adde ya\u015fa\u00adyan ve pro\u00adfes\u00adyo\u00adnel ola\u00adrak de\u011fi\u015f\u00admek isteyenler<\/li>\n<\/ul>\n<p>&nbsp;<\/p>\n<p><strong>\u0130nd\u00adir\u00adil\u00adecek<\/strong> bro\u00ad\u015f\u00fcr <a href=\"https:\/\/www.anika-net.de\/wp-content\/uploads\/2024\/01\/Flyer_Welcome-_Center_TRK_DE.pdf\">Alman\u00adca<\/a> \/ <a href=\"https:\/\/www.anika-net.de\/wp-content\/uploads\/2024\/01\/Flyer_Welcome_Center_TRK_EN.pdf\">\u0130ng\u00adil\u00adizce<\/a> \/ <a href=\"https:\/\/www.anika-net.de\/wp-content\/uploads\/2022\/09\/Flyer_Welcome_Center_TRK_FR_2022.pdf\">Fran\u00ads\u0131z\u00adca<\/a><\/p>\n","protected":false},"author":12,"featured_media":56951,"template":"","class_list":["post-16812","event","type-event","status-publish","has-post-thumbnail","hentry","event_category-is"],"acf":{"event-recurring":true,"event-category":96,"event-is-language-course":false,"event-recurring-still-active":true,"event-display-details":true,"event-schedules-recurring":null,"event-schedules-calendar":null,"event-is-online":false,"event-online-url":"","event-location-building":"Welcome Center TechnologieRegion Karlsruhe","event-location-street":"Emmy-Noether-Stra\u00dfe 11","event-location-zip":"76131","event-location-city":"Karlsruhe","event-location-contact-person":"Petra Bender \/ Sin\u00e9ad O\u2018Brien","event-location-phone":"0721 402 44-713","event-location-phone-2":"","event-location-mail":"welcome@trk.de","event-location-mail-2":"","event-location-website":"https:\/\/trk.de\/wcc\/","event-target-group":[{"target-group":"adults"}],"event-target-group-comment":"","event-free":true,"event-organiser":[56973,16651,56992,23603],"event-header-copyright-overlay":false,"event-copyright-note-description-end":false},"featured_image_urls_v2":{"full":["https:\/\/www.anika-net.de\/wp-content\/uploads\/2019\/01\/logo-wcc_positive.png",386,128,false],"thumbnail":["https:\/\/www.anika-net.de\/wp-content\/uploads\/2019\/01\/logo-wcc_positive-150x128.png",150,128,true],"medium":["https:\/\/www.anika-net.de\/wp-content\/uploads\/2019\/01\/logo-wcc_positive-300x99.png",300,99,true],"medium_large":["https:\/\/www.anika-net.de\/wp-content\/uploads\/2019\/01\/logo-wcc_positive.png",386,128,false],"large":["https:\/\/www.anika-net.de\/wp-content\/uploads\/2019\/01\/logo-wcc_positive.png",386,128,false],"1536x1536":["https:\/\/www.anika-net.de\/wp-content\/uploads\/2019\/01\/logo-wcc_positive.png",386,128,false],"2048x2048":["https:\/\/www.anika-net.de\/wp-content\/uploads\/2019\/01\/logo-wcc_positive.png",386,128,false],"event-overview":["https:\/\/www.anika-net.de\/wp-content\/uploads\/2019\/01\/logo-wcc_positive.png",386,128,false],"event-archive-thumb":["https:\/\/www.anika-net.de\/wp-content\/uploads\/2019\/01\/logo-wcc_positive.png",386,128,false],"grid-item-thumbnail":["https:\/\/www.anika-net.de\/wp-content\/uploads\/2019\/01\/logo-wcc_positive-360x128.png",360,128,true],"network-partner-icon":["https:\/\/www.anika-net.de\/wp-content\/uploads\/2019\/01\/logo-wcc_positive-100x100.png",100,100,true],"organiser-icon":["https:\/\/www.anika-net.de\/wp-content\/uploads\/2019\/01\/logo-wcc_positive-200x128.png",200,128,true],"gform-image-choice-sm":["https:\/\/www.anika-net.de\/wp-content\/uploads\/2019\/01\/logo-wcc_positive-300x128.png",300,128,true],"gform-image-choice-md":["https:\/\/www.anika-net.de\/wp-content\/uploads\/2019\/01\/logo-wcc_positive.png",386,128,false],"gform-image-choice-lg":["https:\/\/www.anika-net.de\/wp-content\/uploads\/2019\/01\/logo-wcc_positive.png",386,128,false]},"post_excerpt_stackable_v2":"<p>Tech\u00adno\u00adlo\u00adgi\u00adeRe\u00adgi\u00adon Karls\u00adru\u00adhe Ho\u015f Gel\u00addi\u00adniz Mer\u00adke\u00adzi ola\u00adrak Tech\u00adno\u00adlo\u00adgi\u00adeRe\u00adgi\u00adon\u00ad\u2019\u00adda \u00e7al\u0131\u015f\u00admak ve ya\u015fa\u00admak iste\u00adyen ulus\u00adla\u00adra\u00adra\u00ads\u0131 pro\u00adfes\u00adyo\u00adnel\u00adle\u00adre ve gen\u00e7 pro\u00adfes\u00adyo\u00adnel\u00adle\u00adre dan\u0131\u015f\u00adman\u00adl\u0131k hiz\u00adme\u00adti veri\u00adyo\u00adruz. Mes\u00adle\u00adki nite\u00adlik\u00adle\u00adri\u00adniz var m\u0131? Bir mes\u00adlek \u00f6\u011fren\u00admek ister misi\u00adniz? Nite\u00adlik\u00adle\u00adri\u00adni\u00adze uygun bir i\u015f mi ar\u0131\u00adyor\u00adsu\u00adnuz? Sizi b\u00f6l\u00adge\u00adsel e\u011fi\u00adtim ve i\u015f piya\u00adsa\u00ads\u0131\u00adn\u0131n gerek\u00adli\u00adlik\u00adle\u00adri ve ba\u015f\u00advu\u00adru s\u00fcre\u00adci hak\u00adk\u0131n\u00adda bil\u00adgi\u00adlen\u00addi\u00adre\u00adce\u00ad\u011fiz. Ayr\u0131\u00adca, size ve aile \u00fcye\u00adle\u00adri\u00adni\u00adze b\u00f6l\u00adge\u00admi\u00adze gel\u00adme ve yer\u00adle\u015f\u00adme ile ilgi\u00adli pek \u00e7ok soru\u00adnuz\u00adda yar\u00add\u0131m\u00adc\u0131 olma\u00adya haz\u0131\u00adr\u0131z. Otur\u00adma izni i\u00e7in A\u2019dan ev i\u00e7in&nbsp;Z\u2019ye. Pilot i\u015fle\u00advi olan mer\u00adke\u00adzi bir temas nok\u00adta\u00ads\u0131\u00ady\u0131z, bu da bir\u00ad\u00e7ok yerel, b\u00f6l\u00adge\u00adsel ve ulus\u00adla\u00adra\u00adra\u00ads\u0131 akt\u00f6r\u00adle (dan\u0131\u015f\u00adma mer\u00adkez\u00adle\u00adri, hiz\u00admet kurum\u00adla\u00adr\u0131, yet\u00adki\u00adli\u00adler, der\u00adnek\u00adler) yak\u0131n a\u011f i\u00e7in\u00adde \u00e7al\u0131\u015f\u00adt\u0131\u00ad\u011f\u0131\u00adm\u0131z anla\u00adm\u0131\u00adna geli\u00adyor. Di\u011fer\u00adle\u00adri\u00adnin yan\u0131 s\u0131ra Baden-W\u00fcrttemberg\u2026<\/p>\n","category_list_v2":"","author_info_v2":{"name":"Andrea Ramirez","url":"https:\/\/www.anika-net.de\/tr\/author\/andrea-ramirez\/"},"comments_num_v2":"0 comments","uagb_featured_image_src":{"full":["https:\/\/www.anika-net.de\/wp-content\/uploads\/2019\/01\/logo-wcc_positive.png",386,128,false],"thumbnail":["https:\/\/www.anika-net.de\/wp-content\/uploads\/2019\/01\/logo-wcc_positive-150x128.png",150,128,true],"medium":["https:\/\/www.anika-net.de\/wp-content\/uploads\/2019\/01\/logo-wcc_positive-300x99.png",300,99,true],"medium_large":["https:\/\/www.anika-net.de\/wp-content\/uploads\/2019\/01\/logo-wcc_positive.png",386,128,false],"large":["https:\/\/www.anika-net.de\/wp-content\/uploads\/2019\/01\/logo-wcc_positive.png",386,128,false],"1536x1536":["https:\/\/www.anika-net.de\/wp-content\/uploads\/2019\/01\/logo-wcc_positive.png",386,128,false],"2048x2048":["https:\/\/www.anika-net.de\/wp-content\/uploads\/2019\/01\/logo-wcc_positive.png",386,128,false],"event-overview":["https:\/\/www.anika-net.de\/wp-content\/uploads\/2019\/01\/logo-wcc_positive.png",386,128,false],"event-archive-thumb":["https:\/\/www.anika-net.de\/wp-content\/uploads\/2019\/01\/logo-wcc_positive.png",386,128,false],"grid-item-thumbnail":["https:\/\/www.anika-net.de\/wp-content\/uploads\/2019\/01\/logo-wcc_positive-360x128.png",360,128,true],"network-partner-icon":["https:\/\/www.anika-net.de\/wp-content\/uploads\/2019\/01\/logo-wcc_positive-100x100.png",100,100,true],"organiser-icon":["https:\/\/www.anika-net.de\/wp-content\/uploads\/2019\/01\/logo-wcc_positive-200x128.png",200,128,true],"gform-image-choice-sm":["https:\/\/www.anika-net.de\/wp-content\/uploads\/2019\/01\/logo-wcc_positive-300x128.png",300,128,true],"gform-image-choice-md":["https:\/\/www.anika-net.de\/wp-content\/uploads\/2019\/01\/logo-wcc_positive.png",386,128,false],"gform-image-choice-lg":["https:\/\/www.anika-net.de\/wp-content\/uploads\/2019\/01\/logo-wcc_positive.png",386,128,false]},"uagb_author_info":{"display_name":"Andrea Ramirez","author_link":"https:\/\/www.anika-net.de\/tr\/author\/andrea-ramirez\/"},"uagb_comment_info":0,"uagb_excerpt":"Tech\u00adno\u00adlo\u00adgi\u00adeRe\u00adgi\u00adon Karls\u00adru\u00adhe Ho\u015f Gel\u00addi\u00adniz Mer\u00adke\u00adzi ola\u00adrak Tech\u00adno\u00adlo\u00adgi\u00adeRe\u00adgi\u00adon\u00ad\u2019\u00adda \u00e7al\u0131\u015f\u00admak ve ya\u015fa\u00admak iste\u00adyen ulus\u00adla\u00adra\u00adra\u00ads\u0131 pro\u00adfes\u00adyo\u00adnel\u00adle\u00adre ve gen\u00e7 pro\u00adfes\u00adyo\u00adnel\u00adle\u00adre dan\u0131\u015f\u00adman\u00adl\u0131k hiz\u00adme\u00adti veriyoruz. Mes\u00adle\u00adki nite\u00adlik\u00adle\u00adri\u00adniz var m\u0131? Bir mes\u00adlek \u00f6\u011fren\u00admek ister misi\u00adniz? Nite\u00adlik\u00adle\u00adri\u00adni\u00adze uygun&nbsp;daha fazla okuyun","_links":{"self":[{"href":"https:\/\/www.anika-net.de\/tr\/wp-json\/wp\/v2\/event\/16812","targetHints":{"allow":["GET"]}}],"collection":[{"href":"https:\/\/www.anika-net.de\/tr\/wp-json\/wp\/v2\/event"}],"about":[{"href":"https:\/\/www.anika-net.de\/tr\/wp-json\/wp\/v2\/types\/event"}],"author":[{"embeddable":true,"href":"https:\/\/www.anika-net.de\/tr\/wp-json\/wp\/v2\/users\/12"}],"version-history":[{"count":0,"href":"https:\/\/www.anika-net.de\/tr\/wp-json\/wp\/v2\/event\/16812\/revisions"}],"acf:post":[{"embeddable":true,"href":"https:\/\/www.anika-net.de\/tr\/wp-json\/wp\/v2\/organiser\/23603"},{"embeddable":true,"href":"https:\/\/www.anika-net.de\/tr\/wp-json\/wp\/v2\/organiser\/56992"},{"embeddable":true,"href":"https:\/\/www.anika-net.de\/tr\/wp-json\/wp\/v2\/organiser\/16651"},{"embeddable":true,"href":"https:\/\/www.anika-net.de\/tr\/wp-json\/wp\/v2\/organiser\/56973"}],"acf:term":[{"embeddable":true,"taxonomy":"event_category","href":"https:\/\/www.anika-net.de\/tr\/wp-json\/wp\/v2\/event_category\/96"}],"wp:featuredmedia":[{"embeddable":true,"href":"https:\/\/www.anika-net.de\/tr\/wp-json\/wp\/v2\/media\/56951"}],"wp:attachment":[{"href":"https:\/\/www.anika-net.de\/tr\/wp-json\/wp\/v2\/media?parent=16812"}],"curies":[{"name":"wp","href":"https:\/\/api.w.org\/{rel}","templated":true}]}}