{"id":16785,"date":"2019-02-02T19:51:20","date_gmt":"2019-02-02T18:51:20","guid":{"rendered":"https:\/\/www.anika-net.de\/event\/initial-consultation-for-migrants\/"},"modified":"2024-07-31T14:26:29","modified_gmt":"2024-07-31T12:26:29","slug":"goecmenler-icin-ilk-danismanlik","status":"publish","type":"event","link":"https:\/\/www.anika-net.de\/tr\/event\/goecmenler-icin-ilk-danismanlik\/","title":{"rendered":"G\u00f6\u00e7\u00admen\u00adler i\u00e7in \u0130lk Dan\u0131\u015fmanl\u0131k"},"content":{"rendered":"<h2><span style=\"color: #ffcc00;\"><strong>Ek\u00fc\u00adme\u00adnik G\u00f6\u00e7\u00admen\u00adlik Hiz\u00adme\u00adti \u00d6MD tara\u00adf\u0131n\u00addan sa\u011f\u00adla\u00adnan dan\u0131\u015f\u00adman\u00adl\u0131k, var\u0131\u00ad\u015f\u0131\u00adn\u0131\u00adz\u0131 kolay\u00adla\u015f\u00adt\u0131r\u00adma\u00ady\u0131 ve enteg\u00adras\u00adyo\u00adnu\u00adnu\u00adzu te\u015f\u00advik etme\u00adyi ama\u00e7lamaktad\u0131r<\/strong><\/span><\/h2>\n<p>  G\u00f6\u00e7\u00admen\u00adler i\u00e7in ilk dan\u0131\u015f\u00adman\u00adl\u0131k hiz\u00adme\u00adti ile Karls\u00adru\u00adhe \u015feh\u00adrin\u00adde ika\u00admet eden g\u00f6\u00e7\u00admen\u00adle\u00adre \u201cilti\u00adca veya ika\u00admet i\u00e7in A\u201d dan \u201centeg\u00adras\u00adyon i\u00e7in I\u201d ve \u201cgeri d\u00f6n\u00fc\u015f veya yeni\u00adden enteg\u00adras\u00adyon i\u00e7in R\u201d ye kadar t\u00fcm konu\u00adlar\u00adda tav\u00adsi\u00adye\u00adler\u00adde bulunuyoruz.<br>\nKi\u015fi\u00adsel, sos\u00adyal, ilti\u00adca ve ika\u00admet huku\u00adku konu\u00adla\u00adr\u0131n\u00adda dan\u0131\u015f\u00adman\u00adl\u0131k ve des\u00adtek sunuyoruz.<br>\nDan\u0131\u015f\u00adman\u00adl\u0131\u00ad\u011f\u0131\u00adm\u0131z birey\u00adsel, giz\u00adli ve a\u00e7\u0131k u\u00e7lu\u00addur.    <span style=\"color: #008080;\"><strong>G\u00f6\u00e7\u00admen\u00adler i\u00e7in \u0130lk Dan\u0131\u015f\u00adman\u00adl\u0131k size \u015fun\u00adla\u00adr\u0131&nbsp;sunar:<\/strong><\/span><\/p>\n<ul>\n<li>Birey\u00adsel rehberlik<\/li>\n<li>Enteg\u00adras\u00adyon kurs\u00adla\u00adr\u0131 s\u0131ra\u00ads\u0131n\u00adda sos\u00adyo-e\u011fi\u00adtim\u00adsel des\u00adte\u00ad\u011fin y\u00fcr\u00fct\u00fclmesi<\/li>\n<li>Enteg\u00adras\u00adyon kurs\u00adla\u00adr\u0131 s\u0131ra\u00ads\u0131n\u00adda \u00e7ocuk bak\u0131\u00adm\u0131 ayar\u00adla\u00adma konu\u00adsun\u00adda yard\u0131m<\/li>\n<li>Bele\u00addi\u00adye a\u011fla\u00adr\u0131\u00adna aktif kat\u0131\u00adl\u0131m ve ortak sos\u00adyal hiz\u00admet\u00adle\u00adrin ve ida\u00adri makam\u00adla\u00adr\u0131n k\u00fcl\u00adt\u00fcr\u00adle\u00adra\u00adra\u00ads\u0131 a\u00e7\u0131l\u0131m\u0131\/a\u011f olu\u015f\u00adtur\u00adma\u00ads\u0131 i\u00e7in i\u015fbirli\u011fi<\/li>\n<\/ul>\n<p>  \ud83d\udc49\ud83c\udffd \u015eah\u00adsen, tele\u00adfon, e\u2011posta veya soh\u00adbet yoluy\u00adla dan\u0131\u015f\u00adman\u00adl\u0131k hiz\u00adme\u00adti veriyoruz.&nbsp;<\/p>\n<h3><strong><span style=\"color: #008080;\">\u00d6MD\u00ad\u2019\u00adnin dan\u0131\u015f\u00adman\u00adl\u0131k hizmetleri<\/span><\/strong><\/h3>\n<ul>\n<li><a href=\"https:\/\/www.anika-net.de\/de\/event\/migrationsberatung-fuer-erwachsene-zuwanderer-mbe-2\/\">Yeti\u015f\u00adkin g\u00f6\u00e7\u00admen\u00adler i\u00e7in g\u00f6\u00e7 dan\u0131\u015f\u00adman\u00adl\u0131\u00ad\u011f\u0131 (MBE)<\/a><\/li>\n<li><a href=\"https:\/\/www.anika-net.de\/de\/event\/integration-von-gefluechteten-in-karlsruhe\/\"><a href=\"https:\/\/www.anika-net.de\/de\/event\/integration-von-gefluechteten-in-karlsruhe\/\">Enteg\u00adras\u00adyon y\u00f6netimi<\/a><\/a><\/li>\n<li><a href=\"https:\/\/www.anika-net.de\/de\/event\/integrationsmanagement-ukraine\/\">Enteg\u00adras\u00adyon y\u00f6ne\u00adti\u00admi Ukrayna<\/a><\/li>\n<li><a href=\"https:\/\/www.anika-net.de\/de\/event\/fluechtlings-und-migrationsberatung\/\">M\u00fcl\u00adte\u00adci ve g\u00f6\u00e7 dan\u0131\u015fmanl\u0131\u011f\u0131<\/a><\/li>\n<li><a href=\"https:\/\/www.anika-net.de\/de\/event\/rueckkehrberatung-rueckkehrhilfen-caritas\/\"><a href=\"https:\/\/www.anika-net.de\/de\/event\/rueckkehrberatung-rueckkehrhilfen-caritas\/\">Geri d\u00f6n\u00fc\u015f dan\u0131\u015fmanl\u0131\u011f\u0131<\/a><\/a><\/li>\n<\/ul>\n<p>&nbsp;<\/p>\n","protected":false},"author":12,"featured_media":34989,"template":"","class_list":["post-16785","event","type-event","status-publish","has-post-thumbnail","hentry","event_category-yardim-olanaklari"],"acf":{"event-recurring":true,"event-category":95,"event-is-language-course":false,"event-recurring-still-active":true,"event-display-details":true,"event-schedules-recurring":[{"event-recurring-week-day":"0","event-recurring-time":"9:00 - 12:00 \/ 14:00 - 16:00","event-recurring-time-text":"D\u00fczenlemeye g\u00f6re zaman"},{"event-recurring-week-day":"1","event-recurring-time":"9:00 - 12:00 \/ 14:00 - 16:00","event-recurring-time-text":"D\u00fczenlemeye g\u00f6re zaman"},{"event-recurring-week-day":"2","event-recurring-time":"9:00 - 12:00 \/ 14:00 - 16:00","event-recurring-time-text":""},{"event-recurring-week-day":"3","event-recurring-time":"9:00 - 12:00 \/ 14:00 - 16:00","event-recurring-time-text":"D\u00fczenlemeye g\u00f6re zaman"},{"event-recurring-week-day":"4","event-recurring-time":"9:00 - 12:00","event-recurring-time-text":"D\u00fczenlemeye g\u00f6re zaman"}],"event-schedules-calendar":null,"event-is-online":false,"event-online-url":"","event-location-building":"Beratungs- und Familienzentrum Caritashaus","event-location-street":"Sophienstr. 33","event-location-zip":"76133","event-location-city":"Karlsruhe","event-location-contact-person":"Tamara Hillens","event-location-phone":"+49 721 91243-16","event-location-phone-2":"","event-location-mail":"sekretariat-oemd@caritas-karlsruhe.de","event-location-mail-2":"","event-location-website":"https:\/\/www.caritas-karlsruhe.de\/oemd","event-target-group":[{"target-group":"adults"}],"event-target-group-comment":"G\u00f6\u00e7menler","event-free":true,"event-organiser":[16388],"event-header-copyright-overlay":true,"event-copyright-note-description-end":false},"featured_image_urls_v2":{"full":["https:\/\/www.anika-net.de\/wp-content\/uploads\/2019\/03\/Caritas-und-Diakonie.jpg",1181,709,false],"thumbnail":["https:\/\/www.anika-net.de\/wp-content\/uploads\/2019\/03\/Caritas-und-Diakonie-150x150.jpg",150,150,true],"medium":["https:\/\/www.anika-net.de\/wp-content\/uploads\/2019\/03\/Caritas-und-Diakonie-300x180.jpg",300,180,true],"medium_large":["https:\/\/www.anika-net.de\/wp-content\/uploads\/2019\/03\/Caritas-und-Diakonie-768x461.jpg",640,384,true],"large":["https:\/\/www.anika-net.de\/wp-content\/uploads\/2019\/03\/Caritas-und-Diakonie-1024x615.jpg",640,384,true],"1536x1536":["https:\/\/www.anika-net.de\/wp-content\/uploads\/2019\/03\/Caritas-und-Diakonie.jpg",1181,709,false],"2048x2048":["https:\/\/www.anika-net.de\/wp-content\/uploads\/2019\/03\/Caritas-und-Diakonie.jpg",1181,709,false],"event-overview":["https:\/\/www.anika-net.de\/wp-content\/uploads\/2019\/03\/Caritas-und-Diakonie-960x640.jpg",960,640,true],"event-archive-thumb":["https:\/\/www.anika-net.de\/wp-content\/uploads\/2019\/03\/Caritas-und-Diakonie-480x288.jpg",480,288,true],"grid-item-thumbnail":["https:\/\/www.anika-net.de\/wp-content\/uploads\/2019\/03\/Caritas-und-Diakonie-360x200.jpg",360,200,true],"network-partner-icon":["https:\/\/www.anika-net.de\/wp-content\/uploads\/2019\/03\/Caritas-und-Diakonie-100x100.jpg",100,100,true],"organiser-icon":["https:\/\/www.anika-net.de\/wp-content\/uploads\/2019\/03\/Caritas-und-Diakonie-200x200.jpg",200,200,true],"gform-image-choice-sm":["https:\/\/www.anika-net.de\/wp-content\/uploads\/2019\/03\/Caritas-und-Diakonie.jpg",300,180,false],"gform-image-choice-md":["https:\/\/www.anika-net.de\/wp-content\/uploads\/2019\/03\/Caritas-und-Diakonie.jpg",400,240,false],"gform-image-choice-lg":["https:\/\/www.anika-net.de\/wp-content\/uploads\/2019\/03\/Caritas-und-Diakonie.jpg",600,360,false]},"post_excerpt_stackable_v2":"<p>Ek\u00fc\u00adme\u00adnik G\u00f6\u00e7\u00admen\u00adlik Hiz\u00adme\u00adti \u00d6MD tara\u00adf\u0131n\u00addan sa\u011f\u00adla\u00adnan dan\u0131\u015f\u00adman\u00adl\u0131k, var\u0131\u00ad\u015f\u0131\u00adn\u0131\u00adz\u0131 kolay\u00adla\u015f\u00adt\u0131r\u00adma\u00ady\u0131 ve enteg\u00adras\u00adyo\u00adnu\u00adnu\u00adzu te\u015f\u00advik etme\u00adyi ama\u00e7\u00adla\u00admak\u00adta\u00add\u0131r G\u00f6\u00e7\u00admen\u00adler i\u00e7in ilk dan\u0131\u015f\u00adman\u00adl\u0131k hiz\u00adme\u00adti ile Karls\u00adru\u00adhe \u015feh\u00adrin\u00adde ika\u00admet eden g\u00f6\u00e7\u00admen\u00adle\u00adre \u201cilti\u00adca veya ika\u00admet i\u00e7in A\u201d dan \u201centeg\u00adras\u00adyon i\u00e7in I\u201d ve \u201cgeri d\u00f6n\u00fc\u015f veya yeni\u00adden enteg\u00adras\u00adyon i\u00e7in R\u201d ye kadar t\u00fcm konu\u00adlar\u00adda tav\u00adsi\u00adye\u00adler\u00adde bulu\u00adnu\u00adyo\u00adruz. Ki\u015fi\u00adsel, sos\u00adyal, ilti\u00adca ve ika\u00admet huku\u00adku konu\u00adla\u00adr\u0131n\u00adda dan\u0131\u015f\u00adman\u00adl\u0131k ve des\u00adtek sunu\u00adyo\u00adruz. Dan\u0131\u015f\u00adman\u00adl\u0131\u00ad\u011f\u0131\u00adm\u0131z birey\u00adsel, giz\u00adli ve a\u00e7\u0131k u\u00e7lu\u00addur. G\u00f6\u00e7\u00admen\u00adler i\u00e7in \u0130lk Dan\u0131\u015f\u00adman\u00adl\u0131k size \u015fun\u00adla\u00adr\u0131&nbsp;sunar: Birey\u00adsel reh\u00adber\u00adlik Enteg\u00adras\u00adyon kurs\u00adla\u00adr\u0131 s\u0131ra\u00ads\u0131n\u00adda sos\u00ad\u00ad\u00adyo-e\u011fi\u00ad\u00ad\u00adti\u00adm\u00ad\u00ad\u00adsel des\u00adte\u00ad\u011fin y\u00fcr\u00fc\u00adt\u00fcl\u00adme\u00adsi Enteg\u00adras\u00adyon kurs\u00adla\u00adr\u0131 s\u0131ra\u00ads\u0131n\u00adda \u00e7ocuk bak\u0131\u00adm\u0131 ayar\u00adla\u00adma konu\u00adsun\u00adda yar\u00add\u0131m Bele\u00addi\u00adye a\u011fla\u00adr\u0131\u00adna aktif kat\u0131\u00adl\u0131m ve ortak sos\u00adyal hiz\u00admet\u00adle\u00adrin ve ida\u00adri makam\u00adla\u00adr\u0131n k\u00fcl\u00adt\u00fcr\u00adle\u00adra\u00adra\u00ads\u0131 a\u00e7\u0131l\u0131m\u0131\/a\u011f\u2026<\/p>\n","category_list_v2":"","author_info_v2":{"name":"Andrea Ramirez","url":"https:\/\/www.anika-net.de\/tr\/author\/andrea-ramirez\/"},"comments_num_v2":"0 comments","uagb_featured_image_src":{"full":["https:\/\/www.anika-net.de\/wp-content\/uploads\/2019\/03\/Caritas-und-Diakonie.jpg",1181,709,false],"thumbnail":["https:\/\/www.anika-net.de\/wp-content\/uploads\/2019\/03\/Caritas-und-Diakonie-150x150.jpg",150,150,true],"medium":["https:\/\/www.anika-net.de\/wp-content\/uploads\/2019\/03\/Caritas-und-Diakonie-300x180.jpg",300,180,true],"medium_large":["https:\/\/www.anika-net.de\/wp-content\/uploads\/2019\/03\/Caritas-und-Diakonie-768x461.jpg",640,384,true],"large":["https:\/\/www.anika-net.de\/wp-content\/uploads\/2019\/03\/Caritas-und-Diakonie-1024x615.jpg",640,384,true],"1536x1536":["https:\/\/www.anika-net.de\/wp-content\/uploads\/2019\/03\/Caritas-und-Diakonie.jpg",1181,709,false],"2048x2048":["https:\/\/www.anika-net.de\/wp-content\/uploads\/2019\/03\/Caritas-und-Diakonie.jpg",1181,709,false],"event-overview":["https:\/\/www.anika-net.de\/wp-content\/uploads\/2019\/03\/Caritas-und-Diakonie-960x640.jpg",960,640,true],"event-archive-thumb":["https:\/\/www.anika-net.de\/wp-content\/uploads\/2019\/03\/Caritas-und-Diakonie-480x288.jpg",480,288,true],"grid-item-thumbnail":["https:\/\/www.anika-net.de\/wp-content\/uploads\/2019\/03\/Caritas-und-Diakonie-360x200.jpg",360,200,true],"network-partner-icon":["https:\/\/www.anika-net.de\/wp-content\/uploads\/2019\/03\/Caritas-und-Diakonie-100x100.jpg",100,100,true],"organiser-icon":["https:\/\/www.anika-net.de\/wp-content\/uploads\/2019\/03\/Caritas-und-Diakonie-200x200.jpg",200,200,true],"gform-image-choice-sm":["https:\/\/www.anika-net.de\/wp-content\/uploads\/2019\/03\/Caritas-und-Diakonie.jpg",300,180,false],"gform-image-choice-md":["https:\/\/www.anika-net.de\/wp-content\/uploads\/2019\/03\/Caritas-und-Diakonie.jpg",400,240,false],"gform-image-choice-lg":["https:\/\/www.anika-net.de\/wp-content\/uploads\/2019\/03\/Caritas-und-Diakonie.jpg",600,360,false]},"uagb_author_info":{"display_name":"Andrea Ramirez","author_link":"https:\/\/www.anika-net.de\/tr\/author\/andrea-ramirez\/"},"uagb_comment_info":0,"uagb_excerpt":"Ek\u00fc\u00adme\u00adnik G\u00f6\u00e7\u00admen\u00adlik Hiz\u00adme\u00adti \u00d6MD tara\u00adf\u0131n\u00addan sa\u011f\u00adla\u00adnan dan\u0131\u015f\u00adman\u00adl\u0131k, var\u0131\u00ad\u015f\u0131\u00adn\u0131\u00adz\u0131 kolay\u00adla\u015f\u00adt\u0131r\u00adma\u00ady\u0131 ve enteg\u00adras\u00adyo\u00adnu\u00adnu\u00adzu te\u015f\u00advik etme\u00adyi ama\u00e7lamaktad\u0131r G\u00f6\u00e7\u00admen\u00adler i\u00e7in ilk dan\u0131\u015f\u00adman\u00adl\u0131k hiz\u00adme\u00adti ile Karls\u00adru\u00adhe \u015feh\u00adrin\u00adde ika\u00admet eden g\u00f6\u00e7\u00admen\u00adle\u00adre \u201cilti\u00adca veya ika\u00admet i\u00e7in A\u201d&nbsp;daha fazla okuyun","_links":{"self":[{"href":"https:\/\/www.anika-net.de\/tr\/wp-json\/wp\/v2\/event\/16785","targetHints":{"allow":["GET"]}}],"collection":[{"href":"https:\/\/www.anika-net.de\/tr\/wp-json\/wp\/v2\/event"}],"about":[{"href":"https:\/\/www.anika-net.de\/tr\/wp-json\/wp\/v2\/types\/event"}],"author":[{"embeddable":true,"href":"https:\/\/www.anika-net.de\/tr\/wp-json\/wp\/v2\/users\/12"}],"version-history":[{"count":1,"href":"https:\/\/www.anika-net.de\/tr\/wp-json\/wp\/v2\/event\/16785\/revisions"}],"predecessor-version":[{"id":52695,"href":"https:\/\/www.anika-net.de\/tr\/wp-json\/wp\/v2\/event\/16785\/revisions\/52695"}],"acf:post":[{"embeddable":true,"href":"https:\/\/www.anika-net.de\/tr\/wp-json\/wp\/v2\/organiser\/16388"}],"acf:term":[{"embeddable":true,"taxonomy":"event_category","href":"https:\/\/www.anika-net.de\/tr\/wp-json\/wp\/v2\/event_category\/95"}],"wp:featuredmedia":[{"embeddable":true,"href":"https:\/\/www.anika-net.de\/tr\/wp-json\/wp\/v2\/media\/34989"}],"wp:attachment":[{"href":"https:\/\/www.anika-net.de\/tr\/wp-json\/wp\/v2\/media?parent=16785"}],"curies":[{"name":"wp","href":"https:\/\/api.w.org\/{rel}","templated":true}]}}