{"id":16764,"date":"2019-02-07T10:19:22","date_gmt":"2019-02-07T09:19:22","guid":{"rendered":"https:\/\/www.anika-net.de\/event\/migration-advisory-board-of-the-city-of-karlsruhe\/"},"modified":"2025-06-11T12:42:41","modified_gmt":"2025-06-11T10:42:41","slug":"karlsruhe-entegrasyon-komitesi","status":"publish","type":"event","link":"https:\/\/www.anika-net.de\/tr\/event\/karlsruhe-entegrasyon-komitesi\/","title":{"rendered":"Karls\u00adru\u00adhe Enteg\u00adras\u00adyon Komitesi"},"content":{"rendered":"<h2><span style=\"color: #ffcc00;\"><strong>Karls\u00adru\u00adhe \u015eeh\u00adri Enteg\u00adras\u00adyon Komitesi<\/strong><\/span><\/h2>\n<blockquote>\n<h3><em><span style=\"color: #666699;\">K\u00fcl\u00adt\u00fc\u00adrel, dini ve di\u011fer sos\u00adyal ge\u00e7\u00admi\u015f\u00adler\u00adden gelen fark\u00adl\u0131 (g\u00f6\u00e7) dene\u00adyim\u00adle\u00adri ve etki\u00adle\u00adri olan insan\u00adlar Karls\u00adru\u00adhe\u00ad\u2019\u00adyi evle\u00adri ola\u00adrak g\u00f6r\u00admek\u00adte ve \u015feh\u00adrin top\u00adlu\u00admu\u00adnu her g\u00fcn zenginle\u015ftirmektedir.<\/span><\/em><\/h3>\n<\/blockquote>\n<p data-start=\"174\" data-end=\"393\">Karls\u00adru\u00adhe \u015feh\u00adri, t\u00fcm Karls\u00adru\u00adhe sakin\u00adle\u00adri i\u00e7in f\u0131r\u00adsat e\u015fit\u00adli\u00ad\u011fi sa\u011f\u00adla\u00admak ve g\u00f6\u00e7\u00admen k\u00f6ken\u00adli insan\u00adla\u00adr\u0131n ilgi ve potan\u00adsi\u00adyel\u00adle\u00adri\u00adni \u00f6ne \u00e7\u0131kar\u00admak ama\u00adc\u0131y\u00adla <strong data-start=\"361\" data-end=\"392\">Enteg\u00adras\u00adyon Komi\u00adte\u00adsi\u00ad\u2019\u00adni (InA)<\/strong> kurmu\u015ftur.<\/p>\n<p data-start=\"395\" data-end=\"609\">Komi\u00adte, enteg\u00adras\u00adyon poli\u00adti\u00adka\u00ads\u0131 konu\u00adla\u00adr\u0131n\u00adda bele\u00addi\u00adye mec\u00adli\u00adsi\u00adne tav\u00adsi\u00adye\u00adler\u00adde bulu\u00adnur ve g\u00f6\u00e7\u00admen k\u00f6ken\u00adli olsun ya da olma\u00ads\u0131n t\u00fcm insan\u00adla\u00adr\u0131n top\u00adlu\u00adma, siya\u00adse\u00adte, k\u00fcl\u00adt\u00fc\u00adre ve eko\u00adno\u00admi\u00adye e\u015fit kat\u0131\u00adl\u0131\u00adm\u0131\u00adn\u0131 savunur.<\/p>\n<p data-start=\"611\" data-end=\"938\">Enteg\u00adras\u00adyon Komi\u00adte\u00adsi \u00fcye\u00adle\u00adri Karls\u00adru\u00adhe\u00ad\u2019\u00adnin k\u00fcl\u00adt\u00fc\u00adrel \u00e7e\u015fit\u00adli\u00adli\u00ad\u011fi\u00adne ses verir\u00adler. G\u00f6\u00e7\u00admen der\u00adnek\u00adle\u00adri, ini\u00adsi\u00adya\u00adtif\u00adle\u00adri, kuru\u00adlu\u015f\u00adla\u00adr\u0131 ve bele\u00addi\u00adye kurum\u00adla\u00adr\u0131 ara\u00ads\u0131n\u00adda a\u011flar kurar\u00adlar. Bunu yapar\u00adken, de\u011fi\u00ad\u015fi\u00admi te\u015f\u00advik eder, demok\u00adra\u00adtik kat\u0131\u00adl\u0131\u00adm\u0131 g\u00fc\u00e7\u00adlen\u00addi\u00adrir ve k\u00fcl\u00adt\u00fcr\u00adle\u00adra\u00adra\u00ads\u0131 a\u00e7\u0131k\u00adl\u0131k s\u00fcre\u00adci\u00adni aktif ola\u00adrak desteklerler.&nbsp;<\/p>\n<p data-start=\"940\" data-end=\"1086\">Enteg\u00adras\u00adyon Komi\u00adte\u00adsi top\u00adlan\u00adt\u0131\u00adla\u00adr\u0131 genel\u00adlik\u00adle hal\u00adka a\u00e7\u0131k\u00adt\u0131r ve t\u00fcm Karls\u00adru\u00adhe sakin\u00adle\u00adri izle\u00adyi\u00adci ola\u00adrak kat\u0131l\u00adma\u00adya davetlidir.<\/p>\n<p>&nbsp;<\/p>\n<hr>\n<h3 data-start=\"1093\" data-end=\"1112\"><span style=\"color: #808080;\"><strong data-start=\"1097\" data-end=\"1112\">Kom\u00adpo\u00adzis\u00adyon<\/strong><\/span><\/h3>\n<p data-start=\"1114\" data-end=\"1264\">Enteg\u00adras\u00adyon Komi\u00adte\u00adsi on uzman b\u00f6l\u00adge saki\u00adni ve on bir bele\u00addi\u00adye mec\u00adli\u00adsi \u00fcye\u00adsin\u00adden olu\u00ad\u015fur.<br data-start=\"1212\" data-end=\"1215\">Her uzman b\u00f6l\u00adge saki\u00adni\u00adnin belir\u00adlen\u00admi\u015f bir yede\u00ad\u011fi vard\u0131r.<\/p>\n<p data-start=\"1266\" data-end=\"1436\">Enteg\u00adras\u00adyon Komi\u00adte\u00adsi \u201cne uzman asis\u00adtan\u00adla\u00adr\u0131n ve yedek\u00adle\u00adri\u00adnin atan\u00adma\u00ads\u0131 her be\u015f y\u0131l\u00adda bir yap\u0131l\u00admak\u00adta\u00add\u0131r.<br data-start=\"1382\" data-end=\"1385\">En son se\u00e7im Ara\u00adl\u0131k 2024\u201d te yap\u0131lm\u0131\u015ft\u0131r.<\/p>\n<p data-start=\"1438\" data-end=\"1529\">Uzman asis\u00adtan\u00adla\u00adr\u0131n her biri, iki\u00adli grup\u00adlar halin\u00adde \u00e7al\u0131\u00ad\u015fa\u00adrak be\u015f tema\u00adtik alan\u00addan birin\u00adden sorumludur.<\/p>\n<h3><span style=\"color: #808080;\"><strong>Konu alan\u00adla\u00adr\u0131<\/strong><\/span><\/h3>\n<ol data-start=\"1560\" data-end=\"1731\">\n<li data-start=\"1560\" data-end=\"1587\">\n<p data-start=\"1563\" data-end=\"1587\"><strong><span style=\"color: #008080;\">Dil ve E\u011fitim<\/span><\/strong><\/p>\n<\/li>\n<li data-start=\"1588\" data-end=\"1623\">\n<p data-start=\"1591\" data-end=\"1623\"><strong><span style=\"color: #008080;\">Yasal ve Eko\u00adno\u00admik Entegrasyon<\/span><\/strong><\/p>\n<\/li>\n<li data-start=\"1624\" data-end=\"1660\">\n<p data-start=\"1627\" data-end=\"1660\"><strong><span style=\"color: #008080;\">K\u00fcl\u00adt\u00fcr ve Din\u00adle\u00adra\u00adra\u00ads\u0131 Diyalog<\/span><\/strong><\/p>\n<\/li>\n<li data-start=\"1661\" data-end=\"1700\">\n<p data-start=\"1664\" data-end=\"1700\"><strong><span style=\"color: #008080;\">K\u00fcl\u00adt\u00fcr\u00adle\u00adra\u00adra\u00ads\u0131 A\u00e7\u0131k\u00adl\u0131k ve Bar\u0131nma<\/span><\/strong><\/p>\n<\/li>\n<li data-start=\"1701\" data-end=\"1731\">\n<p data-start=\"1704\" data-end=\"1731\"><strong><span style=\"color: #008080;\">Sa\u011f\u00adl\u0131k, Ya\u015f\u00adl\u0131\u00adlar ve&nbsp;Spor<\/span><\/strong><\/p>\n<\/li>\n<\/ol>\n<p><span style=\"color: #808080;\">Enteg\u00adras\u00adyon Komi\u00adte\u00adsi\u00adnin tema\u00adtik alan\u00adla\u00adr\u0131, Enteg\u00adras\u00adyon Komi\u00adte\u00adsin\u00adde tan\u0131m\u00adla\u00adnan eylem alan\u00adla\u00adr\u0131\u00adna dayan\u00admak\u00adta\u00add\u0131r. <\/span><strong> <a href=\"https:\/\/www.karlsruhe.de\/bildung-soziales\/integration-chancengerechtigkeit\/integration-in-karlsruhe#c26098\" rel=\"noopener\"><span style=\"color: #808080;\"><strong data-start=\"1826\" data-end=\"1856\">Karls\u00adru\u00adhe Enteg\u00adras\u00adyon Pla\u00adn\u0131<\/strong>.<\/span><\/a><\/strong><\/p>\n<hr>\n<h4><strong><span style=\"color: #008080;\">Gelecek top\u00adlan\u00adt\u0131\u00adla\u00adr\u0131 \u015fu adres\u00adte bulabilirsiniz:<\/span><\/strong><br>\n<a href=\"https:\/\/sitzungskalender.karlsruhe.de\/db\/ratsinformation\/organisation-gr-39759\" rel=\"noopener\">Top\u00adlan\u00adt\u0131 tak\u00advi\u00admi Karls\u00adru\u00adhe Belediyesi<\/a><\/h4>\n<p>&nbsp;<\/p>\n","protected":false},"author":12,"featured_media":44020,"template":"","class_list":["post-16764","event","type-event","status-publish","has-post-thumbnail","hentry","event_category-yardim-olanaklari"],"acf":{"event-recurring":true,"event-category":95,"event-is-language-course":false,"event-recurring-still-active":true,"event-display-details":true,"event-schedules-recurring":null,"event-schedules-calendar":null,"event-is-online":false,"event-online-url":"","event-location-building":"B\u00fcro f\u00fcr Integration \/ Arbeitskreis Integrationsasusschuss","event-location-street":"Kaiserstra\u00dfe 235","event-location-zip":"76133","event-location-city":"Karlsruhe","event-location-contact-person":"","event-location-phone":"0721 133-5761","event-location-phone-2":"","event-location-mail":"ak-integrationsausschuss@sjb.karlsruhe.de","event-location-mail-2":"","event-location-website":"https:\/\/www.karlsruhe.de\/bildung-soziales\/integration-chancengerechtigkeit\/integration-in-karlsruhe","event-target-group":[{"target-group":"all"}],"event-target-group-comment":"","event-free":true,"event-organiser":[16500],"event-header-copyright-overlay":true,"event-copyright-note-description-end":false},"featured_image_urls_v2":{"full":["https:\/\/www.anika-net.de\/wp-content\/uploads\/2019\/02\/Integration.jpeg",720,720,false],"thumbnail":["https:\/\/www.anika-net.de\/wp-content\/uploads\/2019\/02\/Integration-150x150.jpeg",150,150,true],"medium":["https:\/\/www.anika-net.de\/wp-content\/uploads\/2019\/02\/Integration-300x300.jpeg",300,300,true],"medium_large":["https:\/\/www.anika-net.de\/wp-content\/uploads\/2019\/02\/Integration.jpeg",640,640,false],"large":["https:\/\/www.anika-net.de\/wp-content\/uploads\/2019\/02\/Integration.jpeg",640,640,false],"1536x1536":["https:\/\/www.anika-net.de\/wp-content\/uploads\/2019\/02\/Integration.jpeg",720,720,false],"2048x2048":["https:\/\/www.anika-net.de\/wp-content\/uploads\/2019\/02\/Integration.jpeg",720,720,false],"event-overview":["https:\/\/www.anika-net.de\/wp-content\/uploads\/2019\/02\/Integration-720x640.jpeg",720,640,true],"event-archive-thumb":["https:\/\/www.anika-net.de\/wp-content\/uploads\/2019\/02\/Integration-480x480.jpeg",480,480,true],"grid-item-thumbnail":["https:\/\/www.anika-net.de\/wp-content\/uploads\/2019\/02\/Integration-360x200.jpeg",360,200,true],"network-partner-icon":["https:\/\/www.anika-net.de\/wp-content\/uploads\/2019\/02\/Integration-100x100.jpeg",100,100,true],"organiser-icon":["https:\/\/www.anika-net.de\/wp-content\/uploads\/2019\/02\/Integration-200x200.jpeg",200,200,true],"gform-image-choice-sm":["https:\/\/www.anika-net.de\/wp-content\/uploads\/2019\/02\/Integration.jpeg",300,300,false],"gform-image-choice-md":["https:\/\/www.anika-net.de\/wp-content\/uploads\/2019\/02\/Integration.jpeg",400,400,false],"gform-image-choice-lg":["https:\/\/www.anika-net.de\/wp-content\/uploads\/2019\/02\/Integration.jpeg",600,600,false]},"post_excerpt_stackable_v2":"<p>Karls\u00adru\u00adhe \u015eeh\u00adri Enteg\u00adras\u00adyon Komi\u00adte\u00adsi K\u00fcl\u00adt\u00fc\u00adrel, dini ve di\u011fer sos\u00adyal ge\u00e7\u00admi\u015f\u00adler\u00adden gelen fark\u00adl\u0131 (g\u00f6\u00e7) dene\u00adyim\u00adle\u00adri ve etki\u00adle\u00adri olan insan\u00adlar Karls\u00adru\u00adhe\u00ad\u2019\u00adyi evle\u00adri ola\u00adrak g\u00f6r\u00admek\u00adte ve \u015feh\u00adrin top\u00adlu\u00admu\u00adnu her g\u00fcn zen\u00adgin\u00adle\u015f\u00adtir\u00admek\u00adte\u00addir. Karls\u00adru\u00adhe \u015feh\u00adri, t\u00fcm Karls\u00adru\u00adhe sakin\u00adle\u00adri i\u00e7in f\u0131r\u00adsat e\u015fit\u00adli\u00ad\u011fi sa\u011f\u00adla\u00admak ve g\u00f6\u00e7\u00admen k\u00f6ken\u00adli insan\u00adla\u00adr\u0131n ilgi ve potan\u00adsi\u00adyel\u00adle\u00adri\u00adni \u00f6ne \u00e7\u0131kar\u00admak ama\u00adc\u0131y\u00adla Enteg\u00adras\u00adyon Komi\u00adte\u00adsi\u00ad\u2019\u00adni (InA) kur\u00admu\u015f\u00adtur. Komi\u00adte, enteg\u00adras\u00adyon poli\u00adti\u00adka\u00ads\u0131 konu\u00adla\u00adr\u0131n\u00adda bele\u00addi\u00adye mec\u00adli\u00adsi\u00adne tav\u00adsi\u00adye\u00adler\u00adde bulu\u00adnur ve g\u00f6\u00e7\u00admen k\u00f6ken\u00adli olsun ya da olma\u00ads\u0131n t\u00fcm insan\u00adla\u00adr\u0131n top\u00adlu\u00adma, siya\u00adse\u00adte, k\u00fcl\u00adt\u00fc\u00adre ve eko\u00adno\u00admi\u00adye e\u015fit kat\u0131\u00adl\u0131\u00adm\u0131\u00adn\u0131 savu\u00adnur. Enteg\u00adras\u00adyon Komi\u00adte\u00adsi \u00fcye\u00adle\u00adri Karls\u00adru\u00adhe\u00ad\u2019\u00adnin k\u00fcl\u00adt\u00fc\u00adrel \u00e7e\u015fit\u00adli\u00adli\u00ad\u011fi\u00adne ses verir\u00adler. G\u00f6\u00e7\u00admen der\u00adnek\u00adle\u00adri, ini\u00adsi\u00adya\u00adtif\u00adle\u00adri, kuru\u00adlu\u015f\u00adla\u00adr\u0131 ve bele\u00addi\u00adye kurum\u00adla\u00adr\u0131 ara\u00ads\u0131n\u00adda a\u011flar kurar\u00adlar. Bunu yapar\u00adken, de\u011fi\u00ad\u015fi\u00admi te\u015f\u00advik eder, demokratik\u2026<\/p>\n","category_list_v2":"","author_info_v2":{"name":"Andrea Ramirez","url":"https:\/\/www.anika-net.de\/tr\/author\/andrea-ramirez\/"},"comments_num_v2":"0 comments","uagb_featured_image_src":{"full":["https:\/\/www.anika-net.de\/wp-content\/uploads\/2019\/02\/Integration.jpeg",720,720,false],"thumbnail":["https:\/\/www.anika-net.de\/wp-content\/uploads\/2019\/02\/Integration-150x150.jpeg",150,150,true],"medium":["https:\/\/www.anika-net.de\/wp-content\/uploads\/2019\/02\/Integration-300x300.jpeg",300,300,true],"medium_large":["https:\/\/www.anika-net.de\/wp-content\/uploads\/2019\/02\/Integration.jpeg",640,640,false],"large":["https:\/\/www.anika-net.de\/wp-content\/uploads\/2019\/02\/Integration.jpeg",640,640,false],"1536x1536":["https:\/\/www.anika-net.de\/wp-content\/uploads\/2019\/02\/Integration.jpeg",720,720,false],"2048x2048":["https:\/\/www.anika-net.de\/wp-content\/uploads\/2019\/02\/Integration.jpeg",720,720,false],"event-overview":["https:\/\/www.anika-net.de\/wp-content\/uploads\/2019\/02\/Integration-720x640.jpeg",720,640,true],"event-archive-thumb":["https:\/\/www.anika-net.de\/wp-content\/uploads\/2019\/02\/Integration-480x480.jpeg",480,480,true],"grid-item-thumbnail":["https:\/\/www.anika-net.de\/wp-content\/uploads\/2019\/02\/Integration-360x200.jpeg",360,200,true],"network-partner-icon":["https:\/\/www.anika-net.de\/wp-content\/uploads\/2019\/02\/Integration-100x100.jpeg",100,100,true],"organiser-icon":["https:\/\/www.anika-net.de\/wp-content\/uploads\/2019\/02\/Integration-200x200.jpeg",200,200,true],"gform-image-choice-sm":["https:\/\/www.anika-net.de\/wp-content\/uploads\/2019\/02\/Integration.jpeg",300,300,false],"gform-image-choice-md":["https:\/\/www.anika-net.de\/wp-content\/uploads\/2019\/02\/Integration.jpeg",400,400,false],"gform-image-choice-lg":["https:\/\/www.anika-net.de\/wp-content\/uploads\/2019\/02\/Integration.jpeg",600,600,false]},"uagb_author_info":{"display_name":"Andrea Ramirez","author_link":"https:\/\/www.anika-net.de\/tr\/author\/andrea-ramirez\/"},"uagb_comment_info":0,"uagb_excerpt":"Karls\u00adru\u00adhe \u015eeh\u00adri Enteg\u00adras\u00adyon Komitesi K\u00fcl\u00adt\u00fc\u00adrel, dini ve di\u011fer sos\u00adyal ge\u00e7\u00admi\u015f\u00adler\u00adden gelen fark\u00adl\u0131 (g\u00f6\u00e7) dene\u00adyim\u00adle\u00adri ve etki\u00adle\u00adri olan insan\u00adlar Karls\u00adru\u00adhe\u00ad\u2019\u00adyi evle\u00adri ola\u00adrak g\u00f6r\u00admek\u00adte ve \u015feh\u00adrin top\u00adlu\u00admu\u00adnu her g\u00fcn zenginle\u015ftirmektedir. Karls\u00adru\u00adhe \u015feh\u00adri,&nbsp;daha fazla okuyun","_links":{"self":[{"href":"https:\/\/www.anika-net.de\/tr\/wp-json\/wp\/v2\/event\/16764","targetHints":{"allow":["GET"]}}],"collection":[{"href":"https:\/\/www.anika-net.de\/tr\/wp-json\/wp\/v2\/event"}],"about":[{"href":"https:\/\/www.anika-net.de\/tr\/wp-json\/wp\/v2\/types\/event"}],"author":[{"embeddable":true,"href":"https:\/\/www.anika-net.de\/tr\/wp-json\/wp\/v2\/users\/12"}],"version-history":[{"count":2,"href":"https:\/\/www.anika-net.de\/tr\/wp-json\/wp\/v2\/event\/16764\/revisions"}],"predecessor-version":[{"id":62251,"href":"https:\/\/www.anika-net.de\/tr\/wp-json\/wp\/v2\/event\/16764\/revisions\/62251"}],"acf:post":[{"embeddable":true,"href":"https:\/\/www.anika-net.de\/tr\/wp-json\/wp\/v2\/organiser\/16500"}],"acf:term":[{"embeddable":true,"taxonomy":"event_category","href":"https:\/\/www.anika-net.de\/tr\/wp-json\/wp\/v2\/event_category\/95"}],"wp:featuredmedia":[{"embeddable":true,"href":"https:\/\/www.anika-net.de\/tr\/wp-json\/wp\/v2\/media\/44020"}],"wp:attachment":[{"href":"https:\/\/www.anika-net.de\/tr\/wp-json\/wp\/v2\/media?parent=16764"}],"curies":[{"name":"wp","href":"https:\/\/api.w.org\/{rel}","templated":true}]}}