{"id":16746,"date":"2019-05-20T11:09:07","date_gmt":"2019-05-20T09:09:07","guid":{"rendered":"https:\/\/www.anika-net.de\/event\/guidance-for-migrants\/"},"modified":"2024-07-29T11:34:24","modified_gmt":"2024-07-29T09:34:24","slug":"goecmenler-icin-danismanlik","status":"publish","type":"event","link":"https:\/\/www.anika-net.de\/tr\/event\/goecmenler-icin-danismanlik\/","title":{"rendered":"G\u00f6\u00e7\u00admen\u00adler i\u00e7in Tav\u00adsi\u00adye ve Destek"},"content":{"rendered":"<blockquote>\n<h1><span style=\"color: #ffcc00;\"><em>G\u00f6\u00e7\u00admen\u00adler i\u00e7in enteg\u00adras\u00adyon kur\u00adsu \u00f6nce\u00adsin\u00adde, s\u0131ra\u00ads\u0131n\u00adda ve son\u00adra\u00ads\u0131n\u00adda dan\u0131\u015f\u00adman\u00adl\u0131k ve des\u00adtek <\/em><\/span><strong><span style=\"color: #666699;\"><span style=\"color: #ffcc00;\">Rus\u00adya\u00ad\u2019\u00addan Gelen Alman\u00adlar Der\u00adne\u00ad\u011fi<\/span><\/span> <\/strong> <\/h1>\n<\/blockquote>\n<h4><strong><span style=\"color: #000000;\">MBE adres\u00adle\u00adri:<\/span><br>\n<\/strong><\/h4>\n<ul>\n<li>Alman\u00adca dili\u00adnin edinilmesi<\/li>\n<li>Enteg\u00adras\u00adyon kurs\u00adla\u00adr\u0131\u00adna veya di\u011fer dil kurs\u00adla\u00adr\u0131\u00adna yerle\u015ftirme<\/li>\n<li>Ge\u00e7im kay\u00adna\u00ad\u011f\u0131\u00adn\u0131n g\u00fcven\u00adce alt\u0131\u00adna al\u0131nmas\u0131<\/li>\n<li>Yaban\u00adc\u0131 e\u011fi\u00adtim ve mes\u00adle\u00adki yeter\u00adli\u00adlik\u00adle\u00adrin tan\u0131nmas\u0131<\/li>\n<li>Pro\u00adfes\u00adyo\u00adnel entegrasyon<\/li>\n<li>\u00c7ocuk bak\u0131m hizmetleri<\/li>\n<li>\u0130kam\u00adet duru\u00admu, vatan\u00adda\u015f\u00adl\u0131k, sa\u011f\u00adl\u0131k, sa\u011f\u00adl\u0131k sigor\u00adta\u00ads\u0131 kapsam\u0131<\/li>\n<li>Bo\u015f zaman ve sos\u00adyal kat\u0131l\u0131m<\/li>\n<li>Kari\u00adyer dan\u0131\u015f\u00adman\u00adl\u0131\u00ad\u011f\u0131, ba\u015f\u00advu\u00adru bel\u00adge\u00adle\u00adri\u00adnin haz\u0131rlanmas\u0131<\/li>\n<li>Di\u011fer enteg\u00adras\u00adyon alanlar\u0131<\/li>\n<\/ul>\n<p><strong>Hedef Grup:<\/strong> \ud83d\udccc Dan\u0131\u015fmanl\u0131k<br>\n<strong>27 ya\u015f ve \u00fcze\u00adri yeti\u015f\u00adkin\u00adler i\u00e7in<\/strong> \ud83d\udde3\ufe0f Alman\u00adca, \u0130ng\u00adil\u00adizce ve Rus\u00ad\u00e7a dil\u00adle\u00adrin\u00adde tav\u00adsi\u00adye\u00adler\u00adde bulu\u00adnu\u00adyo\u00adruz \ud83d\udcce <a href=\"https:\/\/www.anika-net.de\/wp-content\/uploads\/2024\/07\/2024-07-03_Flyer_MBE_Karlsruhe_v004.pdf\"><span style=\"color: #800080;\"><strong>El ila\u00adn\u0131  <\/strong><\/span><\/a><\/p>\n<h3>\ud83d\udcde Ayar\u00adla\u00adma <span style=\"color: #666699;\">ile ran\u00adde\u00advu\u00adlar <\/span> <\/h3>\n<h4><strong><span style=\"color: #008080;\">Dan\u0131\u015f\u00adman\u00adlar<\/span> <\/strong><\/h4>\n<p><strong>Anna Kas\u00adta\u00adli\u00adon<\/strong> \ud83d\udce7<br>\n<strong>a.kastalion@lmdr.deAnna Sche\u00adifel<\/strong> \ud83d\udce7<br>\n<strong>a.scheifel@lmdr.deTamila Sch\u00adre\u00adiber<\/strong> \ud83d\udce7<a href=\"mailto:tamila.schreiber@lmdr.de\"><a href=\"mailto:tamila.schreiber@lmdr.de\">tamila.schreiber@lmdr.de<\/a><\/a><\/p>\n","protected":false},"author":12,"featured_media":13373,"template":"","class_list":["post-16746","event","type-event","status-publish","has-post-thumbnail","hentry","event_category-yardim-olanaklari"],"acf":{"event-recurring":true,"event-category":95,"event-is-language-course":false,"event-recurring-still-active":true,"event-display-details":true,"event-schedules-recurring":[{"event-recurring-week-day":"2","event-recurring-time":"9:00 - 12:00 \/ 12:30 - 16:30","event-recurring-time-text":""},{"event-recurring-week-day":"1","event-recurring-time":"9:00 - 12:00 \/ 12:30 - 16:30","event-recurring-time-text":""},{"event-recurring-week-day":"2","event-recurring-time":"9:00 - 12:00 \/ 12:30 - 16:30","event-recurring-time-text":""},{"event-recurring-week-day":"3","event-recurring-time":"9:00 - 12:00 \/ 12:30 - 16:30","event-recurring-time-text":""}],"event-schedules-calendar":null,"event-is-online":false,"event-online-url":"","event-location-building":"Landsmannschaft der Deutschen aus Russland","event-location-street":"Scheffelstr. 54 (im Hof)","event-location-zip":"76135","event-location-city":"Karlsruhe","event-location-contact-person":"Anna Kastalion & Anna Scheifel & Tamila Schreiber","event-location-phone":"0721\/ 893 38 385 ","event-location-phone-2":"0721\/ 831 45 70","event-location-mail":"a.kastalion@lmdr.de","event-location-mail-2":"a.scheifel@lmdr.de","event-location-website":"https:\/\/alle-unter-einem-dach.com\/MIGRATIONSBERATUNG","event-target-group":[{"target-group":"adults"}],"event-target-group-comment":"27 y\u0131ldan beri","event-free":true,"event-organiser":[16338],"event-header-copyright-overlay":false,"event-copyright-note-description-end":false},"featured_image_urls_v2":{"full":["https:\/\/www.anika-net.de\/wp-content\/uploads\/2021\/12\/Karlsruhe_MBE_Rund.jpg",800,800,false],"thumbnail":["https:\/\/www.anika-net.de\/wp-content\/uploads\/2021\/12\/Karlsruhe_MBE_Rund-150x150.jpg",150,150,true],"medium":["https:\/\/www.anika-net.de\/wp-content\/uploads\/2021\/12\/Karlsruhe_MBE_Rund-300x300.jpg",300,300,true],"medium_large":["https:\/\/www.anika-net.de\/wp-content\/uploads\/2021\/12\/Karlsruhe_MBE_Rund-768x768.jpg",640,640,true],"large":["https:\/\/www.anika-net.de\/wp-content\/uploads\/2021\/12\/Karlsruhe_MBE_Rund.jpg",640,640,false],"1536x1536":["https:\/\/www.anika-net.de\/wp-content\/uploads\/2021\/12\/Karlsruhe_MBE_Rund.jpg",800,800,false],"2048x2048":["https:\/\/www.anika-net.de\/wp-content\/uploads\/2021\/12\/Karlsruhe_MBE_Rund.jpg",800,800,false],"event-overview":["https:\/\/www.anika-net.de\/wp-content\/uploads\/2021\/12\/Karlsruhe_MBE_Rund-800x640.jpg",800,640,true],"event-archive-thumb":["https:\/\/www.anika-net.de\/wp-content\/uploads\/2021\/12\/Karlsruhe_MBE_Rund-480x480.jpg",480,480,true],"grid-item-thumbnail":["https:\/\/www.anika-net.de\/wp-content\/uploads\/2021\/12\/Karlsruhe_MBE_Rund-360x200.jpg",360,200,true],"network-partner-icon":["https:\/\/www.anika-net.de\/wp-content\/uploads\/2021\/12\/Karlsruhe_MBE_Rund-100x100.jpg",100,100,true],"organiser-icon":["https:\/\/www.anika-net.de\/wp-content\/uploads\/2021\/12\/Karlsruhe_MBE_Rund-200x200.jpg",200,200,true],"gform-image-choice-sm":["https:\/\/www.anika-net.de\/wp-content\/uploads\/2021\/12\/Karlsruhe_MBE_Rund.jpg",300,300,false],"gform-image-choice-md":["https:\/\/www.anika-net.de\/wp-content\/uploads\/2021\/12\/Karlsruhe_MBE_Rund.jpg",400,400,false],"gform-image-choice-lg":["https:\/\/www.anika-net.de\/wp-content\/uploads\/2021\/12\/Karlsruhe_MBE_Rund.jpg",600,600,false]},"post_excerpt_stackable_v2":"<p>G\u00f6\u00e7\u00admen\u00adler i\u00e7in enteg\u00adras\u00adyon kur\u00adsu \u00f6nce\u00adsin\u00adde, s\u0131ra\u00ads\u0131n\u00adda ve son\u00adra\u00ads\u0131n\u00adda dan\u0131\u015f\u00adman\u00adl\u0131k ve des\u00adtek Rus\u00adya\u00ad\u2019\u00addan Gelen Alman\u00adlar Der\u00adne\u00ad\u011fi MBE adres\u00adle\u00adri: Alman\u00adca dili\u00adnin edi\u00adnil\u00adme\u00adsi Enteg\u00adras\u00adyon kurs\u00adla\u00adr\u0131\u00adna veya di\u011fer dil kurs\u00adla\u00adr\u0131\u00adna yer\u00adle\u015f\u00adtir\u00adme Ge\u00e7im kay\u00adna\u00ad\u011f\u0131\u00adn\u0131n g\u00fcven\u00adce alt\u0131\u00adna al\u0131n\u00adma\u00ads\u0131 Yaban\u00adc\u0131 e\u011fi\u00adtim ve mes\u00adle\u00adki yeter\u00adli\u00adlik\u00adle\u00adrin tan\u0131n\u00adma\u00ads\u0131 Pro\u00adfes\u00adyo\u00adnel enteg\u00adras\u00adyon \u00c7ocuk bak\u0131m hiz\u00admet\u00adle\u00adri \u0130kam\u00adet duru\u00admu, vatan\u00adda\u015f\u00adl\u0131k, sa\u011f\u00adl\u0131k, sa\u011f\u00adl\u0131k sigor\u00adta\u00ads\u0131 kap\u00adsa\u00adm\u0131 Bo\u015f zaman ve sos\u00adyal kat\u0131\u00adl\u0131m Kari\u00adyer dan\u0131\u015f\u00adman\u00adl\u0131\u00ad\u011f\u0131, ba\u015f\u00advu\u00adru bel\u00adge\u00adle\u00adri\u00adnin haz\u0131r\u00adlan\u00adma\u00ads\u0131 Di\u011fer enteg\u00adras\u00adyon alan\u00adla\u00adr\u0131 Hedef Grup: \ud83d\udccc Dan\u0131\u015f\u00adman\u00adl\u0131k 27 ya\u015f ve \u00fcze\u00adri yeti\u015f\u00adkin\u00adler i\u00e7in \ud83d\udde3\ufe0f Alman\u00adca, \u0130ng\u00adil\u00adizce ve Rus\u00ad\u00e7a dil\u00adle\u00adrin\u00adde tav\u00adsi\u00adye\u00adler\u00adde bulu\u00adnu\u00adyo\u00adruz \ud83d\udcce El ila\u00adn\u0131 \ud83d\udcde Ayar\u00adla\u00adma ile ran\u00adde\u00advu\u00adlar Dan\u0131\u015f\u00adman\u00adlar Anna Kas\u00adta\u00adli\u00adon \ud83d\udce7 a.kastalion@lmdr.deAnna Sche\u00adifel \ud83d\udce7 a.scheifel@lmdr.deTamila Sch\u00adre\u00adiber \ud83d\udce7tamila.schreiber@lmdr.de<\/p>\n","category_list_v2":"","author_info_v2":{"name":"Andrea Ramirez","url":"https:\/\/www.anika-net.de\/tr\/author\/andrea-ramirez\/"},"comments_num_v2":"0 comments","uagb_featured_image_src":{"full":["https:\/\/www.anika-net.de\/wp-content\/uploads\/2021\/12\/Karlsruhe_MBE_Rund.jpg",800,800,false],"thumbnail":["https:\/\/www.anika-net.de\/wp-content\/uploads\/2021\/12\/Karlsruhe_MBE_Rund-150x150.jpg",150,150,true],"medium":["https:\/\/www.anika-net.de\/wp-content\/uploads\/2021\/12\/Karlsruhe_MBE_Rund-300x300.jpg",300,300,true],"medium_large":["https:\/\/www.anika-net.de\/wp-content\/uploads\/2021\/12\/Karlsruhe_MBE_Rund-768x768.jpg",640,640,true],"large":["https:\/\/www.anika-net.de\/wp-content\/uploads\/2021\/12\/Karlsruhe_MBE_Rund.jpg",640,640,false],"1536x1536":["https:\/\/www.anika-net.de\/wp-content\/uploads\/2021\/12\/Karlsruhe_MBE_Rund.jpg",800,800,false],"2048x2048":["https:\/\/www.anika-net.de\/wp-content\/uploads\/2021\/12\/Karlsruhe_MBE_Rund.jpg",800,800,false],"event-overview":["https:\/\/www.anika-net.de\/wp-content\/uploads\/2021\/12\/Karlsruhe_MBE_Rund-800x640.jpg",800,640,true],"event-archive-thumb":["https:\/\/www.anika-net.de\/wp-content\/uploads\/2021\/12\/Karlsruhe_MBE_Rund-480x480.jpg",480,480,true],"grid-item-thumbnail":["https:\/\/www.anika-net.de\/wp-content\/uploads\/2021\/12\/Karlsruhe_MBE_Rund-360x200.jpg",360,200,true],"network-partner-icon":["https:\/\/www.anika-net.de\/wp-content\/uploads\/2021\/12\/Karlsruhe_MBE_Rund-100x100.jpg",100,100,true],"organiser-icon":["https:\/\/www.anika-net.de\/wp-content\/uploads\/2021\/12\/Karlsruhe_MBE_Rund-200x200.jpg",200,200,true],"gform-image-choice-sm":["https:\/\/www.anika-net.de\/wp-content\/uploads\/2021\/12\/Karlsruhe_MBE_Rund.jpg",300,300,false],"gform-image-choice-md":["https:\/\/www.anika-net.de\/wp-content\/uploads\/2021\/12\/Karlsruhe_MBE_Rund.jpg",400,400,false],"gform-image-choice-lg":["https:\/\/www.anika-net.de\/wp-content\/uploads\/2021\/12\/Karlsruhe_MBE_Rund.jpg",600,600,false]},"uagb_author_info":{"display_name":"Andrea Ramirez","author_link":"https:\/\/www.anika-net.de\/tr\/author\/andrea-ramirez\/"},"uagb_comment_info":0,"uagb_excerpt":"G\u00f6\u00e7\u00admen\u00adler i\u00e7in enteg\u00adras\u00adyon kur\u00adsu \u00f6nce\u00adsin\u00adde, s\u0131ra\u00ads\u0131n\u00adda ve son\u00adra\u00ads\u0131n\u00adda dan\u0131\u015f\u00adman\u00adl\u0131k ve des\u00adtek Rus\u00adya\u00ad\u2019\u00addan Gelen Alman\u00adlar Der\u00adne\u00ad\u011fi MBE adres\u00adle\u00adri: Alman\u00adca dili\u00adnin edinilmesi Enteg\u00adras\u00adyon kurs\u00adla\u00adr\u0131\u00adna veya di\u011fer dil kurs\u00adla\u00adr\u0131\u00adna yerle\u015ftirme Ge\u00e7im kay\u00adna\u00ad\u011f\u0131\u00adn\u0131n g\u00fcven\u00adce&nbsp;daha fazla okuyun","_links":{"self":[{"href":"https:\/\/www.anika-net.de\/tr\/wp-json\/wp\/v2\/event\/16746","targetHints":{"allow":["GET"]}}],"collection":[{"href":"https:\/\/www.anika-net.de\/tr\/wp-json\/wp\/v2\/event"}],"about":[{"href":"https:\/\/www.anika-net.de\/tr\/wp-json\/wp\/v2\/types\/event"}],"author":[{"embeddable":true,"href":"https:\/\/www.anika-net.de\/tr\/wp-json\/wp\/v2\/users\/12"}],"version-history":[{"count":1,"href":"https:\/\/www.anika-net.de\/tr\/wp-json\/wp\/v2\/event\/16746\/revisions"}],"predecessor-version":[{"id":52339,"href":"https:\/\/www.anika-net.de\/tr\/wp-json\/wp\/v2\/event\/16746\/revisions\/52339"}],"acf:post":[{"embeddable":true,"href":"https:\/\/www.anika-net.de\/tr\/wp-json\/wp\/v2\/organiser\/16338"}],"acf:term":[{"embeddable":true,"taxonomy":"event_category","href":"https:\/\/www.anika-net.de\/tr\/wp-json\/wp\/v2\/event_category\/95"}],"wp:featuredmedia":[{"embeddable":true,"href":"https:\/\/www.anika-net.de\/tr\/wp-json\/wp\/v2\/media\/13373"}],"wp:attachment":[{"href":"https:\/\/www.anika-net.de\/tr\/wp-json\/wp\/v2\/media?parent=16746"}],"curies":[{"name":"wp","href":"https:\/\/api.w.org\/{rel}","templated":true}]}}