{"id":16724,"date":"2019-02-07T10:11:41","date_gmt":"2019-02-07T09:11:41","guid":{"rendered":"https:\/\/www.anika-net.de\/event\/searches-for-training-apprenticeship-consultation\/"},"modified":"2025-02-03T12:15:04","modified_gmt":"2025-02-03T11:15:04","slug":"meslek-egitimi-arama-egitim-yeri-danismanligi","status":"publish","type":"event","link":"https:\/\/www.anika-net.de\/tr\/event\/meslek-egitimi-arama-egitim-yeri-danismanligi\/","title":{"rendered":"E\u011fi\u00adtim \u2014 \u00c7\u0131rak\u00adl\u0131k dan\u0131\u015f\u00adman\u00adl\u0131\u00ad\u011f\u0131 i\u00e7in aramalar"},"content":{"rendered":"<h4><span style=\"color: #666699;\"><strong>IHK Karls\u00adru\u00adhe  <\/strong><\/span><\/h4>\n<h1><span style=\"color: #ff6600;\">E\u011fi\u00adtim \u2014 \u00c7\u0131rak\u00adl\u0131k dan\u0131\u015f\u00adman\u00adl\u0131\u00ad\u011f\u0131 i\u00e7in aramalar<\/span><\/h1>\n<p>IHK Karls\u00adru\u00adhe\u00ad\u2019\u00adnin eki\u00adbi, \u00e7\u0131rak\u00adl\u0131k e\u011fi\u00adti\u00admi ara\u00ady\u0131\u00ad\u015f\u0131\u00adn\u0131z\u00adla ilgi\u00adli t\u00fcm soru\u00adla\u00adr\u0131\u00adn\u0131z\u00adda size tav\u00adsi\u00adye\u00adler\u00adde bulu\u00adnur. Karls\u00adru\u00adhe ve Baden-Bade\u00adn\u00ad\u2019\u00adde\u00adki IHK \u00e7\u0131rak\u00adl\u0131k dan\u0131\u015f\u00adman\u00adla\u00adr\u0131 sizi a\u00e7\u0131k \u00e7\u0131rak\u00adl\u0131k pozis\u00adyon\u00adla\u00adr\u0131 hak\u00adk\u0131n\u00adda bil\u00adgi\u00adlen\u00addi\u00adrecek ve size ki\u015fi\u00adsel\u00adle\u015f\u00adti\u00adril\u00admi\u015f bir tav\u00adsi\u00adye vere\u00adcek\u00adtir. Ki\u015fi\u00adsel g\u00f6r\u00fc\u015f\u00adme\u00adler\u00adde, IHK uzman\u00adla\u00adr\u0131 bil\u00adgi biri\u00adki\u00admi\u00adni\u00adzi, g\u00fc\u00e7\u00adl\u00fc y\u00f6n\u00adle\u00adri\u00adni\u00adzi ve ba\u015f\u00advu\u00adru bel\u00adge\u00adle\u00adri\u00adni\u00adzi ince\u00adler, mes\u00adlek se\u00e7i\u00admi\u00adniz konu\u00adsun\u00adda size tav\u00adsi\u00adye\u00adler\u00adde bulu\u00adnur ve uygun \u00e7\u0131rak\u00adl\u0131k, EQ yer\u00adle\u00adri ve staj\u00adlar ayarlar.<\/p>\n<h3><span style=\"color: #008080;\">Dan\u0131\u015f\u00adman\u00adl\u0131k hizmetlerimiz<\/span><\/h3>\n<ul>\n<li>Sana\u00adyi, tica\u00adret, IT, otel ve cate\u00adring, tek\u00adno\u00adlo\u00adji, top\u00adlum, do\u011fa bilim\u00adle\u00adri ve di\u011fer pro\u00adfes\u00adyo\u00adnel alan\u00adlar\u00adda e\u011fi\u00adtim ve kari\u00adyer f\u0131r\u00adsat\u00adla\u00adr\u0131 hak\u00adk\u0131n\u00adda tavsiyeler<\/li>\n<li>Kari\u00adyer reh\u00adber\u00adli\u00ad\u011fi ve kari\u00adyer se\u00e7im\u00adle\u00adri konu\u00adsun\u00adda destek<\/li>\n<li>\u00c7\u0131rak\u00adl\u0131k ve staj\u00adyer\u00adlik ara\u00ady\u0131\u00ad\u015f\u0131n\u00adda destek<\/li>\n<li>Ba\u015f\u00advu\u00adru ipu\u00e7\u00adla\u00adr\u0131 ve ba\u015f\u00advu\u00adru port\u00adf\u00f6\u00ady\u00fc kontrol\u00fc<\/li>\n<li>\u00c7\u0131rak\u00adl\u0131k ve staj\u00adyer\u00adlik ara\u00ady\u0131\u00ad\u015f\u0131n\u00adda destek<\/li>\n<li>\u0130kili e\u011fi\u00adtim ve kari\u00adyer f\u0131r\u00adsat\u00adla\u00adr\u0131\u00adn\u0131z hak\u00adk\u0131n\u00adda tavsiyeler<\/li>\n<li>\u00dcni\u00adver\u00adsi\u00adte\u00adyi b\u0131ra\u00adkan\u00adlar i\u00e7in tavsiyeler<\/li>\n<\/ul>\n<p><strong><span style=\"color: #008080;\">Bir dan\u0131\u015f\u00adma ran\u00adde\u00advu\u00adsu ayarlay\u0131n<\/span><\/strong><br>\nRan\u00adde\u00advu almak i\u00e7in <a href=\"https:\/\/www.ihk.de\/karlsruhe\/fachthemen\/uebersicht-ausbildung\/berufsorientierung\/jugendliche\/lehrstellenberatung-2449534\" rel=\"noopener\">\u00e7ev\u00adri\u00admi\u00ad\u00e7i ara\u00adc\u0131<\/a> kul\u00adla\u00adna\u00adbi\u00adlir, onla\u00adra bir e\u2011posta g\u00f6n\u00adde\u00adre\u00adbi\u00adlir veya onla\u00adr\u0131 arayabilirsiniz.<\/p>\n","protected":false},"author":12,"featured_media":9027,"template":"","class_list":["post-16724","event","type-event","status-publish","has-post-thumbnail","hentry","event_category-egitim"],"acf":{"event-recurring":true,"event-category":94,"event-is-language-course":false,"event-recurring-still-active":true,"event-display-details":true,"event-schedules-recurring":null,"event-schedules-calendar":null,"event-is-online":false,"event-online-url":"","event-location-building":"IHK Karlsruhe","event-location-street":"Lammstra\u00dfe 13-17","event-location-zip":"76133","event-location-city":"Karlsruhe","event-location-contact-person":"Frau Laura Ernst","event-location-phone":"0721 174-447","event-location-phone-2":"0721 174-0","event-location-mail":"lehrstellenberatung@karlsruhe.ihk.de","event-location-mail-2":"info@karlsruhe.ihk.de","event-location-website":"https:\/\/www.ihk.de\/karlsruhe\/fachthemen\/ausbildung\/berufsorientierung\/jugendliche\/lehrstellenberatung-2449534","event-target-group":[{"target-group":""}],"event-target-group-comment":"G\u00f6\u00e7menler i\u00e7in","event-free":true,"event-organiser":[16216],"event-header-copyright-overlay":false,"event-copyright-note-description-end":false},"featured_image_urls_v2":{"full":["https:\/\/www.anika-net.de\/wp-content\/uploads\/2021\/10\/logo.png",1418,709,false],"thumbnail":["https:\/\/www.anika-net.de\/wp-content\/uploads\/2021\/10\/logo-150x150.png",150,150,true],"medium":["https:\/\/www.anika-net.de\/wp-content\/uploads\/2021\/10\/logo-300x150.png",300,150,true],"medium_large":["https:\/\/www.anika-net.de\/wp-content\/uploads\/2021\/10\/logo-768x384.png",640,320,true],"large":["https:\/\/www.anika-net.de\/wp-content\/uploads\/2021\/10\/logo-1024x512.png",640,320,true],"1536x1536":["https:\/\/www.anika-net.de\/wp-content\/uploads\/2021\/10\/logo.png",1418,709,false],"2048x2048":["https:\/\/www.anika-net.de\/wp-content\/uploads\/2021\/10\/logo.png",1418,709,false],"event-overview":["https:\/\/www.anika-net.de\/wp-content\/uploads\/2021\/10\/logo-960x640.png",960,640,true],"event-archive-thumb":["https:\/\/www.anika-net.de\/wp-content\/uploads\/2021\/10\/logo-480x240.png",480,240,true],"grid-item-thumbnail":["https:\/\/www.anika-net.de\/wp-content\/uploads\/2021\/10\/logo-360x200.png",360,200,true],"network-partner-icon":["https:\/\/www.anika-net.de\/wp-content\/uploads\/2021\/10\/logo-100x100.png",100,100,true],"organiser-icon":["https:\/\/www.anika-net.de\/wp-content\/uploads\/2021\/10\/logo-200x200.png",200,200,true],"gform-image-choice-sm":["https:\/\/www.anika-net.de\/wp-content\/uploads\/2021\/10\/logo.png",300,150,false],"gform-image-choice-md":["https:\/\/www.anika-net.de\/wp-content\/uploads\/2021\/10\/logo.png",400,200,false],"gform-image-choice-lg":["https:\/\/www.anika-net.de\/wp-content\/uploads\/2021\/10\/logo.png",600,300,false]},"post_excerpt_stackable_v2":"<p>IHK Karls\u00adru\u00adhe E\u011fi\u00adtim \u2014 \u00c7\u0131rak\u00adl\u0131k dan\u0131\u015f\u00adman\u00adl\u0131\u00ad\u011f\u0131 i\u00e7in ara\u00adma\u00adlar IHK Karls\u00adru\u00adhe\u00ad\u2019\u00adnin eki\u00adbi, \u00e7\u0131rak\u00adl\u0131k e\u011fi\u00adti\u00admi ara\u00ady\u0131\u00ad\u015f\u0131\u00adn\u0131z\u00adla ilgi\u00adli t\u00fcm soru\u00adla\u00adr\u0131\u00adn\u0131z\u00adda size tav\u00adsi\u00adye\u00adler\u00adde bulu\u00adnur. Karls\u00adru\u00adhe ve Baden-Bade\u00adn\u00ad\u2019\u00adde\u00adki IHK \u00e7\u0131rak\u00adl\u0131k dan\u0131\u015f\u00adman\u00adla\u00adr\u0131 sizi a\u00e7\u0131k \u00e7\u0131rak\u00adl\u0131k pozis\u00adyon\u00adla\u00adr\u0131 hak\u00adk\u0131n\u00adda bil\u00adgi\u00adlen\u00addi\u00adrecek ve size ki\u015fi\u00adsel\u00adle\u015f\u00adti\u00adril\u00admi\u015f bir tav\u00adsi\u00adye vere\u00adcek\u00adtir. Ki\u015fi\u00adsel g\u00f6r\u00fc\u015f\u00adme\u00adler\u00adde, IHK uzman\u00adla\u00adr\u0131 bil\u00adgi biri\u00adki\u00admi\u00adni\u00adzi, g\u00fc\u00e7\u00adl\u00fc y\u00f6n\u00adle\u00adri\u00adni\u00adzi ve ba\u015f\u00advu\u00adru bel\u00adge\u00adle\u00adri\u00adni\u00adzi ince\u00adler, mes\u00adlek se\u00e7i\u00admi\u00adniz konu\u00adsun\u00adda size tav\u00adsi\u00adye\u00adler\u00adde bulu\u00adnur ve uygun \u00e7\u0131rak\u00adl\u0131k, EQ yer\u00adle\u00adri ve staj\u00adlar ayar\u00adlar. Dan\u0131\u015f\u00adman\u00adl\u0131k hiz\u00admet\u00adle\u00adri\u00admiz Sana\u00adyi, tica\u00adret, IT, otel ve cate\u00adring, tek\u00adno\u00adlo\u00adji, top\u00adlum, do\u011fa bilim\u00adle\u00adri ve di\u011fer pro\u00adfes\u00adyo\u00adnel alan\u00adlar\u00adda e\u011fi\u00adtim ve kari\u00adyer f\u0131r\u00adsat\u00adla\u00adr\u0131 hak\u00adk\u0131n\u00adda tav\u00adsi\u00adye\u00adler Kari\u00adyer reh\u00adber\u00adli\u00ad\u011fi ve kari\u00adyer se\u00e7im\u00adle\u00adri konu\u00adsun\u00adda des\u00adtek \u00c7\u0131rak\u00adl\u0131k ve staj\u00adyer\u00adlik ara\u00ady\u0131\u00ad\u015f\u0131n\u00adda des\u00adtek Ba\u015f\u00advu\u00adru ipu\u00e7lar\u0131\u2026<\/p>\n","category_list_v2":"","author_info_v2":{"name":"Andrea Ramirez","url":"https:\/\/www.anika-net.de\/tr\/author\/andrea-ramirez\/"},"comments_num_v2":"0 comments","uagb_featured_image_src":{"full":["https:\/\/www.anika-net.de\/wp-content\/uploads\/2021\/10\/logo.png",1418,709,false],"thumbnail":["https:\/\/www.anika-net.de\/wp-content\/uploads\/2021\/10\/logo-150x150.png",150,150,true],"medium":["https:\/\/www.anika-net.de\/wp-content\/uploads\/2021\/10\/logo-300x150.png",300,150,true],"medium_large":["https:\/\/www.anika-net.de\/wp-content\/uploads\/2021\/10\/logo-768x384.png",640,320,true],"large":["https:\/\/www.anika-net.de\/wp-content\/uploads\/2021\/10\/logo-1024x512.png",640,320,true],"1536x1536":["https:\/\/www.anika-net.de\/wp-content\/uploads\/2021\/10\/logo.png",1418,709,false],"2048x2048":["https:\/\/www.anika-net.de\/wp-content\/uploads\/2021\/10\/logo.png",1418,709,false],"event-overview":["https:\/\/www.anika-net.de\/wp-content\/uploads\/2021\/10\/logo-960x640.png",960,640,true],"event-archive-thumb":["https:\/\/www.anika-net.de\/wp-content\/uploads\/2021\/10\/logo-480x240.png",480,240,true],"grid-item-thumbnail":["https:\/\/www.anika-net.de\/wp-content\/uploads\/2021\/10\/logo-360x200.png",360,200,true],"network-partner-icon":["https:\/\/www.anika-net.de\/wp-content\/uploads\/2021\/10\/logo-100x100.png",100,100,true],"organiser-icon":["https:\/\/www.anika-net.de\/wp-content\/uploads\/2021\/10\/logo-200x200.png",200,200,true],"gform-image-choice-sm":["https:\/\/www.anika-net.de\/wp-content\/uploads\/2021\/10\/logo.png",300,150,false],"gform-image-choice-md":["https:\/\/www.anika-net.de\/wp-content\/uploads\/2021\/10\/logo.png",400,200,false],"gform-image-choice-lg":["https:\/\/www.anika-net.de\/wp-content\/uploads\/2021\/10\/logo.png",600,300,false]},"uagb_author_info":{"display_name":"Andrea Ramirez","author_link":"https:\/\/www.anika-net.de\/tr\/author\/andrea-ramirez\/"},"uagb_comment_info":0,"uagb_excerpt":"IHK Karls\u00adru\u00adhe E\u011fi\u00adtim \u2014 \u00c7\u0131rak\u00adl\u0131k dan\u0131\u015f\u00adman\u00adl\u0131\u00ad\u011f\u0131 i\u00e7in aramalar IHK Karls\u00adru\u00adhe\u00ad\u2019\u00adnin eki\u00adbi, \u00e7\u0131rak\u00adl\u0131k e\u011fi\u00adti\u00admi ara\u00ady\u0131\u00ad\u015f\u0131\u00adn\u0131z\u00adla ilgi\u00adli t\u00fcm soru\u00adla\u00adr\u0131\u00adn\u0131z\u00adda size tav\u00adsi\u00adye\u00adler\u00adde bulu\u00adnur. Karls\u00adru\u00adhe ve Baden-Bade\u00adn\u00ad\u2019\u00adde\u00adki IHK \u00e7\u0131rak\u00adl\u0131k dan\u0131\u015f\u00adman\u00adla\u00adr\u0131 sizi a\u00e7\u0131k \u00e7\u0131rak\u00adl\u0131k pozis\u00adyon\u00adla\u00adr\u0131&nbsp;daha fazla okuyun","_links":{"self":[{"href":"https:\/\/www.anika-net.de\/tr\/wp-json\/wp\/v2\/event\/16724","targetHints":{"allow":["GET"]}}],"collection":[{"href":"https:\/\/www.anika-net.de\/tr\/wp-json\/wp\/v2\/event"}],"about":[{"href":"https:\/\/www.anika-net.de\/tr\/wp-json\/wp\/v2\/types\/event"}],"author":[{"embeddable":true,"href":"https:\/\/www.anika-net.de\/tr\/wp-json\/wp\/v2\/users\/12"}],"version-history":[{"count":1,"href":"https:\/\/www.anika-net.de\/tr\/wp-json\/wp\/v2\/event\/16724\/revisions"}],"predecessor-version":[{"id":57969,"href":"https:\/\/www.anika-net.de\/tr\/wp-json\/wp\/v2\/event\/16724\/revisions\/57969"}],"acf:post":[{"embeddable":true,"href":"https:\/\/www.anika-net.de\/tr\/wp-json\/wp\/v2\/organiser\/16216"}],"acf:term":[{"embeddable":true,"taxonomy":"event_category","href":"https:\/\/www.anika-net.de\/tr\/wp-json\/wp\/v2\/event_category\/94"}],"wp:featuredmedia":[{"embeddable":true,"href":"https:\/\/www.anika-net.de\/tr\/wp-json\/wp\/v2\/media\/9027"}],"wp:attachment":[{"href":"https:\/\/www.anika-net.de\/tr\/wp-json\/wp\/v2\/media?parent=16724"}],"curies":[{"name":"wp","href":"https:\/\/api.w.org\/{rel}","templated":true}]}}