{"id":16720,"date":"2018-11-13T15:19:56","date_gmt":"2018-11-13T14:19:56","guid":{"rendered":"https:\/\/www.anika-net.de\/event\/consulting-and-german-lessons\/"},"modified":"2024-05-15T13:21:03","modified_gmt":"2024-05-15T11:21:03","slug":"danismanlik-ve-almanca-dersleri","status":"publish","type":"event","link":"https:\/\/www.anika-net.de\/tr\/event\/danismanlik-ve-almanca-dersleri\/","title":{"rendered":"Dan\u0131\u015f\u00adman\u00adl\u0131k ve Alman\u00adca dersleri"},"content":{"rendered":"<p><span style=\"color: #008080;\"><strong>tara\u00adf\u0131n\u00addan Fre\u00adun\u00adde f\u00fcr Frem\u00adde e.V.<\/strong><\/span><\/p>\n<h2><strong>Dan\u0131\u015f\u00adman\u00adl\u0131k ve Alman\u00adca dersleri&nbsp;<\/strong><\/h2>\n<blockquote>\n<h3><span style=\"color: #ff9900;\">Yaban\u00adc\u0131\u00adlar huku\u00adku ile ilgi\u00adli konu\u00adlar\u00adda, res\u00admi makam\u00adlar\u00adla ve mah\u00adke\u00adme\u00adler\u00adle ili\u015f\u00adki\u00adle\u00adri\u00adniz\u00adde, i\u015f veya kala\u00adcak yer arar\u00adken, iki k\u00fcl\u00adt\u00fcr\u00adl\u00fc bir evli\u00adlik yapar\u00adken veya yar\u00add\u0131\u00adma ihti\u00adya\u00e7 duy\u00addu\u00ad\u011fu\u00adnuz her yer\u00adde dan\u0131\u015fmanl\u0131k.<\/span><\/h3>\n<\/blockquote>\n<p>Alman\u00adca ders\u00adle\u00adri \u00f6zel\u00adlik\u00adle enteg\u00adras\u00adyon kur\u00adsu\u00adna kat\u0131l\u00adma hak\u00adk\u0131 olma\u00adyan ya da ki\u015fi\u00adsel durum\u00adla\u00adr\u0131 nede\u00adniy\u00adle kat\u0131\u00adla\u00adma\u00adyan yaban\u00adc\u0131\u00adlar i\u00e7indir.<\/p>\n<p><span style=\"color: #008080;\"><br>\n  <strong>Halk\u00adla ili\u015fkiler<\/strong><\/span><\/p>\n<p> Birey\u00adsel yar\u00add\u0131\u00adm\u0131n yan\u0131 s\u0131ra, \u00e7al\u0131\u015f\u00adma\u00adla\u00adr\u0131\u00adm\u0131\u00adz\u0131 sos\u00adyo-poli\u00adtik bir g\u00f6rev ola\u00adrak g\u00f6r\u00fcyoruz.<br>\nBu neden\u00adle Alman\u00adlar ve yaban\u00adc\u0131\u00adlar ara\u00ads\u0131n\u00adda\u00adki temas\u00adla\u00adra ara\u00adc\u0131\u00adl\u0131k etmek ve g\u00f6\u00e7\u00admen\u00adle\u00adre ve k\u00fcl\u00adt\u00fcr\u00adle\u00adri\u00adne y\u00f6ne\u00adlik ilgi ve anla\u00ady\u0131\u00ad\u015f\u0131 te\u015f\u00advik etmek bizim i\u00e7in \u00f6nemlidir.<\/p>\n<p>&nbsp;<\/p>\n","protected":false},"author":12,"featured_media":49350,"template":"","class_list":["post-16720","event","type-event","status-publish","has-post-thumbnail","hentry","event_category-egitim"],"acf":{"event-recurring":true,"event-category":94,"event-is-language-course":false,"event-recurring-still-active":true,"event-display-details":true,"event-schedules-recurring":[{"event-recurring-week-day":"3","event-recurring-time":"10:00 Registration","event-recurring-time-text":""}],"event-schedules-calendar":null,"event-is-online":false,"event-online-url":"","event-location-building":"ibz, 1st floor right","event-location-street":"Kaiserallee 12d","event-location-zip":"76133","event-location-city":"Karlsruhe","event-location-contact-person":"Freunde f\u00fcr Fremde e.V.","event-location-phone":"0721\/ 845 341 Mondays to Fridays from 9 - 12 p.m.","event-location-phone-2":"","event-location-mail":"freunde-fuer-fremde@gmx.de","event-location-mail-2":"","event-location-website":"http:\/\/freunde-fuer-fremde.de","event-target-group":[{"target-group":"all"}],"event-target-group-comment":"Entegrasyon kursu hakk\u0131 olmayan yabanc\u0131lar i\u00e7in","event-free":true,"event-organiser":[16147],"event-header-copyright-overlay":true,"event-copyright-note-description-end":true},"featured_image_urls_v2":{"full":["https:\/\/www.anika-net.de\/wp-content\/uploads\/2018\/11\/learn-german-language-online-education-concept-scaled.jpg",2560,1474,false],"thumbnail":["https:\/\/www.anika-net.de\/wp-content\/uploads\/2018\/11\/learn-german-language-online-education-concept-150x150.jpg",150,150,true],"medium":["https:\/\/www.anika-net.de\/wp-content\/uploads\/2018\/11\/learn-german-language-online-education-concept-300x173.jpg",300,173,true],"medium_large":["https:\/\/www.anika-net.de\/wp-content\/uploads\/2018\/11\/learn-german-language-online-education-concept-768x442.jpg",640,368,true],"large":["https:\/\/www.anika-net.de\/wp-content\/uploads\/2018\/11\/learn-german-language-online-education-concept-1024x589.jpg",640,368,true],"1536x1536":["https:\/\/www.anika-net.de\/wp-content\/uploads\/2018\/11\/learn-german-language-online-education-concept-1536x884.jpg",1536,884,true],"2048x2048":["https:\/\/www.anika-net.de\/wp-content\/uploads\/2018\/11\/learn-german-language-online-education-concept-2048x1179.jpg",2048,1179,true],"event-overview":["https:\/\/www.anika-net.de\/wp-content\/uploads\/2018\/11\/learn-german-language-online-education-concept-960x640.jpg",960,640,true],"event-archive-thumb":["https:\/\/www.anika-net.de\/wp-content\/uploads\/2018\/11\/learn-german-language-online-education-concept-480x276.jpg",480,276,true],"grid-item-thumbnail":["https:\/\/www.anika-net.de\/wp-content\/uploads\/2018\/11\/learn-german-language-online-education-concept-360x200.jpg",360,200,true],"network-partner-icon":["https:\/\/www.anika-net.de\/wp-content\/uploads\/2018\/11\/learn-german-language-online-education-concept-100x100.jpg",100,100,true],"organiser-icon":["https:\/\/www.anika-net.de\/wp-content\/uploads\/2018\/11\/learn-german-language-online-education-concept-200x200.jpg",200,200,true],"gform-image-choice-sm":["https:\/\/www.anika-net.de\/wp-content\/uploads\/2018\/11\/learn-german-language-online-education-concept-scaled.jpg",300,173,false],"gform-image-choice-md":["https:\/\/www.anika-net.de\/wp-content\/uploads\/2018\/11\/learn-german-language-online-education-concept-scaled.jpg",400,230,false],"gform-image-choice-lg":["https:\/\/www.anika-net.de\/wp-content\/uploads\/2018\/11\/learn-german-language-online-education-concept-scaled.jpg",600,345,false]},"post_excerpt_stackable_v2":"<p>tara\u00adf\u0131n\u00addan Fre\u00adun\u00adde f\u00fcr Frem\u00adde e.V. Dan\u0131\u015f\u00adman\u00adl\u0131k ve Alman\u00adca ders\u00adle\u00adri&nbsp; Yaban\u00adc\u0131\u00adlar huku\u00adku ile ilgi\u00adli konu\u00adlar\u00adda, res\u00admi makam\u00adlar\u00adla ve mah\u00adke\u00adme\u00adler\u00adle ili\u015f\u00adki\u00adle\u00adri\u00adniz\u00adde, i\u015f veya kala\u00adcak yer arar\u00adken, iki k\u00fcl\u00adt\u00fcr\u00adl\u00fc bir evli\u00adlik yapar\u00adken veya yar\u00add\u0131\u00adma ihti\u00adya\u00e7 duy\u00addu\u00ad\u011fu\u00adnuz her yer\u00adde dan\u0131\u015f\u00adman\u00adl\u0131k. Alman\u00adca ders\u00adle\u00adri \u00f6zel\u00adlik\u00adle enteg\u00adras\u00adyon kur\u00adsu\u00adna kat\u0131l\u00adma hak\u00adk\u0131 olma\u00adyan ya da ki\u015fi\u00adsel durum\u00adla\u00adr\u0131 nede\u00adniy\u00adle kat\u0131\u00adla\u00adma\u00adyan yaban\u00adc\u0131\u00adlar i\u00e7in\u00addir. Halk\u00adla ili\u015f\u00adki\u00adler Birey\u00adsel yar\u00add\u0131\u00adm\u0131n yan\u0131 s\u0131ra, \u00e7al\u0131\u015f\u00adma\u00adla\u00adr\u0131\u00adm\u0131\u00adz\u0131 sos\u00ad\u00ad\u00adyo-poli\u00ad\u00ad\u00adtik bir g\u00f6rev ola\u00adrak g\u00f6r\u00fc\u00adyo\u00adruz. Bu neden\u00adle Alman\u00adlar ve yaban\u00adc\u0131\u00adlar ara\u00ads\u0131n\u00adda\u00adki temas\u00adla\u00adra ara\u00adc\u0131\u00adl\u0131k etmek ve g\u00f6\u00e7\u00admen\u00adle\u00adre ve k\u00fcl\u00adt\u00fcr\u00adle\u00adri\u00adne y\u00f6ne\u00adlik ilgi ve anla\u00ady\u0131\u00ad\u015f\u0131 te\u015f\u00advik etmek bizim i\u00e7in \u00f6nemlidir.&nbsp;<\/p>\n","category_list_v2":"","author_info_v2":{"name":"Andrea Ramirez","url":"https:\/\/www.anika-net.de\/tr\/author\/andrea-ramirez\/"},"comments_num_v2":"0 comments","uagb_featured_image_src":{"full":["https:\/\/www.anika-net.de\/wp-content\/uploads\/2018\/11\/learn-german-language-online-education-concept-scaled.jpg",2560,1474,false],"thumbnail":["https:\/\/www.anika-net.de\/wp-content\/uploads\/2018\/11\/learn-german-language-online-education-concept-150x150.jpg",150,150,true],"medium":["https:\/\/www.anika-net.de\/wp-content\/uploads\/2018\/11\/learn-german-language-online-education-concept-300x173.jpg",300,173,true],"medium_large":["https:\/\/www.anika-net.de\/wp-content\/uploads\/2018\/11\/learn-german-language-online-education-concept-768x442.jpg",640,368,true],"large":["https:\/\/www.anika-net.de\/wp-content\/uploads\/2018\/11\/learn-german-language-online-education-concept-1024x589.jpg",640,368,true],"1536x1536":["https:\/\/www.anika-net.de\/wp-content\/uploads\/2018\/11\/learn-german-language-online-education-concept-1536x884.jpg",1536,884,true],"2048x2048":["https:\/\/www.anika-net.de\/wp-content\/uploads\/2018\/11\/learn-german-language-online-education-concept-2048x1179.jpg",2048,1179,true],"event-overview":["https:\/\/www.anika-net.de\/wp-content\/uploads\/2018\/11\/learn-german-language-online-education-concept-960x640.jpg",960,640,true],"event-archive-thumb":["https:\/\/www.anika-net.de\/wp-content\/uploads\/2018\/11\/learn-german-language-online-education-concept-480x276.jpg",480,276,true],"grid-item-thumbnail":["https:\/\/www.anika-net.de\/wp-content\/uploads\/2018\/11\/learn-german-language-online-education-concept-360x200.jpg",360,200,true],"network-partner-icon":["https:\/\/www.anika-net.de\/wp-content\/uploads\/2018\/11\/learn-german-language-online-education-concept-100x100.jpg",100,100,true],"organiser-icon":["https:\/\/www.anika-net.de\/wp-content\/uploads\/2018\/11\/learn-german-language-online-education-concept-200x200.jpg",200,200,true],"gform-image-choice-sm":["https:\/\/www.anika-net.de\/wp-content\/uploads\/2018\/11\/learn-german-language-online-education-concept-scaled.jpg",300,173,false],"gform-image-choice-md":["https:\/\/www.anika-net.de\/wp-content\/uploads\/2018\/11\/learn-german-language-online-education-concept-scaled.jpg",400,230,false],"gform-image-choice-lg":["https:\/\/www.anika-net.de\/wp-content\/uploads\/2018\/11\/learn-german-language-online-education-concept-scaled.jpg",600,345,false]},"uagb_author_info":{"display_name":"Andrea Ramirez","author_link":"https:\/\/www.anika-net.de\/tr\/author\/andrea-ramirez\/"},"uagb_comment_info":0,"uagb_excerpt":"tara\u00adf\u0131n\u00addan Fre\u00adun\u00adde f\u00fcr Frem\u00adde e.V. Dan\u0131\u015f\u00adman\u00adl\u0131k ve Alman\u00adca dersleri&nbsp; Yaban\u00adc\u0131\u00adlar huku\u00adku ile ilgi\u00adli konu\u00adlar\u00adda, res\u00admi makam\u00adlar\u00adla ve mah\u00adke\u00adme\u00adler\u00adle ili\u015f\u00adki\u00adle\u00adri\u00adniz\u00adde, i\u015f veya kala\u00adcak yer arar\u00adken, iki k\u00fcl\u00adt\u00fcr\u00adl\u00fc bir evli\u00adlik yapar\u00adken veya&nbsp;daha fazla okuyun","_links":{"self":[{"href":"https:\/\/www.anika-net.de\/tr\/wp-json\/wp\/v2\/event\/16720","targetHints":{"allow":["GET"]}}],"collection":[{"href":"https:\/\/www.anika-net.de\/tr\/wp-json\/wp\/v2\/event"}],"about":[{"href":"https:\/\/www.anika-net.de\/tr\/wp-json\/wp\/v2\/types\/event"}],"author":[{"embeddable":true,"href":"https:\/\/www.anika-net.de\/tr\/wp-json\/wp\/v2\/users\/12"}],"version-history":[{"count":0,"href":"https:\/\/www.anika-net.de\/tr\/wp-json\/wp\/v2\/event\/16720\/revisions"}],"acf:post":[{"embeddable":true,"href":"https:\/\/www.anika-net.de\/tr\/wp-json\/wp\/v2\/organiser\/16147"}],"acf:term":[{"embeddable":true,"taxonomy":"event_category","href":"https:\/\/www.anika-net.de\/tr\/wp-json\/wp\/v2\/event_category\/94"}],"wp:featuredmedia":[{"embeddable":true,"href":"https:\/\/www.anika-net.de\/tr\/wp-json\/wp\/v2\/media\/49350"}],"wp:attachment":[{"href":"https:\/\/www.anika-net.de\/tr\/wp-json\/wp\/v2\/media?parent=16720"}],"curies":[{"name":"wp","href":"https:\/\/api.w.org\/{rel}","templated":true}]}}