{"id":121885,"date":"2026-04-30T19:18:16","date_gmt":"2026-04-30T17:18:16","guid":{"rendered":"https:\/\/www.anika-net.de\/event\/ebeveynler-icin-acik-kafe-cocuk-bakimi-ile-birlikte\/"},"modified":"2026-04-30T19:19:34","modified_gmt":"2026-04-30T17:19:34","slug":"ebeveynler-icin-acik-kafe-cocuk-bakimi-ile-birlikte","status":"publish","type":"event","link":"https:\/\/www.anika-net.de\/tr\/event\/ebeveynler-icin-acik-kafe-cocuk-bakimi-ile-birlikte\/","title":{"rendered":"Ebe\u00adveyn\u00adler i\u00e7in A\u00e7\u0131k Kafe (\u00e7ocuk bak\u0131\u00adm\u0131 ile birlikte)"},"content":{"rendered":"\n<p><strong>Ebe\u00adveyn\u00adler i\u00e7in A\u00e7\u0131k Kafe<\/strong>, \u00e7ocuk\u00adlu aile\u00adle\u00adrin bir ara\u00adya gel\u00adme\u00adle\u00adri, di\u011fer ebe\u00adveyn\u00adler\u00adle tan\u0131\u015f\u00adma\u00adla\u00adr\u0131 ve g\u00fcn\u00adl\u00fck dene\u00adyim\u00adle\u00adri\u00adni pay\u00adla\u015f\u00adma\u00adla\u00adr\u0131 i\u00e7in sami\u00admi ve rahat bir alan sun\u00admak\u00adta\u00add\u0131r. S\u0131cak ve des\u00adtek\u00adle\u00adyi\u00adci bir atmos\u00adfer\u00adde, soh\u00adbet\u00adler do\u011fal ola\u00adrak kat\u0131\u00adl\u0131m\u00adc\u0131\u00adlar i\u00e7in \u015fu anda en \u00f6nem\u00adli olan konu\u00adlar etra\u00adf\u0131n\u00adda geli\u015fir.&nbsp;<\/p>\n\n<p>Yeti\u015f\u00adkin\u00adler soh\u00adbe\u00adtin ve des\u00adte\u00ad\u011fin tad\u0131\u00adn\u0131 \u00e7\u0131ka\u00adr\u0131r\u00adken, seans s\u0131ra\u00ads\u0131n\u00adda \u00e7ocuk\u00adlar\u00adla ilgi\u00adle\u00adni\u00adlir ve ebe\u00adveyn\u00adle\u00adrin mola ver\u00adme\u00adsi\u00adne, ba\u015f\u00adka\u00adla\u00adr\u0131y\u00adla ba\u011f\u00adlan\u00adt\u0131 kur\u00adma\u00ads\u0131\u00adna ve stres veya kesin\u00adti olma\u00addan \u00f6zg\u00fcr\u00adce konu\u015f\u00adma\u00ads\u0131\u00adna ola\u00adnak&nbsp;tan\u0131r.<\/p>\n\n<h4 class=\"wp-block-heading\">Ebe\u00adveyn\u00adler i\u00e7in A\u00e7\u0131k Kafe her \u00c7ar\u00ad\u015fam\u00adba Kul\u00adturk\u00fcc\u00adhe Karls\u00adru\u00adhe\u00ad\u2019\u00adde ger\u00ad\u00e7ek\u00adle\u015f\u00admek\u00adte\u00addir. Kat\u0131\u00adl\u0131m, top\u00adlan\u00adt\u0131 s\u0131ra\u00ads\u0131n\u00adda \u00e7ocuk bak\u0131\u00adm\u0131 da dahil olmak \u00fcze\u00adre \u00fccret\u00adsiz\u00addir ve kay\u0131t gerekmez.&nbsp;<\/h4>\n\n<p>Sade\u00adce gelin ve kat\u0131l\u0131n!<\/p>\n\n<p><\/p>\n","protected":false},"author":16,"featured_media":121884,"template":"","class_list":["post-121885","event","type-event","status-publish","has-post-thumbnail","hentry","event_category-bos-vakit"],"acf":{"event-recurring":false,"event-category":97,"event-is-language-course":false,"event-recurring-still-active":true,"event-display-details":true,"event-schedules-recurring":null,"event-schedules-calendar":[{"event-calendar-day":"20260506","event-calendar-time":"15:00 - 17:00","event-calendar-time-text":""},{"event-calendar-day":"20260513","event-calendar-time":"15:00 - 17:00","event-calendar-time-text":""},{"event-calendar-day":"20260520","event-calendar-time":"15:00 - 17:00","event-calendar-time-text":""},{"event-calendar-day":"20260527","event-calendar-time":"15:00 - 17:00","event-calendar-time-text":""},{"event-calendar-day":"20260603","event-calendar-time":"15:00 - 17:00","event-calendar-time-text":""},{"event-calendar-day":"20260610","event-calendar-time":"15:00 - 17:00","event-calendar-time-text":""},{"event-calendar-day":"20260617","event-calendar-time":"15:00 - 17:00","event-calendar-time-text":""},{"event-calendar-day":"20260624","event-calendar-time":"15:00 - 17:00","event-calendar-time-text":""},{"event-calendar-day":"20260701","event-calendar-time":"15:00 - 17:00","event-calendar-time-text":""},{"event-calendar-day":"20260708","event-calendar-time":"15:00 - 17:00","event-calendar-time-text":""},{"event-calendar-day":"20260715","event-calendar-time":"15:00 - 17:00","event-calendar-time-text":""},{"event-calendar-day":"20260722","event-calendar-time":"15:00 - 17:00","event-calendar-time-text":""},{"event-calendar-day":"20260729","event-calendar-time":"15:00 - 17:00","event-calendar-time-text":""}],"event-is-online":false,"event-online-url":"","event-location-building":"Kulturk\u00fcche","event-location-street":"Kaiserstra\u00dfe 47","event-location-zip":"76131","event-location-city":"Karlsruhe","event-location-contact-person":"","event-location-phone":"","event-location-phone-2":"","event-location-mail":"","event-location-mail-2":"","event-location-website":"","event-target-group":[{"target-group":"children"},{"target-group":"parents"}],"event-target-group-comment":"","event-free":true,"event-organiser":[16317,42765],"event-header-copyright-overlay":true,"event-copyright-note-description-end":false},"featured_image_urls_v2":{"full":["https:\/\/www.anika-net.de\/wp-content\/uploads\/2026\/04\/elterncafe-mutter-1536x1213-1.webp",1536,1213,false],"thumbnail":["https:\/\/www.anika-net.de\/wp-content\/uploads\/2026\/04\/elterncafe-mutter-1536x1213-1-150x150.webp",150,150,true],"medium":["https:\/\/www.anika-net.de\/wp-content\/uploads\/2026\/04\/elterncafe-mutter-1536x1213-1-300x237.webp",300,237,true],"medium_large":["https:\/\/www.anika-net.de\/wp-content\/uploads\/2026\/04\/elterncafe-mutter-1536x1213-1-768x607.webp",640,506,true],"large":["https:\/\/www.anika-net.de\/wp-content\/uploads\/2026\/04\/elterncafe-mutter-1536x1213-1-1024x809.webp",640,506,true],"1536x1536":["https:\/\/www.anika-net.de\/wp-content\/uploads\/2026\/04\/elterncafe-mutter-1536x1213-1.webp",1536,1213,false],"2048x2048":["https:\/\/www.anika-net.de\/wp-content\/uploads\/2026\/04\/elterncafe-mutter-1536x1213-1.webp",1536,1213,false],"event-overview":["https:\/\/www.anika-net.de\/wp-content\/uploads\/2026\/04\/elterncafe-mutter-1536x1213-1-960x640.webp",960,640,true],"event-archive-thumb":["https:\/\/www.anika-net.de\/wp-content\/uploads\/2026\/04\/elterncafe-mutter-1536x1213-1-480x379.webp",480,379,true],"grid-item-thumbnail":["https:\/\/www.anika-net.de\/wp-content\/uploads\/2026\/04\/elterncafe-mutter-1536x1213-1-360x200.webp",360,200,true],"network-partner-icon":["https:\/\/www.anika-net.de\/wp-content\/uploads\/2026\/04\/elterncafe-mutter-1536x1213-1-100x100.webp",100,100,true],"organiser-icon":["https:\/\/www.anika-net.de\/wp-content\/uploads\/2026\/04\/elterncafe-mutter-1536x1213-1-200x200.webp",200,200,true],"gform-image-choice-sm":["https:\/\/www.anika-net.de\/wp-content\/uploads\/2026\/04\/elterncafe-mutter-1536x1213-1.webp",300,237,false],"gform-image-choice-md":["https:\/\/www.anika-net.de\/wp-content\/uploads\/2026\/04\/elterncafe-mutter-1536x1213-1.webp",400,316,false],"gform-image-choice-lg":["https:\/\/www.anika-net.de\/wp-content\/uploads\/2026\/04\/elterncafe-mutter-1536x1213-1.webp",600,474,false]},"post_excerpt_stackable_v2":"<p>Ebe\u00adveyn\u00adler i\u00e7in A\u00e7\u0131k Kafe, \u00e7ocuk\u00adlu aile\u00adle\u00adrin bir ara\u00adya gel\u00adme\u00adle\u00adri, di\u011fer ebe\u00adveyn\u00adler\u00adle tan\u0131\u015f\u00adma\u00adla\u00adr\u0131 ve g\u00fcn\u00adl\u00fck dene\u00adyim\u00adle\u00adri\u00adni pay\u00adla\u015f\u00adma\u00adla\u00adr\u0131 i\u00e7in sami\u00admi ve rahat bir alan sun\u00admak\u00adta\u00add\u0131r. S\u0131cak ve des\u00adtek\u00adle\u00adyi\u00adci bir atmos\u00adfer\u00adde, soh\u00adbet\u00adler do\u011fal ola\u00adrak kat\u0131\u00adl\u0131m\u00adc\u0131\u00adlar i\u00e7in \u015fu anda en \u00f6nem\u00adli olan konu\u00adlar etra\u00adf\u0131n\u00adda geli\u00ad\u015fir.&nbsp; Yeti\u015f\u00adkin\u00adler soh\u00adbe\u00adtin ve des\u00adte\u00ad\u011fin tad\u0131\u00adn\u0131 \u00e7\u0131ka\u00adr\u0131r\u00adken, seans s\u0131ra\u00ads\u0131n\u00adda \u00e7ocuk\u00adlar\u00adla ilgi\u00adle\u00adni\u00adlir ve ebe\u00adveyn\u00adle\u00adrin mola ver\u00adme\u00adsi\u00adne, ba\u015f\u00adka\u00adla\u00adr\u0131y\u00adla ba\u011f\u00adlan\u00adt\u0131 kur\u00adma\u00ads\u0131\u00adna ve stres veya kesin\u00adti olma\u00addan \u00f6zg\u00fcr\u00adce konu\u015f\u00adma\u00ads\u0131\u00adna ola\u00adnak&nbsp;tan\u0131r. Ebe\u00adveyn\u00adler i\u00e7in A\u00e7\u0131k Kafe her \u00c7ar\u00ad\u015fam\u00adba Kul\u00adturk\u00fcc\u00adhe Karls\u00adru\u00adhe\u00ad\u2019\u00adde ger\u00ad\u00e7ek\u00adle\u015f\u00admek\u00adte\u00addir. Kat\u0131\u00adl\u0131m, top\u00adlan\u00adt\u0131 s\u0131ra\u00ads\u0131n\u00adda \u00e7ocuk bak\u0131\u00adm\u0131 da dahil olmak \u00fcze\u00adre \u00fccret\u00adsiz\u00addir ve kay\u0131t gerek\u00admez.&nbsp; Sade\u00adce gelin ve kat\u0131l\u0131n!<\/p>\n","category_list_v2":"","author_info_v2":{"name":"Valentina Patterson","url":"https:\/\/www.anika-net.de\/tr\/author\/valentinapatterson\/"},"comments_num_v2":"0 comments","uagb_featured_image_src":{"full":["https:\/\/www.anika-net.de\/wp-content\/uploads\/2026\/04\/elterncafe-mutter-1536x1213-1.webp",1536,1213,false],"thumbnail":["https:\/\/www.anika-net.de\/wp-content\/uploads\/2026\/04\/elterncafe-mutter-1536x1213-1-150x150.webp",150,150,true],"medium":["https:\/\/www.anika-net.de\/wp-content\/uploads\/2026\/04\/elterncafe-mutter-1536x1213-1-300x237.webp",300,237,true],"medium_large":["https:\/\/www.anika-net.de\/wp-content\/uploads\/2026\/04\/elterncafe-mutter-1536x1213-1-768x607.webp",640,506,true],"large":["https:\/\/www.anika-net.de\/wp-content\/uploads\/2026\/04\/elterncafe-mutter-1536x1213-1-1024x809.webp",640,506,true],"1536x1536":["https:\/\/www.anika-net.de\/wp-content\/uploads\/2026\/04\/elterncafe-mutter-1536x1213-1.webp",1536,1213,false],"2048x2048":["https:\/\/www.anika-net.de\/wp-content\/uploads\/2026\/04\/elterncafe-mutter-1536x1213-1.webp",1536,1213,false],"event-overview":["https:\/\/www.anika-net.de\/wp-content\/uploads\/2026\/04\/elterncafe-mutter-1536x1213-1-960x640.webp",960,640,true],"event-archive-thumb":["https:\/\/www.anika-net.de\/wp-content\/uploads\/2026\/04\/elterncafe-mutter-1536x1213-1-480x379.webp",480,379,true],"grid-item-thumbnail":["https:\/\/www.anika-net.de\/wp-content\/uploads\/2026\/04\/elterncafe-mutter-1536x1213-1-360x200.webp",360,200,true],"network-partner-icon":["https:\/\/www.anika-net.de\/wp-content\/uploads\/2026\/04\/elterncafe-mutter-1536x1213-1-100x100.webp",100,100,true],"organiser-icon":["https:\/\/www.anika-net.de\/wp-content\/uploads\/2026\/04\/elterncafe-mutter-1536x1213-1-200x200.webp",200,200,true],"gform-image-choice-sm":["https:\/\/www.anika-net.de\/wp-content\/uploads\/2026\/04\/elterncafe-mutter-1536x1213-1.webp",300,237,false],"gform-image-choice-md":["https:\/\/www.anika-net.de\/wp-content\/uploads\/2026\/04\/elterncafe-mutter-1536x1213-1.webp",400,316,false],"gform-image-choice-lg":["https:\/\/www.anika-net.de\/wp-content\/uploads\/2026\/04\/elterncafe-mutter-1536x1213-1.webp",600,474,false]},"uagb_author_info":{"display_name":"Valentina Patterson","author_link":"https:\/\/www.anika-net.de\/tr\/author\/valentinapatterson\/"},"uagb_comment_info":0,"uagb_excerpt":"Ebe\u00adveyn\u00adler i\u00e7in A\u00e7\u0131k Kafe, \u00e7ocuk\u00adlu aile\u00adle\u00adrin bir ara\u00adya gel\u00adme\u00adle\u00adri, di\u011fer ebe\u00adveyn\u00adler\u00adle tan\u0131\u015f\u00adma\u00adla\u00adr\u0131 ve g\u00fcn\u00adl\u00fck dene\u00adyim\u00adle\u00adri\u00adni pay\u00adla\u015f\u00adma\u00adla\u00adr\u0131 i\u00e7in sami\u00admi ve rahat bir alan sun\u00admak\u00adta\u00add\u0131r. S\u0131cak ve des\u00adtek\u00adle\u00adyi\u00adci bir atmos\u00adfer\u00adde, soh\u00adbet\u00adler do\u011fal&nbsp;daha fazla okuyun","_links":{"self":[{"href":"https:\/\/www.anika-net.de\/tr\/wp-json\/wp\/v2\/event\/121885","targetHints":{"allow":["GET"]}}],"collection":[{"href":"https:\/\/www.anika-net.de\/tr\/wp-json\/wp\/v2\/event"}],"about":[{"href":"https:\/\/www.anika-net.de\/tr\/wp-json\/wp\/v2\/types\/event"}],"author":[{"embeddable":true,"href":"https:\/\/www.anika-net.de\/tr\/wp-json\/wp\/v2\/users\/16"}],"version-history":[{"count":1,"href":"https:\/\/www.anika-net.de\/tr\/wp-json\/wp\/v2\/event\/121885\/revisions"}],"predecessor-version":[{"id":121886,"href":"https:\/\/www.anika-net.de\/tr\/wp-json\/wp\/v2\/event\/121885\/revisions\/121886"}],"acf:post":[{"embeddable":true,"href":"https:\/\/www.anika-net.de\/tr\/wp-json\/wp\/v2\/organiser\/42765"},{"embeddable":true,"href":"https:\/\/www.anika-net.de\/tr\/wp-json\/wp\/v2\/organiser\/16317"}],"acf:term":[{"embeddable":true,"taxonomy":"event_category","href":"https:\/\/www.anika-net.de\/tr\/wp-json\/wp\/v2\/event_category\/97"}],"wp:featuredmedia":[{"embeddable":true,"href":"https:\/\/www.anika-net.de\/tr\/wp-json\/wp\/v2\/media\/121884"}],"wp:attachment":[{"href":"https:\/\/www.anika-net.de\/tr\/wp-json\/wp\/v2\/media?parent=121885"}],"curies":[{"name":"wp","href":"https:\/\/api.w.org\/{rel}","templated":true}]}}