{"id":121844,"date":"2026-04-30T18:19:34","date_gmt":"2026-04-30T16:19:34","guid":{"rendered":"https:\/\/www.anika-net.de\/event\/future-worlds-kafe\/"},"modified":"2026-04-30T18:19:52","modified_gmt":"2026-04-30T16:19:52","slug":"future-worlds-kafe","status":"publish","type":"event","link":"https:\/\/www.anika-net.de\/tr\/event\/future-worlds-kafe\/","title":{"rendered":"Futu\u00adre Worlds Kafe"},"content":{"rendered":"\n<p>Fikir\u00adle\u00adrin, fikir al\u0131\u015f\u00adve\u00adri\u00ad\u015fi\u00adnin ve ola\u00ads\u0131\u00adl\u0131k\u00adla\u00adr\u0131n oldu\u00ad\u011fu bir ala\u00adna ad\u0131m at\u0131n. <strong>Futu\u00adre Worlds Caf\u00e9<\/strong> sizi gelecek hak\u00adk\u0131n\u00adda bir\u00adlik\u00adte d\u00fc\u015f\u00fcn\u00adme\u00adye, bak\u0131\u015f a\u00e7\u0131\u00adla\u00adr\u0131\u00adn\u0131 pay\u00adla\u015f\u00adma\u00adya ve hayat\u00adla\u00adr\u0131\u00adm\u0131z\u00adda ve top\u00adlu\u00admu\u00admuz\u00adda yarat\u00admak iste\u00addik\u00adle\u00adri\u00admiz hak\u00adk\u0131n\u00adda a\u00e7\u0131k konu\u015f\u00adma\u00adlar yap\u00adma\u00adya davet ediyor.&nbsp;<\/p>\n\n<p><strong>Kul\u00adturk\u00fcc\u00adhe Karls\u00adru\u00adhe\u00ad\u2019\u00adde rahat ve sami\u00admi bir atmos\u00adfer\u00adde<\/strong> ba\u015f\u00adka\u00adla\u00adr\u0131y\u00adla tan\u0131\u00ad\u015fa\u00adbi\u00adlir, d\u00fc\u015f\u00fcn\u00adce\u00adle\u00adri\u00adni\u00adzi akta\u00adra\u00adbi\u00adlir veya sade\u00adce din\u00adle\u00adyip ken\u00addi h\u0131z\u0131\u00adn\u0131z\u00adda kat\u0131\u00adla\u00adbi\u00adlir\u00adsi\u00adniz. Odak nok\u00adta\u00ads\u0131 de\u011fi\u00ad\u015fim, ilham ve bir\u00adlik\u00adte yara\u00adt\u0131m olup, hem can\u00adl\u0131 tar\u00adt\u0131\u015f\u00adma\u00adla\u00adra hem de ses\u00adsiz d\u00fc\u015f\u00fcn\u00adce\u00adle\u00adre yer vard\u0131r.&nbsp;<\/p>\n\n<p>Futu\u00adre Worlds Caf\u00e9, yeni bak\u0131\u015f a\u00e7\u0131\u00adla\u00adr\u0131\u00adn\u0131 ve anlam\u00adl\u0131 kar\u00ad\u015f\u0131\u00adla\u015f\u00adma\u00adla\u00adr\u0131 merak eden <strong>her\u00adke\u00adse a\u00e7\u0131k\u00adt\u0131r <\/strong>.  <\/p>\n\n<p>Top\u00adlan\u00adt\u0131\u00adlar d\u00fczen\u00adli ola\u00adrak ger\u00ad\u00e7ek\u00adle\u015f\u00adti\u00adril\u00admek\u00adte, a\u00e7\u0131k, \u00e7e\u015fit\u00adli ve kat\u0131\u00adl\u0131\u00adma daya\u00adl\u0131 bir alan sunmaktad\u0131r.<\/p>\n\n<p>Giri\u015f \u00fccret\u00adsiz. Kay\u0131t gerek\u00admez. Ba\u011f\u0131\u015f\u00adlar kabul edilir.<\/p>\n\n<p><\/p>\n","protected":false},"author":16,"featured_media":121840,"template":"","class_list":["post-121844","event","type-event","status-publish","has-post-thumbnail","hentry","event_category-bos-vakit"],"acf":{"event-recurring":false,"event-category":97,"event-is-language-course":false,"event-recurring-still-active":true,"event-display-details":true,"event-schedules-recurring":null,"event-schedules-calendar":[{"event-calendar-day":"20260505","event-calendar-time":"14:00 - 17:00","event-calendar-time-text":""},{"event-calendar-day":"20260512","event-calendar-time":"14:00 - 17:00","event-calendar-time-text":""},{"event-calendar-day":"20260519","event-calendar-time":"14:00 - 17:00","event-calendar-time-text":""},{"event-calendar-day":"20260526","event-calendar-time":"14:00 - 17:00","event-calendar-time-text":""},{"event-calendar-day":"20260602","event-calendar-time":"14:00 - 17:00","event-calendar-time-text":""},{"event-calendar-day":"20260609","event-calendar-time":"14:00 - 17:00","event-calendar-time-text":""},{"event-calendar-day":"20260616","event-calendar-time":"14:00 - 17:00","event-calendar-time-text":""},{"event-calendar-day":"20260623","event-calendar-time":"14:00 - 17:00","event-calendar-time-text":""},{"event-calendar-day":"20260630","event-calendar-time":"14:00 - 17:00","event-calendar-time-text":""}],"event-is-online":false,"event-online-url":"","event-location-building":"Kulturk\u00fcche","event-location-street":"Kaiserstra\u00dfe 47","event-location-zip":"76131","event-location-city":"Karlsruhe","event-location-contact-person":"","event-location-phone":"","event-location-phone-2":"","event-location-mail":"","event-location-mail-2":"","event-location-website":"","event-target-group":[{"target-group":"all"}],"event-target-group-comment":"","event-free":true,"event-organiser":[16317],"event-header-copyright-overlay":true,"event-copyright-note-description-end":false},"featured_image_urls_v2":{"full":["https:\/\/www.anika-net.de\/wp-content\/uploads\/2026\/04\/zukunftswelten-cafe-karlsruhe.webp",1260,857,false],"thumbnail":["https:\/\/www.anika-net.de\/wp-content\/uploads\/2026\/04\/zukunftswelten-cafe-karlsruhe-150x150.webp",150,150,true],"medium":["https:\/\/www.anika-net.de\/wp-content\/uploads\/2026\/04\/zukunftswelten-cafe-karlsruhe-300x204.webp",300,204,true],"medium_large":["https:\/\/www.anika-net.de\/wp-content\/uploads\/2026\/04\/zukunftswelten-cafe-karlsruhe-768x522.webp",640,435,true],"large":["https:\/\/www.anika-net.de\/wp-content\/uploads\/2026\/04\/zukunftswelten-cafe-karlsruhe-1024x696.webp",640,435,true],"1536x1536":["https:\/\/www.anika-net.de\/wp-content\/uploads\/2026\/04\/zukunftswelten-cafe-karlsruhe.webp",1260,857,false],"2048x2048":["https:\/\/www.anika-net.de\/wp-content\/uploads\/2026\/04\/zukunftswelten-cafe-karlsruhe.webp",1260,857,false],"event-overview":["https:\/\/www.anika-net.de\/wp-content\/uploads\/2026\/04\/zukunftswelten-cafe-karlsruhe-960x640.webp",960,640,true],"event-archive-thumb":["https:\/\/www.anika-net.de\/wp-content\/uploads\/2026\/04\/zukunftswelten-cafe-karlsruhe-480x326.webp",480,326,true],"grid-item-thumbnail":["https:\/\/www.anika-net.de\/wp-content\/uploads\/2026\/04\/zukunftswelten-cafe-karlsruhe-360x200.webp",360,200,true],"network-partner-icon":["https:\/\/www.anika-net.de\/wp-content\/uploads\/2026\/04\/zukunftswelten-cafe-karlsruhe-100x100.webp",100,100,true],"organiser-icon":["https:\/\/www.anika-net.de\/wp-content\/uploads\/2026\/04\/zukunftswelten-cafe-karlsruhe-200x200.webp",200,200,true],"gform-image-choice-sm":["https:\/\/www.anika-net.de\/wp-content\/uploads\/2026\/04\/zukunftswelten-cafe-karlsruhe.webp",300,204,false],"gform-image-choice-md":["https:\/\/www.anika-net.de\/wp-content\/uploads\/2026\/04\/zukunftswelten-cafe-karlsruhe.webp",400,272,false],"gform-image-choice-lg":["https:\/\/www.anika-net.de\/wp-content\/uploads\/2026\/04\/zukunftswelten-cafe-karlsruhe.webp",600,408,false]},"post_excerpt_stackable_v2":"<p>Fikir\u00adle\u00adrin, fikir al\u0131\u015f\u00adve\u00adri\u00ad\u015fi\u00adnin ve ola\u00ads\u0131\u00adl\u0131k\u00adla\u00adr\u0131n oldu\u00ad\u011fu bir ala\u00adna ad\u0131m at\u0131n. Futu\u00adre Worlds Caf\u00e9 sizi gelecek hak\u00adk\u0131n\u00adda bir\u00adlik\u00adte d\u00fc\u015f\u00fcn\u00adme\u00adye, bak\u0131\u015f a\u00e7\u0131\u00adla\u00adr\u0131\u00adn\u0131 pay\u00adla\u015f\u00adma\u00adya ve hayat\u00adla\u00adr\u0131\u00adm\u0131z\u00adda ve top\u00adlu\u00admu\u00admuz\u00adda yarat\u00admak iste\u00addik\u00adle\u00adri\u00admiz hak\u00adk\u0131n\u00adda a\u00e7\u0131k konu\u015f\u00adma\u00adlar yap\u00adma\u00adya davet edi\u00adyor.&nbsp; Kul\u00adturk\u00fcc\u00adhe Karls\u00adru\u00adhe\u00ad\u2019\u00adde rahat ve sami\u00admi bir atmos\u00adfer\u00adde ba\u015f\u00adka\u00adla\u00adr\u0131y\u00adla tan\u0131\u00ad\u015fa\u00adbi\u00adlir, d\u00fc\u015f\u00fcn\u00adce\u00adle\u00adri\u00adni\u00adzi akta\u00adra\u00adbi\u00adlir veya sade\u00adce din\u00adle\u00adyip ken\u00addi h\u0131z\u0131\u00adn\u0131z\u00adda kat\u0131\u00adla\u00adbi\u00adlir\u00adsi\u00adniz. Odak nok\u00adta\u00ads\u0131 de\u011fi\u00ad\u015fim, ilham ve bir\u00adlik\u00adte yara\u00adt\u0131m olup, hem can\u00adl\u0131 tar\u00adt\u0131\u015f\u00adma\u00adla\u00adra hem de ses\u00adsiz d\u00fc\u015f\u00fcn\u00adce\u00adle\u00adre yer var\u00add\u0131r.&nbsp; Futu\u00adre Worlds Caf\u00e9, yeni bak\u0131\u015f a\u00e7\u0131\u00adla\u00adr\u0131\u00adn\u0131 ve anlam\u00adl\u0131 kar\u00ad\u015f\u0131\u00adla\u015f\u00adma\u00adla\u00adr\u0131 merak eden her\u00adke\u00adse a\u00e7\u0131k\u00adt\u0131r . Top\u00adlan\u00adt\u0131\u00adlar d\u00fczen\u00adli ola\u00adrak ger\u00ad\u00e7ek\u00adle\u015f\u00adti\u00adril\u00admek\u00adte, a\u00e7\u0131k, \u00e7e\u015fit\u00adli ve kat\u0131\u00adl\u0131\u00adma daya\u00adl\u0131 bir alan sun\u00admak\u00adta\u00add\u0131r. Giri\u015f \u00fccret\u00adsiz. Kay\u0131t gerek\u00admez. Ba\u011f\u0131\u015f\u00adlar kabul edilir.<\/p>\n","category_list_v2":"","author_info_v2":{"name":"Valentina Patterson","url":"https:\/\/www.anika-net.de\/tr\/author\/valentinapatterson\/"},"comments_num_v2":"0 comments","uagb_featured_image_src":{"full":["https:\/\/www.anika-net.de\/wp-content\/uploads\/2026\/04\/zukunftswelten-cafe-karlsruhe.webp",1260,857,false],"thumbnail":["https:\/\/www.anika-net.de\/wp-content\/uploads\/2026\/04\/zukunftswelten-cafe-karlsruhe-150x150.webp",150,150,true],"medium":["https:\/\/www.anika-net.de\/wp-content\/uploads\/2026\/04\/zukunftswelten-cafe-karlsruhe-300x204.webp",300,204,true],"medium_large":["https:\/\/www.anika-net.de\/wp-content\/uploads\/2026\/04\/zukunftswelten-cafe-karlsruhe-768x522.webp",640,435,true],"large":["https:\/\/www.anika-net.de\/wp-content\/uploads\/2026\/04\/zukunftswelten-cafe-karlsruhe-1024x696.webp",640,435,true],"1536x1536":["https:\/\/www.anika-net.de\/wp-content\/uploads\/2026\/04\/zukunftswelten-cafe-karlsruhe.webp",1260,857,false],"2048x2048":["https:\/\/www.anika-net.de\/wp-content\/uploads\/2026\/04\/zukunftswelten-cafe-karlsruhe.webp",1260,857,false],"event-overview":["https:\/\/www.anika-net.de\/wp-content\/uploads\/2026\/04\/zukunftswelten-cafe-karlsruhe-960x640.webp",960,640,true],"event-archive-thumb":["https:\/\/www.anika-net.de\/wp-content\/uploads\/2026\/04\/zukunftswelten-cafe-karlsruhe-480x326.webp",480,326,true],"grid-item-thumbnail":["https:\/\/www.anika-net.de\/wp-content\/uploads\/2026\/04\/zukunftswelten-cafe-karlsruhe-360x200.webp",360,200,true],"network-partner-icon":["https:\/\/www.anika-net.de\/wp-content\/uploads\/2026\/04\/zukunftswelten-cafe-karlsruhe-100x100.webp",100,100,true],"organiser-icon":["https:\/\/www.anika-net.de\/wp-content\/uploads\/2026\/04\/zukunftswelten-cafe-karlsruhe-200x200.webp",200,200,true],"gform-image-choice-sm":["https:\/\/www.anika-net.de\/wp-content\/uploads\/2026\/04\/zukunftswelten-cafe-karlsruhe.webp",300,204,false],"gform-image-choice-md":["https:\/\/www.anika-net.de\/wp-content\/uploads\/2026\/04\/zukunftswelten-cafe-karlsruhe.webp",400,272,false],"gform-image-choice-lg":["https:\/\/www.anika-net.de\/wp-content\/uploads\/2026\/04\/zukunftswelten-cafe-karlsruhe.webp",600,408,false]},"uagb_author_info":{"display_name":"Valentina Patterson","author_link":"https:\/\/www.anika-net.de\/tr\/author\/valentinapatterson\/"},"uagb_comment_info":0,"uagb_excerpt":"Fikir\u00adle\u00adrin, fikir al\u0131\u015f\u00adve\u00adri\u00ad\u015fi\u00adnin ve ola\u00ads\u0131\u00adl\u0131k\u00adla\u00adr\u0131n oldu\u00ad\u011fu bir ala\u00adna ad\u0131m at\u0131n. Futu\u00adre Worlds Caf\u00e9 sizi gelecek hak\u00adk\u0131n\u00adda bir\u00adlik\u00adte d\u00fc\u015f\u00fcn\u00adme\u00adye, bak\u0131\u015f a\u00e7\u0131\u00adla\u00adr\u0131\u00adn\u0131 pay\u00adla\u015f\u00adma\u00adya ve hayat\u00adla\u00adr\u0131\u00adm\u0131z\u00adda ve top\u00adlu\u00admu\u00admuz\u00adda yarat\u00admak iste\u00addik\u00adle\u00adri\u00admiz hak\u00adk\u0131n\u00adda a\u00e7\u0131k konu\u015f\u00adma\u00adlar&nbsp;daha fazla okuyun","_links":{"self":[{"href":"https:\/\/www.anika-net.de\/tr\/wp-json\/wp\/v2\/event\/121844","targetHints":{"allow":["GET"]}}],"collection":[{"href":"https:\/\/www.anika-net.de\/tr\/wp-json\/wp\/v2\/event"}],"about":[{"href":"https:\/\/www.anika-net.de\/tr\/wp-json\/wp\/v2\/types\/event"}],"author":[{"embeddable":true,"href":"https:\/\/www.anika-net.de\/tr\/wp-json\/wp\/v2\/users\/16"}],"version-history":[{"count":1,"href":"https:\/\/www.anika-net.de\/tr\/wp-json\/wp\/v2\/event\/121844\/revisions"}],"predecessor-version":[{"id":121845,"href":"https:\/\/www.anika-net.de\/tr\/wp-json\/wp\/v2\/event\/121844\/revisions\/121845"}],"acf:post":[{"embeddable":true,"href":"https:\/\/www.anika-net.de\/tr\/wp-json\/wp\/v2\/organiser\/16317"}],"acf:term":[{"embeddable":true,"taxonomy":"event_category","href":"https:\/\/www.anika-net.de\/tr\/wp-json\/wp\/v2\/event_category\/97"}],"wp:featuredmedia":[{"embeddable":true,"href":"https:\/\/www.anika-net.de\/tr\/wp-json\/wp\/v2\/media\/121840"}],"wp:attachment":[{"href":"https:\/\/www.anika-net.de\/tr\/wp-json\/wp\/v2\/media?parent=121844"}],"curies":[{"name":"wp","href":"https:\/\/api.w.org\/{rel}","templated":true}]}}