{"id":121742,"date":"2026-04-30T00:39:50","date_gmt":"2026-04-29T22:39:50","guid":{"rendered":"https:\/\/www.anika-net.de\/event\/sanat-kursu-ucretsiz-yaratici-resim-aksami\/"},"modified":"2026-04-30T00:41:40","modified_gmt":"2026-04-29T22:41:40","slug":"sanat-kursu-ucretsiz-yaratici-resim-aksami","status":"publish","type":"event","link":"https:\/\/www.anika-net.de\/tr\/event\/sanat-kursu-ucretsiz-yaratici-resim-aksami\/","title":{"rendered":"Sanat Kur\u00adsu \u2014 \u00dccret\u00adsiz Yara\u00adt\u0131\u00adc\u0131 Resim Ak\u015fam\u0131"},"content":{"rendered":"\n<p>Rahat\u00adla\u00adya\u00adbi\u00adle\u00adce\u00ad\u011fi\u00adniz ve yara\u00adt\u0131\u00adc\u0131\u00adl\u0131\u00ad\u011f\u0131\u00adn\u0131\u00adz\u0131 ifa\u00adde ede\u00adbi\u00adle\u00adce\u00ad\u011fi\u00adniz bir sanat kur\u00adsu mu ar\u0131yorsunuz?<\/p>\n\n<p>Bu sanat kur\u00adsu\u00adna kat\u0131l\u00adma\u00adya davet\u00adli\u00adsi\u00adniz: \u201cKural\u00ads\u0131z ama ilham\u00adla resim yapmak.\u201d<\/p>\n\n<h4 class=\"wp-block-heading\">Resim yap\u00admak\u00adtan ho\u015f\u00adla\u00adn\u0131\u00adyor musu\u00adnuz? O zaman bu rahat <strong>sanat kur\u00adsu<\/strong> tam size&nbsp;g\u00f6re.&nbsp;<\/h4>\n\n<p>Bu sanat kur\u00adsun\u00adda, ister ken\u00addi ba\u015f\u0131\u00adn\u0131\u00adza ses\u00adsiz\u00adce resim yap\u00adma\u00ady\u0131 ter\u00adcih edin, ister ba\u015f\u00adka\u00adla\u00adr\u0131y\u00adla ba\u011f\u00adlan\u00adt\u0131 kur\u00admak\u00adtan ve fikir al\u0131\u015f\u00adve\u00adri\u00ad\u015fin\u00adde bulun\u00admak\u00adtan keyif al\u0131n, yara\u00adt\u0131\u00adc\u0131\u00adl\u0131\u00ad\u011f\u0131\u00adn\u0131\u00adz\u0131 ke\u015f\u00adfet\u00admek\u00adte \u00f6zg\u00fcrs\u00fcn\u00fcz.<\/p>\n\n<p>Bu a\u00e7\u0131k ve misa\u00adfir\u00adper\u00adver sanat kur\u00adsu, bas\u00adk\u0131 veya kat\u0131 kural\u00adla\u00adr\u0131n olma\u00add\u0131\u00ad\u011f\u0131, sade\u00adce ilham ve yarat\u00adma sevin\u00adci\u00adnin oldu\u00ad\u011fu bir alan yarat\u0131r.<\/p>\n\n<p><strong>Ne bek\u00adle\u00adme\u00adli\u00adyiz:<\/strong><\/p>\n\n<ul class=\"wp-block-list\">\n<li>Rahat ve a\u00e7\u0131k bir yara\u00adt\u0131\u00adc\u0131 atmosfer<\/li>\n\n\n\n<li>Kat\u0131 kural\u00adlar olma\u00addan ser\u00adbest&nbsp;resim<\/li>\n\n\n\n<li>Sanat kur\u00adsu s\u0131ra\u00ads\u0131n\u00adda Tho\u00adma\u00ads\u00ad\u2019\u00adtan des\u00adtek ve rehberlik<\/li>\n\n\n\n<li>Fark\u00adl\u0131 ge\u00e7\u00admi\u015f\u00adler\u00adden gelen insan\u00adlar\u00adla tan\u0131\u015f\u00adma&nbsp;\u015fans\u0131<\/li>\n<\/ul>\n\n<p>Bu sanat kur\u00adsu\u00adna kat\u0131\u00adl\u0131m \u00fccret\u00adsiz\u00addir ve t\u00fcket\u00adme zorun\u00adlu\u00adlu\u00ad\u011fu yok\u00adtur.<br><br><strong>Kay\u0131t:<\/strong> <a>zukunftswelten@kraft-netz.de<\/a> <\/p>\n\n<p><\/p>\n","protected":false},"author":16,"featured_media":121737,"template":"","class_list":["post-121742","event","type-event","status-publish","has-post-thumbnail","hentry","event_category-bos-vakit"],"acf":{"event-recurring":false,"event-category":97,"event-is-language-course":false,"event-recurring-still-active":true,"event-display-details":true,"event-schedules-recurring":null,"event-schedules-calendar":[{"event-calendar-day":"20260512","event-calendar-time":"18:30 - 20:30","event-calendar-time-text":""},{"event-calendar-day":"20260526","event-calendar-time":"18:30 - 20:30","event-calendar-time-text":""}],"event-is-online":false,"event-online-url":"","event-location-building":"Kulturk\u00fcche","event-location-street":"Kaiserstra\u00dfe 47","event-location-zip":"76131","event-location-city":"Karlsruhe","event-location-contact-person":"","event-location-phone":"","event-location-phone-2":"","event-location-mail":"zukunftswelten@kraft-netz.de","event-location-mail-2":"","event-location-website":"","event-target-group":[{"target-group":"all"}],"event-target-group-comment":"","event-free":true,"event-organiser":[16317],"event-header-copyright-overlay":true,"event-copyright-note-description-end":false},"featured_image_urls_v2":{"full":["https:\/\/www.anika-net.de\/wp-content\/uploads\/2026\/04\/kunstkurs-kulturkueche-karlsruhe.webp",1260,937,false],"thumbnail":["https:\/\/www.anika-net.de\/wp-content\/uploads\/2026\/04\/kunstkurs-kulturkueche-karlsruhe-150x150.webp",150,150,true],"medium":["https:\/\/www.anika-net.de\/wp-content\/uploads\/2026\/04\/kunstkurs-kulturkueche-karlsruhe-300x223.webp",300,223,true],"medium_large":["https:\/\/www.anika-net.de\/wp-content\/uploads\/2026\/04\/kunstkurs-kulturkueche-karlsruhe-768x571.webp",640,476,true],"large":["https:\/\/www.anika-net.de\/wp-content\/uploads\/2026\/04\/kunstkurs-kulturkueche-karlsruhe-1024x761.webp",640,476,true],"1536x1536":["https:\/\/www.anika-net.de\/wp-content\/uploads\/2026\/04\/kunstkurs-kulturkueche-karlsruhe.webp",1260,937,false],"2048x2048":["https:\/\/www.anika-net.de\/wp-content\/uploads\/2026\/04\/kunstkurs-kulturkueche-karlsruhe.webp",1260,937,false],"event-overview":["https:\/\/www.anika-net.de\/wp-content\/uploads\/2026\/04\/kunstkurs-kulturkueche-karlsruhe-960x640.webp",960,640,true],"event-archive-thumb":["https:\/\/www.anika-net.de\/wp-content\/uploads\/2026\/04\/kunstkurs-kulturkueche-karlsruhe-480x357.webp",480,357,true],"grid-item-thumbnail":["https:\/\/www.anika-net.de\/wp-content\/uploads\/2026\/04\/kunstkurs-kulturkueche-karlsruhe-360x200.webp",360,200,true],"network-partner-icon":["https:\/\/www.anika-net.de\/wp-content\/uploads\/2026\/04\/kunstkurs-kulturkueche-karlsruhe-100x100.webp",100,100,true],"organiser-icon":["https:\/\/www.anika-net.de\/wp-content\/uploads\/2026\/04\/kunstkurs-kulturkueche-karlsruhe-200x200.webp",200,200,true],"gform-image-choice-sm":["https:\/\/www.anika-net.de\/wp-content\/uploads\/2026\/04\/kunstkurs-kulturkueche-karlsruhe.webp",300,223,false],"gform-image-choice-md":["https:\/\/www.anika-net.de\/wp-content\/uploads\/2026\/04\/kunstkurs-kulturkueche-karlsruhe.webp",400,297,false],"gform-image-choice-lg":["https:\/\/www.anika-net.de\/wp-content\/uploads\/2026\/04\/kunstkurs-kulturkueche-karlsruhe.webp",600,446,false]},"post_excerpt_stackable_v2":"<p>Rahat\u00adla\u00adya\u00adbi\u00adle\u00adce\u00ad\u011fi\u00adniz ve yara\u00adt\u0131\u00adc\u0131\u00adl\u0131\u00ad\u011f\u0131\u00adn\u0131\u00adz\u0131 ifa\u00adde ede\u00adbi\u00adle\u00adce\u00ad\u011fi\u00adniz bir sanat kur\u00adsu mu ar\u0131\u00adyor\u00adsu\u00adnuz? Bu sanat kur\u00adsu\u00adna kat\u0131l\u00adma\u00adya davet\u00adli\u00adsi\u00adniz: \u201cKural\u00ads\u0131z ama ilham\u00adla resim yap\u00admak.\u201d Resim yap\u00admak\u00adtan ho\u015f\u00adla\u00adn\u0131\u00adyor musu\u00adnuz? O zaman bu rahat sanat kur\u00adsu tam size&nbsp;g\u00f6re.&nbsp; Bu sanat kur\u00adsun\u00adda, ister ken\u00addi ba\u015f\u0131\u00adn\u0131\u00adza ses\u00adsiz\u00adce resim yap\u00adma\u00ady\u0131 ter\u00adcih edin, ister ba\u015f\u00adka\u00adla\u00adr\u0131y\u00adla ba\u011f\u00adlan\u00adt\u0131 kur\u00admak\u00adtan ve fikir al\u0131\u015f\u00adve\u00adri\u00ad\u015fin\u00adde bulun\u00admak\u00adtan keyif al\u0131n, yara\u00adt\u0131\u00adc\u0131\u00adl\u0131\u00ad\u011f\u0131\u00adn\u0131\u00adz\u0131 ke\u015f\u00adfet\u00admek\u00adte \u00f6zg\u00fcr\u00ads\u00fc\u00adn\u00fcz. Bu a\u00e7\u0131k ve misa\u00adfir\u00adper\u00adver sanat kur\u00adsu, bas\u00adk\u0131 veya kat\u0131 kural\u00adla\u00adr\u0131n olma\u00add\u0131\u00ad\u011f\u0131, sade\u00adce ilham ve yarat\u00adma sevin\u00adci\u00adnin oldu\u00ad\u011fu bir alan yara\u00adt\u0131r. Ne bek\u00adle\u00adme\u00adli\u00adyiz: Rahat ve a\u00e7\u0131k bir yara\u00adt\u0131\u00adc\u0131 atmos\u00adfer Kat\u0131 kural\u00adlar olma\u00addan ser\u00adbest&nbsp;resim Sanat kur\u00adsu s\u0131ra\u00ads\u0131n\u00adda Tho\u00adma\u00ads\u00ad\u2019\u00adtan des\u00adtek ve reh\u00adber\u00adlik Fark\u00adl\u0131 ge\u00e7\u00admi\u015f\u00adler\u00adden gelen insan\u00adlar\u00adla tan\u0131\u015f\u00adma&nbsp;\u015fans\u0131\u2026<\/p>\n","category_list_v2":"","author_info_v2":{"name":"Valentina Patterson","url":"https:\/\/www.anika-net.de\/tr\/author\/valentinapatterson\/"},"comments_num_v2":"0 comments","uagb_featured_image_src":{"full":["https:\/\/www.anika-net.de\/wp-content\/uploads\/2026\/04\/kunstkurs-kulturkueche-karlsruhe.webp",1260,937,false],"thumbnail":["https:\/\/www.anika-net.de\/wp-content\/uploads\/2026\/04\/kunstkurs-kulturkueche-karlsruhe-150x150.webp",150,150,true],"medium":["https:\/\/www.anika-net.de\/wp-content\/uploads\/2026\/04\/kunstkurs-kulturkueche-karlsruhe-300x223.webp",300,223,true],"medium_large":["https:\/\/www.anika-net.de\/wp-content\/uploads\/2026\/04\/kunstkurs-kulturkueche-karlsruhe-768x571.webp",640,476,true],"large":["https:\/\/www.anika-net.de\/wp-content\/uploads\/2026\/04\/kunstkurs-kulturkueche-karlsruhe-1024x761.webp",640,476,true],"1536x1536":["https:\/\/www.anika-net.de\/wp-content\/uploads\/2026\/04\/kunstkurs-kulturkueche-karlsruhe.webp",1260,937,false],"2048x2048":["https:\/\/www.anika-net.de\/wp-content\/uploads\/2026\/04\/kunstkurs-kulturkueche-karlsruhe.webp",1260,937,false],"event-overview":["https:\/\/www.anika-net.de\/wp-content\/uploads\/2026\/04\/kunstkurs-kulturkueche-karlsruhe-960x640.webp",960,640,true],"event-archive-thumb":["https:\/\/www.anika-net.de\/wp-content\/uploads\/2026\/04\/kunstkurs-kulturkueche-karlsruhe-480x357.webp",480,357,true],"grid-item-thumbnail":["https:\/\/www.anika-net.de\/wp-content\/uploads\/2026\/04\/kunstkurs-kulturkueche-karlsruhe-360x200.webp",360,200,true],"network-partner-icon":["https:\/\/www.anika-net.de\/wp-content\/uploads\/2026\/04\/kunstkurs-kulturkueche-karlsruhe-100x100.webp",100,100,true],"organiser-icon":["https:\/\/www.anika-net.de\/wp-content\/uploads\/2026\/04\/kunstkurs-kulturkueche-karlsruhe-200x200.webp",200,200,true],"gform-image-choice-sm":["https:\/\/www.anika-net.de\/wp-content\/uploads\/2026\/04\/kunstkurs-kulturkueche-karlsruhe.webp",300,223,false],"gform-image-choice-md":["https:\/\/www.anika-net.de\/wp-content\/uploads\/2026\/04\/kunstkurs-kulturkueche-karlsruhe.webp",400,297,false],"gform-image-choice-lg":["https:\/\/www.anika-net.de\/wp-content\/uploads\/2026\/04\/kunstkurs-kulturkueche-karlsruhe.webp",600,446,false]},"uagb_author_info":{"display_name":"Valentina Patterson","author_link":"https:\/\/www.anika-net.de\/tr\/author\/valentinapatterson\/"},"uagb_comment_info":0,"uagb_excerpt":"Rahat\u00adla\u00adya\u00adbi\u00adle\u00adce\u00ad\u011fi\u00adniz ve yara\u00adt\u0131\u00adc\u0131\u00adl\u0131\u00ad\u011f\u0131\u00adn\u0131\u00adz\u0131 ifa\u00adde ede\u00adbi\u00adle\u00adce\u00ad\u011fi\u00adniz bir sanat kur\u00adsu mu ar\u0131yorsunuz? Bu sanat kur\u00adsu\u00adna kat\u0131l\u00adma\u00adya davet\u00adli\u00adsi\u00adniz: \u201cKural\u00ads\u0131z ama ilham\u00adla resim yapmak.\u201d Resim yap\u00admak\u00adtan ho\u015f\u00adla\u00adn\u0131\u00adyor musu\u00adnuz? O zaman bu rahat sanat kur\u00adsu&nbsp;daha fazla okuyun","_links":{"self":[{"href":"https:\/\/www.anika-net.de\/tr\/wp-json\/wp\/v2\/event\/121742","targetHints":{"allow":["GET"]}}],"collection":[{"href":"https:\/\/www.anika-net.de\/tr\/wp-json\/wp\/v2\/event"}],"about":[{"href":"https:\/\/www.anika-net.de\/tr\/wp-json\/wp\/v2\/types\/event"}],"author":[{"embeddable":true,"href":"https:\/\/www.anika-net.de\/tr\/wp-json\/wp\/v2\/users\/16"}],"version-history":[{"count":1,"href":"https:\/\/www.anika-net.de\/tr\/wp-json\/wp\/v2\/event\/121742\/revisions"}],"predecessor-version":[{"id":121743,"href":"https:\/\/www.anika-net.de\/tr\/wp-json\/wp\/v2\/event\/121742\/revisions\/121743"}],"acf:post":[{"embeddable":true,"href":"https:\/\/www.anika-net.de\/tr\/wp-json\/wp\/v2\/organiser\/16317"}],"acf:term":[{"embeddable":true,"taxonomy":"event_category","href":"https:\/\/www.anika-net.de\/tr\/wp-json\/wp\/v2\/event_category\/97"}],"wp:featuredmedia":[{"embeddable":true,"href":"https:\/\/www.anika-net.de\/tr\/wp-json\/wp\/v2\/media\/121737"}],"wp:attachment":[{"href":"https:\/\/www.anika-net.de\/tr\/wp-json\/wp\/v2\/media?parent=121742"}],"curies":[{"name":"wp","href":"https:\/\/api.w.org\/{rel}","templated":true}]}}