{"id":121122,"date":"2026-04-21T10:27:31","date_gmt":"2026-04-21T08:27:31","guid":{"rendered":"https:\/\/www.anika-net.de\/event\/karlsruhede-yardim-icin-yasamak\/"},"modified":"2026-04-21T10:27:33","modified_gmt":"2026-04-21T08:27:33","slug":"karlsruhede-yardim-icin-yasamak","status":"publish","type":"event","link":"https:\/\/www.anika-net.de\/tr\/event\/karlsruhede-yardim-icin-yasamak\/","title":{"rendered":"Karls\u00adru\u00adhe\u00ad\u2019\u00adde Yar\u00add\u0131m \u0130\u00e7in Ya\u015famak"},"content":{"rendered":"\n<h2 class=\"wp-block-heading\"><em><span style=\"color: #6358a3;\" class=\"stk-highlight\">Des\u00adtek ve top\u00adlu\u00adlu\u00ad\u011fa daya\u00adl\u0131 ortak bir ya\u015fam modeli<\/span><\/em><\/h2>\n\n<p>Karls\u00adru\u00adhe\u00ad\u2019\u00adde uygun fiyat\u00adl\u0131 konut mu ar\u0131\u00adyor\u00adsu\u00adnuz? Ya da size ait bir oda\u00adn\u0131z var ve g\u00fcn\u00adl\u00fck ya\u015fa\u00adm\u0131\u00adn\u0131z\u00adda des\u00adte\u00ad\u011fe mi ihti\u00adya\u00adc\u0131\u00adn\u0131z&nbsp;var?&nbsp;<\/p>\n\n<p><strong>\u201cYar\u00add\u0131m i\u00e7in Ya\u015fa\u00admak\u201d (Woh\u00adnen f\u00fcr Hil\u00adfe<\/strong> ), bo\u015f ya\u015fam ala\u00adn\u0131 olan ki\u015fi\u00adle\u00adri, kala\u00adcak yer ara\u00adyan ve kar\u00ad\u015f\u0131\u00adl\u0131\u00ad\u011f\u0131n\u00adda yar\u00add\u0131m etmek iste\u00adyen ki\u015fi\u00adler\u00adle bir ara\u00adya geti\u00adri\u00adyor.<br><br><strong>\u201cYar\u00add\u0131m i\u00e7in Ya\u015fa\u00admak\u201d art\u0131k<\/strong> sade\u00adce \u00f6\u011fren\u00adci\u00adle\u00adre de\u011fil, <strong>Karls\u00adru\u00adhe\u00ad\u2019\u00adde ev ara\u00adyan her\u00adke\u00adse a\u00e7\u0131k<\/strong>(\u00f6rne\u00ad\u011fin staj\u00adyer\u00adler, pro\u00adfes\u00adyo\u00adnel\u00adler, emek\u00adli\u00adler).<br><strong>Ama\u00e7<\/strong>, konut s\u0131k\u0131n\u00adt\u0131\u00ads\u0131\u00adn\u0131 azalt\u00admak, ya\u015fam ala\u00adn\u0131\u00adn\u0131 daha verim\u00adli kul\u00adlan\u00admak ve sos\u00adyal ba\u011f\u00adlan\u00adt\u0131\u00adla\u00adr\u0131 g\u00fc\u00e7\u00adlen\u00addir\u00admek. Pro\u00adje koor\u00addi\u00adna\u00adt\u00f6r\u00adle\u00adri s\u00fcre\u00e7 boyun\u00adca kat\u0131\u00adl\u0131m\u00adc\u0131\u00adla\u00adr\u0131 des\u00adtek\u00adler ve onla\u00adra reh\u00adber\u00adlik&nbsp;eder.&nbsp;<\/p>\n\n<h3 class=\"wp-block-heading\">Nas\u0131l \u00e7al\u0131\u00ad\u015f\u0131\u00adyor?<\/h3>\n\n<p><strong><span style=\"color: #0b8b7d;\" class=\"stk-highlight\">Sakin\u00adler kira \u00f6de\u00admek yeri\u00adne zaman\u00adla\u00adr\u0131\u00adn\u0131 ve des\u00adtek\u00adle\u00adri\u00adni sunar\u00adlar.<\/span><\/strong><br>Genel bir k\u0131la\u00advuz ola\u00adrak:<br>\ud83d\udc49 <strong>Ya\u015fam ala\u00adn\u0131\u00adn\u0131n her met\u00adre\u00adka\u00adre\u00adsi i\u00e7in ayda 1 saat yard\u0131m<\/strong><\/p>\n\n<p>Bu des\u00adtek \u015fun\u00adla\u00adr\u0131 i\u00e7erebilir:<\/p>\n\n<ul class=\"wp-block-list\">\n<li>ev i\u015fle\u00adrin\u00adde yard\u0131m<\/li>\n\n\n\n<li>mar\u00adket ali\u015fveri\u0307\u015fi\u0307<\/li>\n\n\n\n<li>bah\u00ad\u00e7e\u00adci\u00adlik<\/li>\n\n\n\n<li>refa\u00adkat ve bo\u015f zaman aktiviteleri<\/li>\n<\/ul>\n\n<p>\u26a0\ufe0f <em><strong>L\u00fct\u00adfen dik\u00adkat:<\/strong> Bu bir bak\u0131m veya hem\u00ad\u015fi\u00adre\u00adlik hiz\u00adme\u00adti de\u011fildir.<\/em><\/p>\n\n<p>Konut sakin\u00adle\u00adri yal\u00adn\u0131z\u00adca <strong>hiz\u00admet mali\u00adyet\u00adle\u00adri\u00adni (\u00f6rn. elekt\u00adrik, su, \u0131s\u0131t\u00adma)<\/strong> \u00f6derler.<\/p>\n\n<h3 class=\"wp-block-heading\">Kimin i\u00e7in?<\/h3>\n\n<h2 class=\"wp-block-heading\"><strong>Ba\u015f\u00adlan\u00adg\u0131\u00e7\u00adta \u00f6\u011fren\u00adci\u00adler i\u00e7in olu\u015f\u00adtu\u00adru\u00adlan<\/strong> pro\u00adje <strong>art\u0131k daha geni\u015f bir gru\u00adba&nbsp;a\u00e7\u0131k:<\/strong><\/h2>\n\n<ul class=\"wp-block-list\">\n<li>\u00f6\u011fren\u00adci\u00adler<\/li>\n\n\n\n<li>staj\u00adyer\u00adler (\u00e7\u0131rak\u00adlar)<\/li>\n\n\n\n<li>\u00e7al\u0131\u00ad\u015fan profesyoneller<\/li>\n\n\n\n<li>emekli\u0307ler<\/li>\n\n\n\n<li>konut ara\u00adyan ve dahil olmak iste\u00adyen herkes<\/li>\n<\/ul>\n\n<p>Konut sunan ki\u015fi\u00adler \u015fun\u00adla\u00adr\u0131 i\u00e7erebilir:<\/p>\n\n<ul class=\"wp-block-list\">\n<li>ya\u015f\u00adl\u0131 yeti\u015fkinler<\/li>\n\n\n\n<li>A\u0130LELER<\/li>\n\n\n\n<li>engel\u00adli insanlar<\/li>\n\n\n\n<li>g\u00fcn\u00adl\u00fck ya\u015fam\u00adda des\u00adte\u00ad\u011fe ihti\u00adya\u00e7 duyan bireyler<\/li>\n<\/ul>\n\n<hr class=\"wp-block-separator has-alpha-channel-opacity\">\n\n<h3 class=\"wp-block-heading\">Neden kat\u0131\u00adla\u00adl\u0131m?<\/h3>\n\n<p>\u201cYar\u00add\u0131m i\u00e7in Ya\u015fa\u00admak\u201d te\u015f\u00advik ediyor:<\/p>\n\n<ul class=\"wp-block-list\">\n<li>daha uygun fiyat\u00adl\u0131 konut se\u00e7enekleri<\/li>\n\n\n\n<li>mev\u00adcut ya\u015fam ala\u00adn\u0131\u00adn\u0131n daha iyi kullan\u0131lmas\u0131<\/li>\n\n\n\n<li>sos\u00adyal ba\u011f\u00adlan\u00adt\u0131 ve kar\u00ad\u015f\u0131\u00adl\u0131k\u00adl\u0131 destek<\/li>\n<\/ul>\n\n<p>Pro\u00adje, <strong>Pari\u00adt\u00ad\u00e4\u00adtisc\u00adhe Sozi\u00adal\u00addi\u00adens\u00adte Kar<\/strong> lsru\u00adhe tara\u00adf\u0131n\u00addan <strong>Stu\u00addi\u00aderen\u00adde\u00adn\u00adwerk<\/strong> Karls\u00adru\u00adhe ile i\u015fbir\u00adli\u00ad\u011fi i\u00e7in\u00adde ve Karls\u00adru\u00adhe Bele\u00addi\u00adye Ba\u015f\u00adka\u00adn\u0131\u00ad\u2019\u00adn\u0131n hima\u00adye\u00adsin\u00adde y\u00fcr\u00fct\u00fclmektedir.<\/p>\n\n<hr class=\"wp-block-separator has-alpha-channel-opacity\">\n\n<h3 class=\"wp-block-heading\">Ad\u0131m ad\u0131m<\/h3>\n\n<ol class=\"wp-block-list\">\n<li><strong>Sa\u011f\u00adla\u00ady\u0131\u00adc\u0131<\/strong> veya <strong>ara\u00adyan<\/strong> ola\u00adrak ba\u015fvurun<\/li>\n\n\n\n<li><strong>Ki\u015fi\u00adsel<\/strong> bir <strong>dan\u0131\u015f\u00adman\u00adl\u0131\u00ad\u011fa<\/strong> kat\u0131l\u0131n<\/li>\n\n\n\n<li>Bir <strong>e\u015fle\u015f\u00adme tek\u00adli\u00adfi<\/strong> al\u0131n<\/li>\n\n\n\n<li>Bir <strong>anla\u015f\u00adma<\/strong> imzalay\u0131n<\/li>\n\n\n\n<li><strong>Ortak ya\u015fam ortak\u00adl\u0131\u00ad\u011f\u0131\u00adn\u0131\u00adz\u0131<\/strong> ba\u015flat\u0131n<\/li>\n<\/ol>\n\n<hr class=\"wp-block-separator has-alpha-channel-opacity\">\n\n<p>\ud83d\udc49 S\u00fcre\u00e7 boyun\u00adca her iki tara\u00adfa da reh\u00adber\u00adlik eden ve tav\u00adsi\u00adye\u00adler\u00adde bulu\u00adnan pro\u00adje koor\u00addi\u00adna\u00adt\u00f6r\u00adle\u00adri tara\u00adf\u0131n\u00addan desteklenirsiniz.<\/p>\n\n<hr class=\"wp-block-separator has-alpha-channel-opacity\">\n\n<p><strong>Uygun fiyat\u00adl\u0131 konut ve anlam\u00adl\u0131 bir de\u011fi\u00ad\u015fim\u00adle<\/strong> ilgi\u00adle\u00adni\u00adyor\u00adsa\u00adn\u0131z, \u201cYar\u00add\u0131m i\u00e7in Ya\u015fa\u00admak\u201d sizin i\u00e7in do\u011f\u00adru f\u0131r\u00adsat olabilir&nbsp;\ud83c\udf31<\/p>\n","protected":false},"author":12,"featured_media":121121,"template":"","class_list":["post-121122","event","type-event","status-publish","has-post-thumbnail","hentry","event_category-ikamet"],"acf":{"event-recurring":true,"event-category":98,"event-is-language-course":false,"event-recurring-still-active":true,"event-display-details":true,"event-schedules-recurring":[{"event-recurring-week-day":false,"event-recurring-time":"","event-recurring-time-text":""},{"event-recurring-week-day":"2","event-recurring-time":"","event-recurring-time-text":"08:00 - 15:00 | Telefonla ula\u015f\u0131labilirlik"}],"event-schedules-calendar":null,"event-is-online":false,"event-online-url":"","event-location-building":"Parit\u00e4tische Sozialdienste ","event-location-street":"Kanalweg 40\/42","event-location-zip":"76149 ","event-location-city":"Karlsruhe","event-location-contact-person":"Maike Sommer, Panajoti Ko\u00e7a & Tanja Henkenhaf","event-location-phone":"0721 91230-70","event-location-phone-2":"","event-location-mail":"wohnen@paritaet-ka.de","event-location-mail-2":"","event-location-website":"https:\/\/www.paritaet-ka.de\/fuer-seniorinnen\/wohnen-fuer-hilfe-wohnpartnerschaften\/","event-target-group":null,"event-target-group-comment":"  Karlsruhe'de konut arayan t\u00fcm bireyler","event-free":false,"event-organiser":[121068,16583],"event-header-copyright-overlay":true,"event-copyright-note-description-end":false},"featured_image_urls_v2":{"full":["https:\/\/www.anika-net.de\/wp-content\/uploads\/2026\/04\/Paritten_Karlsruhe.png",1500,474,false],"thumbnail":["https:\/\/www.anika-net.de\/wp-content\/uploads\/2026\/04\/Paritten_Karlsruhe-150x150.png",150,150,true],"medium":["https:\/\/www.anika-net.de\/wp-content\/uploads\/2026\/04\/Paritten_Karlsruhe-300x95.png",300,95,true],"medium_large":["https:\/\/www.anika-net.de\/wp-content\/uploads\/2026\/04\/Paritten_Karlsruhe-768x243.png",640,203,true],"large":["https:\/\/www.anika-net.de\/wp-content\/uploads\/2026\/04\/Paritten_Karlsruhe-1024x324.png",640,203,true],"1536x1536":["https:\/\/www.anika-net.de\/wp-content\/uploads\/2026\/04\/Paritten_Karlsruhe.png",1500,474,false],"2048x2048":["https:\/\/www.anika-net.de\/wp-content\/uploads\/2026\/04\/Paritten_Karlsruhe.png",1500,474,false],"event-overview":["https:\/\/www.anika-net.de\/wp-content\/uploads\/2026\/04\/Paritten_Karlsruhe-960x474.png",960,474,true],"event-archive-thumb":["https:\/\/www.anika-net.de\/wp-content\/uploads\/2026\/04\/Paritten_Karlsruhe-480x152.png",480,152,true],"grid-item-thumbnail":["https:\/\/www.anika-net.de\/wp-content\/uploads\/2026\/04\/Paritten_Karlsruhe-360x200.png",360,200,true],"network-partner-icon":["https:\/\/www.anika-net.de\/wp-content\/uploads\/2026\/04\/Paritten_Karlsruhe-100x100.png",100,100,true],"organiser-icon":["https:\/\/www.anika-net.de\/wp-content\/uploads\/2026\/04\/Paritten_Karlsruhe-200x200.png",200,200,true],"gform-image-choice-sm":["https:\/\/www.anika-net.de\/wp-content\/uploads\/2026\/04\/Paritten_Karlsruhe.png",300,95,false],"gform-image-choice-md":["https:\/\/www.anika-net.de\/wp-content\/uploads\/2026\/04\/Paritten_Karlsruhe.png",400,126,false],"gform-image-choice-lg":["https:\/\/www.anika-net.de\/wp-content\/uploads\/2026\/04\/Paritten_Karlsruhe.png",600,190,false]},"post_excerpt_stackable_v2":"<p>Des\u00adtek ve top\u00adlu\u00adlu\u00ad\u011fa daya\u00adl\u0131 ortak bir ya\u015fam mode\u00adli Karls\u00adru\u00adhe\u00ad\u2019\u00adde uygun fiyat\u00adl\u0131 konut mu ar\u0131\u00adyor\u00adsu\u00adnuz? Ya da size ait bir oda\u00adn\u0131z var ve g\u00fcn\u00adl\u00fck ya\u015fa\u00adm\u0131\u00adn\u0131z\u00adda des\u00adte\u00ad\u011fe mi ihti\u00adya\u00adc\u0131\u00adn\u0131z&nbsp;var?&nbsp; \u201cYar\u00add\u0131m i\u00e7in Ya\u015fa\u00admak\u201d (Woh\u00adnen f\u00fcr Hil\u00adfe ), bo\u015f ya\u015fam ala\u00adn\u0131 olan ki\u015fi\u00adle\u00adri, kala\u00adcak yer ara\u00adyan ve kar\u00ad\u015f\u0131\u00adl\u0131\u00ad\u011f\u0131n\u00adda yar\u00add\u0131m etmek iste\u00adyen ki\u015fi\u00adler\u00adle bir ara\u00adya geti\u00adri\u00adyor.\u201cYar\u00add\u0131m i\u00e7in Ya\u015fa\u00admak\u201d art\u0131k sade\u00adce \u00f6\u011fren\u00adci\u00adle\u00adre de\u011fil, Karls\u00adru\u00adhe\u00ad\u2019\u00adde ev ara\u00adyan her\u00adke\u00adse a\u00e7\u0131k(\u00f6rne\u00ad\u011fin staj\u00adyer\u00adler, pro\u00adfes\u00adyo\u00adnel\u00adler, emek\u00adli\u00adler).Ama\u00e7, konut s\u0131k\u0131n\u00adt\u0131\u00ads\u0131\u00adn\u0131 azalt\u00admak, ya\u015fam ala\u00adn\u0131\u00adn\u0131 daha verim\u00adli kul\u00adlan\u00admak ve sos\u00adyal ba\u011f\u00adlan\u00adt\u0131\u00adla\u00adr\u0131 g\u00fc\u00e7\u00adlen\u00addir\u00admek. Pro\u00adje koor\u00addi\u00adna\u00adt\u00f6r\u00adle\u00adri s\u00fcre\u00e7 boyun\u00adca kat\u0131\u00adl\u0131m\u00adc\u0131\u00adla\u00adr\u0131 des\u00adtek\u00adler ve onla\u00adra reh\u00adber\u00adlik&nbsp;eder.&nbsp; Nas\u0131l \u00e7al\u0131\u00ad\u015f\u0131\u00adyor? Sakin\u00adler kira \u00f6de\u00admek yeri\u00adne zaman\u00adla\u00adr\u0131\u00adn\u0131 ve des\u00adtek\u00adle\u00adri\u00adni sunar\u00adlar.Genel bir k\u0131la\u00advuz ola\u00adrak:\ud83d\udc49&nbsp;Ya\u015fam\u2026<\/p>\n","category_list_v2":"","author_info_v2":{"name":"Andrea Ramirez","url":"https:\/\/www.anika-net.de\/tr\/author\/andrea-ramirez\/"},"comments_num_v2":"0 comments","uagb_featured_image_src":{"full":["https:\/\/www.anika-net.de\/wp-content\/uploads\/2026\/04\/Paritten_Karlsruhe.png",1500,474,false],"thumbnail":["https:\/\/www.anika-net.de\/wp-content\/uploads\/2026\/04\/Paritten_Karlsruhe-150x150.png",150,150,true],"medium":["https:\/\/www.anika-net.de\/wp-content\/uploads\/2026\/04\/Paritten_Karlsruhe-300x95.png",300,95,true],"medium_large":["https:\/\/www.anika-net.de\/wp-content\/uploads\/2026\/04\/Paritten_Karlsruhe-768x243.png",640,203,true],"large":["https:\/\/www.anika-net.de\/wp-content\/uploads\/2026\/04\/Paritten_Karlsruhe-1024x324.png",640,203,true],"1536x1536":["https:\/\/www.anika-net.de\/wp-content\/uploads\/2026\/04\/Paritten_Karlsruhe.png",1500,474,false],"2048x2048":["https:\/\/www.anika-net.de\/wp-content\/uploads\/2026\/04\/Paritten_Karlsruhe.png",1500,474,false],"event-overview":["https:\/\/www.anika-net.de\/wp-content\/uploads\/2026\/04\/Paritten_Karlsruhe-960x474.png",960,474,true],"event-archive-thumb":["https:\/\/www.anika-net.de\/wp-content\/uploads\/2026\/04\/Paritten_Karlsruhe-480x152.png",480,152,true],"grid-item-thumbnail":["https:\/\/www.anika-net.de\/wp-content\/uploads\/2026\/04\/Paritten_Karlsruhe-360x200.png",360,200,true],"network-partner-icon":["https:\/\/www.anika-net.de\/wp-content\/uploads\/2026\/04\/Paritten_Karlsruhe-100x100.png",100,100,true],"organiser-icon":["https:\/\/www.anika-net.de\/wp-content\/uploads\/2026\/04\/Paritten_Karlsruhe-200x200.png",200,200,true],"gform-image-choice-sm":["https:\/\/www.anika-net.de\/wp-content\/uploads\/2026\/04\/Paritten_Karlsruhe.png",300,95,false],"gform-image-choice-md":["https:\/\/www.anika-net.de\/wp-content\/uploads\/2026\/04\/Paritten_Karlsruhe.png",400,126,false],"gform-image-choice-lg":["https:\/\/www.anika-net.de\/wp-content\/uploads\/2026\/04\/Paritten_Karlsruhe.png",600,190,false]},"uagb_author_info":{"display_name":"Andrea Ramirez","author_link":"https:\/\/www.anika-net.de\/tr\/author\/andrea-ramirez\/"},"uagb_comment_info":0,"uagb_excerpt":"Des\u00adtek ve top\u00adlu\u00adlu\u00ad\u011fa daya\u00adl\u0131 ortak bir ya\u015fam modeli Karls\u00adru\u00adhe\u00ad\u2019\u00adde uygun fiyat\u00adl\u0131 konut mu ar\u0131\u00adyor\u00adsu\u00adnuz? Ya da size ait bir oda\u00adn\u0131z var ve g\u00fcn\u00adl\u00fck ya\u015fa\u00adm\u0131\u00adn\u0131z\u00adda des\u00adte\u00ad\u011fe mi ihti\u00adya\u00adc\u0131\u00adn\u0131z&nbsp;var?&nbsp; \u201cYar\u00add\u0131m i\u00e7in Ya\u015fa\u00admak\u201d&nbsp;daha fazla okuyun","_links":{"self":[{"href":"https:\/\/www.anika-net.de\/tr\/wp-json\/wp\/v2\/event\/121122","targetHints":{"allow":["GET"]}}],"collection":[{"href":"https:\/\/www.anika-net.de\/tr\/wp-json\/wp\/v2\/event"}],"about":[{"href":"https:\/\/www.anika-net.de\/tr\/wp-json\/wp\/v2\/types\/event"}],"author":[{"embeddable":true,"href":"https:\/\/www.anika-net.de\/tr\/wp-json\/wp\/v2\/users\/12"}],"version-history":[{"count":1,"href":"https:\/\/www.anika-net.de\/tr\/wp-json\/wp\/v2\/event\/121122\/revisions"}],"predecessor-version":[{"id":121123,"href":"https:\/\/www.anika-net.de\/tr\/wp-json\/wp\/v2\/event\/121122\/revisions\/121123"}],"acf:post":[{"embeddable":true,"href":"https:\/\/www.anika-net.de\/tr\/wp-json\/wp\/v2\/organiser\/16583"},{"embeddable":true,"href":"https:\/\/www.anika-net.de\/tr\/wp-json\/wp\/v2\/organiser\/121068"}],"acf:term":[{"embeddable":true,"taxonomy":"event_category","href":"https:\/\/www.anika-net.de\/tr\/wp-json\/wp\/v2\/event_category\/98"}],"wp:featuredmedia":[{"embeddable":true,"href":"https:\/\/www.anika-net.de\/tr\/wp-json\/wp\/v2\/media\/121121"}],"wp:attachment":[{"href":"https:\/\/www.anika-net.de\/tr\/wp-json\/wp\/v2\/media?parent=121122"}],"curies":[{"name":"wp","href":"https:\/\/api.w.org\/{rel}","templated":true}]}}