{"id":120703,"date":"2026-04-14T12:53:14","date_gmt":"2026-04-14T10:53:14","guid":{"rendered":"https:\/\/www.anika-net.de\/event\/karlsruhede-cocuklar-ve-gencler-icin-karnaval-kuluplerine-katilin\/"},"modified":"2026-04-14T13:05:25","modified_gmt":"2026-04-14T11:05:25","slug":"karlsruhede-cocuklar-ve-gencler-icin-karnaval-kuluplerine-katilin","status":"publish","type":"event","link":"https:\/\/www.anika-net.de\/tr\/event\/karlsruhede-cocuklar-ve-gencler-icin-karnaval-kuluplerine-katilin\/","title":{"rendered":"Karls\u00adru\u00adhe\u00ad\u2019\u00adde \u00c7ocuk\u00adlar ve Gen\u00e7\u00adler i\u00e7in Kar\u00adna\u00adval Kul\u00fcp\u00adle\u00adri\u00adne Kat\u0131l\u0131n"},"content":{"rendered":"\n<p>Karls\u00adru\u00adhe\u00ad\u2019\u00adde\u00adki bir\u00ad\u00e7ok kar\u00adna\u00adval kul\u00fc\u00adb\u00fc, dans, tak\u0131m \u00e7al\u0131\u015f\u00adma\u00ads\u0131 ve per\u00adfor\u00adman\u00ads\u0131 bir\u00adle\u015f\u00adti\u00adren e\u011flen\u00adce\u00adli ve dina\u00admik bir spor olan <strong>kar\u00adna\u00adval dan\u00ads\u0131\u00adna (Kar\u00adne\u00adva\u00adlis\u00adtisc\u00adher Tanzs\u00adport)<\/strong> aktif ola\u00adrak kat\u0131lmaktad\u0131r.<\/p>\n\n<h4 class=\"wp-block-heading\"><strong>Karls\u00adru\u00adhe\u00ad\u2019\u00adde \u00c7ocuk\u00adlar ve Gen\u00e7\u00adler i\u00e7in Kar\u00adna\u00adval Kul\u00fcp\u00adle\u00adri<\/strong> ar\u0131\u00adyor\u00adsa\u00adn\u0131z, <strong>Karls\u00adru\u00adhe Kar\u00adna\u00adval Komi\u00adte\u00adsi (FKF<\/strong> ) uygun bir yerel kul\u00fcp bul\u00adma\u00adn\u0131z\u00adda size des\u00adtek olabilir.<\/h4>\n\n<p>Yer\u00adle\u015f\u00adtir\u00adme, <strong>\u00e7ocu\u00ad\u011fun veya gen\u00adcin ya\u015fa\u00add\u0131\u00ad\u011f\u0131 mahal\u00adle\u00adyi<\/strong> dik\u00adka\u00adte ala\u00adbi\u00adlir ve yak\u0131n\u00adda\u00adki bir gru\u00adba kat\u0131l\u00adma\u00ady\u0131 kolayla\u015ft\u0131rabilir.<\/p>\n\n<p>Bu <strong>, arka\u00adda\u015f edin\u00admek, aktif kal\u00admak ve yerel k\u00fcl\u00adt\u00fc\u00adrel ya\u015fa\u00adm\u0131n bir par\u00ad\u00e7a\u00ads\u0131 olmak<\/strong> i\u00e7in hari\u00adka bir f\u0131rsatt\u0131r.<\/p>\n\n<p>\ud83d\udc49 Daha faz\u00adla bil\u00adgi i\u00e7in ziya\u00adret edin: <strong><a href=\"http:\/\/www.karlsruher-festausschuss.de\" rel=\"noopener\">www.karlsruher-festausschuss.de<\/a><\/strong><br><strong>\ud83c\udfad Rit\u00admi\u00adni\u00adzi bulun, yeni arka\u00adda\u015f\u00adlar edi\u00adnin ve bir kar\u00adna\u00adval eki\u00adbi\u00adne kat\u0131l\u0131n!<\/strong><\/p>\n\n<p><\/p>\n","protected":false},"author":12,"featured_media":120702,"template":"","class_list":["post-120703","event","type-event","status-publish","has-post-thumbnail","hentry","event_category-bos-vakit"],"acf":{"event-recurring":true,"event-category":97,"event-is-language-course":false,"event-recurring-still-active":true,"event-display-details":true,"event-schedules-recurring":null,"event-schedules-calendar":[{"event-calendar-day":"20270101","event-calendar-time":"","event-calendar-time-text":""}],"event-is-online":false,"event-online-url":"","event-location-building":"Die Karlsruher Karnevalsvereine","event-location-street":"","event-location-zip":"","event-location-city":"Karlsruhe","event-location-contact-person":"Alexander Loesch, Gesch\u00e4ftsf\u00fchrer FKF","event-location-phone":"0173 32 93 178","event-location-phone-2":"","event-location-mail":"geschaeftsfuehrer@karlsruher-festausschuss.de","event-location-mail-2":"","event-location-website":"https:\/\/karlsruher-festausschuss.de\/","event-target-group":[{"target-group":"children"},{"target-group":"teens"}],"event-target-group-comment":"","event-free":true,"event-organiser":[120642],"event-header-copyright-overlay":true,"event-copyright-note-description-end":false},"featured_image_urls_v2":{"full":["https:\/\/www.anika-net.de\/wp-content\/uploads\/2026\/04\/tanzen-scaled.jpg",2560,1013,false],"thumbnail":["https:\/\/www.anika-net.de\/wp-content\/uploads\/2026\/04\/tanzen-150x150.jpg",150,150,true],"medium":["https:\/\/www.anika-net.de\/wp-content\/uploads\/2026\/04\/tanzen-300x119.jpg",300,119,true],"medium_large":["https:\/\/www.anika-net.de\/wp-content\/uploads\/2026\/04\/tanzen-768x304.jpg",640,253,true],"large":["https:\/\/www.anika-net.de\/wp-content\/uploads\/2026\/04\/tanzen-1024x405.jpg",640,253,true],"1536x1536":["https:\/\/www.anika-net.de\/wp-content\/uploads\/2026\/04\/tanzen-1536x608.jpg",1536,608,true],"2048x2048":["https:\/\/www.anika-net.de\/wp-content\/uploads\/2026\/04\/tanzen-2048x810.jpg",2048,810,true],"event-overview":["https:\/\/www.anika-net.de\/wp-content\/uploads\/2026\/04\/tanzen-960x640.jpg",960,640,true],"event-archive-thumb":["https:\/\/www.anika-net.de\/wp-content\/uploads\/2026\/04\/tanzen-480x190.jpg",480,190,true],"grid-item-thumbnail":["https:\/\/www.anika-net.de\/wp-content\/uploads\/2026\/04\/tanzen-360x200.jpg",360,200,true],"network-partner-icon":["https:\/\/www.anika-net.de\/wp-content\/uploads\/2026\/04\/tanzen-100x100.jpg",100,100,true],"organiser-icon":["https:\/\/www.anika-net.de\/wp-content\/uploads\/2026\/04\/tanzen-200x200.jpg",200,200,true],"gform-image-choice-sm":["https:\/\/www.anika-net.de\/wp-content\/uploads\/2026\/04\/tanzen-scaled.jpg",300,119,false],"gform-image-choice-md":["https:\/\/www.anika-net.de\/wp-content\/uploads\/2026\/04\/tanzen-scaled.jpg",400,158,false],"gform-image-choice-lg":["https:\/\/www.anika-net.de\/wp-content\/uploads\/2026\/04\/tanzen-scaled.jpg",600,237,false]},"post_excerpt_stackable_v2":"<p>Karls\u00adru\u00adhe\u00ad\u2019\u00adde\u00adki bir\u00ad\u00e7ok kar\u00adna\u00adval kul\u00fc\u00adb\u00fc, dans, tak\u0131m \u00e7al\u0131\u015f\u00adma\u00ads\u0131 ve per\u00adfor\u00adman\u00ads\u0131 bir\u00adle\u015f\u00adti\u00adren e\u011flen\u00adce\u00adli ve dina\u00admik bir spor olan kar\u00adna\u00adval dan\u00ads\u0131\u00adna (Kar\u00adne\u00adva\u00adlis\u00adtisc\u00adher Tanzs\u00adport) aktif ola\u00adrak kat\u0131l\u00admak\u00adta\u00add\u0131r. Karls\u00adru\u00adhe\u00ad\u2019\u00adde \u00c7ocuk\u00adlar ve Gen\u00e7\u00adler i\u00e7in Kar\u00adna\u00adval Kul\u00fcp\u00adle\u00adri ar\u0131\u00adyor\u00adsa\u00adn\u0131z, Karls\u00adru\u00adhe Kar\u00adna\u00adval Komi\u00adte\u00adsi (FKF ) uygun bir yerel kul\u00fcp bul\u00adma\u00adn\u0131z\u00adda size des\u00adtek ola\u00adbi\u00adlir. Yer\u00adle\u015f\u00adtir\u00adme, \u00e7ocu\u00ad\u011fun veya gen\u00adcin ya\u015fa\u00add\u0131\u00ad\u011f\u0131 mahal\u00adle\u00adyi dik\u00adka\u00adte ala\u00adbi\u00adlir ve yak\u0131n\u00adda\u00adki bir gru\u00adba kat\u0131l\u00adma\u00ady\u0131 kolay\u00adla\u015f\u00adt\u0131\u00adra\u00adbi\u00adlir. Bu , arka\u00adda\u015f edin\u00admek, aktif kal\u00admak ve yerel k\u00fcl\u00adt\u00fc\u00adrel ya\u015fa\u00adm\u0131n bir par\u00ad\u00e7a\u00ads\u0131 olmak i\u00e7in hari\u00adka bir f\u0131r\u00adsat\u00adt\u0131r. \ud83d\udc49 Daha faz\u00adla bil\u00adgi i\u00e7in ziya\u00adret edin: www.karlsruher-festausschuss.de\ud83c\udfad Rit\u00admi\u00adni\u00adzi bulun, yeni arka\u00adda\u015f\u00adlar edi\u00adnin ve bir kar\u00adna\u00adval eki\u00adbi\u00adne kat\u0131l\u0131n!<\/p>\n","category_list_v2":"","author_info_v2":{"name":"Andrea Ramirez","url":"https:\/\/www.anika-net.de\/tr\/author\/andrea-ramirez\/"},"comments_num_v2":"0 comments","uagb_featured_image_src":{"full":["https:\/\/www.anika-net.de\/wp-content\/uploads\/2026\/04\/tanzen-scaled.jpg",2560,1013,false],"thumbnail":["https:\/\/www.anika-net.de\/wp-content\/uploads\/2026\/04\/tanzen-150x150.jpg",150,150,true],"medium":["https:\/\/www.anika-net.de\/wp-content\/uploads\/2026\/04\/tanzen-300x119.jpg",300,119,true],"medium_large":["https:\/\/www.anika-net.de\/wp-content\/uploads\/2026\/04\/tanzen-768x304.jpg",640,253,true],"large":["https:\/\/www.anika-net.de\/wp-content\/uploads\/2026\/04\/tanzen-1024x405.jpg",640,253,true],"1536x1536":["https:\/\/www.anika-net.de\/wp-content\/uploads\/2026\/04\/tanzen-1536x608.jpg",1536,608,true],"2048x2048":["https:\/\/www.anika-net.de\/wp-content\/uploads\/2026\/04\/tanzen-2048x810.jpg",2048,810,true],"event-overview":["https:\/\/www.anika-net.de\/wp-content\/uploads\/2026\/04\/tanzen-960x640.jpg",960,640,true],"event-archive-thumb":["https:\/\/www.anika-net.de\/wp-content\/uploads\/2026\/04\/tanzen-480x190.jpg",480,190,true],"grid-item-thumbnail":["https:\/\/www.anika-net.de\/wp-content\/uploads\/2026\/04\/tanzen-360x200.jpg",360,200,true],"network-partner-icon":["https:\/\/www.anika-net.de\/wp-content\/uploads\/2026\/04\/tanzen-100x100.jpg",100,100,true],"organiser-icon":["https:\/\/www.anika-net.de\/wp-content\/uploads\/2026\/04\/tanzen-200x200.jpg",200,200,true],"gform-image-choice-sm":["https:\/\/www.anika-net.de\/wp-content\/uploads\/2026\/04\/tanzen-scaled.jpg",300,119,false],"gform-image-choice-md":["https:\/\/www.anika-net.de\/wp-content\/uploads\/2026\/04\/tanzen-scaled.jpg",400,158,false],"gform-image-choice-lg":["https:\/\/www.anika-net.de\/wp-content\/uploads\/2026\/04\/tanzen-scaled.jpg",600,237,false]},"uagb_author_info":{"display_name":"Andrea Ramirez","author_link":"https:\/\/www.anika-net.de\/tr\/author\/andrea-ramirez\/"},"uagb_comment_info":0,"uagb_excerpt":"Karls\u00adru\u00adhe\u00ad\u2019\u00adde\u00adki bir\u00ad\u00e7ok kar\u00adna\u00adval kul\u00fc\u00adb\u00fc, dans, tak\u0131m \u00e7al\u0131\u015f\u00adma\u00ads\u0131 ve per\u00adfor\u00adman\u00ads\u0131 bir\u00adle\u015f\u00adti\u00adren e\u011flen\u00adce\u00adli ve dina\u00admik bir spor olan kar\u00adna\u00adval dan\u00ads\u0131\u00adna (Kar\u00adne\u00adva\u00adlis\u00adtisc\u00adher Tanzs\u00adport) aktif ola\u00adrak kat\u0131lmaktad\u0131r. Karls\u00adru\u00adhe\u00ad\u2019\u00adde \u00c7ocuk\u00adlar ve Gen\u00e7\u00adler i\u00e7in Kar\u00adna\u00adval Kul\u00fcp\u00adle\u00adri&nbsp;daha fazla okuyun","_links":{"self":[{"href":"https:\/\/www.anika-net.de\/tr\/wp-json\/wp\/v2\/event\/120703","targetHints":{"allow":["GET"]}}],"collection":[{"href":"https:\/\/www.anika-net.de\/tr\/wp-json\/wp\/v2\/event"}],"about":[{"href":"https:\/\/www.anika-net.de\/tr\/wp-json\/wp\/v2\/types\/event"}],"author":[{"embeddable":true,"href":"https:\/\/www.anika-net.de\/tr\/wp-json\/wp\/v2\/users\/12"}],"version-history":[{"count":1,"href":"https:\/\/www.anika-net.de\/tr\/wp-json\/wp\/v2\/event\/120703\/revisions"}],"predecessor-version":[{"id":120704,"href":"https:\/\/www.anika-net.de\/tr\/wp-json\/wp\/v2\/event\/120703\/revisions\/120704"}],"acf:post":[{"embeddable":true,"href":"https:\/\/www.anika-net.de\/tr\/wp-json\/wp\/v2\/organiser\/120642"}],"acf:term":[{"embeddable":true,"taxonomy":"event_category","href":"https:\/\/www.anika-net.de\/tr\/wp-json\/wp\/v2\/event_category\/97"}],"wp:featuredmedia":[{"embeddable":true,"href":"https:\/\/www.anika-net.de\/tr\/wp-json\/wp\/v2\/media\/120702"}],"wp:attachment":[{"href":"https:\/\/www.anika-net.de\/tr\/wp-json\/wp\/v2\/media?parent=120703"}],"curies":[{"name":"wp","href":"https:\/\/api.w.org\/{rel}","templated":true}]}}