{"id":119583,"date":"2026-03-04T15:21:26","date_gmt":"2026-03-04T14:21:26","guid":{"rendered":"https:\/\/www.anika-net.de\/event\/elterntalk-baden-wurttemberg\/"},"modified":"2026-03-09T11:51:47","modified_gmt":"2026-03-09T10:51:47","slug":"elterntalk-baden-wurttemberg","status":"publish","type":"event","link":"https:\/\/www.anika-net.de\/tr\/event\/elterntalk-baden-wurttemberg\/","title":{"rendered":"Eltern\u00adtalk Baden-W\u00fcrttemberg"},"content":{"rendered":"\n<h2 class=\"wp-block-heading\">Eltern\u00adtalk \u2014 Ebe\u00adveyn\u00adler i\u00e7in Aile Haya\u00adt\u0131 ve Med\u00adya Hak\u00adk\u0131n\u00adda Konu\u00ad\u015fa\u00adbi\u00adle\u00adcek\u00adle\u00adri Bir Bulu\u015f\u00adma&nbsp;Alan\u0131<\/h2>\n\n<h3 class=\"wp-block-heading\">Eltern\u00adtalk&nbsp;nedir?<\/h3>\n\n<p>Eltern\u00adtalk, anne ve baba\u00adla\u00adr\u0131n rahat bir ortam\u00adda bir ara\u00adya gele\u00adrek g\u00fcn\u00adl\u00fck aile haya\u00adt\u0131, med\u00adya kul\u00adla\u00adn\u0131\u00adm\u0131, ak\u0131l\u00adl\u0131 tele\u00adfon ve inter\u00adnet dene\u00adyim\u00adle\u00adri, diji\u00adtal oyun\u00adlar ve di\u011fer ebe\u00adveyn\u00adlik konu\u00adla\u00adr\u0131 hak\u00adk\u0131n\u00adda konu\u00ad\u015fa\u00adbi\u00adle\u00adcek\u00adle\u00adri bir yer\u00addir. Top\u00adlan\u00adt\u0131\u00adlar e\u011fi\u00adtim\u00adli ebe\u00adveyn\u00adler tara\u00adf\u0131n\u00addan y\u00f6ne\u00adti\u00adlir, \u00fccret\u00adsiz\u00addir ve gerek\u00adti\u00ad\u011fin\u00adde fark\u00adl\u0131 dil\u00adler\u00adde de d\u00fczen\u00adle\u00adne\u00adbi\u00adlir. Top\u00adlan\u00adt\u0131\u00adlar \u00f6zel, ki\u015fi\u00adsel bir ortam\u00adda, \u00f6rne\u00ad\u011fin ebe\u00adveyn\u00adle\u00adrin evle\u00adrin\u00adde veya mahal\u00adle\u00adde\u00adki tan\u0131\u00add\u0131k yer\u00adler\u00adde ger\u00e7ekle\u015ftirilir.&nbsp;<\/p>\n\n<p>Eltern\u00adtalk, Akti\u00adon Jugendsc\u00adhutz Lan\u00adde\u00adsar\u00adbe\u00aditss\u00adtel\u00adle Baden-W\u00fcrt\u00adtem\u00adberg e. V. (ajs) tara\u00adf\u0131n\u00addan eya\u00adlet \u00e7ap\u0131n\u00adda y\u00fcr\u00fc\u00adt\u00fc\u00adlen bir pro\u00adje\u00adnin par\u00ad\u00e7a\u00ads\u0131\u00add\u0131r. Kin\u00adder\u00adland Baden-W\u00fcrt\u00adtem\u00adberg Vak\u00adf\u0131 ve Baden-W\u00fcrt\u00adtem\u00adberg Eya\u00adlet Par\u00adla\u00admen\u00adto\u00adsu tara\u00adf\u0131n\u00addan onay\u00adla\u00adnan dev\u00adlet fon\u00adla\u00adr\u0131 tara\u00adf\u0131n\u00addan finan\u00adse edilmektedir.&nbsp;<\/p>\n\n<p>Karls\u00adru\u00adhe\u00ad\u2019\u00adde \u015fehir, \u00e7ocuk ve gen\u00e7\u00adle\u00adrin korun\u00adma\u00ads\u0131 ala\u00adn\u0131n\u00adda \u00c7ocuk Ofi\u00adsi ile eya\u00adlet\u00adte\u00adki ilk pro\u00adje yer\u00adle\u00adrin\u00adden biridir.<\/p>\n\n<h3 class=\"wp-block-heading\">Nas\u0131l kat\u0131\u00adla\u00adbi\u00adli\u00adrim?<\/h3>\n\n<p><strong>Konuk ola\u00adrak<\/strong>, dene\u00adyim\u00adle\u00adri\u00adni\u00adzi ve soru\u00adla\u00adr\u0131\u00adn\u0131\u00adz\u0131 pay\u00adla\u015f\u00adma\u00adya davetlisiniz.<\/p>\n\n<p><strong>Ev sahi\u00adbi ola\u00adrak<\/strong>, di\u011fer d\u00f6rt ila alt\u0131 ebe\u00advey\u00adni bir tar\u00adt\u0131\u015f\u00adma gru\u00adbu\u00adna davet edersiniz.<\/p>\n\n<p><strong>Mode\u00adra\u00adt\u00f6r ola\u00adrak<\/strong> siz de bir ebe\u00adveyn\u00adsi\u00adniz ve tar\u00adt\u0131\u015f\u00adma grup\u00adla\u00adr\u0131\u00adn\u0131 kolay\u00adla\u015f\u00adt\u0131r\u00admak\u00adtan keyif al\u0131\u00adyor\u00adsu\u00adnuz. Mode\u00adra\u00adt\u00f6r\u00adler e\u011fi\u00adti\u00adme kat\u0131\u00adl\u0131r ve bir har\u00adca\u00adma \u00f6de\u00adne\u00ad\u011fi al\u0131r\u00adlar. Bil\u00adgi mater\u00adyal\u00adle\u00adri sa\u011flanmaktad\u0131r.&nbsp;<\/p>\n\n<div class=\"wp-block-stackable-divider stk-block-divider stk-block stk-17f5163\" data-block-id=\"17f5163\"><hr class=\"stk-block-divider__hr\"><\/div>\n\n<p><strong>Other offers from the Karls\u00adru\u00adhe Children\u2019s Offi\u00adce<\/strong><br>\u2197\ufe0f <a href=\"https:\/\/www.anika-net.de\/event\/kinderburo-on-air-online-information-for-parents\/\">Kin\u00adder\u00adb\u00fc\u00adro ON AIR \u2013 Onli\u00adne Infor\u00adma\u00adti\u00adon for Parents<\/a><\/p>\n\n<div class=\"wp-block-stackable-spacer stk-block-spacer stk--no-padding stk-block stk-ff5b50c\" data-block-id=\"ff5b50c\"><\/div>\n","protected":false},"author":12,"featured_media":119582,"template":"","class_list":["post-119583","event","type-event","status-publish","has-post-thumbnail","hentry","event_category-egitim"],"acf":{"event-recurring":true,"event-category":94,"event-is-language-course":false,"event-recurring-still-active":true,"event-display-details":true,"event-schedules-recurring":null,"event-schedules-calendar":null,"event-is-online":false,"event-online-url":"","event-location-building":"Kinderb\u00fcro - Stadt Karlsruhe","event-location-street":"Ernst-Frey-Stra\u00dfe 10","event-location-zip":"76135","event-location-city":"Karlruhe","event-location-contact-person":"Svenja Stober (Regional representative for the city of Karlsruhe)","event-location-phone":"0152 072 62 908","event-location-phone-2":"","event-location-mail":"elterntalk@sjb.karlsruhe.de","event-location-mail-2":"","event-location-website":"https:\/\/www.elterntalk-bw.de\/","event-target-group":[{"target-group":"parents"}],"event-target-group-comment":"0-14 ya\u015f aras\u0131ndaki \u00e7ocuklar\u0131n","event-free":true,"event-organiser":[46610],"event-header-copyright-overlay":true,"event-copyright-note-description-end":false},"featured_image_urls_v2":{"full":["https:\/\/www.anika-net.de\/wp-content\/uploads\/2026\/03\/ajs_logo_elterntalk_4c.jpg",1280,603,false],"thumbnail":["https:\/\/www.anika-net.de\/wp-content\/uploads\/2026\/03\/ajs_logo_elterntalk_4c-150x150.jpg",150,150,true],"medium":["https:\/\/www.anika-net.de\/wp-content\/uploads\/2026\/03\/ajs_logo_elterntalk_4c-300x141.jpg",300,141,true],"medium_large":["https:\/\/www.anika-net.de\/wp-content\/uploads\/2026\/03\/ajs_logo_elterntalk_4c-768x362.jpg",640,302,true],"large":["https:\/\/www.anika-net.de\/wp-content\/uploads\/2026\/03\/ajs_logo_elterntalk_4c-1024x482.jpg",640,301,true],"1536x1536":["https:\/\/www.anika-net.de\/wp-content\/uploads\/2026\/03\/ajs_logo_elterntalk_4c.jpg",1280,603,false],"2048x2048":["https:\/\/www.anika-net.de\/wp-content\/uploads\/2026\/03\/ajs_logo_elterntalk_4c.jpg",1280,603,false],"event-overview":["https:\/\/www.anika-net.de\/wp-content\/uploads\/2026\/03\/ajs_logo_elterntalk_4c-960x603.jpg",960,603,true],"event-archive-thumb":["https:\/\/www.anika-net.de\/wp-content\/uploads\/2026\/03\/ajs_logo_elterntalk_4c-480x226.jpg",480,226,true],"grid-item-thumbnail":["https:\/\/www.anika-net.de\/wp-content\/uploads\/2026\/03\/ajs_logo_elterntalk_4c-360x200.jpg",360,200,true],"network-partner-icon":["https:\/\/www.anika-net.de\/wp-content\/uploads\/2026\/03\/ajs_logo_elterntalk_4c-100x100.jpg",100,100,true],"organiser-icon":["https:\/\/www.anika-net.de\/wp-content\/uploads\/2026\/03\/ajs_logo_elterntalk_4c-200x200.jpg",200,200,true],"gform-image-choice-sm":["https:\/\/www.anika-net.de\/wp-content\/uploads\/2026\/03\/ajs_logo_elterntalk_4c.jpg",300,141,false],"gform-image-choice-md":["https:\/\/www.anika-net.de\/wp-content\/uploads\/2026\/03\/ajs_logo_elterntalk_4c.jpg",400,188,false],"gform-image-choice-lg":["https:\/\/www.anika-net.de\/wp-content\/uploads\/2026\/03\/ajs_logo_elterntalk_4c.jpg",600,283,false]},"post_excerpt_stackable_v2":"<p>Eltern\u00adtalk \u2014 Ebe\u00adveyn\u00adler i\u00e7in Aile Haya\u00adt\u0131 ve Med\u00adya Hak\u00adk\u0131n\u00adda Konu\u00ad\u015fa\u00adbi\u00adle\u00adcek\u00adle\u00adri Bir Bulu\u015f\u00adma&nbsp;Ala\u00adn\u0131 Eltern\u00adtalk&nbsp;nedir? Eltern\u00adtalk, anne ve baba\u00adla\u00adr\u0131n rahat bir ortam\u00adda bir ara\u00adya gele\u00adrek g\u00fcn\u00adl\u00fck aile haya\u00adt\u0131, med\u00adya kul\u00adla\u00adn\u0131\u00adm\u0131, ak\u0131l\u00adl\u0131 tele\u00adfon ve inter\u00adnet dene\u00adyim\u00adle\u00adri, diji\u00adtal oyun\u00adlar ve di\u011fer ebe\u00adveyn\u00adlik konu\u00adla\u00adr\u0131 hak\u00adk\u0131n\u00adda konu\u00ad\u015fa\u00adbi\u00adle\u00adcek\u00adle\u00adri bir yer\u00addir. Top\u00adlan\u00adt\u0131\u00adlar e\u011fi\u00adtim\u00adli ebe\u00adveyn\u00adler tara\u00adf\u0131n\u00addan y\u00f6ne\u00adti\u00adlir, \u00fccret\u00adsiz\u00addir ve gerek\u00adti\u00ad\u011fin\u00adde fark\u00adl\u0131 dil\u00adler\u00adde de d\u00fczen\u00adle\u00adne\u00adbi\u00adlir. Top\u00adlan\u00adt\u0131\u00adlar \u00f6zel, ki\u015fi\u00adsel bir ortam\u00adda, \u00f6rne\u00ad\u011fin ebe\u00adveyn\u00adle\u00adrin evle\u00adrin\u00adde veya mahal\u00adle\u00adde\u00adki tan\u0131\u00add\u0131k yer\u00adler\u00adde ger\u00ad\u00e7ek\u00adle\u015f\u00adti\u00adri\u00adlir.&nbsp; Eltern\u00adtalk, Akti\u00adon Jugendsc\u00adhutz Lan\u00adde\u00adsar\u00adbe\u00aditss\u00adtel\u00adle Baden-W\u00fcr\u00adt\u00ad\u00ad\u00adte\u00adm\u00ad\u00ad\u00adberg e. V. (ajs) tara\u00adf\u0131n\u00addan eya\u00adlet \u00e7ap\u0131n\u00adda y\u00fcr\u00fc\u00adt\u00fc\u00adlen bir pro\u00adje\u00adnin par\u00ad\u00e7a\u00ads\u0131\u00add\u0131r. Kin\u00adder\u00adland Baden-W\u00fcr\u00adt\u00ad\u00ad\u00adte\u00adm\u00ad\u00ad\u00adberg Vak\u00adf\u0131 ve Baden-W\u00fcr\u00adt\u00ad\u00ad\u00adte\u00adm\u00ad\u00ad\u00adberg Eya\u00adlet Par\u00adla\u00admen\u00adto\u00adsu tara\u00adf\u0131n\u00addan onay\u00adla\u00adnan dev\u00adlet fon\u00adla\u00adr\u0131 tara\u00adf\u0131n\u00addan finan\u00adse edil\u00admek\u00adte\u00addir.&nbsp; Karls\u00adru\u00adhe\u00ad\u2019\u00adde \u015fehir, \u00e7ocuk\u2026<\/p>\n","category_list_v2":"","author_info_v2":{"name":"Andrea Ramirez","url":"https:\/\/www.anika-net.de\/tr\/author\/andrea-ramirez\/"},"comments_num_v2":"0 comments","uagb_featured_image_src":{"full":["https:\/\/www.anika-net.de\/wp-content\/uploads\/2026\/03\/ajs_logo_elterntalk_4c.jpg",1280,603,false],"thumbnail":["https:\/\/www.anika-net.de\/wp-content\/uploads\/2026\/03\/ajs_logo_elterntalk_4c-150x150.jpg",150,150,true],"medium":["https:\/\/www.anika-net.de\/wp-content\/uploads\/2026\/03\/ajs_logo_elterntalk_4c-300x141.jpg",300,141,true],"medium_large":["https:\/\/www.anika-net.de\/wp-content\/uploads\/2026\/03\/ajs_logo_elterntalk_4c-768x362.jpg",640,302,true],"large":["https:\/\/www.anika-net.de\/wp-content\/uploads\/2026\/03\/ajs_logo_elterntalk_4c-1024x482.jpg",640,301,true],"1536x1536":["https:\/\/www.anika-net.de\/wp-content\/uploads\/2026\/03\/ajs_logo_elterntalk_4c.jpg",1280,603,false],"2048x2048":["https:\/\/www.anika-net.de\/wp-content\/uploads\/2026\/03\/ajs_logo_elterntalk_4c.jpg",1280,603,false],"event-overview":["https:\/\/www.anika-net.de\/wp-content\/uploads\/2026\/03\/ajs_logo_elterntalk_4c-960x603.jpg",960,603,true],"event-archive-thumb":["https:\/\/www.anika-net.de\/wp-content\/uploads\/2026\/03\/ajs_logo_elterntalk_4c-480x226.jpg",480,226,true],"grid-item-thumbnail":["https:\/\/www.anika-net.de\/wp-content\/uploads\/2026\/03\/ajs_logo_elterntalk_4c-360x200.jpg",360,200,true],"network-partner-icon":["https:\/\/www.anika-net.de\/wp-content\/uploads\/2026\/03\/ajs_logo_elterntalk_4c-100x100.jpg",100,100,true],"organiser-icon":["https:\/\/www.anika-net.de\/wp-content\/uploads\/2026\/03\/ajs_logo_elterntalk_4c-200x200.jpg",200,200,true],"gform-image-choice-sm":["https:\/\/www.anika-net.de\/wp-content\/uploads\/2026\/03\/ajs_logo_elterntalk_4c.jpg",300,141,false],"gform-image-choice-md":["https:\/\/www.anika-net.de\/wp-content\/uploads\/2026\/03\/ajs_logo_elterntalk_4c.jpg",400,188,false],"gform-image-choice-lg":["https:\/\/www.anika-net.de\/wp-content\/uploads\/2026\/03\/ajs_logo_elterntalk_4c.jpg",600,283,false]},"uagb_author_info":{"display_name":"Andrea Ramirez","author_link":"https:\/\/www.anika-net.de\/tr\/author\/andrea-ramirez\/"},"uagb_comment_info":0,"uagb_excerpt":"Eltern\u00adtalk \u2014 Ebe\u00adveyn\u00adler i\u00e7in Aile Haya\u00adt\u0131 ve Med\u00adya Hak\u00adk\u0131n\u00adda Konu\u00ad\u015fa\u00adbi\u00adle\u00adcek\u00adle\u00adri Bir Bulu\u015f\u00adma&nbsp;Alan\u0131 Eltern\u00adtalk&nbsp;nedir? Eltern\u00adtalk, anne ve baba\u00adla\u00adr\u0131n rahat bir ortam\u00adda bir ara\u00adya gele\u00adrek g\u00fcn\u00adl\u00fck aile haya\u00adt\u0131, med\u00adya kul\u00adla\u00adn\u0131\u00adm\u0131, ak\u0131l\u00adl\u0131 tele\u00adfon&nbsp;daha fazla okuyun","_links":{"self":[{"href":"https:\/\/www.anika-net.de\/tr\/wp-json\/wp\/v2\/event\/119583","targetHints":{"allow":["GET"]}}],"collection":[{"href":"https:\/\/www.anika-net.de\/tr\/wp-json\/wp\/v2\/event"}],"about":[{"href":"https:\/\/www.anika-net.de\/tr\/wp-json\/wp\/v2\/types\/event"}],"author":[{"embeddable":true,"href":"https:\/\/www.anika-net.de\/tr\/wp-json\/wp\/v2\/users\/12"}],"version-history":[{"count":2,"href":"https:\/\/www.anika-net.de\/tr\/wp-json\/wp\/v2\/event\/119583\/revisions"}],"predecessor-version":[{"id":119670,"href":"https:\/\/www.anika-net.de\/tr\/wp-json\/wp\/v2\/event\/119583\/revisions\/119670"}],"acf:post":[{"embeddable":true,"href":"https:\/\/www.anika-net.de\/tr\/wp-json\/wp\/v2\/organiser\/46610"}],"acf:term":[{"embeddable":true,"taxonomy":"event_category","href":"https:\/\/www.anika-net.de\/tr\/wp-json\/wp\/v2\/event_category\/94"}],"wp:featuredmedia":[{"embeddable":true,"href":"https:\/\/www.anika-net.de\/tr\/wp-json\/wp\/v2\/media\/119582"}],"wp:attachment":[{"href":"https:\/\/www.anika-net.de\/tr\/wp-json\/wp\/v2\/media?parent=119583"}],"curies":[{"name":"wp","href":"https:\/\/api.w.org\/{rel}","templated":true}]}}