{"id":119404,"date":"2026-02-23T12:06:40","date_gmt":"2026-02-23T11:06:40","guid":{"rendered":"https:\/\/www.anika-net.de\/event\/amia-somuruye-dayali-islerde-calisan-gocmenler-icin-irtibat-noktasi\/"},"modified":"2026-02-23T12:06:41","modified_gmt":"2026-02-23T11:06:41","slug":"amia-somuruye-dayali-islerde-calisan-gocmenler-icin-irtibat-noktasi","status":"publish","type":"event","link":"https:\/\/www.anika-net.de\/tr\/event\/amia-somuruye-dayali-islerde-calisan-gocmenler-icin-irtibat-noktasi\/","title":{"rendered":"AMIA- S\u00f6m\u00fc\u00adr\u00fc\u00adye daya\u00adl\u0131 i\u015fler\u00adde \u00e7al\u0131\u00ad\u015fan g\u00f6\u00e7\u00admen\u00adler i\u00e7in irti\u00adbat noktas\u0131"},"content":{"rendered":"\n<p><strong>AMIA<\/strong>, <strong>Karls\u00adru\u00adhe\u00ad\u2019\u00adde ya\u015fa\u00adyan<\/strong> veya \u00e7al\u0131\u00ad\u015fan ya da Karls\u00adru\u00adhe\u00ad\u2019\u00adye gelen ve \u00e7al\u0131\u015f\u00adma\u00adya ba\u015f\u00adla\u00admak \u00fcze\u00adre olan <strong>g\u00fcven\u00adsiz ya\u015fam veya \u00e7al\u0131\u015f\u00adma ko\u015ful\u00adla\u00adr\u0131n\u00adda\u00adki g\u00f6\u00e7\u00admen\u00adler i\u00e7in bir irti\u00adbat nok\u00adta\u00ads\u0131\u00add\u0131r<\/strong>.<\/p>\n\n<ul class=\"wp-block-list\">\n<li>Karls\u00adru\u00adhe\u00ad\u2019\u00adde mi ya\u015f\u0131\u00adyor veya \u00e7al\u0131\u015f\u0131yorsunuz?&nbsp;<\/li>\n\n\n\n<li>\u0130\u015f yerin\u00adde sorun\u00adla\u00adr\u0131\u00adn\u0131z m\u0131&nbsp;var?<\/li>\n\n\n\n<li>Hi\u00e7 ya da \u00e7ok az maa\u015f m\u0131 al\u0131yorsunuz?<\/li>\n\n\n\n<li>\u0130\u015fin\u00adizi mi kaybettiniz?<\/li>\n\n\n\n<li>Hak\u00adla\u00adr\u0131\u00adn\u0131z hak\u00adk\u0131n\u00adda soru\u00adla\u00adr\u0131\u00adn\u0131z m\u0131&nbsp;var?<\/li>\n<\/ul>\n\n<p><strong>Tele\u00adfon\u00adla, e\u2011postayla, \u00e7ev\u00adri\u00admi\u00ad\u00e7i ola\u00adrak ve \u015fah\u00adsen<\/strong> dan\u0131\u015f\u00adman\u00adl\u0131k hiz\u00adme\u00adti sunu\u00adyo\u00adruz. L\u00fct\u00adfen <strong>\u00f6nce\u00adden<\/strong> bir <strong>ran\u00adde\u00advu<\/strong> plan\u00adla\u00ady\u0131n.<br><strong>AMIA \u00e7ok dil\u00adli dan\u0131\u015f\u00adman\u00adl\u0131k hiz\u00adme\u00adti sunu\u00adyor\ud83d\udcce<\/strong><strong><a href=\"https:\/\/www.anika-net.de\/wp-content\/uploads\/2026\/02\/ESF-Amia_Plakat.pdf\">El ila\u00adn\u0131<\/a><\/strong>. \u0130ht\u00adiy\u00ada\u00e7 duy\u00adma\u00adn\u0131z halin\u00adde <strong>ter\u00adc\u00fc\u00adman\u00adlar<\/strong> ayar\u00adla\u00adya\u00adca\u00ad\u011f\u0131z.<br><strong>\u00dccret\u00adsiz, giz\u00adli ve k\u00f6ken ve ika\u00admet duru\u00admu\u00adna bak\u0131l\u00admak\u00ads\u0131\u00adz\u0131n<\/strong> dan\u0131\u015f\u00adman\u00adl\u0131k hiz\u00adme\u00adti veriyoruz.&nbsp;<\/p>\n\n<h3 class=\"wp-block-heading\"><span style=\"color: #3d52a0;\" class=\"stk-highlight\">\u0130let\u00adi\u015f\u00adim Noktalar\u0131m\u0131z:<\/span><\/h3>\n\n<p><strong>AMIA Dan\u0131\u015f\u00adma Mer\u00adke\u00adzi<\/strong><br>Karlst\u00adra\u00ad\u00dfe 56<br>76133 Karls\u00adru\u00adhe<\/p>\n\n<p><strong>Karls\u00adru\u00adhe Tren \u0130st\u00adasy\u00adonu Mis\u00adyo\u00adnu<\/strong><br>Bahn\u00adhofsp\u00adlatz 1 \/ Plat\u00adform 101<br>76137 Karls\u00adru\u00adhe<\/p>\n\n<p><em><span style=\"color: #8697c4;\" class=\"stk-highlight\">Avru\u00adpa Bir\u00adli\u00ad\u011fi ve Baden-W\u00fcrt\u00adtem\u00adberg Eko\u00adno\u00admik \u0130\u015fl\u00ader, \u00c7al\u0131\u015f\u00adma ve Turizm Bakan\u00adl\u0131\u00ad\u011f\u0131 tara\u00adf\u0131n\u00addan ortak\u00adla\u00ad\u015fa finan\u00adse edilmektedir<\/span><\/em><\/p>\n","protected":false},"author":12,"featured_media":119511,"template":"","class_list":["post-119404","event","type-event","status-publish","has-post-thumbnail","hentry","event_category-is"],"acf":{"event-recurring":true,"event-category":96,"event-is-language-course":false,"event-recurring-still-active":true,"event-display-details":true,"event-schedules-recurring":[{"event-recurring-week-day":false,"event-recurring-time":"","event-recurring-time-text":""},{"event-recurring-week-day":"1","event-recurring-time":"","event-recurring-time-text":""},{"event-recurring-week-day":"2","event-recurring-time":"","event-recurring-time-text":""},{"event-recurring-week-day":"3","event-recurring-time":"","event-recurring-time-text":""},{"event-recurring-week-day":"4","event-recurring-time":"","event-recurring-time-text":""}],"event-schedules-calendar":null,"event-is-online":false,"event-online-url":"","event-location-building":"AMIA Kontaktstelle","event-location-street":"Karlstra\u00dfe 56","event-location-zip":"76133","event-location-city":"Karlsruhe","event-location-contact-person":"","event-location-phone":"0721 20397-291 (Italian, German, English, Spanish)","event-location-phone-2":"0721 20397-292 (Ungarisch, Rum\u00e4nisch, Deutsch)","event-location-mail":"amia@dw-karlsruhe.de","event-location-mail-2":"","event-location-website":"https:\/\/www.dw-karlsruhe.de\/unsere-angebote\/migration-und-integration\/amia-kontaktstelle-fuer-personen-in-arbeitsausbeuterischer-beschaeftigung\/","event-target-group":[{"target-group":"adults"}],"event-target-group-comment":"s\u00f6m\u00fcr\u00fcc\u00fc i\u015flerde \u00e7al\u0131\u015fan g\u00f6\u00e7menler i\u00e7in","event-free":true,"event-organiser":[16042,119550,23603,16105],"event-header-copyright-overlay":true,"event-copyright-note-description-end":false},"featured_image_urls_v2":{"full":["https:\/\/www.anika-net.de\/wp-content\/uploads\/2026\/02\/ESF-Amia_Mailsignatur_page-0001.jpg",1028,532,false],"thumbnail":["https:\/\/www.anika-net.de\/wp-content\/uploads\/2026\/02\/ESF-Amia_Mailsignatur_page-0001-150x150.jpg",150,150,true],"medium":["https:\/\/www.anika-net.de\/wp-content\/uploads\/2026\/02\/ESF-Amia_Mailsignatur_page-0001-300x155.jpg",300,155,true],"medium_large":["https:\/\/www.anika-net.de\/wp-content\/uploads\/2026\/02\/ESF-Amia_Mailsignatur_page-0001-768x397.jpg",640,331,true],"large":["https:\/\/www.anika-net.de\/wp-content\/uploads\/2026\/02\/ESF-Amia_Mailsignatur_page-0001-1024x530.jpg",640,331,true],"1536x1536":["https:\/\/www.anika-net.de\/wp-content\/uploads\/2026\/02\/ESF-Amia_Mailsignatur_page-0001.jpg",1028,532,false],"2048x2048":["https:\/\/www.anika-net.de\/wp-content\/uploads\/2026\/02\/ESF-Amia_Mailsignatur_page-0001.jpg",1028,532,false],"event-overview":["https:\/\/www.anika-net.de\/wp-content\/uploads\/2026\/02\/ESF-Amia_Mailsignatur_page-0001-960x532.jpg",960,532,true],"event-archive-thumb":["https:\/\/www.anika-net.de\/wp-content\/uploads\/2026\/02\/ESF-Amia_Mailsignatur_page-0001-480x248.jpg",480,248,true],"grid-item-thumbnail":["https:\/\/www.anika-net.de\/wp-content\/uploads\/2026\/02\/ESF-Amia_Mailsignatur_page-0001-360x200.jpg",360,200,true],"network-partner-icon":["https:\/\/www.anika-net.de\/wp-content\/uploads\/2026\/02\/ESF-Amia_Mailsignatur_page-0001-100x100.jpg",100,100,true],"organiser-icon":["https:\/\/www.anika-net.de\/wp-content\/uploads\/2026\/02\/ESF-Amia_Mailsignatur_page-0001-200x200.jpg",200,200,true],"gform-image-choice-sm":["https:\/\/www.anika-net.de\/wp-content\/uploads\/2026\/02\/ESF-Amia_Mailsignatur_page-0001.jpg",300,155,false],"gform-image-choice-md":["https:\/\/www.anika-net.de\/wp-content\/uploads\/2026\/02\/ESF-Amia_Mailsignatur_page-0001.jpg",400,207,false],"gform-image-choice-lg":["https:\/\/www.anika-net.de\/wp-content\/uploads\/2026\/02\/ESF-Amia_Mailsignatur_page-0001.jpg",600,311,false]},"post_excerpt_stackable_v2":"<p>AMIA, Karls\u00adru\u00adhe\u00ad\u2019\u00adde ya\u015fa\u00adyan veya \u00e7al\u0131\u00ad\u015fan ya da Karls\u00adru\u00adhe\u00ad\u2019\u00adye gelen ve \u00e7al\u0131\u015f\u00adma\u00adya ba\u015f\u00adla\u00admak \u00fcze\u00adre olan g\u00fcven\u00adsiz ya\u015fam veya \u00e7al\u0131\u015f\u00adma ko\u015ful\u00adla\u00adr\u0131n\u00adda\u00adki g\u00f6\u00e7\u00admen\u00adler i\u00e7in bir irti\u00adbat nok\u00adta\u00ads\u0131\u00add\u0131r. Karls\u00adru\u00adhe\u00ad\u2019\u00adde mi ya\u015f\u0131\u00adyor veya \u00e7al\u0131\u00ad\u015f\u0131\u00adyor\u00adsu\u00adnuz?&nbsp; \u0130\u015f yerin\u00adde sorun\u00adla\u00adr\u0131\u00adn\u0131z m\u0131&nbsp;var? Hi\u00e7 ya da \u00e7ok az maa\u015f m\u0131 al\u0131\u00adyor\u00adsu\u00adnuz? \u0130\u015fin\u00adizi mi kay\u00adbet\u00adti\u00adniz? Hak\u00adla\u00adr\u0131\u00adn\u0131z hak\u00adk\u0131n\u00adda soru\u00adla\u00adr\u0131\u00adn\u0131z m\u0131&nbsp;var? Tele\u00adfon\u00adla, e\u2011postayla, \u00e7ev\u00adri\u00admi\u00ad\u00e7i ola\u00adrak ve \u015fah\u00adsen dan\u0131\u015f\u00adman\u00adl\u0131k hiz\u00adme\u00adti sunu\u00adyo\u00adruz. L\u00fct\u00adfen \u00f6nce\u00adden bir ran\u00adde\u00advu plan\u00adla\u00ady\u0131n.AMIA \u00e7ok dil\u00adli dan\u0131\u015f\u00adman\u00adl\u0131k hiz\u00adme\u00adti sunu\u00adyor\ud83d\udcceEl ila\u00adn\u0131. \u0130ht\u00adiy\u00ada\u00e7 duy\u00adma\u00adn\u0131z halin\u00adde ter\u00adc\u00fc\u00adman\u00adlar ayar\u00adla\u00adya\u00adca\u00ad\u011f\u0131z.\u00dccret\u00adsiz, giz\u00adli ve k\u00f6ken ve ika\u00admet duru\u00admu\u00adna bak\u0131l\u00admak\u00ads\u0131\u00adz\u0131n dan\u0131\u015f\u00adman\u00adl\u0131k hiz\u00adme\u00adti veri\u00adyo\u00adruz.&nbsp; \u0130let\u00adi\u015f\u00adim Nok\u00adta\u00adla\u00adr\u0131\u00adm\u0131z: AMIA Dan\u0131\u015f\u00adma Mer\u00adke\u00adziKarlst\u00adra\u00ad\u00dfe 5676133 Karls\u00adru\u00adhe Karls\u00adru\u00adhe Tren \u0130st\u00adasy\u00adonu Mis\u00adyo\u00adnuBahn\u00adhofsp\u00adlatz 1 \/ Plat\u00adform 10176137 Karls\u00adru\u00adhe Avrupa\u2026<\/p>\n","category_list_v2":"","author_info_v2":{"name":"Andrea Ramirez","url":"https:\/\/www.anika-net.de\/tr\/author\/andrea-ramirez\/"},"comments_num_v2":"0 comments","uagb_featured_image_src":{"full":["https:\/\/www.anika-net.de\/wp-content\/uploads\/2026\/02\/ESF-Amia_Mailsignatur_page-0001.jpg",1028,532,false],"thumbnail":["https:\/\/www.anika-net.de\/wp-content\/uploads\/2026\/02\/ESF-Amia_Mailsignatur_page-0001-150x150.jpg",150,150,true],"medium":["https:\/\/www.anika-net.de\/wp-content\/uploads\/2026\/02\/ESF-Amia_Mailsignatur_page-0001-300x155.jpg",300,155,true],"medium_large":["https:\/\/www.anika-net.de\/wp-content\/uploads\/2026\/02\/ESF-Amia_Mailsignatur_page-0001-768x397.jpg",640,331,true],"large":["https:\/\/www.anika-net.de\/wp-content\/uploads\/2026\/02\/ESF-Amia_Mailsignatur_page-0001-1024x530.jpg",640,331,true],"1536x1536":["https:\/\/www.anika-net.de\/wp-content\/uploads\/2026\/02\/ESF-Amia_Mailsignatur_page-0001.jpg",1028,532,false],"2048x2048":["https:\/\/www.anika-net.de\/wp-content\/uploads\/2026\/02\/ESF-Amia_Mailsignatur_page-0001.jpg",1028,532,false],"event-overview":["https:\/\/www.anika-net.de\/wp-content\/uploads\/2026\/02\/ESF-Amia_Mailsignatur_page-0001-960x532.jpg",960,532,true],"event-archive-thumb":["https:\/\/www.anika-net.de\/wp-content\/uploads\/2026\/02\/ESF-Amia_Mailsignatur_page-0001-480x248.jpg",480,248,true],"grid-item-thumbnail":["https:\/\/www.anika-net.de\/wp-content\/uploads\/2026\/02\/ESF-Amia_Mailsignatur_page-0001-360x200.jpg",360,200,true],"network-partner-icon":["https:\/\/www.anika-net.de\/wp-content\/uploads\/2026\/02\/ESF-Amia_Mailsignatur_page-0001-100x100.jpg",100,100,true],"organiser-icon":["https:\/\/www.anika-net.de\/wp-content\/uploads\/2026\/02\/ESF-Amia_Mailsignatur_page-0001-200x200.jpg",200,200,true],"gform-image-choice-sm":["https:\/\/www.anika-net.de\/wp-content\/uploads\/2026\/02\/ESF-Amia_Mailsignatur_page-0001.jpg",300,155,false],"gform-image-choice-md":["https:\/\/www.anika-net.de\/wp-content\/uploads\/2026\/02\/ESF-Amia_Mailsignatur_page-0001.jpg",400,207,false],"gform-image-choice-lg":["https:\/\/www.anika-net.de\/wp-content\/uploads\/2026\/02\/ESF-Amia_Mailsignatur_page-0001.jpg",600,311,false]},"uagb_author_info":{"display_name":"Andrea Ramirez","author_link":"https:\/\/www.anika-net.de\/tr\/author\/andrea-ramirez\/"},"uagb_comment_info":0,"uagb_excerpt":"AMIA, Karls\u00adru\u00adhe\u00ad\u2019\u00adde ya\u015fa\u00adyan veya \u00e7al\u0131\u00ad\u015fan ya da Karls\u00adru\u00adhe\u00ad\u2019\u00adye gelen ve \u00e7al\u0131\u015f\u00adma\u00adya ba\u015f\u00adla\u00admak \u00fcze\u00adre olan g\u00fcven\u00adsiz ya\u015fam veya \u00e7al\u0131\u015f\u00adma ko\u015ful\u00adla\u00adr\u0131n\u00adda\u00adki g\u00f6\u00e7\u00admen\u00adler i\u00e7in bir irti\u00adbat nok\u00adta\u00ads\u0131\u00add\u0131r. Tele\u00adfon\u00adla, e\u2011postayla, \u00e7ev\u00adri\u00admi\u00ad\u00e7i ola\u00adrak ve \u015fah\u00adsen&nbsp;daha fazla okuyun","_links":{"self":[{"href":"https:\/\/www.anika-net.de\/tr\/wp-json\/wp\/v2\/event\/119404","targetHints":{"allow":["GET"]}}],"collection":[{"href":"https:\/\/www.anika-net.de\/tr\/wp-json\/wp\/v2\/event"}],"about":[{"href":"https:\/\/www.anika-net.de\/tr\/wp-json\/wp\/v2\/types\/event"}],"author":[{"embeddable":true,"href":"https:\/\/www.anika-net.de\/tr\/wp-json\/wp\/v2\/users\/12"}],"version-history":[{"count":1,"href":"https:\/\/www.anika-net.de\/tr\/wp-json\/wp\/v2\/event\/119404\/revisions"}],"predecessor-version":[{"id":119405,"href":"https:\/\/www.anika-net.de\/tr\/wp-json\/wp\/v2\/event\/119404\/revisions\/119405"}],"acf:post":[{"embeddable":true,"href":"https:\/\/www.anika-net.de\/tr\/wp-json\/wp\/v2\/organiser\/16105"},{"embeddable":true,"href":"https:\/\/www.anika-net.de\/tr\/wp-json\/wp\/v2\/organiser\/23603"},{"embeddable":true,"href":"https:\/\/www.anika-net.de\/tr\/wp-json\/wp\/v2\/organiser\/119550"},{"embeddable":true,"href":"https:\/\/www.anika-net.de\/tr\/wp-json\/wp\/v2\/organiser\/16042"}],"acf:term":[{"embeddable":true,"taxonomy":"event_category","href":"https:\/\/www.anika-net.de\/tr\/wp-json\/wp\/v2\/event_category\/96"}],"wp:featuredmedia":[{"embeddable":true,"href":"https:\/\/www.anika-net.de\/tr\/wp-json\/wp\/v2\/media\/119511"}],"wp:attachment":[{"href":"https:\/\/www.anika-net.de\/tr\/wp-json\/wp\/v2\/media?parent=119404"}],"curies":[{"name":"wp","href":"https:\/\/api.w.org\/{rel}","templated":true}]}}