{"id":118437,"date":"2026-01-28T18:49:39","date_gmt":"2026-01-28T17:49:39","guid":{"rendered":"https:\/\/www.anika-net.de\/event\/goc-deneyimi-olan-kadinlar-icin-dil-kafesi\/"},"modified":"2026-01-28T18:49:43","modified_gmt":"2026-01-28T17:49:43","slug":"goc-deneyimi-olan-kadinlar-icin-dil-kafesi","status":"publish","type":"event","link":"https:\/\/www.anika-net.de\/tr\/event\/goc-deneyimi-olan-kadinlar-icin-dil-kafesi\/","title":{"rendered":"G\u00f6\u00e7 dene\u00adyi\u00admi olan kad\u0131n\u00adlar i\u00e7in dil kafesi"},"content":{"rendered":"\n<p><em>Fre\u00adun\u00addesk\u00adre\u00adis Asyl Karls\u00adru\u00adhe e.V.<\/em> her <strong>\u00c7ar\u00ad\u015fam\u00adba \u00f6\u011fle\u00adden son\u00adra<\/strong> <strong>g\u00f6\u00e7\u00admen\u00adlik dene\u00adyi\u00admi olan kad\u0131n\u00adlar i\u00e7in bir Dil Kafe\u00adsi<\/strong> d\u00fczen\u00adle\u00admek\u00adte\u00addir.<br>Kat\u0131\u00adl\u0131m <strong>\u00fccret\u00adsiz\u00addir<\/strong>.<\/p>\n\n<p>\u0130st\u00ader&nbsp;misin?<\/p>\n\n<ul class=\"wp-block-list\">\n<li>Alman\u00adca konu\u015f\u00adma pra\u00adti\u00ad\u011fi yap\u0131\u00adyor\u00adsu\u00adnuz ama bunun i\u00e7in f\u0131r\u00adsa\u00adt\u0131\u00adn\u0131z m\u0131&nbsp;yok?<\/li>\n\n\n\n<li>Dil kurs\u00adla\u00adr\u0131n\u00adda \u00e7ok az zaman oldu\u00ad\u011fu i\u00e7in rahat bir ortam\u00adda Alman\u00adca konu\u015f\u00admak&nbsp;m\u0131?<\/li>\n\n\n\n<li>(ba\u015f\u00adka bir) dil kur\u00adsu\u00adna kat\u0131\u00adla\u00adma\u00adsa\u00adn\u0131z bile Alman\u00adca\u00adn\u0131\u00adz\u0131 geli\u015f\u00adtir\u00admek mi istiyorsunuz?<\/li>\n\n\n\n<li>di\u011fer kad\u0131n\u00adlar\u00adla tan\u0131\u015f\u00admak ve yeni arka\u00adda\u015f\u00adlar edinmek?<\/li>\n<\/ul>\n\n<p>O zaman <strong>Dil Kafe\u00admiz<\/strong> sizin i\u00e7in do\u011f\u00adru&nbsp;yer&nbsp;\ud83d\udcd5\u2615<\/p>\n\n<p>Dil Kafe, bir dil kur\u00adsu\u00adnu tamam\u00adla\u00adm\u0131\u015f olsun ya da olma\u00ads\u0131n, biraz Alman\u00adca bilen ve konu\u015f\u00adma pra\u00adti\u00ad\u011fi yap\u00admak iste\u00adyen, <strong>g\u00f6\u00e7 dene\u00adyi\u00admi olan t\u00fcm kad\u0131n\u00adla\u00adra<\/strong> a\u00e7\u0131k\u00adt\u0131r.<br>\ud83d\udc49 Dil <strong>ser\u00adti\u00adfi\u00adka\u00ads\u0131 <\/strong>gerek\u00admez.<\/p>\n\n<p>Bir\u00adlik\u00adte kah\u00adve\u00adnin tad\u0131\u00adn\u0131 \u00e7\u0131kar\u00admak, bir\u00adbi\u00adri\u00admi\u00adzi tan\u0131\u00admak ve g\u00fcn\u00adl\u00fck konu\u00adlar hak\u00adk\u0131n\u00adda konu\u015f\u00admak i\u00e7in sami\u00admi ve gay\u00adri res\u00admi bir ortam\u00adda bulu\u00ad\u015fu\u00adyo\u00adruz.<br>\ud83d\udc49 <strong>Kay\u0131t <\/strong>gerek\u00adli de\u011fildir.<\/p>\n\n<p><\/p>\n","protected":false},"author":12,"featured_media":118436,"template":"","class_list":["post-118437","event","type-event","status-publish","has-post-thumbnail","hentry","event_category-egitim"],"acf":{"event-recurring":false,"event-category":94,"event-is-language-course":false,"event-recurring-still-active":true,"event-display-details":true,"event-schedules-recurring":null,"event-schedules-calendar":[{"event-calendar-day":"20260204","event-calendar-time":"","event-calendar-time-text":""},{"event-calendar-day":"20260218","event-calendar-time":"","event-calendar-time-text":""},{"event-calendar-day":"20260304","event-calendar-time":"","event-calendar-time-text":""},{"event-calendar-day":"20260318","event-calendar-time":"14:30 - 16:30","event-calendar-time-text":""}],"event-is-online":false,"event-online-url":"","event-location-building":"","event-location-street":"Kronenplatz 1","event-location-zip":"76133","event-location-city":"Karlsruhe","event-location-contact-person":"Yassmin Dawallu-P\u00f6hler \/ Sophie Burkart","event-location-phone":"0176 4229 7070","event-location-phone-2":"0160 147 0188","event-location-mail":"yassmin.dawallu-poehler@fka-ka.de","event-location-mail-2":"sophie.burkart@fka-ka.de","event-location-website":"https:\/\/fka-ka.de\/sprachcafe-fuer-frauen-mit-migrationserfahrung\/","event-target-group":[{"target-group":"women"}],"event-target-group-comment":"","event-free":true,"event-organiser":[16113],"event-header-copyright-overlay":true,"event-copyright-note-description-end":false},"featured_image_urls_v2":{"full":["https:\/\/www.anika-net.de\/wp-content\/uploads\/2026\/01\/sprachcafe.jpg",1082,395,false],"thumbnail":["https:\/\/www.anika-net.de\/wp-content\/uploads\/2026\/01\/sprachcafe-150x150.jpg",150,150,true],"medium":["https:\/\/www.anika-net.de\/wp-content\/uploads\/2026\/01\/sprachcafe-300x110.jpg",300,110,true],"medium_large":["https:\/\/www.anika-net.de\/wp-content\/uploads\/2026\/01\/sprachcafe-768x280.jpg",640,233,true],"large":["https:\/\/www.anika-net.de\/wp-content\/uploads\/2026\/01\/sprachcafe-1024x374.jpg",640,234,true],"1536x1536":["https:\/\/www.anika-net.de\/wp-content\/uploads\/2026\/01\/sprachcafe.jpg",1082,395,false],"2048x2048":["https:\/\/www.anika-net.de\/wp-content\/uploads\/2026\/01\/sprachcafe.jpg",1082,395,false],"event-overview":["https:\/\/www.anika-net.de\/wp-content\/uploads\/2026\/01\/sprachcafe-960x395.jpg",960,395,true],"event-archive-thumb":["https:\/\/www.anika-net.de\/wp-content\/uploads\/2026\/01\/sprachcafe-480x175.jpg",480,175,true],"grid-item-thumbnail":["https:\/\/www.anika-net.de\/wp-content\/uploads\/2026\/01\/sprachcafe-360x200.jpg",360,200,true],"network-partner-icon":["https:\/\/www.anika-net.de\/wp-content\/uploads\/2026\/01\/sprachcafe-100x100.jpg",100,100,true],"organiser-icon":["https:\/\/www.anika-net.de\/wp-content\/uploads\/2026\/01\/sprachcafe-200x200.jpg",200,200,true],"gform-image-choice-sm":["https:\/\/www.anika-net.de\/wp-content\/uploads\/2026\/01\/sprachcafe.jpg",300,110,false],"gform-image-choice-md":["https:\/\/www.anika-net.de\/wp-content\/uploads\/2026\/01\/sprachcafe.jpg",400,146,false],"gform-image-choice-lg":["https:\/\/www.anika-net.de\/wp-content\/uploads\/2026\/01\/sprachcafe.jpg",600,219,false]},"post_excerpt_stackable_v2":"<p>Fre\u00adun\u00addesk\u00adre\u00adis Asyl Karls\u00adru\u00adhe e.V. her \u00c7ar\u00ad\u015fam\u00adba \u00f6\u011fle\u00adden son\u00adra g\u00f6\u00e7\u00admen\u00adlik dene\u00adyi\u00admi olan kad\u0131n\u00adlar i\u00e7in bir Dil Kafe\u00adsi d\u00fczen\u00adle\u00admek\u00adte\u00addir.Kat\u0131\u00adl\u0131m \u00fccret\u00adsiz\u00addir. \u0130st\u00ader&nbsp;misin? Alman\u00adca konu\u015f\u00adma pra\u00adti\u00ad\u011fi yap\u0131\u00adyor\u00adsu\u00adnuz ama bunun i\u00e7in f\u0131r\u00adsa\u00adt\u0131\u00adn\u0131z m\u0131&nbsp;yok? Dil kurs\u00adla\u00adr\u0131n\u00adda \u00e7ok az zaman oldu\u00ad\u011fu i\u00e7in rahat bir ortam\u00adda Alman\u00adca konu\u015f\u00admak&nbsp;m\u0131? (ba\u015f\u00adka bir) dil kur\u00adsu\u00adna kat\u0131\u00adla\u00adma\u00adsa\u00adn\u0131z bile Alman\u00adca\u00adn\u0131\u00adz\u0131 geli\u015f\u00adtir\u00admek mi isti\u00adyor\u00adsu\u00adnuz? di\u011fer kad\u0131n\u00adlar\u00adla tan\u0131\u015f\u00admak ve yeni arka\u00adda\u015f\u00adlar edin\u00admek? O zaman Dil Kafe\u00admiz sizin i\u00e7in do\u011f\u00adru&nbsp;yer&nbsp;\ud83d\udcd5\u2615 Dil Kafe, bir dil kur\u00adsu\u00adnu tamam\u00adla\u00adm\u0131\u015f olsun ya da olma\u00ads\u0131n, biraz Alman\u00adca bilen ve konu\u015f\u00adma pra\u00adti\u00ad\u011fi yap\u00admak iste\u00adyen, g\u00f6\u00e7 dene\u00adyi\u00admi olan t\u00fcm kad\u0131n\u00adla\u00adra a\u00e7\u0131k\u00adt\u0131r.\ud83d\udc49 Dil ser\u00adti\u00adfi\u00adka\u00ads\u0131 gerek\u00admez. Bir\u00adlik\u00adte kah\u00adve\u00adnin tad\u0131\u00adn\u0131 \u00e7\u0131kar\u00admak, bir\u00adbi\u00adri\u00admi\u00adzi tan\u0131\u00admak ve g\u00fcn\u00adl\u00fck konular\u2026<\/p>\n","category_list_v2":"","author_info_v2":{"name":"Andrea Ramirez","url":"https:\/\/www.anika-net.de\/tr\/author\/andrea-ramirez\/"},"comments_num_v2":"0 comments","uagb_featured_image_src":{"full":["https:\/\/www.anika-net.de\/wp-content\/uploads\/2026\/01\/sprachcafe.jpg",1082,395,false],"thumbnail":["https:\/\/www.anika-net.de\/wp-content\/uploads\/2026\/01\/sprachcafe-150x150.jpg",150,150,true],"medium":["https:\/\/www.anika-net.de\/wp-content\/uploads\/2026\/01\/sprachcafe-300x110.jpg",300,110,true],"medium_large":["https:\/\/www.anika-net.de\/wp-content\/uploads\/2026\/01\/sprachcafe-768x280.jpg",640,233,true],"large":["https:\/\/www.anika-net.de\/wp-content\/uploads\/2026\/01\/sprachcafe-1024x374.jpg",640,234,true],"1536x1536":["https:\/\/www.anika-net.de\/wp-content\/uploads\/2026\/01\/sprachcafe.jpg",1082,395,false],"2048x2048":["https:\/\/www.anika-net.de\/wp-content\/uploads\/2026\/01\/sprachcafe.jpg",1082,395,false],"event-overview":["https:\/\/www.anika-net.de\/wp-content\/uploads\/2026\/01\/sprachcafe-960x395.jpg",960,395,true],"event-archive-thumb":["https:\/\/www.anika-net.de\/wp-content\/uploads\/2026\/01\/sprachcafe-480x175.jpg",480,175,true],"grid-item-thumbnail":["https:\/\/www.anika-net.de\/wp-content\/uploads\/2026\/01\/sprachcafe-360x200.jpg",360,200,true],"network-partner-icon":["https:\/\/www.anika-net.de\/wp-content\/uploads\/2026\/01\/sprachcafe-100x100.jpg",100,100,true],"organiser-icon":["https:\/\/www.anika-net.de\/wp-content\/uploads\/2026\/01\/sprachcafe-200x200.jpg",200,200,true],"gform-image-choice-sm":["https:\/\/www.anika-net.de\/wp-content\/uploads\/2026\/01\/sprachcafe.jpg",300,110,false],"gform-image-choice-md":["https:\/\/www.anika-net.de\/wp-content\/uploads\/2026\/01\/sprachcafe.jpg",400,146,false],"gform-image-choice-lg":["https:\/\/www.anika-net.de\/wp-content\/uploads\/2026\/01\/sprachcafe.jpg",600,219,false]},"uagb_author_info":{"display_name":"Andrea Ramirez","author_link":"https:\/\/www.anika-net.de\/tr\/author\/andrea-ramirez\/"},"uagb_comment_info":0,"uagb_excerpt":"Fre\u00adun\u00addesk\u00adre\u00adis Asyl Karls\u00adru\u00adhe e.V. her \u00c7ar\u00ad\u015fam\u00adba \u00f6\u011fle\u00adden son\u00adra g\u00f6\u00e7\u00admen\u00adlik dene\u00adyi\u00admi olan kad\u0131n\u00adlar i\u00e7in bir Dil Kafe\u00adsi d\u00fczen\u00adle\u00admek\u00adte\u00addir.Kat\u0131\u00adl\u0131m \u00fccret\u00adsiz\u00addir. \u0130st\u00ader&nbsp;misin? O zaman Dil Kafe\u00admiz sizin i\u00e7in do\u011f\u00adru&nbsp;yer&nbsp;\ud83d\udcd5\u2615 Dil Kafe, bir dil&nbsp;daha fazla okuyun","_links":{"self":[{"href":"https:\/\/www.anika-net.de\/tr\/wp-json\/wp\/v2\/event\/118437","targetHints":{"allow":["GET"]}}],"collection":[{"href":"https:\/\/www.anika-net.de\/tr\/wp-json\/wp\/v2\/event"}],"about":[{"href":"https:\/\/www.anika-net.de\/tr\/wp-json\/wp\/v2\/types\/event"}],"author":[{"embeddable":true,"href":"https:\/\/www.anika-net.de\/tr\/wp-json\/wp\/v2\/users\/12"}],"version-history":[{"count":2,"href":"https:\/\/www.anika-net.de\/tr\/wp-json\/wp\/v2\/event\/118437\/revisions"}],"predecessor-version":[{"id":118439,"href":"https:\/\/www.anika-net.de\/tr\/wp-json\/wp\/v2\/event\/118437\/revisions\/118439"}],"acf:post":[{"embeddable":true,"href":"https:\/\/www.anika-net.de\/tr\/wp-json\/wp\/v2\/organiser\/16113"}],"acf:term":[{"embeddable":true,"taxonomy":"event_category","href":"https:\/\/www.anika-net.de\/tr\/wp-json\/wp\/v2\/event_category\/94"}],"wp:featuredmedia":[{"embeddable":true,"href":"https:\/\/www.anika-net.de\/tr\/wp-json\/wp\/v2\/media\/118436"}],"wp:attachment":[{"href":"https:\/\/www.anika-net.de\/tr\/wp-json\/wp\/v2\/media?parent=118437"}],"curies":[{"name":"wp","href":"https:\/\/api.w.org\/{rel}","templated":true}]}}