{"id":118365,"date":"2026-01-28T17:36:25","date_gmt":"2026-01-28T16:36:25","guid":{"rendered":"https:\/\/www.anika-net.de\/event\/kreativa\/"},"modified":"2026-01-28T17:36:29","modified_gmt":"2026-01-28T16:36:29","slug":"kreativa","status":"publish","type":"event","link":"https:\/\/www.anika-net.de\/tr\/event\/kreativa\/","title":{"rendered":"KREATIVA"},"content":{"rendered":"\n<h2 class=\"wp-block-heading\">Yara\u00adt\u0131\u00adc\u0131 kad\u0131n\u00adlar kafe\u00adsi\u00adne ho\u015f geldiniz.<\/h2>\n\n<p>Her ya\u015f\u00adtan ve k\u00f6ken\u00adden kad\u0131n\u00adlar bura\u00adda soh\u00adbet etmek, kah\u00adve\u00adnin tad\u0131\u00adn\u0131 \u00e7\u0131kar\u00admak ve yara\u00adt\u0131\u00adc\u0131 olmak i\u00e7in bulu\u015fuyor.<\/p>\n\n<p>\u0130st\u00ader \u00f6rg\u00fc \u00f6rmek, ister t\u0131\u011f i\u015fi yap\u00admak ya da sade\u00adce din\u00adlen\u00admek iste\u00adyin,<strong>bura\u00adda<\/strong> her\u00adke\u00adse kap\u0131\u00adm\u0131z<strong>a\u00e7\u0131k!<\/strong><\/p>\n\n<p><strong>\u00c7ocuk\u00adlar i\u00e7in \u00e7ocuk bak\u0131\u00adm\u0131 olan bir oyun ala\u00adn\u0131 bulun\u00admak\u00adta\u00add\u0131r<\/strong> \ud83e\uddf8<\/p>\n\n<p>Top\u00adlu\u00adlu\u00ad\u011fu, yara\u00adt\u0131\u00adc\u0131\u00adl\u0131\u00ad\u011f\u0131 ve rahat\u00adla\u00adma\u00ady\u0131 dene\u00adyim\u00adle\u00adyin \u2014 <strong>kay\u0131t gerek\u00admez<\/strong> \ud83e\udeb7<\/p>\n\n<p><strong>\ud83d\udcce<\/strong> <strong><a href=\"https:\/\/www.anika-net.de\/wp-content\/uploads\/2026\/01\/Kreativa_Flyer-1.pdf\">El ila\u00adn\u0131<\/a><\/strong><\/p>\n","protected":false},"author":12,"featured_media":118364,"template":"","class_list":["post-118365","event","type-event","status-publish","has-post-thumbnail","hentry","event_category-bos-vakit"],"acf":{"event-recurring":true,"event-category":97,"event-is-language-course":false,"event-recurring-still-active":true,"event-display-details":true,"event-schedules-recurring":[{"event-recurring-week-day":"2","event-recurring-time":"14:30 - 17:00","event-recurring-time-text":""}],"event-schedules-calendar":null,"event-is-online":false,"event-online-url":"","event-location-building":"Kulturk\u00fcche","event-location-street":"Kaiserstra\u00dfe 47","event-location-zip":"76131","event-location-city":"Karlsruhe","event-location-contact-person":"","event-location-phone":"","event-location-phone-2":"","event-location-mail":"","event-location-mail-2":"","event-location-website":"https:\/\/fka-ka.de\/kreativa\/","event-target-group":[{"target-group":"women"}],"event-target-group-comment":"","event-free":true,"event-organiser":[16113,16317,118356],"event-header-copyright-overlay":true,"event-copyright-note-description-end":false},"featured_image_urls_v2":{"full":["https:\/\/www.anika-net.de\/wp-content\/uploads\/2026\/01\/young-adult-reusing-fabric-material-scaled-e1769600572172.jpg",1707,1702,false],"thumbnail":["https:\/\/www.anika-net.de\/wp-content\/uploads\/2026\/01\/young-adult-reusing-fabric-material-scaled-e1769600572172-150x150.jpg",150,150,true],"medium":["https:\/\/www.anika-net.de\/wp-content\/uploads\/2026\/01\/young-adult-reusing-fabric-material-scaled-e1769600572172-300x300.jpg",300,300,true],"medium_large":["https:\/\/www.anika-net.de\/wp-content\/uploads\/2026\/01\/young-adult-reusing-fabric-material-scaled-e1769600572172-768x766.jpg",640,638,true],"large":["https:\/\/www.anika-net.de\/wp-content\/uploads\/2026\/01\/young-adult-reusing-fabric-material-scaled-e1769600572172-1024x1021.jpg",640,638,true],"1536x1536":["https:\/\/www.anika-net.de\/wp-content\/uploads\/2026\/01\/young-adult-reusing-fabric-material-scaled-e1769600572172-1536x1532.jpg",1536,1532,true],"2048x2048":["https:\/\/www.anika-net.de\/wp-content\/uploads\/2026\/01\/young-adult-reusing-fabric-material-1365x2048.jpg",1365,2048,true],"event-overview":["https:\/\/www.anika-net.de\/wp-content\/uploads\/2026\/01\/young-adult-reusing-fabric-material-scaled-e1769600572172-960x640.jpg",960,640,true],"event-archive-thumb":["https:\/\/www.anika-net.de\/wp-content\/uploads\/2026\/01\/young-adult-reusing-fabric-material-scaled-e1769600572172-480x479.jpg",480,479,true],"grid-item-thumbnail":["https:\/\/www.anika-net.de\/wp-content\/uploads\/2026\/01\/young-adult-reusing-fabric-material-scaled-e1769600572172-360x200.jpg",360,200,true],"network-partner-icon":["https:\/\/www.anika-net.de\/wp-content\/uploads\/2026\/01\/young-adult-reusing-fabric-material-scaled-e1769600572172-100x100.jpg",100,100,true],"organiser-icon":["https:\/\/www.anika-net.de\/wp-content\/uploads\/2026\/01\/young-adult-reusing-fabric-material-scaled-e1769600572172-200x200.jpg",200,200,true],"gform-image-choice-sm":["https:\/\/www.anika-net.de\/wp-content\/uploads\/2026\/01\/young-adult-reusing-fabric-material-scaled-e1769600572172-300x300.jpg",300,300,true],"gform-image-choice-md":["https:\/\/www.anika-net.de\/wp-content\/uploads\/2026\/01\/young-adult-reusing-fabric-material-scaled-e1769600572172-400x400.jpg",400,400,true],"gform-image-choice-lg":["https:\/\/www.anika-net.de\/wp-content\/uploads\/2026\/01\/young-adult-reusing-fabric-material-scaled-e1769600572172-600x600.jpg",600,600,true]},"post_excerpt_stackable_v2":"<p>Yara\u00adt\u0131\u00adc\u0131 kad\u0131n\u00adlar kafe\u00adsi\u00adne ho\u015f gel\u00addi\u00adniz. Her ya\u015f\u00adtan ve k\u00f6ken\u00adden kad\u0131n\u00adlar bura\u00adda soh\u00adbet etmek, kah\u00adve\u00adnin tad\u0131\u00adn\u0131 \u00e7\u0131kar\u00admak ve yara\u00adt\u0131\u00adc\u0131 olmak i\u00e7in bulu\u00ad\u015fu\u00adyor. \u0130st\u00ader \u00f6rg\u00fc \u00f6rmek, ister t\u0131\u011f i\u015fi yap\u00admak ya da sade\u00adce din\u00adlen\u00admek iste\u00adyin,bura\u00adda her\u00adke\u00adse kap\u0131\u00adm\u0131za\u00e7\u0131k! \u00c7ocuk\u00adlar i\u00e7in \u00e7ocuk bak\u0131\u00adm\u0131 olan bir oyun ala\u00adn\u0131 bulun\u00admak\u00adta\u00add\u0131r \ud83e\uddf8 Top\u00adlu\u00adlu\u00ad\u011fu, yara\u00adt\u0131\u00adc\u0131\u00adl\u0131\u00ad\u011f\u0131 ve rahat\u00adla\u00adma\u00ady\u0131 dene\u00adyim\u00adle\u00adyin \u2014 kay\u0131t gerek\u00admez \ud83e\udeb7 \ud83d\udcce El&nbsp;ilan\u0131<\/p>\n","category_list_v2":"","author_info_v2":{"name":"Andrea Ramirez","url":"https:\/\/www.anika-net.de\/tr\/author\/andrea-ramirez\/"},"comments_num_v2":"0 comments","uagb_featured_image_src":{"full":["https:\/\/www.anika-net.de\/wp-content\/uploads\/2026\/01\/young-adult-reusing-fabric-material-scaled-e1769600572172.jpg",1707,1702,false],"thumbnail":["https:\/\/www.anika-net.de\/wp-content\/uploads\/2026\/01\/young-adult-reusing-fabric-material-scaled-e1769600572172-150x150.jpg",150,150,true],"medium":["https:\/\/www.anika-net.de\/wp-content\/uploads\/2026\/01\/young-adult-reusing-fabric-material-scaled-e1769600572172-300x300.jpg",300,300,true],"medium_large":["https:\/\/www.anika-net.de\/wp-content\/uploads\/2026\/01\/young-adult-reusing-fabric-material-scaled-e1769600572172-768x766.jpg",640,638,true],"large":["https:\/\/www.anika-net.de\/wp-content\/uploads\/2026\/01\/young-adult-reusing-fabric-material-scaled-e1769600572172-1024x1021.jpg",640,638,true],"1536x1536":["https:\/\/www.anika-net.de\/wp-content\/uploads\/2026\/01\/young-adult-reusing-fabric-material-scaled-e1769600572172-1536x1532.jpg",1536,1532,true],"2048x2048":["https:\/\/www.anika-net.de\/wp-content\/uploads\/2026\/01\/young-adult-reusing-fabric-material-1365x2048.jpg",1365,2048,true],"event-overview":["https:\/\/www.anika-net.de\/wp-content\/uploads\/2026\/01\/young-adult-reusing-fabric-material-scaled-e1769600572172-960x640.jpg",960,640,true],"event-archive-thumb":["https:\/\/www.anika-net.de\/wp-content\/uploads\/2026\/01\/young-adult-reusing-fabric-material-scaled-e1769600572172-480x479.jpg",480,479,true],"grid-item-thumbnail":["https:\/\/www.anika-net.de\/wp-content\/uploads\/2026\/01\/young-adult-reusing-fabric-material-scaled-e1769600572172-360x200.jpg",360,200,true],"network-partner-icon":["https:\/\/www.anika-net.de\/wp-content\/uploads\/2026\/01\/young-adult-reusing-fabric-material-scaled-e1769600572172-100x100.jpg",100,100,true],"organiser-icon":["https:\/\/www.anika-net.de\/wp-content\/uploads\/2026\/01\/young-adult-reusing-fabric-material-scaled-e1769600572172-200x200.jpg",200,200,true],"gform-image-choice-sm":["https:\/\/www.anika-net.de\/wp-content\/uploads\/2026\/01\/young-adult-reusing-fabric-material-scaled-e1769600572172-300x300.jpg",300,300,true],"gform-image-choice-md":["https:\/\/www.anika-net.de\/wp-content\/uploads\/2026\/01\/young-adult-reusing-fabric-material-scaled-e1769600572172-400x400.jpg",400,400,true],"gform-image-choice-lg":["https:\/\/www.anika-net.de\/wp-content\/uploads\/2026\/01\/young-adult-reusing-fabric-material-scaled-e1769600572172-600x600.jpg",600,600,true]},"uagb_author_info":{"display_name":"Andrea Ramirez","author_link":"https:\/\/www.anika-net.de\/tr\/author\/andrea-ramirez\/"},"uagb_comment_info":0,"uagb_excerpt":"Yara\u00adt\u0131\u00adc\u0131 kad\u0131n\u00adlar kafe\u00adsi\u00adne ho\u015f geldiniz. Her ya\u015f\u00adtan ve k\u00f6ken\u00adden kad\u0131n\u00adlar bura\u00adda soh\u00adbet etmek, kah\u00adve\u00adnin tad\u0131\u00adn\u0131 \u00e7\u0131kar\u00admak ve yara\u00adt\u0131\u00adc\u0131 olmak i\u00e7in bulu\u015fuyor. \u0130st\u00ader \u00f6rg\u00fc \u00f6rmek, ister t\u0131\u011f i\u015fi yap\u00admak ya da&nbsp;daha fazla okuyun","_links":{"self":[{"href":"https:\/\/www.anika-net.de\/tr\/wp-json\/wp\/v2\/event\/118365","targetHints":{"allow":["GET"]}}],"collection":[{"href":"https:\/\/www.anika-net.de\/tr\/wp-json\/wp\/v2\/event"}],"about":[{"href":"https:\/\/www.anika-net.de\/tr\/wp-json\/wp\/v2\/types\/event"}],"author":[{"embeddable":true,"href":"https:\/\/www.anika-net.de\/tr\/wp-json\/wp\/v2\/users\/12"}],"version-history":[{"count":1,"href":"https:\/\/www.anika-net.de\/tr\/wp-json\/wp\/v2\/event\/118365\/revisions"}],"predecessor-version":[{"id":118366,"href":"https:\/\/www.anika-net.de\/tr\/wp-json\/wp\/v2\/event\/118365\/revisions\/118366"}],"acf:post":[{"embeddable":true,"href":"https:\/\/www.anika-net.de\/tr\/wp-json\/wp\/v2\/organiser\/118356"},{"embeddable":true,"href":"https:\/\/www.anika-net.de\/tr\/wp-json\/wp\/v2\/organiser\/16317"},{"embeddable":true,"href":"https:\/\/www.anika-net.de\/tr\/wp-json\/wp\/v2\/organiser\/16113"}],"acf:term":[{"embeddable":true,"taxonomy":"event_category","href":"https:\/\/www.anika-net.de\/tr\/wp-json\/wp\/v2\/event_category\/97"}],"wp:featuredmedia":[{"embeddable":true,"href":"https:\/\/www.anika-net.de\/tr\/wp-json\/wp\/v2\/media\/118364"}],"wp:attachment":[{"href":"https:\/\/www.anika-net.de\/tr\/wp-json\/wp\/v2\/media?parent=118365"}],"curies":[{"name":"wp","href":"https:\/\/api.w.org\/{rel}","templated":true}]}}