{"id":118296,"date":"2026-01-28T11:18:56","date_gmt":"2026-01-28T10:18:56","guid":{"rendered":"https:\/\/www.anika-net.de\/event\/benim-siram-kadinlar-ve-is\/"},"modified":"2026-01-28T11:18:58","modified_gmt":"2026-01-28T10:18:58","slug":"benim-siram-kadinlar-ve-is","status":"publish","type":"event","link":"https:\/\/www.anika-net.de\/tr\/event\/benim-siram-kadinlar-ve-is\/","title":{"rendered":"Benim S\u0131ram \u2014 Kad\u0131n\u00adlar ve&nbsp;\u0130\u015f"},"content":{"rendered":"\n<h2 class=\"wp-block-heading\">Karls\u00adru\u00adhe\u00ad\u2019\u00adde G\u00f6\u00e7\u00admen Kad\u0131n\u00adlar i\u00e7in Kari\u00adyer Deste\u011fi<\/h2>\n\n<p><strong>Benim S\u0131ram \u2014 Kad\u0131n\u00adlar ve \u0130\u015f,<\/strong> Karls\u00adru\u00adhe ve \u00e7ev\u00adre\u00adsin\u00adde ya\u015fa\u00adyan ve Alman\u00adya\u00ad\u2019\u00adda i\u015fg\u00fc\u00adc\u00fc piya\u00adsa\u00ads\u0131\u00adna (yeni\u00adden) gir\u00admek iste\u00adyen g\u00f6\u00e7\u00admen kad\u0131n\u00adla\u00adra y\u00f6ne\u00adlik bir kari\u00adyer des\u00adtek program\u0131d\u0131r.<\/p>\n\n<p>Ba\u015f\u00adka bir \u00fclke\u00adde do\u011f\u00admu\u015f ve Alman\u00adya\u00ad\u2019\u00adya gel\u00admi\u015f bir kad\u0131n m\u0131s\u0131\u00adn\u0131z?<br>Kari\u00adye\u00adri\u00adni\u00adzi geli\u015f\u00adtir\u00admek i\u00e7in pro\u00adfes\u00adyo\u00adnel reh\u00adber\u00adlik ve uzun vade\u00adli des\u00adtek ister misiniz?<\/p>\n\n<p>Yap\u00admak isteyebilirsin:<\/p>\n\n<ul class=\"wp-block-list\">\n<li>Alman\u00adca dil bece\u00adri\u00adle\u00adri\u00adni\u00adzi geli\u015ftirin<\/li>\n\n\n\n<li>mes\u00adle\u00adki e\u011fi\u00adti\u00adme veya ile\u00adri e\u011fi\u00adti\u00adme ba\u015flamak<\/li>\n\n\n\n<li>bece\u00adri\u00adle\u00adri\u00adni\u00adze ve ilgi alan\u00adla\u00adr\u0131\u00adn\u0131\u00adza uygun bir i\u015f&nbsp;bulun<\/li>\n\n\n\n<li>i\u015f ve aile haya\u00adt\u0131\u00adn\u0131 den\u00adge\u00adler\u00adken ken\u00addi geli\u00adri\u00adni\u00adzi elde&nbsp;edin<\/li>\n<\/ul>\n\n<p>G\u00f6\u00e7\u00admen kad\u0131n\u00adla\u00adr\u0131 \u015fu konu\u00adlar\u00adda destekliyoruz:<\/p>\n\n<ul class=\"wp-block-list\">\n<li>yaban\u00adc\u0131 ser\u00adti\u00adfi\u00adka ve yeter\u00adli\u00adlik\u00adle\u00adrin tan\u0131nmas\u0131<\/li>\n\n\n\n<li>Uygun bir Alman\u00adca dil kur\u00adsu bulmak<\/li>\n\n\n\n<li>Do\u011f\u00adru mes\u00adle\u00ad\u011fin veya mes\u00adle\u00adki e\u011fi\u00adti\u00admin belirlenmesi<\/li>\n\n\n\n<li>CV ve i\u015f ba\u015f\u00advu\u00adru\u00adsu&nbsp;yazma<\/li>\n\n\n\n<li>aile sorum\u00adlu\u00adluk\u00adla\u00adr\u0131 ve pro\u00adfes\u00adyo\u00adnel ya\u015fam ara\u00ads\u0131n\u00adda den\u00adge kurmak<\/li>\n<\/ul>\n\n<h3 class=\"wp-block-heading\">Ne Sunu\u00adyo\u00adruz  <\/h3>\n\n<ul class=\"wp-block-list\">\n<li>ki\u015fi\u00adsel bir kad\u0131n irti\u00adbat ki\u015fisi<\/li>\n\n\n\n<li>d\u00fczen\u00adli bire bir dan\u0131\u015f\u00adman\u00adl\u0131k seanslar\u0131<\/li>\n\n\n\n<li>kari\u00adyer\u00adle ilgi\u00adli konu\u00adlar\u00adda grup at\u00f6l\u00adye \u00e7al\u0131\u015fmalar\u0131<\/li>\n\n\n\n<li><strong>Ara\u00adl\u0131k 2028<\/strong>\u2019e kadar uzun vade\u00adli destek<\/li>\n\n\n\n<li>i\u015fg\u00fc\u00adc\u00fc piya\u00adsa\u00ads\u0131\u00adna s\u00fcr\u00add\u00fc\u00adr\u00fc\u00adle\u00adbi\u00adlir entegrasyon<\/li>\n\n\n\n<li>dil kurs\u00adla\u00adr\u0131, m\u00fcl\u00adte\u00adci\u00adler i\u00e7in tera\u00adpi ve \u00f6zel dan\u0131\u015f\u00adman\u00adl\u0131k gibi fka tara\u00adf\u0131n\u00addan sa\u011f\u00adla\u00adnan ek des\u00adtek hiz\u00admet\u00adle\u00adri\u00adne y\u00f6nlendirmeler<\/li>\n<\/ul>\n\n<h3 class=\"wp-block-heading\">Benim S\u0131ram Pro\u00adje\u00adsi Kim\u00adler&nbsp;\u0130\u00e7in?<\/h3>\n\n<p><strong>Benim S\u0131ram \u2014 Kad\u0131n\u00adlar ve \u0130\u015f<\/strong> pro\u00adje\u00adsi, Karls\u00adru\u00adhe ve \u00e7ev\u00adre\u00adsin\u00adde\u00adki b\u00f6l\u00adge\u00adler\u00adden gelen ve istih\u00adda\u00adma gir\u00admek veya yeni\u00adden gir\u00admek iste\u00adyen g\u00f6\u00e7\u00admen kad\u0131n\u00adla\u00adra y\u00f6neliktir.<\/p>\n\n<p><strong>ESF Plus prog\u00adra\u00adm\u0131 \u201cMY TURN \u2014 G\u00f6\u00e7 Dene\u00adyi\u00admi Olan Kad\u0131n\u00adlar \u0130\u015fe Ba\u015f\u00adl\u0131\u00adyor\u201d<\/strong> tara\u00adf\u0131n\u00addan finan\u00adse edi\u00adlen pro\u00adje, kad\u0131n\u00adla\u00adr\u0131 birey\u00adsel g\u00fc\u00e7\u00adl\u00fc y\u00f6n\u00adle\u00adri, bece\u00adri\u00adle\u00adri ve hedef\u00adle\u00adri\u00adne daya\u00adl\u0131 pro\u00adfes\u00adyo\u00adnel bir gelecek geli\u015f\u00adtir\u00adme\u00adle\u00adri konu\u00adsun\u00adda destekliyor.<\/p>\n\n<p>Hedef gru\u00adbu\u00admuz\u00adda \u00f6zel\u00adlik\u00adle yeni gelen kad\u0131n\u00adlar yer almaktad\u0131r:<\/p>\n\n<ul class=\"wp-block-list\">\n<li>g\u00fcven\u00adli bir ika\u00admet sta\u00adt\u00fc\u00ads\u00fc\u00adne sahip&nbsp;olmak<\/li>\n\n\n\n<li>yeter\u00adli Alman\u00adca dil bece\u00adri\u00adsi\u00adne sahip&nbsp;olmak<\/li>\n\n\n\n<li>Alman\u00adya\u00ad\u2019\u00adda hen\u00fcz tan\u0131n\u00adm\u0131\u015f bir mes\u00adle\u00adki yeter\u00adli\u00adli\u00ad\u011fe sahip olmayanlar<\/li>\n\n\n\n<li>veya en az d\u00f6rt y\u0131l\u00add\u0131r istih\u00addam edilmiyorsa<\/li>\n<\/ul>\n\n<p>Birey\u00adsel dan\u0131\u015f\u00adman\u00adl\u0131k ve grup at\u00f6l\u00adye\u00adle\u00adri ara\u00adc\u0131\u00adl\u0131\u00ad\u011f\u0131y\u00adla, <strong>Alman i\u015fg\u00fc\u00adc\u00fc piya\u00adsa\u00ads\u0131\u00adna uzun vade\u00adli enteg\u00adras\u00adyo\u00adnu<\/strong> te\u015f\u00advik ediyoruz.<\/p>\n\n<h3 class=\"wp-block-heading\">G\u00f6\u00e7\u00admen Kad\u0131n\u00adlar i\u00e7in Dan\u0131\u015fmanl\u0131k<\/h3>\n\n<p>Ola\u00ads\u0131 dan\u0131\u015f\u00adman\u00adl\u0131k ve at\u00f6l\u00adye konu\u00adla\u00adr\u0131 \u015funlard\u0131r:<\/p>\n\n<ul class=\"wp-block-list\">\n<li>ile\u00adri d\u00fczey dil kurs\u00adla\u00adr\u0131 bulmak<\/li>\n\n\n\n<li>CV ve i\u015f ba\u015f\u00advu\u00adru\u00adsu yaz\u0131m\u0131<\/li>\n\n\n\n<li>i\u0307\u015f\u2011ai\u0307le den\u00adge\u00adsi\u0307 dani\u015fmanli\u011fi<\/li>\n\n\n\n<li>g\u00fc\u00e7lendi\u0307rme ve \u00f6zg\u00fc\u00adven geli\u0307\u015fti\u0307rme at\u00f6lyeleri\u0307<\/li>\n\n\n\n<li>staj yerle\u015fti\u0307rme<\/li>\n\n\n\n<li>yaban\u00adc\u0131 nite\u00adlik\u00adle\u00adrin tan\u0131nmas\u0131<\/li>\n\n\n\n<li>kari\u00adyer ve e\u011fi\u00adtim f\u0131r\u00adsat\u00adla\u00adr\u0131 hak\u00adk\u0131n\u00adda&nbsp;bilgi<\/li>\n\n\n\n<li>beceri\u0307ler ve potansi\u0307yel anali\u0307zi\u0307<\/li>\n\n\n\n<li>i\u0307\u015f ba\u015f\u00advu\u00adru e\u011fi\u0307ti\u0307mi\u0307<\/li>\n<\/ul>\n\n<h3 class=\"wp-block-heading\">At\u00f6l\u00adye \u00c7al\u0131\u015f\u00adma\u00adla\u00adr\u0131: CV ve \u0130\u015f Ba\u015f\u00advu\u00adru\u00adsu Yaz\u0131m\u0131<\/h3>\n\n<p>\u015eu anda <strong>her ay<\/strong> <strong>CV ve i\u015f ba\u015f\u00advu\u00adru\u00adsu yaz\u00adma<\/strong> \u00fcze\u00adri\u00adne <strong>bir\u00adka\u00e7 g\u00fcn\u00adl\u00fck<\/strong> bir <strong>at\u00f6l\u00adye \u00e7al\u0131\u015f\u00adma\u00ads\u0131<\/strong> sunu\u00adyo\u00adruz.<br><strong>Birey\u00adsel dan\u0131\u015f\u00adman\u00adl\u0131k\u00adtan ba\u011f\u0131m\u00ads\u0131z ola\u00adrak<\/strong> kat\u0131\u00adl\u0131m m\u00fcmk\u00fcnd\u00fcr.<\/p>\n\n<p>\ud83d\udce9 <strong>Daha faz\u00adla bil\u00adgi veya kay\u0131t i\u00e7in bize ula\u015f\u0131n<\/strong><\/p>\n","protected":false},"author":12,"featured_media":118295,"template":"","class_list":["post-118296","event","type-event","status-publish","has-post-thumbnail","hentry","event_category-is"],"acf":{"event-recurring":false,"event-category":96,"event-is-language-course":false,"event-recurring-still-active":true,"event-display-details":true,"event-schedules-recurring":null,"event-schedules-calendar":null,"event-is-online":false,"event-online-url":"","event-location-building":"fka - Freundeskreis Asyl Karlsruhe e.V. ","event-location-street":"Alter Schlachthof 59","event-location-zip":"76131","event-location-city":"Karlruhe","event-location-contact-person":"Yassmin Dawallu-P\u00f6hler \/ Sophie Burkart","event-location-phone":"0176 \u2013 4229 7070","event-location-phone-2":"0160 \u2013 147 01 88","event-location-mail":"yassmin.dawallu-poehler@fka-ka.de","event-location-mail-2":"sophie.burkart@fka-ka.de","event-location-website":"https:\/\/fka-ka.de\/my-turn-frau-und-beruf\/","event-target-group":[{"target-group":"women"}],"event-target-group-comment":"","event-free":true,"event-organiser":[16113],"event-header-copyright-overlay":true,"event-copyright-note-description-end":false},"featured_image_urls_v2":{"full":["https:\/\/www.anika-net.de\/wp-content\/uploads\/2026\/01\/My-Turn.jpg",748,382,false],"thumbnail":["https:\/\/www.anika-net.de\/wp-content\/uploads\/2026\/01\/My-Turn-150x150.jpg",150,150,true],"medium":["https:\/\/www.anika-net.de\/wp-content\/uploads\/2026\/01\/My-Turn-300x153.jpg",300,153,true],"medium_large":["https:\/\/www.anika-net.de\/wp-content\/uploads\/2026\/01\/My-Turn.jpg",640,327,false],"large":["https:\/\/www.anika-net.de\/wp-content\/uploads\/2026\/01\/My-Turn.jpg",640,327,false],"1536x1536":["https:\/\/www.anika-net.de\/wp-content\/uploads\/2026\/01\/My-Turn.jpg",748,382,false],"2048x2048":["https:\/\/www.anika-net.de\/wp-content\/uploads\/2026\/01\/My-Turn.jpg",748,382,false],"event-overview":["https:\/\/www.anika-net.de\/wp-content\/uploads\/2026\/01\/My-Turn.jpg",748,382,false],"event-archive-thumb":["https:\/\/www.anika-net.de\/wp-content\/uploads\/2026\/01\/My-Turn-480x245.jpg",480,245,true],"grid-item-thumbnail":["https:\/\/www.anika-net.de\/wp-content\/uploads\/2026\/01\/My-Turn-360x200.jpg",360,200,true],"network-partner-icon":["https:\/\/www.anika-net.de\/wp-content\/uploads\/2026\/01\/My-Turn-100x100.jpg",100,100,true],"organiser-icon":["https:\/\/www.anika-net.de\/wp-content\/uploads\/2026\/01\/My-Turn-200x200.jpg",200,200,true],"gform-image-choice-sm":["https:\/\/www.anika-net.de\/wp-content\/uploads\/2026\/01\/My-Turn.jpg",300,153,false],"gform-image-choice-md":["https:\/\/www.anika-net.de\/wp-content\/uploads\/2026\/01\/My-Turn.jpg",400,204,false],"gform-image-choice-lg":["https:\/\/www.anika-net.de\/wp-content\/uploads\/2026\/01\/My-Turn.jpg",600,306,false]},"post_excerpt_stackable_v2":"<p>Karls\u00adru\u00adhe\u00ad\u2019\u00adde G\u00f6\u00e7\u00admen Kad\u0131n\u00adlar i\u00e7in Kari\u00adyer Des\u00adte\u00ad\u011fi Benim S\u0131ram \u2014 Kad\u0131n\u00adlar ve \u0130\u015f, Karls\u00adru\u00adhe ve \u00e7ev\u00adre\u00adsin\u00adde ya\u015fa\u00adyan ve Alman\u00adya\u00ad\u2019\u00adda i\u015fg\u00fc\u00adc\u00fc piya\u00adsa\u00ads\u0131\u00adna (yeni\u00adden) gir\u00admek iste\u00adyen g\u00f6\u00e7\u00admen kad\u0131n\u00adla\u00adra y\u00f6ne\u00adlik bir kari\u00adyer des\u00adtek prog\u00adra\u00adm\u0131\u00add\u0131r. Ba\u015f\u00adka bir \u00fclke\u00adde do\u011f\u00admu\u015f ve Alman\u00adya\u00ad\u2019\u00adya gel\u00admi\u015f bir kad\u0131n m\u0131s\u0131\u00adn\u0131z?Kari\u00adye\u00adri\u00adni\u00adzi geli\u015f\u00adtir\u00admek i\u00e7in pro\u00adfes\u00adyo\u00adnel reh\u00adber\u00adlik ve uzun vade\u00adli des\u00adtek ister misi\u00adniz? Yap\u00admak iste\u00adye\u00adbi\u00adlir\u00adsin: Alman\u00adca dil bece\u00adri\u00adle\u00adri\u00adni\u00adzi geli\u015f\u00adti\u00adrin mes\u00adle\u00adki e\u011fi\u00adti\u00adme veya ile\u00adri e\u011fi\u00adti\u00adme ba\u015f\u00adla\u00admak bece\u00adri\u00adle\u00adri\u00adni\u00adze ve ilgi alan\u00adla\u00adr\u0131\u00adn\u0131\u00adza uygun bir i\u015f&nbsp;bulun i\u015f ve aile haya\u00adt\u0131\u00adn\u0131 den\u00adge\u00adler\u00adken ken\u00addi geli\u00adri\u00adni\u00adzi elde&nbsp;edin G\u00f6\u00e7\u00admen kad\u0131n\u00adla\u00adr\u0131 \u015fu konu\u00adlar\u00adda des\u00adtek\u00adli\u00adyo\u00adruz: yaban\u00adc\u0131 ser\u00adti\u00adfi\u00adka ve yeter\u00adli\u00adlik\u00adle\u00adrin tan\u0131n\u00adma\u00ads\u0131 Uygun bir Alman\u00adca dil kur\u00adsu bul\u00admak Do\u011f\u00adru mes\u00adle\u00ad\u011fin veya mes\u00adle\u00adki e\u011fi\u00adti\u00admin belir\u00adlen\u00adme\u00adsi&nbsp;CV\u2026<\/p>\n","category_list_v2":"","author_info_v2":{"name":"Andrea Ramirez","url":"https:\/\/www.anika-net.de\/tr\/author\/andrea-ramirez\/"},"comments_num_v2":"0 comments","uagb_featured_image_src":{"full":["https:\/\/www.anika-net.de\/wp-content\/uploads\/2026\/01\/My-Turn.jpg",748,382,false],"thumbnail":["https:\/\/www.anika-net.de\/wp-content\/uploads\/2026\/01\/My-Turn-150x150.jpg",150,150,true],"medium":["https:\/\/www.anika-net.de\/wp-content\/uploads\/2026\/01\/My-Turn-300x153.jpg",300,153,true],"medium_large":["https:\/\/www.anika-net.de\/wp-content\/uploads\/2026\/01\/My-Turn.jpg",640,327,false],"large":["https:\/\/www.anika-net.de\/wp-content\/uploads\/2026\/01\/My-Turn.jpg",640,327,false],"1536x1536":["https:\/\/www.anika-net.de\/wp-content\/uploads\/2026\/01\/My-Turn.jpg",748,382,false],"2048x2048":["https:\/\/www.anika-net.de\/wp-content\/uploads\/2026\/01\/My-Turn.jpg",748,382,false],"event-overview":["https:\/\/www.anika-net.de\/wp-content\/uploads\/2026\/01\/My-Turn.jpg",748,382,false],"event-archive-thumb":["https:\/\/www.anika-net.de\/wp-content\/uploads\/2026\/01\/My-Turn-480x245.jpg",480,245,true],"grid-item-thumbnail":["https:\/\/www.anika-net.de\/wp-content\/uploads\/2026\/01\/My-Turn-360x200.jpg",360,200,true],"network-partner-icon":["https:\/\/www.anika-net.de\/wp-content\/uploads\/2026\/01\/My-Turn-100x100.jpg",100,100,true],"organiser-icon":["https:\/\/www.anika-net.de\/wp-content\/uploads\/2026\/01\/My-Turn-200x200.jpg",200,200,true],"gform-image-choice-sm":["https:\/\/www.anika-net.de\/wp-content\/uploads\/2026\/01\/My-Turn.jpg",300,153,false],"gform-image-choice-md":["https:\/\/www.anika-net.de\/wp-content\/uploads\/2026\/01\/My-Turn.jpg",400,204,false],"gform-image-choice-lg":["https:\/\/www.anika-net.de\/wp-content\/uploads\/2026\/01\/My-Turn.jpg",600,306,false]},"uagb_author_info":{"display_name":"Andrea Ramirez","author_link":"https:\/\/www.anika-net.de\/tr\/author\/andrea-ramirez\/"},"uagb_comment_info":0,"uagb_excerpt":"Karls\u00adru\u00adhe\u00ad\u2019\u00adde G\u00f6\u00e7\u00admen Kad\u0131n\u00adlar i\u00e7in Kari\u00adyer Deste\u011fi Benim S\u0131ram \u2014 Kad\u0131n\u00adlar ve \u0130\u015f, Karls\u00adru\u00adhe ve \u00e7ev\u00adre\u00adsin\u00adde ya\u015fa\u00adyan ve Alman\u00adya\u00ad\u2019\u00adda i\u015fg\u00fc\u00adc\u00fc piya\u00adsa\u00ads\u0131\u00adna (yeni\u00adden) gir\u00admek iste\u00adyen g\u00f6\u00e7\u00admen kad\u0131n\u00adla\u00adra y\u00f6ne\u00adlik bir kari\u00adyer des\u00adtek program\u0131d\u0131r.&nbsp;daha fazla okuyun","_links":{"self":[{"href":"https:\/\/www.anika-net.de\/tr\/wp-json\/wp\/v2\/event\/118296","targetHints":{"allow":["GET"]}}],"collection":[{"href":"https:\/\/www.anika-net.de\/tr\/wp-json\/wp\/v2\/event"}],"about":[{"href":"https:\/\/www.anika-net.de\/tr\/wp-json\/wp\/v2\/types\/event"}],"author":[{"embeddable":true,"href":"https:\/\/www.anika-net.de\/tr\/wp-json\/wp\/v2\/users\/12"}],"version-history":[{"count":1,"href":"https:\/\/www.anika-net.de\/tr\/wp-json\/wp\/v2\/event\/118296\/revisions"}],"predecessor-version":[{"id":118297,"href":"https:\/\/www.anika-net.de\/tr\/wp-json\/wp\/v2\/event\/118296\/revisions\/118297"}],"acf:post":[{"embeddable":true,"href":"https:\/\/www.anika-net.de\/tr\/wp-json\/wp\/v2\/organiser\/16113"}],"acf:term":[{"embeddable":true,"taxonomy":"event_category","href":"https:\/\/www.anika-net.de\/tr\/wp-json\/wp\/v2\/event_category\/96"}],"wp:featuredmedia":[{"embeddable":true,"href":"https:\/\/www.anika-net.de\/tr\/wp-json\/wp\/v2\/media\/118295"}],"wp:attachment":[{"href":"https:\/\/www.anika-net.de\/tr\/wp-json\/wp\/v2\/media?parent=118296"}],"curies":[{"name":"wp","href":"https:\/\/api.w.org\/{rel}","templated":true}]}}