{"id":39768,"date":"2023-05-31T12:41:53","date_gmt":"2023-05-31T10:41:53","guid":{"rendered":"https:\/\/www.anika-net.de\/talo-ku-socota-tahriibayaasha\/"},"modified":"2026-01-26T11:11:24","modified_gmt":"2026-01-26T10:11:24","slug":"xarumaha-talo-bixinta-ee-muhaajiriinta","status":"publish","type":"page","link":"https:\/\/www.anika-net.de\/so\/tallaabooyinka-ugu-horreeya\/talo-iyo-adeeg\/xarumaha-talo-bixinta-ee-muhaajiriinta\/","title":{"rendered":"Xarumaha talada ee muhaajiriinta"},"content":{"rendered":"\n<p>Karlsruhe waxaa ku yaal dhowr xarumood oo la-talin oo loogu talagalay soogalootiga oo loogu talagalay dadka cusub iyo dhammaan muhaajiriinta. Waxaa jira xarumo talobixin oo loogu talagalay dadka waaweyn iyo dhalinyarada iyo sidoo kale xarumo talobixin mawduucyo gaar ah sida shaqada, aqoonsiga shahaadooyinka.  Shaqaalaha <em>Migrationsberatung<\/em> (adeegga la talinta socdaalka) ayaa kaa caawin doona inaad xalliso dhibaatooyinka meelaha sida:<\/p>\n\n<ul class=\"wp-block-list\">\n<li><strong>Barashada Jarmalka<\/strong> (tusaale habaynta luqadda iyo koorsooyinka isdhexgalka),<\/li>\n\n\n\n<li><strong>Su\u2019aalaha ku saabsan ogolaanshaha joogitaanka<\/strong> ,<\/li>\n\n\n\n<li><strong>Xirfadda xirfadeed iyo aqoonsiga shahaadooyinka<\/strong> (tusaale aqoonsiga shahaadooyinka ka-tagidda dugsiga, tababarada shaqada, shahaadooyinka, shaqo raadinta),<\/li>\n\n\n\n<li><strong>Guriyeynta<\/strong> (tusaale taageero iyo macluumaadka aasaasiga ah ee ku saabsan helidda hoy),<\/li>\n\n\n\n<li><strong>Caafimaadka<\/strong> (sida daryeelka caafimaadka, caymiska caafimaadka),<\/li>\n\n\n\n<li><strong>Qoyska iyo carruurta<\/strong> (tusaale su\u2019aalaha ku saabsan daryeelka ilmaha, dugsiga),<\/li>\n\n\n\n<li><strong>Guurka iyo shuraakada<\/strong> (tusaale taageero xilliga uurka, la-talinta guurka).<\/li>\n<\/ul>\n\n<h3 class=\"wp-block-heading\"><span style=\"color: #0baa9d;\" class=\"stk-highlight\">Xarumaha talo bixinta ee muhaajiriinta<\/span> <span style=\"color: #0baa9d;\" class=\"stk-highlight\">ee Karlsruhe<\/span><\/h3>\n\n<p>Magaalada Karlsruhe, waxaa ku yaal <strong>shan xarumood oo la-talin ah oo loogu talagalay dadka waaweyn ee soogalootiga ah<\/strong> (MBEs):<\/p>\n\n<ul class=\"wp-block-list\">\n<li>laga bilaabo 27 jir aan ku noolayn Jarmalka in ka badan saddex sano iyo\/ama dhiganaya koorsada la qabsiga.<\/li>\n\n\n\n<li>laga bilaabo 27 sano jir oo ku noolaa Jarmalka muddo dheer una baahan inay la qabsadaan isdhexgalka.<\/li>\n<\/ul>\n\n<p>Iyo <strong>adeega socdaalka dhalinyarada (JMD) ee dhalinyarada<\/strong> <strong>da\u2019doodu<\/strong> u dhaxayso 12 iyo 27 sano.<br> <strong>La tashigu waa bilaash.<\/strong><\/p>\n\n<p>Waxaad ka heli kartaa liiska <strong>xarumaha talo bixinta dheeraadka ah ee loogu talagalay soogalootiga<\/strong> iyo <strong>xarumaha talo bixinta magaalooyinka<\/strong> ee Karlsruhe <strong>\u2197<\/strong> <a href=\"https:\/\/www.anika-net.de\/events\/?type=recurring&amp;my_categories%5B0%5D=counselling-assistance-services\"><strong>halkan<\/strong><\/a><\/p>\n\n<div class=\"wp-block-ugb-spacer ugb-spacer ugb-46a2835 ugb-spacer--v2 ugb-main-block\"><div class=\"ugb-inner-block\"><div class=\"ugb-block-content\"><div class=\"ugb-spacer--inner\"><\/div><\/div><\/div><\/div>\n\n<h2 class=\"wp-block-heading\"><span style=\"color: #cf2e2e;\" class=\"stk-highlight\">Xarumaha la-talinta ee muhaajiriinta qaangaarka ah (MBEs)<\/span><\/h2>\n\n<div class=\"wp-block-ugb-accordion ugb-accordion ugb-d931b4d ugb-accordion--v2 ugb-accordion--design-basic ugb-main-block\" aria-expanded=\"false\"><div class=\"ugb-inner-block\"><div class=\"ugb-block-content\"><div class=\"ugb-accordion__item\"><div class=\"ugb-accordion__heading\" role=\"button\" tabindex=\"0\"><h4 class=\"ugb-accordion__title\"><strong>AWO Latalinta Socdaalka<\/strong><\/h4><svg viewBox=\"0 0 20 20\" class=\"ugb-accordion__arrow\" width=\"20\" height=\"20\"><path d=\"M16.7 3.3L10 10 3.3 3.4 0 6.7l10 10v-.1l10-9.9z\" \/><\/svg><\/div><div class=\"ugb-accordion__content\" role=\"region\"><div class=\"ugb-accordion__content-inner\">\n<p>\ud83c\udf10 <strong><a href=\"https:\/\/www.awo-karlsruhe.de\/leistungen\/besondere-lebenslagen\/migrationsberatung\/?gclid=EAIaIQobChMIwr_f2aGs9QIVCs93Ch2wwQ_fEAAYASAAEgJtNPD_BwE&amp;nowprocket=1\" rel=\"noopener\">AWO Karlsruhe<\/a><\/strong><br> \ud83d\udccd Stephanienstra\u00dfe 52, 76133 Karlsruhe<br> \ud83d\udcde 0721\/16089\u2013413<br> \ud83d\udce7 <a href=\"mailto:mbe@awo-karlsruhe.de\">mbe@awo-karlsruhe.de<\/a><br><br> <strong><span style=\"color: #cf2e2e;\" class=\"stk-highlight\">Furan saacadaha la-tashiga ee la-talinta gaaban<br> Khamiista 2 ilaa 4 galabnimo iyo ballan<\/span><\/strong><\/p>\n\n\n\n<p><strong>Luqadaha:<\/strong> Jarmal, Boosniyaan, Bulgaariya, Croatian, Ingiriis, Faransiis, Roomaaniyaan, Ruush, Seerbiya, Isbaanish, Turki<\/p>\n<\/div><\/div><\/div><\/div><\/div><\/div>\n\n<div class=\"wp-block-ugb-accordion ugb-accordion ugb-7ec77a9 ugb-accordion--v2 ugb-accordion--design-basic ugb-main-block\" aria-expanded=\"false\"><div class=\"ugb-inner-block\"><div class=\"ugb-block-content\"><div class=\"ugb-accordion__item\"><div class=\"ugb-accordion__heading\" role=\"button\" tabindex=\"0\"><h4 class=\"ugb-accordion__title\"><strong>Freundeskreis Asyl Karlsruhe<\/strong> <strong>eV<\/strong><\/h4><svg viewBox=\"0 0 20 20\" class=\"ugb-accordion__arrow\" width=\"20\" height=\"20\"><path d=\"M16.7 3.3L10 10 3.3 3.4 0 6.7l10 10v-.1l10-9.9z\" \/><\/svg><\/div><div class=\"ugb-accordion__content\" role=\"region\"><div class=\"ugb-accordion__content-inner\">\n<p>\ud83c\udf10 <a href=\"https:\/\/fka-ka.de\/migrationsberatung-fuer-erwachsene-zuwanderer-mbe\/\" rel=\"noopener\"><strong>Freundeskreis Asyl Karlsruhe<\/strong> <strong>eV<\/strong><\/a><br><strong><span style=\"color: #747474;\" class=\"stk-highlight\">(Der Parit\u00e4tische Migrationsberatung)<\/span><\/strong><br> \ud83d\udccd Alter Schlachthof 59, 76137 Karlsruhe<br> \ud83d\udcde 0721 78193 352 \u2014 \ud83d\udcde 0179 4038 861<br> \ud83d\udce7 <a href=\"mailto:mbe.karlsruhe@fka-ka.de\">mbe.karlsruhe@fka-ka.de<\/a><br><br><strong><span style=\"color: #cf2e2e;\" class=\"stk-highlight\">La-talinta ballan<\/span><\/strong><br><strong>Luqadaha:<\/strong> Jarmal iyo&nbsp;Ruush<\/p>\n\n\n\n<p><\/p>\n\n\n\n<p>\ud83d\udccd Kaiserstra\u00dfe 41, 76131 Karlsruhe<br> Saldhigga Kronenplatz<br> \ud83d\udcde 0157 34597 235<br> \ud83d\udce7 sabine.meglio@fka-ka.de<br><br> <strong><span style=\"color: #cf2e2e;\" class=\"stk-highlight\"><strong><span style=\"color: #cf2e2e;\" class=\"stk-highlight\">La-talinta ballan<\/span><\/strong><\/span><\/strong><\/p>\n<\/div><\/div><\/div><\/div><\/div><\/div>\n\n<div class=\"wp-block-ugb-accordion ugb-accordion ugb-60a412f ugb-accordion--v2 ugb-accordion--design-basic ugb-main-block\" aria-expanded=\"false\"><div class=\"ugb-inner-block\"><div class=\"ugb-block-content\"><div class=\"ugb-accordion__item\"><div class=\"ugb-accordion__heading\" role=\"button\" tabindex=\"0\"><h4 class=\"ugb-accordion__title\"><strong>Landsmannschaft der Deutschen aus Russland e.&nbsp;V.&nbsp;<\/strong><\/h4><svg viewBox=\"0 0 20 20\" class=\"ugb-accordion__arrow\" width=\"20\" height=\"20\"><path d=\"M16.7 3.3L10 10 3.3 3.4 0 6.7l10 10v-.1l10-9.9z\" \/><\/svg><\/div><div class=\"ugb-accordion__content\" role=\"region\"><div class=\"ugb-accordion__content-inner\">\n<p>\ud83c\udf10  <strong><a href=\"https:\/\/lmdr.de\/mbe-stellen\/\" rel=\"noopener\">Landsmannschaft der Deutschen aus Russland e. V. <\/a><\/strong><br>\ud83d\udccd Scheffelstra\u00dfe 54, 76135 Karlsruhe<br> Saldhigga Sophienstra\u00dfe ama M\u00fchlburger Tor<br> \ud83d\udcde 0721\/8933 8385<br> \ud83d\udcde 0721\/83145 70<br> \ud83d\udce7 a.kastalion@lmdr.de \/ \ud83d\udce7 a.scheifel@lmdr.de<br><br><strong><span style=\"color: #cf2e2e;\" class=\"stk-highlight\">La-talinta ballan<\/span><\/strong><br><strong>Luqadaha:<\/strong> Jarmal, Ingiriis, Ruush<\/p>\n<\/div><\/div><\/div><\/div><\/div><\/div>\n\n<div class=\"wp-block-ugb-accordion ugb-accordion ugb-2e7268a ugb-accordion--v2 ugb-accordion--design-basic ugb-main-block\" aria-expanded=\"false\"><div class=\"ugb-inner-block\"><div class=\"ugb-block-content\"><div class=\"ugb-accordion__item\"><div class=\"ugb-accordion__heading\" role=\"button\" tabindex=\"0\"><h4 class=\"ugb-accordion__title\"><strong>Caritasverband Karlsruhe<\/strong><\/h4><svg viewBox=\"0 0 20 20\" class=\"ugb-accordion__arrow\" width=\"20\" height=\"20\"><path d=\"M16.7 3.3L10 10 3.3 3.4 0 6.7l10 10v-.1l10-9.9z\" \/><\/svg><\/div><div class=\"ugb-accordion__content\" role=\"region\"><div class=\"ugb-accordion__content-inner\">\n<p>\ud83c\udf10 <strong><a href=\"https:\/\/www.caritas-karlsruhe.de\/hilfen-und-beratung\/menschen-mit-migrationsgeschichte\/der-oekumenische-migrationsdienst\/der-oekumenische-migrationsdienst\" rel=\"noopener\">Caritasverband Karlsruhe<\/a><\/strong><br><span style=\"color: #767676;\" class=\"stk-highlight\">( <strong>\u00d6kumenischer Migrationsdienst \u00d6MD)<\/strong><\/span><br> \ud83d\udccd Sophienstra\u00dfe 33, 76133 Karlsruhe<br> Saldhigga Karlstor  <br><br>\ud83d\udcde 0721\/91243\u201316<br> \ud83d\udce7 sekretariat-oemd@caritas-karlsruhe.de<br><strong><span style=\"color: #cf2e2e;\" class=\"stk-highlight\">La- <strong><span style=\"color: #cf2e2e;\" class=\"stk-highlight\">talinta<\/span><\/strong> ballan<\/span><\/strong><br><br><strong>Helitaanka telefoonka<\/strong><br> Isniin \u2014 Jimco: 8:30 subaxnimo \u2014 12:30 galabnimo<br> Isniin \u2014 Khamiis: 1:30 galabnimo \u2014 4 galabnimo<\/p>\n<\/div><\/div><\/div><\/div><\/div><\/div>\n\n<div class=\"wp-block-ugb-accordion ugb-accordion ugb-c647ddb ugb-accordion--v2 ugb-accordion--design-basic ugb-main-block\" aria-expanded=\"false\"><div class=\"ugb-inner-block\"><div class=\"ugb-block-content\"><div class=\"ugb-accordion__item\"><div class=\"ugb-accordion__heading\" role=\"button\" tabindex=\"0\"><h4 class=\"ugb-accordion__title\"><strong><strong>J\u00fcdische Kultusgemeinde Karlsruhe<\/strong><\/strong><\/h4><svg viewBox=\"0 0 20 20\" class=\"ugb-accordion__arrow\" width=\"20\" height=\"20\"><path d=\"M16.7 3.3L10 10 3.3 3.4 0 6.7l10 10v-.1l10-9.9z\" \/><\/svg><\/div><div class=\"ugb-accordion__content\" role=\"region\"><div class=\"ugb-accordion__content-inner\">\n<p>\ud83c\udf10 <strong><a href=\"https:\/\/www.jg-karlsruhe.de\/index.php\/de\/soziales\/sozialberatung\" rel=\"noopener\">J\u00fcdische Kultusgemeinde Karlsruhe<\/a><\/strong><br><strong>Zentralwohlfahrtsstelle der Juden ee Deutschland e. V. <\/strong><br>\ud83d\udccd Knienger Allee 11, 76133 Karlsruhe<br> Saldhiga Karlsruhe Synagoge<br><br>\ud83d\udcde 0721\/7565 39<br> \ud83d\udce7 <a href=\"mailto:info@jg-karlsruhe.de\">mbe@jg-karlsruhe.de<\/a><br><strong><span style=\"color: #cf2e2e;\" class=\"stk-highlight\"><strong><span style=\"color: #cf2e2e;\" class=\"stk-highlight\">La- <strong><span style=\"color: #cf2e2e;\" class=\"stk-highlight\">talinta<\/span><\/strong> ballan<\/span><\/strong><\/span><\/strong><br><br><strong>Saacadaha furitaanka<\/strong> :<br> Isniin \u2014 Jimco: 9 subaxnimo \u2014 12 galabnimo<br> Talaado iyo Khamiis: 2.30 \u2014 4.30 galabnimo<\/p>\n<\/div><\/div><\/div><\/div><\/div><\/div>\n\n<div class=\"wp-block-ugb-spacer ugb-spacer ugb-2a72161 ugb-spacer--v2 ugb-main-block\"><div class=\"ugb-inner-block\"><div class=\"ugb-block-content\"><div class=\"ugb-spacer--inner\"><\/div><\/div><\/div><\/div>\n\n<h2 class=\"wp-block-heading\"><span style=\"color: #0693e3;\" class=\"stk-highlight\">Adeegga socdaalka dhalinyarada (JMD)<\/span><\/h2>\n\n<div class=\"wp-block-ugb-accordion ugb-accordion ugb-dd92ed6 ugb-accordion--v2 ugb-accordion--design-basic ugb-main-block\" aria-expanded=\"false\"><div class=\"ugb-inner-block\"><div class=\"ugb-block-content\"><div class=\"ugb-accordion__item\"><div class=\"ugb-accordion__heading\" role=\"button\" tabindex=\"0\"><h4 class=\"ugb-accordion__title\">Jugendmigrationsdienst (JMD) ee&nbsp;IB<\/h4><svg viewBox=\"0 0 20 20\" class=\"ugb-accordion__arrow\" width=\"20\" height=\"20\"><path d=\"M16.7 3.3L10 10 3.3 3.4 0 6.7l10 10v-.1l10-9.9z\" \/><\/svg><\/div><div class=\"ugb-accordion__content\" role=\"region\"><div class=\"ugb-accordion__content-inner\">\n<p><a href=\"https:\/\/www.jugendmigrationsdienste.de\/jmd\/karlsruhe\" rel=\"noopener\"><strong>Jugendmigrationsdienst (JMD)<\/strong> <strong>Karlsruhe<\/strong><\/a><br> \ud83d\udccd Siemensallee 84, EG, Qolka 2004<br> 76187 Karlsruhe<br> Joogsiga taraamka: Knielingen Siemensallee<br> \ud83d\udcde 0721 85019\u2013816 \/ 0151 742 410 30<br> \ud83d\udce7 <a href=\"mailto:jmd-karlsruhe@ib.de\">jmd-karlsruhe@ib.de<\/a><br><strong><span style=\"color: #0693e3;\" class=\"stk-highlight\">Balamo habaysan<\/span><\/strong><br><br><em>Loogu talagalay dhalinyarada asal-guurka ah ee da\u2019doodu u dhaxayso 12 ilaa 27.<\/em><br> La-talinta <strong>Jarmal, Ingiriisi, Talyaani, Roomaaniyaan, Ruush, <strong>Isbaanish<\/strong><\/strong><\/p>\n<\/div><\/div><\/div><\/div><\/div><\/div>\n\n<div class=\"wp-block-ugb-spacer ugb-spacer ugb-6bb873a ugb-spacer--v2 ugb-main-block\"><div class=\"ugb-inner-block\"><div class=\"ugb-block-content\"><div class=\"ugb-spacer--inner\"><\/div><\/div><\/div><\/div>\n\n<h4 class=\"wp-block-heading\">Magaalada Karlsruhe: <em>Adeegga Talosiinta Gudbinta ee Xafiiska Isdhexgalka<\/em> <\/h4>\n\n<div class=\"wp-block-ugb-accordion ugb-accordion ugb-5ca6e08 ugb-accordion--v2 ugb-accordion--design-basic ugb-main-block\" aria-expanded=\"false\"><div class=\"ugb-inner-block\"><div class=\"ugb-block-content\"><div class=\"ugb-accordion__item\"><div class=\"ugb-accordion__heading\" role=\"button\" tabindex=\"0\"><h4 class=\"ugb-accordion__title\">Adeegga La-talinta Gudbinta ee Xafiiska Is-dhexgalka<\/h4><svg viewBox=\"0 0 20 20\" class=\"ugb-accordion__arrow\" width=\"20\" height=\"20\"><path d=\"M16.7 3.3L10 10 3.3 3.4 0 6.7l10 10v-.1l10-9.9z\" \/><\/svg><\/div><div class=\"ugb-accordion__content\" role=\"region\"><div class=\"ugb-accordion__content-inner\">\n<p>\ud83c\udf10 <strong><a href=\"https:\/\/www.karlsruhe.de\/bildung-soziales\/integration-chancengerechtigkeit\/integration-in-karlsruhe\" rel=\"noopener\">B\u00fcro f\u00fcr Integration<\/a><\/strong><br> \ud83d\udccd Kaiserstra\u00dfe 235, 76133 Karlsruhe<br> \ud83d\udcde 0721\/133\u20115727<br> \ud83d\udce7 <a href=\"mailto:buero.fuer.integration@sjb.karlsruhe.de\">buero.fuer.integration@sjb.karlsruhe.de<\/a><\/p>\n<\/div><\/div><\/div><\/div><\/div><\/div>\n\n<p><strong>\ud83d\udcce<\/strong> <strong><a href=\"https:\/\/www.anika-net.de\/wp-content\/uploads\/2025\/02\/Migrationsberatungsstellen_2025.pdf\">Xarumaha latalinta socdaalka Flyer ee Karlsruhe<\/a><\/strong><\/p>\n","protected":false},"excerpt":{"rendered":"<p>Karlsruhe waxaa ku yaal dhowr xarumood oo la-talin oo loogu talagalay soogalootiga oo loogu talagalay dadka cusub iyo dhammaan muhaajiriinta. Waxaa jira xarumo talobixin oo loogu talagalay dadka waaweyn iyo&nbsp;<a class=\"moretag\" href=\"https:\/\/www.anika-net.de\/so\/tallaabooyinka-ugu-horreeya\/talo-iyo-adeeg\/xarumaha-talo-bixinta-ee-muhaajiriinta\/\">Akhri wax dheeraad ah<\/a><\/p>\n","protected":false},"author":12,"featured_media":59377,"parent":60607,"menu_order":0,"comment_status":"closed","ping_status":"closed","template":"","meta":{"_acf_changed":false,"inline_featured_image":false,"_uag_custom_page_level_css":"","wp_typography_post_enhancements_disabled":false,"footnotes":""},"class_list":["post-39768","page","type-page","status-publish","has-post-thumbnail","hentry"],"acf":[],"featured_image_urls_v2":{"full":["https:\/\/www.anika-net.de\/wp-content\/uploads\/2025\/03\/beratung-fuer-gefluechtete.png",2000,1111,false],"thumbnail":["https:\/\/www.anika-net.de\/wp-content\/uploads\/2025\/03\/beratung-fuer-gefluechtete-150x150.png",150,150,true],"medium":["https:\/\/www.anika-net.de\/wp-content\/uploads\/2025\/03\/beratung-fuer-gefluechtete-300x167.png",300,167,true],"medium_large":["https:\/\/www.anika-net.de\/wp-content\/uploads\/2025\/03\/beratung-fuer-gefluechtete-768x427.png",640,356,true],"large":["https:\/\/www.anika-net.de\/wp-content\/uploads\/2025\/03\/beratung-fuer-gefluechtete-1024x569.png",640,356,true],"1536x1536":["https:\/\/www.anika-net.de\/wp-content\/uploads\/2025\/03\/beratung-fuer-gefluechtete-1536x853.png",1536,853,true],"2048x2048":["https:\/\/www.anika-net.de\/wp-content\/uploads\/2025\/03\/beratung-fuer-gefluechtete.png",2000,1111,false],"event-overview":["https:\/\/www.anika-net.de\/wp-content\/uploads\/2025\/03\/beratung-fuer-gefluechtete-960x640.png",960,640,true],"event-archive-thumb":["https:\/\/www.anika-net.de\/wp-content\/uploads\/2025\/03\/beratung-fuer-gefluechtete-480x267.png",480,267,true],"grid-item-thumbnail":["https:\/\/www.anika-net.de\/wp-content\/uploads\/2025\/03\/beratung-fuer-gefluechtete-360x200.png",360,200,true],"network-partner-icon":["https:\/\/www.anika-net.de\/wp-content\/uploads\/2025\/03\/beratung-fuer-gefluechtete-100x100.png",100,100,true],"organiser-icon":["https:\/\/www.anika-net.de\/wp-content\/uploads\/2025\/03\/beratung-fuer-gefluechtete-200x200.png",200,200,true],"gform-image-choice-sm":["https:\/\/www.anika-net.de\/wp-content\/uploads\/2025\/03\/beratung-fuer-gefluechtete.png",300,167,false],"gform-image-choice-md":["https:\/\/www.anika-net.de\/wp-content\/uploads\/2025\/03\/beratung-fuer-gefluechtete.png",400,222,false],"gform-image-choice-lg":["https:\/\/www.anika-net.de\/wp-content\/uploads\/2025\/03\/beratung-fuer-gefluechtete.png",600,333,false]},"post_excerpt_stackable_v2":"<p>Karlsruhe waxaa ku yaal dhowr xarumood oo la-talin oo loogu talagalay soogalootiga oo loogu talagalay dadka cusub iyo dhammaan muhaajiriinta. Waxaa jira xarumo talobixin oo loogu talagalay dadka waaweyn iyo dhalinyarada iyo sidoo kale xarumo talobixin mawduucyo gaar ah sida shaqada, aqoonsiga shahaadooyinka. Shaqaalaha Migrationsberatung (adeegga la talinta socdaalka) ayaa kaa caawin doona inaad xalliso dhibaatooyinka meelaha sida: Barashada Jarmalka (tusaale habaynta luqadda iyo koorsooyinka isdhexgalka), Su\u2019aalaha ku saabsan ogolaanshaha joogitaanka , Xirfadda xirfadeed iyo aqoonsiga shahaadooyinka (tusaale aqoonsiga shahaadooyinka ka-tagidda dugsiga, tababarada shaqada, shahaadooyinka, shaqo raadinta), Guriyeynta (tusaale taageero iyo macluumaadka aasaasiga ah ee ku saabsan helidda hoy), Caafimaadka\u2026<\/p>\n","category_list_v2":"","author_info_v2":{"name":"Andrea Ramirez","url":"https:\/\/www.anika-net.de\/so\/author\/andrea-ramirez\/"},"comments_num_v2":"0 comments","uagb_featured_image_src":{"full":["https:\/\/www.anika-net.de\/wp-content\/uploads\/2025\/03\/beratung-fuer-gefluechtete.png",2000,1111,false],"thumbnail":["https:\/\/www.anika-net.de\/wp-content\/uploads\/2025\/03\/beratung-fuer-gefluechtete-150x150.png",150,150,true],"medium":["https:\/\/www.anika-net.de\/wp-content\/uploads\/2025\/03\/beratung-fuer-gefluechtete-300x167.png",300,167,true],"medium_large":["https:\/\/www.anika-net.de\/wp-content\/uploads\/2025\/03\/beratung-fuer-gefluechtete-768x427.png",640,356,true],"large":["https:\/\/www.anika-net.de\/wp-content\/uploads\/2025\/03\/beratung-fuer-gefluechtete-1024x569.png",640,356,true],"1536x1536":["https:\/\/www.anika-net.de\/wp-content\/uploads\/2025\/03\/beratung-fuer-gefluechtete-1536x853.png",1536,853,true],"2048x2048":["https:\/\/www.anika-net.de\/wp-content\/uploads\/2025\/03\/beratung-fuer-gefluechtete.png",2000,1111,false],"event-overview":["https:\/\/www.anika-net.de\/wp-content\/uploads\/2025\/03\/beratung-fuer-gefluechtete-960x640.png",960,640,true],"event-archive-thumb":["https:\/\/www.anika-net.de\/wp-content\/uploads\/2025\/03\/beratung-fuer-gefluechtete-480x267.png",480,267,true],"grid-item-thumbnail":["https:\/\/www.anika-net.de\/wp-content\/uploads\/2025\/03\/beratung-fuer-gefluechtete-360x200.png",360,200,true],"network-partner-icon":["https:\/\/www.anika-net.de\/wp-content\/uploads\/2025\/03\/beratung-fuer-gefluechtete-100x100.png",100,100,true],"organiser-icon":["https:\/\/www.anika-net.de\/wp-content\/uploads\/2025\/03\/beratung-fuer-gefluechtete-200x200.png",200,200,true],"gform-image-choice-sm":["https:\/\/www.anika-net.de\/wp-content\/uploads\/2025\/03\/beratung-fuer-gefluechtete.png",300,167,false],"gform-image-choice-md":["https:\/\/www.anika-net.de\/wp-content\/uploads\/2025\/03\/beratung-fuer-gefluechtete.png",400,222,false],"gform-image-choice-lg":["https:\/\/www.anika-net.de\/wp-content\/uploads\/2025\/03\/beratung-fuer-gefluechtete.png",600,333,false]},"uagb_author_info":{"display_name":"Andrea Ramirez","author_link":"https:\/\/www.anika-net.de\/so\/author\/andrea-ramirez\/"},"uagb_comment_info":0,"uagb_excerpt":"Karlsruhe waxaa ku yaal dhowr xarumood oo la-talin oo loogu talagalay soogalootiga oo loogu talagalay dadka cusub iyo dhammaan muhaajiriinta. Waxaa jira xarumo talobixin oo loogu talagalay dadka waaweyn iyo&nbsp;Akhri wax dheeraad ah","_links":{"self":[{"href":"https:\/\/www.anika-net.de\/so\/wp-json\/wp\/v2\/pages\/39768","targetHints":{"allow":["GET"]}}],"collection":[{"href":"https:\/\/www.anika-net.de\/so\/wp-json\/wp\/v2\/pages"}],"about":[{"href":"https:\/\/www.anika-net.de\/so\/wp-json\/wp\/v2\/types\/page"}],"author":[{"embeddable":true,"href":"https:\/\/www.anika-net.de\/so\/wp-json\/wp\/v2\/users\/12"}],"replies":[{"embeddable":true,"href":"https:\/\/www.anika-net.de\/so\/wp-json\/wp\/v2\/comments?post=39768"}],"version-history":[{"count":5,"href":"https:\/\/www.anika-net.de\/so\/wp-json\/wp\/v2\/pages\/39768\/revisions"}],"predecessor-version":[{"id":118087,"href":"https:\/\/www.anika-net.de\/so\/wp-json\/wp\/v2\/pages\/39768\/revisions\/118087"}],"up":[{"embeddable":true,"href":"https:\/\/www.anika-net.de\/so\/wp-json\/wp\/v2\/pages\/60607"}],"wp:featuredmedia":[{"embeddable":true,"href":"https:\/\/www.anika-net.de\/so\/wp-json\/wp\/v2\/media\/59377"}],"wp:attachment":[{"href":"https:\/\/www.anika-net.de\/so\/wp-json\/wp\/v2\/media?parent=39768"}],"curies":[{"name":"wp","href":"https:\/\/api.w.org\/{rel}","templated":true}]}}