{"id":7301,"date":"2021-05-21T14:12:43","date_gmt":"2021-05-21T12:12:43","guid":{"rendered":"https:\/\/www.anika-net.de\/sosirea\/munca-in-karlsruhe\/recognition-of-your-professional-qualifications\/"},"modified":"2023-12-19T13:06:55","modified_gmt":"2023-12-19T12:06:55","slug":"recunoasterea-diplomei-profesionale","status":"publish","type":"page","link":"https:\/\/www.anika-net.de\/ro\/sosirea\/munca-in-karlsruhe\/recunoasterea-diplomei-profesionale\/","title":{"rendered":"Recu\u00adnoa\u0219\u00adte\u00adrea diplo\u00admei profesionale"},"content":{"rendered":"\n<p>A\u021bi absol\u00advit \u00een str\u0103\u00adi\u00adn\u0103\u00adta\u00adte o \u0219coa\u00adl\u0103, o pre\u00adg\u0103\u00adti\u00adre pro\u00adfe\u00adsio\u00adna\u00adl\u0103 sau un stu\u00addiu? \u00cen acest caz, diplo\u00adma poa\u00adte fi veri\u00adfi\u00adca\u00adt\u0103 \u015fi recu\u00adnos\u00adcu\u00adt\u0103 \u00een Germania.<\/p>\n\n\n\n<p>Dac\u0103 ave\u021bi nevo\u00adie de o recu\u00adnoa\u0219\u00adte\u00adre, \u00een cazul \u00een care dori\u021bi s\u0103 lucra\u021bi \u00een mese\u00adria pe care a\u021bi \u00eenv\u0103\u021bat\u2011o, afla\u021bi de pe pagi\u00adna de inter\u00adnet <a href=\"http:\/\/www.anerkennung-in-deutschland.de\" rel=\"noopener\">www.anerkennung-in-deutschland.de<\/a>.<\/p>\n\n\n\n<p>La tele\u00adfon pute\u021bi pune \u00eentre\u00adb\u0103ri \u00een lim\u00adbi\u00adle ger\u00adma\u00adn\u0103 \u0219i engle\u00adz\u0103 cu pri\u00advi\u00adre la <strong>recu\u00adnoa\u0219\u00adte\u00adrea diplo\u00adme\u00adlor, c\u0103u\u00adta\u00adrea unui loc de mun\u00adc\u0103, intra\u00adrea \u0219i \u0219ede\u00adrea \u00een \u021bar\u0103, pre\u00adcum \u0219i la \u00eenv\u0103\u00ad\u021ba\u00adrea lim\u00adbii ger\u00adma\u00adne<\/strong>. Linia tele\u00adfo\u00adni\u00adc\u0103 este dis\u00adpo\u00adni\u00adbi\u00adl\u0103 de luni p\u00e2n\u0103 vineri \u00eentre ore\u00adle 8 \u0219i 16, la num\u0103\u00adrul: +<strong>49 30 1815\u20131111.<\/strong><\/p>\n\n\n\n<p><strong>\u00cen cazul \u00een care ave\u021bi \u00eentre\u00adb\u0103ri refe\u00adri\u00adtoa\u00adre la recu\u00adnoa\u0219\u00adte\u00adrea diplo\u00adme\u00adlor de stu\u00addii \u0219i pro\u00adfe\u00adsio\u00adna\u00adle din str\u0103\u00adi\u00adn\u0103\u00adta\u00adte, v\u0103 ofe\u00adr\u0103 con\u00adsi\u00adli\u00ade\u00adre re\u021bea\u00adua IQ (IQ-Net\u00adzwerk).<\/strong><\/p>\n\n\n\n<p class=\"has-black-color has-light-green-cyan-background-color has-text-color has-background\"><strong>Con\u00adtact<\/strong> <br><strong>Face\u021bi o pro\u00adgra\u00adma\u00adre<\/strong><br>https:\/\/www.iq-webapp.de\/anmeldung-bw<br>Tele\u00adfon: 0621 \/ 43 77 31 13 E\u2011Mail: <a href=\"mailto:anerkennung@ikubiz.de%20\">anerkennung@ikubiz.de<\/a><\/p>\n\n\n\n<p class=\"has-black-color has-text-color has-background\" style=\"background-color:#e2d77f\"><strong>IQ-Network din cadrul Arbe\u00adit\u00adsa\u00adgen\u00adtur Karl\u00adsru\u00adhe-Ras\u00adtatt<\/strong><br>Arbe\u00adit\u00adsa\u00adgen\u00adtur Karl\u00adsru\u00adhe-Ras\u00adtatt, Beru\u00adfsin\u00adfor\u00adma\u00adtion\u00adszen\u00adtrum (BiZ)<br>Brau\u00ader\u00adstr. 10<br>76135 Karl\u00adsru\u00adhe<br><strong>Inter\u00adnet:<\/strong><a href=\"http:\/\/www.arbeitsagentur.de\/vor-ort\/karlsruhe-rastatt\/anerkennungsberatung\" target=\"_blank\" rel=\"noreferrer noopener\"> www.arbeitsagentur.de\/vor-ort\/karlsruhe-rastatt\/anerkennungsberatung<\/a><\/p>\n\n\n\n<p class=\"has-black-color has-text-color has-background\" style=\"background-color:#9ac6da\"><strong>IQ-Network din cadrul IBZ<\/strong><br>Kai\u00adse\u00adra\u00adl\u00adlee 12d<br>76133 Karl\u00adsru\u00adhe<br><strong>Inter\u00adnet<\/strong>: https:\/\/www.anika-net.de\/ro\/event\/recunoasterea-calificarilor-profesionale-straine\/<\/p>\n","protected":false},"excerpt":{"rendered":"<p>A\u021bi absol\u00advit \u00een str\u0103\u00adi\u00adn\u0103\u00adta\u00adte o \u0219coa\u00adl\u0103, o pre\u00adg\u0103\u00adti\u00adre pro\u00adfe\u00adsio\u00adna\u00adl\u0103 sau un stu\u00addiu? \u00cen acest caz, diplo\u00adma poa\u00adte fi veri\u00adfi\u00adca\u00adt\u0103 \u015fi recu\u00adnos\u00adcu\u00adt\u0103 \u00een Ger\u00adma\u00adnia. Dac\u0103 ave\u021bi nevo\u00adie de o recu\u00adnoa\u0219\u00adte\u00adre, \u00een&nbsp;<a class=\"moretag\" href=\"https:\/\/www.anika-net.de\/ro\/sosirea\/munca-in-karlsruhe\/recunoasterea-diplomei-profesionale\/\">Citi\u021bi mai&nbsp;mult<\/a><\/p>\n","protected":false},"author":1,"featured_media":0,"parent":7299,"menu_order":0,"comment_status":"closed","ping_status":"closed","template":"","meta":{"_acf_changed":false,"inline_featured_image":false,"_uag_custom_page_level_css":"","wp_typography_post_enhancements_disabled":false,"footnotes":""},"class_list":["post-7301","page","type-page","status-publish","hentry"],"acf":[],"featured_image_urls_v2":{"full":"","thumbnail":"","medium":"","medium_large":"","large":"","1536x1536":"","2048x2048":"","event-overview":"","event-archive-thumb":"","grid-item-thumbnail":"","network-partner-icon":"","organiser-icon":"","gform-image-choice-sm":"","gform-image-choice-md":"","gform-image-choice-lg":""},"post_excerpt_stackable_v2":"<p>A\u021bi absol\u00advit \u00een str\u0103\u00adi\u00adn\u0103\u00adta\u00adte o \u0219coa\u00adl\u0103, o pre\u00adg\u0103\u00adti\u00adre pro\u00adfe\u00adsio\u00adna\u00adl\u0103 sau un stu\u00addiu? \u00cen acest caz, diplo\u00adma poa\u00adte fi veri\u00adfi\u00adca\u00adt\u0103 \u015fi recu\u00adnos\u00adcu\u00adt\u0103 \u00een Ger\u00adma\u00adnia. Dac\u0103 ave\u021bi nevo\u00adie de o recu\u00adnoa\u0219\u00adte\u00adre, \u00een cazul \u00een care dori\u021bi s\u0103 lucra\u021bi \u00een mese\u00adria pe care a\u021bi \u00eenv\u0103\u021bat\u2011o, afla\u021bi de pe pagi\u00adna de inter\u00adnet www.anerkennung-in-deutschland.de. La tele\u00adfon pute\u021bi pune \u00eentre\u00adb\u0103ri \u00een lim\u00adbi\u00adle ger\u00adma\u00adn\u0103 \u0219i engle\u00adz\u0103 cu pri\u00advi\u00adre la recu\u00adnoa\u0219\u00adte\u00adrea diplo\u00adme\u00adlor, c\u0103u\u00adta\u00adrea unui loc de mun\u00adc\u0103, intra\u00adrea \u0219i \u0219ede\u00adrea \u00een \u021bar\u0103, pre\u00adcum \u0219i la \u00eenv\u0103\u00ad\u021ba\u00adrea lim\u00adbii ger\u00adma\u00adne. Linia tele\u00adfo\u00adni\u00adc\u0103 este dis\u00adpo\u00adni\u00adbi\u00adl\u0103 de luni p\u00e2n\u0103 vineri \u00eentre ore\u00adle 8 \u0219i 16, la num\u0103\u00adrul: +49 30 1815\u20131111. \u00cen&nbsp;cazul\u2026<\/p>\n","category_list_v2":"","author_info_v2":{"name":"saasweb-admin","url":"https:\/\/www.anika-net.de\/ro\/author\/saasweb-admin\/"},"comments_num_v2":"0 comments","uagb_featured_image_src":{"full":false,"thumbnail":false,"medium":false,"medium_large":false,"large":false,"1536x1536":false,"2048x2048":false,"event-overview":false,"event-archive-thumb":false,"grid-item-thumbnail":false,"network-partner-icon":false,"organiser-icon":false,"gform-image-choice-sm":false,"gform-image-choice-md":false,"gform-image-choice-lg":false},"uagb_author_info":{"display_name":"saasweb-admin","author_link":"https:\/\/www.anika-net.de\/ro\/author\/saasweb-admin\/"},"uagb_comment_info":0,"uagb_excerpt":"A\u021bi absol\u00advit \u00een str\u0103\u00adi\u00adn\u0103\u00adta\u00adte o \u0219coa\u00adl\u0103, o pre\u00adg\u0103\u00adti\u00adre pro\u00adfe\u00adsio\u00adna\u00adl\u0103 sau un stu\u00addiu? \u00cen acest caz, diplo\u00adma poa\u00adte fi veri\u00adfi\u00adca\u00adt\u0103 \u015fi recu\u00adnos\u00adcu\u00adt\u0103 \u00een Germania. Dac\u0103 ave\u021bi nevo\u00adie de o recu\u00adnoa\u0219\u00adte\u00adre, \u00een&nbsp;Citi\u021bi mai mult","_links":{"self":[{"href":"https:\/\/www.anika-net.de\/ro\/wp-json\/wp\/v2\/pages\/7301","targetHints":{"allow":["GET"]}}],"collection":[{"href":"https:\/\/www.anika-net.de\/ro\/wp-json\/wp\/v2\/pages"}],"about":[{"href":"https:\/\/www.anika-net.de\/ro\/wp-json\/wp\/v2\/types\/page"}],"author":[{"embeddable":true,"href":"https:\/\/www.anika-net.de\/ro\/wp-json\/wp\/v2\/users\/1"}],"replies":[{"embeddable":true,"href":"https:\/\/www.anika-net.de\/ro\/wp-json\/wp\/v2\/comments?post=7301"}],"version-history":[{"count":0,"href":"https:\/\/www.anika-net.de\/ro\/wp-json\/wp\/v2\/pages\/7301\/revisions"}],"up":[{"embeddable":true,"href":"https:\/\/www.anika-net.de\/ro\/wp-json\/wp\/v2\/pages\/7299"}],"wp:attachment":[{"href":"https:\/\/www.anika-net.de\/ro\/wp-json\/wp\/v2\/media?parent=7301"}],"curies":[{"name":"wp","href":"https:\/\/api.w.org\/{rel}","templated":true}]}}