{"id":7287,"date":"2021-05-21T14:15:47","date_gmt":"2021-05-21T12:15:47","guid":{"rendered":"https:\/\/www.anika-net.de\/sosirea\/sanatate\/registering-with-a-health-insurance-company\/"},"modified":"2021-10-13T16:50:21","modified_gmt":"2021-10-13T14:50:21","slug":"inregistrarea-la-o-casa-de-asigurari-de-sanatate-krankenkasse","status":"publish","type":"page","link":"https:\/\/www.anika-net.de\/ro\/sosirea\/sanatatea\/inregistrarea-la-o-casa-de-asigurari-de-sanatate-krankenkasse\/","title":{"rendered":"\u00cenre\u00adgis\u00adtra\u00adrea la o cas\u0103 de asi\u00adgu\u00adr\u0103ri de s\u0103n\u0103\u00adta\u00adte (Kran\u00adken\u00adka\u00ads\u00adse)"},"content":{"rendered":"\n<p>Fie\u00adca\u00adre per\u00adsoa\u00adn\u0103 tre\u00adbu\u00adie s\u0103 de\u021bi\u00adn\u0103 asi\u00adgu\u00adra\u00adre de s\u0103n\u0103\u00adta\u00adte \u00een Ger\u00adma\u00adnia. Exis\u00adt\u0103 mul\u00adte case de asi\u00adgu\u00adr\u0103ri de s\u0103n\u0103\u00adta\u00adte \u00een Ger\u00adma\u00adnia. Pute\u021bi ale\u00adge sin\u00adguri la care <strong>cas\u0103 de asi\u00adgu\u00adr\u0103ri de s\u0103n\u0103\u00adta\u00adte<\/strong> dori\u021bi s\u0103 v\u0103 \u00eenregistra\u021bi.<\/p>\n\n\n\n<p><strong>Sfat:<\/strong><\/p>\n\n\n\n<ul class=\"wp-block-list\"><li>Dac\u0103 ave\u021bi un loc de mun\u00adc\u0103 sau dac\u0103 pri\u00admi\u021bi bene\u00adfi\u00adcii soci\u00ada\u00adle, v\u0103 poa\u00adte \u00eenre\u00adgis\u00adtra la casa de asi\u00adgu\u00adr\u0103ri de s\u0103n\u0103\u00adta\u00adte \u0219i anga\u00adja\u00adto\u00adrul sau agen\u00ad\u021bia de&nbsp;munc\u0103.<\/li><\/ul>\n\n\n\n<p>O lis\u00adt\u0103 a case\u00adlor de s\u0103n\u0103\u00adta\u00adte de stat g\u0103si\u021bi aici: <a href=\"http:\/\/www.krankenkassen.de\/gesetzliche-krankenkassen\/\" rel=\"noopener\">www.krankenkassen.de\/gesetzliche-krankenkassen\/<\/a><\/p>\n\n\n\n<ul class=\"wp-block-list\"><li>So\u021bul sau so\u021bia \u0219i copi\u00adii pot fi asi\u00adgu\u00adra\u021bi gra\u00adtu\u00adit la ace\u00adea\u0219i cas\u0103 de asi\u00adgu\u00adr\u0103ri de s\u0103n\u0103\u00adta\u00adte prin asi\u00adgu\u00adra\u00adrea de familie.<\/li><\/ul>\n\n\n\n<figure class=\"wp-block-table\"><table><tbody><tr><td><strong>\u015eti\u00ada\u00ad\u0163i c\u0103:<\/strong> Per\u00adsoa\u00adne\u00adle care sunt func\u00ad\u021bio\u00adnari publici, care c\u00e2\u0219ti\u00adg\u0103 deo\u00adse\u00adbit de mult sau care lucrea\u00adz\u0103 pe cont pro\u00adpriu se pot \u00eenscrie \u00een Ger\u00adma\u00adnia la o asi\u00adgu\u00adra\u00adre de s\u0103n\u0103\u00adta\u00adte privat\u0103.<\/td><\/tr><\/tbody><\/table><\/figure>\n\n\n\n<p><strong>Ve\u021bi pri\u00admi un card de asi\u00adgu\u00adr\u0103ri de s\u0103n\u0103\u00adta\u00adte <em>(Kran\u00adken\u00adver\u00adsi\u00adcher\u00adten\u00adkar\u00adte)<\/em>, pe care tre\u00adbu\u00adie s\u0103 \u00eel adu\u00adce\u021bi cu dvs. la vizi\u00adta la&nbsp;medic.<\/strong><\/p>\n\n\n\n<p class=\"has-black-color has-light-green-cyan-background-color has-text-color has-background\"><strong>\u015eti\u00ada\u00ad\u0163i c\u0103:<\/strong> Per\u00adsoa\u00adne\u00adle care sunt func\u00ad\u021bio\u00adnari publici, care c\u00e2\u0219ti\u00adg\u0103 deo\u00adse\u00adbit de mult sau care lucrea\u00adz\u0103 pe cont pro\u00adpriu se pot \u00eenscrie \u00een Ger\u00adma\u00adnia la o asi\u00adgu\u00adra\u00adre de s\u0103n\u0103\u00adta\u00adte privat\u0103.<\/p>\n","protected":false},"excerpt":{"rendered":"<p>Fie\u00adca\u00adre per\u00adsoa\u00adn\u0103 tre\u00adbu\u00adie s\u0103 de\u021bi\u00adn\u0103 asi\u00adgu\u00adra\u00adre de s\u0103n\u0103\u00adta\u00adte \u00een Ger\u00adma\u00adnia. Exis\u00adt\u0103 mul\u00adte case de asi\u00adgu\u00adr\u0103ri de s\u0103n\u0103\u00adta\u00adte \u00een Ger\u00adma\u00adnia. Pute\u021bi ale\u00adge sin\u00adguri la care cas\u0103 de asi\u00adgu\u00adr\u0103ri de s\u0103n\u0103\u00adta\u00adte dori\u021bi&nbsp;<a class=\"moretag\" href=\"https:\/\/www.anika-net.de\/ro\/sosirea\/sanatatea\/inregistrarea-la-o-casa-de-asigurari-de-sanatate-krankenkasse\/\">Citi\u021bi mai&nbsp;mult<\/a><\/p>\n","protected":false},"author":1,"featured_media":0,"parent":15807,"menu_order":0,"comment_status":"closed","ping_status":"closed","template":"","meta":{"_acf_changed":false,"inline_featured_image":false,"_uag_custom_page_level_css":"","wp_typography_post_enhancements_disabled":false,"footnotes":""},"class_list":["post-7287","page","type-page","status-publish","hentry"],"acf":[],"featured_image_urls_v2":{"full":"","thumbnail":"","medium":"","medium_large":"","large":"","1536x1536":"","2048x2048":"","event-overview":"","event-archive-thumb":"","grid-item-thumbnail":"","network-partner-icon":"","organiser-icon":"","gform-image-choice-sm":"","gform-image-choice-md":"","gform-image-choice-lg":""},"post_excerpt_stackable_v2":"<p>Fie\u00adca\u00adre per\u00adsoa\u00adn\u0103 tre\u00adbu\u00adie s\u0103 de\u021bi\u00adn\u0103 asi\u00adgu\u00adra\u00adre de s\u0103n\u0103\u00adta\u00adte \u00een Ger\u00adma\u00adnia. Exis\u00adt\u0103 mul\u00adte case de asi\u00adgu\u00adr\u0103ri de s\u0103n\u0103\u00adta\u00adte \u00een Ger\u00adma\u00adnia. Pute\u021bi ale\u00adge sin\u00adguri la care cas\u0103 de asi\u00adgu\u00adr\u0103ri de s\u0103n\u0103\u00adta\u00adte dori\u021bi s\u0103 v\u0103 \u00eenre\u00adgis\u00adtra\u021bi. Sfat: Dac\u0103 ave\u021bi un loc de mun\u00adc\u0103 sau dac\u0103 pri\u00admi\u021bi bene\u00adfi\u00adcii soci\u00ada\u00adle, v\u0103 poa\u00adte \u00eenre\u00adgis\u00adtra la casa de asi\u00adgu\u00adr\u0103ri de s\u0103n\u0103\u00adta\u00adte \u0219i anga\u00adja\u00adto\u00adrul sau agen\u00ad\u021bia de&nbsp;mun\u00adc\u0103. O lis\u00adt\u0103 a case\u00adlor de s\u0103n\u0103\u00adta\u00adte de stat g\u0103si\u021bi aici: www.krankenkassen.de\/gesetzliche-krankenkassen\/ So\u021bul sau so\u021bia \u0219i copi\u00adii pot fi asi\u00adgu\u00adra\u021bi gra\u00adtu\u00adit la ace\u00adea\u0219i cas\u0103 de asi\u00adgu\u00adr\u0103ri de s\u0103n\u0103\u00adta\u00adte prin asi\u00adgu\u00adra\u00adrea de fami\u00adlie. \u015eti\u00ada\u00ad\u0163i c\u0103: Per\u00adsoa\u00adne\u00adle care sunt func\u00ad\u021bio\u00adnari publici, care c\u00e2\u0219ti\u00adg\u0103 deosebit\u2026<\/p>\n","category_list_v2":"","author_info_v2":{"name":"saasweb-admin","url":"https:\/\/www.anika-net.de\/ro\/author\/saasweb-admin\/"},"comments_num_v2":"0 comments","uagb_featured_image_src":{"full":false,"thumbnail":false,"medium":false,"medium_large":false,"large":false,"1536x1536":false,"2048x2048":false,"event-overview":false,"event-archive-thumb":false,"grid-item-thumbnail":false,"network-partner-icon":false,"organiser-icon":false,"gform-image-choice-sm":false,"gform-image-choice-md":false,"gform-image-choice-lg":false},"uagb_author_info":{"display_name":"saasweb-admin","author_link":"https:\/\/www.anika-net.de\/ro\/author\/saasweb-admin\/"},"uagb_comment_info":0,"uagb_excerpt":"Fie\u00adca\u00adre per\u00adsoa\u00adn\u0103 tre\u00adbu\u00adie s\u0103 de\u021bi\u00adn\u0103 asi\u00adgu\u00adra\u00adre de s\u0103n\u0103\u00adta\u00adte \u00een Ger\u00adma\u00adnia. Exis\u00adt\u0103 mul\u00adte case de asi\u00adgu\u00adr\u0103ri de s\u0103n\u0103\u00adta\u00adte \u00een Ger\u00adma\u00adnia. Pute\u021bi ale\u00adge sin\u00adguri la care cas\u0103 de asi\u00adgu\u00adr\u0103ri de s\u0103n\u0103\u00adta\u00adte dori\u021bi&nbsp;Citi\u021bi mai mult","_links":{"self":[{"href":"https:\/\/www.anika-net.de\/ro\/wp-json\/wp\/v2\/pages\/7287","targetHints":{"allow":["GET"]}}],"collection":[{"href":"https:\/\/www.anika-net.de\/ro\/wp-json\/wp\/v2\/pages"}],"about":[{"href":"https:\/\/www.anika-net.de\/ro\/wp-json\/wp\/v2\/types\/page"}],"author":[{"embeddable":true,"href":"https:\/\/www.anika-net.de\/ro\/wp-json\/wp\/v2\/users\/1"}],"replies":[{"embeddable":true,"href":"https:\/\/www.anika-net.de\/ro\/wp-json\/wp\/v2\/comments?post=7287"}],"version-history":[{"count":0,"href":"https:\/\/www.anika-net.de\/ro\/wp-json\/wp\/v2\/pages\/7287\/revisions"}],"up":[{"embeddable":true,"href":"https:\/\/www.anika-net.de\/ro\/wp-json\/wp\/v2\/pages\/15807"}],"wp:attachment":[{"href":"https:\/\/www.anika-net.de\/ro\/wp-json\/wp\/v2\/media?parent=7287"}],"curies":[{"name":"wp","href":"https:\/\/api.w.org\/{rel}","templated":true}]}}