{"id":7219,"date":"2021-05-21T14:09:49","date_gmt":"2021-05-21T12:09:49","guid":{"rendered":"https:\/\/www.anika-net.de\/sosirea\/accomodation\/finding-an-appartement\/"},"modified":"2021-10-13T15:39:14","modified_gmt":"2021-10-13T13:39:14","slug":"cum-gasesc-o-locuinta","status":"publish","type":"page","link":"https:\/\/www.anika-net.de\/ro\/sosirea\/accomodation\/cum-gasesc-o-locuinta\/","title":{"rendered":"Cum g\u0103sesc o locuin\u0163\u0103?"},"content":{"rendered":"\n<ul class=\"wp-block-list\"><li>\u00cen <strong>zia\u00adre\u00adle regio\u00adna\u00adle pre\u00adcum<\/strong> <strong>Badis\u00adche Neu\u00ades\u00adte Nachri\u00adch\u00adten (BNN) <\/strong>(edi\u00ad\u021bi\u00adi\u00adle de mier\u00adcuri \u0219i s\u00e2m\u00adb\u0103\u00adt\u0103), <strong>Der Kuri\u00ader<\/strong> (edi\u00ad\u021bia de vineri),<\/li><li>sau pe <strong>inter\u00adnet <\/strong>(de exem\u00adplu <a href=\"http:\/\/www.immonet.de\" rel=\"noopener\">www.immonet.de<\/a>, <a href=\"http:\/\/www.immowelt.de\" rel=\"noopener\">www.immowelt.de<\/a>, <a href=\"https:\/\/www.wohnungsboerse.net\/\" rel=\"noopener\">https:\/\/www.wohnungsboerse.net\/<\/a>, <a href=\"https:\/\/www.meinestadt.de\" rel=\"noopener\">https:\/\/www.meinestadt.de<\/a>, <a href=\"https:\/\/www.immobilo.de\/\" rel=\"noopener\">https:\/\/www.immobilo.de\/<\/a>, <a href=\"https:\/\/www.immobilienscout24.de\/\" rel=\"noopener\">https:\/\/www.immobilienscout24.de\/<\/a> sau alte portale<\/li><li>Dac\u0103 dori\u021bi s\u0103 locu\u00adi\u021bi \u00eempre\u00adu\u00adn\u0103 cu alte per\u00adsoa\u00adne, pute\u021bi c\u0103u\u00adta \u0219i o <strong>locu\u00adin\u0163\u0103 \u00een comun <em>(Wohn\u00adge\u00adme\u00adin\u00adschaft (WG))<\/em><\/strong>. Locu\u00adin\u0163e \u00een comun <em>(WG)<\/em> g\u0103si\u00ad\u0163i onli\u00adne la: <a href=\"https:\/\/www.wg-gesucht.de\/\" rel=\"noopener\">https:\/\/www.wg-gesucht.de\/<\/a>, <a href=\"http:\/\/www.wg-suche.de\" rel=\"noopener\">www.wg-suche.de<\/a>, gru\u00adpu\u00adri\u00adle de Face\u00adbo\u00adok pre\u00adcum WG Zim\u00admer frei in Karlsruhe.<\/li><\/ul>\n\n\n\n<p><strong>Sfat:<\/strong> La fel ca \u00een mul\u00adte alte ora\u00ad\u0219e mari din Ger\u00adma\u00adnia, nici \u00een Karl\u00adsru\u00adhe nu este u\u0219oa\u00adr\u0103 c\u0103u\u00adta\u00adrea unei locu\u00adin\u00ad\u021be. \u00centre\u00adba\u021bi \u0219i pri\u00ade\u00adte\u00adnii, rude\u00adle, veci\u00adnii \u0219i cole\u00adgii des\u00adpre locu\u00adin\u00ad\u021be disponibile!<\/p>\n\n\n\n<p><strong>Aici g\u0103si\u021bi une\u00adle pres\u00adcur\u00adt\u0103ri care apar ade\u00adsea \u00een anun\u00ad\u021bu\u00adri\u00adle imobiliare:<\/strong><\/p>\n\n\n\n<ul class=\"wp-block-list\"><li><strong>AB <\/strong>Altbau (<em>cl\u0103\u00addi\u00adre veche<\/em>)<\/li><li><strong>B<\/strong> Bad (<em>baie<\/em>)<\/li><li><strong>BLK<\/strong> Bal\u00adkon (<em>bal\u00adcon<\/em>)<\/li><li><strong>HT<\/strong> Haus\u00adti\u00ader (<em>ani\u00admal de cas\u0103<\/em>)<\/li><li><strong>KM<\/strong> Kalt\u00admi\u00ade\u00adte (<em>chi\u00adrie net\u0103 f\u0103r\u0103 cos\u00adturi de \u00eentre\u00ad\u021bi\u00adne\u00adre inclu\u00adse<\/em>)<\/li><li><strong>Kt.<\/strong> Kau\u00adtion (<em>depo\u00adzit de garan\u00ad\u021bie<\/em>)<\/li><li><strong>mbl.<\/strong> m\u00f6bli\u00adert (<em>mobi\u00adlat<\/em>)<\/li><li><strong>mtl<\/strong>. mona\u00adtli\u00adch (<em>lunar<\/em>)<\/li><li><strong>NB <\/strong>Neu\u00adbau (<em>cl\u0103\u00addi\u00adre nou\u0103<\/em>)<\/li><li><strong>NK<\/strong> Neben\u00adkos\u00adten (<em>cos\u00adturi de \u00eentre\u00ad\u021bi\u00adne\u00adre<\/em>)<\/li><li><strong>NR<\/strong> Nich\u00adtrau\u00adcher (<em>nefu\u00adm\u0103\u00adtor<\/em>)<\/li><li><strong>P\/PP<\/strong> Par\u00adk\u00adplatz (<em>loc de par\u00adca\u00adre<\/em>)<\/li><li><strong>Whg<\/strong>. Woh\u00adnung (<em>locu\u00adin\u00ad\u021b\u0103<\/em>)<\/li><li><strong>WM<\/strong> War\u00adm\u00admi\u00ade\u00adte (<em>chi\u00adrie bru\u00adt\u0103 cu cos\u00adturi de \u00eentre\u00ad\u021bi\u00adne\u00adre inclu\u00adse<\/em>)<\/li><li><strong>Zi. <\/strong>Zim\u00admer (<em>camer\u0103(-e))<\/em>)<\/li><li><strong>ZKB <\/strong>Zim\u00admer K\u00fcche Bad&nbsp;(<em>camer\u0103(-e) buc\u0103\u00adt\u0103\u00adrie baie<\/em>)<\/li><li><strong>ZKD<\/strong> Zim\u00admer K\u00fcche Dus\u00adche (<em>camer\u0103(-e) buc\u0103\u00adt\u0103\u00adrie du\u0219<\/em>)<\/li><\/ul>\n\n\n\n<p>Sfat: <strong>Ce s\u0103 iau cu mine la vizio\u00adna\u00adre? <\/strong>O copie a actu\u00adlui de iden\u00adti\u00adta\u00adte \u0219i, dac\u0103 este cazul, o ade\u00adve\u00adrin\u00ad\u021b\u0103 refe\u00adri\u00adtoa\u00adre la locul de mun\u00adc\u0103 (flu\u00adtu\u00adra\u00ad\u0219ul de sala\u00adriu sau copia con\u00adtrac\u00adtu\u00adlui de&nbsp;munc\u0103).<\/p>\n\n\n\n<p><strong>Ce este garan\u00ad\u021bia <em>(Kau\u00adtion)<\/em>?<\/strong> Majo\u00adri\u00adta\u00adtea pro\u00adpri\u00ade\u00adta\u00adri\u00adlor soli\u00adci\u00adt\u0103 o garan\u00ad\u021bie \u00eena\u00adin\u00adtea mut\u0103\u00adrii \u00een locu\u00adin\u00ad\u021ba \u00eenchi\u00adri\u00ada\u00adt\u0103. De regu\u00adl\u0103, aces\u00adta este echi\u00adva\u00adlen\u00adtul a 2 sau 3 chi\u00adrii nete (KM). V\u0103 ve\u021bi pri\u00admi banii \u00eena\u00adpoi c\u00e2nd ve\u021bi p\u0103r\u0103\u00adsi\u021bi locu\u00adin\u00ad\u021ba \u2014 cu excep\u00ad\u021bia cazu\u00adlui \u00een care vor fi nece\u00adsa\u00adre repa\u00adra\u00ad\u021bii la locuin\u021b\u0103.<\/p>\n\n\n\n<p class=\"has-light-green-cyan-background-color has-background\"><strong>Sfat<\/strong>: \u00cen peri\u00adoa\u00adda stre\u00adsan\u00adt\u0103 a muta\u00adtu\u00adlui, nu uita\u021bi s\u0103 v\u0103 inscrip\u00ad\u021bio\u00adna\u021bi cutia po\u0219\u00adta\u00adl\u0103 \u0219i sone\u00adria cu nume\u00adle&nbsp;Dvs.<\/p>\n","protected":false},"excerpt":{"rendered":"<p>\u00cen zia\u00adre\u00adle regio\u00adna\u00adle pre\u00adcum Badis\u00adche Neu\u00ades\u00adte Nachri\u00adch\u00adten (BNN) (edi\u00ad\u021bi\u00adi\u00adle de mier\u00adcuri \u0219i s\u00e2m\u00adb\u0103\u00adt\u0103), Der Kuri\u00ader (edi\u00ad\u021bia de vineri), sau pe inter\u00adnet (de exem\u00adplu www.immonet.de, www.immowelt.de, https:\/\/www.wohnungsboerse.net\/, https:\/\/www.meinestadt.de, https:\/\/www.immobilo.de\/, https:\/\/www.immobilienscout24.de\/ sau&nbsp;<a class=\"moretag\" href=\"https:\/\/www.anika-net.de\/ro\/sosirea\/accomodation\/cum-gasesc-o-locuinta\/\">Citi\u021bi mai&nbsp;mult<\/a><\/p>\n","protected":false},"author":1,"featured_media":0,"parent":7213,"menu_order":2,"comment_status":"closed","ping_status":"closed","template":"","meta":{"_acf_changed":false,"inline_featured_image":false,"_uag_custom_page_level_css":"","wp_typography_post_enhancements_disabled":false,"footnotes":""},"class_list":["post-7219","page","type-page","status-publish","hentry"],"acf":[],"featured_image_urls_v2":{"full":"","thumbnail":"","medium":"","medium_large":"","large":"","1536x1536":"","2048x2048":"","event-overview":"","event-archive-thumb":"","grid-item-thumbnail":"","network-partner-icon":"","organiser-icon":"","gform-image-choice-sm":"","gform-image-choice-md":"","gform-image-choice-lg":""},"post_excerpt_stackable_v2":"<p>\u00cen zia\u00adre\u00adle regio\u00adna\u00adle pre\u00adcum Badis\u00adche Neu\u00ades\u00adte Nachri\u00adch\u00adten (BNN) (edi\u00ad\u021bi\u00adi\u00adle de mier\u00adcuri \u0219i s\u00e2m\u00adb\u0103\u00adt\u0103), Der Kuri\u00ader (edi\u00ad\u021bia de vineri),sau pe inter\u00adnet (de exem\u00adplu www.immonet.de, www.immowelt.de, https:\/\/www.wohnungsboerse.net\/, https:\/\/www.meinestadt.de, https:\/\/www.immobilo.de\/, https:\/\/www.immobilienscout24.de\/ sau alte por\u00adta\u00adle\u00adDa\u00adc\u0103 dori\u021bi s\u0103 locu\u00adi\u021bi \u00eempre\u00adu\u00adn\u0103 cu alte per\u00adsoa\u00adne, pute\u021bi c\u0103u\u00adta \u0219i o locu\u00adin\u0163\u0103 \u00een comun (Wohn\u00adge\u00adme\u00adin\u00adschaft (WG)). Locu\u00adin\u0163e \u00een comun (WG) g\u0103si\u00ad\u0163i onli\u00adne la: https:\/\/www.wg-gesucht.de\/, www.wg-suche.de, gru\u00adpu\u00adri\u00adle de Face\u00adbo\u00adok pre\u00adcum WG Zim\u00admer frei in Karl\u00adsru\u00adhe. Sfat: La fel ca \u00een mul\u00adte alte ora\u00ad\u0219e mari din Ger\u00adma\u00adnia, nici \u00een Karl\u00adsru\u00adhe nu este u\u0219oa\u00adr\u0103 c\u0103u\u00adta\u00adrea unei locu\u00adin\u00ad\u021be. \u00centre\u00adba\u021bi \u0219i pri\u00ade\u00adte\u00adnii, rude\u00adle, veci\u00adnii \u0219i cole\u00adgii des\u00adpre locu\u00adin\u00ad\u021be dis\u00adpo\u00adni\u00adbi\u00adle! Aici g\u0103si\u021bi une\u00adle pres\u00adcur\u00adt\u0103ri&nbsp;care\u2026<\/p>\n","category_list_v2":"","author_info_v2":{"name":"saasweb-admin","url":"https:\/\/www.anika-net.de\/ro\/author\/saasweb-admin\/"},"comments_num_v2":"0 comments","uagb_featured_image_src":{"full":false,"thumbnail":false,"medium":false,"medium_large":false,"large":false,"1536x1536":false,"2048x2048":false,"event-overview":false,"event-archive-thumb":false,"grid-item-thumbnail":false,"network-partner-icon":false,"organiser-icon":false,"gform-image-choice-sm":false,"gform-image-choice-md":false,"gform-image-choice-lg":false},"uagb_author_info":{"display_name":"saasweb-admin","author_link":"https:\/\/www.anika-net.de\/ro\/author\/saasweb-admin\/"},"uagb_comment_info":0,"uagb_excerpt":"\u00cen zia\u00adre\u00adle regio\u00adna\u00adle pre\u00adcum Badis\u00adche Neu\u00ades\u00adte Nachri\u00adch\u00adten (BNN) (edi\u00ad\u021bi\u00adi\u00adle de mier\u00adcuri \u0219i s\u00e2m\u00adb\u0103\u00adt\u0103), Der Kuri\u00ader (edi\u00ad\u021bia de vineri), sau pe inter\u00adnet (de exem\u00adplu www.immonet.de, www.immowelt.de, https:\/\/www.wohnungsboerse.net\/, https:\/\/www.meinestadt.de, https:\/\/www.immobilo.de\/, https:\/\/www.immobilienscout24.de\/ sau&nbsp;Citi\u021bi mai mult","_links":{"self":[{"href":"https:\/\/www.anika-net.de\/ro\/wp-json\/wp\/v2\/pages\/7219","targetHints":{"allow":["GET"]}}],"collection":[{"href":"https:\/\/www.anika-net.de\/ro\/wp-json\/wp\/v2\/pages"}],"about":[{"href":"https:\/\/www.anika-net.de\/ro\/wp-json\/wp\/v2\/types\/page"}],"author":[{"embeddable":true,"href":"https:\/\/www.anika-net.de\/ro\/wp-json\/wp\/v2\/users\/1"}],"replies":[{"embeddable":true,"href":"https:\/\/www.anika-net.de\/ro\/wp-json\/wp\/v2\/comments?post=7219"}],"version-history":[{"count":0,"href":"https:\/\/www.anika-net.de\/ro\/wp-json\/wp\/v2\/pages\/7219\/revisions"}],"up":[{"embeddable":true,"href":"https:\/\/www.anika-net.de\/ro\/wp-json\/wp\/v2\/pages\/7213"}],"wp:attachment":[{"href":"https:\/\/www.anika-net.de\/ro\/wp-json\/wp\/v2\/media?parent=7219"}],"curies":[{"name":"wp","href":"https:\/\/api.w.org\/{rel}","templated":true}]}}