{"id":34674,"date":"2023-03-07T13:36:13","date_gmt":"2023-03-07T12:36:13","guid":{"rendered":"https:\/\/www.anika-net.de\/invata-germana\/cursuri-de-limbi-straine-legate-de-locul-de-munca\/"},"modified":"2026-02-23T19:53:51","modified_gmt":"2026-02-23T18:53:51","slug":"cursuri-de-limbi-straine-legate-de-locul-de-munca","status":"publish","type":"page","link":"https:\/\/www.anika-net.de\/ro\/invata-germana\/cursuri-de-limbi-straine-legate-de-locul-de-munca\/","title":{"rendered":"Cur\u00adsuri de lim\u00adba ger\u00adma\u00adn\u0103 lega\u00adte de locul de&nbsp;munc\u0103"},"content":{"rendered":"\n<p>Este posi\u00adbil s\u0103 urma\u021bi un<strong> curs de ger\u00adma\u00adn\u0103 legat de locul de mun\u00adc\u0103<\/strong> dup\u0103 un curs de inte\u00adgra\u00adre. Cur\u00adsu\u00adri\u00adle de lim\u00adbi str\u0103\u00adi\u00adne lega\u00adte de locul de mun\u00adc\u0103 \u00eembu\u00adn\u0103\u00adt\u0103\u00ad\u021besc ade\u00adsea \u0219anse\u00adle pe pia\u00ad\u021ba mun\u00adcii. Se pre\u00addau cuno\u0219\u00adtin\u00ad\u021be de lim\u00adba ger\u00adma\u00adn\u0103 p\u00e2n\u0103 la nive\u00adlul&nbsp;C1.<\/p>\n\n\n\n<p>Cli\u00aden\u00ad\u021bii Cen\u00adtru\u00adlui de ocu\u00adpa\u00adre a for\u00ad\u021bei de mun\u00adc\u0103 \u0219i ai Agen\u00ad\u021bi\u00adei pen\u00adtru ocu\u00adpa\u00adrea for\u00ad\u021bei de mun\u00adc\u0103 tre\u00adbu\u00adie s\u0103 se adre\u00adse\u00adze lucr\u0103\u00adto\u00adru\u00adlui lor de caz. To\u021bi cei\u00adlal\u021bi (inclu\u00adsiv anga\u00adja\u00ad\u021bii \u0219i sta\u00adgi\u00ada\u00adrii) se pot adre\u00adsa Ofi\u00adci\u00adu\u00adlui Fede\u00adral pen\u00adtru Migra\u00ad\u021bie \u0219i Refu\u00adgi\u00ada\u021bi (BAMF).<\/p>\n\n\n\n<div class=\"wp-block-stackable-icon-label stk-block-icon-label stk-block stk-3373660\" data-block-id=\"3373660\"><div class=\"stk-row stk-inner-blocks stk-block-content\">\n<div class=\"wp-block-stackable-icon stk-block-icon has-text-align-left stk-block stk-6558a18\" data-block-id=\"6558a18\"><span class=\"stk--svg-wrapper\"><div class=\"stk--inner-svg\"><svg style=\"height:0;width:0\"><defs><linearGradient id=\"linear-gradient-6558a18\" x1=\"0\" x2=\"100%\" y1=\"0\" y2=\"0\"><stop offset=\"0%\" style=\"stop-opacity:1;stop-color:var(--linear-gradient-6558-a-18-color-1)\" \/><stop offset=\"100%\" style=\"stop-opacity:1;stop-color:var(--linear-gradient-6558-a-18-color-2)\" \/><\/linearGradient><\/defs><\/svg><svg viewBox=\"0 0 192 512\" aria-hidden=\"true\" width=\"32\" height=\"32\"><path d=\"M20 424.229h20V279.771H20c-11.046 0-20-8.954-20-20V212c0-11.046 8.954-20 20-20h112c11.046 0 20 8.954 20 20v212.229h20c11.046 0 20 8.954 20 20V492c0 11.046-8.954 20-20 20H20c-11.046 0-20-8.954-20-20v-47.771c0-11.046 8.954-20 20-20zM96 0C56.235 0 24 32.235 24 72s32.235 72 72 72 72-32.235 72-72S135.764 0 96 0z\" \/><\/svg><\/div><\/span><\/div>\n\n\n\n<div class=\"wp-block-stackable-heading stk-block-heading stk-block-heading--v2 stk-block stk-a251b45\" id=\"span-style-color-fcb-900-class-stk-highlight-good-to-know-span-br-strong-you-can-find-the-most-common-technical-terms-relating-to-your-industry-here-strong-br-\ud83d\udcce-100-technical-terms\" data-block-id=\"a251b45\"><h4 class=\"stk-block-heading__text\"><span style=\"color: #fcb900;\" class=\"stk-highlight\">Bine de \u0219ti\u00adut:<\/span><br><strong>Pute\u021bi g\u0103si cei mai comuni ter\u00admeni teh\u00adnici din indus\u00adtria dum\u00adne\u00ada\u00advoas\u00adtr\u0103 aici:<\/strong><br>\ud83d\udcce <a href=\"https:\/\/100fachbegriffe.planet-beruf.de\/\" rel=\"noopener\">100 de ter\u00admeni tehnici<\/a><\/h4><\/div>\n<\/div><\/div>\n\n\n\n<h2 class=\"wp-block-heading\"><strong>Infor\u00adma\u00ad\u021bii pri\u00advind cur\u00adsu\u00adri\u00adle de lim\u00adbi str\u0103\u00adi\u00adne lega\u00adte de locul de&nbsp;munc\u0103:<\/strong><\/h2>\n\n\n\n<p><strong> <strong><a href=\"https:\/\/www.bamf.de\/DE\/Themen\/Integration\/ZugewanderteTeilnehmende\/DeutschBeruf\/deutsch-beruf.html\" rel=\"noopener\">Ofi\u00adci\u00adul Fede\u00adral pen\u00adtru Migra\u00ad\u021bie \u0219i Refu\u00adgi\u00ada\u021bi (BAMF)<\/a><\/strong><\/strong><\/p>\n\n\n\n<ul class=\"wp-block-list\">\n<li>\ud83d\udce5<strong><a href=\"https:\/\/www.bamf.de\/SharedDocs\/Anlagen\/DE\/Integration\/Berufsbezsprachf-ESF-BAMF\/BSK-Vordrucke-Formulare\/antrag-zulassung-beschaeftigte-aa-jc.html?nn=282656\" rel=\"noopener\">Cere\u00adre de acor\u00adda\u00adre a drep\u00adtu\u00adlui de par\u00adti\u00adci\u00adpa\u00adre pen\u00adtru angaja\u021bi<\/a><\/strong><\/li>\n\n\n\n<li>\ud83d\udce5<strong><a href=\"https:\/\/www.bamf.de\/SharedDocs\/Anlagen\/DE\/Integration\/Berufsbezsprachf-ESF-BAMF\/BSK-Vordrucke-Formulare\/antrag-zulassung-berufsausbildung.html?nn=282388\" rel=\"noopener\">Cere\u00adre de acor\u00adda\u00adre a drep\u00adtu\u00adlui de par\u00adti\u00adci\u00adpa\u00adre pen\u00adtru stagiari<\/a><\/strong><\/li>\n<\/ul>\n\n\n\n<p><strong>Ofer\u00adte\u00adle de curs actu\u00ada\u00adle pen\u00adtru cur\u00adsu\u00adri\u00adle de lim\u00adbi str\u0103\u00adi\u00adne lega\u00adte de locul de mun\u00adc\u0103 din Karlsruhe:<\/strong><\/p>\n\n\n\n<h3 class=\"wp-block-heading\"><strong>\ud83c\udf10<\/strong> <strong><a href=\"https:\/\/web.arbeitsagentur.de\/sprachfoerderung\/suche\/berufssprachkurse?ort=Karlsruhe;%20Baden_8.4053_49.0097&amp;umkreis=25&amp;seite=0\" rel=\"noopener\">Agen\u00ad\u021bia fede\u00adra\u00adl\u0103 pen\u00adtru ocu\u00adpa\u00adrea for\u00ad\u021bei de&nbsp;munc\u0103<\/a><\/strong><\/h3>\n\n\n\n<p><strong>Urm\u0103\u00adtoa\u00adre\u00adle \u0219coli de lim\u00adb\u0103 ofe\u00adr\u0103 cur\u00adsuri ling\u00advis\u00adti\u00adce pro\u00adfe\u00adsio\u00adna\u00adle \u00een Karlsruhe:<\/strong><\/p>\n\n\n\n<p><strong>\ud83c\udf10<\/strong> <strong><a href=\"https:\/\/www.aaw.de\/berufsbezogener-deutschsprachkurs\" rel=\"noopener\">AAW<\/a><\/strong><br><strong>\ud83c\udf10<\/strong> <strong><a href=\"https:\/\/sprachkurse.berlitz.de\/?utm_source=google&amp;utm_medium=cpc&amp;utm_campaign=DE%7CGG%7CSN%7CBR%7CAL%7CF2F%7CDE%7CCOUNTRY%7CAll%7CBerlitz%20Center%20All%7C&amp;utm_term=berlitz%20karlsruhe&amp;gad_source=1&amp;gclid=CjwKCAiAiaC-BhBEEiwAjY99qHsjYi5WzG3X8VfVnctwRFn4Bd08f-EA21YwGD9kCtZgECInmUEojRoCpkEQAvD_BwE\" rel=\"noopener\">Ber\u00adlitz<\/a><br><\/strong>\ud83c\udf10<strong> <a href=\"http:\/\/www.eduglobal.de\/deutsch-lernen\/deufoev-berufsbezogene-sprachkurse\/\" rel=\"noopener\">Edu\u00adGlo\u00adbal<\/a><\/strong><br><strong>\ud83c\udf10<\/strong> <strong><a href=\"https:\/\/www.internationaler-bund.de\/angebot\/10602\" rel=\"noopener\">Bund inter\u00adna\u021bio\u00adnal<\/a><\/strong><br><strong>\ud83c\udf10<\/strong> <a href=\"https:\/\/www.sprachakademie-karlsruhe.de\/deufoev.htm\" rel=\"noopener\"><strong>Spra\u00adcha\u00adka\u00adde\u00admie<\/strong><\/a><br><strong>\ud83c\udf10<\/strong> <strong><a href=\"https:\/\/www.uss.de\/kurssuche\/?_suche=karlsruhe\" rel=\"noopener\">USS impuls<\/a><\/strong><br><strong>\ud83c\udf10<\/strong> <strong><a href=\"https:\/\/www.vhs-karlsruhe.de\/p\/deutsch\/deutsch-im-alltag-und-fuer-den-beruf-699-CAT-KAT524\" rel=\"noopener\">vhs<\/a><\/strong><\/p>\n","protected":false},"excerpt":{"rendered":"<p>Este posi\u00adbil s\u0103 urma\u021bi un curs de ger\u00adma\u00adn\u0103 legat de locul de mun\u00adc\u0103 dup\u0103 un curs de inte\u00adgra\u00adre. Cur\u00adsu\u00adri\u00adle de lim\u00adbi str\u0103\u00adi\u00adne lega\u00adte de locul de mun\u00adc\u0103 \u00eembu\u00adn\u0103\u00adt\u0103\u00ad\u021besc ade\u00adsea \u0219anse\u00adle&nbsp;<a class=\"moretag\" href=\"https:\/\/www.anika-net.de\/ro\/invata-germana\/cursuri-de-limbi-straine-legate-de-locul-de-munca\/\">Citi\u021bi mai&nbsp;mult<\/a><\/p>\n","protected":false},"author":12,"featured_media":34416,"parent":34533,"menu_order":10,"comment_status":"closed","ping_status":"closed","template":"","meta":{"_acf_changed":false,"inline_featured_image":false,"_uag_custom_page_level_css":"","wp_typography_post_enhancements_disabled":false,"footnotes":""},"class_list":["post-34674","page","type-page","status-publish","has-post-thumbnail","hentry"],"acf":[],"featured_image_urls_v2":{"full":["https:\/\/www.anika-net.de\/wp-content\/uploads\/2023\/03\/Berufsbezogene-Sprachkurse_Kacheln-2.png",2000,1111,false],"thumbnail":["https:\/\/www.anika-net.de\/wp-content\/uploads\/2023\/03\/Berufsbezogene-Sprachkurse_Kacheln-2-150x150.png",150,150,true],"medium":["https:\/\/www.anika-net.de\/wp-content\/uploads\/2023\/03\/Berufsbezogene-Sprachkurse_Kacheln-2-300x167.png",300,167,true],"medium_large":["https:\/\/www.anika-net.de\/wp-content\/uploads\/2023\/03\/Berufsbezogene-Sprachkurse_Kacheln-2-768x427.png",640,356,true],"large":["https:\/\/www.anika-net.de\/wp-content\/uploads\/2023\/03\/Berufsbezogene-Sprachkurse_Kacheln-2-1024x569.png",640,356,true],"1536x1536":["https:\/\/www.anika-net.de\/wp-content\/uploads\/2023\/03\/Berufsbezogene-Sprachkurse_Kacheln-2-1536x853.png",1536,853,true],"2048x2048":["https:\/\/www.anika-net.de\/wp-content\/uploads\/2023\/03\/Berufsbezogene-Sprachkurse_Kacheln-2.png",2000,1111,false],"event-overview":["https:\/\/www.anika-net.de\/wp-content\/uploads\/2023\/03\/Berufsbezogene-Sprachkurse_Kacheln-2-960x640.png",960,640,true],"event-archive-thumb":["https:\/\/www.anika-net.de\/wp-content\/uploads\/2023\/03\/Berufsbezogene-Sprachkurse_Kacheln-2-480x267.png",480,267,true],"grid-item-thumbnail":["https:\/\/www.anika-net.de\/wp-content\/uploads\/2023\/03\/Berufsbezogene-Sprachkurse_Kacheln-2-360x200.png",360,200,true],"network-partner-icon":["https:\/\/www.anika-net.de\/wp-content\/uploads\/2023\/03\/Berufsbezogene-Sprachkurse_Kacheln-2-100x100.png",100,100,true],"organiser-icon":["https:\/\/www.anika-net.de\/wp-content\/uploads\/2023\/03\/Berufsbezogene-Sprachkurse_Kacheln-2-200x200.png",200,200,true],"gform-image-choice-sm":["https:\/\/www.anika-net.de\/wp-content\/uploads\/2023\/03\/Berufsbezogene-Sprachkurse_Kacheln-2.png",300,167,false],"gform-image-choice-md":["https:\/\/www.anika-net.de\/wp-content\/uploads\/2023\/03\/Berufsbezogene-Sprachkurse_Kacheln-2.png",400,222,false],"gform-image-choice-lg":["https:\/\/www.anika-net.de\/wp-content\/uploads\/2023\/03\/Berufsbezogene-Sprachkurse_Kacheln-2.png",600,333,false]},"post_excerpt_stackable_v2":"<p>Este posi\u00adbil s\u0103 urma\u021bi un curs de ger\u00adma\u00adn\u0103 legat de locul de mun\u00adc\u0103 dup\u0103 un curs de inte\u00adgra\u00adre. Cur\u00adsu\u00adri\u00adle de lim\u00adbi str\u0103\u00adi\u00adne lega\u00adte de locul de mun\u00adc\u0103 \u00eembu\u00adn\u0103\u00adt\u0103\u00ad\u021besc ade\u00adsea \u0219anse\u00adle pe pia\u00ad\u021ba mun\u00adcii. Se pre\u00addau cuno\u0219\u00adtin\u00ad\u021be de lim\u00adba ger\u00adma\u00adn\u0103 p\u00e2n\u0103 la nive\u00adlul&nbsp;C1. Cli\u00aden\u00ad\u021bii Cen\u00adtru\u00adlui de ocu\u00adpa\u00adre a for\u00ad\u021bei de mun\u00adc\u0103 \u0219i ai Agen\u00ad\u021bi\u00adei pen\u00adtru ocu\u00adpa\u00adrea for\u00ad\u021bei de mun\u00adc\u0103 tre\u00adbu\u00adie s\u0103 se adre\u00adse\u00adze lucr\u0103\u00adto\u00adru\u00adlui lor de caz. To\u021bi cei\u00adlal\u021bi (inclu\u00adsiv anga\u00adja\u00ad\u021bii \u0219i sta\u00adgi\u00ada\u00adrii) se pot adre\u00adsa Ofi\u00adci\u00adu\u00adlui Fede\u00adral pen\u00adtru Migra\u00ad\u021bie \u0219i Refu\u00adgi\u00ada\u021bi (BAMF). Bine de \u0219ti\u00adut:Pute\u021bi g\u0103si cei mai comuni ter\u00admeni teh\u00adnici din indus\u00adtria dum\u00adne\u00ada\u00advoas\u00adtr\u0103 aici:\ud83d\udcce 100 de ter\u00admeni teh\u00adnici Informa\u021bii\u2026<\/p>\n","category_list_v2":"","author_info_v2":{"name":"Andrea Ramirez","url":"https:\/\/www.anika-net.de\/ro\/author\/andrea-ramirez\/"},"comments_num_v2":"0 comments","uagb_featured_image_src":{"full":["https:\/\/www.anika-net.de\/wp-content\/uploads\/2023\/03\/Berufsbezogene-Sprachkurse_Kacheln-2.png",2000,1111,false],"thumbnail":["https:\/\/www.anika-net.de\/wp-content\/uploads\/2023\/03\/Berufsbezogene-Sprachkurse_Kacheln-2-150x150.png",150,150,true],"medium":["https:\/\/www.anika-net.de\/wp-content\/uploads\/2023\/03\/Berufsbezogene-Sprachkurse_Kacheln-2-300x167.png",300,167,true],"medium_large":["https:\/\/www.anika-net.de\/wp-content\/uploads\/2023\/03\/Berufsbezogene-Sprachkurse_Kacheln-2-768x427.png",640,356,true],"large":["https:\/\/www.anika-net.de\/wp-content\/uploads\/2023\/03\/Berufsbezogene-Sprachkurse_Kacheln-2-1024x569.png",640,356,true],"1536x1536":["https:\/\/www.anika-net.de\/wp-content\/uploads\/2023\/03\/Berufsbezogene-Sprachkurse_Kacheln-2-1536x853.png",1536,853,true],"2048x2048":["https:\/\/www.anika-net.de\/wp-content\/uploads\/2023\/03\/Berufsbezogene-Sprachkurse_Kacheln-2.png",2000,1111,false],"event-overview":["https:\/\/www.anika-net.de\/wp-content\/uploads\/2023\/03\/Berufsbezogene-Sprachkurse_Kacheln-2-960x640.png",960,640,true],"event-archive-thumb":["https:\/\/www.anika-net.de\/wp-content\/uploads\/2023\/03\/Berufsbezogene-Sprachkurse_Kacheln-2-480x267.png",480,267,true],"grid-item-thumbnail":["https:\/\/www.anika-net.de\/wp-content\/uploads\/2023\/03\/Berufsbezogene-Sprachkurse_Kacheln-2-360x200.png",360,200,true],"network-partner-icon":["https:\/\/www.anika-net.de\/wp-content\/uploads\/2023\/03\/Berufsbezogene-Sprachkurse_Kacheln-2-100x100.png",100,100,true],"organiser-icon":["https:\/\/www.anika-net.de\/wp-content\/uploads\/2023\/03\/Berufsbezogene-Sprachkurse_Kacheln-2-200x200.png",200,200,true],"gform-image-choice-sm":["https:\/\/www.anika-net.de\/wp-content\/uploads\/2023\/03\/Berufsbezogene-Sprachkurse_Kacheln-2.png",300,167,false],"gform-image-choice-md":["https:\/\/www.anika-net.de\/wp-content\/uploads\/2023\/03\/Berufsbezogene-Sprachkurse_Kacheln-2.png",400,222,false],"gform-image-choice-lg":["https:\/\/www.anika-net.de\/wp-content\/uploads\/2023\/03\/Berufsbezogene-Sprachkurse_Kacheln-2.png",600,333,false]},"uagb_author_info":{"display_name":"Andrea Ramirez","author_link":"https:\/\/www.anika-net.de\/ro\/author\/andrea-ramirez\/"},"uagb_comment_info":0,"uagb_excerpt":"Este posi\u00adbil s\u0103 urma\u021bi un curs de ger\u00adma\u00adn\u0103 legat de locul de mun\u00adc\u0103 dup\u0103 un curs de inte\u00adgra\u00adre. Cur\u00adsu\u00adri\u00adle de lim\u00adbi str\u0103\u00adi\u00adne lega\u00adte de locul de mun\u00adc\u0103 \u00eembu\u00adn\u0103\u00adt\u0103\u00ad\u021besc ade\u00adsea \u0219anse\u00adle&nbsp;Citi\u021bi mai mult","_links":{"self":[{"href":"https:\/\/www.anika-net.de\/ro\/wp-json\/wp\/v2\/pages\/34674","targetHints":{"allow":["GET"]}}],"collection":[{"href":"https:\/\/www.anika-net.de\/ro\/wp-json\/wp\/v2\/pages"}],"about":[{"href":"https:\/\/www.anika-net.de\/ro\/wp-json\/wp\/v2\/types\/page"}],"author":[{"embeddable":true,"href":"https:\/\/www.anika-net.de\/ro\/wp-json\/wp\/v2\/users\/12"}],"replies":[{"embeddable":true,"href":"https:\/\/www.anika-net.de\/ro\/wp-json\/wp\/v2\/comments?post=34674"}],"version-history":[{"count":4,"href":"https:\/\/www.anika-net.de\/ro\/wp-json\/wp\/v2\/pages\/34674\/revisions"}],"predecessor-version":[{"id":64314,"href":"https:\/\/www.anika-net.de\/ro\/wp-json\/wp\/v2\/pages\/34674\/revisions\/64314"}],"up":[{"embeddable":true,"href":"https:\/\/www.anika-net.de\/ro\/wp-json\/wp\/v2\/pages\/34533"}],"wp:featuredmedia":[{"embeddable":true,"href":"https:\/\/www.anika-net.de\/ro\/wp-json\/wp\/v2\/media\/34416"}],"wp:attachment":[{"href":"https:\/\/www.anika-net.de\/ro\/wp-json\/wp\/v2\/media?parent=34674"}],"curies":[{"name":"wp","href":"https:\/\/api.w.org\/{rel}","templated":true}]}}