{"id":34566,"date":"2023-03-07T13:09:30","date_gmt":"2023-03-07T12:09:30","guid":{"rendered":"https:\/\/www.anika-net.de\/invata-germana\/alte-cursuri-de-limbi-straine-si-oferte-de-intalniri\/"},"modified":"2026-02-12T11:11:33","modified_gmt":"2026-02-12T10:11:33","slug":"alte-cursuri-de-limbi-straine-si-oferte-de-intalniri","status":"publish","type":"page","link":"https:\/\/www.anika-net.de\/ro\/invata-germana\/alte-cursuri-de-limbi-straine-si-oferte-de-intalniri\/","title":{"rendered":"Cur\u00adsuri de ger\u00adma\u00adn\u0103 \u0219i ofer\u00adte de \u00eent\u00e2lniri"},"content":{"rendered":"\n<p>Exis\u00adt\u0103, de ase\u00adme\u00adnea, cur\u00adsuri de ger\u00adma\u00adn\u0103 \u0219i ofer\u00adte de \u00eent\u00e2l\u00adniri \u00een Karl\u00adsru\u00adhe orga\u00adni\u00adza\u00adte de aso\u00adci\u00ada\u00ad\u021bii inde\u00adpen\u00adden\u00adte sau alte institu\u021bii.<\/p>\n\n<ul class=\"wp-block-list\">\n<li>Aces\u00adte cur\u00adsuri sunt des\u00adchi\u00adse tutu\u00adror celor care doresc s\u0103 \u00eenve\u021be lim\u00adba ger\u00adma\u00adn\u0103, inclu\u00adsiv celor care nu au voie s\u0103 par\u00adti\u00adci\u00adpe la cur\u00adsuri de integrare<\/li>\n\n\n\n<li>Aces\u00adte cur\u00adsuri de ger\u00adma\u00adn\u0103 sunt \u00eentot\u00addea\u00adu\u00adna dis\u00adpo\u00adni\u00adbi\u00adle gratuit<\/li>\n\n\n\n<li>Par\u00adti\u00adci\u00adpa\u00adrea este \u00een \u00eentre\u00adgi\u00adme voluntar\u0103<\/li>\n<\/ul>\n\n<h2 class=\"wp-block-heading\"><span style=\"color: #09887e;\" class=\"stk-highlight\">Cur\u00adsuri de ger\u00adma\u00adn\u0103 \u0219i ofer\u00adte de \u00eent\u00e2l\u00adniri pen\u00adtru&nbsp;to\u021bi<\/span><\/h2>\n\n<details class=\"wp-block-stackable-accordion stk-block-accordion stk-inner-blocks stk-block-content stk-block stk-9023fd3 is-style-default\" data-block-id=\"9023fd3\">\n<summary class=\"wp-block-stackable-column stk-block-column stk-column stk-block stk-1f57aa2 stk--container-small stk-block-accordion__heading\" data-v=\"4\" data-block-id=\"1f57aa2\"><div class=\"stk-column-wrapper stk-block-column__content stk-container stk-1f57aa2-container stk-hover-parent\"><div class=\"stk-block-content stk-inner-blocks stk-1f57aa2-inner-blocks\">\n<div class=\"wp-block-stackable-icon-label stk-block-icon-label stk-block stk-a50fb33\" data-block-id=\"a50fb33\"><div class=\"stk-row stk-inner-blocks stk-block-content\">\n<div class=\"wp-block-stackable-heading stk-block-heading stk-block-heading--v2 stk-block stk-a13785c\" id=\"strong-a-href-https-www-sprecht-miteinander-de-sprecht-miteinander-at-er-a-strong\" data-block-id=\"a13785c\"><h4 class=\"stk-block-heading__text\"><strong>Spre\u00adcht mite\u00adi\u00adnan\u00adder! la&nbsp;BZM<\/strong><\/h4><\/div>\n\n\n\n<div class=\"wp-block-stackable-icon stk-block-icon stk-block stk-869d1e7\" data-block-id=\"869d1e7\"><span class=\"stk--svg-wrapper\"><div class=\"stk--inner-svg\"><svg style=\"height:0;width:0\"><defs><linearGradient id=\"linear-gradient-869d1e7\" x1=\"0\" x2=\"100%\" y1=\"0\" y2=\"0\"><stop offset=\"0%\" style=\"stop-opacity:1;stop-color:var(--linear-gradient-869-d-1-e-7-color-1)\" \/><stop offset=\"100%\" style=\"stop-opacity:1;stop-color:var(--linear-gradient-869-d-1-e-7-color-2)\" \/><\/linearGradient><\/defs><\/svg><svg data-prefix=\"fas\" data-icon=\"chevron-down\" class=\"svg-inline--fa fa-chevron-down fa-w-14\" viewBox=\"0 0 448 512\" aria-hidden=\"true\" width=\"32\" height=\"32\"><path fill=\"currentColor\" d=\"M207.029 381.476L12.686 187.132c-9.373-9.373-9.373-24.569 0-33.941l22.667-22.667c9.357-9.357 24.522-9.375 33.901-.04L224 284.505l154.745-154.021c9.379-9.335 24.544-9.317 33.901.04l22.667 22.667c9.373 9.373 9.373 24.569 0 33.941L240.971 381.476c-9.373 9.372-24.569 9.372-33.942 0z\" \/><\/svg><\/div><\/span><\/div>\n<\/div><\/div>\n<\/div><\/div><\/summary>\n\n\n\n<div class=\"wp-block-stackable-column stk-block-column stk-column stk-block stk-61b4cf2 stk-block-accordion__content\" data-v=\"4\" data-block-id=\"61b4cf2\"><div class=\"stk-column-wrapper stk-block-column__content stk-container stk-61b4cf2-container stk--no-background stk--no-padding\"><div class=\"stk-block-content stk-inner-blocks stk-61b4cf2-inner-blocks\">\n<p><strong>La B\u00fcr\u00adger\u00adzen\u00adtrum M\u00fchl\u00adbu\u00adrg (BZM)<\/strong><br>\ud83d\udccd Wein\u00adbren\u00adner\u00adstra\u00ad\u00dfe 79 a, 76185 Karl\u00adsru\u00adhe<br>\ud83d\udcc6 Mier\u00adcuri \u0219i vineri<br>\ud83d\udd62 18:30\u201320:00<br>\ud83c\udf10 <strong><a href=\"https:\/\/www.sprecht-miteinander.de\/\" rel=\"noopener\">Web\u00adsi\u00adte<\/a><\/strong><\/p>\n<\/div><\/div><\/div>\n<\/details>\n\n<details class=\"wp-block-stackable-accordion stk-block-accordion stk-inner-blocks stk-block-content stk-block stk-bbddc3d is-style-default\" data-block-id=\"bbddc3d\">\n<summary class=\"wp-block-stackable-column stk-block-column stk-column stk-block stk-99e0ba4 stk--container-small stk-block-accordion__heading\" data-v=\"4\" data-block-id=\"99e0ba4\"><div class=\"stk-column-wrapper stk-block-column__content stk-container stk-99e0ba4-container stk-hover-parent\"><div class=\"stk-block-content stk-inner-blocks stk-99e0ba4-inner-blocks\">\n<div class=\"wp-block-stackable-icon-label stk-block-icon-label stk-block stk-8788174\" data-block-id=\"8788174\"><div class=\"stk-row stk-inner-blocks stk-block-content\">\n<div class=\"wp-block-stackable-heading stk-block-heading stk-block-heading--v2 stk-block stk-e025a6d\" id=\"strong-sprech-punkt-at-ibz-strong\" data-block-id=\"e025a6d\"><h4 class=\"stk-block-heading__text\"><strong>Spre\u00adch\u00adPu\u00adn\u00adkt la&nbsp;ibz<\/strong><\/h4><\/div>\n\n\n\n<div class=\"wp-block-stackable-icon stk-block-icon stk-block stk-87b3df0\" data-block-id=\"87b3df0\"><span class=\"stk--svg-wrapper\"><div class=\"stk--inner-svg\"><svg style=\"height:0;width:0\"><defs><linearGradient id=\"linear-gradient-87b3df0\" x1=\"0\" x2=\"100%\" y1=\"0\" y2=\"0\"><stop offset=\"0%\" style=\"stop-opacity:1;stop-color:var(--linear-gradient-87-b-3-df-0-color-1)\" \/><stop offset=\"100%\" style=\"stop-opacity:1;stop-color:var(--linear-gradient-87-b-3-df-0-color-2)\" \/><\/linearGradient><\/defs><\/svg><svg data-prefix=\"fas\" data-icon=\"chevron-down\" class=\"svg-inline--fa fa-chevron-down fa-w-14\" viewBox=\"0 0 448 512\" aria-hidden=\"true\" width=\"32\" height=\"32\"><path fill=\"currentColor\" d=\"M207.029 381.476L12.686 187.132c-9.373-9.373-9.373-24.569 0-33.941l22.667-22.667c9.357-9.357 24.522-9.375 33.901-.04L224 284.505l154.745-154.021c9.379-9.335 24.544-9.317 33.901.04l22.667 22.667c9.373 9.373 9.373 24.569 0 33.941L240.971 381.476c-9.373 9.372-24.569 9.372-33.942 0z\" \/><\/svg><\/div><\/span><\/div>\n<\/div><\/div>\n<\/div><\/div><\/summary>\n\n\n\n<div class=\"wp-block-stackable-column stk-block-column stk-column stk-block stk-f00c321 stk-block-accordion__content\" data-v=\"4\" data-block-id=\"f00c321\"><div class=\"stk-column-wrapper stk-block-column__content stk-container stk-f00c321-container stk--no-background stk--no-padding\"><div class=\"stk-block-content stk-inner-blocks stk-f00c321-inner-blocks\">\n<p><strong>At the Inter\u00adna\u00adtio\u00adnal Mee\u00adting Cen\u00adter, ibz<\/strong><br>\ud83d\udccd Kai\u00adse\u00adra\u00adl\u00adlee 12 d, 76133 Karl\u00adsru\u00adhe<br>\ud83d\udcc6 <strong>Monda\u00adys,<\/strong> 6:30 to 8 pm (onli\u00adne) and <strong>Thur\u00adsda\u00adys<\/strong>, 6:30 to 8 pm<br>\ud83c\udf10 <strong><a href=\"https:\/\/www.anika-net.de\/ro\/event\/sprechpunkt\/\">to the offer on&nbsp;AniKA<\/a><\/strong><\/p>\n<\/div><\/div><\/div>\n<\/details>\n\n<details class=\"wp-block-stackable-accordion stk-block-accordion stk-inner-blocks stk-block-content stk-block stk-0ac63ea is-style-default\" data-block-id=\"0ac63ea\">\n<summary class=\"wp-block-stackable-column stk-block-column stk-column stk-block stk-f63dd48 stk--container-small stk-block-accordion__heading\" data-v=\"4\" data-block-id=\"f63dd48\"><div class=\"stk-column-wrapper stk-block-column__content stk-container stk-f63dd48-container stk-hover-parent\"><div class=\"stk-block-content stk-inner-blocks stk-f63dd48-inner-blocks\">\n<div class=\"wp-block-stackable-icon-label stk-block-icon-label stk-block stk-cddd6d1\" data-block-id=\"cddd6d1\"><div class=\"stk-row stk-inner-blocks stk-block-content\">\n<div class=\"wp-block-stackable-heading stk-block-heading stk-block-heading--v2 stk-block stk-1763405\" id=\"strong-language-cafe-by-debut-e-v-strong\" data-block-id=\"1763405\"><h4 class=\"stk-block-heading__text\"><strong>Cafe\u00adnea ling\u00advis\u00adti\u00adc\u0103 de la Deb\u00fct e.V.<\/strong><\/h4><\/div>\n\n\n\n<div class=\"wp-block-stackable-icon stk-block-icon stk-block stk-45fbe37\" data-block-id=\"45fbe37\"><span class=\"stk--svg-wrapper\"><div class=\"stk--inner-svg\"><svg style=\"height:0;width:0\"><defs><linearGradient id=\"linear-gradient-45fbe37\" x1=\"0\" x2=\"100%\" y1=\"0\" y2=\"0\"><stop offset=\"0%\" style=\"stop-opacity:1;stop-color:var(--linear-gradient-45-fbe-37-color-1)\" \/><stop offset=\"100%\" style=\"stop-opacity:1;stop-color:var(--linear-gradient-45-fbe-37-color-2)\" \/><\/linearGradient><\/defs><\/svg><svg data-prefix=\"fas\" data-icon=\"chevron-down\" class=\"svg-inline--fa fa-chevron-down fa-w-14\" viewBox=\"0 0 448 512\" aria-hidden=\"true\" width=\"32\" height=\"32\"><path fill=\"currentColor\" d=\"M207.029 381.476L12.686 187.132c-9.373-9.373-9.373-24.569 0-33.941l22.667-22.667c9.357-9.357 24.522-9.375 33.901-.04L224 284.505l154.745-154.021c9.379-9.335 24.544-9.317 33.901.04l22.667 22.667c9.373 9.373 9.373 24.569 0 33.941L240.971 381.476c-9.373 9.372-24.569 9.372-33.942 0z\" \/><\/svg><\/div><\/span><\/div>\n<\/div><\/div>\n<\/div><\/div><\/summary>\n\n\n\n<div class=\"wp-block-stackable-column stk-block-column stk-column stk-block stk-d886ab2 stk-block-accordion__content\" data-v=\"4\" data-block-id=\"d886ab2\"><div class=\"stk-column-wrapper stk-block-column__content stk-container stk-d886ab2-container stk--no-background stk--no-padding\"><div class=\"stk-block-content stk-inner-blocks stk-d886ab2-inner-blocks\">\n<div class=\"wp-block-stackable-text stk-block-text stk-block stk-e759289\" data-block-id=\"e759289\"><p class=\"stk-block-text__text\">Deb\u00fct e.V. offers a lan\u00adgu\u00ada\u00adge caf\u00e9 eve\u00adry two wee\u00adks for anyo\u00adne who wants to impro\u00adve their Ger\u00adman lan\u00adgu\u00ada\u00adge ski\u00adlls.<br>\ud83d\udcc5 Fri\u00adda\u00adys from \u23f0 4 to 5:30 pm<br><strong>Impact room of Steamwork<\/strong><br>\ud83d\udccdin Roon\u00adstra\u00ad\u00dfe 23a, 76137 Karl\u00adsru\u00adhe<br>\ud83c\udf10 <strong><a href=\"https:\/\/debuet.org\/\" rel=\"noopener\">Web\u00adsi\u00adte<\/a> <\/strong><br><strong>\u2197 <a href=\"https:\/\/www.anika-net.de\/ro\/event\/cafenea-lingvistica-in-karlsruhe\/\">To the offer on&nbsp;AniKA<\/a><\/strong><\/p><\/div>\n<\/div><\/div><\/div>\n<\/details>\n\n<details class=\"wp-block-stackable-accordion stk-block-accordion stk-inner-blocks stk-block-content stk-block stk-59900ed is-style-default\" data-block-id=\"59900ed\">\n<summary class=\"wp-block-stackable-column stk-block-column stk-column stk-block stk-02e5056 stk--container-small stk-block-accordion__heading\" data-v=\"4\" data-block-id=\"02e5056\"><div class=\"stk-column-wrapper stk-block-column__content stk-container stk-02e5056-container stk-hover-parent\"><div class=\"stk-block-content stk-inner-blocks stk-02e5056-inner-blocks\">\n<div class=\"wp-block-stackable-icon-label stk-block-icon-label stk-block stk-46f42fa\" data-block-id=\"46f42fa\"><div class=\"stk-row stk-inner-blocks stk-block-content\">\n<div class=\"wp-block-stackable-heading stk-block-heading stk-block-heading--v2 stk-block stk-721de26\" id=\"strong-individual-support-with-learning-german-strong-aw\" data-block-id=\"721de26\"><h4 class=\"stk-block-heading__text\"><strong>Spri\u00adjin indi\u00advi\u00addu\u00adal pen\u00adtru \u00eenv\u0103\u00ad\u021ba\u00adrea lim\u00adbii ger\u00adma\u00adne<\/strong> \u2014&nbsp;AWO<\/h4><\/div>\n\n\n\n<div class=\"wp-block-stackable-icon stk-block-icon stk-block stk-a58053b\" data-block-id=\"a58053b\"><span class=\"stk--svg-wrapper\"><div class=\"stk--inner-svg\"><svg style=\"height:0;width:0\"><defs><linearGradient id=\"linear-gradient-a58053b\" x1=\"0\" x2=\"100%\" y1=\"0\" y2=\"0\"><stop offset=\"0%\" style=\"stop-opacity:1;stop-color:var(--linear-gradient-a-58053-b-color-1)\" \/><stop offset=\"100%\" style=\"stop-opacity:1;stop-color:var(--linear-gradient-a-58053-b-color-2)\" \/><\/linearGradient><\/defs><\/svg><svg data-prefix=\"fas\" data-icon=\"chevron-down\" class=\"svg-inline--fa fa-chevron-down fa-w-14\" viewBox=\"0 0 448 512\" aria-hidden=\"true\" width=\"32\" height=\"32\"><path fill=\"currentColor\" d=\"M207.029 381.476L12.686 187.132c-9.373-9.373-9.373-24.569 0-33.941l22.667-22.667c9.357-9.357 24.522-9.375 33.901-.04L224 284.505l154.745-154.021c9.379-9.335 24.544-9.317 33.901.04l22.667 22.667c9.373 9.373 9.373 24.569 0 33.941L240.971 381.476c-9.373 9.372-24.569 9.372-33.942 0z\" \/><\/svg><\/div><\/span><\/div>\n<\/div><\/div>\n<\/div><\/div><\/summary>\n\n\n\n<div class=\"wp-block-stackable-column stk-block-column stk-column stk-block stk-4c628a0 stk-block-accordion__content\" data-v=\"4\" data-block-id=\"4c628a0\"><div class=\"stk-column-wrapper stk-block-column__content stk-container stk-4c628a0-container stk--no-background stk--no-padding\"><div class=\"stk-block-content stk-inner-blocks stk-4c628a0-inner-blocks\">\n<div class=\"wp-block-stackable-text stk-block-text stk-block stk-f92128f\" data-block-id=\"f92128f\"><p class=\"stk-block-text__text\"><strong>AWO Kre\u00adi\u00adsver\u00adband Karl\u00adsru\u00adhe-Sta\u00addt e.V. Fl\u00fc\u00adch\u00adtlin\u00adgshil\u00adfe<\/strong> ofe\u00adr\u0103 spri\u00adjin indi\u00advi\u00addu\u00adal \u00een \u00eenv\u0103\u00ad\u021ba\u00adrea lim\u00adbii ger\u00adma\u00adne sub for\u00adm\u0103 de tan\u00adde\u00admuri \u00eentre volun\u00adtari \u0219i noii imi\u00adgran\u021bi.<br><br>\ud83d\udccd Rachel-Stra\u00adus-Str. 2, 76137 Karl\u00adsru\u00adhe<br>\ud83d\udcde 0721 35007\u2013144<br>\ud83c\udf10 <strong><a href=\"https:\/\/www.awo-karlsruhe.de\/aktuelles\/ehrenamtliche-fuer-projekt-deutschlernen-gesucht\/\" rel=\"noopener\">Web\u00adsi\u00adte<\/a><\/strong> <br><strong><a href=\"https:\/\/www.anika-net.de\/ro\/event\/sprijin-individual-pentru-invatarea-limbii-germane\/\">la ofer\u00adta de pe&nbsp;AniKA<\/a><\/strong><\/p><\/div>\n<\/div><\/div><\/div>\n<\/details>\n\n<details class=\"wp-block-stackable-accordion stk-block-accordion stk-inner-blocks stk-block-content stk-block stk-e5b12c3 is-style-default\" data-block-id=\"e5b12c3\">\n<summary class=\"wp-block-stackable-column stk-block-column stk-column stk-block stk-b9275a2 stk--container-small stk-block-accordion__heading\" data-v=\"4\" data-block-id=\"b9275a2\"><div class=\"stk-column-wrapper stk-block-column__content stk-container stk-b9275a2-container stk-hover-parent\"><div class=\"stk-block-content stk-inner-blocks stk-b9275a2-inner-blocks\">\n<div class=\"wp-block-stackable-icon-label stk-block-icon-label stk-block stk-38f62ee\" data-block-id=\"38f62ee\"><div class=\"stk-row stk-inner-blocks stk-block-content\">\n<div class=\"wp-block-stackable-heading stk-block-heading stk-block-heading--v2 stk-block stk-f5672db\" id=\"strong-german-lessons-by-em-freunde-fur-fremde-e-v-em-at-ibz-strong\" data-block-id=\"f5672db\"><h4 class=\"stk-block-heading__text\"><strong>Lec\u00ad\u021bii de ger\u00adma\u00adn\u0103 de la <em>Fre\u00adun\u00adde f\u00fcr Frem\u00adde e.V.<\/em> la&nbsp;ibz<\/strong><\/h4><\/div>\n\n\n\n<div class=\"wp-block-stackable-icon stk-block-icon stk-block stk-04e08a3\" data-block-id=\"04e08a3\"><span class=\"stk--svg-wrapper\"><div class=\"stk--inner-svg\"><svg style=\"height:0;width:0\"><defs><linearGradient id=\"linear-gradient-04e08a3\" x1=\"0\" x2=\"100%\" y1=\"0\" y2=\"0\"><stop offset=\"0%\" style=\"stop-opacity:1;stop-color:var(--linear-gradient-04-e-08-a-3-color-1)\" \/><stop offset=\"100%\" style=\"stop-opacity:1;stop-color:var(--linear-gradient-04-e-08-a-3-color-2)\" \/><\/linearGradient><\/defs><\/svg><svg data-prefix=\"fas\" data-icon=\"chevron-down\" class=\"svg-inline--fa fa-chevron-down fa-w-14\" viewBox=\"0 0 448 512\" aria-hidden=\"true\" width=\"32\" height=\"32\"><path fill=\"currentColor\" d=\"M207.029 381.476L12.686 187.132c-9.373-9.373-9.373-24.569 0-33.941l22.667-22.667c9.357-9.357 24.522-9.375 33.901-.04L224 284.505l154.745-154.021c9.379-9.335 24.544-9.317 33.901.04l22.667 22.667c9.373 9.373 9.373 24.569 0 33.941L240.971 381.476c-9.373 9.372-24.569 9.372-33.942 0z\" \/><\/svg><\/div><\/span><\/div>\n<\/div><\/div>\n<\/div><\/div><\/summary>\n\n\n\n<div class=\"wp-block-stackable-column stk-block-column stk-column stk-block stk-8bf0b33 stk-block-accordion__content\" data-v=\"4\" data-block-id=\"8bf0b33\"><div class=\"stk-column-wrapper stk-block-column__content stk-container stk-8bf0b33-container stk--no-background stk--no-padding\"><div class=\"stk-block-content stk-inner-blocks stk-8bf0b33-inner-blocks\">\n<p>Lec\u00ad\u021bii gra\u00adtu\u00adi\u00adte de ger\u00adma\u00adn\u0103 \u00een cadrul cur\u00adsu\u00adri\u00adlor sau ca lec\u00ad\u021bii indi\u00advi\u00addu\u00ada\u00adle.<br>Toa\u00adte nive\u00adlu\u00adri\u00adle<br>Pen\u00adtru soli\u00adci\u00adtan\u00ad\u021bii de azil \u0219i per\u00adsoa\u00adne\u00adle care nu au drep\u00adtul la un curs de integrare.<\/p>\n\n\n\n<p>La<strong> Inter\u00adna\u00adtio\u00adnal Mee\u00adting Cen\u00adter, ibz<\/strong><br>\ud83d\udccd Kai\u00adse\u00adra\u00adl\u00adlee 12 d, 76133 Karl\u00adsru\u00adhe, Ger\u00adma\u00adnia<br>\ud83c\udf10 <strong><a href=\"https:\/\/www.ibz-karlsruhe.de\/events\/sprecht-miteinander-beim-international-come-together\/\" rel=\"noopener\">Web\u00adsi\u00adte<\/a><\/strong><br><strong><strong><\/strong> <strong><a href=\"https:\/\/www.anika-net.de\/ro\/event\/consulting-and-german-lessons\/\">La ofer\u00adta de pe&nbsp;AniKA<\/a><\/strong><\/strong><\/p>\n<\/div><\/div><\/div>\n<\/details>\n\n<h2 class=\"wp-block-heading\"><strong><span style=\"color: #09887e;\" class=\"stk-highlight\">  Curs de ger\u00adma\u00adn\u0103 pen\u00adtru vii\u00adto\u00adrii studen\u021bi<\/span><\/strong><\/h2>\n\n<details class=\"wp-block-stackable-accordion stk-block-accordion stk-inner-blocks stk-block-content stk-block stk-a53abef is-style-default\" data-block-id=\"a53abef\">\n<summary class=\"wp-block-stackable-column stk-block-column stk-column stk-block stk-3c43479 stk--container-small stk-block-accordion__heading\" data-v=\"4\" data-block-id=\"3c43479\"><div class=\"stk-column-wrapper stk-block-column__content stk-container stk-3c43479-container stk-hover-parent\"><div class=\"stk-block-content stk-inner-blocks stk-3c43479-inner-blocks\">\n<div class=\"wp-block-stackable-icon-label stk-block-icon-label stk-block stk-752a6a4\" data-block-id=\"752a6a4\"><div class=\"stk-row stk-inner-blocks stk-block-content\">\n<div class=\"wp-block-stackable-heading stk-block-heading stk-block-heading--v2 stk-block stk-a467d15\" id=\"span-style-color-fcb-900-class-stk-highlight-em-new-em-span-german-course-by-a-st-a-kit-202\" data-block-id=\"a467d15\"><h4 class=\"stk-block-heading__text\"><span style=\"color: #fcb900;\" class=\"stk-highlight\"><em>NOU!<\/em><\/span> Ger\u00adman cour\u00adse by AStA \u2014 KIT&nbsp;2026<\/h4><\/div>\n\n\n\n<div class=\"wp-block-stackable-icon stk-block-icon stk-block stk-8b5658b\" data-block-id=\"8b5658b\"><span class=\"stk--svg-wrapper\"><div class=\"stk--inner-svg\"><svg style=\"height:0;width:0\"><defs><linearGradient id=\"linear-gradient-8b5658b\" x1=\"0\" x2=\"100%\" y1=\"0\" y2=\"0\"><stop offset=\"0%\" style=\"stop-opacity:1;stop-color:var(--linear-gradient-8-b-5658-b-color-1)\" \/><stop offset=\"100%\" style=\"stop-opacity:1;stop-color:var(--linear-gradient-8-b-5658-b-color-2)\" \/><\/linearGradient><\/defs><\/svg><svg data-prefix=\"fas\" data-icon=\"chevron-down\" class=\"svg-inline--fa fa-chevron-down fa-w-14\" viewBox=\"0 0 448 512\" aria-hidden=\"true\" width=\"32\" height=\"32\"><path fill=\"currentColor\" d=\"M207.029 381.476L12.686 187.132c-9.373-9.373-9.373-24.569 0-33.941l22.667-22.667c9.357-9.357 24.522-9.375 33.901-.04L224 284.505l154.745-154.021c9.379-9.335 24.544-9.317 33.901.04l22.667 22.667c9.373 9.373 9.373 24.569 0 33.941L240.971 381.476c-9.373 9.372-24.569 9.372-33.942 0z\" \/><\/svg><\/div><\/span><\/div>\n<\/div><\/div>\n<\/div><\/div><\/summary>\n\n\n\n<div class=\"wp-block-stackable-column stk-block-column stk-column stk-block stk-ef1239f stk-block-accordion__content\" data-v=\"4\" data-block-id=\"ef1239f\"><div class=\"stk-column-wrapper stk-block-column__content stk-container stk-ef1239f-container stk--no-background stk--no-padding\"><div class=\"stk-block-content stk-inner-blocks stk-ef1239f-inner-blocks\">\n<div class=\"wp-block-stackable-text stk-block-text stk-block stk-0d63b07\" data-block-id=\"0d63b07\"><p class=\"stk-block-text__text\">Sun\u00adte\u021bi inte\u00adre\u00adsat s\u0103 v\u0103 \u00eenscri\u00ade\u021bi la o uni\u00adver\u00adsi\u00adta\u00adte din Ger\u00adma\u00adnia?  <br>Dac\u0103 nive\u00adlul dum\u00adne\u00ada\u00advoas\u00adtr\u0103 ling\u00advis\u00adtic este pes\u00adte A2, v\u0103 pute\u021bi \u00eenscrie la cur\u00adsul nos\u00adtru de lim\u00adba ger\u00adma\u00adn\u0103.<br><strong>Gru\u00adpul \u021bin\u00adt\u0103:<\/strong> Cur\u00adsu\u00adri\u00adle noas\u00adtre se adre\u00adsea\u00adz\u0103 stu\u00adden\u00ad\u021bi\u00adlor \u00eenscri\u0219i \u0219i ne-stu\u00adden\u00ad\u021bi\u00adlor care doresc s\u0103 stu\u00addie\u00adze \u00een Ger\u00adma\u00adnia \u00eentr\u2011o eta\u00adp\u0103 ulte\u00adri\u00adoa\u00adr\u0103.<br><strong><a href=\"https:\/\/www.asta-kit.de\/de\/angebote\/deutschkurs\/aktuelle-kurse\" rel=\"noopener\">Date\u00adle \u0219i pre\u00ad\u021bu\u00adri\u00adle cur\u00adsu\u00adri\u00adlor<\/a><\/strong><br><a href=\"https:\/\/www.asta-kit.de\/de\/angebote\/deutschkurs\/anmeldung\" rel=\"noopener\"><strong>Cere\u00adre<\/strong><\/a><br><br><strong>Con\u00adtac\u00adta\u021bi-ne<\/strong><br>\ud83d\udcde 0721 18123800<br>\ud83d\udce7 deutschkurse@asta-kit.de<br><strong>Pro\u00adgram de lucru:<\/strong><br>\ud83d\udcc5 Joi, 10:00\u201312:00<\/p><\/div>\n<\/div><\/div><\/div>\n<\/details>\n\n<h2 class=\"wp-block-heading\"><strong><span style=\"color: #09887e;\" class=\"stk-highlight\">Cur\u00adsuri de ger\u00adma\u00adn\u0103 pen\u00adtru refugia\u021bi<\/span><\/strong><\/h2>\n\n<details class=\"wp-block-stackable-accordion stk-block-accordion stk-inner-blocks stk-block-content stk-block stk-b864e0e is-style-default\" data-block-id=\"b864e0e\">\n<summary class=\"wp-block-stackable-column stk-block-column stk-column stk-block stk-a92835f stk--container-small stk-block-accordion__heading\" data-v=\"4\" data-block-id=\"a92835f\"><div class=\"stk-column-wrapper stk-block-column__content stk-container stk-a92835f-container stk-hover-parent\"><div class=\"stk-block-content stk-inner-blocks stk-a92835f-inner-blocks\">\n<div class=\"wp-block-stackable-icon-label stk-block-icon-label stk-block stk-4f0c1e2\" data-block-id=\"4f0c1e2\"><div class=\"stk-row stk-inner-blocks stk-block-content\">\n<div class=\"wp-block-stackable-heading stk-block-heading stk-block-heading--v2 stk-block stk-c51e815\" id=\"span-style-color-fcb-900-class-stk-highlight-em-new-em-span-german-course-little-or-no-language-and-writing-skills-20-10-202\" data-block-id=\"c51e815\"><h4 class=\"stk-block-heading__text\"><span style=\"color: #fcb900;\" class=\"stk-highlight\"><em>NOU!<\/em><\/span>  Curs de ger\u00adma\u00adn\u0103 \u2014 com\u00adpe\u00adten\u00ad\u021be ling\u00advis\u00adti\u00adce \u0219i de scri\u00ade\u00adre redu\u00adse sau ine\u00adxis\u00adten\u00adte \u2014 2026 \u20112027<\/h4><\/div>\n\n\n\n<div class=\"wp-block-stackable-icon stk-block-icon stk-block stk-0c8ae55\" data-block-id=\"0c8ae55\"><span class=\"stk--svg-wrapper\"><div class=\"stk--inner-svg\"><svg style=\"height:0;width:0\"><defs><linearGradient id=\"linear-gradient-0c8ae55\" x1=\"0\" x2=\"100%\" y1=\"0\" y2=\"0\"><stop offset=\"0%\" style=\"stop-opacity:1;stop-color:var(--linear-gradient-0-c-8-ae-55-color-1)\" \/><stop offset=\"100%\" style=\"stop-opacity:1;stop-color:var(--linear-gradient-0-c-8-ae-55-color-2)\" \/><\/linearGradient><\/defs><\/svg><svg data-prefix=\"fas\" data-icon=\"chevron-down\" class=\"svg-inline--fa fa-chevron-down fa-w-14\" viewBox=\"0 0 448 512\" aria-hidden=\"true\" width=\"32\" height=\"32\"><path fill=\"currentColor\" d=\"M207.029 381.476L12.686 187.132c-9.373-9.373-9.373-24.569 0-33.941l22.667-22.667c9.357-9.357 24.522-9.375 33.901-.04L224 284.505l154.745-154.021c9.379-9.335 24.544-9.317 33.901.04l22.667 22.667c9.373 9.373 9.373 24.569 0 33.941L240.971 381.476c-9.373 9.372-24.569 9.372-33.942 0z\" \/><\/svg><\/div><\/span><\/div>\n<\/div><\/div>\n<\/div><\/div><\/summary>\n\n\n\n<div class=\"wp-block-stackable-column stk-block-column stk-column stk-block stk-4cf899f stk-block-accordion__content\" data-v=\"4\" data-block-id=\"4cf899f\"><div class=\"stk-column-wrapper stk-block-column__content stk-container stk-4cf899f-container stk--no-background stk--no-padding\"><div class=\"stk-block-content stk-inner-blocks stk-4cf899f-inner-blocks\">\n<div class=\"wp-block-stackable-text stk-block-text stk-block stk-46eb222\" data-block-id=\"46eb222\"><p class=\"stk-block-text__text\"><strong>BEF Alpha \u2014 Anul edu\u00adca\u00ad\u021bio\u00adnal<\/strong><br>pen\u00adtru refu\u00adgi\u00ada\u00ad\u021bii adul\u021bi cu com\u00adpe\u00adten\u00ad\u021be ling\u00advis\u00adti\u00adce \u0219i de scri\u00ade\u00adre redu\u00adse sau ine\u00adxis\u00adten\u00adte<br><br>\ud83d\udcc6 23.02.2026 \u2014 23.02.2027 \/ \ud83d\udd58 9 a.m. \u2014 1 p.m.<br>\ud83d\udccdKim\u00admel\u00admann\u00adschu\u00adle, Graf-Rhe\u00adna-Str. 18, 76137 Karl\u00adsru\u00adhe. Sala 307  <br><strong>Dac\u0103 sun\u00adte\u021bi inte\u00adre\u00adsat<\/strong>, <strong>v\u0103 rug\u0103m s\u0103 v\u0103 \u00eenre\u00adgis\u00adtra\u021bi:<\/strong><br>\ud83d\udce7 daf@vhs-karlsruhe.de<br>\ud83d\udcde 0721 \/ 985\u201375-553<br><br><strong>\u2197<\/strong> <strong><a href=\"https:\/\/www.anika-net.de\/ro\/event\/curs-gratuit-de-germana-pentru-refugiati\/\">To the offer on&nbsp;AniKA<\/a><\/strong><\/p><\/div>\n<\/div><\/div><\/div>\n<\/details>\n\n<details class=\"wp-block-stackable-accordion stk-block-accordion stk-inner-blocks stk-block-content stk-block stk-8e23f47 is-style-default\" data-block-id=\"8e23f47\">\n<summary class=\"wp-block-stackable-column stk-block-column stk-column stk-block stk-d45c7ca stk--container-small stk-block-accordion__heading\" data-v=\"4\" data-block-id=\"d45c7ca\"><div class=\"stk-column-wrapper stk-block-column__content stk-container stk-d45c7ca-container stk-hover-parent\"><div class=\"stk-block-content stk-inner-blocks stk-d45c7ca-inner-blocks\">\n<div class=\"wp-block-stackable-icon-label stk-block-icon-label stk-block stk-f2d965f\" data-block-id=\"f2d965f\"><div class=\"stk-row stk-inner-blocks stk-block-content\">\n<div class=\"wp-block-stackable-heading stk-block-heading stk-block-heading--v2 stk-block stk-6b7f08a\" id=\"strong-german-courses-by-em-mennonitischen-hilfswerk-em-strong\" data-block-id=\"6b7f08a\"><h4 class=\"stk-block-heading__text\"><strong>Cur\u00adsuri de ger\u00adma\u00adn\u0103 ofe\u00adri\u00adte de <em>Men\u00adno\u00adni\u00adtis\u00adchen Hilfswerk<\/em><\/strong><\/h4><\/div>\n\n\n\n<div class=\"wp-block-stackable-icon stk-block-icon stk-block stk-9d3a0d3\" data-block-id=\"9d3a0d3\"><span class=\"stk--svg-wrapper\"><div class=\"stk--inner-svg\"><svg style=\"height:0;width:0\"><defs><linearGradient id=\"linear-gradient-9d3a0d3\" x1=\"0\" x2=\"100%\" y1=\"0\" y2=\"0\"><stop offset=\"0%\" style=\"stop-opacity:1;stop-color:var(--linear-gradient-9-d-3-a-0-d-3-color-1)\" \/><stop offset=\"100%\" style=\"stop-opacity:1;stop-color:var(--linear-gradient-9-d-3-a-0-d-3-color-2)\" \/><\/linearGradient><\/defs><\/svg><svg data-prefix=\"fas\" data-icon=\"chevron-down\" class=\"svg-inline--fa fa-chevron-down fa-w-14\" viewBox=\"0 0 448 512\" aria-hidden=\"true\" width=\"32\" height=\"32\"><path fill=\"currentColor\" d=\"M207.029 381.476L12.686 187.132c-9.373-9.373-9.373-24.569 0-33.941l22.667-22.667c9.357-9.357 24.522-9.375 33.901-.04L224 284.505l154.745-154.021c9.379-9.335 24.544-9.317 33.901.04l22.667 22.667c9.373 9.373 9.373 24.569 0 33.941L240.971 381.476c-9.373 9.372-24.569 9.372-33.942 0z\" \/><\/svg><\/div><\/span><\/div>\n<\/div><\/div>\n<\/div><\/div><\/summary>\n\n\n\n<div class=\"wp-block-stackable-column stk-block-column stk-column stk-block stk-4a710ce stk-block-accordion__content\" data-v=\"4\" data-block-id=\"4a710ce\"><div class=\"stk-column-wrapper stk-block-column__content stk-container stk-4a710ce-container stk--no-background stk--no-padding\"><div class=\"stk-block-content stk-inner-blocks stk-4a710ce-inner-blocks\">\n<p>\ud83d\udccd La Men\u00adschen\u00adre\u00adcht\u00adszen\u00adtrum<br>\ud83d\udcc6 De luni p\u00e2n\u0103 vineri, volun\u00adta\u00adrii ofe\u00adr\u0103 cur\u00adsuri gra\u00adtu\u00adi\u00adte de ger\u00adma\u00adn\u0103 pen\u00adtru refu\u00adgi\u00ada\u021bi \u00een incin\u00adta Orga\u00adni\u00adza\u00ad\u021bi\u00adei Meno\u00adni\u00adte de Ajutorare.<\/p>\n\n\n\n<p>\u2714\ufe0f Toa\u00adte nive\u00adlu\u00adri\u00adle<br>\u2714\ufe0f O atmosfe\u00adr\u0103 cal\u00add\u0103 \u0219i pri\u00ade\u00adte\u00adnoa\u00ads\u0103.<br>\ud83c\udf10 <strong><a href=\"http:\/\/www.menschenrechtszentrum.de\/?Mennonitisches_Hilfswerk\" rel=\"noopener\">Site web<\/a><\/strong><\/p>\n<\/div><\/div><\/div>\n<\/details>\n\n<details class=\"wp-block-stackable-accordion stk-block-accordion stk-inner-blocks stk-block-content stk-block stk-01c2c0b is-style-default\" data-block-id=\"01c2c0b\">\n<summary class=\"wp-block-stackable-column stk-block-column stk-column stk-block stk-a37824c stk--container-small stk-block-accordion__heading\" data-v=\"4\" data-block-id=\"a37824c\"><div class=\"stk-column-wrapper stk-block-column__content stk-container stk-a37824c-container stk-hover-parent\"><div class=\"stk-block-content stk-inner-blocks stk-a37824c-inner-blocks\">\n<div class=\"wp-block-stackable-icon-label stk-block-icon-label stk-block stk-16a54c6\" data-block-id=\"16a54c6\"><div class=\"stk-row stk-inner-blocks stk-block-content\">\n<div class=\"wp-block-stackable-heading stk-block-heading stk-block-heading--v2 stk-block stk-135beb3\" id=\"german-lessons-in-the-lernbox-em-fluchtlingshilfe-karlsruhe-e-v-em\" data-block-id=\"135beb3\"><h4 class=\"stk-block-heading__text\"><strong>Lec\u00ad\u021bii de ger\u00adma\u00adn\u0103 \u00een Ler\u00adn\u00adbox de la <em>Fl\u00fc\u00adch\u00adtlin\u00adgshil\u00adfe Karl\u00adsru\u00adhe e.V.<\/em><\/strong><\/h4><\/div>\n\n\n\n<div class=\"wp-block-stackable-icon stk-block-icon stk-block stk-ac06956\" data-block-id=\"ac06956\"><span class=\"stk--svg-wrapper\"><div class=\"stk--inner-svg\"><svg style=\"height:0;width:0\"><defs><linearGradient id=\"linear-gradient-ac06956\" x1=\"0\" x2=\"100%\" y1=\"0\" y2=\"0\"><stop offset=\"0%\" style=\"stop-opacity:1;stop-color:var(--linear-gradient-ac-06956-color-1)\" \/><stop offset=\"100%\" style=\"stop-opacity:1;stop-color:var(--linear-gradient-ac-06956-color-2)\" \/><\/linearGradient><\/defs><\/svg><svg data-prefix=\"fas\" data-icon=\"chevron-down\" class=\"svg-inline--fa fa-chevron-down fa-w-14\" viewBox=\"0 0 448 512\" aria-hidden=\"true\" width=\"32\" height=\"32\"><path fill=\"currentColor\" d=\"M207.029 381.476L12.686 187.132c-9.373-9.373-9.373-24.569 0-33.941l22.667-22.667c9.357-9.357 24.522-9.375 33.901-.04L224 284.505l154.745-154.021c9.379-9.335 24.544-9.317 33.901.04l22.667 22.667c9.373 9.373 9.373 24.569 0 33.941L240.971 381.476c-9.373 9.372-24.569 9.372-33.942 0z\" \/><\/svg><\/div><\/span><\/div>\n<\/div><\/div>\n<\/div><\/div><\/summary>\n\n\n\n<div class=\"wp-block-stackable-column stk-block-column stk-column stk-block stk-5b7ab94 stk-block-accordion__content\" data-v=\"4\" data-block-id=\"5b7ab94\"><div class=\"stk-column-wrapper stk-block-column__content stk-container stk-5b7ab94-container stk--no-background stk--no-padding\"><div class=\"stk-block-content stk-inner-blocks stk-5b7ab94-inner-blocks\">\n<p>\ud83d\udccd Alter Sch\u00adla\u00adch\u00adthof 11, 76131 Karl\u00adsru\u00adhe<br>\ud83d\udcc6 de luni p\u00e2n\u0103 joi<br>\ud83d\udd52 de la 15:00 la 18:00<br>\ud83c\udf10 <strong><a href=\"https:\/\/fluechtlingshilfe-karlsruhe.de\/\" rel=\"noopener\">Web\u00adsi\u00adte<\/a><\/strong><br><a href=\"https:\/\/www.anika-net.de\/ro\/event\/lernbox-karlsruhe\/\"><strong>La ofer\u00adta de pe&nbsp;AniKA<\/strong><\/a><\/p>\n<\/div><\/div><\/div>\n<\/details>\n\n<details class=\"wp-block-stackable-accordion stk-block-accordion stk-inner-blocks stk-block-content stk-block stk-10243cd is-style-default\" data-block-id=\"10243cd\">\n<summary class=\"wp-block-stackable-column stk-block-column stk-column stk-block stk-b7aad2c stk--container-small stk-block-accordion__heading\" data-v=\"4\" data-block-id=\"b7aad2c\"><div class=\"stk-column-wrapper stk-block-column__content stk-container stk-b7aad2c-container stk-hover-parent\"><div class=\"stk-block-content stk-inner-blocks stk-b7aad2c-inner-blocks\">\n<div class=\"wp-block-stackable-icon-label stk-block-icon-label stk-block stk-7c1be9c\" data-block-id=\"7c1be9c\"><div class=\"stk-row stk-inner-blocks stk-block-content\">\n<div class=\"wp-block-stackable-heading stk-block-heading stk-block-heading--v2 stk-block stk-ed66306\" id=\"strong-a-href-https-fka-ka-de-erstorientierungskurse-in-landeskunde-und-sprache-initial-courses-in-cultural-orientation-and-language-by-em-freundeskreis-asyl-e-v-em-a-strong-and-de\" data-block-id=\"ed66306\"><h4 class=\"stk-block-heading__text\"><strong>Cur\u00adsuri ini\u00ad\u021bia\u00adle de orien\u00adta\u00adre cul\u00adtu\u00adra\u00adl\u0103 \u0219i ling\u00advis\u00adti\u00adc\u0103 ofe\u00adri\u00adte de <em>Fre\u00adun\u00addes\u00adkre\u00adis Asyl e.V.<\/em><\/strong> <strong>\u0219i <em>Deb\u00fct e.V.<\/em><\/strong><\/h4><\/div>\n\n\n\n<div class=\"wp-block-stackable-icon stk-block-icon stk-block stk-145194d\" data-block-id=\"145194d\"><span class=\"stk--svg-wrapper\"><div class=\"stk--inner-svg\"><svg style=\"height:0;width:0\"><defs><linearGradient id=\"linear-gradient-145194d\" x1=\"0\" x2=\"100%\" y1=\"0\" y2=\"0\"><stop offset=\"0%\" style=\"stop-opacity:1;stop-color:var(--linear-gradient-145194-d-color-1)\" \/><stop offset=\"100%\" style=\"stop-opacity:1;stop-color:var(--linear-gradient-145194-d-color-2)\" \/><\/linearGradient><\/defs><\/svg><svg data-prefix=\"fas\" data-icon=\"chevron-down\" class=\"svg-inline--fa fa-chevron-down fa-w-14\" viewBox=\"0 0 448 512\" aria-hidden=\"true\" width=\"32\" height=\"32\"><path fill=\"currentColor\" d=\"M207.029 381.476L12.686 187.132c-9.373-9.373-9.373-24.569 0-33.941l22.667-22.667c9.357-9.357 24.522-9.375 33.901-.04L224 284.505l154.745-154.021c9.379-9.335 24.544-9.317 33.901.04l22.667 22.667c9.373 9.373 9.373 24.569 0 33.941L240.971 381.476c-9.373 9.372-24.569 9.372-33.942 0z\" \/><\/svg><\/div><\/span><\/div>\n<\/div><\/div>\n<\/div><\/div><\/summary>\n\n\n\n<div class=\"wp-block-stackable-column stk-block-column stk-column stk-block stk-9963e64 stk-block-accordion__content\" data-v=\"4\" data-block-id=\"9963e64\"><div class=\"stk-column-wrapper stk-block-column__content stk-container stk-9963e64-container stk--no-background stk--no-padding\"><div class=\"stk-block-content stk-inner-blocks stk-9963e64-inner-blocks\">\n<p>\u2714\ufe0f Pen\u00adtru refu\u00adgi\u00ada\u00ad\u021bii cu per\u00adspec\u00adti\u00adve neclare de \u0219ede\u00adre.<br>Dac\u0103 sunt dis\u00adpo\u00adni\u00adbi\u00adle \u0219i locuri, pot par\u00adti\u00adci\u00adpa \u0219i refu\u00adgi\u00ada\u00ad\u021bii recu\u00adnos\u00adcu\u021bi \u0219i per\u00adsoa\u00adne\u00adle tole\u00adra\u00adte. Par\u00adti\u00adci\u00adpa\u00adrea la un curs de inte\u00adgra\u00adre nu este (\u00eenc\u0103) posibil\u0103.&nbsp;<\/p>\n\n\n\n<p><strong><a href=\"https:\/\/fka-ka.de\/erstorientierungskurse-in-landeskunde-und-sprache\/\" rel=\"noopener\">Ofer\u00adta Fre\u00adun\u00addes\u00adkre\u00adis Asyl e.V.<\/a><br><a href=\"https:\/\/debuet.org\/anmeldung-eok\" rel=\"noopener\">Ofer\u00adte de la Deb\u00fct e.V.<\/a><\/strong><\/p>\n<\/div><\/div><\/div>\n<\/details>\n\n<h2 class=\"wp-block-heading\"><strong><span style=\"color: #09887e;\" class=\"stk-highlight\">Cur\u00adsuri pen\u00adtru&nbsp;femei<\/span><\/strong><\/h2>\n\n<details class=\"wp-block-stackable-accordion stk-block-accordion stk-inner-blocks stk-block-content stk-block stk-4c7f90c is-style-default\" data-block-id=\"4c7f90c\">\n<summary class=\"wp-block-stackable-column stk-block-column stk-column stk-block stk-c7e32be stk--container-small stk-block-accordion__heading\" data-v=\"4\" data-block-id=\"c7e32be\"><div class=\"stk-column-wrapper stk-block-column__content stk-container stk-c7e32be-container stk-hover-parent\"><div class=\"stk-block-content stk-inner-blocks stk-c7e32be-inner-blocks\">\n<div class=\"wp-block-stackable-icon-label stk-block-icon-label stk-block stk-f91159c\" data-block-id=\"f91159c\"><div class=\"stk-row stk-inner-blocks stk-block-content\">\n<div class=\"wp-block-stackable-heading stk-block-heading stk-block-heading--v2 stk-block stk-9e86904\" id=\"strong-low-threshold-womens-courses-by-em-freundeskreis-asyl-e-v-em-strong\" data-block-id=\"9e86904\"><h4 class=\"stk-block-heading__text\"><strong>Cur\u00adsuri pen\u00adtru femei cu prag sc\u0103\u00adzut de <em>Fre\u00adun\u00addes\u00adkre\u00adis Asyl e.V.<\/em><\/strong><\/h4><\/div>\n\n\n\n<div class=\"wp-block-stackable-icon stk-block-icon stk-block stk-776261f\" data-block-id=\"776261f\"><span class=\"stk--svg-wrapper\"><div class=\"stk--inner-svg\"><svg style=\"height:0;width:0\"><defs><linearGradient id=\"linear-gradient-776261f\" x1=\"0\" x2=\"100%\" y1=\"0\" y2=\"0\"><stop offset=\"0%\" style=\"stop-opacity:1;stop-color:var(--linear-gradient-776261-f-color-1)\" \/><stop offset=\"100%\" style=\"stop-opacity:1;stop-color:var(--linear-gradient-776261-f-color-2)\" \/><\/linearGradient><\/defs><\/svg><svg data-prefix=\"fas\" data-icon=\"chevron-down\" class=\"svg-inline--fa fa-chevron-down fa-w-14\" viewBox=\"0 0 448 512\" aria-hidden=\"true\" width=\"32\" height=\"32\"><path fill=\"currentColor\" d=\"M207.029 381.476L12.686 187.132c-9.373-9.373-9.373-24.569 0-33.941l22.667-22.667c9.357-9.357 24.522-9.375 33.901-.04L224 284.505l154.745-154.021c9.379-9.335 24.544-9.317 33.901.04l22.667 22.667c9.373 9.373 9.373 24.569 0 33.941L240.971 381.476c-9.373 9.372-24.569 9.372-33.942 0z\" \/><\/svg><\/div><\/span><\/div>\n<\/div><\/div>\n<\/div><\/div><\/summary>\n\n\n\n<div class=\"wp-block-stackable-column stk-block-column stk-column stk-block stk-6e44c39 stk-block-accordion__content\" data-v=\"4\" data-block-id=\"6e44c39\"><div class=\"stk-column-wrapper stk-block-column__content stk-container stk-6e44c39-container stk--no-background stk--no-padding\"><div class=\"stk-block-content stk-inner-blocks stk-6e44c39-inner-blocks\">\n<p><strong>La Men\u00adschen\u00adre\u00adcht\u00adszen\u00adtrum<\/strong><br>\ud83d\udccdAlter Sch\u00adla\u00adch\u00adthof 59, 76131 Karl\u00adsru\u00adhe<br>\u2714\ufe0f \u00cenv\u0103\u00ad\u021ba\u00adrea lim\u00adbii ger\u00adma\u00adne, teme rele\u00advan\u00adte pen\u00adtru via\u00ad\u021ba de zi cu zi \u0219i orien\u00adta\u00adrea \u00een soci\u00ade\u00adta\u00adte.<br>\ud83e\uddf8 \u00cen tim\u00adpul cur\u00adsu\u00adri\u00adlor se asi\u00adgu\u00adr\u0103 \u00eengri\u00adji\u00adrea copi\u00adi\u00adlor par\u00adti\u00adci\u00adpan\u00ad\u021bi\u00adlor.<br>\ud83c\udf10 <strong><a href=\"https:\/\/fka-ka.de\/\" rel=\"noopener\">Web\u00adsi\u00adte<\/a><\/strong><\/p>\n<\/div><\/div><\/div>\n<\/details>\n\n<h2 class=\"wp-block-heading\"><span style=\"color: #09887e;\" class=\"stk-highlight\"><strong>Tan\u00adde\u00admuri<\/strong> <strong>sau ofer\u00adte de \u00eent\u00e2lnire<\/strong><\/span><\/h2>\n\n<p><span style=\"color: #fcb900;\" class=\"stk-highlight\"><em><strong>NOU!<\/strong><\/em><\/span> <br><strong><a href=\"https:\/\/www.anika-net.de\/ro\/event\/cafenea-lingvistica-pentru-femeile-cu-experienta-in-domeniul-migratiei\/\">Cafe\u00adnea ling\u00advis\u00adti\u00adc\u0103 pen\u00adtru femei<\/a><\/strong> febru\u00ada\u00adrie \u2014 mar\u00adtie&nbsp;2026<\/p>\n\n<details class=\"wp-block-stackable-accordion stk-block-accordion stk-inner-blocks stk-block-content stk-block stk-c830f4a is-style-default\" data-block-id=\"c830f4a\">\n<summary class=\"wp-block-stackable-column stk-block-column stk-column stk-block stk-b0c07c9 stk--container-small stk-block-accordion__heading\" data-v=\"4\" data-block-id=\"b0c07c9\"><div class=\"stk-column-wrapper stk-block-column__content stk-container stk-b0c07c9-container stk-hover-parent\"><div class=\"stk-block-content stk-inner-blocks stk-b0c07c9-inner-blocks\">\n<div class=\"wp-block-stackable-icon-label stk-block-icon-label stk-block stk-85e45c7\" data-block-id=\"85e45c7\"><div class=\"stk-row stk-inner-blocks stk-block-content\">\n<div class=\"wp-block-stackable-heading stk-block-heading stk-block-heading--v2 stk-block stk-7dbd918\" id=\"strong-tandem-partner-matching-at-vhs-strong\" data-block-id=\"7dbd918\"><h4 class=\"stk-block-heading__text\"><strong>Potri\u00advi\u00adrea par\u00adte\u00adne\u00adri\u00adlor \u00een tan\u00addem la&nbsp;vhs<\/strong><\/h4><\/div>\n\n\n\n<div class=\"wp-block-stackable-icon stk-block-icon stk-block stk-0e53f80\" data-block-id=\"0e53f80\"><span class=\"stk--svg-wrapper\"><div class=\"stk--inner-svg\"><svg style=\"height:0;width:0\"><defs><linearGradient id=\"linear-gradient-0e53f80\" x1=\"0\" x2=\"100%\" y1=\"0\" y2=\"0\"><stop offset=\"0%\" style=\"stop-opacity:1;stop-color:var(--linear-gradient-0-e-53-f-80-color-1)\" \/><stop offset=\"100%\" style=\"stop-opacity:1;stop-color:var(--linear-gradient-0-e-53-f-80-color-2)\" \/><\/linearGradient><\/defs><\/svg><svg data-prefix=\"fas\" data-icon=\"chevron-down\" class=\"svg-inline--fa fa-chevron-down fa-w-14\" viewBox=\"0 0 448 512\" aria-hidden=\"true\" width=\"32\" height=\"32\"><path fill=\"currentColor\" d=\"M207.029 381.476L12.686 187.132c-9.373-9.373-9.373-24.569 0-33.941l22.667-22.667c9.357-9.357 24.522-9.375 33.901-.04L224 284.505l154.745-154.021c9.379-9.335 24.544-9.317 33.901.04l22.667 22.667c9.373 9.373 9.373 24.569 0 33.941L240.971 381.476c-9.373 9.372-24.569 9.372-33.942 0z\" \/><\/svg><\/div><\/span><\/div>\n<\/div><\/div>\n<\/div><\/div><\/summary>\n\n\n\n<div class=\"wp-block-stackable-column stk-block-column stk-column stk-block stk-a2a964f stk-block-accordion__content\" data-v=\"4\" data-block-id=\"a2a964f\"><div class=\"stk-column-wrapper stk-block-column__content stk-container stk-a2a964f-container stk--no-background stk--no-padding\"><div class=\"stk-block-content stk-inner-blocks stk-a2a964f-inner-blocks\">\n<p><strong>\u00cenre\u00adgis\u00adtra\u00adre:<\/strong> pe plat\u00adfor\u00adma cen\u00adtru\u00adlui de edu\u00adca\u00ad\u021bie pen\u00adtru adul\u021bi.<br>Par\u00adte\u00adner Tan\u00addem: Ger\u00adma\u00adn\u0103 sau alt\u0103 lim\u00adb\u0103.<br>\ud83c\udf10 <strong><a href=\"https:\/\/www.vhs-tandem.de\/de\/\" rel=\"noopener\">Site web<\/a><\/strong><\/p>\n<\/div><\/div><\/div>\n<\/details>\n\n<details class=\"wp-block-stackable-accordion stk-block-accordion stk-inner-blocks stk-block-content stk-block stk-17f6b16 is-style-default\" data-block-id=\"17f6b16\">\n<summary class=\"wp-block-stackable-column stk-block-column stk-column stk-block stk-a8164d1 stk--container-small stk-block-accordion__heading\" data-v=\"4\" data-block-id=\"a8164d1\"><div class=\"stk-column-wrapper stk-block-column__content stk-container stk-a8164d1-container stk-hover-parent\"><div class=\"stk-block-content stk-inner-blocks stk-a8164d1-inner-blocks\">\n<div class=\"wp-block-stackable-icon-label stk-block-icon-label stk-block stk-af7b0cc\" data-block-id=\"af7b0cc\"><div class=\"stk-row stk-inner-blocks stk-block-content\">\n<div class=\"wp-block-stackable-heading stk-block-heading stk-block-heading--v2 stk-block stk-0b6fc2b\" id=\"strong-meeting-offers-for-parents-strong\" data-block-id=\"0b6fc2b\"><h4 class=\"stk-block-heading__text\"><strong>Ofer\u00adte de \u00eent\u00e2l\u00adniri pen\u00adtru p\u0103rin\u021bi<\/strong><\/h4><\/div>\n\n\n\n<div class=\"wp-block-stackable-icon stk-block-icon stk-block stk-46321b3\" data-block-id=\"46321b3\"><span class=\"stk--svg-wrapper\"><div class=\"stk--inner-svg\"><svg style=\"height:0;width:0\"><defs><linearGradient id=\"linear-gradient-46321b3\" x1=\"0\" x2=\"100%\" y1=\"0\" y2=\"0\"><stop offset=\"0%\" style=\"stop-opacity:1;stop-color:var(--linear-gradient-46321-b-3-color-1)\" \/><stop offset=\"100%\" style=\"stop-opacity:1;stop-color:var(--linear-gradient-46321-b-3-color-2)\" \/><\/linearGradient><\/defs><\/svg><svg data-prefix=\"fas\" data-icon=\"chevron-down\" class=\"svg-inline--fa fa-chevron-down fa-w-14\" viewBox=\"0 0 448 512\" aria-hidden=\"true\" width=\"32\" height=\"32\"><path fill=\"currentColor\" d=\"M207.029 381.476L12.686 187.132c-9.373-9.373-9.373-24.569 0-33.941l22.667-22.667c9.357-9.357 24.522-9.375 33.901-.04L224 284.505l154.745-154.021c9.379-9.335 24.544-9.317 33.901.04l22.667 22.667c9.373 9.373 9.373 24.569 0 33.941L240.971 381.476c-9.373 9.372-24.569 9.372-33.942 0z\" \/><\/svg><\/div><\/span><\/div>\n<\/div><\/div>\n<\/div><\/div><\/summary>\n\n\n\n<div class=\"wp-block-stackable-column stk-block-column stk-column stk-block stk-2d8dcd4 stk-block-accordion__content\" data-v=\"4\" data-block-id=\"2d8dcd4\"><div class=\"stk-column-wrapper stk-block-column__content stk-container stk-2d8dcd4-container stk--no-background stk--no-padding\"><div class=\"stk-block-content stk-inner-blocks stk-2d8dcd4-inner-blocks\">\n<p>Punc\u00adte\u00adle de \u00eent\u00e2l\u00adni\u00adre pen\u00adtru p\u0103rin\u021bi pot fi g\u0103si\u00adte aici:<br>\ud83d\udcce <strong><a href=\"https:\/\/www.karlsruhe.de\/securedl\/sdl-eyJ0eXAiOiJKV1QiLCJhbGciOiJIUzI1NiJ9.eyJpYXQiOjE2OTc0NTM4MzcsImV4cCI6MzMyMTc2MjY0NTYsInVzZXIiOjAsImdyb3VwcyI6WzAsLTFdLCJmaWxlIjoiZmlsZWFkbWluL3VzZXJfdXBsb2FkLzAyX0JpbGR1bmdfU296aWFsZXMvT0VBX1NKQl9QREZfRGF0ZWllbi9CdVAvS2lCdWUvU3RhZHRfS2FybHNydWhlX0ZhbHRwbGFuX1RyZWZmcHVua3RlX2Z1ZXJfRWx0ZXJuLnBkZiIsInBhZ2UiOjEwMjN9.tymLi24-kFzccGgxHAPou1fdJqHXIS56Ig4j67Fr8Do\/Stadt_Karlsruhe_Faltplan_Treffpunkte_fuer_Eltern.pdf\" rel=\"noopener\">Ofer\u00adte de \u00eent\u00e2lnire<\/a><\/strong><\/p>\n<\/div><\/div><\/div>\n<\/details>\n","protected":false},"excerpt":{"rendered":"<p>Exis\u00adt\u0103, de ase\u00adme\u00adnea, cur\u00adsuri de ger\u00adma\u00adn\u0103 \u0219i ofer\u00adte de \u00eent\u00e2l\u00adniri \u00een Karl\u00adsru\u00adhe orga\u00adni\u00adza\u00adte de aso\u00adci\u00ada\u00ad\u021bii inde\u00adpen\u00adden\u00adte sau alte insti\u00adtu\u00ad\u021bii. Cur\u00adsuri de ger\u00adma\u00adn\u0103 \u0219i ofer\u00adte de \u00eent\u00e2l\u00adniri pen\u00adtru&nbsp;to\u021bi Spre\u00adcht mite\u00adi\u00adnan\u00adder! la&nbsp;BZM&nbsp;<a class=\"moretag\" href=\"https:\/\/www.anika-net.de\/ro\/invata-germana\/alte-cursuri-de-limbi-straine-si-oferte-de-intalniri\/\">Citi\u021bi mai&nbsp;mult<\/a><\/p>\n","protected":false},"author":12,"featured_media":34244,"parent":34533,"menu_order":40,"comment_status":"closed","ping_status":"closed","template":"","meta":{"_acf_changed":false,"inline_featured_image":false,"_uag_custom_page_level_css":"","wp_typography_post_enhancements_disabled":false,"footnotes":""},"class_list":["post-34566","page","type-page","status-publish","has-post-thumbnail","hentry"],"acf":[],"featured_image_urls_v2":{"full":["https:\/\/www.anika-net.de\/wp-content\/uploads\/2023\/03\/more-ways-to-learn-german-360x200-1.jpg",360,200,false],"thumbnail":["https:\/\/www.anika-net.de\/wp-content\/uploads\/2023\/03\/more-ways-to-learn-german-360x200-1-150x150.jpg",150,150,true],"medium":["https:\/\/www.anika-net.de\/wp-content\/uploads\/2023\/03\/more-ways-to-learn-german-360x200-1-300x167.jpg",300,167,true],"medium_large":["https:\/\/www.anika-net.de\/wp-content\/uploads\/2023\/03\/more-ways-to-learn-german-360x200-1.jpg",360,200,false],"large":["https:\/\/www.anika-net.de\/wp-content\/uploads\/2023\/03\/more-ways-to-learn-german-360x200-1.jpg",360,200,false],"1536x1536":["https:\/\/www.anika-net.de\/wp-content\/uploads\/2023\/03\/more-ways-to-learn-german-360x200-1.jpg",360,200,false],"2048x2048":["https:\/\/www.anika-net.de\/wp-content\/uploads\/2023\/03\/more-ways-to-learn-german-360x200-1.jpg",360,200,false],"event-overview":["https:\/\/www.anika-net.de\/wp-content\/uploads\/2023\/03\/more-ways-to-learn-german-360x200-1.jpg",360,200,false],"event-archive-thumb":["https:\/\/www.anika-net.de\/wp-content\/uploads\/2023\/03\/more-ways-to-learn-german-360x200-1.jpg",360,200,false],"grid-item-thumbnail":["https:\/\/www.anika-net.de\/wp-content\/uploads\/2023\/03\/more-ways-to-learn-german-360x200-1-360x200.jpg",360,200,true],"network-partner-icon":["https:\/\/www.anika-net.de\/wp-content\/uploads\/2023\/03\/more-ways-to-learn-german-360x200-1-100x100.jpg",100,100,true],"organiser-icon":["https:\/\/www.anika-net.de\/wp-content\/uploads\/2023\/03\/more-ways-to-learn-german-360x200-1-200x200.jpg",200,200,true],"gform-image-choice-sm":["https:\/\/www.anika-net.de\/wp-content\/uploads\/2023\/03\/more-ways-to-learn-german-360x200-1.jpg",300,167,false],"gform-image-choice-md":["https:\/\/www.anika-net.de\/wp-content\/uploads\/2023\/03\/more-ways-to-learn-german-360x200-1.jpg",360,200,false],"gform-image-choice-lg":["https:\/\/www.anika-net.de\/wp-content\/uploads\/2023\/03\/more-ways-to-learn-german-360x200-1.jpg",360,200,false]},"post_excerpt_stackable_v2":"<p>Exis\u00adt\u0103, de ase\u00adme\u00adnea, cur\u00adsuri de ger\u00adma\u00adn\u0103 \u0219i ofer\u00adte de \u00eent\u00e2l\u00adniri \u00een Karl\u00adsru\u00adhe orga\u00adni\u00adza\u00adte de aso\u00adci\u00ada\u00ad\u021bii inde\u00adpen\u00adden\u00adte sau alte insti\u00adtu\u00ad\u021bii. Aces\u00adte cur\u00adsuri sunt des\u00adchi\u00adse tutu\u00adror celor care doresc s\u0103 \u00eenve\u021be lim\u00adba ger\u00adma\u00adn\u0103, inclu\u00adsiv celor care nu au voie s\u0103 par\u00adti\u00adci\u00adpe la cur\u00adsuri de inte\u00adgra\u00adre Aces\u00adte cur\u00adsuri de ger\u00adma\u00adn\u0103 sunt \u00eentot\u00addea\u00adu\u00adna dis\u00adpo\u00adni\u00adbi\u00adle gra\u00adtu\u00adit Par\u00adti\u00adci\u00adpa\u00adrea este \u00een \u00eentre\u00adgi\u00adme volun\u00adta\u00adr\u0103 Cur\u00adsuri de ger\u00adma\u00adn\u0103 \u0219i ofer\u00adte de \u00eent\u00e2l\u00adniri pen\u00adtru&nbsp;to\u021bi Spre\u00adcht mite\u00adi\u00adnan\u00adder! la&nbsp;BZM La B\u00fcr\u00adger\u00adzen\u00adtrum M\u00fchl\u00adbu\u00adrg (BZM)\ud83d\udccd Wein\u00adbren\u00adner\u00adstra\u00ad\u00dfe 79 a, 76185 Karl\u00adsru\u00adhe\ud83d\udcc6 Mier\u00adcuri \u0219i vineri\ud83d\udd62 18:30\u201320:00\ud83c\udf10 Web\u00adsi\u00adte Spre\u00adch\u00adPu\u00adn\u00adkt la&nbsp;ibz At the Inter\u00adna\u00adtio\u00adnal Mee\u00adting Cen\u00adter, ibz\ud83d\udccd Kai\u00adse\u00adra\u00adl\u00adlee 12 d, 76133 Karl\u00adsru\u00adhe\ud83d\udcc6 Monda\u00adys, 6:30 to 8 pm (onli\u00adne)\u2026<\/p>\n","category_list_v2":"","author_info_v2":{"name":"Andrea Ramirez","url":"https:\/\/www.anika-net.de\/ro\/author\/andrea-ramirez\/"},"comments_num_v2":"0 comments","uagb_featured_image_src":{"full":["https:\/\/www.anika-net.de\/wp-content\/uploads\/2023\/03\/more-ways-to-learn-german-360x200-1.jpg",360,200,false],"thumbnail":["https:\/\/www.anika-net.de\/wp-content\/uploads\/2023\/03\/more-ways-to-learn-german-360x200-1-150x150.jpg",150,150,true],"medium":["https:\/\/www.anika-net.de\/wp-content\/uploads\/2023\/03\/more-ways-to-learn-german-360x200-1-300x167.jpg",300,167,true],"medium_large":["https:\/\/www.anika-net.de\/wp-content\/uploads\/2023\/03\/more-ways-to-learn-german-360x200-1.jpg",360,200,false],"large":["https:\/\/www.anika-net.de\/wp-content\/uploads\/2023\/03\/more-ways-to-learn-german-360x200-1.jpg",360,200,false],"1536x1536":["https:\/\/www.anika-net.de\/wp-content\/uploads\/2023\/03\/more-ways-to-learn-german-360x200-1.jpg",360,200,false],"2048x2048":["https:\/\/www.anika-net.de\/wp-content\/uploads\/2023\/03\/more-ways-to-learn-german-360x200-1.jpg",360,200,false],"event-overview":["https:\/\/www.anika-net.de\/wp-content\/uploads\/2023\/03\/more-ways-to-learn-german-360x200-1.jpg",360,200,false],"event-archive-thumb":["https:\/\/www.anika-net.de\/wp-content\/uploads\/2023\/03\/more-ways-to-learn-german-360x200-1.jpg",360,200,false],"grid-item-thumbnail":["https:\/\/www.anika-net.de\/wp-content\/uploads\/2023\/03\/more-ways-to-learn-german-360x200-1-360x200.jpg",360,200,true],"network-partner-icon":["https:\/\/www.anika-net.de\/wp-content\/uploads\/2023\/03\/more-ways-to-learn-german-360x200-1-100x100.jpg",100,100,true],"organiser-icon":["https:\/\/www.anika-net.de\/wp-content\/uploads\/2023\/03\/more-ways-to-learn-german-360x200-1-200x200.jpg",200,200,true],"gform-image-choice-sm":["https:\/\/www.anika-net.de\/wp-content\/uploads\/2023\/03\/more-ways-to-learn-german-360x200-1.jpg",300,167,false],"gform-image-choice-md":["https:\/\/www.anika-net.de\/wp-content\/uploads\/2023\/03\/more-ways-to-learn-german-360x200-1.jpg",360,200,false],"gform-image-choice-lg":["https:\/\/www.anika-net.de\/wp-content\/uploads\/2023\/03\/more-ways-to-learn-german-360x200-1.jpg",360,200,false]},"uagb_author_info":{"display_name":"Andrea Ramirez","author_link":"https:\/\/www.anika-net.de\/ro\/author\/andrea-ramirez\/"},"uagb_comment_info":0,"uagb_excerpt":"Exis\u00adt\u0103, de ase\u00adme\u00adnea, cur\u00adsuri de ger\u00adma\u00adn\u0103 \u0219i ofer\u00adte de \u00eent\u00e2l\u00adniri \u00een Karl\u00adsru\u00adhe orga\u00adni\u00adza\u00adte de aso\u00adci\u00ada\u00ad\u021bii inde\u00adpen\u00adden\u00adte sau alte institu\u021bii. Cur\u00adsuri de ger\u00adma\u00adn\u0103 \u0219i ofer\u00adte de \u00eent\u00e2l\u00adniri pen\u00adtru&nbsp;to\u021bi Spre\u00adcht mite\u00adi\u00adnan\u00adder! la&nbsp;BZM&nbsp;Citi\u021bi mai mult","_links":{"self":[{"href":"https:\/\/www.anika-net.de\/ro\/wp-json\/wp\/v2\/pages\/34566","targetHints":{"allow":["GET"]}}],"collection":[{"href":"https:\/\/www.anika-net.de\/ro\/wp-json\/wp\/v2\/pages"}],"about":[{"href":"https:\/\/www.anika-net.de\/ro\/wp-json\/wp\/v2\/types\/page"}],"author":[{"embeddable":true,"href":"https:\/\/www.anika-net.de\/ro\/wp-json\/wp\/v2\/users\/12"}],"replies":[{"embeddable":true,"href":"https:\/\/www.anika-net.de\/ro\/wp-json\/wp\/v2\/comments?post=34566"}],"version-history":[{"count":7,"href":"https:\/\/www.anika-net.de\/ro\/wp-json\/wp\/v2\/pages\/34566\/revisions"}],"predecessor-version":[{"id":119193,"href":"https:\/\/www.anika-net.de\/ro\/wp-json\/wp\/v2\/pages\/34566\/revisions\/119193"}],"up":[{"embeddable":true,"href":"https:\/\/www.anika-net.de\/ro\/wp-json\/wp\/v2\/pages\/34533"}],"wp:featuredmedia":[{"embeddable":true,"href":"https:\/\/www.anika-net.de\/ro\/wp-json\/wp\/v2\/media\/34244"}],"wp:attachment":[{"href":"https:\/\/www.anika-net.de\/ro\/wp-json\/wp\/v2\/media?parent=34566"}],"curies":[{"name":"wp","href":"https:\/\/api.w.org\/{rel}","templated":true}]}}