{"id":2270,"date":"2021-05-21T14:05:31","date_gmt":"2021-05-21T12:05:31","guid":{"rendered":"https:\/\/www.anika-net.de\/registering-in-the-city\/"},"modified":"2024-12-03T12:54:48","modified_gmt":"2024-12-03T11:54:48","slug":"inregistrarea-in-oras","status":"publish","type":"page","link":"https:\/\/www.anika-net.de\/ro\/sosirea\/inregistrarea\/inregistrarea-in-oras\/","title":{"rendered":"\u00cenre\u00adgis\u00adtra\u00adrea \u00een Karlsruhe"},"content":{"rendered":"\n<p><strong>\u00cenre\u00adgis\u00adtra\u00adrea \u00een Karl\u00adsru\u00adhe:<\/strong> \u00cen Ger\u00adma\u00adnia, sun\u00adte\u021bi obli\u00adgat prin lege s\u0103 v\u0103 \u00eenre\u00adgis\u00adtra\u021bi adre\u00adsa sau ori\u00adce modi\u00adfi\u00adca\u00adre a adre\u00adsei la auto\u00adri\u00adt\u0103\u00ad\u021bi\u00adle din ora\u00ad\u0219ul de re\u0219e\u00addin\u00ad\u021b\u0103. <strong><span style=\"color: #cb6a02;\" class=\"stk-highlight\">Acum o pute\u021bi face <a href=\"https:\/\/web1.karlsruhe.de\/service\/Buergerdienste\/leistung.php?id=6021869\" rel=\"noopener\">onli\u00adne!<\/a><\/span><\/strong><br><br>\ud83d\udca1 <strong>Acest lucru este impor\u00adtant:<\/strong> s\u2011ar putea s\u0103 tre\u00adbu\u00adias\u00adc\u0103 s\u0103 pl\u0103ti\u021bi o amen\u00add\u0103 dac\u0103 nu face\u021bi acest lucru la&nbsp;timp.<\/p>\n\n<p><strong>Ce docu\u00adment tre\u00adbu\u00adie s\u0103 iau cu mine c\u00e2nd m\u0103 \u00eenscriu?<\/strong><\/p>\n\n<ul class=\"wp-block-list\">\n<li><strong>Car\u00adte de iden\u00adti\u00adta\u00adte<\/strong> cu func\u00ad\u021bie de iden\u00adti\u00adfi\u00adca\u00adre onli\u00adne acti\u00adva\u00adt\u0103, inclu\u00adsiv PIN<a href=\"https:\/\/www.personalausweisportal.de\/Webs\/PA-INFO\/Index.html\" rel=\"noopener\">(mai mul\u00adte infor\u00adma\u00ad\u021bii pri\u00advind func\u00ad\u021bia de iden\u00adti\u00adfi\u00adca\u00adre onli\u00adne<\/a>) sau car\u00adte de iden\u00adti\u00adta\u00adte electronic\u0103&nbsp;<\/li>\n\n\n\n<li>Pa\u0219a\u00adport str\u0103\u00adin (dac\u0103 este disponibil)<\/li>\n\n\n\n<li>Un smar\u00adtpho\u00adne com\u00adpa\u00adti\u00adbil NFC sau un citi\u00adtor de car\u00adduri&nbsp;USB<\/li>\n\n\n\n<li>Apli\u00adca\u00ad\u021bia Car\u00adte de iden\u00adti\u00adta\u00adte<a href=\"https:\/\/www.ausweisapp.bund.de\/home\" rel=\"noopener\">(mai mul\u00adte infor\u00adma\u00ad\u021bii des\u00adpre apli\u00adca\u00ad\u021bia Car\u00adte de iden\u00adti\u00adta\u00adte<\/a>) pen\u00adtru com\u00adpu\u00adter sau smartphone<\/li>\n\n\n\n<li>Con\u00adfir\u00adma\u00adrea re\u0219e\u00addin\u00ad\u021bei din par\u00adtea pro\u00adpri\u00ade\u00adta\u00adru\u00adlui (de exem\u00adplu, con\u00adtract de \u00eenchiriere)<\/li>\n<\/ul>\n\n<p><strong><span style=\"color: #cb6a02;\" class=\"stk-highlight\">Impor\u00adtant:<\/span><\/strong> C\u00e2nd v\u0103 \u00eenre\u00adgis\u00adtra\u021bi, ve\u021bi pri\u00admi o <em>Mel\u00adde\u00adbes\u00adche\u00adi\u00adni\u00adgu\u00adng<\/em> (con\u00adfir\u00adma\u00adre de \u00eenre\u00adgis\u00adtra\u00adre). <br>V\u0103 rug\u0103m s\u0103 p\u0103s\u00adtra\u021bi acest docu\u00adment \u00eentr-un loc&nbsp;sigur.<\/p>\n\n<p><strong>\u00cenre\u00adgis\u00adtra\u00adre:<\/strong> \u00cen Ger\u00adma\u00adnia, atunci c\u00e2nd v\u0103 muta\u021bi \u00eentr\u2011o cas\u0103 sau \u00eentr-un apar\u00adta\u00adment nou, tre\u00adbu\u00adie s\u0103 v\u0103 \u00eenre\u00adgis\u00adtra\u021bi la auto\u00adri\u00adta\u00adtea loca\u00adl\u0103 \u00een ter\u00admen de <strong>dou\u0103 s\u0103p\u00adt\u0103m\u00e2ni<\/strong>. Pute\u021bi face acest lucru la ori\u00adce <em>B\u00fcr\u00adger\u00adb\u00fcro<\/em> (birou pen\u00adtru cet\u0103\u00ad\u021beni) din ora\u00ad\u0219ul Karlsruhe.&nbsp;<\/p>\n\n<p><strong>Schim\u00adba\u00adrea adre\u00adsei:<\/strong> Chiar dac\u0103 v\u0103 muta\u021bi \u00eentr\u2011o cas\u0103 sau \u00eentr-un apar\u00adta\u00adment nou \u00een ace\u00adla\u0219i ora\u0219, tre\u00adbu\u00adie s\u0103 v\u0103 \u00eenre\u00adgis\u00adtra\u021bi schim\u00adba\u00adrea de adre\u00ads\u0103 la auto\u00adri\u00adta\u00adtea loca\u00adl\u0103 \u00een ter\u00admen de dou\u0103 s\u0103pt\u0103m\u00e2ni.<\/p>\n\n<h2 class=\"wp-block-heading\"><span style=\"color: #0e9b8f;\" class=\"stk-highlight\">\u00cenre\u00adgis\u00adtra\u00adrea elec\u00adtro\u00adni\u00adc\u0103 a re\u0219edin\u021bei<\/span><\/h2>\n\n<p><strong>O cas\u0103 nou\u0103?<\/strong> \ud83c\udfe1<br><strong>Toc\u00admai v\u2011a\u021bi mutat \u00een Ger\u00adma\u00adnia?<\/strong> \ud83d\udce6<br>Acum pute\u021bi s\u0103 v\u0103 \u00eenre\u00adgis\u00adtra\u021bi noua locu\u00adin\u00ad\u021b\u0103 onli\u00adne \u0219i gra\u00adtu\u00adit!<br>Cu \u00eenre\u00adgis\u00adtra\u00adrea elec\u00adtro\u00adni\u00adc\u0103 a re\u0219e\u00addin\u00ad\u021bei, pute\u021bi pur \u0219i sim\u00adplu s\u0103 infor\u00adma\u021bi onli\u00adne biro\u00adul de \u00eenre\u00adgis\u00adtra\u00adre cu pri\u00advi\u00adre la noua dvs. adre\u00ads\u0103 de domiciliu.&nbsp;\ud83d\udcf2<\/p>\n\n<p><strong>\ud83d\udca1<\/strong> <strong>Nu mai este nece\u00adsar s\u0103 mer\u00adge\u021bi la auto\u00adri\u00adta\u00adtea com\u00adpe\u00adten\u00adt\u0103<\/strong>.<br>Ve\u021bi pri\u00admi apoi o con\u00adfir\u00adma\u00adre digi\u00adta\u00adl\u0103 a \u00eenregistr\u0103rii.<\/p>\n\n<p>De ase\u00adme\u00adnea, pute\u021bi uti\u00adli\u00adza ser\u00advi\u00adci\u00adul onli\u00adne pen\u00adtru a v\u0103 actu\u00ada\u00adli\u00adza car\u00adtea de iden\u00adti\u00adta\u00adte, pa\u0219a\u00adpor\u00adtul sau car\u00adtea de iden\u00adti\u00adta\u00adte elec\u00adtro\u00adni\u00adc\u0103. Cel mai sim\u00adplu mod de a face acest lucru este cu aju\u00adto\u00adrul smartphone-ului.&nbsp;\ud83d\udcf2<\/p>\n\n<h3 class=\"wp-block-heading\"><a href=\"https:\/\/web1.karlsruhe.de\/service\/Buergerdienste\/leistung.php?id=6021869\" rel=\"noopener\"><span style=\"color: #0e9b8f;\" class=\"stk-highlight\">\u00cenre\u00adgis\u00adtra\u021bi-v\u0103 re\u0219e\u00addin\u00ad\u021ba online<\/span><\/a><\/h3>\n\n<p><\/p>\n\n<p><strong>a lua lega\u00adtu\u00adra<\/strong><br><strong>Ord\u00adnun\u00adgs- und B\u00fcr\u00adge\u00adramt<\/strong> (Biro\u00adul de ordi\u00adne publi\u00adc\u0103 \u0219i cet\u0103\u00ad\u021beni)<br><strong>B\u00fcr\u00adger\u00addien\u00adste<\/strong> (Ser\u00advi\u00adcii pen\u00adtru cet\u0103\u00ad\u021beni)<br>\ud83d\udccd Ste\u00adinh\u00e4u\u00adser\u00adstra\u00ad\u00dfe 22<br>76135 Karl\u00adsru\u00adhe<br>\ud83d\udce7 buergerdienste@oa.karlsruhe.de<br>\ud83d\udcde <strong>115<\/strong><br>\ud83c\udf10 <a href=\"https:\/\/www.karlsruhe.de\/stadt-rathaus\/verwaltung-stadtpolitik\/aemter-dienststellen\/detailseite\/32-ordnungs-und-buergeramt\" rel=\"noopener\"><strong>Ord\u00adnun\u00adgs- und B\u00fcr\u00adge\u00adramt<\/strong><\/a><br><br><strong> <a href=\"https:\/\/www.karlsruhe.de\/stadt-rathaus\/service-buergerinformation\/terminvereinbarung\" rel=\"noopener\"><strong>Aici pute\u021bi g\u0103si adre\u00adse\u00adle tutu\u00adror biro\u00adu\u00adri\u00adlor cet\u0103\u00ad\u021be\u00adni\u00adlor din Karlsruhe<\/strong><\/a><\/strong><\/p>\n\n<p><strong>Con\u00adsul\u00adta\u00adre \u0219i pro\u00adgram de func\u00ad\u021bio\u00adna\u00adre<\/strong><br><strong>De luni p\u00e2n\u0103 mier\u00adcuri:<\/strong> 07:30 \u2014 12:30 \u0219i 13:30 \u2014 16:30<br><strong>Joi:<\/strong> 07:30 \u2014 12:30 \u0219i 14:00 \u2014 17:00<br><strong>Vineri:<\/strong> 07:30 \u2014 12:30<\/p>\n\n<p>\ud83d\udca1 <strong>V\u0103 rug\u0103m s\u0103 re\u021bi\u00adne\u021bi:<\/strong><br>Con\u00adsul\u00adta\u00ad\u021bi\u00adi\u00adle per\u00adso\u00adna\u00adle sunt posi\u00adbi\u00adle numai <a href=\"https:\/\/stadt-karlsruhe.saas.smartcjm.com\/m\/stadt-karlsruhe\/extern\/calendar\/?uid=6a9ffa64-fd7a-44dd-8650-61cde42df997&amp;wsid=7c631e97-b6ee-40e8-be33-e27b198cb903&amp;lang=de\" rel=\"noopener\"><strong>prin pro\u00adgra\u00adma\u00adre pre\u00ada\u00adla\u00adbi\u00adl\u0103<\/strong><\/a>.<\/p>\n\n<p><strong>Excep\u00ad\u021bii:<\/strong><br>\u00cen <a href=\"https:\/\/web1.karlsruhe.de\/service\/Buergerdienste\/organisation.php?id=6046045\" rel=\"noopener\"><strong>Sala Express<\/strong><\/a> din Kai\u00adse\u00adra\u00adl\u00adlee 8, pute\u021bi rezol\u00adva anu\u00admi\u00adte pro\u00adble\u00adme f\u0103r\u0103 s\u0103 v\u0103 face\u021bi o pro\u00adgra\u00adma\u00adre \u00een pre\u00ada\u00adla\u00adbil.<br>Dac\u0103 sun\u00adte\u021bi \u00een c\u0103u\u00adta\u00adrea unei chei pier\u00addu\u00adte, pute\u021bi veni la <strong><a href=\"https:\/\/web1.karlsruhe.de\/service\/Buergerdienste\/organisation.php?id=6027847\" rel=\"noopener\">g\u0103sit<\/a><\/strong> f\u0103r\u0103 programare.<\/p>\n\n<p><br> <\/p>\n","protected":false},"excerpt":{"rendered":"<p>\u00cenre\u00adgis\u00adtra\u00adrea \u00een Karl\u00adsru\u00adhe: \u00cen Ger\u00adma\u00adnia, sun\u00adte\u021bi obli\u00adgat prin lege s\u0103 v\u0103 \u00eenre\u00adgis\u00adtra\u021bi adre\u00adsa sau ori\u00adce modi\u00adfi\u00adca\u00adre a adre\u00adsei la auto\u00adri\u00adt\u0103\u00ad\u021bi\u00adle din ora\u00ad\u0219ul de re\u0219e\u00addin\u00ad\u021b\u0103. Acum o pute\u021bi face onli\u00adne! \ud83d\udca1&nbsp;<a class=\"moretag\" href=\"https:\/\/www.anika-net.de\/ro\/sosirea\/inregistrarea\/inregistrarea-in-oras\/\">Citi\u021bi mai&nbsp;mult<\/a><\/p>\n","protected":false},"author":12,"featured_media":0,"parent":7199,"menu_order":0,"comment_status":"closed","ping_status":"closed","template":"","meta":{"_acf_changed":false,"inline_featured_image":false,"_uag_custom_page_level_css":"","wp_typography_post_enhancements_disabled":false,"footnotes":""},"class_list":["post-2270","page","type-page","status-publish","hentry"],"acf":[],"featured_image_urls_v2":{"full":"","thumbnail":"","medium":"","medium_large":"","large":"","1536x1536":"","2048x2048":"","event-overview":"","event-archive-thumb":"","grid-item-thumbnail":"","network-partner-icon":"","organiser-icon":"","gform-image-choice-sm":"","gform-image-choice-md":"","gform-image-choice-lg":""},"post_excerpt_stackable_v2":"<p>\u00cenre\u00adgis\u00adtra\u00adrea \u00een Karl\u00adsru\u00adhe: \u00cen Ger\u00adma\u00adnia, sun\u00adte\u021bi obli\u00adgat prin lege s\u0103 v\u0103 \u00eenre\u00adgis\u00adtra\u021bi adre\u00adsa sau ori\u00adce modi\u00adfi\u00adca\u00adre a adre\u00adsei la auto\u00adri\u00adt\u0103\u00ad\u021bi\u00adle din ora\u00ad\u0219ul de re\u0219e\u00addin\u00ad\u021b\u0103. Acum o pute\u021bi face onli\u00adne!\ud83d\udca1 Acest lucru este impor\u00adtant: s\u2011ar putea s\u0103 tre\u00adbu\u00adias\u00adc\u0103 s\u0103 pl\u0103ti\u021bi o amen\u00add\u0103 dac\u0103 nu face\u021bi acest lucru la&nbsp;timp. Ce docu\u00adment tre\u00adbu\u00adie s\u0103 iau cu mine c\u00e2nd m\u0103 \u00eenscriu? Car\u00adte de iden\u00adti\u00adta\u00adte cu func\u00ad\u021bie de iden\u00adti\u00adfi\u00adca\u00adre onli\u00adne acti\u00adva\u00adt\u0103, inclu\u00adsiv PIN(mai mul\u00adte infor\u00adma\u00ad\u021bii pri\u00advind func\u00ad\u021bia de iden\u00adti\u00adfi\u00adca\u00adre onli\u00adne) sau car\u00adte de iden\u00adti\u00adta\u00adte elec\u00adtro\u00adni\u00adc\u0103&nbsp; Pa\u0219a\u00adport str\u0103\u00adin (dac\u0103 este dis\u00adpo\u00adni\u00adbil) Un smar\u00adtpho\u00adne com\u00adpa\u00adti\u00adbil NFC sau un citi\u00adtor de car\u00adduri&nbsp;USB Apli\u00adca\u00ad\u021bia Car\u00adte de iden\u00adti\u00adta\u00adte(mai mul\u00adte informa\u021bii\u2026<\/p>\n","category_list_v2":"","author_info_v2":{"name":"Andrea Ramirez","url":"https:\/\/www.anika-net.de\/ro\/author\/andrea-ramirez\/"},"comments_num_v2":"0 comments","uagb_featured_image_src":{"full":false,"thumbnail":false,"medium":false,"medium_large":false,"large":false,"1536x1536":false,"2048x2048":false,"event-overview":false,"event-archive-thumb":false,"grid-item-thumbnail":false,"network-partner-icon":false,"organiser-icon":false,"gform-image-choice-sm":false,"gform-image-choice-md":false,"gform-image-choice-lg":false},"uagb_author_info":{"display_name":"Andrea Ramirez","author_link":"https:\/\/www.anika-net.de\/ro\/author\/andrea-ramirez\/"},"uagb_comment_info":0,"uagb_excerpt":"\u00cenre\u00adgis\u00adtra\u00adrea \u00een Karl\u00adsru\u00adhe: \u00cen Ger\u00adma\u00adnia, sun\u00adte\u021bi obli\u00adgat prin lege s\u0103 v\u0103 \u00eenre\u00adgis\u00adtra\u021bi adre\u00adsa sau ori\u00adce modi\u00adfi\u00adca\u00adre a adre\u00adsei la auto\u00adri\u00adt\u0103\u00ad\u021bi\u00adle din ora\u00ad\u0219ul de re\u0219e\u00addin\u00ad\u021b\u0103. Acum o pute\u021bi face onli\u00adne! \ud83d\udca1&nbsp;Citi\u021bi mai mult","_links":{"self":[{"href":"https:\/\/www.anika-net.de\/ro\/wp-json\/wp\/v2\/pages\/2270","targetHints":{"allow":["GET"]}}],"collection":[{"href":"https:\/\/www.anika-net.de\/ro\/wp-json\/wp\/v2\/pages"}],"about":[{"href":"https:\/\/www.anika-net.de\/ro\/wp-json\/wp\/v2\/types\/page"}],"author":[{"embeddable":true,"href":"https:\/\/www.anika-net.de\/ro\/wp-json\/wp\/v2\/users\/12"}],"replies":[{"embeddable":true,"href":"https:\/\/www.anika-net.de\/ro\/wp-json\/wp\/v2\/comments?post=2270"}],"version-history":[{"count":2,"href":"https:\/\/www.anika-net.de\/ro\/wp-json\/wp\/v2\/pages\/2270\/revisions"}],"predecessor-version":[{"id":56251,"href":"https:\/\/www.anika-net.de\/ro\/wp-json\/wp\/v2\/pages\/2270\/revisions\/56251"}],"up":[{"embeddable":true,"href":"https:\/\/www.anika-net.de\/ro\/wp-json\/wp\/v2\/pages\/7199"}],"wp:attachment":[{"href":"https:\/\/www.anika-net.de\/ro\/wp-json\/wp\/v2\/media?parent=2270"}],"curies":[{"name":"wp","href":"https:\/\/api.w.org\/{rel}","templated":true}]}}