{"id":1596,"date":"2021-06-08T15:17:47","date_gmt":"2021-06-08T13:17:47","guid":{"rendered":"https:\/\/www.anika-net.de\/what-is-anika\/"},"modified":"2023-04-20T17:10:09","modified_gmt":"2023-04-20T15:10:09","slug":"ce-este-anika","status":"publish","type":"page","link":"https:\/\/www.anika-net.de\/ro\/despre-noi\/ce-este-anika\/","title":{"rendered":"Ce este&nbsp;AniKA"},"content":{"rendered":"\n<div class=\"wp-block-columns are-vertically-aligned-center is-layout-flex wp-container-core-columns-is-layout-9d6595d7 wp-block-columns-is-layout-flex\">\n<div class=\"wp-block-column is-vertically-aligned-center is-layout-flow wp-block-column-is-layout-flow\" style=\"flex-basis:100%\">\n<div class=\"wp-block-group\"><div class=\"wp-block-group__inner-container is-layout-flow wp-block-group-is-layout-flow\">\n<figure class=\"wp-block-image size-full is-resized\"><img decoding=\"async\" src=\"https:\/\/www.anika-net.de\/wp-content\/uploads\/2022\/02\/NEU_Anika_Logo_klein-schmal.jpg\" alt class=\"wp-image-14480\" width=\"346\" height=\"135\" srcset=\"https:\/\/www.anika-net.de\/wp-content\/uploads\/2022\/02\/NEU_Anika_Logo_klein-schmal.jpg 599w, https:\/\/www.anika-net.de\/wp-content\/uploads\/2022\/02\/NEU_Anika_Logo_klein-schmal-300x117.jpg 300w, https:\/\/www.anika-net.de\/wp-content\/uploads\/2022\/02\/NEU_Anika_Logo_klein-schmal-480x188.jpg 480w\" sizes=\"(max-width: 346px) 100vw, 346px\"><\/figure>\n<\/div><\/div>\n<\/div>\n<\/div>\n\n<h2 class=\"wp-block-heading\" id=\"anika-arriving-in-karlsruhe\">Ani\u00adKA \u2014 Sosi\u00adre \u00een Karlsruhe<\/h2>\n\n<p class=\"has-text-align-left\"><br>Re\u021bea\u00adua Ani\u00adKA \u2014 Arri\u00adving in Karl\u00adsru\u00adhe este o <strong>ali\u00adan\u00ad\u021b\u0103 de p\u0103r\u00ad\u021bi inte\u00adre\u00adsa\u00adte care lucrea\u00adz\u0103 la poli\u00adti\u00adca de inte\u00adgra\u00adre \u00een ora\u00ad\u0219ul Karl\u00adsru\u00adhe<\/strong>.  <\/p>\n\n<p class=\"has-text-align-left\">Sco\u00adpul re\u021be\u00adlei Ani\u00adKA este de a dezvol\u00adta \u00een con\u00adti\u00adnu\u00ada\u00adre <strong>struc\u00adtu\u00adra de pri\u00admi\u00adre<\/strong> din Karl\u00adsru\u00adhe \u0219i de a sta\u00adbili \u201cCalea de inte\u00adgra\u00adre din Karl\u00adsru\u00adhe\u201d. Re\u021bea\u00adua dore\u0219\u00adte s\u0103 impli\u00adce to\u021bi acto\u00adrii din ora\u00ad\u0219ul Karl\u00adsru\u00adhe care sunt \u00een con\u00adtact cu imi\u00adgran\u00ad\u021bii.<br>Reu\u00adniu\u00adni\u00adle re\u021be\u00adlei au loc de dou\u0103 ori pe an. Aces\u00adtea au sco\u00adpul de a sta\u00adbili un schimb, de a oferi o ima\u00adgi\u00adne de ansam\u00adblu a nevo\u00adi\u00adlor \u0219i ofer\u00adte\u00adlor pen\u00adtru to\u021bi cei care sunt noi \u00een Karl\u00adsru\u00adhe.<br><br>Pre\u00ad\u0219e\u00addin\u00ad\u021bia este asi\u00adgu\u00adra\u00adt\u0103 de <strong>Biro\u00adul pen\u00adtru Inte\u00adgra\u00adre din<\/strong> <strong>Karl\u00adsru\u00adhe<\/strong>, iar biro\u00adul pen\u00adtru Ani\u00adKA se afl\u0103 la <strong>ibz (Inter\u00adna\u00adtio\u00adna\u00adles Begeg\u00adnun\u00adgs\u00adzen\u00adtrum Karl\u00adsru\u00adhe)<\/strong>. Un mana\u00adger de pro\u00adiect \u00eentre\u00ad\u021bi\u00adne re\u021bea\u00adua \u0219i site-ul web Ani\u00adKA, unde noii veni\u021bi pot ob\u021bine o ima\u00adgi\u00adne de ansam\u00adblu a ofer\u00adte\u00adlor din Karl\u00adsru\u00adhe. Cu Ani\u00adKA dorim s\u0103 infor\u00adm\u0103m \u0219i s\u0103 ofe\u00adrim orien\u00adta\u00adre tutu\u00adror noi\u00adlor veni\u021bi \u00een Karl\u00adsru\u00adhe pe teme pre\u00adcum locu\u00adin\u00ad\u021ba, \u00eenv\u0103\u00ad\u021ba\u00adrea lim\u00adbii, \u00eengri\u00adji\u00adrea copi\u00adi\u00adlor, edu\u00adca\u00ad\u021bia \u0219co\u00adla\u00adr\u0103, s\u0103n\u0103\u00adta\u00adtea, tim\u00adpul liber \u0219i cul\u00adtu\u00adra. Sco\u00adpul nos\u00adtru este de a faci\u00adli\u00adta par\u00adti\u00adci\u00adpa\u00adrea noi\u00adlor veni\u021bi \u00een soci\u00ade\u00adta\u00adte \u0219i la locul de mun\u00adc\u0103. Vrem ca ace\u0219tia s\u0103 se sim\u00adt\u0103 bine\u00adve\u00adni\u021bi \u00een Karl\u00adsru\u00adhe \u00eenc\u0103 de la \u00eence\u00adput.<br><br>Exis\u00adt\u0103 un <strong>comi\u00adtet de con\u00addu\u00adce\u00adre<\/strong> pen\u00adtru a face avan\u00adsa pro\u00adiec\u00adtul. Aces\u00adta se reu\u00adne\u0219\u00adte de apro\u00adxi\u00adma\u00adtiv patru ori pe an. Mem\u00adbrii per\u00adma\u00adnen\u021bi ai comi\u00adte\u00adtu\u00adlui direc\u00adtor sunt: Biro\u00adul pen\u00adtru inte\u00adgra\u00adre (B\u00fcro f\u00fcr Inte\u00adgra\u00adtion), Cen\u00adtrul inter\u00adna\u021bio\u00adnal de \u00eent\u00e2l\u00adniri (Inter\u00adna\u00adtio\u00adna\u00adles Begeg\u00adnun\u00adgs\u00adzen\u00adtrum) \u0219i Biro\u00adul de ordi\u00adne publi\u00adc\u0103 (Ord\u00adnun\u00adg\u00adsamt). La fie\u00adca\u00adre doi ani, doi noi par\u00adte\u00adneri de re\u021bea sunt numi\u021bi \u00een comi\u00adte\u00adtul direc\u00adtor. Ser\u00advi\u00adci\u00adul Ecu\u00adme\u00adnic pen\u00adtru Migra\u00ad\u021bie (\u00d6MD) \u0219i Came\u00adra de Comer\u021b \u0219i Indus\u00adtrie Karl\u00adsru\u00adhe (IHK Karl\u00adsru\u00adhe) au fost ale\u00adse \u00een cadrul ulti\u00admei reu\u00adniuni a ali\u00adan\u00ad\u021bei din&nbsp;2022.<\/p>\n","protected":false},"excerpt":{"rendered":"<p>Ani\u00adKA \u2014 Sosi\u00adre \u00een Karl\u00adsru\u00adhe Re\u021bea\u00adua Ani\u00adKA \u2014 Arri\u00adving in Karl\u00adsru\u00adhe este o ali\u00adan\u00ad\u021b\u0103 de p\u0103r\u00ad\u021bi inte\u00adre\u00adsa\u00adte care lucrea\u00adz\u0103 la poli\u00adti\u00adca de inte\u00adgra\u00adre \u00een ora\u00ad\u0219ul Karl\u00adsru\u00adhe. Sco\u00adpul re\u021be\u00adlei Ani\u00adKA este&nbsp;<a class=\"moretag\" href=\"https:\/\/www.anika-net.de\/ro\/despre-noi\/ce-este-anika\/\">Citi\u021bi mai&nbsp;mult<\/a><\/p>\n","protected":false},"author":1,"featured_media":31860,"parent":15003,"menu_order":11,"comment_status":"closed","ping_status":"closed","template":"","meta":{"_acf_changed":false,"inline_featured_image":false,"_uag_custom_page_level_css":"","wp_typography_post_enhancements_disabled":false,"footnotes":""},"class_list":["post-1596","page","type-page","status-publish","has-post-thumbnail","hentry"],"acf":[],"featured_image_urls_v2":{"full":["https:\/\/www.anika-net.de\/wp-content\/uploads\/2023\/02\/Was-ist-01.png",2000,1111,false],"thumbnail":["https:\/\/www.anika-net.de\/wp-content\/uploads\/2023\/02\/Was-ist-01-150x150.png",150,150,true],"medium":["https:\/\/www.anika-net.de\/wp-content\/uploads\/2023\/02\/Was-ist-01-300x167.png",300,167,true],"medium_large":["https:\/\/www.anika-net.de\/wp-content\/uploads\/2023\/02\/Was-ist-01-768x427.png",640,356,true],"large":["https:\/\/www.anika-net.de\/wp-content\/uploads\/2023\/02\/Was-ist-01-1024x569.png",640,356,true],"1536x1536":["https:\/\/www.anika-net.de\/wp-content\/uploads\/2023\/02\/Was-ist-01-1536x853.png",1536,853,true],"2048x2048":["https:\/\/www.anika-net.de\/wp-content\/uploads\/2023\/02\/Was-ist-01.png",2000,1111,false],"event-overview":["https:\/\/www.anika-net.de\/wp-content\/uploads\/2023\/02\/Was-ist-01-960x640.png",960,640,true],"event-archive-thumb":["https:\/\/www.anika-net.de\/wp-content\/uploads\/2023\/02\/Was-ist-01-480x267.png",480,267,true],"grid-item-thumbnail":["https:\/\/www.anika-net.de\/wp-content\/uploads\/2023\/02\/Was-ist-01-360x200.png",360,200,true],"network-partner-icon":["https:\/\/www.anika-net.de\/wp-content\/uploads\/2023\/02\/Was-ist-01-100x100.png",100,100,true],"organiser-icon":["https:\/\/www.anika-net.de\/wp-content\/uploads\/2023\/02\/Was-ist-01-200x200.png",200,200,true],"gform-image-choice-sm":["https:\/\/www.anika-net.de\/wp-content\/uploads\/2023\/02\/Was-ist-01.png",300,167,false],"gform-image-choice-md":["https:\/\/www.anika-net.de\/wp-content\/uploads\/2023\/02\/Was-ist-01.png",400,222,false],"gform-image-choice-lg":["https:\/\/www.anika-net.de\/wp-content\/uploads\/2023\/02\/Was-ist-01.png",600,333,false]},"post_excerpt_stackable_v2":"<p>Ani\u00adKA \u2014 Sosi\u00adre \u00een Karl\u00adsru\u00adhe Re\u021bea\u00adua Ani\u00adKA \u2014 Arri\u00adving in Karl\u00adsru\u00adhe este o ali\u00adan\u00ad\u021b\u0103 de p\u0103r\u00ad\u021bi inte\u00adre\u00adsa\u00adte care lucrea\u00adz\u0103 la poli\u00adti\u00adca de inte\u00adgra\u00adre \u00een ora\u00ad\u0219ul Karl\u00adsru\u00adhe. Sco\u00adpul re\u021be\u00adlei Ani\u00adKA este de a dezvol\u00adta \u00een con\u00adti\u00adnu\u00ada\u00adre struc\u00adtu\u00adra de pri\u00admi\u00adre din Karl\u00adsru\u00adhe \u0219i de a sta\u00adbili \u201cCalea de inte\u00adgra\u00adre din Karl\u00adsru\u00adhe\u201d. Re\u021bea\u00adua dore\u0219\u00adte s\u0103 impli\u00adce to\u021bi acto\u00adrii din ora\u00ad\u0219ul Karl\u00adsru\u00adhe care sunt \u00een con\u00adtact cu imi\u00adgran\u00ad\u021bii.Reu\u00adniu\u00adni\u00adle re\u021be\u00adlei au loc de dou\u0103 ori pe an. Aces\u00adtea au sco\u00adpul de a sta\u00adbili un schimb, de a oferi o ima\u00adgi\u00adne de ansam\u00adblu a nevo\u00adi\u00adlor \u0219i ofer\u00adte\u00adlor pen\u00adtru to\u021bi cei care sunt noi \u00een Karl\u00adsru\u00adhe.Pre\u00ad\u0219e\u00addin\u00ad\u021bia&nbsp;este\u2026<\/p>\n","category_list_v2":"","author_info_v2":{"name":"saasweb-admin","url":"https:\/\/www.anika-net.de\/ro\/author\/saasweb-admin\/"},"comments_num_v2":"0 comments","uagb_featured_image_src":{"full":["https:\/\/www.anika-net.de\/wp-content\/uploads\/2023\/02\/Was-ist-01.png",2000,1111,false],"thumbnail":["https:\/\/www.anika-net.de\/wp-content\/uploads\/2023\/02\/Was-ist-01-150x150.png",150,150,true],"medium":["https:\/\/www.anika-net.de\/wp-content\/uploads\/2023\/02\/Was-ist-01-300x167.png",300,167,true],"medium_large":["https:\/\/www.anika-net.de\/wp-content\/uploads\/2023\/02\/Was-ist-01-768x427.png",640,356,true],"large":["https:\/\/www.anika-net.de\/wp-content\/uploads\/2023\/02\/Was-ist-01-1024x569.png",640,356,true],"1536x1536":["https:\/\/www.anika-net.de\/wp-content\/uploads\/2023\/02\/Was-ist-01-1536x853.png",1536,853,true],"2048x2048":["https:\/\/www.anika-net.de\/wp-content\/uploads\/2023\/02\/Was-ist-01.png",2000,1111,false],"event-overview":["https:\/\/www.anika-net.de\/wp-content\/uploads\/2023\/02\/Was-ist-01-960x640.png",960,640,true],"event-archive-thumb":["https:\/\/www.anika-net.de\/wp-content\/uploads\/2023\/02\/Was-ist-01-480x267.png",480,267,true],"grid-item-thumbnail":["https:\/\/www.anika-net.de\/wp-content\/uploads\/2023\/02\/Was-ist-01-360x200.png",360,200,true],"network-partner-icon":["https:\/\/www.anika-net.de\/wp-content\/uploads\/2023\/02\/Was-ist-01-100x100.png",100,100,true],"organiser-icon":["https:\/\/www.anika-net.de\/wp-content\/uploads\/2023\/02\/Was-ist-01-200x200.png",200,200,true],"gform-image-choice-sm":["https:\/\/www.anika-net.de\/wp-content\/uploads\/2023\/02\/Was-ist-01.png",300,167,false],"gform-image-choice-md":["https:\/\/www.anika-net.de\/wp-content\/uploads\/2023\/02\/Was-ist-01.png",400,222,false],"gform-image-choice-lg":["https:\/\/www.anika-net.de\/wp-content\/uploads\/2023\/02\/Was-ist-01.png",600,333,false]},"uagb_author_info":{"display_name":"saasweb-admin","author_link":"https:\/\/www.anika-net.de\/ro\/author\/saasweb-admin\/"},"uagb_comment_info":0,"uagb_excerpt":"Ani\u00adKA \u2014 Sosi\u00adre \u00een Karlsruhe Re\u021bea\u00adua Ani\u00adKA \u2014 Arri\u00adving in Karl\u00adsru\u00adhe este o ali\u00adan\u00ad\u021b\u0103 de p\u0103r\u00ad\u021bi inte\u00adre\u00adsa\u00adte care lucrea\u00adz\u0103 la poli\u00adti\u00adca de inte\u00adgra\u00adre \u00een ora\u00ad\u0219ul Karl\u00adsru\u00adhe. Sco\u00adpul re\u021be\u00adlei Ani\u00adKA este&nbsp;Citi\u021bi mai mult","_links":{"self":[{"href":"https:\/\/www.anika-net.de\/ro\/wp-json\/wp\/v2\/pages\/1596","targetHints":{"allow":["GET"]}}],"collection":[{"href":"https:\/\/www.anika-net.de\/ro\/wp-json\/wp\/v2\/pages"}],"about":[{"href":"https:\/\/www.anika-net.de\/ro\/wp-json\/wp\/v2\/types\/page"}],"author":[{"embeddable":true,"href":"https:\/\/www.anika-net.de\/ro\/wp-json\/wp\/v2\/users\/1"}],"replies":[{"embeddable":true,"href":"https:\/\/www.anika-net.de\/ro\/wp-json\/wp\/v2\/comments?post=1596"}],"version-history":[{"count":0,"href":"https:\/\/www.anika-net.de\/ro\/wp-json\/wp\/v2\/pages\/1596\/revisions"}],"up":[{"embeddable":true,"href":"https:\/\/www.anika-net.de\/ro\/wp-json\/wp\/v2\/pages\/15003"}],"wp:featuredmedia":[{"embeddable":true,"href":"https:\/\/www.anika-net.de\/ro\/wp-json\/wp\/v2\/media\/31860"}],"wp:attachment":[{"href":"https:\/\/www.anika-net.de\/ro\/wp-json\/wp\/v2\/media?parent=1596"}],"curies":[{"name":"wp","href":"https:\/\/api.w.org\/{rel}","templated":true}]}}