{"id":15044,"date":"2021-05-21T14:17:46","date_gmt":"2021-05-21T12:17:46","guid":{"rendered":"https:\/\/www.anika-net.de\/sosirea\/copii-si-familie\/educational-advice\/"},"modified":"2025-02-04T13:48:17","modified_gmt":"2025-02-04T12:48:17","slug":"consilierea-educationala","status":"publish","type":"page","link":"https:\/\/www.anika-net.de\/ro\/sosirea\/copii-si-familie\/consilierea-educationala\/","title":{"rendered":"Con\u00adsi\u00adli\u00ade\u00adre educa\u021bional\u0103"},"content":{"rendered":"\n<p>Dac\u0103 ave\u021bi \u00eentre\u00adb\u0103ri pri\u00advind \u00eenscri\u00ade\u00adrea la o \u0219coa\u00adl\u0103, sis\u00adte\u00admul de edu\u00adca\u00ad\u021bie \u0219i for\u00adma\u00adre sau, \u00een gene\u00adral, des\u00adpre edu\u00adca\u00ad\u021bie \u0219i \u0219coli, v\u0103 pute\u021bi adre\u00adsa unui ser\u00advi\u00adciu de con\u00adsi\u00adli\u00ade\u00adre educa\u021bional\u0103.<\/p>\n\n<details class=\"wp-block-stackable-accordion stk-block-accordion stk-inner-blocks stk-block-content stk-block stk-84b7ae9 is-style-default\" data-block-id=\"84b7ae9\">\n<summary class=\"wp-block-stackable-column stk-block-column stk-column stk-block stk-8c805c3 stk--container-small stk-block-accordion__heading\" data-v=\"4\" data-block-id=\"8c805c3\"><div class=\"stk-column-wrapper stk-block-column__content stk-container stk-8c805c3-container stk-hover-parent\"><div class=\"stk-block-content stk-inner-blocks stk-8c805c3-inner-blocks\">\n<div class=\"wp-block-stackable-icon-label stk-block-icon-label stk-block stk-b54b16c\" data-block-id=\"b54b16c\"><div class=\"stk-row stk-inner-blocks stk-block-content\">\n<div class=\"wp-block-stackable-heading stk-block-heading stk-block-heading--v2 stk-block stk-3741370\" id=\"strong-migration-office-strong\" data-block-id=\"3741370\"><h4 class=\"stk-block-heading__text\"><strong>Biro\u00adul de migra\u021bie<\/strong><\/h4><\/div>\n\n\n\n<div class=\"wp-block-stackable-icon stk-block-icon stk-block stk-40abf42\" data-block-id=\"40abf42\"><span class=\"stk--svg-wrapper\"><div class=\"stk--inner-svg\"><svg style=\"height:0;width:0\"><defs><linearGradient id=\"linear-gradient-40abf42\" x1=\"0\" x2=\"100%\" y1=\"0\" y2=\"0\"><stop offset=\"0%\" style=\"stop-opacity:1;stop-color:var(--linear-gradient-40-abf-42-color-1)\" \/><stop offset=\"100%\" style=\"stop-opacity:1;stop-color:var(--linear-gradient-40-abf-42-color-2)\" \/><\/linearGradient><\/defs><\/svg><svg data-prefix=\"fas\" data-icon=\"chevron-down\" class=\"svg-inline--fa fa-chevron-down fa-w-14\" viewBox=\"0 0 448 512\" aria-hidden=\"true\" width=\"32\" height=\"32\"><path fill=\"currentColor\" d=\"M207.029 381.476L12.686 187.132c-9.373-9.373-9.373-24.569 0-33.941l22.667-22.667c9.357-9.357 24.522-9.375 33.901-.04L224 284.505l154.745-154.021c9.379-9.335 24.544-9.317 33.901.04l22.667 22.667c9.373 9.373 9.373 24.569 0 33.941L240.971 381.476c-9.373 9.372-24.569 9.372-33.942 0z\" \/><\/svg><\/div><\/span><\/div>\n<\/div><\/div>\n<\/div><\/div><\/summary>\n\n\n\n<div class=\"wp-block-stackable-column stk-block-column stk-column stk-block stk-6eb5c51 stk-block-accordion__content\" data-v=\"4\" data-block-id=\"6eb5c51\"><div class=\"stk-column-wrapper stk-block-column__content stk-container stk-6eb5c51-container stk--no-background stk--no-padding\"><div class=\"stk-block-content stk-inner-blocks stk-6eb5c51-inner-blocks\">\n<div class=\"wp-block-stackable-text stk-block-text stk-block stk-033d7c2\" data-block-id=\"033d7c2\"><p class=\"stk-block-text__text\">\ud83c\udf10 <a href=\"https:\/\/ka.schulamt-bw.de\/,Lde\/Startseite\/Unterstuetzung+_+Beratung\/Arbeitsstelle+Migration\" rel=\"noopener\">Web\u00adse\u00adi\u00adte<\/a><br>Biro\u00adul pen\u00adtru migra\u00ad\u021bie pro\u00admo\u00advea\u00adz\u0103 \u0219i spri\u00adji\u00adn\u0103 toa\u00adte \u0219co\u00adli\u00adle \u00een sar\u00adci\u00adna lor de a inte\u00adgra copi\u00adii \u0219i tine\u00adrii din fami\u00adlii de migran\u021bi at\u00e2t din punct de vede\u00adre aca\u00adde\u00admic, c\u00e2t \u0219i soci\u00adal.<br><strong>Sar\u00adcini<\/strong><\/p><\/div>\n\n\n\n<p>\u2611\ufe0f Pro\u00admo\u00adva\u00adrea coo\u00adpe\u00adr\u0103\u00adrii \u00eentre \u0219coli \u0219i p\u0103rin\u021bi prin pro\u00adiec\u00adte inte\u00adgra\u00adtoa\u00adre la fa\u021ba locu\u00adlui<br>\u2611\ufe0f Men\u00ad\u021bi\u00adne\u00adrea con\u00adtac\u00adte\u00adlor cu aso\u00adci\u00ada\u00ad\u021bi\u00adi\u00adle de p\u0103rin\u021bi<br>\u2611\ufe0f Cre\u00ada\u00adrea de sis\u00adte\u00adme de spri\u00adjin pen\u00adtru p\u0103rin\u021bi \u0219i \u0219coli<br>\u2611\ufe0f Spri\u00adji\u00adni\u00adrea p\u0103rin\u00ad\u021bi\u00adlor \u0219i a \u0219co\u00adli\u00adlor \u00een cre\u00ada\u00adrea de pro\u00adiec\u00adte inte\u00adgra\u00adtoa\u00adre<br>\u2611\ufe0f Per\u00adsoa\u00adn\u0103 de con\u00adtact pen\u00adtru \u0219coli \u0219i p\u0103rin\u021bi<\/p>\n\n\n\n<p><strong>Sta\u00ada\u00adtli\u00adches Schu\u00adlamt Karl\u00adsru\u00adhe<\/strong><br>\ud83d\udccd Rit\u00adter\u00adstra\u00ad\u00dfe 16 \u2014 20, 76133 Karl\u00adsru\u00adhe<br>\ud83d\udcde 0721 \/ 605610 \u2014&nbsp;0<\/p>\n<\/div><\/div><\/div>\n<\/details>\n\n<details class=\"wp-block-stackable-accordion stk-block-accordion stk-inner-blocks stk-block-content stk-block stk-2c831d8 is-style-default\" data-block-id=\"2c831d8\">\n<summary class=\"wp-block-stackable-column stk-block-column stk-column stk-block stk-c2c122b stk--container-small stk-block-accordion__heading\" data-v=\"4\" data-block-id=\"c2c122b\"><div class=\"stk-column-wrapper stk-block-column__content stk-container stk-c2c122b-container stk-hover-parent\"><div class=\"stk-block-content stk-inner-blocks stk-c2c122b-inner-blocks\">\n<div class=\"wp-block-stackable-icon-label stk-block-icon-label stk-block stk-9ef47d5\" data-block-id=\"9ef47d5\"><div class=\"stk-row stk-inner-blocks stk-block-content\">\n<div class=\"wp-block-stackable-heading stk-block-heading stk-block-heading--v2 stk-block stk-ec6a698\" id=\"strong-youth-migration-service-strong\" data-block-id=\"ec6a698\"><h4 class=\"stk-block-heading__text\"><strong>Ser\u00advi\u00adci\u00adul de migra\u00ad\u021bie pen\u00adtru tineret<\/strong><\/h4><\/div>\n\n\n\n<div class=\"wp-block-stackable-icon stk-block-icon stk-block stk-4b0db09\" data-block-id=\"4b0db09\"><span class=\"stk--svg-wrapper\"><div class=\"stk--inner-svg\"><svg style=\"height:0;width:0\"><defs><linearGradient id=\"linear-gradient-4b0db09\" x1=\"0\" x2=\"100%\" y1=\"0\" y2=\"0\"><stop offset=\"0%\" style=\"stop-opacity:1;stop-color:var(--linear-gradient-4-b-0-db-09-color-1)\" \/><stop offset=\"100%\" style=\"stop-opacity:1;stop-color:var(--linear-gradient-4-b-0-db-09-color-2)\" \/><\/linearGradient><\/defs><\/svg><svg data-prefix=\"fas\" data-icon=\"chevron-down\" class=\"svg-inline--fa fa-chevron-down fa-w-14\" viewBox=\"0 0 448 512\" aria-hidden=\"true\" width=\"32\" height=\"32\"><path fill=\"currentColor\" d=\"M207.029 381.476L12.686 187.132c-9.373-9.373-9.373-24.569 0-33.941l22.667-22.667c9.357-9.357 24.522-9.375 33.901-.04L224 284.505l154.745-154.021c9.379-9.335 24.544-9.317 33.901.04l22.667 22.667c9.373 9.373 9.373 24.569 0 33.941L240.971 381.476c-9.373 9.372-24.569 9.372-33.942 0z\" \/><\/svg><\/div><\/span><\/div>\n<\/div><\/div>\n<\/div><\/div><\/summary>\n\n\n\n<div class=\"wp-block-stackable-column stk-block-column stk-column stk-block stk-42cf1a6 stk-block-accordion__content\" data-v=\"4\" data-block-id=\"42cf1a6\"><div class=\"stk-column-wrapper stk-block-column__content stk-container stk-42cf1a6-container stk--no-background stk--no-padding\"><div class=\"stk-block-content stk-inner-blocks stk-42cf1a6-inner-blocks\">\n<div class=\"wp-block-stackable-text stk-block-text stk-block stk-a7060f7\" data-block-id=\"a7060f7\"><p class=\"stk-block-text__text\"><em>Jugend\u00admi\u00adgra\u00adtion\u00adsdien\u00adst<\/em> (Ser\u00advi\u00adci\u00adul pen\u00adtru migra\u00ad\u021bia tine\u00adri\u00adlor) spri\u00adji\u00adn\u0103 <strong>tine\u00adrii cu v\u00e2r\u00adste cuprin\u00adse \u00eentre 12 \u0219i 27 de ani<\/strong> \u00een ceea ce pri\u00adve\u0219\u00adte \u00eenv\u0103\u00ad\u021ba\u00adrea lim\u00adbii ger\u00adma\u00adne, \u0219coa\u00adla \u0219i carie\u00adra.<br>\ud83d\udcde <a href=\"tel:072185019816\">0721 85019\u2013816<\/a><br>\ud83d\udce7 <a href=\"mailto:JMD-Karlsruhe@ib.de\">JMD-Karlsruhe@ib.de<\/a><br>\ud83c\udf10 <a href=\"https:\/\/www.jugendmigrationsdienste.de\/jmd\/karlsruhe\" rel=\"noopener\">Web\u00adse\u00adi\u00adte<\/a><\/p><\/div>\n<\/div><\/div><\/div>\n<\/details>\n\n<details class=\"wp-block-stackable-accordion stk-block-accordion stk-inner-blocks stk-block-content stk-block stk-02432ce is-style-default\" data-block-id=\"02432ce\">\n<summary class=\"wp-block-stackable-column stk-block-column stk-column stk-block stk-17c8f7f stk--container-small stk-block-accordion__heading\" data-v=\"4\" data-block-id=\"17c8f7f\"><div class=\"stk-column-wrapper stk-block-column__content stk-container stk-17c8f7f-container stk-hover-parent\"><div class=\"stk-block-content stk-inner-blocks stk-17c8f7f-inner-blocks\">\n<div class=\"wp-block-stackable-icon-label stk-block-icon-label stk-block stk-d3415a4\" data-block-id=\"d3415a4\"><div class=\"stk-row stk-inner-blocks stk-block-content\">\n<div class=\"wp-block-stackable-heading stk-block-heading stk-block-heading--v2 stk-block stk-d8c8651\" id=\"strong-support-for-young-people-entering-the-education-system-from-other-countries-strong\" data-block-id=\"d8c8651\"><h4 class=\"stk-block-heading__text\"><strong>Spri\u00adjin pen\u00adtru tine\u00adrii care intr\u0103 \u00een sis\u00adte\u00admul de \u00eenv\u0103\u00ad\u021b\u0103m\u00e2nt din alte&nbsp;\u021b\u0103ri<\/strong><\/h4><\/div>\n\n\n\n<div class=\"wp-block-stackable-icon stk-block-icon stk-block stk-4e69795\" data-block-id=\"4e69795\"><span class=\"stk--svg-wrapper\"><div class=\"stk--inner-svg\"><svg style=\"height:0;width:0\"><defs><linearGradient id=\"linear-gradient-4e69795\" x1=\"0\" x2=\"100%\" y1=\"0\" y2=\"0\"><stop offset=\"0%\" style=\"stop-opacity:1;stop-color:var(--linear-gradient-4-e-69795-color-1)\" \/><stop offset=\"100%\" style=\"stop-opacity:1;stop-color:var(--linear-gradient-4-e-69795-color-2)\" \/><\/linearGradient><\/defs><\/svg><svg data-prefix=\"fas\" data-icon=\"chevron-down\" class=\"svg-inline--fa fa-chevron-down fa-w-14\" viewBox=\"0 0 448 512\" aria-hidden=\"true\" width=\"32\" height=\"32\"><path fill=\"currentColor\" d=\"M207.029 381.476L12.686 187.132c-9.373-9.373-9.373-24.569 0-33.941l22.667-22.667c9.357-9.357 24.522-9.375 33.901-.04L224 284.505l154.745-154.021c9.379-9.335 24.544-9.317 33.901.04l22.667 22.667c9.373 9.373 9.373 24.569 0 33.941L240.971 381.476c-9.373 9.372-24.569 9.372-33.942 0z\" \/><\/svg><\/div><\/span><\/div>\n<\/div><\/div>\n<\/div><\/div><\/summary>\n\n\n\n<div class=\"wp-block-stackable-column stk-block-column stk-column stk-block stk-61736ae stk-block-accordion__content\" data-v=\"4\" data-block-id=\"61736ae\"><div class=\"stk-column-wrapper stk-block-column__content stk-container stk-61736ae-container stk--no-background stk--no-padding\"><div class=\"stk-block-content stk-inner-blocks stk-61736ae-inner-blocks\">\n<div class=\"wp-block-stackable-text stk-block-text stk-block stk-d77586f\" data-block-id=\"d77586f\"><p class=\"stk-block-text__text\">Acest pro\u00adiect ofe\u00adr\u0103 cur\u00adsuri gra\u00adtu\u00adi\u00adte de lim\u00adba ger\u00adma\u00adn\u0103 (\u0219i engle\u00adz\u0103, dac\u0103 este nece\u00adsar) pen\u00adtru tine\u00adrii cu v\u00e2r\u00adste cuprin\u00adse \u00eentre 12 \u0219i 18 ani.<br><br><strong>Jugend\u00admi\u00adgra\u00adtion\u00adsdien\u00adste (JMD)<\/strong><br>\ud83d\udccd Sche\u00adffels\u00adtra\u00ad\u00dfe 11\u201317, 76133 Karl\u00adsru\u00adhe<br>\ud83d\udcde +49 (0)721 85019 841<br>\ud83d\udce7 elena.reznik@ib.de<br>\ud83c\udf10 <a href=\"https:\/\/www.anika-net.de\/ro\/event\/young-career-changers\/\">Infor\u00adma\u00ad\u021bii suplimentare<\/a><\/p><\/div>\n<\/div><\/div><\/div>\n<\/details>\n\n<details class=\"wp-block-stackable-accordion stk-block-accordion stk-inner-blocks stk-block-content stk-block stk-bc18948 is-style-default\" data-block-id=\"bc18948\">\n<summary class=\"wp-block-stackable-column stk-block-column stk-column stk-block stk-8d769a9 stk--container-small stk-block-accordion__heading\" data-v=\"4\" data-block-id=\"8d769a9\"><div class=\"stk-column-wrapper stk-block-column__content stk-container stk-8d769a9-container stk-hover-parent\"><div class=\"stk-block-content stk-inner-blocks stk-8d769a9-inner-blocks\">\n<div class=\"wp-block-stackable-icon-label stk-block-icon-label stk-block stk-bcdfe0f\" data-block-id=\"bcdfe0f\"><div class=\"stk-row stk-inner-blocks stk-block-content\">\n<div class=\"wp-block-stackable-heading stk-block-heading stk-block-heading--v2 stk-block stk-d7f2732\" id=\"strong-educational-careers-advisory-service-p-by-the-karlsruhe-rastatt-employment-agency-strong\" data-block-id=\"d7f2732\"><h4 class=\"stk-block-heading__text\"><strong>Ser\u00advi\u00adci\u00adul de con\u00adsi\u00adli\u00ade\u00adre \u00een mate\u00adrie de educa\u021bie\/cariere ofe\u00adrit de agen\u00ad\u021bia pen\u00adtru ocu\u00adpa\u00adrea for\u00ad\u021bei de mun\u00adc\u0103 Karlsruhe-Rastatt<\/strong><\/h4><\/div>\n\n\n\n<div class=\"wp-block-stackable-icon stk-block-icon stk-block stk-8873d0c\" data-block-id=\"8873d0c\"><span class=\"stk--svg-wrapper\"><div class=\"stk--inner-svg\"><svg style=\"height:0;width:0\"><defs><linearGradient id=\"linear-gradient-8873d0c\" x1=\"0\" x2=\"100%\" y1=\"0\" y2=\"0\"><stop offset=\"0%\" style=\"stop-opacity:1;stop-color:var(--linear-gradient-8873-d-0-c-color-1)\" \/><stop offset=\"100%\" style=\"stop-opacity:1;stop-color:var(--linear-gradient-8873-d-0-c-color-2)\" \/><\/linearGradient><\/defs><\/svg><svg data-prefix=\"fas\" data-icon=\"chevron-down\" class=\"svg-inline--fa fa-chevron-down fa-w-14\" viewBox=\"0 0 448 512\" aria-hidden=\"true\" width=\"32\" height=\"32\"><path fill=\"currentColor\" d=\"M207.029 381.476L12.686 187.132c-9.373-9.373-9.373-24.569 0-33.941l22.667-22.667c9.357-9.357 24.522-9.375 33.901-.04L224 284.505l154.745-154.021c9.379-9.335 24.544-9.317 33.901.04l22.667 22.667c9.373 9.373 9.373 24.569 0 33.941L240.971 381.476c-9.373 9.372-24.569 9.372-33.942 0z\" \/><\/svg><\/div><\/span><\/div>\n<\/div><\/div>\n<\/div><\/div><\/summary>\n\n\n\n<div class=\"wp-block-stackable-column stk-block-column stk-column stk-block stk-d3e4d1a stk-block-accordion__content\" data-v=\"4\" data-block-id=\"d3e4d1a\"><div class=\"stk-column-wrapper stk-block-column__content stk-container stk-d3e4d1a-container stk--no-background stk--no-padding\"><div class=\"stk-block-content stk-inner-blocks stk-d3e4d1a-inner-blocks\">\n<div class=\"wp-block-stackable-text stk-block-text stk-block stk-36e5214\" data-block-id=\"36e5214\"><p class=\"stk-block-text__text\">Ser\u00advi\u00adci\u00adul de con\u00adsi\u00adli\u00ade\u00adre \u00een dome\u00adni\u00adul edu\u00adca\u00ad\u021bi\u00adei \u0219i al cari\u00ade\u00adrei spri\u00adji\u00adn\u0103 per\u00adsoa\u00adne\u00adle \u00een ale\u00adge\u00adrea cur\u00adsu\u00adri\u00adlor universitare\/carierei \u00een tim\u00adpul for\u00adm\u0103\u00adrii \u0219i la \u00eence\u00adpu\u00adtul vie\u00ad\u021bii pro\u00adfe\u00adsio\u00adna\u00adle.<br><br><strong>Agen\u00adtur f\u00fcr Arbe\u00adit Karl\u00adsru\u00adhe<\/strong><br>\ud83d\udccd Brau\u00ader\u00adstra\u00ad\u00dfe 10, 76135 Karl\u00adsru\u00adhe<br>\ud83d\udcde Bera\u00adtun\u00adgs\u00adter\u00admin: 0800 4 555500 (geb\u00fchren\u00adfrei)<br>\ud83c\udf10 sau onli\u00adne sub: <a href=\"http:\/\/www.arbeitsagentur.de\/bildung\/berufsberatung\" target=\"_blank\" rel=\"noreferrer noopener\">www.arbeitsagentur.de\/bildung\/berufsberatung<\/a><\/p><\/div>\n<\/div><\/div><\/div>\n<\/details>\n\n<details class=\"wp-block-stackable-accordion stk-block-accordion stk-inner-blocks stk-block-content stk-block stk-105e3de is-style-default\" data-block-id=\"105e3de\">\n<summary class=\"wp-block-stackable-column stk-block-column stk-column stk-block stk-b44f24b stk--container-small stk-block-accordion__heading\" data-v=\"4\" data-block-id=\"b44f24b\"><div class=\"stk-column-wrapper stk-block-column__content stk-container stk-b44f24b-container stk-hover-parent\"><div class=\"stk-block-content stk-inner-blocks stk-b44f24b-inner-blocks\">\n<div class=\"wp-block-stackable-icon-label stk-block-icon-label stk-block stk-a565087\" data-block-id=\"a565087\"><div class=\"stk-row stk-inner-blocks stk-block-content\">\n<div class=\"wp-block-stackable-heading stk-block-heading stk-block-heading--v2 stk-block stk-14d599c\" id=\"bildungsberatung-training-and-secondary-school\" data-block-id=\"14d599c\"><h4 class=\"stk-block-heading__text\">Bil\u00addun\u00adgs\u00adbe\u00adra\u00adtung: For\u00adma\u00adre \u0219i \u0219coa\u00adl\u0103 secundar\u0103<\/h4><\/div>\n\n\n\n<div class=\"wp-block-stackable-icon stk-block-icon stk-block stk-5dadfe2\" data-block-id=\"5dadfe2\"><span class=\"stk--svg-wrapper\"><div class=\"stk--inner-svg\"><svg style=\"height:0;width:0\"><defs><linearGradient id=\"linear-gradient-5dadfe2\" x1=\"0\" x2=\"100%\" y1=\"0\" y2=\"0\"><stop offset=\"0%\" style=\"stop-opacity:1;stop-color:var(--linear-gradient-5-dadfe-2-color-1)\" \/><stop offset=\"100%\" style=\"stop-opacity:1;stop-color:var(--linear-gradient-5-dadfe-2-color-2)\" \/><\/linearGradient><\/defs><\/svg><svg data-prefix=\"fas\" data-icon=\"chevron-down\" class=\"svg-inline--fa fa-chevron-down fa-w-14\" viewBox=\"0 0 448 512\" aria-hidden=\"true\" width=\"32\" height=\"32\"><path fill=\"currentColor\" d=\"M207.029 381.476L12.686 187.132c-9.373-9.373-9.373-24.569 0-33.941l22.667-22.667c9.357-9.357 24.522-9.375 33.901-.04L224 284.505l154.745-154.021c9.379-9.335 24.544-9.317 33.901.04l22.667 22.667c9.373 9.373 9.373 24.569 0 33.941L240.971 381.476c-9.373 9.372-24.569 9.372-33.942 0z\" \/><\/svg><\/div><\/span><\/div>\n<\/div><\/div>\n<\/div><\/div><\/summary>\n\n\n\n<div class=\"wp-block-stackable-column stk-block-column stk-column stk-block stk-12bee7a stk-block-accordion__content\" data-v=\"4\" data-block-id=\"12bee7a\"><div class=\"stk-column-wrapper stk-block-column__content stk-container stk-12bee7a-container stk--no-background stk--no-padding\"><div class=\"stk-block-content stk-inner-blocks stk-12bee7a-inner-blocks\">\n<div class=\"wp-block-stackable-text stk-block-text stk-block stk-77ad17d\" data-block-id=\"77ad17d\"><p class=\"stk-block-text__text\"><em>Bil\u00addun\u00adgs\u00adbe\u00adra\u00adtung<\/em> ofe\u00adr\u0103 con\u00adsi\u00adli\u00ade\u00adre edu\u00adca\u00ad\u021bio\u00adna\u00adl\u0103 pen\u00adtru tineri, tineri adul\u021bi, p\u0103rin\u021bi \u0219i mem\u00adbri ai fami\u00adli\u00adei cu pri\u00advi\u00adre la sis\u00adte\u00adme\u00adle \u0219co\u00adla\u00adre \u0219i de for\u00adma\u00adre, uce\u00adni\u00adcie \u0219i \u0219coli secun\u00adda\u00adre. Ser\u00advi\u00adci\u00adul de con\u00adsi\u00adli\u00ade\u00adre \u0219i agen\u00ad\u021bie este dis\u00adpo\u00adni\u00adbil \u00een mai mul\u00adte lim\u00adbi. <br><br><strong>Arbe\u00aditsf\u00f6r\u00adde\u00adrung Karl\u00adsru\u00adhe gGm\u00adbH (afka)<\/strong><br>\ud83d\udccd Dai\u00adm\u00adler\u00adstra\u00ad\u00dfe 8, 76185 Karl\u00adsru\u00adhe<br>\ud83d\udcde +49 0721 972 46 \u2014 0<br>\ud83d\udce7 <a href=\"mailto:info@af-ka.de\">info@af-ka.de<\/a><br>\ud83c\udf10 <a href=\"https:\/\/www.af-ka.de\/jugend-schule-ausbildung\/ueberblick\" rel=\"noopener\">Web\u00adse\u00adi\u00adte<\/a><\/p><\/div>\n<\/div><\/div><\/div>\n<\/details>\n\n<details class=\"wp-block-stackable-accordion stk-block-accordion stk-inner-blocks stk-block-content stk-block stk-9254d55 is-style-default\" data-block-id=\"9254d55\">\n<summary class=\"wp-block-stackable-column stk-block-column stk-column stk-block stk-e83a2f9 stk--container-small stk-block-accordion__heading\" data-v=\"4\" data-block-id=\"e83a2f9\"><div class=\"stk-column-wrapper stk-block-column__content stk-container stk-e83a2f9-container stk-hover-parent\"><div class=\"stk-block-content stk-inner-blocks stk-e83a2f9-inner-blocks\">\n<div class=\"wp-block-stackable-icon-label stk-block-icon-label stk-block stk-e10cb92\" data-block-id=\"e10cb92\"><div class=\"stk-row stk-inner-blocks stk-block-content\">\n<div class=\"wp-block-stackable-heading stk-block-heading stk-block-heading--v2 stk-block stk-16c5f18\" id=\"strong-intercultural-parent-mentors-strong\" data-block-id=\"16c5f18\"><h4 class=\"stk-block-heading__text\"><strong>Men\u00adtori paren\u00adtali interculturali<\/strong><\/h4><\/div>\n\n\n\n<div class=\"wp-block-stackable-icon stk-block-icon stk-block stk-2bb0da3\" data-block-id=\"2bb0da3\"><span class=\"stk--svg-wrapper\"><div class=\"stk--inner-svg\"><svg style=\"height:0;width:0\"><defs><linearGradient id=\"linear-gradient-2bb0da3\" x1=\"0\" x2=\"100%\" y1=\"0\" y2=\"0\"><stop offset=\"0%\" style=\"stop-opacity:1;stop-color:var(--linear-gradient-2-bb-0-da-3-color-1)\" \/><stop offset=\"100%\" style=\"stop-opacity:1;stop-color:var(--linear-gradient-2-bb-0-da-3-color-2)\" \/><\/linearGradient><\/defs><\/svg><svg data-prefix=\"fas\" data-icon=\"chevron-down\" class=\"svg-inline--fa fa-chevron-down fa-w-14\" viewBox=\"0 0 448 512\" aria-hidden=\"true\" width=\"32\" height=\"32\"><path fill=\"currentColor\" d=\"M207.029 381.476L12.686 187.132c-9.373-9.373-9.373-24.569 0-33.941l22.667-22.667c9.357-9.357 24.522-9.375 33.901-.04L224 284.505l154.745-154.021c9.379-9.335 24.544-9.317 33.901.04l22.667 22.667c9.373 9.373 9.373 24.569 0 33.941L240.971 381.476c-9.373 9.372-24.569 9.372-33.942 0z\" \/><\/svg><\/div><\/span><\/div>\n<\/div><\/div>\n<\/div><\/div><\/summary>\n\n\n\n<div class=\"wp-block-stackable-column stk-block-column stk-column stk-block stk-ca528b0 stk-block-accordion__content\" data-v=\"4\" data-block-id=\"ca528b0\"><div class=\"stk-column-wrapper stk-block-column__content stk-container stk-ca528b0-container stk--no-background stk--no-padding\"><div class=\"stk-block-content stk-inner-blocks stk-ca528b0-inner-blocks\">\n<div class=\"wp-block-stackable-text stk-block-text stk-block stk-0360ea1\" data-block-id=\"0360ea1\"><p class=\"stk-block-text__text\">Men\u00adto\u00adrii inter\u00adcul\u00adtu\u00adrali pen\u00adtru p\u0103rin\u021bi ofe\u00adr\u0103 spri\u00adjin \u00een dife\u00adri\u00adte lim\u00adbi pen\u00adtru p\u0103rin\u00ad\u021bii nou-veni\u021bi cu pri\u00advi\u00adre <strong>la \u00eentre\u00adb\u0103ri gene\u00adra\u00adle lega\u00adte de \u0219coli \u0219i edu\u00adca\u00ad\u021bie<\/strong> \u00een Ger\u00adma\u00adnia. <br>\ud83d\udce7 <a href=\"mailto:bildungskoordination@sus.karlsruhe.de\" rel=\"nofollow\">bildungskoordination@sus.karlsruhe.de<\/a><\/p><\/div>\n<\/div><\/div><\/div>\n<\/details>\n\n<details class=\"wp-block-stackable-accordion stk-block-accordion stk-inner-blocks stk-block-content stk-block stk-4dcc174 is-style-default\" data-block-id=\"4dcc174\">\n<summary class=\"wp-block-stackable-column stk-block-column stk-column stk-block stk-38589f9 stk--container-small stk-block-accordion__heading\" data-v=\"4\" data-block-id=\"38589f9\"><div class=\"stk-column-wrapper stk-block-column__content stk-container stk-38589f9-container stk-hover-parent\"><div class=\"stk-block-content stk-inner-blocks stk-38589f9-inner-blocks\">\n<div class=\"wp-block-stackable-icon-label stk-block-icon-label stk-block stk-8ef1df1\" data-block-id=\"8ef1df1\"><div class=\"stk-row stk-inner-blocks stk-block-content\">\n<div class=\"wp-block-stackable-heading stk-block-heading stk-block-heading--v2 stk-block stk-b334c74\" id=\"the-educational-coordinator-office-for-integration-city-of-karlsruhe\" data-block-id=\"b334c74\"><h4 class=\"stk-block-heading__text\">Coor\u00addo\u00adna\u00adto\u00adrul edu\u00adca\u00ad\u021bio\u00adnal \u2014 Biro\u00adul pen\u00adtru inte\u00adgra\u00adre al ora\u00ad\u0219u\u00adlui Karlsruhe<\/h4><\/div>\n\n\n\n<div class=\"wp-block-stackable-icon stk-block-icon stk-block stk-dcf5e7e\" data-block-id=\"dcf5e7e\"><span class=\"stk--svg-wrapper\"><div class=\"stk--inner-svg\"><svg style=\"height:0;width:0\"><defs><linearGradient id=\"linear-gradient-dcf5e7e\" x1=\"0\" x2=\"100%\" y1=\"0\" y2=\"0\"><stop offset=\"0%\" style=\"stop-opacity:1;stop-color:var(--linear-gradient-dcf-5-e-7-e-color-1)\" \/><stop offset=\"100%\" style=\"stop-opacity:1;stop-color:var(--linear-gradient-dcf-5-e-7-e-color-2)\" \/><\/linearGradient><\/defs><\/svg><svg data-prefix=\"fas\" data-icon=\"chevron-down\" class=\"svg-inline--fa fa-chevron-down fa-w-14\" viewBox=\"0 0 448 512\" aria-hidden=\"true\" width=\"32\" height=\"32\"><path fill=\"currentColor\" d=\"M207.029 381.476L12.686 187.132c-9.373-9.373-9.373-24.569 0-33.941l22.667-22.667c9.357-9.357 24.522-9.375 33.901-.04L224 284.505l154.745-154.021c9.379-9.335 24.544-9.317 33.901.04l22.667 22.667c9.373 9.373 9.373 24.569 0 33.941L240.971 381.476c-9.373 9.372-24.569 9.372-33.942 0z\" \/><\/svg><\/div><\/span><\/div>\n<\/div><\/div>\n<\/div><\/div><\/summary>\n\n\n\n<div class=\"wp-block-stackable-column stk-block-column stk-column stk-block stk-5f60fd8 stk-block-accordion__content\" data-v=\"4\" data-block-id=\"5f60fd8\"><div class=\"stk-column-wrapper stk-block-column__content stk-container stk-5f60fd8-container stk--no-background stk--no-padding\"><div class=\"stk-block-content stk-inner-blocks stk-5f60fd8-inner-blocks\">\n<div class=\"wp-block-stackable-text stk-block-text stk-block stk-4aa2dfd\" data-block-id=\"4aa2dfd\"><p class=\"stk-block-text__text\">\u00cenv\u0103\u00ad\u021ba\u00adrea lim\u00adbii ger\u00adma\u00adne este che\u00adia suc\u00adce\u00adsu\u00adlui \u0219co\u00adlar al copi\u00adlu\u00adlui dum\u00adne\u00ada\u00advoas\u00adtr\u0103. Coor\u00addo\u00adna\u00adto\u00adrul edu\u00adca\u00ad\u021bio\u00adnal pen\u00adtru \u00eenv\u0103\u00ad\u021ba\u00adrea con\u00adti\u00adnu\u0103 a lim\u00adbi\u00adlor str\u0103\u00adi\u00adne va fi bucu\u00adros s\u0103 v\u0103 r\u0103s\u00adpun\u00add\u0103 la \u00eentre\u00adb\u0103ri:<br>\ud83d\udce7   <a href=\"mailto:buero.fuer.integration@sjb.karlsruhe.de\" rel=\"nofollow\"><\/a><a href=\"mailto:buero.fuer.integration@sjb.karlsruhe.de\">buero.fuer.integration@sjb.karlsruhe.de<\/a><\/p><\/div>\n<\/div><\/div><\/div>\n<\/details>\n\n<p><\/p>\n","protected":false},"excerpt":{"rendered":"<p>Dac\u0103 ave\u021bi \u00eentre\u00adb\u0103ri pri\u00advind \u00eenscri\u00ade\u00adrea la o \u0219coa\u00adl\u0103, sis\u00adte\u00admul de edu\u00adca\u00ad\u021bie \u0219i for\u00adma\u00adre sau, \u00een gene\u00adral, des\u00adpre edu\u00adca\u00ad\u021bie \u0219i \u0219coli, v\u0103 pute\u021bi adre\u00adsa unui ser\u00advi\u00adciu de con\u00adsi\u00adli\u00ade\u00adre edu\u00adca\u00ad\u021bio\u00adna\u00adl\u0103. Biro\u00adul de&nbsp;<a class=\"moretag\" href=\"https:\/\/www.anika-net.de\/ro\/sosirea\/copii-si-familie\/consilierea-educationala\/\">Citi\u021bi mai&nbsp;mult<\/a><\/p>\n","protected":false},"author":12,"featured_media":0,"parent":14968,"menu_order":21,"comment_status":"closed","ping_status":"closed","template":"","meta":{"_acf_changed":false,"inline_featured_image":false,"_uag_custom_page_level_css":"","wp_typography_post_enhancements_disabled":false,"footnotes":""},"class_list":["post-15044","page","type-page","status-publish","hentry"],"acf":[],"featured_image_urls_v2":{"full":"","thumbnail":"","medium":"","medium_large":"","large":"","1536x1536":"","2048x2048":"","event-overview":"","event-archive-thumb":"","grid-item-thumbnail":"","network-partner-icon":"","organiser-icon":"","gform-image-choice-sm":"","gform-image-choice-md":"","gform-image-choice-lg":""},"post_excerpt_stackable_v2":"<p>Dac\u0103 ave\u021bi \u00eentre\u00adb\u0103ri pri\u00advind \u00eenscri\u00ade\u00adrea la o \u0219coa\u00adl\u0103, sis\u00adte\u00admul de edu\u00adca\u00ad\u021bie \u0219i for\u00adma\u00adre sau, \u00een gene\u00adral, des\u00adpre edu\u00adca\u00ad\u021bie \u0219i \u0219coli, v\u0103 pute\u021bi adre\u00adsa unui ser\u00advi\u00adciu de con\u00adsi\u00adli\u00ade\u00adre edu\u00adca\u00ad\u021bio\u00adna\u00adl\u0103. Biro\u00adul de migra\u00ad\u021bie \ud83c\udf10 Web\u00adse\u00adi\u00adteBiro\u00adul pen\u00adtru migra\u00ad\u021bie pro\u00admo\u00advea\u00adz\u0103 \u0219i spri\u00adji\u00adn\u0103 toa\u00adte \u0219co\u00adli\u00adle \u00een sar\u00adci\u00adna lor de a inte\u00adgra copi\u00adii \u0219i tine\u00adrii din fami\u00adlii de migran\u021bi at\u00e2t din punct de vede\u00adre aca\u00adde\u00admic, c\u00e2t \u0219i soci\u00adal.Sar\u00adcini \u2611\ufe0f Pro\u00admo\u00adva\u00adrea coo\u00adpe\u00adr\u0103\u00adrii \u00eentre \u0219coli \u0219i p\u0103rin\u021bi prin pro\u00adiec\u00adte inte\u00adgra\u00adtoa\u00adre la fa\u021ba locu\u00adlui\u2611\ufe0f Men\u00ad\u021bi\u00adne\u00adrea con\u00adtac\u00adte\u00adlor cu aso\u00adci\u00ada\u00ad\u021bi\u00adi\u00adle de p\u0103rin\u021bi\u2611\ufe0f Cre\u00ada\u00adrea de sis\u00adte\u00adme de spri\u00adjin pen\u00adtru p\u0103rin\u021bi \u0219i \u0219coli\u2611\ufe0f Spri\u00adji\u00adni\u00adrea p\u0103rin\u00ad\u021bi\u00adlor \u0219i a \u0219co\u00adli\u00adlor \u00een cre\u00ada\u00adrea de pro\u00adiec\u00adte inte\u00adgra\u00adtoa\u00adre\u2611\ufe0f\u2026<\/p>\n","category_list_v2":"","author_info_v2":{"name":"Andrea Ramirez","url":"https:\/\/www.anika-net.de\/ro\/author\/andrea-ramirez\/"},"comments_num_v2":"0 comments","uagb_featured_image_src":{"full":false,"thumbnail":false,"medium":false,"medium_large":false,"large":false,"1536x1536":false,"2048x2048":false,"event-overview":false,"event-archive-thumb":false,"grid-item-thumbnail":false,"network-partner-icon":false,"organiser-icon":false,"gform-image-choice-sm":false,"gform-image-choice-md":false,"gform-image-choice-lg":false},"uagb_author_info":{"display_name":"Andrea Ramirez","author_link":"https:\/\/www.anika-net.de\/ro\/author\/andrea-ramirez\/"},"uagb_comment_info":0,"uagb_excerpt":"Dac\u0103 ave\u021bi \u00eentre\u00adb\u0103ri pri\u00advind \u00eenscri\u00ade\u00adrea la o \u0219coa\u00adl\u0103, sis\u00adte\u00admul de edu\u00adca\u00ad\u021bie \u0219i for\u00adma\u00adre sau, \u00een gene\u00adral, des\u00adpre edu\u00adca\u00ad\u021bie \u0219i \u0219coli, v\u0103 pute\u021bi adre\u00adsa unui ser\u00advi\u00adciu de con\u00adsi\u00adli\u00ade\u00adre educa\u021bional\u0103. Biro\u00adul de&nbsp;Citi\u021bi mai mult","_links":{"self":[{"href":"https:\/\/www.anika-net.de\/ro\/wp-json\/wp\/v2\/pages\/15044","targetHints":{"allow":["GET"]}}],"collection":[{"href":"https:\/\/www.anika-net.de\/ro\/wp-json\/wp\/v2\/pages"}],"about":[{"href":"https:\/\/www.anika-net.de\/ro\/wp-json\/wp\/v2\/types\/page"}],"author":[{"embeddable":true,"href":"https:\/\/www.anika-net.de\/ro\/wp-json\/wp\/v2\/users\/12"}],"replies":[{"embeddable":true,"href":"https:\/\/www.anika-net.de\/ro\/wp-json\/wp\/v2\/comments?post=15044"}],"version-history":[{"count":2,"href":"https:\/\/www.anika-net.de\/ro\/wp-json\/wp\/v2\/pages\/15044\/revisions"}],"predecessor-version":[{"id":58124,"href":"https:\/\/www.anika-net.de\/ro\/wp-json\/wp\/v2\/pages\/15044\/revisions\/58124"}],"up":[{"embeddable":true,"href":"https:\/\/www.anika-net.de\/ro\/wp-json\/wp\/v2\/pages\/14968"}],"wp:attachment":[{"href":"https:\/\/www.anika-net.de\/ro\/wp-json\/wp\/v2\/media?parent=15044"}],"curies":[{"name":"wp","href":"https:\/\/api.w.org\/{rel}","templated":true}]}}