{"id":62854,"date":"2025-06-25T11:46:27","date_gmt":"2025-06-25T09:46:27","guid":{"rendered":"https:\/\/www.anika-net.de\/event\/mentorat-in-karlsruhe-obtineti-sprijin-invatati-conectati-va\/"},"modified":"2025-06-25T11:46:27","modified_gmt":"2025-06-25T09:46:27","slug":"mentorat-in-karlsruhe-obtineti-sprijin-invatati-conectati-va","status":"publish","type":"event","link":"https:\/\/www.anika-net.de\/ro\/event\/mentorat-in-karlsruhe-obtineti-sprijin-invatati-conectati-va\/","title":{"rendered":"Men\u00adto\u00adrat \u00een Karl\u00adsru\u00adhe \u2014 Ob\u021bi\u00adne\u021bi spri\u00adjin, \u00eenv\u0103\u00ad\u021ba\u021bi, conecta\u021bi-v\u0103"},"content":{"rendered":"<blockquote>\n<h3><em><span style=\"color: #666699;\">C\u0103u\u00adta\u021bi \u00eendru\u00adma\u00adre, spri\u00adjin sau pe cine\u00adva care v\u0103 poa\u00adte aju\u00adta s\u0103 v\u0103 g\u0103si\u021bi dru\u00admul \u00een Karlsruhe?<\/span><\/em><\/h3>\n<\/blockquote>\n<h1><span style=\"color: #ffcc00;\">Men\u00adto\u00adrat \u00een Karl\u00adsru\u00adhe <span style=\"color: #008080;\">- Ob\u021bi\u00adne\u021bi spri\u00adjin, \u00eenv\u0103\u00ad\u021ba\u021bi, conecta\u021bi-v\u0103<\/span><\/span><\/h1>\n<h3 data-start=\"295\" data-end=\"337\">V\u0103 aju\u00adt\u0103m s\u0103 v\u0103 insta\u00adla\u021bi, s\u0103 \u00eenv\u0103\u00ad\u021ba\u021bi \u0219i s\u0103 cre\u0219te\u021bi<\/h3>\n<p data-start=\"339\" data-end=\"539\">Sun\u00adte\u021bi nou \u00een Karl\u00adsru\u00adhe \u0219i c\u0103u\u00adta\u021bi spri\u00adjin, \u00eendru\u00adma\u00adre sau con\u00ade\u00adxiu\u00adne?<br data-start=\"413\" data-end=\"416\"><strong>Pro\u00adgra\u00adme\u00adle de men\u00adto\u00adrat<\/strong> v\u0103 pot aju\u00adta s\u0103 v\u0103 sim\u00ad\u021bi\u021bi ca aca\u00ads\u0103, s\u0103 \u00eenv\u0103\u00ad\u021ba\u021bi lim\u00adba, s\u0103 v\u0103 face\u021bi pri\u00ade\u00adte\u00adni \u0219i s\u0103 v\u0103 dezvol\u00adta\u021bi pro\u00adfe\u00adsio\u00adnal sau personal.<\/p>\n<p data-start=\"541\" data-end=\"737\">Pe aceas\u00adt\u0103 pagi\u00adn\u0103, ve\u021bi g\u0103si o pre\u00adzen\u00adta\u00adre gene\u00adra\u00adl\u0103 a ini\u00ad\u021bia\u00adti\u00adve\u00adlor de men\u00adto\u00adrat ofe\u00adri\u00adte de dife\u00adri\u00adte orga\u00adni\u00adza\u00ad\u021bii din Karl\u00adsru\u00adhe \u2014 pen\u00adtru stu\u00adden\u021bi, nou-veni\u021bi, migran\u021bi \u0219i ori\u00adci\u00adne dore\u0219\u00adte s\u0103 spri\u00adji\u00adne sau s\u0103 fie sprijinit.<\/p>\n<h2 data-start=\"541\" data-end=\"737\"><span style=\"color: #666699;\"><strong>Pro\u00adgra\u00adme de men\u00adto\u00adrat<\/strong> <span style=\"color: #008080;\"><strong>\u00een Karl\u00adsru\u00adhe<\/strong><\/span><\/span><\/h2>\n<h3 data-start=\"164\" data-end=\"219\"><strong data-start=\"168\" data-end=\"219\">\ud83d\udcd8 <span style=\"color: #008080;\">Spri\u00adjin indi\u00advi\u00addu\u00adal pen\u00adtru \u00eenv\u0103\u00ad\u021ba\u00adrea lim\u00adbii germane<\/span><\/strong><\/h3>\n<ul>\n<li data-start=\"223\" data-end=\"310\"><strong data-start=\"223\" data-end=\"240\">Pen\u00adtru cine este:<\/strong> Per\u00adsoa\u00adne\u00adlor care se str\u0103\u00addu\u00adiesc s\u0103 \u00eenve\u021be efi\u00adcient \u00een cadrul cur\u00adsu\u00adri\u00adlor stan\u00addard de lim\u00adbi str\u0103ine<\/li>\n<li data-start=\"223\" data-end=\"310\"><strong data-start=\"313\" data-end=\"332\">Ce ofe\u00adr\u0103:<\/strong> Lec\u00ad\u021bii de ger\u00adma\u00adn\u0103 indi\u00advi\u00addu\u00ada\u00adle sau \u00een gru\u00adpuri mici, adap\u00adta\u00adte nevo\u00adi\u00adlor dumneavoastr\u0103<\/li>\n<li data-start=\"223\" data-end=\"310\"><strong data-start=\"399\" data-end=\"413\">Orga\u00adni\u00adza\u00adtor:<\/strong> <strong data-start=\"600\" data-end=\"614\"><a href=\"https:\/\/www.awo-karlsruhe.de\/mitmachen\/ehrenamt\/\" rel=\"noopener\">AWO Karl\u00adsru\u00adhe<\/a><\/strong><\/li>\n<li data-start=\"223\" data-end=\"310\"><strong data-start=\"430\" data-end=\"444\">Finan\u00ad\u021bat de:<\/strong> BfI<\/li>\n<li data-start=\"223\" data-end=\"310\"><strong data-start=\"451\" data-end=\"470\">Per\u00adsoa\u00adn\u0103 de con\u00adtact:<\/strong> Espe\u00adranza Del Real<br data-start=\"493\" data-end=\"496\">\ud83d\udcde 0721 35 007 \u2014 144<br data-start=\"518\" data-end=\"521\">\ud83d\udce7 <a class=\"cursor-pointer\" rel=\"noopener\" data-start=\"526\" data-end=\"560\">fluechtlingshilfe@awo-karlsruhe.de<\/a>&nbsp;<\/li>\n<li>\ud83d\udd17 <a href=\"https:\/\/www.anika-net.de\/ro\/event\/sprijin-individual-pentru-invatarea-limbii-germane\/\"><strong>Mai mul\u00adte informa\u021bii<\/strong><\/a><\/li>\n<\/ul>\n<hr>\n<h3 data-start=\"123\" data-end=\"182\"><strong data-start=\"127\" data-end=\"182\">\ud83d\udde3\ufe0f <span style=\"color: #008080;\">Lan\u00adgu\u00ada\u00adge Tan\u00addem <span style=\"color: #666699;\">- \u00cenva\u00ad\u021b\u0103 lim\u00adbi str\u0103\u00adi\u00adne \u00een mod simplu!<\/span><\/span><\/strong><\/h3>\n<ul data-start=\"184\" data-end=\"587\">\n<li data-start=\"184\" data-end=\"272\">\n<p data-start=\"186\" data-end=\"272\"><strong data-start=\"186\" data-end=\"203\">Pen\u00adtru cine este:<\/strong> Stu\u00adden\u00ad\u021bi\u00adlor care doresc s\u0103 \u00eenve\u021be sau s\u0103 \u00eembu\u00adn\u0103\u00adt\u0103\u00ad\u021beas\u00adc\u0103 lim\u00adba ger\u00adma\u00adn\u0103 sau ori\u00adce alt\u0103&nbsp;limb\u0103<\/p>\n<\/li>\n<li data-start=\"184\" data-end=\"272\">\n<p data-start=\"186\" data-end=\"272\"><strong data-start=\"275\" data-end=\"294\">Ce ofe\u00adr\u0103:<\/strong> G\u0103si\u021bi un par\u00adte\u00adner ling\u00advis\u00adtic pen\u00adtru \u00eenv\u0103\u00ad\u021ba\u00adre reci\u00adpro\u00adc\u0103 \u2014 rapid, gra\u00adtu\u00adit \u0219i fle\u00adxi\u00adbil!<br data-start=\"366\" data-end=\"369\">Pute\u021bi con\u00adsul\u00adta ofer\u00adte\u00adle de tan\u00addem actu\u00ada\u00adle sau pute\u021bi pos\u00adta pro\u00adpri\u00adul&nbsp;anun\u021b.<\/p>\n<\/li>\n<li data-start=\"184\" data-end=\"272\">\n<p data-start=\"186\" data-end=\"272\"><strong data-start=\"432\" data-end=\"446\">Orga\u00adni\u00adza\u00adtor: <\/strong>Cen\u00adtrul Inter\u00adna\u021bio\u00adnal al Stu\u00adden\u00ad\u021bi\u00adlor <strong data-start=\"600\" data-end=\"614\">-<\/strong> <a href=\"https:\/\/www.sw-ka.de\/de\/international\/tandem\/\" rel=\"noopener\"><strong>Stu\u00addi\u00ade\u00adren\u00addenwerk<\/strong><\/a><\/p>\n<\/li>\n<li data-start=\"184\" data-end=\"272\">\n<p data-start=\"186\" data-end=\"272\"><strong data-start=\"523\" data-end=\"542\">Per\u00adsoa\u00adna de con\u00adtact:<\/strong> Lau\u00adra Liefke<br>\n\ud83d\udcde 0721 6909\u2013203<br data-start=\"576\" data-end=\"579\">\ud83d\udce7 l<a class=\"cursor-pointer\" rel=\"noopener\" data-start=\"584\" data-end=\"605\">aura.li<\/a>efke@sw-ka.de<\/p>\n<hr>\n<\/li>\n<\/ul>\n<h3 data-start=\"90\" data-end=\"146\"><strong data-start=\"94\" data-end=\"146\">\ud83c\udf0d <span style=\"color: #008080;\">Per\u00adspe\u00adk\u00adti\u00adve acum! <span style=\"color: #666699;\">- \u00cenv\u0103\u00ad\u021ba\u021bi ger\u00adma\u00adna \u0219i ob\u021bi\u00adne\u021bi asisten\u021b\u0103<\/span><\/span><\/strong><\/h3>\n<ul data-start=\"148\" data-end=\"614\">\n<li data-start=\"148\" data-end=\"204\">\n<p data-start=\"150\" data-end=\"204\"><strong data-start=\"150\" data-end=\"167\">Pen\u00adtru cine este:<\/strong> Tineri din \u00eentrea\u00adga&nbsp;lume<\/p>\n<\/li>\n<li data-start=\"148\" data-end=\"204\">\n<p data-start=\"150\" data-end=\"204\"><strong data-start=\"207\" data-end=\"226\">Ce ofe\u00adr\u0103:<\/strong> \u00cenv\u0103\u00ad\u021ba\u021bi ger\u00adma\u00adna \u00een tan\u00addem sau \u00een grup \u0219i bene\u00adfi\u00adci\u00ada\u021bi de asis\u00adten\u00ad\u021b\u0103 \u0219co\u00adla\u00adr\u0103, instru\u00adi\u00adre \u0219i \u00eentre\u00adb\u0103ri de zi cu&nbsp;zi<\/p>\n<\/li>\n<li data-start=\"331\" data-end=\"368\">\n<p data-start=\"333\" data-end=\"368\"><strong data-start=\"333\" data-end=\"342\">C\u00e2nd:<\/strong> Mier\u00adcuri, 16:00\u201318:00<\/p>\n<\/li>\n<li data-start=\"369\" data-end=\"409\">\n<p data-start=\"371\" data-end=\"409\"><strong data-start=\"371\" data-end=\"385\">Orga\u00adni\u00adza\u00adtor:<\/strong> Per\u00adspe\u00adk\u00adti\u00adve Now \u2014&nbsp;ibz<br>\n<strong data-start=\"412\" data-end=\"426\">Finan\u00ad\u021bat de:<\/strong> Ora\u00ad\u0219ul Karlsruhe<\/p>\n<\/li>\n<li data-start=\"447\" data-end=\"545\">\n<p data-start=\"449\" data-end=\"545\"><strong data-start=\"449\" data-end=\"468\">Per\u00adsoa\u00adna de con\u00adtact:<\/strong> Anni\u00adka Her\u00adtel<br data-start=\"482\" data-end=\"485\">\ud83d\udcde 0157 38182177<br data-start=\"503\" data-end=\"506\">\ud83d\udce7 <a class=\"cursor-pointer\" rel=\"noopener\" data-start=\"511\" data-end=\"543\">perspektive-now@ibz-karlsruhe.de<\/a><\/p>\n<\/li>\n<li data-start=\"546\" data-end=\"614\">\n<p data-start=\"548\" data-end=\"614\">\ud83d\udd17 <strong><a class href=\"https:\/\/www.anika-net.de\/ro\/event\/perspective-now\/\" target=\"_new\" rel=\"noopener\" data-start=\"551\" data-end=\"614\">Mai mul\u00adte informa\u021bii<\/a><\/strong><\/p>\n<hr>\n<\/li>\n<\/ul>\n<h3 data-start=\"130\" data-end=\"193\"><strong data-start=\"134\" data-end=\"193\">\ud83e\udd1d <span style=\"color: #800080;\">Pro\u00adgra\u00admul inter\u00adna\u021bio\u00adnal Bud\u00addy <span style=\"color: #666699;\">- \u00cent\u00e2l\u00adni\u00adre, conec\u00adta\u00adre, sprijin<\/span><\/span><\/strong><\/h3>\n<ul data-start=\"195\" data-end=\"665\">\n<li data-start=\"195\" data-end=\"250\">\n<p data-start=\"197\" data-end=\"250\"><strong data-start=\"197\" data-end=\"214\">Pen\u00adtru cine este:<\/strong> Noi stu\u00adden\u021bi inter\u00adna\u021bio\u00adnali la&nbsp;KIT<\/p>\n<\/li>\n<li data-start=\"251\" data-end=\"450\">\n<p data-start=\"253\" data-end=\"450\"><strong data-start=\"253\" data-end=\"272\">Ce ofe\u00adr\u0103:<\/strong> O plat\u00adfor\u00adm\u0103 pen\u00adtru a v\u0103 conec\u00adta cu stu\u00adden\u00ad\u021bii KIT cu expe\u00adrien\u00ad\u021b\u0103.<br data-start=\"325\" data-end=\"328\">Con\u00adstru\u00adi\u021bi-v\u0103 re\u021bea\u00adua soci\u00ada\u00adl\u0103, dezvol\u00adta\u021bi abi\u00adli\u00adt\u0103\u021bi inter\u00adcul\u00adtu\u00adra\u00adle \u0219i spri\u00adji\u00adni\u021bi-v\u0103 reci\u00adproc prin cuno\u0219\u00adtin\u00ad\u021be \u0219i expe\u00adrien\u00ad\u021b\u0103 comune.<\/p>\n<\/li>\n<li data-start=\"452\" data-end=\"497\">\n<p data-start=\"454\" data-end=\"497\"><strong data-start=\"454\" data-end=\"468\">Orga\u00adni\u00adza\u00adtor: <\/strong> <a href=\"https:\/\/www.intl.kit.edu\/istudent\/10402.php\" rel=\"noopener\"><strong>Biro\u00adul Inter\u00adna\u021bio\u00adnal \u2014&nbsp;KIT<\/strong><\/a><\/p>\n<\/li>\n<li data-start=\"498\" data-end=\"520\"><strong data-start=\"523\" data-end=\"542\">Per\u00adsoa\u00adn\u0103 de con\u00adtact:<\/strong> Annet\u00adte Sei\u00adter (coor\u00addo\u00adna\u00adtor)<br data-start=\"571\" data-end=\"574\">\ud83d\udce7 <a class=\"cursor-pointer\" rel=\"noopener\" data-start=\"579\" data-end=\"601\">annette.seiter@kit.edu<\/a><\/li>\n<li data-start=\"604\" data-end=\"665\">\n<p data-start=\"606\" data-end=\"665\">\ud83d\udd17 <a class href=\"https:\/\/www.intl.kit.edu\/istudent\/10402.php\" target=\"_new\" rel=\"noopener\" data-start=\"609\" data-end=\"665\"><strong>Mai mul\u00adte informa\u021bii<\/strong><\/a><\/p>\n<\/li>\n<\/ul>\n<hr>\n<h3 data-start=\"129\" data-end=\"185\"><strong data-start=\"133\" data-end=\"185\">\ud83e\udded <span style=\"color: #800080;\">Bud\u00addy Support <span style=\"color: #666699;\">- G\u0103si\u021bi un ghid local \u00een Germania<\/span><\/span><\/strong><\/h3>\n<ul data-start=\"187\" data-end=\"670\">\n<li data-start=\"187\" data-end=\"280\">\n<p data-start=\"189\" data-end=\"280\"><strong data-start=\"189\" data-end=\"206\">Pen\u00adtru cine este:<\/strong> Nou-veni\u021bi care cau\u00adt\u0103 \u00eendru\u00adma\u00adre per\u00adso\u00adna\u00adl\u0103 \u00een pri\u00admii pa\u0219i \u00een Germania<\/p>\n<\/li>\n<li data-start=\"281\" data-end=\"452\">\n<p data-start=\"283\" data-end=\"452\"><strong data-start=\"283\" data-end=\"302\">Ce ofe\u00adr\u0103:<\/strong> \u00cempe\u00adre\u00adchea\u021bi-v\u0103 cu un \u201eamic\u201d local care v\u0103 aju\u00adt\u0103 cu pro\u00advo\u00adc\u0103\u00adri\u00adle zil\u00adni\u00adce, v\u0103 \u00eenso\u00ad\u021be\u0219\u00adte la \u00eent\u00e2l\u00adniri \u0219i v\u0103 spri\u00adji\u00adn\u0103 \u00een adap\u00adta\u00adrea la noua dvs.&nbsp;via\u021b\u0103.<\/p>\n<\/li>\n<li data-start=\"454\" data-end=\"520\">\n<p data-start=\"456\" data-end=\"520\"><strong data-start=\"456\" data-end=\"470\">Orga\u00adni\u00adza\u00adtor:<\/strong> Cen\u00adtrul Inter\u00adna\u021bio\u00adnal al Stu\u00adden\u00ad\u021bi\u00adlor <strong data-start=\"600\" data-end=\"614\">-<\/strong> <a href=\"https:\/\/www.sw-ka.de\/de\/international\/paten\/\" rel=\"noopener\"><strong>Stu\u00addi\u00ade\u00adren\u00addenwerk<\/strong><\/a><\/p>\n<\/li>\n<li data-start=\"521\" data-end=\"607\">\n<p data-start=\"523\" data-end=\"607\"><strong data-start=\"523\" data-end=\"542\">Per\u00adsoa\u00adna de con\u00adtact:<\/strong> Lau\u00adra Lie\u00adfke<br data-start=\"555\" data-end=\"558\">\ud83d\udcde 0721 6909\u2013203<br data-start=\"576\" data-end=\"579\">\ud83d\udce7 l<a class=\"cursor-pointer\" rel=\"noopener\" data-start=\"584\" data-end=\"605\">aura.li<\/a>efke@sw-ka.de<\/p>\n<\/li>\n<\/ul>\n<hr>\n<h3 data-start=\"146\" data-end=\"197\"><strong data-start=\"150\" data-end=\"197\">\ud83d\udc6d <span style=\"color: #800080;\">Patin\u00adnen\u00adPro\u00adje\u00adkt<\/span> <span style=\"color: #666699;\">- Feme\u00adi\u00adle care spri\u00adji\u00adn\u0103 femeile<\/span><\/strong><\/h3>\n<ul data-start=\"199\" data-end=\"769\">\n<li data-start=\"199\" data-end=\"291\">\n<p data-start=\"201\" data-end=\"291\"><strong data-start=\"201\" data-end=\"218\">Pen\u00adtru cine este:<\/strong> Femei migran\u00adte \u0219i loca\u00adle inte\u00adre\u00adsa\u00adte de schim\u00adburi \u0219i leg\u0103\u00adturi culturale<\/p>\n<\/li>\n<li data-start=\"292\" data-end=\"481\">\n<p data-start=\"294\" data-end=\"481\"><strong data-start=\"294\" data-end=\"313\">Ce ofe\u00adr\u0103:<\/strong> Un spa\u00ad\u021biu sigur pen\u00adtru pri\u00ade\u00adte\u00adnie \u0219i \u00eenv\u0103\u00ad\u021ba\u00adre reci\u00adpro\u00adc\u0103 prin tan\u00adde\u00admuri \u0219i \u00eent\u00e2l\u00adniri de grup regu\u00adla\u00adte.<br data-start=\"405\" data-end=\"408\">Cunoa\u0219\u00adte\u021bi-v\u0103 reci\u00adproc sti\u00adlul de via\u00ad\u021b\u0103 \u0219i con\u00adstru\u00adi\u021bi rela\u00ad\u021bii de sus\u021binere.<\/p>\n<\/li>\n<li data-start=\"483\" data-end=\"519\">\n<p data-start=\"485\" data-end=\"519\"><strong data-start=\"485\" data-end=\"494\">C\u00e2nd:<\/strong> Joi, 15:30\u201317:30<\/p>\n<\/li>\n<li data-start=\"520\" data-end=\"560\">\n<p data-start=\"522\" data-end=\"560\"><strong data-start=\"522\" data-end=\"536\">Orga\u00adni\u00adza\u00adtor:<\/strong> Patin\u00adnen\u00adPro\u00adje\u00adkt \u2014&nbsp;ibz<br>\n<strong data-start=\"563\" data-end=\"577\">Finan\u00ad\u021bat de:<\/strong> Ora\u00ad\u0219ul Karlsruhe<\/p>\n<\/li>\n<li data-start=\"598\" data-end=\"700\">\n<p data-start=\"600\" data-end=\"700\"><strong data-start=\"600\" data-end=\"619\">Per\u00adsoa\u00adn\u0103 de con\u00adtact:<\/strong> Andrea Ben\u00adgert<br data-start=\"634\" data-end=\"637\">\ud83d\udcde 0721 89 33 37 13<br data-start=\"658\" data-end=\"661\">\ud83d\udce7 <a class=\"cursor-pointer\" rel=\"noopener\" data-start=\"666\" data-end=\"698\">patinnenprojekt@ibz-karlsruhe.de<\/a><\/p>\n<\/li>\n<li data-start=\"701\" data-end=\"769\">\n<p data-start=\"703\" data-end=\"769\">\ud83d\udd17 <strong><a class href=\"https:\/\/www.anika-net.de\/ro\/event\/godmother-project\/\" target=\"_new\" rel=\"noopener\" data-start=\"706\" data-end=\"769\">Mai mul\u00adte informa\u021bii<\/a><\/strong><\/p>\n<\/li>\n<\/ul>\n<hr>\n<h3 data-start=\"132\" data-end=\"198\"><strong data-start=\"136\" data-end=\"198\">\ud83d\udcbb<span style=\"color: #ff9900;\"> Edu\u00adRef Men\u00adto\u00adring <span style=\"color: #666699;\">- \u00cenv\u0103\u00ad\u021ba\u021bi s\u0103 codi\u00adfi\u00adca\u021bi cu un men\u00adtor personal<\/span><\/span><\/strong><\/h3>\n<ul>\n<li data-start=\"200\" data-end=\"289\">\n<p data-start=\"202\" data-end=\"289\"><strong data-start=\"202\" data-end=\"219\">Pen\u00adtru cine este:<\/strong> Ori\u00adci\u00adne este inte\u00adre\u00adsat s\u0103 \u00ee\u0219i apro\u00adfun\u00adde\u00adze com\u00adpe\u00adten\u00ad\u021be\u00adle \u00een dezvol\u00adta\u00adrea de software<\/p>\n<\/li>\n<li data-start=\"290\" data-end=\"471\">\n<p data-start=\"292\" data-end=\"471\"><strong data-start=\"292\" data-end=\"311\">Ce ofe\u00adr\u0103:<\/strong> Un pro\u00adgram de men\u00adto\u00adrat per\u00adso\u00adna\u00adli\u00adzat de 6 luni, cu sesiuni s\u0103p\u00adt\u0103m\u00e2\u00adna\u00adle \u0219i pro\u00adiec\u00adte inde\u00adpen\u00adden\u00adte \u00eentre ele.<br data-start=\"414\" data-end=\"417\">Rit\u00admul, con\u00ad\u021bi\u00adnu\u00adtul \u0219i con\u00adcen\u00adtra\u00adrea sunt adap\u00adta\u00adte la obiec\u00adti\u00adve\u00adle dumneavoastr\u0103.<\/p>\n<\/li>\n<li data-start=\"473\" data-end=\"596\">\n<p data-start=\"475\" data-end=\"596\"><strong data-start=\"475\" data-end=\"503\">Posi\u00adbi\u00adle teme de pro\u00adiect:<\/strong><br data-start=\"503\" data-end=\"506\">- Pro\u00adpri\u00adul site<br data-start=\"526\" data-end=\"529\">- O apli\u00adca\u00ad\u021bie mobi\u00adl\u0103<br data-start=\"545\" data-end=\"548\">- Un joc video<br data-start=\"564\" data-end=\"567\" data-is-only-node>- Inte\u00adli\u00adgen\u00ad\u021b\u0103 artificial\u0103<\/p>\n<\/li>\n<li data-start=\"598\" data-end=\"623\">\n<p data-start=\"600\" data-end=\"623\"><strong data-start=\"600\" data-end=\"614\">Orga\u00adni\u00adza\u00adtor: <a href=\"https:\/\/www.eduref.eu\/\" rel=\"noopener\">Edu\u00adRef<\/a><\/strong><\/p>\n<\/li>\n<li><strong data-start=\"626\" data-end=\"645\">Per\u00adsoa\u00adn\u0103 de con\u00adtact:<\/strong> Yan\u00adni\u00adck Nocus<br data-start=\"659\" data-end=\"662\">\ud83d\udce7 <a class=\"cursor-pointer\" rel=\"noopener\" data-start=\"667\" data-end=\"681\">info@eduref.eu\n<p><\/p><\/a><\/li>\n<li>\ud83d\udd17 <strong><a class href=\"https:\/\/www.eduref.eu\/mentoring\" target=\"_new\" rel=\"noopener\" data-start=\"689\" data-end=\"733\">Mai mul\u00adte informa\u021bii<\/a><\/strong><\/li>\n<\/ul>\n<hr>\n<h2 style=\"text-align: center;\" data-start=\"128\" data-end=\"407\"><span style=\"color: #008080;\"><strong data-start=\"128\" data-end=\"178\">Ofe\u00adri\u021bi un pro\u00adgram de men\u00adto\u00adrat \u00een Karlsruhe?<\/strong><\/span><\/h2>\n<p style=\"text-align: center;\" data-start=\"128\" data-end=\"407\">Dac\u0103 pro\u00adgra\u00admul dvs. se adre\u00adsea\u00adz\u0103 unui<strong> public inter\u00adna\u021bio\u00adnal<\/strong> \u0219i este <strong>gra\u00adtu\u00adit<\/strong>, ne-ar pl\u0103\u00adcea s\u0103 pri\u00admim ve\u0219ti de la dvs.!<br data-start=\"285\" data-end=\"288\">Com\u00adple\u00adta\u021bi pur \u0219i sim\u00adplu <strong data-start=\"600\" data-end=\"614\">acest<\/strong> <a href=\"https:\/\/docs.google.com\/forms\/d\/e\/1FAIpQLSc5gnLGoQjAsCr3UyiIxWPokWLyHopaEWd43vUP1cWp9AcyIA\/viewform?usp=sf_link\" rel=\"noopener\"><strong>scurt for\u00admu\u00adlar<\/strong><\/a> \u2014 durea\u00adz\u0103 doar 2 minu\u00adte, iar noi \u00ee\u021bi vom publi\u00adca gra\u00adtu\u00adit pro\u00adgra\u00admul de men\u00adto\u00adrat sau tandem.<\/p>\n","protected":false},"author":12,"featured_media":63265,"template":"","class_list":["post-62854","event","type-event","status-publish","has-post-thumbnail","hentry","event_category-asistenta"],"acf":{"event-recurring":true,"event-category":81,"event-is-language-course":false,"event-recurring-still-active":true,"event-display-details":true,"event-schedules-recurring":null,"event-schedules-calendar":null,"event-is-online":false,"event-online-url":"","event-location-building":"","event-location-street":"","event-location-zip":"","event-location-city":"Karlsruhe","event-location-contact-person":"","event-location-phone":"","event-location-phone-2":"","event-location-mail":"","event-location-mail-2":"","event-location-website":"","event-target-group":null,"event-target-group-comment":"Migran\u021bi, nou-veni\u021bi \u0219i voluntari","event-free":true,"event-organiser":[63994],"event-header-copyright-overlay":true,"event-copyright-note-description-end":false},"featured_image_urls_v2":{"full":["https:\/\/www.anika-net.de\/wp-content\/uploads\/2025\/06\/AdobeStock_1241585829-scaled.jpeg",2560,1152,false],"thumbnail":["https:\/\/www.anika-net.de\/wp-content\/uploads\/2025\/06\/AdobeStock_1241585829-150x150.jpeg",150,150,true],"medium":["https:\/\/www.anika-net.de\/wp-content\/uploads\/2025\/06\/AdobeStock_1241585829-300x135.jpeg",300,135,true],"medium_large":["https:\/\/www.anika-net.de\/wp-content\/uploads\/2025\/06\/AdobeStock_1241585829-768x346.jpeg",640,288,true],"large":["https:\/\/www.anika-net.de\/wp-content\/uploads\/2025\/06\/AdobeStock_1241585829-1024x461.jpeg",640,288,true],"1536x1536":["https:\/\/www.anika-net.de\/wp-content\/uploads\/2025\/06\/AdobeStock_1241585829-1536x691.jpeg",1536,691,true],"2048x2048":["https:\/\/www.anika-net.de\/wp-content\/uploads\/2025\/06\/AdobeStock_1241585829-2048x922.jpeg",2048,922,true],"event-overview":["https:\/\/www.anika-net.de\/wp-content\/uploads\/2025\/06\/AdobeStock_1241585829-960x640.jpeg",960,640,true],"event-archive-thumb":["https:\/\/www.anika-net.de\/wp-content\/uploads\/2025\/06\/AdobeStock_1241585829-480x216.jpeg",480,216,true],"grid-item-thumbnail":["https:\/\/www.anika-net.de\/wp-content\/uploads\/2025\/06\/AdobeStock_1241585829-360x200.jpeg",360,200,true],"network-partner-icon":["https:\/\/www.anika-net.de\/wp-content\/uploads\/2025\/06\/AdobeStock_1241585829-100x100.jpeg",100,100,true],"organiser-icon":["https:\/\/www.anika-net.de\/wp-content\/uploads\/2025\/06\/AdobeStock_1241585829-200x200.jpeg",200,200,true],"gform-image-choice-sm":["https:\/\/www.anika-net.de\/wp-content\/uploads\/2025\/06\/AdobeStock_1241585829-scaled.jpeg",300,135,false],"gform-image-choice-md":["https:\/\/www.anika-net.de\/wp-content\/uploads\/2025\/06\/AdobeStock_1241585829-scaled.jpeg",400,180,false],"gform-image-choice-lg":["https:\/\/www.anika-net.de\/wp-content\/uploads\/2025\/06\/AdobeStock_1241585829-scaled.jpeg",600,270,false]},"post_excerpt_stackable_v2":"<p>C\u0103u\u00adta\u021bi \u00eendru\u00adma\u00adre, spri\u00adjin sau pe cine\u00adva care v\u0103 poa\u00adte aju\u00adta s\u0103 v\u0103 g\u0103si\u021bi dru\u00admul \u00een Karl\u00adsru\u00adhe? Men\u00adto\u00adrat \u00een Karl\u00adsru\u00adhe \u2014 Ob\u021bi\u00adne\u021bi spri\u00adjin, \u00eenv\u0103\u00ad\u021ba\u021bi, conec\u00adta\u021bi-v\u0103 V\u0103 aju\u00adt\u0103m s\u0103 v\u0103 insta\u00adla\u021bi, s\u0103 \u00eenv\u0103\u00ad\u021ba\u021bi \u0219i s\u0103 cre\u0219\u00adte\u021bi Sun\u00adte\u021bi nou \u00een Karl\u00adsru\u00adhe \u0219i c\u0103u\u00adta\u021bi spri\u00adjin, \u00eendru\u00adma\u00adre sau con\u00ade\u00adxiu\u00adne?Pro\u00adgra\u00adme\u00adle de men\u00adto\u00adrat v\u0103 pot aju\u00adta s\u0103 v\u0103 sim\u00ad\u021bi\u021bi ca aca\u00ads\u0103, s\u0103 \u00eenv\u0103\u00ad\u021ba\u021bi lim\u00adba, s\u0103 v\u0103 face\u021bi pri\u00ade\u00adte\u00adni \u0219i s\u0103 v\u0103 dezvol\u00adta\u021bi pro\u00adfe\u00adsio\u00adnal sau per\u00adso\u00adnal. Pe aceas\u00adt\u0103 pagi\u00adn\u0103, ve\u021bi g\u0103si o pre\u00adzen\u00adta\u00adre gene\u00adra\u00adl\u0103 a ini\u00ad\u021bia\u00adti\u00adve\u00adlor de men\u00adto\u00adrat ofe\u00adri\u00adte de dife\u00adri\u00adte orga\u00adni\u00adza\u00ad\u021bii din Karl\u00adsru\u00adhe \u2014 pen\u00adtru stu\u00adden\u021bi, nou-veni\u021bi, migran\u021bi \u0219i ori\u00adci\u00adne dore\u0219\u00adte s\u0103 spri\u00adji\u00adne sau s\u0103 fie sprijinit.\u2026<\/p>\n","category_list_v2":"","author_info_v2":{"name":"Andrea Ramirez","url":"https:\/\/www.anika-net.de\/ro\/author\/andrea-ramirez\/"},"comments_num_v2":"0 comments","uagb_featured_image_src":{"full":["https:\/\/www.anika-net.de\/wp-content\/uploads\/2025\/06\/AdobeStock_1241585829-scaled.jpeg",2560,1152,false],"thumbnail":["https:\/\/www.anika-net.de\/wp-content\/uploads\/2025\/06\/AdobeStock_1241585829-150x150.jpeg",150,150,true],"medium":["https:\/\/www.anika-net.de\/wp-content\/uploads\/2025\/06\/AdobeStock_1241585829-300x135.jpeg",300,135,true],"medium_large":["https:\/\/www.anika-net.de\/wp-content\/uploads\/2025\/06\/AdobeStock_1241585829-768x346.jpeg",640,288,true],"large":["https:\/\/www.anika-net.de\/wp-content\/uploads\/2025\/06\/AdobeStock_1241585829-1024x461.jpeg",640,288,true],"1536x1536":["https:\/\/www.anika-net.de\/wp-content\/uploads\/2025\/06\/AdobeStock_1241585829-1536x691.jpeg",1536,691,true],"2048x2048":["https:\/\/www.anika-net.de\/wp-content\/uploads\/2025\/06\/AdobeStock_1241585829-2048x922.jpeg",2048,922,true],"event-overview":["https:\/\/www.anika-net.de\/wp-content\/uploads\/2025\/06\/AdobeStock_1241585829-960x640.jpeg",960,640,true],"event-archive-thumb":["https:\/\/www.anika-net.de\/wp-content\/uploads\/2025\/06\/AdobeStock_1241585829-480x216.jpeg",480,216,true],"grid-item-thumbnail":["https:\/\/www.anika-net.de\/wp-content\/uploads\/2025\/06\/AdobeStock_1241585829-360x200.jpeg",360,200,true],"network-partner-icon":["https:\/\/www.anika-net.de\/wp-content\/uploads\/2025\/06\/AdobeStock_1241585829-100x100.jpeg",100,100,true],"organiser-icon":["https:\/\/www.anika-net.de\/wp-content\/uploads\/2025\/06\/AdobeStock_1241585829-200x200.jpeg",200,200,true],"gform-image-choice-sm":["https:\/\/www.anika-net.de\/wp-content\/uploads\/2025\/06\/AdobeStock_1241585829-scaled.jpeg",300,135,false],"gform-image-choice-md":["https:\/\/www.anika-net.de\/wp-content\/uploads\/2025\/06\/AdobeStock_1241585829-scaled.jpeg",400,180,false],"gform-image-choice-lg":["https:\/\/www.anika-net.de\/wp-content\/uploads\/2025\/06\/AdobeStock_1241585829-scaled.jpeg",600,270,false]},"uagb_author_info":{"display_name":"Andrea Ramirez","author_link":"https:\/\/www.anika-net.de\/ro\/author\/andrea-ramirez\/"},"uagb_comment_info":0,"uagb_excerpt":"C\u0103u\u00adta\u021bi \u00eendru\u00adma\u00adre, spri\u00adjin sau pe cine\u00adva care v\u0103 poa\u00adte aju\u00adta s\u0103 v\u0103 g\u0103si\u021bi dru\u00admul \u00een Karlsruhe? Men\u00adto\u00adrat \u00een Karl\u00adsru\u00adhe - Ob\u021bi\u00adne\u021bi spri\u00adjin, \u00eenv\u0103\u00ad\u021ba\u021bi, conecta\u021bi-v\u0103 V\u0103 aju\u00adt\u0103m s\u0103 v\u0103 insta\u00adla\u021bi, s\u0103&nbsp;Citi\u021bi mai mult","_links":{"self":[{"href":"https:\/\/www.anika-net.de\/ro\/wp-json\/wp\/v2\/event\/62854","targetHints":{"allow":["GET"]}}],"collection":[{"href":"https:\/\/www.anika-net.de\/ro\/wp-json\/wp\/v2\/event"}],"about":[{"href":"https:\/\/www.anika-net.de\/ro\/wp-json\/wp\/v2\/types\/event"}],"author":[{"embeddable":true,"href":"https:\/\/www.anika-net.de\/ro\/wp-json\/wp\/v2\/users\/12"}],"version-history":[{"count":0,"href":"https:\/\/www.anika-net.de\/ro\/wp-json\/wp\/v2\/event\/62854\/revisions"}],"acf:post":[{"embeddable":true,"href":"https:\/\/www.anika-net.de\/ro\/wp-json\/wp\/v2\/organiser\/63994"}],"acf:term":[{"embeddable":true,"taxonomy":"event_category","href":"https:\/\/www.anika-net.de\/ro\/wp-json\/wp\/v2\/event_category\/81"}],"wp:featuredmedia":[{"embeddable":true,"href":"https:\/\/www.anika-net.de\/ro\/wp-json\/wp\/v2\/media\/63265"}],"wp:attachment":[{"href":"https:\/\/www.anika-net.de\/ro\/wp-json\/wp\/v2\/media?parent=62854"}],"curies":[{"name":"wp","href":"https:\/\/api.w.org\/{rel}","templated":true}]}}