{"id":61553,"date":"2025-05-20T14:11:07","date_gmt":"2025-05-20T12:11:07","guid":{"rendered":"https:\/\/www.anika-net.de\/event\/atelier-familiile-in-biblioteca-de-maine\/"},"modified":"2025-05-20T14:11:07","modified_gmt":"2025-05-20T12:11:07","slug":"atelier-familiile-in-biblioteca-de-maine","status":"publish","type":"event","link":"https:\/\/www.anika-net.de\/ro\/event\/atelier-familiile-in-biblioteca-de-maine\/","title":{"rendered":"Ate\u00adli\u00ader \u2014 Fami\u00adli\u00adi\u00adle \u00een bibli\u00ado\u00adte\u00adca de&nbsp;m\u00e2ine"},"content":{"rendered":"<h3><span style=\"color: #666699;\">Bibli\u00ado\u00adte\u00adca muni\u00adci\u00adpa\u00adl\u0103 Karlsruhe<\/span><\/h3>\n<h1><span style=\"color: #800080;\">Vii\u00adto\u00adrul ate\u00adli\u00ader&nbsp;I:<\/span><br>\n<span style=\"color: #333399;\">\u201cF\u0103\u2011o a ta: Fami\u00adli\u00adi\u00adle \u00een bibli\u00ado\u00adte\u00adca de&nbsp;m\u00e2ine<\/span><\/h1>\n<p><strong>Ave\u021bi copii?<\/strong><br>\nV\u0103 invi\u00adt\u0103m s\u0103 v\u0103 al\u0103\u00adtu\u00adra\u021bi g\u00e2n\u00addi\u00adrii noas\u00adtre cu pri\u00advi\u00adre la bibli\u00ado\u00adte\u00adca de&nbsp;m\u00e2ine.<br>\nSun\u00adtem inte\u00adre\u00adsa\u021bi de schim\u00adbul liber de idei din toa\u00adte punc\u00adte\u00adle de vedere.<\/p>\n<h4><strong><span style=\"color: #008080;\">Pro\u00adgram zil\u00adnic<\/span> <\/strong><\/h4>\n<p>3 pm: Sosi\u00adre cu&nbsp;tur<br>\n3:30 pm: Ate\u00adli\u00ader de&nbsp;lucru<br>\n6 pm: Schimb cu gust\u0103ri<\/p>\n<p>\u270d\ud83c\udffc <span style=\"color: #800080;\"><strong>\u00cenre\u00adgis\u00adtra\u00adre prin tele\u00adfon sau e\u2011mail<\/strong> <\/span> <\/p>\n","protected":false},"author":12,"featured_media":61537,"template":"","class_list":["post-61553","event","type-event","status-publish","has-post-thumbnail","hentry","event_category-timp-liber"],"acf":{"event-recurring":false,"event-category":83,"event-is-language-course":false,"event-recurring-still-active":true,"event-display-details":true,"event-schedules-recurring":null,"event-schedules-calendar":[{"event-calendar-day":"20250705","event-calendar-time":"15:00","event-calendar-time-text":""}],"event-is-online":false,"event-online-url":"","event-location-building":" Stadtbibliothek in the new St\u00e4ndehaus","event-location-street":" St\u00e4ndehausstra\u00dfe 2","event-location-zip":"76133","event-location-city":"Karlsruhe","event-location-contact-person":"Franziska Wagne","event-location-phone":"0721 133-1212","event-location-phone-2":"","event-location-mail":"bme@afsta.karlsruhe.de","event-location-mail-2":"bibliothekspaedagogik@kultur.karlsruhe.de","event-location-website":"https:\/\/kalender.karlsruhe.de\/db\/termine\/literatur\/workshop_zukunftsworkshop_i_make_it","event-target-group":[{"target-group":"parents"}],"event-target-group-comment":"","event-free":true,"event-organiser":[50537],"event-header-copyright-overlay":true,"event-copyright-note-description-end":false},"featured_image_urls_v2":{"full":["https:\/\/www.anika-net.de\/wp-content\/uploads\/2025\/05\/Bibliothek.png",786,519,false],"thumbnail":["https:\/\/www.anika-net.de\/wp-content\/uploads\/2025\/05\/Bibliothek-150x150.png",150,150,true],"medium":["https:\/\/www.anika-net.de\/wp-content\/uploads\/2025\/05\/Bibliothek-300x198.png",300,198,true],"medium_large":["https:\/\/www.anika-net.de\/wp-content\/uploads\/2025\/05\/Bibliothek-768x507.png",640,423,true],"large":["https:\/\/www.anika-net.de\/wp-content\/uploads\/2025\/05\/Bibliothek.png",640,423,false],"1536x1536":["https:\/\/www.anika-net.de\/wp-content\/uploads\/2025\/05\/Bibliothek.png",786,519,false],"2048x2048":["https:\/\/www.anika-net.de\/wp-content\/uploads\/2025\/05\/Bibliothek.png",786,519,false],"event-overview":["https:\/\/www.anika-net.de\/wp-content\/uploads\/2025\/05\/Bibliothek.png",786,519,false],"event-archive-thumb":["https:\/\/www.anika-net.de\/wp-content\/uploads\/2025\/05\/Bibliothek-480x317.png",480,317,true],"grid-item-thumbnail":["https:\/\/www.anika-net.de\/wp-content\/uploads\/2025\/05\/Bibliothek-360x200.png",360,200,true],"network-partner-icon":["https:\/\/www.anika-net.de\/wp-content\/uploads\/2025\/05\/Bibliothek-100x100.png",100,100,true],"organiser-icon":["https:\/\/www.anika-net.de\/wp-content\/uploads\/2025\/05\/Bibliothek-200x200.png",200,200,true],"gform-image-choice-sm":["https:\/\/www.anika-net.de\/wp-content\/uploads\/2025\/05\/Bibliothek.png",300,198,false],"gform-image-choice-md":["https:\/\/www.anika-net.de\/wp-content\/uploads\/2025\/05\/Bibliothek.png",400,264,false],"gform-image-choice-lg":["https:\/\/www.anika-net.de\/wp-content\/uploads\/2025\/05\/Bibliothek.png",600,396,false]},"post_excerpt_stackable_v2":"<p>Bibli\u00ado\u00adte\u00adca muni\u00adci\u00adpa\u00adl\u0103 Karl\u00adsru\u00adhe Vii\u00adto\u00adrul ate\u00adli\u00ader&nbsp;I: \u201cF\u0103\u2011o a ta: Fami\u00adli\u00adi\u00adle \u00een bibli\u00ado\u00adte\u00adca de&nbsp;m\u00e2i\u00adne Ave\u021bi copii? V\u0103 invi\u00adt\u0103m s\u0103 v\u0103 al\u0103\u00adtu\u00adra\u021bi g\u00e2n\u00addi\u00adrii noas\u00adtre cu pri\u00advi\u00adre la bibli\u00ado\u00adte\u00adca de&nbsp;m\u00e2i\u00adne. Sun\u00adtem inte\u00adre\u00adsa\u021bi de schim\u00adbul liber de idei din toa\u00adte punc\u00adte\u00adle de vede\u00adre. Pro\u00adgram zil\u00adnic 3 pm: Sosi\u00adre cu&nbsp;tur 3:30 pm: Ate\u00adli\u00ader de&nbsp;lucru 6 pm: Schimb cu gus\u00adt\u0103ri \u270d\ud83c\udffc \u00cenre\u00adgis\u00adtra\u00adre prin tele\u00adfon sau e\u2011mail<\/p>\n","category_list_v2":"","author_info_v2":{"name":"Andrea Ramirez","url":"https:\/\/www.anika-net.de\/ro\/author\/andrea-ramirez\/"},"comments_num_v2":"0 comments","uagb_featured_image_src":{"full":["https:\/\/www.anika-net.de\/wp-content\/uploads\/2025\/05\/Bibliothek.png",786,519,false],"thumbnail":["https:\/\/www.anika-net.de\/wp-content\/uploads\/2025\/05\/Bibliothek-150x150.png",150,150,true],"medium":["https:\/\/www.anika-net.de\/wp-content\/uploads\/2025\/05\/Bibliothek-300x198.png",300,198,true],"medium_large":["https:\/\/www.anika-net.de\/wp-content\/uploads\/2025\/05\/Bibliothek-768x507.png",640,423,true],"large":["https:\/\/www.anika-net.de\/wp-content\/uploads\/2025\/05\/Bibliothek.png",640,423,false],"1536x1536":["https:\/\/www.anika-net.de\/wp-content\/uploads\/2025\/05\/Bibliothek.png",786,519,false],"2048x2048":["https:\/\/www.anika-net.de\/wp-content\/uploads\/2025\/05\/Bibliothek.png",786,519,false],"event-overview":["https:\/\/www.anika-net.de\/wp-content\/uploads\/2025\/05\/Bibliothek.png",786,519,false],"event-archive-thumb":["https:\/\/www.anika-net.de\/wp-content\/uploads\/2025\/05\/Bibliothek-480x317.png",480,317,true],"grid-item-thumbnail":["https:\/\/www.anika-net.de\/wp-content\/uploads\/2025\/05\/Bibliothek-360x200.png",360,200,true],"network-partner-icon":["https:\/\/www.anika-net.de\/wp-content\/uploads\/2025\/05\/Bibliothek-100x100.png",100,100,true],"organiser-icon":["https:\/\/www.anika-net.de\/wp-content\/uploads\/2025\/05\/Bibliothek-200x200.png",200,200,true],"gform-image-choice-sm":["https:\/\/www.anika-net.de\/wp-content\/uploads\/2025\/05\/Bibliothek.png",300,198,false],"gform-image-choice-md":["https:\/\/www.anika-net.de\/wp-content\/uploads\/2025\/05\/Bibliothek.png",400,264,false],"gform-image-choice-lg":["https:\/\/www.anika-net.de\/wp-content\/uploads\/2025\/05\/Bibliothek.png",600,396,false]},"uagb_author_info":{"display_name":"Andrea Ramirez","author_link":"https:\/\/www.anika-net.de\/ro\/author\/andrea-ramirez\/"},"uagb_comment_info":0,"uagb_excerpt":"Bibli\u00ado\u00adte\u00adca muni\u00adci\u00adpa\u00adl\u0103 Karlsruhe Vii\u00adto\u00adrul ate\u00adli\u00ader&nbsp;I: \u201cF\u0103\u2011o a ta: Fami\u00adli\u00adi\u00adle \u00een bibli\u00ado\u00adte\u00adca de&nbsp;m\u00e2ine Ave\u021bi copii? V\u0103 invi\u00adt\u0103m s\u0103 v\u0103 al\u0103\u00adtu\u00adra\u021bi g\u00e2n\u00addi\u00adrii noas\u00adtre cu pri\u00advi\u00adre la bibli\u00ado\u00adte\u00adca de&nbsp;m\u00e2ine. Sun\u00adtem inte\u00adre\u00adsa\u021bi de schim\u00adbul&nbsp;Citi\u021bi mai mult","_links":{"self":[{"href":"https:\/\/www.anika-net.de\/ro\/wp-json\/wp\/v2\/event\/61553","targetHints":{"allow":["GET"]}}],"collection":[{"href":"https:\/\/www.anika-net.de\/ro\/wp-json\/wp\/v2\/event"}],"about":[{"href":"https:\/\/www.anika-net.de\/ro\/wp-json\/wp\/v2\/types\/event"}],"author":[{"embeddable":true,"href":"https:\/\/www.anika-net.de\/ro\/wp-json\/wp\/v2\/users\/12"}],"version-history":[{"count":0,"href":"https:\/\/www.anika-net.de\/ro\/wp-json\/wp\/v2\/event\/61553\/revisions"}],"acf:post":[{"embeddable":true,"href":"https:\/\/www.anika-net.de\/ro\/wp-json\/wp\/v2\/organiser\/50537"}],"acf:term":[{"embeddable":true,"taxonomy":"event_category","href":"https:\/\/www.anika-net.de\/ro\/wp-json\/wp\/v2\/event_category\/83"}],"wp:featuredmedia":[{"embeddable":true,"href":"https:\/\/www.anika-net.de\/ro\/wp-json\/wp\/v2\/media\/61537"}],"wp:attachment":[{"href":"https:\/\/www.anika-net.de\/ro\/wp-json\/wp\/v2\/media?parent=61553"}],"curies":[{"name":"wp","href":"https:\/\/api.w.org\/{rel}","templated":true}]}}