{"id":61520,"date":"2025-05-20T12:17:35","date_gmt":"2025-05-20T10:17:35","guid":{"rendered":"https:\/\/www.anika-net.de\/event\/pregatirea-pentru-nastere-din-burta-in-burta-pentru-adolescentele-insarcinate\/"},"modified":"2025-05-20T12:17:35","modified_gmt":"2025-05-20T10:17:35","slug":"pregatirea-pentru-nastere-din-burta-in-burta-pentru-adolescentele-insarcinate","status":"publish","type":"event","link":"https:\/\/www.anika-net.de\/ro\/event\/pregatirea-pentru-nastere-din-burta-in-burta-pentru-adolescentele-insarcinate\/","title":{"rendered":"Pre\u00adg\u0103\u00adti\u00adrea pen\u00adtru na\u0219\u00adte\u00adre \u201cdin bur\u00adt\u0103 \u00een bur\u00adt\u0103\u201d pen\u00adtru ado\u00adles\u00adcen\u00adte\u00adle \u00eens\u0103rcinate"},"content":{"rendered":"<h3><span style=\"color: #666699;\">pro fami\u00adlia<\/span><\/h3>\n<h1><span style=\"color: #ffcc00;\">Pre\u00adg\u0103\u00adti\u00adrea pen\u00adtru na\u0219\u00adte\u00adre \u201cdin bur\u00adt\u0103 \u00een bur\u00adt\u0103\u201d pen\u00adtru ado\u00adles\u00adcen\u00adte\u00adle \u00eens\u0103rcinate<br>\n<\/span><\/h1>\n<p>Cur\u00adsul <strong>\u201cDin bur\u00adt\u0103 \u00een bur\u00adt\u0103\u201d<\/strong> este ofe\u00adrit \u00een spe\u00adcial feme\u00adi\u00adlor tine\u00adre \u00eens\u0103r\u00adci\u00adna\u00adte, care doresc s\u0103 fie \u00eenso\u00ad\u021bi\u00adte \u0219i spri\u00adji\u00adni\u00adte \u00een tim\u00adpul sar\u00adci\u00adnii&nbsp;lor.<br>\nDorim s\u0103 ne pre\u00adg\u0103\u00adtim intens pen\u00adtru na\u0219\u00adte\u00adre, dar s\u0103 lu\u0103m \u00een con\u00adsi\u00adde\u00adra\u00adre \u0219i situ\u00ada\u00ad\u021bia spe\u00adcia\u00adl\u0103 a adolescen\u021bilor.<\/p>\n<p><strong>Cur\u00adsul este con\u00addus de o moa\u00ad\u0219\u0103 \u0219i de un lucr\u0103\u00adtor \u00een edu\u00adca\u00ad\u021bie social\u0103.<\/strong><\/p>\n<p><strong><span style=\"color: #008080;\">Pre\u00adg\u0103\u00adti\u00adrea pen\u00adtru na\u0219\u00adte\u00adre include<\/span><\/strong><\/p>\n<ul>\n<li>Infor\u00adma\u00ad\u021bii des\u00adpre na\u0219tere<\/li>\n<li>Meto\u00adde de relaxare<\/li>\n<li>Teh\u00adnici de respira\u021bie<\/li>\n<li>Recu\u00adnoa\u0219\u00adte\u00adrea sem\u00adna\u00adle\u00adlor organismului<\/li>\n<li>\u00cengri\u00adji\u00adrea copilului<\/li>\n<\/ul>\n<p><span style=\"color: #008080;\"><strong>Alte subiec\u00adte importante:<\/strong><\/span><\/p>\n<ul>\n<li>  \u00centre\u00adb\u0103ri cu pri\u00advi\u00adre la custodie<\/li>\n<li>Asis\u00adten\u00ad\u021b\u0103 financiar\u0103<\/li>\n<li>Drep\u00adtu\u00adri\u00adle \u0219i \u00eenda\u00adto\u00adri\u00adri\u00adle vii\u00adto\u00adru\u00adlui&nbsp;tat\u0103<\/li>\n<li>Efec\u00adte asu\u00adpra rela\u00ad\u021bi\u00adi\u00adlor (par\u00adte\u00adneri, p\u0103rin\u021bi)<\/li>\n<li>\u201cCum m\u0103 v\u0103d eu ca&nbsp;mam\u0103?\u201d<\/li>\n<\/ul>\n","protected":false},"author":12,"featured_media":61502,"template":"","class_list":["post-61520","event","type-event","status-publish","has-post-thumbnail","hentry","event_category-asistenta"],"acf":{"event-recurring":false,"event-category":81,"event-is-language-course":false,"event-recurring-still-active":true,"event-display-details":true,"event-schedules-recurring":null,"event-schedules-calendar":[{"event-calendar-day":"20250714","event-calendar-time":"16:00 \u2013 18:00","event-calendar-time-text":""},{"event-calendar-day":"20250721","event-calendar-time":"16:00 \u2013 18:00","event-calendar-time-text":""},{"event-calendar-day":"20250728","event-calendar-time":"16:00 \u2013 18:00","event-calendar-time-text":""},{"event-calendar-day":"20250804","event-calendar-time":"16:00 \u2013 18:00","event-calendar-time-text":""},{"event-calendar-day":"20250811","event-calendar-time":"16:00 \u2013 18:00","event-calendar-time-text":""},{"event-calendar-day":"20250818","event-calendar-time":"16:00 \u2013 18:00","event-calendar-time-text":""},{"event-calendar-day":"20250825","event-calendar-time":"16:00 \u2013 18:00","event-calendar-time-text":""}],"event-is-online":false,"event-online-url":"","event-location-building":"Pro familia","event-location-street":" Leopoldstr. 5","event-location-zip":"76133","event-location-city":"Karlsruhe","event-location-contact-person":"Familienhebamme Birgit Kr\u00e4nzler-Haas \/ Sabine Wei\u00df","event-location-phone":"01575 1059005","event-location-phone-2":"","event-location-mail":"birgit.kraenzler-haas@profamilia.de","event-location-mail-2":"sabine.weiss@profamilia.de","event-location-website":"https:\/\/www.profamilia.de\/angebote-vor-ort\/baden-wuerttemberg\/beratungsstelle-karlsruhe","event-target-group":null,"event-target-group-comment":"pentru femeile adolescente \u00eens\u0103rcinate","event-free":true,"event-organiser":[16421],"event-header-copyright-overlay":true,"event-copyright-note-description-end":false},"featured_image_urls_v2":{"full":["https:\/\/www.anika-net.de\/wp-content\/uploads\/2025\/05\/bauch-an-bauch.png",461,395,false],"thumbnail":["https:\/\/www.anika-net.de\/wp-content\/uploads\/2025\/05\/bauch-an-bauch-150x150.png",150,150,true],"medium":["https:\/\/www.anika-net.de\/wp-content\/uploads\/2025\/05\/bauch-an-bauch-300x257.png",300,257,true],"medium_large":["https:\/\/www.anika-net.de\/wp-content\/uploads\/2025\/05\/bauch-an-bauch.png",461,395,false],"large":["https:\/\/www.anika-net.de\/wp-content\/uploads\/2025\/05\/bauch-an-bauch.png",461,395,false],"1536x1536":["https:\/\/www.anika-net.de\/wp-content\/uploads\/2025\/05\/bauch-an-bauch.png",461,395,false],"2048x2048":["https:\/\/www.anika-net.de\/wp-content\/uploads\/2025\/05\/bauch-an-bauch.png",461,395,false],"event-overview":["https:\/\/www.anika-net.de\/wp-content\/uploads\/2025\/05\/bauch-an-bauch.png",461,395,false],"event-archive-thumb":["https:\/\/www.anika-net.de\/wp-content\/uploads\/2025\/05\/bauch-an-bauch.png",461,395,false],"grid-item-thumbnail":["https:\/\/www.anika-net.de\/wp-content\/uploads\/2025\/05\/bauch-an-bauch-360x200.png",360,200,true],"network-partner-icon":["https:\/\/www.anika-net.de\/wp-content\/uploads\/2025\/05\/bauch-an-bauch-100x100.png",100,100,true],"organiser-icon":["https:\/\/www.anika-net.de\/wp-content\/uploads\/2025\/05\/bauch-an-bauch-200x200.png",200,200,true],"gform-image-choice-sm":["https:\/\/www.anika-net.de\/wp-content\/uploads\/2025\/05\/bauch-an-bauch.png",300,257,false],"gform-image-choice-md":["https:\/\/www.anika-net.de\/wp-content\/uploads\/2025\/05\/bauch-an-bauch.png",400,343,false],"gform-image-choice-lg":["https:\/\/www.anika-net.de\/wp-content\/uploads\/2025\/05\/bauch-an-bauch.png",461,395,false]},"post_excerpt_stackable_v2":"<p>pro fami\u00adlia Pre\u00adg\u0103\u00adti\u00adrea pen\u00adtru na\u0219\u00adte\u00adre \u201cdin bur\u00adt\u0103 \u00een bur\u00adt\u0103\u201d pen\u00adtru ado\u00adles\u00adcen\u00adte\u00adle \u00eens\u0103r\u00adci\u00adna\u00adte Cur\u00adsul \u201cDin bur\u00adt\u0103 \u00een bur\u00adt\u0103\u201d este ofe\u00adrit \u00een spe\u00adcial feme\u00adi\u00adlor tine\u00adre \u00eens\u0103r\u00adci\u00adna\u00adte, care doresc s\u0103 fie \u00eenso\u00ad\u021bi\u00adte \u0219i spri\u00adji\u00adni\u00adte \u00een tim\u00adpul sar\u00adci\u00adnii&nbsp;lor. Dorim s\u0103 ne pre\u00adg\u0103\u00adtim intens pen\u00adtru na\u0219\u00adte\u00adre, dar s\u0103 lu\u0103m \u00een con\u00adsi\u00adde\u00adra\u00adre \u0219i situ\u00ada\u00ad\u021bia spe\u00adcia\u00adl\u0103 a ado\u00adles\u00adcen\u00ad\u021bi\u00adlor. Cur\u00adsul este con\u00addus de o moa\u00ad\u0219\u0103 \u0219i de un lucr\u0103\u00adtor \u00een edu\u00adca\u00ad\u021bie soci\u00ada\u00adl\u0103. Pre\u00adg\u0103\u00adti\u00adrea pen\u00adtru na\u0219\u00adte\u00adre inclu\u00adde Infor\u00adma\u00ad\u021bii des\u00adpre na\u0219\u00adte\u00adre Meto\u00adde de rela\u00adxa\u00adre Teh\u00adnici de res\u00adpi\u00adra\u00ad\u021bie Recu\u00adnoa\u0219\u00adte\u00adrea sem\u00adna\u00adle\u00adlor orga\u00adnis\u00admu\u00adlui \u00cengri\u00adji\u00adrea copi\u00adlu\u00adlui Alte subiec\u00adte impor\u00adtan\u00adte: \u00centre\u00adb\u0103ri cu pri\u00advi\u00adre la cus\u00adto\u00addie Asis\u00adten\u00ad\u021b\u0103 finan\u00adci\u00ada\u00adr\u0103 Drep\u00adtu\u00adri\u00adle \u0219i \u00eenda\u00adto\u00adri\u00adri\u00adle vii\u00adto\u00adru\u00adlui&nbsp;tat\u0103 Efec\u00adte asu\u00adpra rela\u00ad\u021bi\u00adi\u00adlor (par\u00adte\u00adneri,\u2026<\/p>\n","category_list_v2":"","author_info_v2":{"name":"Andrea Ramirez","url":"https:\/\/www.anika-net.de\/ro\/author\/andrea-ramirez\/"},"comments_num_v2":"0 comments","uagb_featured_image_src":{"full":["https:\/\/www.anika-net.de\/wp-content\/uploads\/2025\/05\/bauch-an-bauch.png",461,395,false],"thumbnail":["https:\/\/www.anika-net.de\/wp-content\/uploads\/2025\/05\/bauch-an-bauch-150x150.png",150,150,true],"medium":["https:\/\/www.anika-net.de\/wp-content\/uploads\/2025\/05\/bauch-an-bauch-300x257.png",300,257,true],"medium_large":["https:\/\/www.anika-net.de\/wp-content\/uploads\/2025\/05\/bauch-an-bauch.png",461,395,false],"large":["https:\/\/www.anika-net.de\/wp-content\/uploads\/2025\/05\/bauch-an-bauch.png",461,395,false],"1536x1536":["https:\/\/www.anika-net.de\/wp-content\/uploads\/2025\/05\/bauch-an-bauch.png",461,395,false],"2048x2048":["https:\/\/www.anika-net.de\/wp-content\/uploads\/2025\/05\/bauch-an-bauch.png",461,395,false],"event-overview":["https:\/\/www.anika-net.de\/wp-content\/uploads\/2025\/05\/bauch-an-bauch.png",461,395,false],"event-archive-thumb":["https:\/\/www.anika-net.de\/wp-content\/uploads\/2025\/05\/bauch-an-bauch.png",461,395,false],"grid-item-thumbnail":["https:\/\/www.anika-net.de\/wp-content\/uploads\/2025\/05\/bauch-an-bauch-360x200.png",360,200,true],"network-partner-icon":["https:\/\/www.anika-net.de\/wp-content\/uploads\/2025\/05\/bauch-an-bauch-100x100.png",100,100,true],"organiser-icon":["https:\/\/www.anika-net.de\/wp-content\/uploads\/2025\/05\/bauch-an-bauch-200x200.png",200,200,true],"gform-image-choice-sm":["https:\/\/www.anika-net.de\/wp-content\/uploads\/2025\/05\/bauch-an-bauch.png",300,257,false],"gform-image-choice-md":["https:\/\/www.anika-net.de\/wp-content\/uploads\/2025\/05\/bauch-an-bauch.png",400,343,false],"gform-image-choice-lg":["https:\/\/www.anika-net.de\/wp-content\/uploads\/2025\/05\/bauch-an-bauch.png",461,395,false]},"uagb_author_info":{"display_name":"Andrea Ramirez","author_link":"https:\/\/www.anika-net.de\/ro\/author\/andrea-ramirez\/"},"uagb_comment_info":0,"uagb_excerpt":"pro fami\u00adlia Pre\u00adg\u0103\u00adti\u00adrea pen\u00adtru na\u0219\u00adte\u00adre \u201cdin bur\u00adt\u0103 \u00een bur\u00adt\u0103\u201d pen\u00adtru ado\u00adles\u00adcen\u00adte\u00adle \u00eens\u0103rcinate Cur\u00adsul \u201cDin bur\u00adt\u0103 \u00een bur\u00adt\u0103\u201d este ofe\u00adrit \u00een spe\u00adcial feme\u00adi\u00adlor tine\u00adre \u00eens\u0103r\u00adci\u00adna\u00adte, care doresc s\u0103 fie \u00eenso\u00ad\u021bi\u00adte \u0219i&nbsp;Citi\u021bi mai mult","_links":{"self":[{"href":"https:\/\/www.anika-net.de\/ro\/wp-json\/wp\/v2\/event\/61520","targetHints":{"allow":["GET"]}}],"collection":[{"href":"https:\/\/www.anika-net.de\/ro\/wp-json\/wp\/v2\/event"}],"about":[{"href":"https:\/\/www.anika-net.de\/ro\/wp-json\/wp\/v2\/types\/event"}],"author":[{"embeddable":true,"href":"https:\/\/www.anika-net.de\/ro\/wp-json\/wp\/v2\/users\/12"}],"version-history":[{"count":0,"href":"https:\/\/www.anika-net.de\/ro\/wp-json\/wp\/v2\/event\/61520\/revisions"}],"acf:post":[{"embeddable":true,"href":"https:\/\/www.anika-net.de\/ro\/wp-json\/wp\/v2\/organiser\/16421"}],"acf:term":[{"embeddable":true,"taxonomy":"event_category","href":"https:\/\/www.anika-net.de\/ro\/wp-json\/wp\/v2\/event_category\/81"}],"wp:featuredmedia":[{"embeddable":true,"href":"https:\/\/www.anika-net.de\/ro\/wp-json\/wp\/v2\/media\/61502"}],"wp:attachment":[{"href":"https:\/\/www.anika-net.de\/ro\/wp-json\/wp\/v2\/media?parent=61520"}],"curies":[{"name":"wp","href":"https:\/\/api.w.org\/{rel}","templated":true}]}}