{"id":61376,"date":"2025-05-19T10:47:07","date_gmt":"2025-05-19T08:47:07","guid":{"rendered":"https:\/\/www.anika-net.de\/event\/vino-si-sa-gatim-impreuna-mancare-peruviana\/"},"modified":"2026-02-12T12:00:27","modified_gmt":"2026-02-12T11:00:27","slug":"vino-si-sa-gatim-impreuna-mancare-peruviana","status":"publish","type":"event","link":"https:\/\/www.anika-net.de\/ro\/event\/vino-si-sa-gatim-impreuna-mancare-peruviana\/","title":{"rendered":"S\u0103 g\u0103tim! Bufet potlu\u00adck vegetarian"},"content":{"rendered":"<h3><span style=\"color: #666699;\">\u00dcber den Tel\u00adler\u00adrand Karlsruhe<\/span><\/h3>\n<h1><span style=\"color: #333399;\">S\u0103 g\u0103tim! Bufet potlu\u00adck vegetarian&nbsp;<\/span><\/h1>\n<div>\n<div>\n<div class=\"elementToProof\">De data aceas\u00adta am dori s\u0103 avem un bufet vege\u00adta\u00adri\u00adan <b>\u00eempre\u00adu\u00adn\u0103<\/b>!<\/div>\n<div class=\"elementToProof\"> <\/div>\n<div class=\"elementToProof\">Tu vii cu o re\u021be\u00adt\u0103 vege\u00adta\u00adri\u00ada\u00adn\u0103, aduci ingre\u00addien\u00adte\u00adle \u0219i o vom g\u0103ti \u00eempre\u00adu\u00adn\u0103 la fa\u021ba locului.&nbsp;<\/div>\n<div class=\"elementToProof\"> <\/div>\n<div class=\"elementToProof\">De data aceas\u00adta ne vom \u00eent\u00e2l\u00adni pe <b>7 mar\u00adtie 2026, la ora 16:00, <\/b>la cen\u00adtrul comu\u00adni\u00adtar al Bise\u00adri\u00adcii Evan\u00adghe\u00adli\u00adce Lukas, Hagen\u00adstr. 7, Karl\u00adsru\u00adhe-West. \u00cen acel moment, ne vom afla \u00een luna de post musul\u00adma\u00adn\u0103 a Rama\u00adda\u00adnu\u00adlui \u0219i vom m\u00e2n\u00adca prompt la ora 18:20.  <\/div>\n<\/div>\n<\/div>\n\n<p><strong>V\u0103 rug\u0103m s\u0103 v\u0103 \u00eenscri\u00ade\u021bi p\u00e2n\u0103 la 4 mar\u00adtie<\/strong>. <strong>Cu c\u00e2t mai repe\u00adde, cu at\u00e2t mai bine pen\u00adtru pla\u00adni\u00adfi\u00adca\u00adre!<\/strong> V\u0103 pute\u021bi \u00eenscrie prin e\u2011mail \u0219i\/sau prin ade\u00adra\u00adrea la acest <strong><a href=\"https:\/\/chat.whatsapp.com\/CwrvlDUK6scJ6D4P44eYYL?mode=gi_t\" rel=\"noopener\">grup What\u00adsA\u00adpp<\/a><\/strong><\/p>\n\n<p><strong>\ud83c\udf74 <\/strong>Am dori s\u0103 evi\u00adt\u0103m risi\u00adpa de m\u00e2n\u00adca\u00adre sau s\u0103 nu avem sufi\u00adcien\u00adt\u0103 pen\u00adtru toa\u00adt\u0103 lumea.<strong><br>V\u0103 rug\u0103m s\u0103 ne anun\u00ad\u021ba\u021bi dac\u0103 nu pute\u021bi veni.<\/strong><\/p>\n\n<h4 class=\"wp-block-heading\">Abea a\u0219tept sa te&nbsp;v\u0103d!<\/h4>\n\n<p><em><span style=\"color: #6c6b6b;\" class=\"stk-highlight\">La \u00dcber den Tel\u00adler\u00adrand, cre\u0103m spa\u00ad\u021bii \u00een care oameni din medii dife\u00adri\u00adte se pot conec\u00adta \u00een con\u00addi\u00ad\u021bii ega\u00adle \u0219i pot lega pri\u00ade\u00adte\u00adnii. Sco\u00adpul nos\u00adtru este s\u0103 con\u00adstruim pun\u021bi \u00eentre cul\u00adturi prin g\u0103tit \u0219i m\u00e2n\u00adcat \u00eempreun\u0103.&nbsp;<\/span><\/em><\/p>\n","protected":false},"author":12,"featured_media":119204,"template":"","class_list":["post-61376","event","type-event","status-publish","has-post-thumbnail","hentry","event_category-timp-liber"],"acf":{"event-recurring":false,"event-category":83,"event-is-language-course":false,"event-recurring-still-active":true,"event-display-details":true,"event-schedules-recurring":null,"event-schedules-calendar":[{"event-calendar-day":"20260307","event-calendar-time":"16:00","event-calendar-time-text":"Termen limit\u0103 \u00cenregistrare"}],"event-is-online":false,"event-online-url":"","event-location-building":"Gemeindezentrum der evangelischen Lukas-Gemeinde","event-location-street":"Hagenstr. 7","event-location-zip":"76185","event-location-city":"Karlsruhe ","event-location-contact-person":"","event-location-phone":"","event-location-phone-2":"","event-location-mail":"karlsruhe@ueberdentellerrand.org","event-location-mail-2":"","event-location-website":"https:\/\/ueberdentellerrand.org\/satelliten\/karlsruhe\/","event-target-group":[{"target-group":"all"}],"event-target-group-comment":"","event-free":true,"event-organiser":[16594],"event-header-copyright-overlay":true,"event-copyright-note-description-end":false},"featured_image_urls_v2":{"full":["https:\/\/www.anika-net.de\/wp-content\/uploads\/2025\/05\/vegetarische-Buffet-scaled-e1770892651213.jpg",2560,1707,false],"thumbnail":["https:\/\/www.anika-net.de\/wp-content\/uploads\/2025\/05\/vegetarische-Buffet-150x150.jpg",150,150,true],"medium":["https:\/\/www.anika-net.de\/wp-content\/uploads\/2025\/05\/vegetarische-Buffet-300x200.jpg",300,200,true],"medium_large":["https:\/\/www.anika-net.de\/wp-content\/uploads\/2025\/05\/vegetarische-Buffet-768x512.jpg",640,427,true],"large":["https:\/\/www.anika-net.de\/wp-content\/uploads\/2025\/05\/vegetarische-Buffet-1024x683.jpg",640,427,true],"1536x1536":["https:\/\/www.anika-net.de\/wp-content\/uploads\/2025\/05\/vegetarische-Buffet-1536x1024.jpg",1536,1024,true],"2048x2048":["https:\/\/www.anika-net.de\/wp-content\/uploads\/2025\/05\/vegetarische-Buffet-2048x1365.jpg",2048,1365,true],"event-overview":["https:\/\/www.anika-net.de\/wp-content\/uploads\/2025\/05\/vegetarische-Buffet-960x640.jpg",960,640,true],"event-archive-thumb":["https:\/\/www.anika-net.de\/wp-content\/uploads\/2025\/05\/vegetarische-Buffet-480x320.jpg",480,320,true],"grid-item-thumbnail":["https:\/\/www.anika-net.de\/wp-content\/uploads\/2025\/05\/vegetarische-Buffet-360x200.jpg",360,200,true],"network-partner-icon":["https:\/\/www.anika-net.de\/wp-content\/uploads\/2025\/05\/vegetarische-Buffet-100x100.jpg",100,100,true],"organiser-icon":["https:\/\/www.anika-net.de\/wp-content\/uploads\/2025\/05\/vegetarische-Buffet-200x200.jpg",200,200,true],"gform-image-choice-sm":["https:\/\/www.anika-net.de\/wp-content\/uploads\/2025\/05\/vegetarische-Buffet-scaled-e1770892651213.jpg",300,200,false],"gform-image-choice-md":["https:\/\/www.anika-net.de\/wp-content\/uploads\/2025\/05\/vegetarische-Buffet-scaled-e1770892651213.jpg",400,267,false],"gform-image-choice-lg":["https:\/\/www.anika-net.de\/wp-content\/uploads\/2025\/05\/vegetarische-Buffet-scaled-e1770892651213.jpg",600,400,false]},"post_excerpt_stackable_v2":"<p>\u00dcber den Tel\u00adler\u00adrand Karl\u00adsru\u00adhe S\u0103 g\u0103tim! Bufet potlu\u00adck vege\u00adta\u00adri\u00adan&nbsp; De data aceas\u00adta am dori s\u0103 avem un bufet vege\u00adta\u00adri\u00adan \u00eempre\u00adu\u00adn\u0103! Tu vii cu o re\u021be\u00adt\u0103 vege\u00adta\u00adri\u00ada\u00adn\u0103, aduci ingre\u00addien\u00adte\u00adle \u0219i o vom g\u0103ti \u00eempre\u00adu\u00adn\u0103 la fa\u021ba locu\u00adlui.&nbsp; De data aceas\u00adta ne vom \u00eent\u00e2l\u00adni pe 7 mar\u00adtie 2026, la ora 16:00, la cen\u00adtrul comu\u00adni\u00adtar al Bise\u00adri\u00adcii Evan\u00adghe\u00adli\u00adce Lukas, Hagen\u00adstr. 7, Kar\u00adl\u00ad\u00adsru\u00ad\u00adhe-West. \u00cen acel moment, ne vom afla \u00een luna de post musul\u00adma\u00adn\u0103 a Rama\u00adda\u00adnu\u00adlui \u0219i vom m\u00e2n\u00adca prompt la ora 18:20. V\u0103 rug\u0103m s\u0103 v\u0103 \u00eenscri\u00ade\u021bi p\u00e2n\u0103 la 4 mar\u00adtie. Cu c\u00e2t mai repe\u00adde, cu at\u00e2t mai bine pen\u00adtru pla\u00adni\u00adfi\u00adca\u00adre! V\u0103 pute\u021bi\u2026<\/p>\n","category_list_v2":"","author_info_v2":{"name":"Andrea Ramirez","url":"https:\/\/www.anika-net.de\/ro\/author\/andrea-ramirez\/"},"comments_num_v2":"0 comments","uagb_featured_image_src":{"full":["https:\/\/www.anika-net.de\/wp-content\/uploads\/2025\/05\/vegetarische-Buffet-scaled-e1770892651213.jpg",2560,1707,false],"thumbnail":["https:\/\/www.anika-net.de\/wp-content\/uploads\/2025\/05\/vegetarische-Buffet-150x150.jpg",150,150,true],"medium":["https:\/\/www.anika-net.de\/wp-content\/uploads\/2025\/05\/vegetarische-Buffet-300x200.jpg",300,200,true],"medium_large":["https:\/\/www.anika-net.de\/wp-content\/uploads\/2025\/05\/vegetarische-Buffet-768x512.jpg",640,427,true],"large":["https:\/\/www.anika-net.de\/wp-content\/uploads\/2025\/05\/vegetarische-Buffet-1024x683.jpg",640,427,true],"1536x1536":["https:\/\/www.anika-net.de\/wp-content\/uploads\/2025\/05\/vegetarische-Buffet-1536x1024.jpg",1536,1024,true],"2048x2048":["https:\/\/www.anika-net.de\/wp-content\/uploads\/2025\/05\/vegetarische-Buffet-2048x1365.jpg",2048,1365,true],"event-overview":["https:\/\/www.anika-net.de\/wp-content\/uploads\/2025\/05\/vegetarische-Buffet-960x640.jpg",960,640,true],"event-archive-thumb":["https:\/\/www.anika-net.de\/wp-content\/uploads\/2025\/05\/vegetarische-Buffet-480x320.jpg",480,320,true],"grid-item-thumbnail":["https:\/\/www.anika-net.de\/wp-content\/uploads\/2025\/05\/vegetarische-Buffet-360x200.jpg",360,200,true],"network-partner-icon":["https:\/\/www.anika-net.de\/wp-content\/uploads\/2025\/05\/vegetarische-Buffet-100x100.jpg",100,100,true],"organiser-icon":["https:\/\/www.anika-net.de\/wp-content\/uploads\/2025\/05\/vegetarische-Buffet-200x200.jpg",200,200,true],"gform-image-choice-sm":["https:\/\/www.anika-net.de\/wp-content\/uploads\/2025\/05\/vegetarische-Buffet-scaled-e1770892651213.jpg",300,200,false],"gform-image-choice-md":["https:\/\/www.anika-net.de\/wp-content\/uploads\/2025\/05\/vegetarische-Buffet-scaled-e1770892651213.jpg",400,267,false],"gform-image-choice-lg":["https:\/\/www.anika-net.de\/wp-content\/uploads\/2025\/05\/vegetarische-Buffet-scaled-e1770892651213.jpg",600,400,false]},"uagb_author_info":{"display_name":"Andrea Ramirez","author_link":"https:\/\/www.anika-net.de\/ro\/author\/andrea-ramirez\/"},"uagb_comment_info":0,"uagb_excerpt":"\u00dcber den Tel\u00adler\u00adrand Karlsruhe S\u0103 g\u0103tim! Bufet potlu\u00adck vegetarian&nbsp; De data aceas\u00adta am dori s\u0103 avem un bufet vege\u00adta\u00adri\u00adan \u00eempre\u00adu\u00adn\u0103! Tu vii cu o re\u021be\u00adt\u0103 vege\u00adta\u00adri\u00ada\u00adn\u0103, aduci ingre\u00addien\u00adte\u00adle \u0219i o&nbsp;Citi\u021bi mai mult","_links":{"self":[{"href":"https:\/\/www.anika-net.de\/ro\/wp-json\/wp\/v2\/event\/61376","targetHints":{"allow":["GET"]}}],"collection":[{"href":"https:\/\/www.anika-net.de\/ro\/wp-json\/wp\/v2\/event"}],"about":[{"href":"https:\/\/www.anika-net.de\/ro\/wp-json\/wp\/v2\/types\/event"}],"author":[{"embeddable":true,"href":"https:\/\/www.anika-net.de\/ro\/wp-json\/wp\/v2\/users\/12"}],"version-history":[{"count":5,"href":"https:\/\/www.anika-net.de\/ro\/wp-json\/wp\/v2\/event\/61376\/revisions"}],"predecessor-version":[{"id":119237,"href":"https:\/\/www.anika-net.de\/ro\/wp-json\/wp\/v2\/event\/61376\/revisions\/119237"}],"acf:post":[{"embeddable":true,"href":"https:\/\/www.anika-net.de\/ro\/wp-json\/wp\/v2\/organiser\/16594"}],"acf:term":[{"embeddable":true,"taxonomy":"event_category","href":"https:\/\/www.anika-net.de\/ro\/wp-json\/wp\/v2\/event_category\/83"}],"wp:featuredmedia":[{"embeddable":true,"href":"https:\/\/www.anika-net.de\/ro\/wp-json\/wp\/v2\/media\/119204"}],"wp:attachment":[{"href":"https:\/\/www.anika-net.de\/ro\/wp-json\/wp\/v2\/media?parent=61376"}],"curies":[{"name":"wp","href":"https:\/\/api.w.org\/{rel}","templated":true}]}}